{"id":260470,"date":"2020-09-15T10:27:18","date_gmt":"2020-09-15T08:27:18","guid":{"rendered":"https:\/\/www.barcelonacapitalnautica.org\/beginning\/"},"modified":"2026-02-06T12:55:54","modified_gmt":"2026-02-06T11:55:54","slug":"beginning","status":"publish","type":"page","link":"https:\/\/www.barcelonacapitalnautica.org\/en\/","title":{"rendered":"Beginning"},"content":{"rendered":"\n<div id=\"homehero\" class=\"wp-block-uagb-container uag-hide-desktop uag-hide-tab uag-hide-mob uagb-block-792c827e alignfull uagb-is-root-container\"><div class=\"uagb-container-inner-blocks-wrap\">\n<div class=\"wp-block-uagb-info-box uagb-block-3fb2ac3a uagb-infobox__content-wrap  uagb-infobox-icon-above-title uagb-infobox-image-valign-top\"><div class=\"uagb-ifb-content\"><div class=\"uagb-ifb-title-wrap\"><h3 class=\"uagb-ifb-title\">a sea open to everyone<\/h3><\/div><p class=\"uagb-ifb-desc\">In Barcelona <strong>Capital N\u00e0utica<\/strong> we have the wind in our favour to get Barcelona<br>and Catalonia will become world <strong>leaders in the nautical field<\/strong>.<\/p><\/div><\/div>\n\n\n\n<div class=\"wp-block-uagb-buttons uagb-buttons__outer-wrap uagb-btn__default-btn uagb-btn-tablet__default-btn uagb-btn-mobile__default-btn uagb-block-e06a1e2c\"><div class=\"uagb-buttons__wrap uagb-buttons-layout-wrap \">\n<div class=\"wp-block-uagb-buttons-child uagb-buttons__outer-wrap uagb-block-71574f4f wp-block-button\"><div class=\"uagb-button__wrapper\"><a class=\"uagb-buttons-repeater wp-block-button__link\" aria-label=\"\" href=\"#newsletter\" rel=\"follow noopener\" target=\"_self\" role=\"button\"><div class=\"uagb-button__link\">SUBSCRIBE TO OUR NEWSLETTER<\/div><\/a><\/div><\/div>\n<\/div><\/div>\n<\/div><\/div>\n\n\n\n<div id=\"homeslider\" class=\"wp-block-uagb-container fbcn-homeslider uagb-block-4ae88f9b alignfull uagb-is-root-container\"><div class=\"uagb-container-inner-blocks-wrap\">\n<div class=\"wp-block-uagb-slider uagb-block-498c0c4f uagb-slider-container\"><div class=\"uagb-slides uagb-swiper\"><div class=\"swiper-wrapper\">\n<div class=\"wp-block-uagb-slider-child uagb-slider-child-wrap swiper-slide uagb-block-b24b74e4\"><div class=\"swiper-content\">\n<div class=\"wp-block-uagb-container fbcn-homeslider_child uagb-block-3cd175dd alignfull uagb-is-root-container\"><div class=\"uagb-container-inner-blocks-wrap\">\n<div class=\"wp-block-uagb-info-box uagb-block-7e236d17 uagb-infobox__content-wrap  uagb-infobox-icon-above-title uagb-infobox-image-valign-top\"><div class=\"uagb-ifb-content\"><div class=\"uagb-ifb-title-wrap\"><\/div><p class=\"uagb-ifb-desc\"><br><a href=\"https:\/\/www.barcelonacapitalnautica.org\/en\/sustainability-and-innovation-2\/decade-of-the-oceans\/#activitats-destacades\"><\/a><\/p><\/div><\/div>\n\n\n\n<div class=\"wp-block-uagb-buttons uagb-buttons__outer-wrap uagb-btn__default-btn uagb-btn-tablet__default-btn uagb-btn-mobile__default-btn uagb-block-f4f1342b\"><div class=\"uagb-buttons__wrap uagb-buttons-layout-wrap \">\n<div class=\"wp-block-uagb-buttons-child uagb-buttons__outer-wrap uagb-block-39e2c698 wp-block-button\"><div class=\"uagb-button__wrapper\"><a class=\"uagb-buttons-repeater wp-block-button__link\" aria-label=\"\" href=\"https:\/\/youtu.be\/ulfKQo5TsgE\" rel=\"follow noopener\" target=\"_blank\" role=\"button\"><div class=\"uagb-button__link\">take a look!<\/div><\/a><\/div><\/div>\n<\/div><\/div>\n<\/div><\/div>\n<\/div><\/div>\n\n\n\n<div class=\"wp-block-uagb-slider-child uagb-slider-child-wrap swiper-slide uagb-block-b53b2c02\"><div class=\"swiper-content\">\n<div class=\"wp-block-uagb-container fbcn-homeslider_child uagb-block-b52d314b alignfull uagb-is-root-container\"><div class=\"uagb-container-inner-blocks-wrap\">\n<div class=\"wp-block-uagb-info-box uagb-block-2d451ff9 uagb-infobox__content-wrap  uagb-infobox-icon-above-title uagb-infobox-image-valign-top\"><div class=\"uagb-ifb-content\"><div class=\"uagb-ifb-title-wrap\"><\/div><p class=\"uagb-ifb-desc\"><br><a href=\"https:\/\/www.barcelonacapitalnautica.org\/en\/sustainability-and-innovation-2\/decade-of-the-oceans\/#activitats-destacades\"><\/a><\/p><\/div><\/div>\n\n\n\n<div class=\"wp-block-uagb-image uagb-block-8aada139 wp-block-uagb-image--layout-default wp-block-uagb-image--effect-static wp-block-uagb-image--align-none\"><figure class=\"wp-block-uagb-image__figure\"><img decoding=\"async\" srcset=\"https:\/\/www.barcelonacapitalnautica.org\/wp-content\/uploads\/2025\/07\/EOS_LOGO_H2_BLANC_ENG.png ,https:\/\/www.barcelonacapitalnautica.org\/wp-content\/uploads\/2025\/07\/EOS_LOGO_H2_BLANC_ENG.png 780w, https:\/\/www.barcelonacapitalnautica.org\/wp-content\/uploads\/2025\/07\/EOS_LOGO_H2_BLANC_ENG-900x190.png 360w\" sizes=\"auto, (max-width: 480px) 150px\" src=\"https:\/\/www.barcelonacapitalnautica.org\/wp-content\/uploads\/2025\/07\/EOS_LOGO_H2_BLANC_ENG.png\" alt=\"\" class=\"uag-image-272798\" width=\"1960\" height=\"414\" title=\"EOS_LOGO_H2_BLANC_ENG\" loading=\"lazy\" role=\"img\"\/><\/figure><\/div>\n\n\n\n<div class=\"wp-block-uagb-buttons uagb-buttons__outer-wrap uagb-btn__default-btn uagb-btn-tablet__default-btn uagb-btn-mobile__default-btn uagb-block-cb25ccc7\"><div class=\"uagb-buttons__wrap uagb-buttons-layout-wrap \">\n<div class=\"wp-block-uagb-buttons-child uagb-buttons__outer-wrap uagb-block-7060901f wp-block-button\"><div class=\"uagb-button__wrapper\"><a class=\"uagb-buttons-repeater ast-outline-button\" aria-label=\"\" style=\"border-width:revert-layer\" href=\"https:\/\/www.barcelonacapitalnautica.org\/en\/sustainable-ocean-economy\/\" rel=\"nofollow noopener\" target=\"_blank\" role=\"button\"><div class=\"uagb-button__link\">THE CENTER<\/div><\/a><\/div><\/div>\n<\/div><\/div>\n\n\n\n<div class=\"wp-block-uagb-info-box uagb-block-8635fb6e uagb-infobox__content-wrap  uagb-infobox_cta-type-all uagb-infobox-icon-above-title uagb-infobox-image-valign-top uag-hide-desktop uag-hide-tab uag-hide-mob\" id=\"hero-arrow\"><a href=\"#fundacio\" class=\"uagb-infobox-link-wrap uagb-infbox__link-to-all\" target=\"_self\" aria-label=\"Infobox Link\" rel=\"noopener noreferrer\" onclick=\"return true;\"><\/a><div class=\"uagb-ifb-content\"><div class=\"uagb-ifb-image-content\"><img decoding=\"async\" src=\"https:\/\/www.barcelonacapitalnautica.org\/wp-content\/uploads\/2023\/03\/fletxa-simple.svg\" alt=\"\" width=\"120\" height=\"120\" loading=\"lazy\"\/><\/div><div class=\"uagb-ifb-title-wrap\"><\/div><div class=\"uagb-ifb-button-wrapper wp-block-button\"><\/div><\/div><\/div>\n<\/div><\/div>\n<\/div><\/div>\n\n\n\n<div class=\"wp-block-uagb-slider-child uagb-slider-child-wrap swiper-slide uagb-block-3ce2fb2c\"><div class=\"swiper-content\">\n<div class=\"wp-block-uagb-container fbcn-homeslider_child uagb-block-43616d63 alignfull uagb-is-root-container\"><div class=\"uagb-container-inner-blocks-wrap\">\n<div class=\"wp-block-uagb-info-box uagb-block-158d233f uagb-infobox__content-wrap  uagb-infobox-icon-above-title uagb-infobox-image-valign-top\"><div class=\"uagb-ifb-content\"><div class=\"uagb-ifb-title-wrap\"><h3 class=\"uagb-ifb-title\">sea soul<\/h3><\/div><p class=\"uagb-ifb-desc\">The adventure of the 6.50 minis in a photographic exhibition<br><a href=\"https:\/\/www.barcelonacapitalnautica.org\/en\/sustainability-and-innovation-2\/decade-of-the-oceans\/#activitats-destacades\"><\/a><\/p><\/div><\/div>\n\n\n\n<div class=\"wp-block-uagb-buttons uagb-buttons__outer-wrap uagb-btn__default-btn uagb-btn-tablet__default-btn uagb-btn-mobile__default-btn uagb-block-c8dd5794\"><div class=\"uagb-buttons__wrap uagb-buttons-layout-wrap \">\n<div class=\"wp-block-uagb-buttons-child uagb-buttons__outer-wrap uagb-block-c883ad13 wp-block-button\"><div class=\"uagb-button__wrapper\"><a class=\"uagb-buttons-repeater wp-block-button__link\" aria-label=\"\" href=\"https:\/\/www.barcelonacapitalnautica.org\/en\/sea-soul\/\" rel=\"follow noopener\" target=\"_self\" role=\"button\"><div class=\"uagb-button__link\">the exhibition<\/div><\/a><\/div><\/div>\n<\/div><\/div>\n\n\n\n<div class=\"wp-block-uagb-info-box uagb-block-7b7e8e69 uagb-infobox__content-wrap  uagb-infobox_cta-type-all uagb-infobox-icon-above-title uagb-infobox-image-valign-top uag-hide-desktop uag-hide-tab uag-hide-mob\" id=\"hero-arrow\"><a href=\"#fundacio\" class=\"uagb-infobox-link-wrap uagb-infbox__link-to-all\" target=\"_self\" aria-label=\"Infobox Link\" rel=\"noopener noreferrer\" onclick=\"return true;\"><\/a><div class=\"uagb-ifb-content\"><div class=\"uagb-ifb-image-content\"><img decoding=\"async\" src=\"https:\/\/www.barcelonacapitalnautica.org\/wp-content\/uploads\/2023\/03\/fletxa-simple.svg\" alt=\"\" width=\"120\" height=\"120\" loading=\"lazy\"\/><\/div><div class=\"uagb-ifb-title-wrap\"><\/div><div class=\"uagb-ifb-button-wrapper wp-block-button\"><\/div><\/div><\/div>\n<\/div><\/div>\n<\/div><\/div>\n\n\n\n<div class=\"wp-block-uagb-slider-child uagb-slider-child-wrap swiper-slide uagb-block-17118d8f\"><div class=\"swiper-content\">\n<div class=\"wp-block-uagb-container fbcn-homeslider_child uagb-block-1a891f0a alignfull uagb-is-root-container\"><div class=\"uagb-container-inner-blocks-wrap\">\n<div class=\"wp-block-uagb-info-box uagb-block-e1db92f3 uagb-infobox__content-wrap  uagb-infobox-icon-above-title uagb-infobox-image-valign-top\"><div class=\"uagb-ifb-content\"><div class=\"uagb-ifb-title-wrap\"><h3 class=\"uagb-ifb-title\">rc Sailing barcelona<\/h3><\/div><p class=\"uagb-ifb-desc\">Design, build and compete. Will your university be the best?<br><a href=\"https:\/\/www.barcelonacapitalnautica.org\/en\/sustainability-and-innovation-2\/decade-of-the-oceans\/#activitats-destacades\"><\/a><\/p><\/div><\/div>\n\n\n\n<div class=\"wp-block-uagb-buttons uagb-buttons__outer-wrap uagb-btn__default-btn uagb-btn-tablet__default-btn uagb-btn-mobile__default-btn uagb-block-ff0299c8\"><div class=\"uagb-buttons__wrap uagb-buttons-layout-wrap \">\n<div class=\"wp-block-uagb-buttons-child uagb-buttons__outer-wrap uagb-block-781ec7a8 wp-block-button\"><div class=\"uagb-button__wrapper\"><a class=\"uagb-buttons-repeater wp-block-button__link\" aria-label=\"\" href=\"https:\/\/www.barcelonacapitalnautica.org\/en\/culture\/exhibition-of-photographs\/\" rel=\"follow noopener\" target=\"_self\" role=\"button\"><div class=\"uagb-button__link\">educational program<\/div><\/a><\/div><\/div>\n<\/div><\/div>\n\n\n\n<div class=\"wp-block-uagb-info-box uagb-block-72296b50 uagb-infobox__content-wrap  uagb-infobox_cta-type-all uagb-infobox-icon-above-title uagb-infobox-image-valign-top uag-hide-desktop uag-hide-tab uag-hide-mob\" id=\"hero-arrow\"><a href=\"#fundacio\" class=\"uagb-infobox-link-wrap uagb-infbox__link-to-all\" target=\"_self\" aria-label=\"Infobox Link\" rel=\"noopener noreferrer\" onclick=\"return true;\"><\/a><div class=\"uagb-ifb-content\"><div class=\"uagb-ifb-image-content\"><img decoding=\"async\" src=\"https:\/\/www.barcelonacapitalnautica.org\/wp-content\/uploads\/2023\/03\/fletxa-simple.svg\" alt=\"\" width=\"120\" height=\"120\" loading=\"lazy\"\/><\/div><div class=\"uagb-ifb-title-wrap\"><\/div><div class=\"uagb-ifb-button-wrapper wp-block-button\"><\/div><\/div><\/div>\n<\/div><\/div>\n<\/div><\/div>\n\n\n\n<div class=\"wp-block-uagb-slider-child uagb-slider-child-wrap swiper-slide uagb-block-8d226852\"><div class=\"swiper-content\">\n<div class=\"wp-block-uagb-container fbcn-homeslider_child uagb-block-9d09ab54 alignfull uagb-is-root-container\"><div class=\"uagb-container-inner-blocks-wrap\">\n<div class=\"wp-block-uagb-info-box uagb-block-057eecde uagb-infobox__content-wrap  uagb-infobox-icon-above-title uagb-infobox-image-valign-top\"><div class=\"uagb-ifb-content\"><div class=\"uagb-ifb-title-wrap\"><h3 class=\"uagb-ifb-title\">a sea open to everyone<\/h3><\/div><p class=\"uagb-ifb-desc\">In Barcelona <strong>Capital N\u00e0utica<\/strong> we have the wind in our favour to get Barcelona<br>and Catalonia will become world <strong>leaders in the nautical field<\/strong>.<\/p><\/div><\/div>\n\n\n\n<div class=\"wp-block-uagb-buttons uagb-buttons__outer-wrap uagb-btn__default-btn uagb-btn-tablet__default-btn uagb-btn-mobile__default-btn uagb-block-3182cc16\"><div class=\"uagb-buttons__wrap uagb-buttons-layout-wrap \">\n<div class=\"wp-block-uagb-buttons-child uagb-buttons__outer-wrap uagb-block-82102c89 wp-block-button\"><div class=\"uagb-button__wrapper\"><a class=\"uagb-buttons-repeater wp-block-button__link\" aria-label=\"\" href=\"#newsletter\" rel=\"follow noopener\" target=\"_self\" role=\"button\"><div class=\"uagb-button__link\">SUBSCRIBE TO OUR NEWSLETTER<\/div><\/a><\/div><\/div>\n<\/div><\/div>\n\n\n\n<div class=\"wp-block-uagb-info-box uagb-block-7ead3683 uagb-infobox__content-wrap  uagb-infobox_cta-type-all uagb-infobox-icon-above-title uagb-infobox-image-valign-top uag-hide-desktop uag-hide-tab uag-hide-mob\" id=\"hero-arrow\"><a href=\"#fundacio\" class=\"uagb-infobox-link-wrap uagb-infbox__link-to-all\" target=\"_self\" aria-label=\"Infobox Link\" rel=\"noopener noreferrer\" onclick=\"return true;\"><\/a><div class=\"uagb-ifb-content\"><div class=\"uagb-ifb-image-content\"><img decoding=\"async\" src=\"https:\/\/www.barcelonacapitalnautica.org\/wp-content\/uploads\/2023\/03\/fletxa-simple.svg\" alt=\"\" width=\"120\" height=\"120\" loading=\"lazy\"\/><\/div><div class=\"uagb-ifb-title-wrap\"><\/div><div class=\"uagb-ifb-button-wrapper wp-block-button\"><\/div><\/div><\/div>\n<\/div><\/div>\n<\/div><\/div>\n<\/div><\/div><div class=\"swiper-pagination\"><\/div><\/div>\n<\/div><\/div>\n\n\n\n<div id=\"homeslider-copia\" class=\"wp-block-uagb-container fbcn-homeslider uag-hide-desktop uag-hide-tab uag-hide-mob uagb-block-46a66769 alignfull uagb-is-root-container\"><div class=\"uagb-container-inner-blocks-wrap\">\n<div class=\"wp-block-uagb-slider uagb-block-ce08d7f5 uagb-slider-container\"><div class=\"uagb-slides uagb-swiper\"><div class=\"swiper-wrapper\">\n<div class=\"wp-block-uagb-slider-child uagb-slider-child-wrap swiper-slide uagb-block-c9a4f6fa\"><div class=\"swiper-content\">\n<div class=\"wp-block-uagb-container fbcn-homeslider_child uagb-block-b3bd5281 alignfull uagb-is-root-container\"><div class=\"uagb-container-inner-blocks-wrap\">\n<div class=\"wp-block-uagb-info-box uagb-block-ca6df7de uagb-infobox__content-wrap  uagb-infobox-icon-above-title uagb-infobox-image-valign-top\"><div class=\"uagb-ifb-content\"><div class=\"uagb-ifb-title-wrap\"><h3 class=\"uagb-ifb-title\">wishes for the sea<\/h3><\/div><p class=\"uagb-ifb-desc\">We love the sea, and that\u2019s why we want the best to enjoy a great future together. What are your wishes for the sea? Share them with us, and we\u2019ll share them with the world!<br><a href=\"https:\/\/www.barcelonacapitalnautica.org\/en\/sustainability-and-innovation-2\/decade-of-the-oceans\/#activitats-destacades\"><\/a><\/p><\/div><\/div>\n\n\n\n<div class=\"wp-block-uagb-buttons uagb-buttons__outer-wrap uagb-btn__default-btn uagb-btn-tablet__default-btn uagb-btn-mobile__default-btn uagb-block-5febda34\"><div class=\"uagb-buttons__wrap uagb-buttons-layout-wrap \">\n<div class=\"wp-block-uagb-buttons-child uagb-buttons__outer-wrap uagb-block-35954208 wp-block-button\"><div class=\"uagb-button__wrapper\"><a class=\"uagb-buttons-repeater wp-block-button__link\" aria-label=\"\" href=\"https:\/\/www.barcelonacapitalnautica.org\/en\/wishes-for-the-sea\/\" rel=\"follow noopener\" target=\"_self\" role=\"button\"><div class=\"uagb-button__link\">the ceremony<\/div><\/a><\/div><\/div>\n<\/div><\/div>\n\n\n\n<div class=\"wp-block-uagb-info-box uagb-block-65fd2796 uagb-infobox__content-wrap  uagb-infobox_cta-type-all uagb-infobox-icon-above-title uagb-infobox-image-valign-top uag-hide-desktop uag-hide-tab uag-hide-mob\" id=\"hero-arrow\"><a href=\"#fundacio\" class=\"uagb-infobox-link-wrap uagb-infbox__link-to-all\" target=\"_self\" aria-label=\"Infobox Link\" rel=\"noopener noreferrer\" onclick=\"return true;\"><\/a><div class=\"uagb-ifb-content\"><div class=\"uagb-ifb-image-content\"><img decoding=\"async\" src=\"https:\/\/www.barcelonacapitalnautica.org\/wp-content\/uploads\/2023\/03\/fletxa-simple.svg\" alt=\"\" width=\"120\" height=\"120\" loading=\"lazy\"\/><\/div><div class=\"uagb-ifb-title-wrap\"><\/div><div class=\"uagb-ifb-button-wrapper wp-block-button\"><\/div><\/div><\/div>\n<\/div><\/div>\n<\/div><\/div>\n\n\n\n<div class=\"wp-block-uagb-slider-child uagb-slider-child-wrap swiper-slide uagb-block-73c5fcde\"><div class=\"swiper-content\">\n<div class=\"wp-block-uagb-container fbcn-homeslider_child uagb-block-cd36ca3c alignfull uagb-is-root-container\"><div class=\"uagb-container-inner-blocks-wrap\">\n<div class=\"wp-block-uagb-info-box uagb-block-be2ec71b uagb-infobox__content-wrap  uagb-infobox-icon-above-title uagb-infobox-image-valign-top\"><div class=\"uagb-ifb-content\"><div class=\"uagb-ifb-title-wrap\"><h3 class=\"uagb-ifb-title\">Barcelona&nbsp;<br>Lighthouse to the world<\/h3><\/div><p class=\"uagb-ifb-desc\">The sea, the wind and sailing have been the protagonists of the Louis Vuitton 37th America\u2019s Cup ceremony<br><a href=\"https:\/\/www.barcelonacapitalnautica.org\/en\/sustainability-and-innovation-2\/decade-of-the-oceans\/#activitats-destacades\"><\/a><\/p><\/div><\/div>\n\n\n\n<div class=\"wp-block-uagb-buttons uagb-buttons__outer-wrap uagb-btn__default-btn uagb-btn-tablet__default-btn uagb-btn-mobile__default-btn uagb-block-6b4ce016\"><div class=\"uagb-buttons__wrap uagb-buttons-layout-wrap \">\n<div class=\"wp-block-uagb-buttons-child uagb-buttons__outer-wrap uagb-block-b3380707 wp-block-button\"><div class=\"uagb-button__wrapper\"><a class=\"uagb-buttons-repeater wp-block-button__link\" aria-label=\"\" href=\"https:\/\/www.barcelonacapitalnautica.org\/en\/culture\/americas-cup-ceremony\/\" rel=\"follow noopener\" target=\"_self\" role=\"button\"><div class=\"uagb-button__link\">the ceremony<\/div><\/a><\/div><\/div>\n<\/div><\/div>\n\n\n\n<div class=\"wp-block-uagb-info-box uagb-block-dc668bc6 uagb-infobox__content-wrap  uagb-infobox_cta-type-all uagb-infobox-icon-above-title uagb-infobox-image-valign-top uag-hide-desktop uag-hide-tab uag-hide-mob\" id=\"hero-arrow\"><a href=\"#fundacio\" class=\"uagb-infobox-link-wrap uagb-infbox__link-to-all\" target=\"_self\" aria-label=\"Infobox Link\" rel=\"noopener noreferrer\" onclick=\"return true;\"><\/a><div class=\"uagb-ifb-content\"><div class=\"uagb-ifb-image-content\"><img decoding=\"async\" src=\"https:\/\/www.barcelonacapitalnautica.org\/wp-content\/uploads\/2023\/03\/fletxa-simple.svg\" alt=\"\" width=\"120\" height=\"120\" loading=\"lazy\"\/><\/div><div class=\"uagb-ifb-title-wrap\"><\/div><div class=\"uagb-ifb-button-wrapper wp-block-button\"><\/div><\/div><\/div>\n<\/div><\/div>\n<\/div><\/div>\n\n\n\n<div class=\"wp-block-uagb-slider-child uagb-slider-child-wrap swiper-slide uagb-block-7c64bcbb\"><div class=\"swiper-content\">\n<div class=\"wp-block-uagb-container fbcn-homeslider_child uagb-block-9197c7a6 alignfull uagb-is-root-container\"><div class=\"uagb-container-inner-blocks-wrap\">\n<div class=\"wp-block-uagb-info-box uagb-block-819ae7b4 uagb-infobox__content-wrap  uagb-infobox-icon-above-title uagb-infobox-image-valign-top\"><div class=\"uagb-ifb-content\"><div class=\"uagb-ifb-title-wrap\"><h3 class=\"uagb-ifb-title\">a sea open to everyone<\/h3><\/div><p class=\"uagb-ifb-desc\">An exhibition of photographs about our relationship with the sea which can now be seen at the Torre Gl\u00f2ries Lookout<br><a href=\"https:\/\/www.barcelonacapitalnautica.org\/en\/sustainability-and-innovation-2\/decade-of-the-oceans\/#activitats-destacades\"><\/a><\/p><\/div><\/div>\n\n\n\n<div class=\"wp-block-uagb-buttons uagb-buttons__outer-wrap uagb-btn__default-btn uagb-btn-tablet__default-btn uagb-btn-mobile__default-btn uagb-block-42dc773a\"><div class=\"uagb-buttons__wrap uagb-buttons-layout-wrap \">\n<div class=\"wp-block-uagb-buttons-child uagb-buttons__outer-wrap uagb-block-215fb904 wp-block-button\"><div class=\"uagb-button__wrapper\"><a class=\"uagb-buttons-repeater wp-block-button__link\" aria-label=\"\" href=\"https:\/\/www.barcelonacapitalnautica.org\/en\/culture\/exhibition-of-photographs\/\" rel=\"follow noopener\" target=\"_self\" role=\"button\"><div class=\"uagb-button__link\">Until November 2<\/div><\/a><\/div><\/div>\n<\/div><\/div>\n\n\n\n<div class=\"wp-block-uagb-info-box uagb-block-63fcb144 uagb-infobox__content-wrap  uagb-infobox_cta-type-all uagb-infobox-icon-above-title uagb-infobox-image-valign-top uag-hide-desktop uag-hide-tab uag-hide-mob\" id=\"hero-arrow\"><a href=\"#fundacio\" class=\"uagb-infobox-link-wrap uagb-infbox__link-to-all\" target=\"_self\" aria-label=\"Infobox Link\" rel=\"noopener noreferrer\" onclick=\"return true;\"><\/a><div class=\"uagb-ifb-content\"><div class=\"uagb-ifb-image-content\"><img decoding=\"async\" src=\"https:\/\/www.barcelonacapitalnautica.org\/wp-content\/uploads\/2023\/03\/fletxa-simple.svg\" alt=\"\" width=\"120\" height=\"120\" loading=\"lazy\"\/><\/div><div class=\"uagb-ifb-title-wrap\"><\/div><div class=\"uagb-ifb-button-wrapper wp-block-button\"><\/div><\/div><\/div>\n<\/div><\/div>\n<\/div><\/div>\n\n\n\n<div class=\"wp-block-uagb-slider-child uagb-slider-child-wrap swiper-slide uagb-block-629b2d7c\"><div class=\"swiper-content\">\n<div class=\"wp-block-uagb-container fbcn-homeslider_child uagb-block-aa5d1b15 alignfull uagb-is-root-container\"><div class=\"uagb-container-inner-blocks-wrap\">\n<div class=\"wp-block-uagb-info-box uagb-block-e09a2edc uagb-infobox__content-wrap  uagb-infobox-icon-above-title uagb-infobox-image-valign-top\"><div class=\"uagb-ifb-content\"><div class=\"uagb-ifb-title-wrap\"><h3 class=\"uagb-ifb-title\">we talk about the sea to talk about us<\/h3><\/div><p class=\"uagb-ifb-desc\">The exhibition that talks about our relationship with the sea and where you can live a Virtual Reality experience of the America&#8217;s Cup.<br><a href=\"https:\/\/www.barcelonacapitalnautica.org\/en\/sustainability-and-innovation-2\/decade-of-the-oceans\/#activitats-destacades\"><\/a><\/p><\/div><\/div>\n\n\n\n<div class=\"wp-block-uagb-buttons uagb-buttons__outer-wrap uagb-btn__default-btn uagb-btn-tablet__default-btn uagb-btn-mobile__default-btn uagb-block-a34e160a\"><div class=\"uagb-buttons__wrap uagb-buttons-layout-wrap \">\n<div class=\"wp-block-uagb-buttons-child uagb-buttons__outer-wrap uagb-block-6825792c wp-block-button\"><div class=\"uagb-button__wrapper\"><a class=\"uagb-buttons-repeater wp-block-button__link\" aria-label=\"\" href=\"https:\/\/www.barcelonacapitalnautica.org\/en\/exhibition\/\" rel=\"follow noopener\" target=\"_self\" role=\"button\"><div class=\"uagb-button__link\">In the America&#8217;s Cup Race Village<\/div><\/a><\/div><\/div>\n<\/div><\/div>\n\n\n\n<div class=\"wp-block-uagb-info-box uagb-block-455e1c8f uagb-infobox__content-wrap  uagb-infobox_cta-type-all uagb-infobox-icon-above-title uagb-infobox-image-valign-top uag-hide-desktop uag-hide-tab uag-hide-mob\" id=\"hero-arrow\"><a href=\"#fundacio\" class=\"uagb-infobox-link-wrap uagb-infbox__link-to-all\" target=\"_self\" aria-label=\"Infobox Link\" rel=\"noopener noreferrer\" onclick=\"return true;\"><\/a><div class=\"uagb-ifb-content\"><div class=\"uagb-ifb-image-content\"><img decoding=\"async\" src=\"https:\/\/www.barcelonacapitalnautica.org\/wp-content\/uploads\/2023\/03\/fletxa-simple.svg\" alt=\"\" width=\"120\" height=\"120\" loading=\"lazy\"\/><\/div><div class=\"uagb-ifb-title-wrap\"><\/div><div class=\"uagb-ifb-button-wrapper wp-block-button\"><\/div><\/div><\/div>\n<\/div><\/div>\n<\/div><\/div>\n\n\n\n<div class=\"wp-block-uagb-slider-child uagb-slider-child-wrap swiper-slide uagb-block-5547ce2f\"><div class=\"swiper-content\">\n<div class=\"wp-block-uagb-container fbcn-homeslider_child uagb-block-977d9e0a alignfull uagb-is-root-container\"><div class=\"uagb-container-inner-blocks-wrap\">\n<div class=\"wp-block-uagb-info-box uagb-block-b8fefbf6 uagb-infobox__content-wrap  uagb-infobox-icon-above-title uagb-infobox-image-valign-top\"><div class=\"uagb-ifb-content\"><div class=\"uagb-ifb-image-content\"><img decoding=\"async\" src=\"https:\/\/www.barcelonacapitalnautica.org\/wp-content\/uploads\/2024\/05\/Logo-tour-300x217_blanc.png\" alt=\"\" width=\"\" height=\"0\" loading=\"lazy\"\/><\/div><div class=\"uagb-ifb-title-wrap\"><h3 class=\"uagb-ifb-title\">barcelona<\/h3><\/div><p class=\"uagb-ifb-desc\"><strong>The prestigious SAIL IN sailing film festival lands in Barcelona!<br><\/strong><br><strong>At the CCCB on May 24th, June 21st, and July 26th.<\/strong><br><a href=\"https:\/\/www.barcelonacapitalnautica.org\/en\/sustainability-and-innovation-2\/decade-of-the-oceans\/#activitats-destacades\"><\/a><\/p><\/div><\/div>\n\n\n\n<div class=\"wp-block-uagb-buttons uagb-buttons__outer-wrap uagb-btn__default-btn uagb-btn-tablet__default-btn uagb-btn-mobile__default-btn uagb-block-b8eec6e7\"><div class=\"uagb-buttons__wrap uagb-buttons-layout-wrap \">\n<div class=\"wp-block-uagb-buttons-child uagb-buttons__outer-wrap uagb-block-85b3bdc2 wp-block-button\"><div class=\"uagb-button__wrapper\"><a class=\"uagb-buttons-repeater wp-block-button__link\" aria-label=\"\" href=\"https:\/\/www.sailinfestival.com\/sailintour\/sailintour-bcn-2607\/\" rel=\"follow noopener\" target=\"_blank\" role=\"button\"><div class=\"uagb-button__link\">book your tickets<\/div><\/a><\/div><\/div>\n<\/div><\/div>\n\n\n\n<div class=\"wp-block-uagb-info-box uagb-block-af49fed9 uagb-infobox__content-wrap  uagb-infobox_cta-type-all uagb-infobox-icon-above-title uagb-infobox-image-valign-top uag-hide-desktop uag-hide-tab uag-hide-mob\" id=\"hero-arrow\"><a href=\"#fundacio\" class=\"uagb-infobox-link-wrap uagb-infbox__link-to-all\" target=\"_self\" aria-label=\"Infobox Link\" rel=\"noopener noreferrer\" onclick=\"return true;\"><\/a><div class=\"uagb-ifb-content\"><div class=\"uagb-ifb-image-content\"><img decoding=\"async\" src=\"https:\/\/www.barcelonacapitalnautica.org\/wp-content\/uploads\/2023\/03\/fletxa-simple.svg\" alt=\"\" width=\"120\" height=\"120\" loading=\"lazy\"\/><\/div><div class=\"uagb-ifb-title-wrap\"><\/div><div class=\"uagb-ifb-button-wrapper wp-block-button\"><\/div><\/div><\/div>\n<\/div><\/div>\n<\/div><\/div>\n\n\n\n<div class=\"wp-block-uagb-slider-child uagb-slider-child-wrap swiper-slide uagb-block-6e9bf4b4\"><div class=\"swiper-content\">\n<div class=\"wp-block-uagb-container fbcn-homeslider_child uagb-block-eb911578 alignfull uagb-is-root-container\"><div class=\"uagb-container-inner-blocks-wrap\">\n<div class=\"wp-block-uagb-info-box uagb-block-784e5953 uagb-infobox__content-wrap  uagb-infobox-icon-above-title uagb-infobox-image-valign-top\"><div class=\"uagb-ifb-content\"><div class=\"uagb-ifb-title-wrap\"><h3 class=\"uagb-ifb-title\">kakpo open race<\/h3><\/div><p class=\"uagb-ifb-desc\">International adapted sailing regatta that seeks to attract athletes of this type to Barcelona<br><a href=\"https:\/\/www.barcelonacapitalnautica.org\/en\/sustainability-and-innovation-2\/decade-of-the-oceans\/#activitats-destacades\"><\/a><\/p><\/div><\/div>\n\n\n\n<div class=\"wp-block-uagb-buttons uagb-buttons__outer-wrap uagb-btn__default-btn uagb-btn-tablet__default-btn uagb-btn-mobile__default-btn uagb-block-6eb749fb\"><div class=\"uagb-buttons__wrap uagb-buttons-layout-wrap \">\n<div class=\"wp-block-uagb-buttons-child uagb-buttons__outer-wrap uagb-block-e8069bd2 wp-block-button\"><div class=\"uagb-button__wrapper\"><a class=\"uagb-buttons-repeater wp-block-button__link\" aria-label=\"\" href=\"https:\/\/www.barcelonacapitalnautica.org\/en\/sport\/inclusive-sailing\/\" rel=\"follow noopener\" target=\"_self\" role=\"button\"><div class=\"uagb-button__link\">inclusive sailing<\/div><\/a><\/div><\/div>\n<\/div><\/div>\n\n\n\n<div class=\"wp-block-uagb-info-box uagb-block-8c547632 uagb-infobox__content-wrap  uagb-infobox_cta-type-all uagb-infobox-icon-above-title uagb-infobox-image-valign-top uag-hide-desktop uag-hide-tab uag-hide-mob\" id=\"hero-arrow\"><a href=\"#fundacio\" class=\"uagb-infobox-link-wrap uagb-infbox__link-to-all\" target=\"_self\" aria-label=\"Infobox Link\" rel=\"noopener noreferrer\" onclick=\"return true;\"><\/a><div class=\"uagb-ifb-content\"><div class=\"uagb-ifb-image-content\"><img decoding=\"async\" src=\"https:\/\/www.barcelonacapitalnautica.org\/wp-content\/uploads\/2023\/03\/fletxa-simple.svg\" alt=\"\" width=\"120\" height=\"120\" loading=\"lazy\"\/><\/div><div class=\"uagb-ifb-title-wrap\"><\/div><div class=\"uagb-ifb-button-wrapper wp-block-button\"><\/div><\/div><\/div>\n<\/div><\/div>\n<\/div><\/div>\n\n\n\n<div class=\"wp-block-uagb-slider-child uagb-slider-child-wrap swiper-slide uagb-block-f90f2b63\"><div class=\"swiper-content\">\n<div class=\"wp-block-uagb-container fbcn-homeslider_child uagb-block-8334f539 alignfull uagb-is-root-container\"><div class=\"uagb-container-inner-blocks-wrap\">\n<div class=\"wp-block-uagb-info-box uagb-block-ba577ad5 uagb-infobox__content-wrap  uagb-infobox-icon-above-title uagb-infobox-image-valign-top\"><div class=\"uagb-ifb-content\"><div class=\"uagb-ifb-title-wrap\"><h3 class=\"uagb-ifb-title\">solo med<\/h3><\/div><p class=\"uagb-ifb-desc\">From May 6 to 16, this Mini Class solo regatta was held<br><a href=\"https:\/\/www.barcelonacapitalnautica.org\/en\/sustainability-and-innovation-2\/decade-of-the-oceans\/#activitats-destacades\"><\/a><\/p><\/div><\/div>\n\n\n\n<div class=\"wp-block-uagb-buttons uagb-buttons__outer-wrap uagb-btn__default-btn uagb-btn-tablet__default-btn uagb-btn-mobile__default-btn uagb-block-56dd6e48\"><div class=\"uagb-buttons__wrap uagb-buttons-layout-wrap \">\n<div class=\"wp-block-uagb-buttons-child uagb-buttons__outer-wrap uagb-block-e6e372fa wp-block-button\"><div class=\"uagb-button__wrapper\"><a class=\"uagb-buttons-repeater wp-block-button__link\" aria-label=\"\" href=\"https:\/\/cf.yb.tl\/smr2024#\" rel=\"follow noopener\" target=\"_blank\" role=\"button\"><div class=\"uagb-button__link\">follow the race!<\/div><\/a><\/div><\/div>\n<\/div><\/div>\n\n\n\n<div class=\"wp-block-uagb-info-box uagb-block-d9d96eab uagb-infobox__content-wrap  uagb-infobox_cta-type-all uagb-infobox-icon-above-title uagb-infobox-image-valign-top uag-hide-desktop uag-hide-tab uag-hide-mob\" id=\"hero-arrow\"><a href=\"#fundacio\" class=\"uagb-infobox-link-wrap uagb-infbox__link-to-all\" target=\"_self\" aria-label=\"Infobox Link\" rel=\"noopener noreferrer\" onclick=\"return true;\"><\/a><div class=\"uagb-ifb-content\"><div class=\"uagb-ifb-image-content\"><img decoding=\"async\" src=\"https:\/\/www.barcelonacapitalnautica.org\/wp-content\/uploads\/2023\/03\/fletxa-simple.svg\" alt=\"\" width=\"120\" height=\"120\" loading=\"lazy\"\/><\/div><div class=\"uagb-ifb-title-wrap\"><\/div><div class=\"uagb-ifb-button-wrapper wp-block-button\"><\/div><\/div><\/div>\n<\/div><\/div>\n<\/div><\/div>\n\n\n\n<div class=\"wp-block-uagb-slider-child uagb-slider-child-wrap swiper-slide uagb-block-024bb5a4\"><div class=\"swiper-content\">\n<div class=\"wp-block-uagb-container fbcn-homeslider_child uagb-block-535af9df alignfull uagb-is-root-container\"><div class=\"uagb-container-inner-blocks-wrap\">\n<div class=\"wp-block-uagb-info-box uagb-block-629f75a3 uagb-infobox__content-wrap  uagb-infobox-icon-above-title uagb-infobox-image-valign-top\"><div class=\"uagb-ifb-content\"><div class=\"uagb-ifb-title-wrap\"><h3 class=\"uagb-ifb-title\">Barcelona, \u200b\u200bcapital of the oceans<\/h3><\/div><p class=\"uagb-ifb-desc\">Barcelona will host the world summit of the decade of the oceans, within the \u201cDecade of the Oceans\u201d program of the United Nations from April 8 to 12.<br><a href=\"https:\/\/www.barcelonacapitalnautica.org\/en\/sustainability-and-innovation-2\/decade-of-the-oceans\/#activitats-destacades\"><\/a><\/p><\/div><\/div>\n\n\n\n<div class=\"wp-block-uagb-buttons uagb-buttons__outer-wrap uagb-btn__default-btn uagb-btn-tablet__default-btn uagb-btn-mobile__default-btn uagb-block-7ef0ef55\"><div class=\"uagb-buttons__wrap uagb-buttons-layout-wrap \">\n<div class=\"wp-block-uagb-buttons-child uagb-buttons__outer-wrap uagb-block-a88883bd wp-block-button\"><div class=\"uagb-button__wrapper\"><a class=\"uagb-buttons-repeater wp-block-button__link\" aria-label=\"\" href=\"https:\/\/www.barcelonacapitalnautica.org\/en\/sustainability-and-innovation-2\/oceans\/\" rel=\"follow noopener\" target=\"_self\" role=\"button\"><div class=\"uagb-button__link\">barcelona statement<\/div><\/a><\/div><\/div>\n<\/div><\/div>\n\n\n\n<div class=\"wp-block-uagb-info-box uagb-block-e261227b uagb-infobox__content-wrap  uagb-infobox_cta-type-all uagb-infobox-icon-above-title uagb-infobox-image-valign-top uag-hide-desktop uag-hide-tab uag-hide-mob\" id=\"hero-arrow\"><a href=\"#fundacio\" class=\"uagb-infobox-link-wrap uagb-infbox__link-to-all\" target=\"_self\" aria-label=\"Infobox Link\" rel=\"noopener noreferrer\" onclick=\"return true;\"><\/a><div class=\"uagb-ifb-content\"><div class=\"uagb-ifb-image-content\"><img decoding=\"async\" src=\"https:\/\/www.barcelonacapitalnautica.org\/wp-content\/uploads\/2023\/03\/fletxa-simple.svg\" alt=\"\" width=\"120\" height=\"120\" loading=\"lazy\"\/><\/div><div class=\"uagb-ifb-title-wrap\"><\/div><div class=\"uagb-ifb-button-wrapper wp-block-button\"><\/div><\/div><\/div>\n<\/div><\/div>\n<\/div><\/div>\n\n\n\n<div class=\"wp-block-uagb-slider-child uagb-slider-child-wrap swiper-slide uagb-block-522302bb\"><div class=\"swiper-content\">\n<div class=\"wp-block-uagb-container fbcn-homeslider_child uagb-block-3fb3ff04 alignfull uagb-is-root-container\"><div class=\"uagb-container-inner-blocks-wrap\">\n<div class=\"wp-block-uagb-info-box uagb-block-b0e6441e uagb-infobox__content-wrap  uagb-infobox-icon-above-title uagb-infobox-image-valign-top\"><div class=\"uagb-ifb-content\"><div class=\"uagb-ifb-title-wrap\"><h3 class=\"uagb-ifb-title\">The Catalan foil<\/h3><\/div><p class=\"uagb-ifb-desc\">The first women&#8217;s foil sailing team in Catalonia. A project developed by the Catalan Sailing Federation<\/p><\/div><\/div>\n\n\n\n<div class=\"wp-block-uagb-buttons uagb-buttons__outer-wrap uagb-btn__default-btn uagb-btn-tablet__default-btn uagb-btn-mobile__default-btn uagb-block-b49129e2\"><div class=\"uagb-buttons__wrap uagb-buttons-layout-wrap \">\n<div class=\"wp-block-uagb-buttons-child uagb-buttons__outer-wrap uagb-block-a15d608f wp-block-button\"><div class=\"uagb-button__wrapper\"><a class=\"uagb-buttons-repeater wp-block-button__link\" aria-label=\"\" href=\"https:\/\/www.barcelonacapitalnautica.org\/en\/sport\/foilcat\/\" rel=\"follow noopener\" target=\"_self\" role=\"button\"><div class=\"uagb-button__link\">meet de crew!<\/div><\/a><\/div><\/div>\n<\/div><\/div>\n\n\n\n<div class=\"wp-block-uagb-info-box uagb-block-5cb89b62 uagb-infobox__content-wrap  uagb-infobox_cta-type-all uagb-infobox-icon-above-title uagb-infobox-image-valign-top uag-hide-desktop uag-hide-tab uag-hide-mob\" id=\"hero-arrow\"><a href=\"#fundacio\" class=\"uagb-infobox-link-wrap uagb-infbox__link-to-all\" target=\"_self\" aria-label=\"Infobox Link\" rel=\"noopener noreferrer\" onclick=\"return true;\"><\/a><div class=\"uagb-ifb-content\"><div class=\"uagb-ifb-image-content\"><img decoding=\"async\" src=\"https:\/\/www.barcelonacapitalnautica.org\/wp-content\/uploads\/2023\/03\/fletxa-simple.svg\" alt=\"\" width=\"120\" height=\"120\" loading=\"lazy\"\/><\/div><div class=\"uagb-ifb-title-wrap\"><\/div><div class=\"uagb-ifb-button-wrapper wp-block-button\"><\/div><\/div><\/div>\n<\/div><\/div>\n<\/div><\/div>\n\n\n\n<div class=\"wp-block-uagb-slider-child uagb-slider-child-wrap swiper-slide uagb-block-79836b19\"><div class=\"swiper-content\">\n<div class=\"wp-block-uagb-container fbcn-homeslider_child uagb-block-07544c33 alignfull uagb-is-root-container\"><div class=\"uagb-container-inner-blocks-wrap\">\n<div class=\"wp-block-uagb-info-box uagb-block-993b3626 uagb-infobox__content-wrap  uagb-infobox-icon-above-title uagb-infobox-image-valign-top\"><div class=\"uagb-ifb-content\"><div class=\"uagb-ifb-title-wrap\"><h3 class=\"uagb-ifb-title\">a sea open to everyone<\/h3><\/div><p class=\"uagb-ifb-desc\">In Barcelona <strong>Capital N\u00e0utica<\/strong> we have the wind in our favour to get Barcelona<br>and Catalonia will become world <strong>leaders in the nautical field<\/strong>.<\/p><\/div><\/div>\n\n\n\n<div class=\"wp-block-uagb-buttons uagb-buttons__outer-wrap uagb-btn__default-btn uagb-btn-tablet__default-btn uagb-btn-mobile__default-btn uagb-block-029dfd02\"><div class=\"uagb-buttons__wrap uagb-buttons-layout-wrap \">\n<div class=\"wp-block-uagb-buttons-child uagb-buttons__outer-wrap uagb-block-c5b96845 wp-block-button\"><div class=\"uagb-button__wrapper\"><a class=\"uagb-buttons-repeater wp-block-button__link\" aria-label=\"\" href=\"#newsletter\" rel=\"follow noopener\" target=\"_self\" role=\"button\"><div class=\"uagb-button__link\">SUBSCRIBE TO OUR NEWSLETTER<\/div><\/a><\/div><\/div>\n<\/div><\/div>\n\n\n\n<div class=\"wp-block-uagb-info-box uagb-block-6636d178 uagb-infobox__content-wrap  uagb-infobox_cta-type-all uagb-infobox-icon-above-title uagb-infobox-image-valign-top uag-hide-desktop uag-hide-tab uag-hide-mob\" id=\"hero-arrow\"><a href=\"#fundacio\" class=\"uagb-infobox-link-wrap uagb-infbox__link-to-all\" target=\"_self\" aria-label=\"Infobox Link\" rel=\"noopener noreferrer\" onclick=\"return true;\"><\/a><div class=\"uagb-ifb-content\"><div class=\"uagb-ifb-image-content\"><img decoding=\"async\" src=\"https:\/\/www.barcelonacapitalnautica.org\/wp-content\/uploads\/2023\/03\/fletxa-simple.svg\" alt=\"\" width=\"120\" height=\"120\" loading=\"lazy\"\/><\/div><div class=\"uagb-ifb-title-wrap\"><\/div><div class=\"uagb-ifb-button-wrapper wp-block-button\"><\/div><\/div><\/div>\n<\/div><\/div>\n<\/div><\/div>\n<\/div><\/div><div class=\"swiper-pagination\"><\/div><\/div>\n<\/div><\/div>\n\n\n\n<div id=\"destacats\" class=\"wp-block-uagb-container uag-hide-desktop uag-hide-tab uag-hide-mob uagb-block-95c5eeda alignfull uagb-is-root-container\"><div class=\"uagb-container-inner-blocks-wrap\">\n<div class=\"wp-block-uagb-advanced-heading uagb-block-8a2529bc\"><div class=\"uagb-separator\"><\/div><h4 class=\"uagb-heading-text\">WE HIGHLIGHT<\/h4><\/div>\n\n\n\n<div class=\"wp-block-uagb-container fbcn_destacats_container uagb-block-62e77e59\">\n<div class=\"wp-block-uagb-container uagb-block-500b39d7\">\n<div class=\"wp-block-uagb-image uagb-block-63fb1984 wp-block-uagb-image--layout-default wp-block-uagb-image--effect-static wp-block-uagb-image--align-none\"><figure class=\"wp-block-uagb-image__figure\"><img decoding=\"async\" srcset=\"https:\/\/www.barcelonacapitalnautica.org\/wp-content\/uploads\/2023\/06\/Destacat_petit_podcast.png , https:\/\/www.barcelonacapitalnautica.org\/wp-content\/uploads\/2023\/05\/solomed-2023_CNR_RECBLAU-0511-900x675.jpg 360w\" sizes=\"auto, (max-width: 480px) 150px\" src=\"https:\/\/www.barcelonacapitalnautica.org\/wp-content\/uploads\/2023\/06\/Destacat_petit_podcast.png\" alt=\"\" class=\"uag-image-259625\" width=\"560\" height=\"420\" title=\"\" loading=\"lazy\" role=\"img\"\/><\/figure><\/div>\n\n\n\n<div class=\"wp-block-uagb-advanced-heading uagb-block-4a7899c2\"><h4 class=\"uagb-heading-text\"><a href=\"https:\/\/www.barcelonacapitalnautica.org\/cultura\/podcasts\/\">Get hooked on the podcast of the history of the America&#8217;s Cup in Catalan!<\/a><\/h4><\/div>\n<\/div>\n\n\n\n<div class=\"wp-block-uagb-container uagb-block-6c34be62\">\n<div class=\"wp-block-uagb-image uagb-block-f5a774c7 wp-block-uagb-image--layout-default wp-block-uagb-image--effect-static wp-block-uagb-image--align-none\"><figure class=\"wp-block-uagb-image__figure\"><a class=\"\" href=\"https:\/\/www.americascup.com\/volunteers\" target=\"\" rel=\"noopener\"><img decoding=\"async\" srcset=\"https:\/\/www.barcelonacapitalnautica.org\/wp-content\/uploads\/2023\/06\/Destacat_petit_Voluntaris.png , https:\/\/www.barcelonacapitalnautica.org\/wp-content\/uploads\/2023\/05\/solomed-2023_CNR_RECBLAU-0511-900x675.jpg 360w\" sizes=\"auto, (max-width: 480px) 150px\" src=\"https:\/\/www.barcelonacapitalnautica.org\/wp-content\/uploads\/2023\/06\/Destacat_petit_Voluntaris.png\" alt=\"\" class=\"uag-image-259535\" width=\"560\" height=\"420\" title=\"\" loading=\"lazy\" role=\"img\"\/><\/a><\/figure><\/div>\n\n\n\n<div class=\"wp-block-uagb-advanced-heading uagb-block-56e81af5\"><h4 class=\"uagb-heading-text\"><a href=\"https:\/\/www.americascup.com\/volunteers\" target=\"_blank\" rel=\"noreferrer noopener\">Become a volunteer for the 37th America&#8217;s Cup and experience it up close!<\/a><\/h4><\/div>\n<\/div>\n\n\n\n<div class=\"wp-block-uagb-container uagb-block-063c097c\">\n<div class=\"wp-block-uagb-image uagb-block-33f0d91b wp-block-uagb-image--layout-default wp-block-uagb-image--effect-static wp-block-uagb-image--align-none\"><figure class=\"wp-block-uagb-image__figure\"><a class=\"\" href=\"https:\/\/www.22diesen22peus.com\/\" target=\"\" rel=\"noopener\"><img decoding=\"async\" srcset=\"https:\/\/www.barcelonacapitalnautica.org\/wp-content\/uploads\/2023\/05\/Destacat_22dies_22peus.png , https:\/\/www.barcelonacapitalnautica.org\/wp-content\/uploads\/2023\/05\/solomed-2023_CNR_RECBLAU-0511-900x675.jpg 360w\" sizes=\"auto, (max-width: 480px) 150px\" src=\"https:\/\/www.barcelonacapitalnautica.org\/wp-content\/uploads\/2023\/05\/Destacat_22dies_22peus.png\" alt=\"\" class=\"uag-image-259194\" width=\"560\" height=\"420\" title=\"\" loading=\"lazy\" role=\"img\"\/><\/a><\/figure><\/div>\n\n\n\n<div class=\"wp-block-uagb-advanced-heading uagb-block-836274d5\"><h4 class=\"uagb-heading-text\"><a href=\"https:\/\/www.22diesen22peus.com\/\" target=\"_blank\" rel=\"noreferrer noopener\">We already have open registrations for the educational program!<\/a><\/h4><\/div>\n<\/div>\n\n\n\n<div class=\"wp-block-uagb-container uagb-block-e3f6c611\">\n<div class=\"wp-block-uagb-image uagb-block-423c4f11 wp-block-uagb-image--layout-default wp-block-uagb-image--effect-static wp-block-uagb-image--align-none\"><figure class=\"wp-block-uagb-image__figure\"><a class=\"\" href=\"https:\/\/www.barcelonacapitalnautica.org\/ona-carbonell-salta-al-mar-per-presentar-el-30e-aniversari-del-mullat\/\" target=\"\" rel=\"noopener\"><img decoding=\"async\" srcset=\"https:\/\/www.barcelonacapitalnautica.org\/wp-content\/uploads\/2023\/07\/Mullat_esclerosi-2.png , https:\/\/www.barcelonacapitalnautica.org\/wp-content\/uploads\/2023\/05\/solomed-2023_CNR_RECBLAU-0511-900x675.jpg 360w\" sizes=\"auto, (max-width: 480px) 150px\" src=\"https:\/\/www.barcelonacapitalnautica.org\/wp-content\/uploads\/2023\/07\/Mullat_esclerosi-2.png\" alt=\"\" class=\"uag-image-260284\" width=\"560\" height=\"420\" title=\"\" loading=\"lazy\" role=\"img\"\/><\/a><\/figure><\/div>\n\n\n\n<div class=\"wp-block-uagb-advanced-heading uagb-block-9441db87\"><h4 class=\"uagb-heading-text\"><a href=\"https:\/\/www.barcelonacapitalnautica.org\/ona-carbonell-salta-al-mar-per-presentar-el-30e-aniversari-del-mullat\/\">Choose your pool and get wet for multiple sclerosis on July 9th!<\/a><\/h4><\/div>\n<\/div>\n<\/div>\n<\/div><\/div>\n\n\n\n<p><\/p>\n\n\n\n<div id=\"fundacio\" class=\"wp-block-uagb-container uagb-block-50db5b8f alignfull uagb-is-root-container\"><div class=\"uagb-container-inner-blocks-wrap\">\n<div class=\"wp-block-uagb-container uagb-block-b4382713\">\n<div class=\"wp-block-uagb-advanced-heading uagb-block-6f008778\"><h2 class=\"uagb-heading-text\">one route <br>many  miles<\/h2><\/div>\n<\/div>\n\n\n\n<div class=\"wp-block-uagb-info-box uagb-block-0bf0a87f uagb-infobox__content-wrap  uagb-infobox-icon-above-title uagb-infobox-image-valign-top\"><div class=\"uagb-ifb-content\"><div class=\"uagb-ifb-title-wrap\"><\/div><p class=\"uagb-ifb-desc\">The foundation was created in 2005 as the Fundaci\u00f3 Navegaci\u00f3 Oce\u00e0nica de Barcelona (FNOB) with the <strong>aim of promoting sailing<\/strong>.<br><br>Now, almost 20 years later, we are transforming ourselves to cover more axes of activity to t<strong>urn Barcelona and Catalonia into nautical references<\/strong>, through the promotion of sailing, sport, sustainability, training, the blue economy and the culture of the sea.<\/p><\/div><\/div>\n<\/div><\/div>\n\n\n\n<div id=\"optimist\" class=\"wp-block-uagb-container uagb-block-ae68d9c8 alignfull uagb-is-root-container\"><div class=\"uagb-container-inner-blocks-wrap\">\n<figure class=\"wp-block-embed is-type-video is-provider-youtube wp-block-embed-youtube wp-embed-aspect-16-9 wp-has-aspect-ratio\"><div class=\"wp-block-embed__wrapper\">\n<iframe loading=\"lazy\" title=\"Arrenca la Lliga Blava Escolar!\" width=\"500\" height=\"281\" src=\"https:\/\/www.youtube.com\/embed\/WF2a3jRBkJ4?feature=oembed\" frameborder=\"0\" allow=\"accelerometer; autoplay; clipboard-write; encrypted-media; gyroscope; picture-in-picture; web-share\" referrerpolicy=\"strict-origin-when-cross-origin\" allowfullscreen><\/iframe>\n<\/div><\/figure>\n\n\n\n<div class=\"wp-block-uagb-info-box uagb-block-1e456dd5 uagb-infobox__content-wrap  uagb-infobox-icon-left-title uagb-infobox-left uagb-infobox-image-valign-middle\" id=\"fede-cat\"><div class=\"uagb-ifb-content\"><div class=\"uagb-ifb-left-title-image\"><div class=\"uagb-ifb-title-wrap\"><h2 class=\"uagb-ifb-title\">The School Blue League<\/h2><\/div><\/div><p class=\"uagb-ifb-desc\">The School Blue League is a new competition aimed at encouraging the practice of sailing among young people and providing continuity to the school sailing programs that we develop with the Catalan Sailing Federation. The League seeks to consolidate students&#8217; learning in a competitive and healthy environment, promoting equal opportunities and female empowerment in sport.<\/p><div class=\"uagb-ifb-button-wrapper wp-block-button\"><a href=\"https:\/\/sites.google.com\/vela.cat\/lligablavaescolar\/lliga-blava-escolar\" class=\"uagb-infobox-cta-link wp-block-button__link\" target=\"_self\" rel=\"noopener noreferrer\" onclick=\"return true;\"><span class=\"uagb-inline-editing\">website<\/span><\/a><\/div><\/div><\/div>\n<\/div><\/div>\n\n\n\n<div id=\"diespeus\" class=\"wp-block-uagb-container uagb-block-6d2109a6 alignfull uagb-is-root-container\"><div class=\"uagb-container-inner-blocks-wrap\">\n<div class=\"wp-block-uagb-info-box uagb-block-6e1e17f5 uagb-infobox__content-wrap  uagb-infobox-icon-above-title uagb-infobox-image-valign-top\"><div class=\"uagb-ifb-content\"><div class=\"uagb-ifb-image-content\"><img decoding=\"async\" src=\"https:\/\/www.barcelonacapitalnautica.org\/wp-content\/uploads\/2024\/02\/22dp-cat-logotip_claim_p.jpeg\" alt=\"\" width=\"\" height=\"0\" loading=\"lazy\"\/><\/div><div class=\"uagb-ifb-title-wrap\"><h2 class=\"uagb-ifb-title\">Learning and excitement at full sail!<\/h2><\/div><p class=\"uagb-ifb-desc\">&#8220;22 days in 22 feet, solo adventure in the Atlantic 2023&#8221; is an educational program in collaboration with the <a href=\"https:\/\/www.mmb.cat\/projectes\/mini-transat-2023\/\" target=\"_blank\" rel=\"noreferrer noopener\">Museu Mar\u00edtim de Barcelona<\/a>, which had proposed primary and secondary school students to follow the Mini Transat 2023 regatta in which sailors from the Mini Base had participated, among others.<\/p><div class=\"uagb-ifb-button-wrapper wp-block-button\"><a href=\"https:\/\/www.22diesen22peus.com\/\" class=\"uagb-infobox-cta-link wp-block-button__link\" target=\"_blank\" rel=\"noopener noreferrer\" onclick=\"return true;\"><span class=\"uagb-inline-editing\">Shall we set sail?<\/span><svg xmlns=\"https:\/\/www.w3.org\/2000\/svg\" viewBox=\"0 0 512 512\"><path d=\"M504.3 273.6l-112.1 104c-6.992 6.484-17.18 8.218-25.94 4.406c-8.758-3.812-14.42-12.45-14.42-21.1L351.9 288H32C14.33 288 .0002 273.7 .0002 255.1S14.33 224 32 224h319.9l0-72c0-9.547 5.66-18.19 14.42-22c8.754-3.809 18.95-2.075 25.94 4.41l112.1 104C514.6 247.9 514.6 264.1 504.3 273.6z\"><\/path><\/svg><\/a><\/div><\/div><\/div>\n\n\n\n<figure class=\"wp-block-embed is-type-video is-provider-youtube wp-block-embed-youtube wp-embed-aspect-16-9 wp-has-aspect-ratio\"><div class=\"wp-block-embed__wrapper\">\n<iframe loading=\"lazy\" title=\"Clausura del programa educatiu &quot;22 dies en 22 peus, aventura en solitari a l&#039;Atl\u00e0ntic&quot;\" width=\"500\" height=\"281\" src=\"https:\/\/www.youtube.com\/embed\/UAbf_8SYlLY?feature=oembed\" frameborder=\"0\" allow=\"accelerometer; autoplay; clipboard-write; encrypted-media; gyroscope; picture-in-picture; web-share\" referrerpolicy=\"strict-origin-when-cross-origin\" allowfullscreen><\/iframe>\n<\/div><\/figure>\n<\/div><\/div>\n\n\n\n<div id=\"optimist\" class=\"wp-block-uagb-container uagb-block-802b5fb3 alignfull uagb-is-root-container\"><div class=\"uagb-container-inner-blocks-wrap\">\n<figure class=\"wp-block-embed is-type-video is-provider-youtube wp-block-embed-youtube wp-embed-aspect-16-9 wp-has-aspect-ratio\"><div class=\"wp-block-embed__wrapper\">\n<iframe loading=\"lazy\" title=\"Regata RC Sailing Barcelona 2025\" width=\"500\" height=\"281\" src=\"https:\/\/www.youtube.com\/embed\/AlKzxD8CxXc?feature=oembed\" frameborder=\"0\" allow=\"accelerometer; autoplay; clipboard-write; encrypted-media; gyroscope; picture-in-picture; web-share\" referrerpolicy=\"strict-origin-when-cross-origin\" allowfullscreen><\/iframe>\n<\/div><\/figure>\n\n\n\n<div class=\"wp-block-uagb-info-box uagb-block-fab9f869 uagb-infobox__content-wrap  uagb-infobox-icon-left-title uagb-infobox-left uagb-infobox-image-valign-middle\" id=\"fede-cat\"><div class=\"uagb-ifb-content\"><div class=\"uagb-ifb-left-title-image\"><div class=\"uagb-ifb-title-wrap\"><h2 class=\"uagb-ifb-title\">RC Sailing Barcelona<\/h2><\/div><\/div><p class=\"uagb-ifb-desc\">The 2nd edition of the university scholarship for training in the design and construction of a radio-controlled boat aimed at 3rd and 4th year engineering students, to conceptualize, design and build a small-scale, competitive radio-controlled boat, propelled by the wind, applying knowledge acquired during the course.<\/p><div class=\"uagb-ifb-button-wrapper wp-block-button\"><a href=\"https:\/\/www.barcelonacapitalnautica.org\/en\/rc-sailing-barcelona-university-regatta\/\" class=\"uagb-infobox-cta-link wp-block-button__link\" target=\"_self\" rel=\"noopener noreferrer\" onclick=\"return true;\"><span class=\"uagb-inline-editing\">website<\/span><\/a><\/div><\/div><\/div>\n<\/div><\/div>\n\n\n\n<div id=\"marketplace\" class=\"wp-block-uagb-container uag-hide-desktop uag-hide-tab uag-hide-mob uagb-block-f7318d17 alignfull uagb-is-root-container\"><div class=\"uagb-container-inner-blocks-wrap\">\n<div class=\"wp-block-uagb-image uagb-block-fd23d0a6 wp-block-uagb-image--layout-default wp-block-uagb-image--effect-static wp-block-uagb-image--align-none\"><figure class=\"wp-block-uagb-image__figure\"><img decoding=\"async\" srcset=\"https:\/\/www.barcelonacapitalnautica.org\/wp-content\/uploads\/2023\/03\/PortBarcelona-edited-e1679650443812.jpg \" sizes=\"auto, (max-width: 480px) 150px\" src=\"https:\/\/www.barcelonacapitalnautica.org\/wp-content\/uploads\/2023\/03\/PortBarcelona-edited-e1679650443812.jpg\" alt=\"\" class=\"uag-image-548\" width=\"900\" height=\"391\" title=\"\" loading=\"lazy\" role=\"img\"\/><\/figure><\/div>\n\n\n\n<div class=\"wp-block-uagb-info-box uagb-block-839c1103 uagb-infobox__content-wrap  uagb-infobox-icon-above-title uagb-infobox-image-valign-top\"><div class=\"uagb-ifb-content\"><div class=\"uagb-ifb-title-wrap\"><h2 class=\"uagb-ifb-title\">America&#8217;s Cup marketplace<\/h2><\/div><p class=\"uagb-ifb-desc\">We have created an online platform so that companies that want to can offer their services and products to the participating teams and America&#8217;s Cup Events (ACE), the organizing company of the Copa Am\u00e9rica, for all the needs they may have.<\/p><div class=\"uagb-ifb-button-wrapper wp-block-button\"><a href=\"https:\/\/marketplace.barcelonacapitalnautica.org\/\" class=\"uagb-infobox-cta-link wp-block-button__link\" target=\"_blank\" rel=\"noopener noreferrer\" onclick=\"return true;\"><span class=\"uagb-inline-editing\">Join us<\/span><svg xmlns=\"https:\/\/www.w3.org\/2000\/svg\" viewBox=\"0 0 512 512\"><path d=\"M504.3 273.6l-112.1 104c-6.992 6.484-17.18 8.218-25.94 4.406c-8.758-3.812-14.42-12.45-14.42-21.1L351.9 288H32C14.33 288 .0002 273.7 .0002 255.1S14.33 224 32 224h319.9l0-72c0-9.547 5.66-18.19 14.42-22c8.754-3.809 18.95-2.075 25.94 4.41l112.1 104C514.6 247.9 514.6 264.1 504.3 273.6z\"><\/path><\/svg><\/a><\/div><\/div><\/div>\n<\/div><\/div>\n\n\n\n<div id=\"copaamerica\" class=\"wp-block-uagb-container uag-hide-desktop uag-hide-tab uag-hide-mob uagb-block-cddcdbf6 alignfull uagb-is-root-container\"><div class=\"uagb-container-inner-blocks-wrap\">\n<div class=\"wp-block-uagb-info-box uagb-block-aa2a7208 uagb-infobox__content-wrap  uagb-infobox-icon-above-title uagb-infobox-image-valign-top\"><div class=\"uagb-ifb-content\"><div class=\"uagb-ifb-title-wrap\"><h2 class=\"uagb-ifb-title\">The exhibition you can&#8217;t miss!<\/h2><\/div><p class=\"uagb-ifb-desc\">This is an exhibition that uses the sea as a pretext to talk about the culture of the sea, its tradition, nautical sports, technology and innovation, sustainability and the America&#8217;s Cup and its legacy. The exhibition seeks to position Catalonia as a nautical reference at national and international level and bring the sea closer to the citizens of Catalonia.<br><\/p><div class=\"uagb-ifb-button-wrapper wp-block-button\"><a href=\"https:\/\/www.barcelonacapitalnautica.org\/en\/exhibition\/\" class=\"uagb-infobox-cta-link wp-block-button__link\" target=\"_self\" rel=\"noopener noreferrer\" onclick=\"return true;\"><span class=\"uagb-inline-editing\">web of the exhibition<\/span><\/a><\/div><\/div><\/div>\n\n\n\n<figure class=\"wp-block-embed is-type-video is-provider-youtube wp-block-embed-youtube wp-embed-aspect-16-9 wp-has-aspect-ratio\"><div class=\"wp-block-embed__wrapper\">\n<iframe loading=\"lazy\" title=\"Exposici\u00f3 &quot;Parlem del mar per parlar de nosaltres&quot;\" width=\"500\" height=\"281\" src=\"https:\/\/www.youtube.com\/embed\/1WSSSXA0cj0?feature=oembed\" frameborder=\"0\" allow=\"accelerometer; autoplay; clipboard-write; encrypted-media; gyroscope; picture-in-picture; web-share\" referrerpolicy=\"strict-origin-when-cross-origin\" allowfullscreen><\/iframe>\n<\/div><\/figure>\n<\/div><\/div>\n\n\n\n<section id=\"esdeveniments\" class=\"wp-block-uagb-container uag-hide-desktop uag-hide-tab uag-hide-mob uagb-block-530e85af alignfull uagb-is-root-container\"><div class=\"uagb-container-inner-blocks-wrap\">\n<div class=\"wp-block-uagb-advanced-heading uagb-block-7042a872\"><h2 class=\"uagb-heading-text\">Events<\/h2><\/div>\n\n\n\n<div class=\"wp-block-uagb-container uagb-block-e50b0dbb\">\n<aside class=\"wp-block-uagb-container uagb-block-f0a56a35\">\n<div class=\"wp-block-tribe-mini-calendar tribe-mini-calendar-block\">\n<div class=\"widget widget_tribe-widget-events-month\"><div  class=\"tribe-compatibility-container tribe-common tribe-events tribe-events-widget-shortcode tribe-events-widget-shortcode-events-month\" >\n\n\t\n<div class=\"tribe-events-widget-shortcode__header-title\">\n\t<h2 class=\"widgettitle\"><\/h2><\/div>\n\n\t<div\n\t class=\"tribe-common tribe-events tribe-events-view tribe-events-view--month alignwide tribe-events-view--shortcode tribe-events-view--shortcode-tribe-widget-events-month--1 tribe-events-widget tribe-events-widget-events-month\" \tdata-js=\"tribe-events-view\"\n\tdata-view-rest-nonce=\"c31c0fad7e\"\n\tdata-view-rest-url=\"https:\/\/www.barcelonacapitalnautica.org\/en\/wp-json\/tribe\/views\/v2\/html\"\n\tdata-view-rest-method=\"POST\"\n\tdata-view-manage-url=\"\"\n\t\t\tdata-view-shortcode=\"tribe-widget-events-month--1\"\n\t\t\t\tdata-view-breakpoint-pointer=\"58f5bd17-5461-4cae-b5e9-11397d7af7f4\"\n\t>\n\t<div class=\"tribe-common-l-container tribe-events-l-container\">\n\t\t<div\n\tclass=\"tribe-events-view-loader tribe-common-a11y-hidden\"\n\trole=\"alert\"\n\taria-live=\"polite\"\n>\n\t<span class=\"tribe-events-view-loader__text tribe-common-a11y-visual-hide\">\n\t\tLoading view.\t<\/span>\n\t<div class=\"tribe-events-view-loader__dots tribe-common-c-loader\">\n\t\t<svg  class=\"tribe-common-c-svgicon tribe-common-c-svgicon--dot tribe-common-c-loader__dot tribe-common-c-loader__dot--first\"  viewBox=\"0 0 15 15\" xmlns=\"http:\/\/www.w3.org\/2000\/svg\"><circle cx=\"7.5\" cy=\"7.5\" r=\"7.5\"\/><\/svg>\n\t\t<svg  class=\"tribe-common-c-svgicon tribe-common-c-svgicon--dot tribe-common-c-loader__dot tribe-common-c-loader__dot--second\"  viewBox=\"0 0 15 15\" xmlns=\"http:\/\/www.w3.org\/2000\/svg\"><circle cx=\"7.5\" cy=\"7.5\" r=\"7.5\"\/><\/svg>\n\t\t<svg  class=\"tribe-common-c-svgicon tribe-common-c-svgicon--dot tribe-common-c-loader__dot tribe-common-c-loader__dot--third\"  viewBox=\"0 0 15 15\" xmlns=\"http:\/\/www.w3.org\/2000\/svg\"><circle cx=\"7.5\" cy=\"7.5\" r=\"7.5\"\/><\/svg>\n\t<\/div>\n<\/div>\n\n\t\t\n\t\t<script data-js=\"tribe-events-view-data\" type=\"application\/json\">\n\t{\"slug\":\"month\",\"prev_url\":\"https:\\\/\\\/www.barcelonacapitalnautica.org\\\/en\\\/calendari\\\/mes\\\/2026-03\\\/?shortcode=tribe-widget-events-month--1\",\"next_url\":\"https:\\\/\\\/www.barcelonacapitalnautica.org\\\/en\\\/calendari\\\/mes\\\/2026-05\\\/?shortcode=tribe-widget-events-month--1\",\"view_class\":\"Tribe\\\\Events\\\\Views\\\\V2\\\\Views\\\\Month_View\",\"view_slug\":\"month\",\"view_label\":\"Month\",\"title\":\"Events for 04\\\/2026 \\u2013 Barcelona Capital N\\u00e0utica\",\"events\":{\"2026-03-30\":[],\"2026-03-31\":[],\"2026-04-01\":[],\"2026-04-02\":[],\"2026-04-03\":[],\"2026-04-04\":[],\"2026-04-05\":[],\"2026-04-06\":[],\"2026-04-07\":[],\"2026-04-08\":[],\"2026-04-09\":[],\"2026-04-10\":[],\"2026-04-11\":[],\"2026-04-12\":[],\"2026-04-13\":[],\"2026-04-14\":[],\"2026-04-15\":[],\"2026-04-16\":[],\"2026-04-17\":[],\"2026-04-18\":[],\"2026-04-19\":[],\"2026-04-20\":[],\"2026-04-21\":[],\"2026-04-22\":[],\"2026-04-23\":[],\"2026-04-24\":[],\"2026-04-25\":[],\"2026-04-26\":[],\"2026-04-27\":[],\"2026-04-28\":[],\"2026-04-29\":[],\"2026-04-30\":[],\"2026-05-01\":[],\"2026-05-02\":[],\"2026-05-03\":[]},\"url\":\"https:\\\/\\\/www.barcelonacapitalnautica.org\\\/en\\\/calendari\\\/mes\\\/?shortcode=tribe-widget-events-month--1\",\"url_event_date\":false,\"bar\":{\"keyword\":\"\",\"date\":\"\"},\"today\":\"2026-04-28 00:00:00\",\"now\":\"2026-04-28 11:01:24\",\"rest_url\":\"https:\\\/\\\/www.barcelonacapitalnautica.org\\\/en\\\/wp-json\\\/tribe\\\/views\\\/v2\\\/html\",\"rest_method\":\"POST\",\"rest_nonce\":\"c31c0fad7e\",\"should_manage_url\":false,\"today_url\":\"https:\\\/\\\/www.barcelonacapitalnautica.org\\\/en\\\/calendari\\\/mes\\\/?rest_route=%2Fwp%2Fv2%2Fpages%2F260470&shortcode=tribe-widget-events-month--1\",\"today_title\":\"Click to select the current month\",\"today_label\":\"This Month\",\"prev_label\":\"Mar\",\"next_label\":\"May\",\"date_formats\":{\"compact\":\"d\\\/m\\\/Y\",\"month_and_year_compact\":\"m\\\/Y\",\"month_and_year\":\"m\\\/Y\",\"time_range_separator\":\" - \",\"date_time_separator\":\" a les \"},\"messages\":{\"notice\":[\"There are no upcoming events.\"]},\"start_of_week\":\"1\",\"breadcrumbs\":[],\"before_events\":\"\",\"after_events\":\"\",\"display_events_bar\":true,\"disable_event_search\":true,\"live_refresh\":true,\"ical\":{\"display_link\":true,\"link\":{\"url\":\"https:\\\/\\\/www.barcelonacapitalnautica.org\\\/en\\\/calendari\\\/mes\\\/?shortcode=tribe-widget-events-month--1&#038;ical=1\",\"text\":\"Export Events\",\"title\":\"Use this to share calendar data with Google Calendar, Apple iCal and other compatible apps\"}},\"container_classes\":[\"tribe-common\",\"tribe-events\",\"tribe-events-view\",\"tribe-events-view--month\",\"alignwide\",\"tribe-events-view--shortcode\",\"tribe-events-view--shortcode-tribe-widget-events-month--1\",\"tribe-events-widget\",\"tribe-events-widget-events-month\"],\"container_data\":{\"shortcode\":\"tribe-widget-events-month--1\"},\"is_past\":false,\"breakpoints\":{\"xsmall\":500,\"medium\":768,\"full\":960},\"breakpoint_pointer\":\"58f5bd17-5461-4cae-b5e9-11397d7af7f4\",\"is_initial_load\":false,\"public_views\":{\"list\":{\"view_class\":\"Tribe\\\\Events\\\\Views\\\\V2\\\\Views\\\\List_View\",\"view_url\":\"https:\\\/\\\/www.barcelonacapitalnautica.org\\\/en\\\/calendari\\\/llista\\\/?shortcode=tribe-widget-events-month--1\",\"view_label\":\"List\"},\"month\":{\"view_class\":\"Tribe\\\\Events\\\\Views\\\\V2\\\\Views\\\\Month_View\",\"view_url\":\"https:\\\/\\\/www.barcelonacapitalnautica.org\\\/en\\\/calendari\\\/mes\\\/?shortcode=tribe-widget-events-month--1\",\"view_label\":\"Month\"}},\"show_latest_past\":false,\"today_date\":\"2026-04-28\",\"grid_date\":\"2026-04-28\",\"formatted_grid_date\":\"04\\\/2026\",\"formatted_grid_date_mobile\":\"28\\\/04\\\/2026\",\"days\":{\"2026-03-30\":{\"date\":\"2026-03-30\",\"is_start_of_week\":true,\"year_number\":\"2026\",\"month_number\":\"03\",\"day_number\":\"30\",\"events\":[],\"featured_events\":[],\"multiday_events\":[],\"found_events\":0,\"more_events\":0,\"day_url\":\"https:\\\/\\\/www.barcelonacapitalnautica.org\\\/en\\\/calendari\\\/2026-03-30\\\/?shortcode=tribe-widget-events-month--1\"},\"2026-03-31\":{\"date\":\"2026-03-31\",\"is_start_of_week\":false,\"year_number\":\"2026\",\"month_number\":\"03\",\"day_number\":\"31\",\"events\":[],\"featured_events\":[],\"multiday_events\":[],\"found_events\":0,\"more_events\":0,\"day_url\":\"https:\\\/\\\/www.barcelonacapitalnautica.org\\\/en\\\/calendari\\\/2026-03-31\\\/?shortcode=tribe-widget-events-month--1\"},\"2026-04-01\":{\"date\":\"2026-04-01\",\"is_start_of_week\":false,\"year_number\":\"2026\",\"month_number\":\"04\",\"day_number\":\"1\",\"events\":[],\"featured_events\":[],\"multiday_events\":[],\"found_events\":0,\"more_events\":0,\"day_url\":\"https:\\\/\\\/www.barcelonacapitalnautica.org\\\/en\\\/calendari\\\/2026-04-01\\\/?shortcode=tribe-widget-events-month--1\"},\"2026-04-02\":{\"date\":\"2026-04-02\",\"is_start_of_week\":false,\"year_number\":\"2026\",\"month_number\":\"04\",\"day_number\":\"2\",\"events\":[],\"featured_events\":[],\"multiday_events\":[],\"found_events\":0,\"more_events\":0,\"day_url\":\"https:\\\/\\\/www.barcelonacapitalnautica.org\\\/en\\\/calendari\\\/2026-04-02\\\/?shortcode=tribe-widget-events-month--1\"},\"2026-04-03\":{\"date\":\"2026-04-03\",\"is_start_of_week\":false,\"year_number\":\"2026\",\"month_number\":\"04\",\"day_number\":\"3\",\"events\":[],\"featured_events\":[],\"multiday_events\":[],\"found_events\":0,\"more_events\":0,\"day_url\":\"https:\\\/\\\/www.barcelonacapitalnautica.org\\\/en\\\/calendari\\\/2026-04-03\\\/?shortcode=tribe-widget-events-month--1\"},\"2026-04-04\":{\"date\":\"2026-04-04\",\"is_start_of_week\":false,\"year_number\":\"2026\",\"month_number\":\"04\",\"day_number\":\"4\",\"events\":[],\"featured_events\":[],\"multiday_events\":[],\"found_events\":0,\"more_events\":0,\"day_url\":\"https:\\\/\\\/www.barcelonacapitalnautica.org\\\/en\\\/calendari\\\/2026-04-04\\\/?shortcode=tribe-widget-events-month--1\"},\"2026-04-05\":{\"date\":\"2026-04-05\",\"is_start_of_week\":false,\"year_number\":\"2026\",\"month_number\":\"04\",\"day_number\":\"5\",\"events\":[],\"featured_events\":[],\"multiday_events\":[],\"found_events\":0,\"more_events\":0,\"day_url\":\"https:\\\/\\\/www.barcelonacapitalnautica.org\\\/en\\\/calendari\\\/2026-04-05\\\/?shortcode=tribe-widget-events-month--1\"},\"2026-04-06\":{\"date\":\"2026-04-06\",\"is_start_of_week\":true,\"year_number\":\"2026\",\"month_number\":\"04\",\"day_number\":\"6\",\"events\":[],\"featured_events\":[],\"multiday_events\":[],\"found_events\":0,\"more_events\":0,\"day_url\":\"https:\\\/\\\/www.barcelonacapitalnautica.org\\\/en\\\/calendari\\\/2026-04-06\\\/?shortcode=tribe-widget-events-month--1\"},\"2026-04-07\":{\"date\":\"2026-04-07\",\"is_start_of_week\":false,\"year_number\":\"2026\",\"month_number\":\"04\",\"day_number\":\"7\",\"events\":[],\"featured_events\":[],\"multiday_events\":[],\"found_events\":0,\"more_events\":0,\"day_url\":\"https:\\\/\\\/www.barcelonacapitalnautica.org\\\/en\\\/calendari\\\/2026-04-07\\\/?shortcode=tribe-widget-events-month--1\"},\"2026-04-08\":{\"date\":\"2026-04-08\",\"is_start_of_week\":false,\"year_number\":\"2026\",\"month_number\":\"04\",\"day_number\":\"8\",\"events\":[],\"featured_events\":[],\"multiday_events\":[],\"found_events\":0,\"more_events\":0,\"day_url\":\"https:\\\/\\\/www.barcelonacapitalnautica.org\\\/en\\\/calendari\\\/2026-04-08\\\/?shortcode=tribe-widget-events-month--1\"},\"2026-04-09\":{\"date\":\"2026-04-09\",\"is_start_of_week\":false,\"year_number\":\"2026\",\"month_number\":\"04\",\"day_number\":\"9\",\"events\":[],\"featured_events\":[],\"multiday_events\":[],\"found_events\":0,\"more_events\":0,\"day_url\":\"https:\\\/\\\/www.barcelonacapitalnautica.org\\\/en\\\/calendari\\\/2026-04-09\\\/?shortcode=tribe-widget-events-month--1\"},\"2026-04-10\":{\"date\":\"2026-04-10\",\"is_start_of_week\":false,\"year_number\":\"2026\",\"month_number\":\"04\",\"day_number\":\"10\",\"events\":[],\"featured_events\":[],\"multiday_events\":[],\"found_events\":0,\"more_events\":0,\"day_url\":\"https:\\\/\\\/www.barcelonacapitalnautica.org\\\/en\\\/calendari\\\/2026-04-10\\\/?shortcode=tribe-widget-events-month--1\"},\"2026-04-11\":{\"date\":\"2026-04-11\",\"is_start_of_week\":false,\"year_number\":\"2026\",\"month_number\":\"04\",\"day_number\":\"11\",\"events\":[],\"featured_events\":[],\"multiday_events\":[],\"found_events\":0,\"more_events\":0,\"day_url\":\"https:\\\/\\\/www.barcelonacapitalnautica.org\\\/en\\\/calendari\\\/2026-04-11\\\/?shortcode=tribe-widget-events-month--1\"},\"2026-04-12\":{\"date\":\"2026-04-12\",\"is_start_of_week\":false,\"year_number\":\"2026\",\"month_number\":\"04\",\"day_number\":\"12\",\"events\":[],\"featured_events\":[],\"multiday_events\":[],\"found_events\":0,\"more_events\":0,\"day_url\":\"https:\\\/\\\/www.barcelonacapitalnautica.org\\\/en\\\/calendari\\\/2026-04-12\\\/?shortcode=tribe-widget-events-month--1\"},\"2026-04-13\":{\"date\":\"2026-04-13\",\"is_start_of_week\":true,\"year_number\":\"2026\",\"month_number\":\"04\",\"day_number\":\"13\",\"events\":[],\"featured_events\":[],\"multiday_events\":[],\"found_events\":0,\"more_events\":0,\"day_url\":\"https:\\\/\\\/www.barcelonacapitalnautica.org\\\/en\\\/calendari\\\/2026-04-13\\\/?shortcode=tribe-widget-events-month--1\"},\"2026-04-14\":{\"date\":\"2026-04-14\",\"is_start_of_week\":false,\"year_number\":\"2026\",\"month_number\":\"04\",\"day_number\":\"14\",\"events\":[],\"featured_events\":[],\"multiday_events\":[],\"found_events\":0,\"more_events\":0,\"day_url\":\"https:\\\/\\\/www.barcelonacapitalnautica.org\\\/en\\\/calendari\\\/2026-04-14\\\/?shortcode=tribe-widget-events-month--1\"},\"2026-04-15\":{\"date\":\"2026-04-15\",\"is_start_of_week\":false,\"year_number\":\"2026\",\"month_number\":\"04\",\"day_number\":\"15\",\"events\":[],\"featured_events\":[],\"multiday_events\":[],\"found_events\":0,\"more_events\":0,\"day_url\":\"https:\\\/\\\/www.barcelonacapitalnautica.org\\\/en\\\/calendari\\\/2026-04-15\\\/?shortcode=tribe-widget-events-month--1\"},\"2026-04-16\":{\"date\":\"2026-04-16\",\"is_start_of_week\":false,\"year_number\":\"2026\",\"month_number\":\"04\",\"day_number\":\"16\",\"events\":[],\"featured_events\":[],\"multiday_events\":[],\"found_events\":0,\"more_events\":0,\"day_url\":\"https:\\\/\\\/www.barcelonacapitalnautica.org\\\/en\\\/calendari\\\/2026-04-16\\\/?shortcode=tribe-widget-events-month--1\"},\"2026-04-17\":{\"date\":\"2026-04-17\",\"is_start_of_week\":false,\"year_number\":\"2026\",\"month_number\":\"04\",\"day_number\":\"17\",\"events\":[],\"featured_events\":[],\"multiday_events\":[],\"found_events\":0,\"more_events\":0,\"day_url\":\"https:\\\/\\\/www.barcelonacapitalnautica.org\\\/en\\\/calendari\\\/2026-04-17\\\/?shortcode=tribe-widget-events-month--1\"},\"2026-04-18\":{\"date\":\"2026-04-18\",\"is_start_of_week\":false,\"year_number\":\"2026\",\"month_number\":\"04\",\"day_number\":\"18\",\"events\":[],\"featured_events\":[],\"multiday_events\":[],\"found_events\":0,\"more_events\":0,\"day_url\":\"https:\\\/\\\/www.barcelonacapitalnautica.org\\\/en\\\/calendari\\\/2026-04-18\\\/?shortcode=tribe-widget-events-month--1\"},\"2026-04-19\":{\"date\":\"2026-04-19\",\"is_start_of_week\":false,\"year_number\":\"2026\",\"month_number\":\"04\",\"day_number\":\"19\",\"events\":[],\"featured_events\":[],\"multiday_events\":[],\"found_events\":0,\"more_events\":0,\"day_url\":\"https:\\\/\\\/www.barcelonacapitalnautica.org\\\/en\\\/calendari\\\/2026-04-19\\\/?shortcode=tribe-widget-events-month--1\"},\"2026-04-20\":{\"date\":\"2026-04-20\",\"is_start_of_week\":true,\"year_number\":\"2026\",\"month_number\":\"04\",\"day_number\":\"20\",\"events\":[],\"featured_events\":[],\"multiday_events\":[],\"found_events\":0,\"more_events\":0,\"day_url\":\"https:\\\/\\\/www.barcelonacapitalnautica.org\\\/en\\\/calendari\\\/2026-04-20\\\/?shortcode=tribe-widget-events-month--1\"},\"2026-04-21\":{\"date\":\"2026-04-21\",\"is_start_of_week\":false,\"year_number\":\"2026\",\"month_number\":\"04\",\"day_number\":\"21\",\"events\":[],\"featured_events\":[],\"multiday_events\":[],\"found_events\":0,\"more_events\":0,\"day_url\":\"https:\\\/\\\/www.barcelonacapitalnautica.org\\\/en\\\/calendari\\\/2026-04-21\\\/?shortcode=tribe-widget-events-month--1\"},\"2026-04-22\":{\"date\":\"2026-04-22\",\"is_start_of_week\":false,\"year_number\":\"2026\",\"month_number\":\"04\",\"day_number\":\"22\",\"events\":[],\"featured_events\":[],\"multiday_events\":[],\"found_events\":0,\"more_events\":0,\"day_url\":\"https:\\\/\\\/www.barcelonacapitalnautica.org\\\/en\\\/calendari\\\/2026-04-22\\\/?shortcode=tribe-widget-events-month--1\"},\"2026-04-23\":{\"date\":\"2026-04-23\",\"is_start_of_week\":false,\"year_number\":\"2026\",\"month_number\":\"04\",\"day_number\":\"23\",\"events\":[],\"featured_events\":[],\"multiday_events\":[],\"found_events\":0,\"more_events\":0,\"day_url\":\"https:\\\/\\\/www.barcelonacapitalnautica.org\\\/en\\\/calendari\\\/2026-04-23\\\/?shortcode=tribe-widget-events-month--1\"},\"2026-04-24\":{\"date\":\"2026-04-24\",\"is_start_of_week\":false,\"year_number\":\"2026\",\"month_number\":\"04\",\"day_number\":\"24\",\"events\":[],\"featured_events\":[],\"multiday_events\":[],\"found_events\":0,\"more_events\":0,\"day_url\":\"https:\\\/\\\/www.barcelonacapitalnautica.org\\\/en\\\/calendari\\\/2026-04-24\\\/?shortcode=tribe-widget-events-month--1\"},\"2026-04-25\":{\"date\":\"2026-04-25\",\"is_start_of_week\":false,\"year_number\":\"2026\",\"month_number\":\"04\",\"day_number\":\"25\",\"events\":[],\"featured_events\":[],\"multiday_events\":[],\"found_events\":0,\"more_events\":0,\"day_url\":\"https:\\\/\\\/www.barcelonacapitalnautica.org\\\/en\\\/calendari\\\/2026-04-25\\\/?shortcode=tribe-widget-events-month--1\"},\"2026-04-26\":{\"date\":\"2026-04-26\",\"is_start_of_week\":false,\"year_number\":\"2026\",\"month_number\":\"04\",\"day_number\":\"26\",\"events\":[],\"featured_events\":[],\"multiday_events\":[],\"found_events\":0,\"more_events\":0,\"day_url\":\"https:\\\/\\\/www.barcelonacapitalnautica.org\\\/en\\\/calendari\\\/2026-04-26\\\/?shortcode=tribe-widget-events-month--1\"},\"2026-04-27\":{\"date\":\"2026-04-27\",\"is_start_of_week\":true,\"year_number\":\"2026\",\"month_number\":\"04\",\"day_number\":\"27\",\"events\":[],\"featured_events\":[],\"multiday_events\":[],\"found_events\":0,\"more_events\":0,\"day_url\":\"https:\\\/\\\/www.barcelonacapitalnautica.org\\\/en\\\/calendari\\\/2026-04-27\\\/?shortcode=tribe-widget-events-month--1\"},\"2026-04-28\":{\"date\":\"2026-04-28\",\"is_start_of_week\":false,\"year_number\":\"2026\",\"month_number\":\"04\",\"day_number\":\"28\",\"events\":[],\"featured_events\":[],\"multiday_events\":[],\"found_events\":0,\"more_events\":0,\"day_url\":\"https:\\\/\\\/www.barcelonacapitalnautica.org\\\/en\\\/calendari\\\/2026-04-28\\\/?shortcode=tribe-widget-events-month--1\"},\"2026-04-29\":{\"date\":\"2026-04-29\",\"is_start_of_week\":false,\"year_number\":\"2026\",\"month_number\":\"04\",\"day_number\":\"29\",\"events\":[],\"featured_events\":[],\"multiday_events\":[],\"found_events\":0,\"more_events\":0,\"day_url\":\"https:\\\/\\\/www.barcelonacapitalnautica.org\\\/en\\\/calendari\\\/2026-04-29\\\/?shortcode=tribe-widget-events-month--1\"},\"2026-04-30\":{\"date\":\"2026-04-30\",\"is_start_of_week\":false,\"year_number\":\"2026\",\"month_number\":\"04\",\"day_number\":\"30\",\"events\":[],\"featured_events\":[],\"multiday_events\":[],\"found_events\":0,\"more_events\":0,\"day_url\":\"https:\\\/\\\/www.barcelonacapitalnautica.org\\\/en\\\/calendari\\\/2026-04-30\\\/?shortcode=tribe-widget-events-month--1\"},\"2026-05-01\":{\"date\":\"2026-05-01\",\"is_start_of_week\":false,\"year_number\":\"2026\",\"month_number\":\"05\",\"day_number\":\"1\",\"events\":[],\"featured_events\":[],\"multiday_events\":[],\"found_events\":0,\"more_events\":0,\"day_url\":\"https:\\\/\\\/www.barcelonacapitalnautica.org\\\/en\\\/calendari\\\/2026-05-01\\\/?shortcode=tribe-widget-events-month--1\"},\"2026-05-02\":{\"date\":\"2026-05-02\",\"is_start_of_week\":false,\"year_number\":\"2026\",\"month_number\":\"05\",\"day_number\":\"2\",\"events\":[],\"featured_events\":[],\"multiday_events\":[],\"found_events\":0,\"more_events\":0,\"day_url\":\"https:\\\/\\\/www.barcelonacapitalnautica.org\\\/en\\\/calendari\\\/2026-05-02\\\/?shortcode=tribe-widget-events-month--1\"},\"2026-05-03\":{\"date\":\"2026-05-03\",\"is_start_of_week\":false,\"year_number\":\"2026\",\"month_number\":\"05\",\"day_number\":\"3\",\"events\":[],\"featured_events\":[],\"multiday_events\":[],\"found_events\":0,\"more_events\":0,\"day_url\":\"https:\\\/\\\/www.barcelonacapitalnautica.org\\\/en\\\/calendari\\\/2026-05-03\\\/?shortcode=tribe-widget-events-month--1\"}},\"next_month\":\"5\",\"prev_month\":\"3\",\"next_rel\":\"noindex\",\"prev_rel\":\"prev\",\"mobile_messages\":{\"notice\":{\"no-events-in-day\":\"There are no events on this day.\"}},\"grid_start_date\":\"2026-03-30\",\"subscribe_links\":{\"gcal\":{\"label\":\"Google Calendar\",\"single_label\":\"Add to Google Calendar\",\"visible\":true,\"block_slug\":\"hasGoogleCalendar\"},\"ical\":{\"label\":\"iCalendar\",\"single_label\":\"Add to iCalendar\",\"visible\":true,\"block_slug\":\"hasiCal\"},\"outlook-365\":{\"label\":\"Outlook 365\",\"single_label\":\"Outlook 365\",\"visible\":true,\"block_slug\":\"hasOutlook365\"},\"outlook-live\":{\"label\":\"Outlook Live\",\"single_label\":\"Outlook Live\",\"visible\":true,\"block_slug\":\"hasOutlookLive\"},\"ics\":{\"label\":\"Export .ics file\",\"single_label\":\"Export .ics file\",\"visible\":true,\"block_slug\":null},\"outlook-ics\":{\"label\":\"Export Outlook .ics file\",\"single_label\":\"Export Outlook .ics file\",\"visible\":true,\"block_slug\":null}},\"display_recurring_toggle\":false,\"_context\":{\"slug\":\"month\",\"should_manage_url\":false},\"text\":\"Loading...\",\"classes\":[\"tribe-common-c-loader__dot\",\"tribe-common-c-loader__dot--third\"]}<\/script>\n\n\t\t\n\t\t<header  class=\"tribe-events-header\" >\n\t\t\t<div  class=\"tribe-events-header__messages tribe-events-c-messages tribe-common-b2 tribe-common-c-loader__dot tribe-common-c-loader__dot--third\"  >\n\t\t\t<div class=\"tribe-events-c-messages__message tribe-events-c-messages__message--notice\" role=\"alert\">\n\t\t\t<svg  class=\"tribe-common-c-svgicon tribe-common-c-svgicon--messages-not-found tribe-events-c-messages__message-icon-svg\"  viewBox=\"0 0 21 23\" xmlns=\"http:\/\/www.w3.org\/2000\/svg\"><g fill-rule=\"evenodd\"><path d=\"M.5 2.5h20v20H.5z\"\/><path stroke-linecap=\"round\" d=\"M7.583 11.583l5.834 5.834m0-5.834l-5.834 5.834\" class=\"tribe-common-c-svgicon__svg-stroke\"\/><path stroke-linecap=\"round\" d=\"M4.5.5v4m12-4v4\"\/><path stroke-linecap=\"square\" d=\"M.5 7.5h20\"\/><\/g><\/svg>\n\t\t\t<ul class=\"tribe-events-c-messages__message-list\">\n\t\t\t\t\t\t\t\t\t<li\n\t\t\t\t\t\tclass=\"tribe-events-c-messages__message-list-item\"\n\t\t\t\t\t\t data-key=\"0\" \t\t\t\t\t>\n\t\t\t\t\tThere are no upcoming events.\t\t\t\t\t<\/li>\n\t\t\t\t\t\t\t<\/ul>\n\t\t<\/div>\n\t<\/div>\n\n\t\t\t\n\t\t\t\n\t\t\t<div class=\"tribe-events-c-top-bar tribe-events-widget-header__top-bar\">\n\n\t<nav class=\"tribe-events-c-top-bar__nav\">\n\t<ul class=\"tribe-events-c-top-bar__nav-list\">\n\t\t<li class=\"tribe-events-c-top-bar__nav-list-item\">\n\t<a\n\t\thref=\"https:\/\/www.barcelonacapitalnautica.org\/en\/calendari\/mes\/2026-03\/?shortcode=tribe-widget-events-month--1\"\n\t\tclass=\"tribe-common-c-btn-icon tribe-common-c-btn-icon--caret-left tribe-events-c-top-bar__nav-link tribe-events-c-top-bar__nav-link--prev\"\n\t\taria-label=\"Previous month\"\n\t\ttitle=\"Previous month\"\n\t\tdata-js=\"tribe-events-view-link\"\n\t>\n\t\t<svg  class=\"tribe-common-c-svgicon tribe-common-c-svgicon--caret-left tribe-common-c-btn-icon__icon-svg tribe-events-c-top-bar__nav-link-icon-svg\"  xmlns=\"http:\/\/www.w3.org\/2000\/svg\" viewBox=\"0 0 10 16\"><path d=\"M9.7 14.4l-1.5 1.5L.3 8 8.2.1l1.5 1.5L3.3 8l6.4 6.4z\"\/><\/svg>\n\t<\/a>\n<\/li>\n\n\t\t<li class=\"tribe-events-c-top-bar__nav-list-date\">April 2026<\/li>\n\n\t\t<li class=\"tribe-events-c-top-bar__nav-list-item\">\n\t<a\n\t\thref=\"https:\/\/www.barcelonacapitalnautica.org\/en\/calendari\/mes\/2026-05\/?shortcode=tribe-widget-events-month--1\"\n\t\tclass=\"tribe-common-c-btn-icon tribe-common-c-btn-icon--caret-right tribe-events-c-top-bar__nav-link tribe-events-c-top-bar__nav-link--next\"\n\t\taria-label=\"Next month\"\n\t\ttitle=\"Next month\"\n\t\tdata-js=\"tribe-events-view-link\"\n\t>\n\t\t<svg  class=\"tribe-common-c-svgicon tribe-common-c-svgicon--caret-right tribe-common-c-btn-icon__icon-svg tribe-events-c-top-bar__nav-link-icon-svg\"  xmlns=\"http:\/\/www.w3.org\/2000\/svg\" viewBox=\"0 0 10 16\"><path d=\"M.3 1.6L1.8.1 9.7 8l-7.9 7.9-1.5-1.5L6.7 8 .3 1.6z\"\/><\/svg>\n\t<\/a>\n<\/li>\n\t<\/ul>\n<\/nav>\n\n<\/div>\n\t\t<\/header>\n\n\t\t\n\t\t<div\n\t\t\tclass=\"tribe-events-calendar-month\"\n\t\t\trole=\"grid\"\n\t\t\taria-labelledby=\"tribe-events-calendar-header\"\n\t\t\taria-readonly=\"true\"\n\t\t\tdata-js=\"tribe-events-month-grid\"\n\t\t>\n\n\t\t\t<header class=\"tribe-events-calendar-month__header\" role=\"rowgroup\">\n\n\t<h2 class=\"tribe-common-a11y-visual-hide\" id=\"tribe-events-calendar-header\">\n\t\tCalendar of Events\t<\/h2>\n\n\t<div role=\"row\" class=\"tribe-events-calendar-month__header-row\">\n\t\t\t\t\t<div\n\t\t\t\tclass=\"tribe-events-calendar-month__header-column\"\n\t\t\t\trole=\"columnheader\"\n\t\t\t\taria-label=\"Monday\"\n\t\t\t>\n\t\t\t\t<h3 class=\"tribe-events-calendar-month__header-column-title tribe-common-b3\">\n\t\t\t\t\t<span class=\"tribe-events-calendar-month__header-column-title-mobile\">\n\t\t\t\t\t\tM\t\t\t\t\t<\/span>\n\t\t\t\t\t<span class=\"tribe-events-calendar-month__header-column-title-desktop tribe-common-a11y-hidden\">\n\t\t\t\t\t\tMon\t\t\t\t\t<\/span>\n\t\t\t\t<\/h3>\n\t\t\t<\/div>\n\t\t\t\t\t<div\n\t\t\t\tclass=\"tribe-events-calendar-month__header-column\"\n\t\t\t\trole=\"columnheader\"\n\t\t\t\taria-label=\"Tuesday\"\n\t\t\t>\n\t\t\t\t<h3 class=\"tribe-events-calendar-month__header-column-title tribe-common-b3\">\n\t\t\t\t\t<span class=\"tribe-events-calendar-month__header-column-title-mobile\">\n\t\t\t\t\t\tT\t\t\t\t\t<\/span>\n\t\t\t\t\t<span class=\"tribe-events-calendar-month__header-column-title-desktop tribe-common-a11y-hidden\">\n\t\t\t\t\t\tTue\t\t\t\t\t<\/span>\n\t\t\t\t<\/h3>\n\t\t\t<\/div>\n\t\t\t\t\t<div\n\t\t\t\tclass=\"tribe-events-calendar-month__header-column\"\n\t\t\t\trole=\"columnheader\"\n\t\t\t\taria-label=\"Wednesday\"\n\t\t\t>\n\t\t\t\t<h3 class=\"tribe-events-calendar-month__header-column-title tribe-common-b3\">\n\t\t\t\t\t<span class=\"tribe-events-calendar-month__header-column-title-mobile\">\n\t\t\t\t\t\tW\t\t\t\t\t<\/span>\n\t\t\t\t\t<span class=\"tribe-events-calendar-month__header-column-title-desktop tribe-common-a11y-hidden\">\n\t\t\t\t\t\tWed\t\t\t\t\t<\/span>\n\t\t\t\t<\/h3>\n\t\t\t<\/div>\n\t\t\t\t\t<div\n\t\t\t\tclass=\"tribe-events-calendar-month__header-column\"\n\t\t\t\trole=\"columnheader\"\n\t\t\t\taria-label=\"Thursday\"\n\t\t\t>\n\t\t\t\t<h3 class=\"tribe-events-calendar-month__header-column-title tribe-common-b3\">\n\t\t\t\t\t<span class=\"tribe-events-calendar-month__header-column-title-mobile\">\n\t\t\t\t\t\tT\t\t\t\t\t<\/span>\n\t\t\t\t\t<span class=\"tribe-events-calendar-month__header-column-title-desktop tribe-common-a11y-hidden\">\n\t\t\t\t\t\tThu\t\t\t\t\t<\/span>\n\t\t\t\t<\/h3>\n\t\t\t<\/div>\n\t\t\t\t\t<div\n\t\t\t\tclass=\"tribe-events-calendar-month__header-column\"\n\t\t\t\trole=\"columnheader\"\n\t\t\t\taria-label=\"Friday\"\n\t\t\t>\n\t\t\t\t<h3 class=\"tribe-events-calendar-month__header-column-title tribe-common-b3\">\n\t\t\t\t\t<span class=\"tribe-events-calendar-month__header-column-title-mobile\">\n\t\t\t\t\t\tF\t\t\t\t\t<\/span>\n\t\t\t\t\t<span class=\"tribe-events-calendar-month__header-column-title-desktop tribe-common-a11y-hidden\">\n\t\t\t\t\t\tFri\t\t\t\t\t<\/span>\n\t\t\t\t<\/h3>\n\t\t\t<\/div>\n\t\t\t\t\t<div\n\t\t\t\tclass=\"tribe-events-calendar-month__header-column\"\n\t\t\t\trole=\"columnheader\"\n\t\t\t\taria-label=\"Saturday\"\n\t\t\t>\n\t\t\t\t<h3 class=\"tribe-events-calendar-month__header-column-title tribe-common-b3\">\n\t\t\t\t\t<span class=\"tribe-events-calendar-month__header-column-title-mobile\">\n\t\t\t\t\t\tS\t\t\t\t\t<\/span>\n\t\t\t\t\t<span class=\"tribe-events-calendar-month__header-column-title-desktop tribe-common-a11y-hidden\">\n\t\t\t\t\t\tSat\t\t\t\t\t<\/span>\n\t\t\t\t<\/h3>\n\t\t\t<\/div>\n\t\t\t\t\t<div\n\t\t\t\tclass=\"tribe-events-calendar-month__header-column\"\n\t\t\t\trole=\"columnheader\"\n\t\t\t\taria-label=\"Sunday\"\n\t\t\t>\n\t\t\t\t<h3 class=\"tribe-events-calendar-month__header-column-title tribe-common-b3\">\n\t\t\t\t\t<span class=\"tribe-events-calendar-month__header-column-title-mobile\">\n\t\t\t\t\t\tS\t\t\t\t\t<\/span>\n\t\t\t\t\t<span class=\"tribe-events-calendar-month__header-column-title-desktop tribe-common-a11y-hidden\">\n\t\t\t\t\t\tSun\t\t\t\t\t<\/span>\n\t\t\t\t<\/h3>\n\t\t\t<\/div>\n\t\t\t<\/div>\n<\/header>\n\n\t\t\t\n<div class=\"tribe-events-calendar-month__body\" role=\"rowgroup\">\n\n\t\n\t\t<div class=\"tribe-events-calendar-month__week\" role=\"row\" data-js=\"tribe-events-month-grid-row\">\n\n\t\t\t\n\t\t\t\t\n<div\n\t class=\"tribe-events-calendar-month__day tribe-events-calendar-month__day--past tribe-events-calendar-month__day--other-month tribe-events-calendar-month__day--past-month\" \trole=\"gridcell\"\n\taria-labelledby=\"tribe-events-calendar-day-2026-03-30\"\n\tdata-js=\"tribe-events-month-grid-cell\"\n>\n\t\n<button\n\taria-expanded=\"false\"\n\taria-controls=\"tribe-events-calendar-mobile-day-2026-03-30\"\n\t class=\"tribe-events-calendar-month__day-cell tribe-events-calendar-month__day-cell--mobile\" \tdata-js=\"tribe-events-calendar-month-day-cell-mobile\"\n\ttabindex=\"-1\"\n>\n\t<h3 class=\"tribe-events-calendar-month__day-date tribe-common-h6 tribe-common-h--alt\">\n\t\t<span class=\"tribe-common-a11y-visual-hide\">\n\t\t\t0 events,\n\t\t<\/span>\n\t\t<time\n\t\t\tclass=\"tribe-events-calendar-month__day-date-daynum\"\n\t\t\tdatetime=\"2026-03-30\"\n\t\t>\n\t\t\t30\t\t<\/time>\n\t<\/h3>\n\t\n<\/button>\n\t\n<div\n\tid=\"tribe-events-calendar-day-2026-03-30\"\n\tclass=\"tribe-events-calendar-month__day-cell tribe-events-calendar-month__day-cell--desktop tribe-common-a11y-hidden\"\n>\n\t\n<h3 class=\"tribe-events-calendar-month__day-date tribe-common-h4\">\n\t<span class=\"tribe-common-a11y-visual-hide\">\n\t\t0 events,\n\t<\/span>\n\t<time\n\t\tclass=\"tribe-events-calendar-month__day-date-daynum\"\n\t\tdatetime=\"2026-03-30\"\n\t>\n\t\t\t\t\t30\t\t\t<\/time>\n<\/h3>\n\t<div class=\"tribe-events-calendar-month__events\">\n\t\t\n\t\t\t<\/div>\n\n\t\n<\/div>\n<\/div>\n\n\t\t\t\n\t\t\t\t\n<div\n\t class=\"tribe-events-calendar-month__day tribe-events-calendar-month__day--past tribe-events-calendar-month__day--other-month tribe-events-calendar-month__day--past-month\" \trole=\"gridcell\"\n\taria-labelledby=\"tribe-events-calendar-day-2026-03-31\"\n\tdata-js=\"tribe-events-month-grid-cell\"\n>\n\t\n<button\n\taria-expanded=\"false\"\n\taria-controls=\"tribe-events-calendar-mobile-day-2026-03-31\"\n\t class=\"tribe-events-calendar-month__day-cell tribe-events-calendar-month__day-cell--mobile\" \tdata-js=\"tribe-events-calendar-month-day-cell-mobile\"\n\ttabindex=\"-1\"\n>\n\t<h3 class=\"tribe-events-calendar-month__day-date tribe-common-h6 tribe-common-h--alt\">\n\t\t<span class=\"tribe-common-a11y-visual-hide\">\n\t\t\t0 events,\n\t\t<\/span>\n\t\t<time\n\t\t\tclass=\"tribe-events-calendar-month__day-date-daynum\"\n\t\t\tdatetime=\"2026-03-31\"\n\t\t>\n\t\t\t31\t\t<\/time>\n\t<\/h3>\n\t\n<\/button>\n\t\n<div\n\tid=\"tribe-events-calendar-day-2026-03-31\"\n\tclass=\"tribe-events-calendar-month__day-cell tribe-events-calendar-month__day-cell--desktop tribe-common-a11y-hidden\"\n>\n\t\n<h3 class=\"tribe-events-calendar-month__day-date tribe-common-h4\">\n\t<span class=\"tribe-common-a11y-visual-hide\">\n\t\t0 events,\n\t<\/span>\n\t<time\n\t\tclass=\"tribe-events-calendar-month__day-date-daynum\"\n\t\tdatetime=\"2026-03-31\"\n\t>\n\t\t\t\t\t31\t\t\t<\/time>\n<\/h3>\n\t<div class=\"tribe-events-calendar-month__events\">\n\t\t\n\t\t\t<\/div>\n\n\t\n<\/div>\n<\/div>\n\n\t\t\t\n\t\t\t\t\n<div\n\t class=\"tribe-events-calendar-month__day tribe-events-calendar-month__day--past\" \trole=\"gridcell\"\n\taria-labelledby=\"tribe-events-calendar-day-2026-04-01\"\n\tdata-js=\"tribe-events-month-grid-cell\"\n>\n\t\n<button\n\taria-expanded=\"false\"\n\taria-controls=\"tribe-events-calendar-mobile-day-2026-04-1\"\n\t class=\"tribe-events-calendar-month__day-cell tribe-events-calendar-month__day-cell--mobile\" \tdata-js=\"tribe-events-calendar-month-day-cell-mobile\"\n\ttabindex=\"-1\"\n>\n\t<h3 class=\"tribe-events-calendar-month__day-date tribe-common-h6 tribe-common-h--alt\">\n\t\t<span class=\"tribe-common-a11y-visual-hide\">\n\t\t\t0 events,\n\t\t<\/span>\n\t\t<time\n\t\t\tclass=\"tribe-events-calendar-month__day-date-daynum\"\n\t\t\tdatetime=\"2026-04-01\"\n\t\t>\n\t\t\t1\t\t<\/time>\n\t<\/h3>\n\t\n<\/button>\n\t\n<div\n\tid=\"tribe-events-calendar-day-2026-04-01\"\n\tclass=\"tribe-events-calendar-month__day-cell tribe-events-calendar-month__day-cell--desktop tribe-common-a11y-hidden\"\n>\n\t\n<h3 class=\"tribe-events-calendar-month__day-date tribe-common-h4\">\n\t<span class=\"tribe-common-a11y-visual-hide\">\n\t\t0 events,\n\t<\/span>\n\t<time\n\t\tclass=\"tribe-events-calendar-month__day-date-daynum\"\n\t\tdatetime=\"2026-04-01\"\n\t>\n\t\t\t\t\t1\t\t\t<\/time>\n<\/h3>\n\t<div class=\"tribe-events-calendar-month__events\">\n\t\t\n\t\t\t<\/div>\n\n\t\n<\/div>\n<\/div>\n\n\t\t\t\n\t\t\t\t\n<div\n\t class=\"tribe-events-calendar-month__day tribe-events-calendar-month__day--past\" \trole=\"gridcell\"\n\taria-labelledby=\"tribe-events-calendar-day-2026-04-02\"\n\tdata-js=\"tribe-events-month-grid-cell\"\n>\n\t\n<button\n\taria-expanded=\"false\"\n\taria-controls=\"tribe-events-calendar-mobile-day-2026-04-2\"\n\t class=\"tribe-events-calendar-month__day-cell tribe-events-calendar-month__day-cell--mobile\" \tdata-js=\"tribe-events-calendar-month-day-cell-mobile\"\n\ttabindex=\"-1\"\n>\n\t<h3 class=\"tribe-events-calendar-month__day-date tribe-common-h6 tribe-common-h--alt\">\n\t\t<span class=\"tribe-common-a11y-visual-hide\">\n\t\t\t0 events,\n\t\t<\/span>\n\t\t<time\n\t\t\tclass=\"tribe-events-calendar-month__day-date-daynum\"\n\t\t\tdatetime=\"2026-04-02\"\n\t\t>\n\t\t\t2\t\t<\/time>\n\t<\/h3>\n\t\n<\/button>\n\t\n<div\n\tid=\"tribe-events-calendar-day-2026-04-02\"\n\tclass=\"tribe-events-calendar-month__day-cell tribe-events-calendar-month__day-cell--desktop tribe-common-a11y-hidden\"\n>\n\t\n<h3 class=\"tribe-events-calendar-month__day-date tribe-common-h4\">\n\t<span class=\"tribe-common-a11y-visual-hide\">\n\t\t0 events,\n\t<\/span>\n\t<time\n\t\tclass=\"tribe-events-calendar-month__day-date-daynum\"\n\t\tdatetime=\"2026-04-02\"\n\t>\n\t\t\t\t\t2\t\t\t<\/time>\n<\/h3>\n\t<div class=\"tribe-events-calendar-month__events\">\n\t\t\n\t\t\t<\/div>\n\n\t\n<\/div>\n<\/div>\n\n\t\t\t\n\t\t\t\t\n<div\n\t class=\"tribe-events-calendar-month__day tribe-events-calendar-month__day--past\" \trole=\"gridcell\"\n\taria-labelledby=\"tribe-events-calendar-day-2026-04-03\"\n\tdata-js=\"tribe-events-month-grid-cell\"\n>\n\t\n<button\n\taria-expanded=\"false\"\n\taria-controls=\"tribe-events-calendar-mobile-day-2026-04-3\"\n\t class=\"tribe-events-calendar-month__day-cell tribe-events-calendar-month__day-cell--mobile\" \tdata-js=\"tribe-events-calendar-month-day-cell-mobile\"\n\ttabindex=\"-1\"\n>\n\t<h3 class=\"tribe-events-calendar-month__day-date tribe-common-h6 tribe-common-h--alt\">\n\t\t<span class=\"tribe-common-a11y-visual-hide\">\n\t\t\t0 events,\n\t\t<\/span>\n\t\t<time\n\t\t\tclass=\"tribe-events-calendar-month__day-date-daynum\"\n\t\t\tdatetime=\"2026-04-03\"\n\t\t>\n\t\t\t3\t\t<\/time>\n\t<\/h3>\n\t\n<\/button>\n\t\n<div\n\tid=\"tribe-events-calendar-day-2026-04-03\"\n\tclass=\"tribe-events-calendar-month__day-cell tribe-events-calendar-month__day-cell--desktop tribe-common-a11y-hidden\"\n>\n\t\n<h3 class=\"tribe-events-calendar-month__day-date tribe-common-h4\">\n\t<span class=\"tribe-common-a11y-visual-hide\">\n\t\t0 events,\n\t<\/span>\n\t<time\n\t\tclass=\"tribe-events-calendar-month__day-date-daynum\"\n\t\tdatetime=\"2026-04-03\"\n\t>\n\t\t\t\t\t3\t\t\t<\/time>\n<\/h3>\n\t<div class=\"tribe-events-calendar-month__events\">\n\t\t\n\t\t\t<\/div>\n\n\t\n<\/div>\n<\/div>\n\n\t\t\t\n\t\t\t\t\n<div\n\t class=\"tribe-events-calendar-month__day tribe-events-calendar-month__day--past\" \trole=\"gridcell\"\n\taria-labelledby=\"tribe-events-calendar-day-2026-04-04\"\n\tdata-js=\"tribe-events-month-grid-cell\"\n>\n\t\n<button\n\taria-expanded=\"false\"\n\taria-controls=\"tribe-events-calendar-mobile-day-2026-04-4\"\n\t class=\"tribe-events-calendar-month__day-cell tribe-events-calendar-month__day-cell--mobile\" \tdata-js=\"tribe-events-calendar-month-day-cell-mobile\"\n\ttabindex=\"-1\"\n>\n\t<h3 class=\"tribe-events-calendar-month__day-date tribe-common-h6 tribe-common-h--alt\">\n\t\t<span class=\"tribe-common-a11y-visual-hide\">\n\t\t\t0 events,\n\t\t<\/span>\n\t\t<time\n\t\t\tclass=\"tribe-events-calendar-month__day-date-daynum\"\n\t\t\tdatetime=\"2026-04-04\"\n\t\t>\n\t\t\t4\t\t<\/time>\n\t<\/h3>\n\t\n<\/button>\n\t\n<div\n\tid=\"tribe-events-calendar-day-2026-04-04\"\n\tclass=\"tribe-events-calendar-month__day-cell tribe-events-calendar-month__day-cell--desktop tribe-common-a11y-hidden\"\n>\n\t\n<h3 class=\"tribe-events-calendar-month__day-date tribe-common-h4\">\n\t<span class=\"tribe-common-a11y-visual-hide\">\n\t\t0 events,\n\t<\/span>\n\t<time\n\t\tclass=\"tribe-events-calendar-month__day-date-daynum\"\n\t\tdatetime=\"2026-04-04\"\n\t>\n\t\t\t\t\t4\t\t\t<\/time>\n<\/h3>\n\t<div class=\"tribe-events-calendar-month__events\">\n\t\t\n\t\t\t<\/div>\n\n\t\n<\/div>\n<\/div>\n\n\t\t\t\n\t\t\t\t\n<div\n\t class=\"tribe-events-calendar-month__day tribe-events-calendar-month__day--past\" \trole=\"gridcell\"\n\taria-labelledby=\"tribe-events-calendar-day-2026-04-05\"\n\tdata-js=\"tribe-events-month-grid-cell\"\n>\n\t\n<button\n\taria-expanded=\"false\"\n\taria-controls=\"tribe-events-calendar-mobile-day-2026-04-5\"\n\t class=\"tribe-events-calendar-month__day-cell tribe-events-calendar-month__day-cell--mobile\" \tdata-js=\"tribe-events-calendar-month-day-cell-mobile\"\n\ttabindex=\"-1\"\n>\n\t<h3 class=\"tribe-events-calendar-month__day-date tribe-common-h6 tribe-common-h--alt\">\n\t\t<span class=\"tribe-common-a11y-visual-hide\">\n\t\t\t0 events,\n\t\t<\/span>\n\t\t<time\n\t\t\tclass=\"tribe-events-calendar-month__day-date-daynum\"\n\t\t\tdatetime=\"2026-04-05\"\n\t\t>\n\t\t\t5\t\t<\/time>\n\t<\/h3>\n\t\n<\/button>\n\t\n<div\n\tid=\"tribe-events-calendar-day-2026-04-05\"\n\tclass=\"tribe-events-calendar-month__day-cell tribe-events-calendar-month__day-cell--desktop tribe-common-a11y-hidden\"\n>\n\t\n<h3 class=\"tribe-events-calendar-month__day-date tribe-common-h4\">\n\t<span class=\"tribe-common-a11y-visual-hide\">\n\t\t0 events,\n\t<\/span>\n\t<time\n\t\tclass=\"tribe-events-calendar-month__day-date-daynum\"\n\t\tdatetime=\"2026-04-05\"\n\t>\n\t\t\t\t\t5\t\t\t<\/time>\n<\/h3>\n\t<div class=\"tribe-events-calendar-month__events\">\n\t\t\n\t\t\t<\/div>\n\n\t\n<\/div>\n<\/div>\n\n\t\t\t\n\t\t<\/div>\n\n\t\n\t\t<div class=\"tribe-events-calendar-month__week\" role=\"row\" data-js=\"tribe-events-month-grid-row\">\n\n\t\t\t\n\t\t\t\t\n<div\n\t class=\"tribe-events-calendar-month__day tribe-events-calendar-month__day--past\" \trole=\"gridcell\"\n\taria-labelledby=\"tribe-events-calendar-day-2026-04-06\"\n\tdata-js=\"tribe-events-month-grid-cell\"\n>\n\t\n<button\n\taria-expanded=\"false\"\n\taria-controls=\"tribe-events-calendar-mobile-day-2026-04-6\"\n\t class=\"tribe-events-calendar-month__day-cell tribe-events-calendar-month__day-cell--mobile\" \tdata-js=\"tribe-events-calendar-month-day-cell-mobile\"\n\ttabindex=\"-1\"\n>\n\t<h3 class=\"tribe-events-calendar-month__day-date tribe-common-h6 tribe-common-h--alt\">\n\t\t<span class=\"tribe-common-a11y-visual-hide\">\n\t\t\t0 events,\n\t\t<\/span>\n\t\t<time\n\t\t\tclass=\"tribe-events-calendar-month__day-date-daynum\"\n\t\t\tdatetime=\"2026-04-06\"\n\t\t>\n\t\t\t6\t\t<\/time>\n\t<\/h3>\n\t\n<\/button>\n\t\n<div\n\tid=\"tribe-events-calendar-day-2026-04-06\"\n\tclass=\"tribe-events-calendar-month__day-cell tribe-events-calendar-month__day-cell--desktop tribe-common-a11y-hidden\"\n>\n\t\n<h3 class=\"tribe-events-calendar-month__day-date tribe-common-h4\">\n\t<span class=\"tribe-common-a11y-visual-hide\">\n\t\t0 events,\n\t<\/span>\n\t<time\n\t\tclass=\"tribe-events-calendar-month__day-date-daynum\"\n\t\tdatetime=\"2026-04-06\"\n\t>\n\t\t\t\t\t6\t\t\t<\/time>\n<\/h3>\n\t<div class=\"tribe-events-calendar-month__events\">\n\t\t\n\t\t\t<\/div>\n\n\t\n<\/div>\n<\/div>\n\n\t\t\t\n\t\t\t\t\n<div\n\t class=\"tribe-events-calendar-month__day tribe-events-calendar-month__day--past\" \trole=\"gridcell\"\n\taria-labelledby=\"tribe-events-calendar-day-2026-04-07\"\n\tdata-js=\"tribe-events-month-grid-cell\"\n>\n\t\n<button\n\taria-expanded=\"false\"\n\taria-controls=\"tribe-events-calendar-mobile-day-2026-04-7\"\n\t class=\"tribe-events-calendar-month__day-cell tribe-events-calendar-month__day-cell--mobile\" \tdata-js=\"tribe-events-calendar-month-day-cell-mobile\"\n\ttabindex=\"-1\"\n>\n\t<h3 class=\"tribe-events-calendar-month__day-date tribe-common-h6 tribe-common-h--alt\">\n\t\t<span class=\"tribe-common-a11y-visual-hide\">\n\t\t\t0 events,\n\t\t<\/span>\n\t\t<time\n\t\t\tclass=\"tribe-events-calendar-month__day-date-daynum\"\n\t\t\tdatetime=\"2026-04-07\"\n\t\t>\n\t\t\t7\t\t<\/time>\n\t<\/h3>\n\t\n<\/button>\n\t\n<div\n\tid=\"tribe-events-calendar-day-2026-04-07\"\n\tclass=\"tribe-events-calendar-month__day-cell tribe-events-calendar-month__day-cell--desktop tribe-common-a11y-hidden\"\n>\n\t\n<h3 class=\"tribe-events-calendar-month__day-date tribe-common-h4\">\n\t<span class=\"tribe-common-a11y-visual-hide\">\n\t\t0 events,\n\t<\/span>\n\t<time\n\t\tclass=\"tribe-events-calendar-month__day-date-daynum\"\n\t\tdatetime=\"2026-04-07\"\n\t>\n\t\t\t\t\t7\t\t\t<\/time>\n<\/h3>\n\t<div class=\"tribe-events-calendar-month__events\">\n\t\t\n\t\t\t<\/div>\n\n\t\n<\/div>\n<\/div>\n\n\t\t\t\n\t\t\t\t\n<div\n\t class=\"tribe-events-calendar-month__day tribe-events-calendar-month__day--past\" \trole=\"gridcell\"\n\taria-labelledby=\"tribe-events-calendar-day-2026-04-08\"\n\tdata-js=\"tribe-events-month-grid-cell\"\n>\n\t\n<button\n\taria-expanded=\"false\"\n\taria-controls=\"tribe-events-calendar-mobile-day-2026-04-8\"\n\t class=\"tribe-events-calendar-month__day-cell tribe-events-calendar-month__day-cell--mobile\" \tdata-js=\"tribe-events-calendar-month-day-cell-mobile\"\n\ttabindex=\"-1\"\n>\n\t<h3 class=\"tribe-events-calendar-month__day-date tribe-common-h6 tribe-common-h--alt\">\n\t\t<span class=\"tribe-common-a11y-visual-hide\">\n\t\t\t0 events,\n\t\t<\/span>\n\t\t<time\n\t\t\tclass=\"tribe-events-calendar-month__day-date-daynum\"\n\t\t\tdatetime=\"2026-04-08\"\n\t\t>\n\t\t\t8\t\t<\/time>\n\t<\/h3>\n\t\n<\/button>\n\t\n<div\n\tid=\"tribe-events-calendar-day-2026-04-08\"\n\tclass=\"tribe-events-calendar-month__day-cell tribe-events-calendar-month__day-cell--desktop tribe-common-a11y-hidden\"\n>\n\t\n<h3 class=\"tribe-events-calendar-month__day-date tribe-common-h4\">\n\t<span class=\"tribe-common-a11y-visual-hide\">\n\t\t0 events,\n\t<\/span>\n\t<time\n\t\tclass=\"tribe-events-calendar-month__day-date-daynum\"\n\t\tdatetime=\"2026-04-08\"\n\t>\n\t\t\t\t\t8\t\t\t<\/time>\n<\/h3>\n\t<div class=\"tribe-events-calendar-month__events\">\n\t\t\n\t\t\t<\/div>\n\n\t\n<\/div>\n<\/div>\n\n\t\t\t\n\t\t\t\t\n<div\n\t class=\"tribe-events-calendar-month__day tribe-events-calendar-month__day--past\" \trole=\"gridcell\"\n\taria-labelledby=\"tribe-events-calendar-day-2026-04-09\"\n\tdata-js=\"tribe-events-month-grid-cell\"\n>\n\t\n<button\n\taria-expanded=\"false\"\n\taria-controls=\"tribe-events-calendar-mobile-day-2026-04-9\"\n\t class=\"tribe-events-calendar-month__day-cell tribe-events-calendar-month__day-cell--mobile\" \tdata-js=\"tribe-events-calendar-month-day-cell-mobile\"\n\ttabindex=\"-1\"\n>\n\t<h3 class=\"tribe-events-calendar-month__day-date tribe-common-h6 tribe-common-h--alt\">\n\t\t<span class=\"tribe-common-a11y-visual-hide\">\n\t\t\t0 events,\n\t\t<\/span>\n\t\t<time\n\t\t\tclass=\"tribe-events-calendar-month__day-date-daynum\"\n\t\t\tdatetime=\"2026-04-09\"\n\t\t>\n\t\t\t9\t\t<\/time>\n\t<\/h3>\n\t\n<\/button>\n\t\n<div\n\tid=\"tribe-events-calendar-day-2026-04-09\"\n\tclass=\"tribe-events-calendar-month__day-cell tribe-events-calendar-month__day-cell--desktop tribe-common-a11y-hidden\"\n>\n\t\n<h3 class=\"tribe-events-calendar-month__day-date tribe-common-h4\">\n\t<span class=\"tribe-common-a11y-visual-hide\">\n\t\t0 events,\n\t<\/span>\n\t<time\n\t\tclass=\"tribe-events-calendar-month__day-date-daynum\"\n\t\tdatetime=\"2026-04-09\"\n\t>\n\t\t\t\t\t9\t\t\t<\/time>\n<\/h3>\n\t<div class=\"tribe-events-calendar-month__events\">\n\t\t\n\t\t\t<\/div>\n\n\t\n<\/div>\n<\/div>\n\n\t\t\t\n\t\t\t\t\n<div\n\t class=\"tribe-events-calendar-month__day tribe-events-calendar-month__day--past\" \trole=\"gridcell\"\n\taria-labelledby=\"tribe-events-calendar-day-2026-04-10\"\n\tdata-js=\"tribe-events-month-grid-cell\"\n>\n\t\n<button\n\taria-expanded=\"false\"\n\taria-controls=\"tribe-events-calendar-mobile-day-2026-04-10\"\n\t class=\"tribe-events-calendar-month__day-cell tribe-events-calendar-month__day-cell--mobile\" \tdata-js=\"tribe-events-calendar-month-day-cell-mobile\"\n\ttabindex=\"-1\"\n>\n\t<h3 class=\"tribe-events-calendar-month__day-date tribe-common-h6 tribe-common-h--alt\">\n\t\t<span class=\"tribe-common-a11y-visual-hide\">\n\t\t\t0 events,\n\t\t<\/span>\n\t\t<time\n\t\t\tclass=\"tribe-events-calendar-month__day-date-daynum\"\n\t\t\tdatetime=\"2026-04-10\"\n\t\t>\n\t\t\t10\t\t<\/time>\n\t<\/h3>\n\t\n<\/button>\n\t\n<div\n\tid=\"tribe-events-calendar-day-2026-04-10\"\n\tclass=\"tribe-events-calendar-month__day-cell tribe-events-calendar-month__day-cell--desktop tribe-common-a11y-hidden\"\n>\n\t\n<h3 class=\"tribe-events-calendar-month__day-date tribe-common-h4\">\n\t<span class=\"tribe-common-a11y-visual-hide\">\n\t\t0 events,\n\t<\/span>\n\t<time\n\t\tclass=\"tribe-events-calendar-month__day-date-daynum\"\n\t\tdatetime=\"2026-04-10\"\n\t>\n\t\t\t\t\t10\t\t\t<\/time>\n<\/h3>\n\t<div class=\"tribe-events-calendar-month__events\">\n\t\t\n\t\t\t<\/div>\n\n\t\n<\/div>\n<\/div>\n\n\t\t\t\n\t\t\t\t\n<div\n\t class=\"tribe-events-calendar-month__day tribe-events-calendar-month__day--past\" \trole=\"gridcell\"\n\taria-labelledby=\"tribe-events-calendar-day-2026-04-11\"\n\tdata-js=\"tribe-events-month-grid-cell\"\n>\n\t\n<button\n\taria-expanded=\"false\"\n\taria-controls=\"tribe-events-calendar-mobile-day-2026-04-11\"\n\t class=\"tribe-events-calendar-month__day-cell tribe-events-calendar-month__day-cell--mobile\" \tdata-js=\"tribe-events-calendar-month-day-cell-mobile\"\n\ttabindex=\"-1\"\n>\n\t<h3 class=\"tribe-events-calendar-month__day-date tribe-common-h6 tribe-common-h--alt\">\n\t\t<span class=\"tribe-common-a11y-visual-hide\">\n\t\t\t0 events,\n\t\t<\/span>\n\t\t<time\n\t\t\tclass=\"tribe-events-calendar-month__day-date-daynum\"\n\t\t\tdatetime=\"2026-04-11\"\n\t\t>\n\t\t\t11\t\t<\/time>\n\t<\/h3>\n\t\n<\/button>\n\t\n<div\n\tid=\"tribe-events-calendar-day-2026-04-11\"\n\tclass=\"tribe-events-calendar-month__day-cell tribe-events-calendar-month__day-cell--desktop tribe-common-a11y-hidden\"\n>\n\t\n<h3 class=\"tribe-events-calendar-month__day-date tribe-common-h4\">\n\t<span class=\"tribe-common-a11y-visual-hide\">\n\t\t0 events,\n\t<\/span>\n\t<time\n\t\tclass=\"tribe-events-calendar-month__day-date-daynum\"\n\t\tdatetime=\"2026-04-11\"\n\t>\n\t\t\t\t\t11\t\t\t<\/time>\n<\/h3>\n\t<div class=\"tribe-events-calendar-month__events\">\n\t\t\n\t\t\t<\/div>\n\n\t\n<\/div>\n<\/div>\n\n\t\t\t\n\t\t\t\t\n<div\n\t class=\"tribe-events-calendar-month__day tribe-events-calendar-month__day--past\" \trole=\"gridcell\"\n\taria-labelledby=\"tribe-events-calendar-day-2026-04-12\"\n\tdata-js=\"tribe-events-month-grid-cell\"\n>\n\t\n<button\n\taria-expanded=\"false\"\n\taria-controls=\"tribe-events-calendar-mobile-day-2026-04-12\"\n\t class=\"tribe-events-calendar-month__day-cell tribe-events-calendar-month__day-cell--mobile\" \tdata-js=\"tribe-events-calendar-month-day-cell-mobile\"\n\ttabindex=\"-1\"\n>\n\t<h3 class=\"tribe-events-calendar-month__day-date tribe-common-h6 tribe-common-h--alt\">\n\t\t<span class=\"tribe-common-a11y-visual-hide\">\n\t\t\t0 events,\n\t\t<\/span>\n\t\t<time\n\t\t\tclass=\"tribe-events-calendar-month__day-date-daynum\"\n\t\t\tdatetime=\"2026-04-12\"\n\t\t>\n\t\t\t12\t\t<\/time>\n\t<\/h3>\n\t\n<\/button>\n\t\n<div\n\tid=\"tribe-events-calendar-day-2026-04-12\"\n\tclass=\"tribe-events-calendar-month__day-cell tribe-events-calendar-month__day-cell--desktop tribe-common-a11y-hidden\"\n>\n\t\n<h3 class=\"tribe-events-calendar-month__day-date tribe-common-h4\">\n\t<span class=\"tribe-common-a11y-visual-hide\">\n\t\t0 events,\n\t<\/span>\n\t<time\n\t\tclass=\"tribe-events-calendar-month__day-date-daynum\"\n\t\tdatetime=\"2026-04-12\"\n\t>\n\t\t\t\t\t12\t\t\t<\/time>\n<\/h3>\n\t<div class=\"tribe-events-calendar-month__events\">\n\t\t\n\t\t\t<\/div>\n\n\t\n<\/div>\n<\/div>\n\n\t\t\t\n\t\t<\/div>\n\n\t\n\t\t<div class=\"tribe-events-calendar-month__week\" role=\"row\" data-js=\"tribe-events-month-grid-row\">\n\n\t\t\t\n\t\t\t\t\n<div\n\t class=\"tribe-events-calendar-month__day tribe-events-calendar-month__day--past\" \trole=\"gridcell\"\n\taria-labelledby=\"tribe-events-calendar-day-2026-04-13\"\n\tdata-js=\"tribe-events-month-grid-cell\"\n>\n\t\n<button\n\taria-expanded=\"false\"\n\taria-controls=\"tribe-events-calendar-mobile-day-2026-04-13\"\n\t class=\"tribe-events-calendar-month__day-cell tribe-events-calendar-month__day-cell--mobile\" \tdata-js=\"tribe-events-calendar-month-day-cell-mobile\"\n\ttabindex=\"-1\"\n>\n\t<h3 class=\"tribe-events-calendar-month__day-date tribe-common-h6 tribe-common-h--alt\">\n\t\t<span class=\"tribe-common-a11y-visual-hide\">\n\t\t\t0 events,\n\t\t<\/span>\n\t\t<time\n\t\t\tclass=\"tribe-events-calendar-month__day-date-daynum\"\n\t\t\tdatetime=\"2026-04-13\"\n\t\t>\n\t\t\t13\t\t<\/time>\n\t<\/h3>\n\t\n<\/button>\n\t\n<div\n\tid=\"tribe-events-calendar-day-2026-04-13\"\n\tclass=\"tribe-events-calendar-month__day-cell tribe-events-calendar-month__day-cell--desktop tribe-common-a11y-hidden\"\n>\n\t\n<h3 class=\"tribe-events-calendar-month__day-date tribe-common-h4\">\n\t<span class=\"tribe-common-a11y-visual-hide\">\n\t\t0 events,\n\t<\/span>\n\t<time\n\t\tclass=\"tribe-events-calendar-month__day-date-daynum\"\n\t\tdatetime=\"2026-04-13\"\n\t>\n\t\t\t\t\t13\t\t\t<\/time>\n<\/h3>\n\t<div class=\"tribe-events-calendar-month__events\">\n\t\t\n\t\t\t<\/div>\n\n\t\n<\/div>\n<\/div>\n\n\t\t\t\n\t\t\t\t\n<div\n\t class=\"tribe-events-calendar-month__day tribe-events-calendar-month__day--past\" \trole=\"gridcell\"\n\taria-labelledby=\"tribe-events-calendar-day-2026-04-14\"\n\tdata-js=\"tribe-events-month-grid-cell\"\n>\n\t\n<button\n\taria-expanded=\"false\"\n\taria-controls=\"tribe-events-calendar-mobile-day-2026-04-14\"\n\t class=\"tribe-events-calendar-month__day-cell tribe-events-calendar-month__day-cell--mobile\" \tdata-js=\"tribe-events-calendar-month-day-cell-mobile\"\n\ttabindex=\"-1\"\n>\n\t<h3 class=\"tribe-events-calendar-month__day-date tribe-common-h6 tribe-common-h--alt\">\n\t\t<span class=\"tribe-common-a11y-visual-hide\">\n\t\t\t0 events,\n\t\t<\/span>\n\t\t<time\n\t\t\tclass=\"tribe-events-calendar-month__day-date-daynum\"\n\t\t\tdatetime=\"2026-04-14\"\n\t\t>\n\t\t\t14\t\t<\/time>\n\t<\/h3>\n\t\n<\/button>\n\t\n<div\n\tid=\"tribe-events-calendar-day-2026-04-14\"\n\tclass=\"tribe-events-calendar-month__day-cell tribe-events-calendar-month__day-cell--desktop tribe-common-a11y-hidden\"\n>\n\t\n<h3 class=\"tribe-events-calendar-month__day-date tribe-common-h4\">\n\t<span class=\"tribe-common-a11y-visual-hide\">\n\t\t0 events,\n\t<\/span>\n\t<time\n\t\tclass=\"tribe-events-calendar-month__day-date-daynum\"\n\t\tdatetime=\"2026-04-14\"\n\t>\n\t\t\t\t\t14\t\t\t<\/time>\n<\/h3>\n\t<div class=\"tribe-events-calendar-month__events\">\n\t\t\n\t\t\t<\/div>\n\n\t\n<\/div>\n<\/div>\n\n\t\t\t\n\t\t\t\t\n<div\n\t class=\"tribe-events-calendar-month__day tribe-events-calendar-month__day--past\" \trole=\"gridcell\"\n\taria-labelledby=\"tribe-events-calendar-day-2026-04-15\"\n\tdata-js=\"tribe-events-month-grid-cell\"\n>\n\t\n<button\n\taria-expanded=\"false\"\n\taria-controls=\"tribe-events-calendar-mobile-day-2026-04-15\"\n\t class=\"tribe-events-calendar-month__day-cell tribe-events-calendar-month__day-cell--mobile\" \tdata-js=\"tribe-events-calendar-month-day-cell-mobile\"\n\ttabindex=\"-1\"\n>\n\t<h3 class=\"tribe-events-calendar-month__day-date tribe-common-h6 tribe-common-h--alt\">\n\t\t<span class=\"tribe-common-a11y-visual-hide\">\n\t\t\t0 events,\n\t\t<\/span>\n\t\t<time\n\t\t\tclass=\"tribe-events-calendar-month__day-date-daynum\"\n\t\t\tdatetime=\"2026-04-15\"\n\t\t>\n\t\t\t15\t\t<\/time>\n\t<\/h3>\n\t\n<\/button>\n\t\n<div\n\tid=\"tribe-events-calendar-day-2026-04-15\"\n\tclass=\"tribe-events-calendar-month__day-cell tribe-events-calendar-month__day-cell--desktop tribe-common-a11y-hidden\"\n>\n\t\n<h3 class=\"tribe-events-calendar-month__day-date tribe-common-h4\">\n\t<span class=\"tribe-common-a11y-visual-hide\">\n\t\t0 events,\n\t<\/span>\n\t<time\n\t\tclass=\"tribe-events-calendar-month__day-date-daynum\"\n\t\tdatetime=\"2026-04-15\"\n\t>\n\t\t\t\t\t15\t\t\t<\/time>\n<\/h3>\n\t<div class=\"tribe-events-calendar-month__events\">\n\t\t\n\t\t\t<\/div>\n\n\t\n<\/div>\n<\/div>\n\n\t\t\t\n\t\t\t\t\n<div\n\t class=\"tribe-events-calendar-month__day tribe-events-calendar-month__day--past\" \trole=\"gridcell\"\n\taria-labelledby=\"tribe-events-calendar-day-2026-04-16\"\n\tdata-js=\"tribe-events-month-grid-cell\"\n>\n\t\n<button\n\taria-expanded=\"false\"\n\taria-controls=\"tribe-events-calendar-mobile-day-2026-04-16\"\n\t class=\"tribe-events-calendar-month__day-cell tribe-events-calendar-month__day-cell--mobile\" \tdata-js=\"tribe-events-calendar-month-day-cell-mobile\"\n\ttabindex=\"-1\"\n>\n\t<h3 class=\"tribe-events-calendar-month__day-date tribe-common-h6 tribe-common-h--alt\">\n\t\t<span class=\"tribe-common-a11y-visual-hide\">\n\t\t\t0 events,\n\t\t<\/span>\n\t\t<time\n\t\t\tclass=\"tribe-events-calendar-month__day-date-daynum\"\n\t\t\tdatetime=\"2026-04-16\"\n\t\t>\n\t\t\t16\t\t<\/time>\n\t<\/h3>\n\t\n<\/button>\n\t\n<div\n\tid=\"tribe-events-calendar-day-2026-04-16\"\n\tclass=\"tribe-events-calendar-month__day-cell tribe-events-calendar-month__day-cell--desktop tribe-common-a11y-hidden\"\n>\n\t\n<h3 class=\"tribe-events-calendar-month__day-date tribe-common-h4\">\n\t<span class=\"tribe-common-a11y-visual-hide\">\n\t\t0 events,\n\t<\/span>\n\t<time\n\t\tclass=\"tribe-events-calendar-month__day-date-daynum\"\n\t\tdatetime=\"2026-04-16\"\n\t>\n\t\t\t\t\t16\t\t\t<\/time>\n<\/h3>\n\t<div class=\"tribe-events-calendar-month__events\">\n\t\t\n\t\t\t<\/div>\n\n\t\n<\/div>\n<\/div>\n\n\t\t\t\n\t\t\t\t\n<div\n\t class=\"tribe-events-calendar-month__day tribe-events-calendar-month__day--past\" \trole=\"gridcell\"\n\taria-labelledby=\"tribe-events-calendar-day-2026-04-17\"\n\tdata-js=\"tribe-events-month-grid-cell\"\n>\n\t\n<button\n\taria-expanded=\"false\"\n\taria-controls=\"tribe-events-calendar-mobile-day-2026-04-17\"\n\t class=\"tribe-events-calendar-month__day-cell tribe-events-calendar-month__day-cell--mobile\" \tdata-js=\"tribe-events-calendar-month-day-cell-mobile\"\n\ttabindex=\"-1\"\n>\n\t<h3 class=\"tribe-events-calendar-month__day-date tribe-common-h6 tribe-common-h--alt\">\n\t\t<span class=\"tribe-common-a11y-visual-hide\">\n\t\t\t0 events,\n\t\t<\/span>\n\t\t<time\n\t\t\tclass=\"tribe-events-calendar-month__day-date-daynum\"\n\t\t\tdatetime=\"2026-04-17\"\n\t\t>\n\t\t\t17\t\t<\/time>\n\t<\/h3>\n\t\n<\/button>\n\t\n<div\n\tid=\"tribe-events-calendar-day-2026-04-17\"\n\tclass=\"tribe-events-calendar-month__day-cell tribe-events-calendar-month__day-cell--desktop tribe-common-a11y-hidden\"\n>\n\t\n<h3 class=\"tribe-events-calendar-month__day-date tribe-common-h4\">\n\t<span class=\"tribe-common-a11y-visual-hide\">\n\t\t0 events,\n\t<\/span>\n\t<time\n\t\tclass=\"tribe-events-calendar-month__day-date-daynum\"\n\t\tdatetime=\"2026-04-17\"\n\t>\n\t\t\t\t\t17\t\t\t<\/time>\n<\/h3>\n\t<div class=\"tribe-events-calendar-month__events\">\n\t\t\n\t\t\t<\/div>\n\n\t\n<\/div>\n<\/div>\n\n\t\t\t\n\t\t\t\t\n<div\n\t class=\"tribe-events-calendar-month__day tribe-events-calendar-month__day--past\" \trole=\"gridcell\"\n\taria-labelledby=\"tribe-events-calendar-day-2026-04-18\"\n\tdata-js=\"tribe-events-month-grid-cell\"\n>\n\t\n<button\n\taria-expanded=\"false\"\n\taria-controls=\"tribe-events-calendar-mobile-day-2026-04-18\"\n\t class=\"tribe-events-calendar-month__day-cell tribe-events-calendar-month__day-cell--mobile\" \tdata-js=\"tribe-events-calendar-month-day-cell-mobile\"\n\ttabindex=\"-1\"\n>\n\t<h3 class=\"tribe-events-calendar-month__day-date tribe-common-h6 tribe-common-h--alt\">\n\t\t<span class=\"tribe-common-a11y-visual-hide\">\n\t\t\t0 events,\n\t\t<\/span>\n\t\t<time\n\t\t\tclass=\"tribe-events-calendar-month__day-date-daynum\"\n\t\t\tdatetime=\"2026-04-18\"\n\t\t>\n\t\t\t18\t\t<\/time>\n\t<\/h3>\n\t\n<\/button>\n\t\n<div\n\tid=\"tribe-events-calendar-day-2026-04-18\"\n\tclass=\"tribe-events-calendar-month__day-cell tribe-events-calendar-month__day-cell--desktop tribe-common-a11y-hidden\"\n>\n\t\n<h3 class=\"tribe-events-calendar-month__day-date tribe-common-h4\">\n\t<span class=\"tribe-common-a11y-visual-hide\">\n\t\t0 events,\n\t<\/span>\n\t<time\n\t\tclass=\"tribe-events-calendar-month__day-date-daynum\"\n\t\tdatetime=\"2026-04-18\"\n\t>\n\t\t\t\t\t18\t\t\t<\/time>\n<\/h3>\n\t<div class=\"tribe-events-calendar-month__events\">\n\t\t\n\t\t\t<\/div>\n\n\t\n<\/div>\n<\/div>\n\n\t\t\t\n\t\t\t\t\n<div\n\t class=\"tribe-events-calendar-month__day tribe-events-calendar-month__day--past\" \trole=\"gridcell\"\n\taria-labelledby=\"tribe-events-calendar-day-2026-04-19\"\n\tdata-js=\"tribe-events-month-grid-cell\"\n>\n\t\n<button\n\taria-expanded=\"false\"\n\taria-controls=\"tribe-events-calendar-mobile-day-2026-04-19\"\n\t class=\"tribe-events-calendar-month__day-cell tribe-events-calendar-month__day-cell--mobile\" \tdata-js=\"tribe-events-calendar-month-day-cell-mobile\"\n\ttabindex=\"-1\"\n>\n\t<h3 class=\"tribe-events-calendar-month__day-date tribe-common-h6 tribe-common-h--alt\">\n\t\t<span class=\"tribe-common-a11y-visual-hide\">\n\t\t\t0 events,\n\t\t<\/span>\n\t\t<time\n\t\t\tclass=\"tribe-events-calendar-month__day-date-daynum\"\n\t\t\tdatetime=\"2026-04-19\"\n\t\t>\n\t\t\t19\t\t<\/time>\n\t<\/h3>\n\t\n<\/button>\n\t\n<div\n\tid=\"tribe-events-calendar-day-2026-04-19\"\n\tclass=\"tribe-events-calendar-month__day-cell tribe-events-calendar-month__day-cell--desktop tribe-common-a11y-hidden\"\n>\n\t\n<h3 class=\"tribe-events-calendar-month__day-date tribe-common-h4\">\n\t<span class=\"tribe-common-a11y-visual-hide\">\n\t\t0 events,\n\t<\/span>\n\t<time\n\t\tclass=\"tribe-events-calendar-month__day-date-daynum\"\n\t\tdatetime=\"2026-04-19\"\n\t>\n\t\t\t\t\t19\t\t\t<\/time>\n<\/h3>\n\t<div class=\"tribe-events-calendar-month__events\">\n\t\t\n\t\t\t<\/div>\n\n\t\n<\/div>\n<\/div>\n\n\t\t\t\n\t\t<\/div>\n\n\t\n\t\t<div class=\"tribe-events-calendar-month__week\" role=\"row\" data-js=\"tribe-events-month-grid-row\">\n\n\t\t\t\n\t\t\t\t\n<div\n\t class=\"tribe-events-calendar-month__day tribe-events-calendar-month__day--past\" \trole=\"gridcell\"\n\taria-labelledby=\"tribe-events-calendar-day-2026-04-20\"\n\tdata-js=\"tribe-events-month-grid-cell\"\n>\n\t\n<button\n\taria-expanded=\"false\"\n\taria-controls=\"tribe-events-calendar-mobile-day-2026-04-20\"\n\t class=\"tribe-events-calendar-month__day-cell tribe-events-calendar-month__day-cell--mobile\" \tdata-js=\"tribe-events-calendar-month-day-cell-mobile\"\n\ttabindex=\"-1\"\n>\n\t<h3 class=\"tribe-events-calendar-month__day-date tribe-common-h6 tribe-common-h--alt\">\n\t\t<span class=\"tribe-common-a11y-visual-hide\">\n\t\t\t0 events,\n\t\t<\/span>\n\t\t<time\n\t\t\tclass=\"tribe-events-calendar-month__day-date-daynum\"\n\t\t\tdatetime=\"2026-04-20\"\n\t\t>\n\t\t\t20\t\t<\/time>\n\t<\/h3>\n\t\n<\/button>\n\t\n<div\n\tid=\"tribe-events-calendar-day-2026-04-20\"\n\tclass=\"tribe-events-calendar-month__day-cell tribe-events-calendar-month__day-cell--desktop tribe-common-a11y-hidden\"\n>\n\t\n<h3 class=\"tribe-events-calendar-month__day-date tribe-common-h4\">\n\t<span class=\"tribe-common-a11y-visual-hide\">\n\t\t0 events,\n\t<\/span>\n\t<time\n\t\tclass=\"tribe-events-calendar-month__day-date-daynum\"\n\t\tdatetime=\"2026-04-20\"\n\t>\n\t\t\t\t\t20\t\t\t<\/time>\n<\/h3>\n\t<div class=\"tribe-events-calendar-month__events\">\n\t\t\n\t\t\t<\/div>\n\n\t\n<\/div>\n<\/div>\n\n\t\t\t\n\t\t\t\t\n<div\n\t class=\"tribe-events-calendar-month__day tribe-events-calendar-month__day--past\" \trole=\"gridcell\"\n\taria-labelledby=\"tribe-events-calendar-day-2026-04-21\"\n\tdata-js=\"tribe-events-month-grid-cell\"\n>\n\t\n<button\n\taria-expanded=\"false\"\n\taria-controls=\"tribe-events-calendar-mobile-day-2026-04-21\"\n\t class=\"tribe-events-calendar-month__day-cell tribe-events-calendar-month__day-cell--mobile\" \tdata-js=\"tribe-events-calendar-month-day-cell-mobile\"\n\ttabindex=\"-1\"\n>\n\t<h3 class=\"tribe-events-calendar-month__day-date tribe-common-h6 tribe-common-h--alt\">\n\t\t<span class=\"tribe-common-a11y-visual-hide\">\n\t\t\t0 events,\n\t\t<\/span>\n\t\t<time\n\t\t\tclass=\"tribe-events-calendar-month__day-date-daynum\"\n\t\t\tdatetime=\"2026-04-21\"\n\t\t>\n\t\t\t21\t\t<\/time>\n\t<\/h3>\n\t\n<\/button>\n\t\n<div\n\tid=\"tribe-events-calendar-day-2026-04-21\"\n\tclass=\"tribe-events-calendar-month__day-cell tribe-events-calendar-month__day-cell--desktop tribe-common-a11y-hidden\"\n>\n\t\n<h3 class=\"tribe-events-calendar-month__day-date tribe-common-h4\">\n\t<span class=\"tribe-common-a11y-visual-hide\">\n\t\t0 events,\n\t<\/span>\n\t<time\n\t\tclass=\"tribe-events-calendar-month__day-date-daynum\"\n\t\tdatetime=\"2026-04-21\"\n\t>\n\t\t\t\t\t21\t\t\t<\/time>\n<\/h3>\n\t<div class=\"tribe-events-calendar-month__events\">\n\t\t\n\t\t\t<\/div>\n\n\t\n<\/div>\n<\/div>\n\n\t\t\t\n\t\t\t\t\n<div\n\t class=\"tribe-events-calendar-month__day tribe-events-calendar-month__day--past\" \trole=\"gridcell\"\n\taria-labelledby=\"tribe-events-calendar-day-2026-04-22\"\n\tdata-js=\"tribe-events-month-grid-cell\"\n>\n\t\n<button\n\taria-expanded=\"false\"\n\taria-controls=\"tribe-events-calendar-mobile-day-2026-04-22\"\n\t class=\"tribe-events-calendar-month__day-cell tribe-events-calendar-month__day-cell--mobile\" \tdata-js=\"tribe-events-calendar-month-day-cell-mobile\"\n\ttabindex=\"-1\"\n>\n\t<h3 class=\"tribe-events-calendar-month__day-date tribe-common-h6 tribe-common-h--alt\">\n\t\t<span class=\"tribe-common-a11y-visual-hide\">\n\t\t\t0 events,\n\t\t<\/span>\n\t\t<time\n\t\t\tclass=\"tribe-events-calendar-month__day-date-daynum\"\n\t\t\tdatetime=\"2026-04-22\"\n\t\t>\n\t\t\t22\t\t<\/time>\n\t<\/h3>\n\t\n<\/button>\n\t\n<div\n\tid=\"tribe-events-calendar-day-2026-04-22\"\n\tclass=\"tribe-events-calendar-month__day-cell tribe-events-calendar-month__day-cell--desktop tribe-common-a11y-hidden\"\n>\n\t\n<h3 class=\"tribe-events-calendar-month__day-date tribe-common-h4\">\n\t<span class=\"tribe-common-a11y-visual-hide\">\n\t\t0 events,\n\t<\/span>\n\t<time\n\t\tclass=\"tribe-events-calendar-month__day-date-daynum\"\n\t\tdatetime=\"2026-04-22\"\n\t>\n\t\t\t\t\t22\t\t\t<\/time>\n<\/h3>\n\t<div class=\"tribe-events-calendar-month__events\">\n\t\t\n\t\t\t<\/div>\n\n\t\n<\/div>\n<\/div>\n\n\t\t\t\n\t\t\t\t\n<div\n\t class=\"tribe-events-calendar-month__day tribe-events-calendar-month__day--past\" \trole=\"gridcell\"\n\taria-labelledby=\"tribe-events-calendar-day-2026-04-23\"\n\tdata-js=\"tribe-events-month-grid-cell\"\n>\n\t\n<button\n\taria-expanded=\"false\"\n\taria-controls=\"tribe-events-calendar-mobile-day-2026-04-23\"\n\t class=\"tribe-events-calendar-month__day-cell tribe-events-calendar-month__day-cell--mobile\" \tdata-js=\"tribe-events-calendar-month-day-cell-mobile\"\n\ttabindex=\"-1\"\n>\n\t<h3 class=\"tribe-events-calendar-month__day-date tribe-common-h6 tribe-common-h--alt\">\n\t\t<span class=\"tribe-common-a11y-visual-hide\">\n\t\t\t0 events,\n\t\t<\/span>\n\t\t<time\n\t\t\tclass=\"tribe-events-calendar-month__day-date-daynum\"\n\t\t\tdatetime=\"2026-04-23\"\n\t\t>\n\t\t\t23\t\t<\/time>\n\t<\/h3>\n\t\n<\/button>\n\t\n<div\n\tid=\"tribe-events-calendar-day-2026-04-23\"\n\tclass=\"tribe-events-calendar-month__day-cell tribe-events-calendar-month__day-cell--desktop tribe-common-a11y-hidden\"\n>\n\t\n<h3 class=\"tribe-events-calendar-month__day-date tribe-common-h4\">\n\t<span class=\"tribe-common-a11y-visual-hide\">\n\t\t0 events,\n\t<\/span>\n\t<time\n\t\tclass=\"tribe-events-calendar-month__day-date-daynum\"\n\t\tdatetime=\"2026-04-23\"\n\t>\n\t\t\t\t\t23\t\t\t<\/time>\n<\/h3>\n\t<div class=\"tribe-events-calendar-month__events\">\n\t\t\n\t\t\t<\/div>\n\n\t\n<\/div>\n<\/div>\n\n\t\t\t\n\t\t\t\t\n<div\n\t class=\"tribe-events-calendar-month__day tribe-events-calendar-month__day--past\" \trole=\"gridcell\"\n\taria-labelledby=\"tribe-events-calendar-day-2026-04-24\"\n\tdata-js=\"tribe-events-month-grid-cell\"\n>\n\t\n<button\n\taria-expanded=\"false\"\n\taria-controls=\"tribe-events-calendar-mobile-day-2026-04-24\"\n\t class=\"tribe-events-calendar-month__day-cell tribe-events-calendar-month__day-cell--mobile\" \tdata-js=\"tribe-events-calendar-month-day-cell-mobile\"\n\ttabindex=\"-1\"\n>\n\t<h3 class=\"tribe-events-calendar-month__day-date tribe-common-h6 tribe-common-h--alt\">\n\t\t<span class=\"tribe-common-a11y-visual-hide\">\n\t\t\t0 events,\n\t\t<\/span>\n\t\t<time\n\t\t\tclass=\"tribe-events-calendar-month__day-date-daynum\"\n\t\t\tdatetime=\"2026-04-24\"\n\t\t>\n\t\t\t24\t\t<\/time>\n\t<\/h3>\n\t\n<\/button>\n\t\n<div\n\tid=\"tribe-events-calendar-day-2026-04-24\"\n\tclass=\"tribe-events-calendar-month__day-cell tribe-events-calendar-month__day-cell--desktop tribe-common-a11y-hidden\"\n>\n\t\n<h3 class=\"tribe-events-calendar-month__day-date tribe-common-h4\">\n\t<span class=\"tribe-common-a11y-visual-hide\">\n\t\t0 events,\n\t<\/span>\n\t<time\n\t\tclass=\"tribe-events-calendar-month__day-date-daynum\"\n\t\tdatetime=\"2026-04-24\"\n\t>\n\t\t\t\t\t24\t\t\t<\/time>\n<\/h3>\n\t<div class=\"tribe-events-calendar-month__events\">\n\t\t\n\t\t\t<\/div>\n\n\t\n<\/div>\n<\/div>\n\n\t\t\t\n\t\t\t\t\n<div\n\t class=\"tribe-events-calendar-month__day tribe-events-calendar-month__day--past\" \trole=\"gridcell\"\n\taria-labelledby=\"tribe-events-calendar-day-2026-04-25\"\n\tdata-js=\"tribe-events-month-grid-cell\"\n>\n\t\n<button\n\taria-expanded=\"false\"\n\taria-controls=\"tribe-events-calendar-mobile-day-2026-04-25\"\n\t class=\"tribe-events-calendar-month__day-cell tribe-events-calendar-month__day-cell--mobile\" \tdata-js=\"tribe-events-calendar-month-day-cell-mobile\"\n\ttabindex=\"-1\"\n>\n\t<h3 class=\"tribe-events-calendar-month__day-date tribe-common-h6 tribe-common-h--alt\">\n\t\t<span class=\"tribe-common-a11y-visual-hide\">\n\t\t\t0 events,\n\t\t<\/span>\n\t\t<time\n\t\t\tclass=\"tribe-events-calendar-month__day-date-daynum\"\n\t\t\tdatetime=\"2026-04-25\"\n\t\t>\n\t\t\t25\t\t<\/time>\n\t<\/h3>\n\t\n<\/button>\n\t\n<div\n\tid=\"tribe-events-calendar-day-2026-04-25\"\n\tclass=\"tribe-events-calendar-month__day-cell tribe-events-calendar-month__day-cell--desktop tribe-common-a11y-hidden\"\n>\n\t\n<h3 class=\"tribe-events-calendar-month__day-date tribe-common-h4\">\n\t<span class=\"tribe-common-a11y-visual-hide\">\n\t\t0 events,\n\t<\/span>\n\t<time\n\t\tclass=\"tribe-events-calendar-month__day-date-daynum\"\n\t\tdatetime=\"2026-04-25\"\n\t>\n\t\t\t\t\t25\t\t\t<\/time>\n<\/h3>\n\t<div class=\"tribe-events-calendar-month__events\">\n\t\t\n\t\t\t<\/div>\n\n\t\n<\/div>\n<\/div>\n\n\t\t\t\n\t\t\t\t\n<div\n\t class=\"tribe-events-calendar-month__day tribe-events-calendar-month__day--past\" \trole=\"gridcell\"\n\taria-labelledby=\"tribe-events-calendar-day-2026-04-26\"\n\tdata-js=\"tribe-events-month-grid-cell\"\n>\n\t\n<button\n\taria-expanded=\"false\"\n\taria-controls=\"tribe-events-calendar-mobile-day-2026-04-26\"\n\t class=\"tribe-events-calendar-month__day-cell tribe-events-calendar-month__day-cell--mobile\" \tdata-js=\"tribe-events-calendar-month-day-cell-mobile\"\n\ttabindex=\"-1\"\n>\n\t<h3 class=\"tribe-events-calendar-month__day-date tribe-common-h6 tribe-common-h--alt\">\n\t\t<span class=\"tribe-common-a11y-visual-hide\">\n\t\t\t0 events,\n\t\t<\/span>\n\t\t<time\n\t\t\tclass=\"tribe-events-calendar-month__day-date-daynum\"\n\t\t\tdatetime=\"2026-04-26\"\n\t\t>\n\t\t\t26\t\t<\/time>\n\t<\/h3>\n\t\n<\/button>\n\t\n<div\n\tid=\"tribe-events-calendar-day-2026-04-26\"\n\tclass=\"tribe-events-calendar-month__day-cell tribe-events-calendar-month__day-cell--desktop tribe-common-a11y-hidden\"\n>\n\t\n<h3 class=\"tribe-events-calendar-month__day-date tribe-common-h4\">\n\t<span class=\"tribe-common-a11y-visual-hide\">\n\t\t0 events,\n\t<\/span>\n\t<time\n\t\tclass=\"tribe-events-calendar-month__day-date-daynum\"\n\t\tdatetime=\"2026-04-26\"\n\t>\n\t\t\t\t\t26\t\t\t<\/time>\n<\/h3>\n\t<div class=\"tribe-events-calendar-month__events\">\n\t\t\n\t\t\t<\/div>\n\n\t\n<\/div>\n<\/div>\n\n\t\t\t\n\t\t<\/div>\n\n\t\n\t\t<div class=\"tribe-events-calendar-month__week\" role=\"row\" data-js=\"tribe-events-month-grid-row\">\n\n\t\t\t\n\t\t\t\t\n<div\n\t class=\"tribe-events-calendar-month__day tribe-events-calendar-month__day--past\" \trole=\"gridcell\"\n\taria-labelledby=\"tribe-events-calendar-day-2026-04-27\"\n\tdata-js=\"tribe-events-month-grid-cell\"\n>\n\t\n<button\n\taria-expanded=\"false\"\n\taria-controls=\"tribe-events-calendar-mobile-day-2026-04-27\"\n\t class=\"tribe-events-calendar-month__day-cell tribe-events-calendar-month__day-cell--mobile\" \tdata-js=\"tribe-events-calendar-month-day-cell-mobile\"\n\ttabindex=\"-1\"\n>\n\t<h3 class=\"tribe-events-calendar-month__day-date tribe-common-h6 tribe-common-h--alt\">\n\t\t<span class=\"tribe-common-a11y-visual-hide\">\n\t\t\t0 events,\n\t\t<\/span>\n\t\t<time\n\t\t\tclass=\"tribe-events-calendar-month__day-date-daynum\"\n\t\t\tdatetime=\"2026-04-27\"\n\t\t>\n\t\t\t27\t\t<\/time>\n\t<\/h3>\n\t\n<\/button>\n\t\n<div\n\tid=\"tribe-events-calendar-day-2026-04-27\"\n\tclass=\"tribe-events-calendar-month__day-cell tribe-events-calendar-month__day-cell--desktop tribe-common-a11y-hidden\"\n>\n\t\n<h3 class=\"tribe-events-calendar-month__day-date tribe-common-h4\">\n\t<span class=\"tribe-common-a11y-visual-hide\">\n\t\t0 events,\n\t<\/span>\n\t<time\n\t\tclass=\"tribe-events-calendar-month__day-date-daynum\"\n\t\tdatetime=\"2026-04-27\"\n\t>\n\t\t\t\t\t27\t\t\t<\/time>\n<\/h3>\n\t<div class=\"tribe-events-calendar-month__events\">\n\t\t\n\t\t\t<\/div>\n\n\t\n<\/div>\n<\/div>\n\n\t\t\t\n\t\t\t\t\n<div\n\t class=\"tribe-events-calendar-month__day tribe-events-calendar-month__day--current\" \trole=\"gridcell\"\n\taria-labelledby=\"tribe-events-calendar-day-2026-04-28\"\n\tdata-js=\"tribe-events-month-grid-cell\"\n>\n\t\n<button\n\taria-expanded=\"true\"\n\taria-controls=\"tribe-events-calendar-mobile-day-2026-04-28\"\n\t class=\"tribe-events-calendar-month__day-cell tribe-events-calendar-month__day-cell--mobile tribe-events-calendar-month__day-cell--selected\" \tdata-js=\"tribe-events-calendar-month-day-cell-mobile\"\n\ttabindex=\"-1\"\n>\n\t<h3 class=\"tribe-events-calendar-month__day-date tribe-common-h6 tribe-common-h--alt\">\n\t\t<span class=\"tribe-common-a11y-visual-hide\">\n\t\t\t0 events,\n\t\t<\/span>\n\t\t<time\n\t\t\tclass=\"tribe-events-calendar-month__day-date-daynum\"\n\t\t\tdatetime=\"2026-04-28\"\n\t\t>\n\t\t\t28\t\t<\/time>\n\t<\/h3>\n\t\n<\/button>\n\t\n<div\n\tid=\"tribe-events-calendar-day-2026-04-28\"\n\tclass=\"tribe-events-calendar-month__day-cell tribe-events-calendar-month__day-cell--desktop tribe-common-a11y-hidden\"\n>\n\t\n<h3 class=\"tribe-events-calendar-month__day-date tribe-common-h4\">\n\t<span class=\"tribe-common-a11y-visual-hide\">\n\t\t0 events,\n\t<\/span>\n\t<time\n\t\tclass=\"tribe-events-calendar-month__day-date-daynum\"\n\t\tdatetime=\"2026-04-28\"\n\t>\n\t\t\t\t\t28\t\t\t<\/time>\n<\/h3>\n\t<div class=\"tribe-events-calendar-month__events\">\n\t\t\n\t\t\t<\/div>\n\n\t\n<\/div>\n<\/div>\n\n\t\t\t\n\t\t\t\t\n<div\n\t class=\"tribe-events-calendar-month__day\" \trole=\"gridcell\"\n\taria-labelledby=\"tribe-events-calendar-day-2026-04-29\"\n\tdata-js=\"tribe-events-month-grid-cell\"\n>\n\t\n<button\n\taria-expanded=\"false\"\n\taria-controls=\"tribe-events-calendar-mobile-day-2026-04-29\"\n\t class=\"tribe-events-calendar-month__day-cell tribe-events-calendar-month__day-cell--mobile\" \tdata-js=\"tribe-events-calendar-month-day-cell-mobile\"\n\ttabindex=\"-1\"\n>\n\t<h3 class=\"tribe-events-calendar-month__day-date tribe-common-h6 tribe-common-h--alt\">\n\t\t<span class=\"tribe-common-a11y-visual-hide\">\n\t\t\t0 events,\n\t\t<\/span>\n\t\t<time\n\t\t\tclass=\"tribe-events-calendar-month__day-date-daynum\"\n\t\t\tdatetime=\"2026-04-29\"\n\t\t>\n\t\t\t29\t\t<\/time>\n\t<\/h3>\n\t\n<\/button>\n\t\n<div\n\tid=\"tribe-events-calendar-day-2026-04-29\"\n\tclass=\"tribe-events-calendar-month__day-cell tribe-events-calendar-month__day-cell--desktop tribe-common-a11y-hidden\"\n>\n\t\n<h3 class=\"tribe-events-calendar-month__day-date tribe-common-h4\">\n\t<span class=\"tribe-common-a11y-visual-hide\">\n\t\t0 events,\n\t<\/span>\n\t<time\n\t\tclass=\"tribe-events-calendar-month__day-date-daynum\"\n\t\tdatetime=\"2026-04-29\"\n\t>\n\t\t\t\t\t29\t\t\t<\/time>\n<\/h3>\n\t<div class=\"tribe-events-calendar-month__events\">\n\t\t\n\t\t\t<\/div>\n\n\t\n<\/div>\n<\/div>\n\n\t\t\t\n\t\t\t\t\n<div\n\t class=\"tribe-events-calendar-month__day\" \trole=\"gridcell\"\n\taria-labelledby=\"tribe-events-calendar-day-2026-04-30\"\n\tdata-js=\"tribe-events-month-grid-cell\"\n>\n\t\n<button\n\taria-expanded=\"false\"\n\taria-controls=\"tribe-events-calendar-mobile-day-2026-04-30\"\n\t class=\"tribe-events-calendar-month__day-cell tribe-events-calendar-month__day-cell--mobile\" \tdata-js=\"tribe-events-calendar-month-day-cell-mobile\"\n\ttabindex=\"-1\"\n>\n\t<h3 class=\"tribe-events-calendar-month__day-date tribe-common-h6 tribe-common-h--alt\">\n\t\t<span class=\"tribe-common-a11y-visual-hide\">\n\t\t\t0 events,\n\t\t<\/span>\n\t\t<time\n\t\t\tclass=\"tribe-events-calendar-month__day-date-daynum\"\n\t\t\tdatetime=\"2026-04-30\"\n\t\t>\n\t\t\t30\t\t<\/time>\n\t<\/h3>\n\t\n<\/button>\n\t\n<div\n\tid=\"tribe-events-calendar-day-2026-04-30\"\n\tclass=\"tribe-events-calendar-month__day-cell tribe-events-calendar-month__day-cell--desktop tribe-common-a11y-hidden\"\n>\n\t\n<h3 class=\"tribe-events-calendar-month__day-date tribe-common-h4\">\n\t<span class=\"tribe-common-a11y-visual-hide\">\n\t\t0 events,\n\t<\/span>\n\t<time\n\t\tclass=\"tribe-events-calendar-month__day-date-daynum\"\n\t\tdatetime=\"2026-04-30\"\n\t>\n\t\t\t\t\t30\t\t\t<\/time>\n<\/h3>\n\t<div class=\"tribe-events-calendar-month__events\">\n\t\t\n\t\t\t<\/div>\n\n\t\n<\/div>\n<\/div>\n\n\t\t\t\n\t\t\t\t\n<div\n\t class=\"tribe-events-calendar-month__day tribe-events-calendar-month__day--other-month tribe-events-calendar-month__day--next-month\" \trole=\"gridcell\"\n\taria-labelledby=\"tribe-events-calendar-day-2026-05-01\"\n\tdata-js=\"tribe-events-month-grid-cell\"\n>\n\t\n<button\n\taria-expanded=\"false\"\n\taria-controls=\"tribe-events-calendar-mobile-day-2026-05-1\"\n\t class=\"tribe-events-calendar-month__day-cell tribe-events-calendar-month__day-cell--mobile\" \tdata-js=\"tribe-events-calendar-month-day-cell-mobile\"\n\ttabindex=\"-1\"\n>\n\t<h3 class=\"tribe-events-calendar-month__day-date tribe-common-h6 tribe-common-h--alt\">\n\t\t<span class=\"tribe-common-a11y-visual-hide\">\n\t\t\t0 events,\n\t\t<\/span>\n\t\t<time\n\t\t\tclass=\"tribe-events-calendar-month__day-date-daynum\"\n\t\t\tdatetime=\"2026-05-01\"\n\t\t>\n\t\t\t1\t\t<\/time>\n\t<\/h3>\n\t\n<\/button>\n\t\n<div\n\tid=\"tribe-events-calendar-day-2026-05-01\"\n\tclass=\"tribe-events-calendar-month__day-cell tribe-events-calendar-month__day-cell--desktop tribe-common-a11y-hidden\"\n>\n\t\n<h3 class=\"tribe-events-calendar-month__day-date tribe-common-h4\">\n\t<span class=\"tribe-common-a11y-visual-hide\">\n\t\t0 events,\n\t<\/span>\n\t<time\n\t\tclass=\"tribe-events-calendar-month__day-date-daynum\"\n\t\tdatetime=\"2026-05-01\"\n\t>\n\t\t\t\t\t1\t\t\t<\/time>\n<\/h3>\n\t<div class=\"tribe-events-calendar-month__events\">\n\t\t\n\t\t\t<\/div>\n\n\t\n<\/div>\n<\/div>\n\n\t\t\t\n\t\t\t\t\n<div\n\t class=\"tribe-events-calendar-month__day tribe-events-calendar-month__day--other-month tribe-events-calendar-month__day--next-month\" \trole=\"gridcell\"\n\taria-labelledby=\"tribe-events-calendar-day-2026-05-02\"\n\tdata-js=\"tribe-events-month-grid-cell\"\n>\n\t\n<button\n\taria-expanded=\"false\"\n\taria-controls=\"tribe-events-calendar-mobile-day-2026-05-2\"\n\t class=\"tribe-events-calendar-month__day-cell tribe-events-calendar-month__day-cell--mobile\" \tdata-js=\"tribe-events-calendar-month-day-cell-mobile\"\n\ttabindex=\"-1\"\n>\n\t<h3 class=\"tribe-events-calendar-month__day-date tribe-common-h6 tribe-common-h--alt\">\n\t\t<span class=\"tribe-common-a11y-visual-hide\">\n\t\t\t0 events,\n\t\t<\/span>\n\t\t<time\n\t\t\tclass=\"tribe-events-calendar-month__day-date-daynum\"\n\t\t\tdatetime=\"2026-05-02\"\n\t\t>\n\t\t\t2\t\t<\/time>\n\t<\/h3>\n\t\n<\/button>\n\t\n<div\n\tid=\"tribe-events-calendar-day-2026-05-02\"\n\tclass=\"tribe-events-calendar-month__day-cell tribe-events-calendar-month__day-cell--desktop tribe-common-a11y-hidden\"\n>\n\t\n<h3 class=\"tribe-events-calendar-month__day-date tribe-common-h4\">\n\t<span class=\"tribe-common-a11y-visual-hide\">\n\t\t0 events,\n\t<\/span>\n\t<time\n\t\tclass=\"tribe-events-calendar-month__day-date-daynum\"\n\t\tdatetime=\"2026-05-02\"\n\t>\n\t\t\t\t\t2\t\t\t<\/time>\n<\/h3>\n\t<div class=\"tribe-events-calendar-month__events\">\n\t\t\n\t\t\t<\/div>\n\n\t\n<\/div>\n<\/div>\n\n\t\t\t\n\t\t\t\t\n<div\n\t class=\"tribe-events-calendar-month__day tribe-events-calendar-month__day--other-month tribe-events-calendar-month__day--next-month\" \trole=\"gridcell\"\n\taria-labelledby=\"tribe-events-calendar-day-2026-05-03\"\n\tdata-js=\"tribe-events-month-grid-cell\"\n>\n\t\n<button\n\taria-expanded=\"false\"\n\taria-controls=\"tribe-events-calendar-mobile-day-2026-05-3\"\n\t class=\"tribe-events-calendar-month__day-cell tribe-events-calendar-month__day-cell--mobile\" \tdata-js=\"tribe-events-calendar-month-day-cell-mobile\"\n\ttabindex=\"-1\"\n>\n\t<h3 class=\"tribe-events-calendar-month__day-date tribe-common-h6 tribe-common-h--alt\">\n\t\t<span class=\"tribe-common-a11y-visual-hide\">\n\t\t\t0 events,\n\t\t<\/span>\n\t\t<time\n\t\t\tclass=\"tribe-events-calendar-month__day-date-daynum\"\n\t\t\tdatetime=\"2026-05-03\"\n\t\t>\n\t\t\t3\t\t<\/time>\n\t<\/h3>\n\t\n<\/button>\n\t\n<div\n\tid=\"tribe-events-calendar-day-2026-05-03\"\n\tclass=\"tribe-events-calendar-month__day-cell tribe-events-calendar-month__day-cell--desktop tribe-common-a11y-hidden\"\n>\n\t\n<h3 class=\"tribe-events-calendar-month__day-date tribe-common-h4\">\n\t<span class=\"tribe-common-a11y-visual-hide\">\n\t\t0 events,\n\t<\/span>\n\t<time\n\t\tclass=\"tribe-events-calendar-month__day-date-daynum\"\n\t\tdatetime=\"2026-05-03\"\n\t>\n\t\t\t\t\t3\t\t\t<\/time>\n<\/h3>\n\t<div class=\"tribe-events-calendar-month__events\">\n\t\t\n\t\t\t<\/div>\n\n\t\n<\/div>\n<\/div>\n\n\t\t\t\n\t\t<\/div>\n\n\t\n<\/div>\n\n\t\t<\/div>\n\n\t\t<div  class=\"tribe-events-header__messages tribe-events-c-messages tribe-common-b2 tribe-events-header__messages--mobile\"  >\n\t\t\t<div class=\"tribe-events-c-messages__message tribe-events-c-messages__message--notice\" role=\"alert\">\n\t\t\t<svg  class=\"tribe-common-c-svgicon tribe-common-c-svgicon--messages-not-found tribe-events-c-messages__message-icon-svg\"  viewBox=\"0 0 21 23\" xmlns=\"http:\/\/www.w3.org\/2000\/svg\"><g fill-rule=\"evenodd\"><path d=\"M.5 2.5h20v20H.5z\"\/><path stroke-linecap=\"round\" d=\"M7.583 11.583l5.834 5.834m0-5.834l-5.834 5.834\" class=\"tribe-common-c-svgicon__svg-stroke\"\/><path stroke-linecap=\"round\" d=\"M4.5.5v4m12-4v4\"\/><path stroke-linecap=\"square\" d=\"M.5 7.5h20\"\/><\/g><\/svg>\n\t\t\t<ul class=\"tribe-events-c-messages__message-list\">\n\t\t\t\t\t\t\t\t\t<li\n\t\t\t\t\t\tclass=\"tribe-events-c-messages__message-list-item\"\n\t\t\t\t\t\t data-key=\"0\" \t\t\t\t\t>\n\t\t\t\t\tThere are no upcoming events.\t\t\t\t\t<\/li>\n\t\t\t\t\t\t\t<\/ul>\n\t\t<\/div>\n\t<\/div>\n\n\t\t<section class=\"tribe-events-calendar-month-mobile-events\" data-js=\"tribe-events-calendar-month-mobile-events\">\n\n\t\n\t\t\n<div  class=\"tribe-events-calendar-month-mobile-events__mobile-day\"  id=\"tribe-events-calendar-mobile-day-2026-03-30\">\n\n\t\n\t\t<div  class=\"tribe-events-header__messages tribe-events-c-messages tribe-common-b2 tribe-events-header__messages--mobile tribe-events-header__messages--day\"  >\n\t\t\t<div class=\"tribe-events-c-messages__message tribe-events-c-messages__message--notice\" role=\"alert\">\n\t\t\t<svg  class=\"tribe-common-c-svgicon tribe-common-c-svgicon--messages-not-found tribe-events-c-messages__message-icon-svg\"  viewBox=\"0 0 21 23\" xmlns=\"http:\/\/www.w3.org\/2000\/svg\"><g fill-rule=\"evenodd\"><path d=\"M.5 2.5h20v20H.5z\"\/><path stroke-linecap=\"round\" d=\"M7.583 11.583l5.834 5.834m0-5.834l-5.834 5.834\" class=\"tribe-common-c-svgicon__svg-stroke\"\/><path stroke-linecap=\"round\" d=\"M4.5.5v4m12-4v4\"\/><path stroke-linecap=\"square\" d=\"M.5 7.5h20\"\/><\/g><\/svg>\n\t\t\t<ul class=\"tribe-events-c-messages__message-list\">\n\t\t\t\t\t\t\t\t\t<li\n\t\t\t\t\t\tclass=\"tribe-events-c-messages__message-list-item\"\n\t\t\t\t\t\t data-key=\"no-events-in-day\" \t\t\t\t\t>\n\t\t\t\t\tThere are no events on this day.\t\t\t\t\t<\/li>\n\t\t\t\t\t\t\t<\/ul>\n\t\t<\/div>\n\t<\/div>\n\n\t<\/div>\n\n\t\n\t\t\n<div  class=\"tribe-events-calendar-month-mobile-events__mobile-day\"  id=\"tribe-events-calendar-mobile-day-2026-03-31\">\n\n\t\n\t\t<div  class=\"tribe-events-header__messages tribe-events-c-messages tribe-common-b2 tribe-events-header__messages--mobile tribe-events-header__messages--day\"  >\n\t\t\t<div class=\"tribe-events-c-messages__message tribe-events-c-messages__message--notice\" role=\"alert\">\n\t\t\t<svg  class=\"tribe-common-c-svgicon tribe-common-c-svgicon--messages-not-found tribe-events-c-messages__message-icon-svg\"  viewBox=\"0 0 21 23\" xmlns=\"http:\/\/www.w3.org\/2000\/svg\"><g fill-rule=\"evenodd\"><path d=\"M.5 2.5h20v20H.5z\"\/><path stroke-linecap=\"round\" d=\"M7.583 11.583l5.834 5.834m0-5.834l-5.834 5.834\" class=\"tribe-common-c-svgicon__svg-stroke\"\/><path stroke-linecap=\"round\" d=\"M4.5.5v4m12-4v4\"\/><path stroke-linecap=\"square\" d=\"M.5 7.5h20\"\/><\/g><\/svg>\n\t\t\t<ul class=\"tribe-events-c-messages__message-list\">\n\t\t\t\t\t\t\t\t\t<li\n\t\t\t\t\t\tclass=\"tribe-events-c-messages__message-list-item\"\n\t\t\t\t\t\t data-key=\"no-events-in-day\" \t\t\t\t\t>\n\t\t\t\t\tThere are no events on this day.\t\t\t\t\t<\/li>\n\t\t\t\t\t\t\t<\/ul>\n\t\t<\/div>\n\t<\/div>\n\n\t<\/div>\n\n\t\n\t\t\n<div  class=\"tribe-events-calendar-month-mobile-events__mobile-day\"  id=\"tribe-events-calendar-mobile-day-2026-04-1\">\n\n\t\n\t\t<div  class=\"tribe-events-header__messages tribe-events-c-messages tribe-common-b2 tribe-events-header__messages--mobile tribe-events-header__messages--day\"  >\n\t\t\t<div class=\"tribe-events-c-messages__message tribe-events-c-messages__message--notice\" role=\"alert\">\n\t\t\t<svg  class=\"tribe-common-c-svgicon tribe-common-c-svgicon--messages-not-found tribe-events-c-messages__message-icon-svg\"  viewBox=\"0 0 21 23\" xmlns=\"http:\/\/www.w3.org\/2000\/svg\"><g fill-rule=\"evenodd\"><path d=\"M.5 2.5h20v20H.5z\"\/><path stroke-linecap=\"round\" d=\"M7.583 11.583l5.834 5.834m0-5.834l-5.834 5.834\" class=\"tribe-common-c-svgicon__svg-stroke\"\/><path stroke-linecap=\"round\" d=\"M4.5.5v4m12-4v4\"\/><path stroke-linecap=\"square\" d=\"M.5 7.5h20\"\/><\/g><\/svg>\n\t\t\t<ul class=\"tribe-events-c-messages__message-list\">\n\t\t\t\t\t\t\t\t\t<li\n\t\t\t\t\t\tclass=\"tribe-events-c-messages__message-list-item\"\n\t\t\t\t\t\t data-key=\"no-events-in-day\" \t\t\t\t\t>\n\t\t\t\t\tThere are no events on this day.\t\t\t\t\t<\/li>\n\t\t\t\t\t\t\t<\/ul>\n\t\t<\/div>\n\t<\/div>\n\n\t<\/div>\n\n\t\n\t\t\n<div  class=\"tribe-events-calendar-month-mobile-events__mobile-day\"  id=\"tribe-events-calendar-mobile-day-2026-04-2\">\n\n\t\n\t\t<div  class=\"tribe-events-header__messages tribe-events-c-messages tribe-common-b2 tribe-events-header__messages--mobile tribe-events-header__messages--day\"  >\n\t\t\t<div class=\"tribe-events-c-messages__message tribe-events-c-messages__message--notice\" role=\"alert\">\n\t\t\t<svg  class=\"tribe-common-c-svgicon tribe-common-c-svgicon--messages-not-found tribe-events-c-messages__message-icon-svg\"  viewBox=\"0 0 21 23\" xmlns=\"http:\/\/www.w3.org\/2000\/svg\"><g fill-rule=\"evenodd\"><path d=\"M.5 2.5h20v20H.5z\"\/><path stroke-linecap=\"round\" d=\"M7.583 11.583l5.834 5.834m0-5.834l-5.834 5.834\" class=\"tribe-common-c-svgicon__svg-stroke\"\/><path stroke-linecap=\"round\" d=\"M4.5.5v4m12-4v4\"\/><path stroke-linecap=\"square\" d=\"M.5 7.5h20\"\/><\/g><\/svg>\n\t\t\t<ul class=\"tribe-events-c-messages__message-list\">\n\t\t\t\t\t\t\t\t\t<li\n\t\t\t\t\t\tclass=\"tribe-events-c-messages__message-list-item\"\n\t\t\t\t\t\t data-key=\"no-events-in-day\" \t\t\t\t\t>\n\t\t\t\t\tThere are no events on this day.\t\t\t\t\t<\/li>\n\t\t\t\t\t\t\t<\/ul>\n\t\t<\/div>\n\t<\/div>\n\n\t<\/div>\n\n\t\n\t\t\n<div  class=\"tribe-events-calendar-month-mobile-events__mobile-day\"  id=\"tribe-events-calendar-mobile-day-2026-04-3\">\n\n\t\n\t\t<div  class=\"tribe-events-header__messages tribe-events-c-messages tribe-common-b2 tribe-events-header__messages--mobile tribe-events-header__messages--day\"  >\n\t\t\t<div class=\"tribe-events-c-messages__message tribe-events-c-messages__message--notice\" role=\"alert\">\n\t\t\t<svg  class=\"tribe-common-c-svgicon tribe-common-c-svgicon--messages-not-found tribe-events-c-messages__message-icon-svg\"  viewBox=\"0 0 21 23\" xmlns=\"http:\/\/www.w3.org\/2000\/svg\"><g fill-rule=\"evenodd\"><path d=\"M.5 2.5h20v20H.5z\"\/><path stroke-linecap=\"round\" d=\"M7.583 11.583l5.834 5.834m0-5.834l-5.834 5.834\" class=\"tribe-common-c-svgicon__svg-stroke\"\/><path stroke-linecap=\"round\" d=\"M4.5.5v4m12-4v4\"\/><path stroke-linecap=\"square\" d=\"M.5 7.5h20\"\/><\/g><\/svg>\n\t\t\t<ul class=\"tribe-events-c-messages__message-list\">\n\t\t\t\t\t\t\t\t\t<li\n\t\t\t\t\t\tclass=\"tribe-events-c-messages__message-list-item\"\n\t\t\t\t\t\t data-key=\"no-events-in-day\" \t\t\t\t\t>\n\t\t\t\t\tThere are no events on this day.\t\t\t\t\t<\/li>\n\t\t\t\t\t\t\t<\/ul>\n\t\t<\/div>\n\t<\/div>\n\n\t<\/div>\n\n\t\n\t\t\n<div  class=\"tribe-events-calendar-month-mobile-events__mobile-day\"  id=\"tribe-events-calendar-mobile-day-2026-04-4\">\n\n\t\n\t\t<div  class=\"tribe-events-header__messages tribe-events-c-messages tribe-common-b2 tribe-events-header__messages--mobile tribe-events-header__messages--day\"  >\n\t\t\t<div class=\"tribe-events-c-messages__message tribe-events-c-messages__message--notice\" role=\"alert\">\n\t\t\t<svg  class=\"tribe-common-c-svgicon tribe-common-c-svgicon--messages-not-found tribe-events-c-messages__message-icon-svg\"  viewBox=\"0 0 21 23\" xmlns=\"http:\/\/www.w3.org\/2000\/svg\"><g fill-rule=\"evenodd\"><path d=\"M.5 2.5h20v20H.5z\"\/><path stroke-linecap=\"round\" d=\"M7.583 11.583l5.834 5.834m0-5.834l-5.834 5.834\" class=\"tribe-common-c-svgicon__svg-stroke\"\/><path stroke-linecap=\"round\" d=\"M4.5.5v4m12-4v4\"\/><path stroke-linecap=\"square\" d=\"M.5 7.5h20\"\/><\/g><\/svg>\n\t\t\t<ul class=\"tribe-events-c-messages__message-list\">\n\t\t\t\t\t\t\t\t\t<li\n\t\t\t\t\t\tclass=\"tribe-events-c-messages__message-list-item\"\n\t\t\t\t\t\t data-key=\"no-events-in-day\" \t\t\t\t\t>\n\t\t\t\t\tThere are no events on this day.\t\t\t\t\t<\/li>\n\t\t\t\t\t\t\t<\/ul>\n\t\t<\/div>\n\t<\/div>\n\n\t<\/div>\n\n\t\n\t\t\n<div  class=\"tribe-events-calendar-month-mobile-events__mobile-day\"  id=\"tribe-events-calendar-mobile-day-2026-04-5\">\n\n\t\n\t\t<div  class=\"tribe-events-header__messages tribe-events-c-messages tribe-common-b2 tribe-events-header__messages--mobile tribe-events-header__messages--day\"  >\n\t\t\t<div class=\"tribe-events-c-messages__message tribe-events-c-messages__message--notice\" role=\"alert\">\n\t\t\t<svg  class=\"tribe-common-c-svgicon tribe-common-c-svgicon--messages-not-found tribe-events-c-messages__message-icon-svg\"  viewBox=\"0 0 21 23\" xmlns=\"http:\/\/www.w3.org\/2000\/svg\"><g fill-rule=\"evenodd\"><path d=\"M.5 2.5h20v20H.5z\"\/><path stroke-linecap=\"round\" d=\"M7.583 11.583l5.834 5.834m0-5.834l-5.834 5.834\" class=\"tribe-common-c-svgicon__svg-stroke\"\/><path stroke-linecap=\"round\" d=\"M4.5.5v4m12-4v4\"\/><path stroke-linecap=\"square\" d=\"M.5 7.5h20\"\/><\/g><\/svg>\n\t\t\t<ul class=\"tribe-events-c-messages__message-list\">\n\t\t\t\t\t\t\t\t\t<li\n\t\t\t\t\t\tclass=\"tribe-events-c-messages__message-list-item\"\n\t\t\t\t\t\t data-key=\"no-events-in-day\" \t\t\t\t\t>\n\t\t\t\t\tThere are no events on this day.\t\t\t\t\t<\/li>\n\t\t\t\t\t\t\t<\/ul>\n\t\t<\/div>\n\t<\/div>\n\n\t<\/div>\n\n\t\n\t\t\n<div  class=\"tribe-events-calendar-month-mobile-events__mobile-day\"  id=\"tribe-events-calendar-mobile-day-2026-04-6\">\n\n\t\n\t\t<div  class=\"tribe-events-header__messages tribe-events-c-messages tribe-common-b2 tribe-events-header__messages--mobile tribe-events-header__messages--day\"  >\n\t\t\t<div class=\"tribe-events-c-messages__message tribe-events-c-messages__message--notice\" role=\"alert\">\n\t\t\t<svg  class=\"tribe-common-c-svgicon tribe-common-c-svgicon--messages-not-found tribe-events-c-messages__message-icon-svg\"  viewBox=\"0 0 21 23\" xmlns=\"http:\/\/www.w3.org\/2000\/svg\"><g fill-rule=\"evenodd\"><path d=\"M.5 2.5h20v20H.5z\"\/><path stroke-linecap=\"round\" d=\"M7.583 11.583l5.834 5.834m0-5.834l-5.834 5.834\" class=\"tribe-common-c-svgicon__svg-stroke\"\/><path stroke-linecap=\"round\" d=\"M4.5.5v4m12-4v4\"\/><path stroke-linecap=\"square\" d=\"M.5 7.5h20\"\/><\/g><\/svg>\n\t\t\t<ul class=\"tribe-events-c-messages__message-list\">\n\t\t\t\t\t\t\t\t\t<li\n\t\t\t\t\t\tclass=\"tribe-events-c-messages__message-list-item\"\n\t\t\t\t\t\t data-key=\"no-events-in-day\" \t\t\t\t\t>\n\t\t\t\t\tThere are no events on this day.\t\t\t\t\t<\/li>\n\t\t\t\t\t\t\t<\/ul>\n\t\t<\/div>\n\t<\/div>\n\n\t<\/div>\n\n\t\n\t\t\n<div  class=\"tribe-events-calendar-month-mobile-events__mobile-day\"  id=\"tribe-events-calendar-mobile-day-2026-04-7\">\n\n\t\n\t\t<div  class=\"tribe-events-header__messages tribe-events-c-messages tribe-common-b2 tribe-events-header__messages--mobile tribe-events-header__messages--day\"  >\n\t\t\t<div class=\"tribe-events-c-messages__message tribe-events-c-messages__message--notice\" role=\"alert\">\n\t\t\t<svg  class=\"tribe-common-c-svgicon tribe-common-c-svgicon--messages-not-found tribe-events-c-messages__message-icon-svg\"  viewBox=\"0 0 21 23\" xmlns=\"http:\/\/www.w3.org\/2000\/svg\"><g fill-rule=\"evenodd\"><path d=\"M.5 2.5h20v20H.5z\"\/><path stroke-linecap=\"round\" d=\"M7.583 11.583l5.834 5.834m0-5.834l-5.834 5.834\" class=\"tribe-common-c-svgicon__svg-stroke\"\/><path stroke-linecap=\"round\" d=\"M4.5.5v4m12-4v4\"\/><path stroke-linecap=\"square\" d=\"M.5 7.5h20\"\/><\/g><\/svg>\n\t\t\t<ul class=\"tribe-events-c-messages__message-list\">\n\t\t\t\t\t\t\t\t\t<li\n\t\t\t\t\t\tclass=\"tribe-events-c-messages__message-list-item\"\n\t\t\t\t\t\t data-key=\"no-events-in-day\" \t\t\t\t\t>\n\t\t\t\t\tThere are no events on this day.\t\t\t\t\t<\/li>\n\t\t\t\t\t\t\t<\/ul>\n\t\t<\/div>\n\t<\/div>\n\n\t<\/div>\n\n\t\n\t\t\n<div  class=\"tribe-events-calendar-month-mobile-events__mobile-day\"  id=\"tribe-events-calendar-mobile-day-2026-04-8\">\n\n\t\n\t\t<div  class=\"tribe-events-header__messages tribe-events-c-messages tribe-common-b2 tribe-events-header__messages--mobile tribe-events-header__messages--day\"  >\n\t\t\t<div class=\"tribe-events-c-messages__message tribe-events-c-messages__message--notice\" role=\"alert\">\n\t\t\t<svg  class=\"tribe-common-c-svgicon tribe-common-c-svgicon--messages-not-found tribe-events-c-messages__message-icon-svg\"  viewBox=\"0 0 21 23\" xmlns=\"http:\/\/www.w3.org\/2000\/svg\"><g fill-rule=\"evenodd\"><path d=\"M.5 2.5h20v20H.5z\"\/><path stroke-linecap=\"round\" d=\"M7.583 11.583l5.834 5.834m0-5.834l-5.834 5.834\" class=\"tribe-common-c-svgicon__svg-stroke\"\/><path stroke-linecap=\"round\" d=\"M4.5.5v4m12-4v4\"\/><path stroke-linecap=\"square\" d=\"M.5 7.5h20\"\/><\/g><\/svg>\n\t\t\t<ul class=\"tribe-events-c-messages__message-list\">\n\t\t\t\t\t\t\t\t\t<li\n\t\t\t\t\t\tclass=\"tribe-events-c-messages__message-list-item\"\n\t\t\t\t\t\t data-key=\"no-events-in-day\" \t\t\t\t\t>\n\t\t\t\t\tThere are no events on this day.\t\t\t\t\t<\/li>\n\t\t\t\t\t\t\t<\/ul>\n\t\t<\/div>\n\t<\/div>\n\n\t<\/div>\n\n\t\n\t\t\n<div  class=\"tribe-events-calendar-month-mobile-events__mobile-day\"  id=\"tribe-events-calendar-mobile-day-2026-04-9\">\n\n\t\n\t\t<div  class=\"tribe-events-header__messages tribe-events-c-messages tribe-common-b2 tribe-events-header__messages--mobile tribe-events-header__messages--day\"  >\n\t\t\t<div class=\"tribe-events-c-messages__message tribe-events-c-messages__message--notice\" role=\"alert\">\n\t\t\t<svg  class=\"tribe-common-c-svgicon tribe-common-c-svgicon--messages-not-found tribe-events-c-messages__message-icon-svg\"  viewBox=\"0 0 21 23\" xmlns=\"http:\/\/www.w3.org\/2000\/svg\"><g fill-rule=\"evenodd\"><path d=\"M.5 2.5h20v20H.5z\"\/><path stroke-linecap=\"round\" d=\"M7.583 11.583l5.834 5.834m0-5.834l-5.834 5.834\" class=\"tribe-common-c-svgicon__svg-stroke\"\/><path stroke-linecap=\"round\" d=\"M4.5.5v4m12-4v4\"\/><path stroke-linecap=\"square\" d=\"M.5 7.5h20\"\/><\/g><\/svg>\n\t\t\t<ul class=\"tribe-events-c-messages__message-list\">\n\t\t\t\t\t\t\t\t\t<li\n\t\t\t\t\t\tclass=\"tribe-events-c-messages__message-list-item\"\n\t\t\t\t\t\t data-key=\"no-events-in-day\" \t\t\t\t\t>\n\t\t\t\t\tThere are no events on this day.\t\t\t\t\t<\/li>\n\t\t\t\t\t\t\t<\/ul>\n\t\t<\/div>\n\t<\/div>\n\n\t<\/div>\n\n\t\n\t\t\n<div  class=\"tribe-events-calendar-month-mobile-events__mobile-day\"  id=\"tribe-events-calendar-mobile-day-2026-04-10\">\n\n\t\n\t\t<div  class=\"tribe-events-header__messages tribe-events-c-messages tribe-common-b2 tribe-events-header__messages--mobile tribe-events-header__messages--day\"  >\n\t\t\t<div class=\"tribe-events-c-messages__message tribe-events-c-messages__message--notice\" role=\"alert\">\n\t\t\t<svg  class=\"tribe-common-c-svgicon tribe-common-c-svgicon--messages-not-found tribe-events-c-messages__message-icon-svg\"  viewBox=\"0 0 21 23\" xmlns=\"http:\/\/www.w3.org\/2000\/svg\"><g fill-rule=\"evenodd\"><path d=\"M.5 2.5h20v20H.5z\"\/><path stroke-linecap=\"round\" d=\"M7.583 11.583l5.834 5.834m0-5.834l-5.834 5.834\" class=\"tribe-common-c-svgicon__svg-stroke\"\/><path stroke-linecap=\"round\" d=\"M4.5.5v4m12-4v4\"\/><path stroke-linecap=\"square\" d=\"M.5 7.5h20\"\/><\/g><\/svg>\n\t\t\t<ul class=\"tribe-events-c-messages__message-list\">\n\t\t\t\t\t\t\t\t\t<li\n\t\t\t\t\t\tclass=\"tribe-events-c-messages__message-list-item\"\n\t\t\t\t\t\t data-key=\"no-events-in-day\" \t\t\t\t\t>\n\t\t\t\t\tThere are no events on this day.\t\t\t\t\t<\/li>\n\t\t\t\t\t\t\t<\/ul>\n\t\t<\/div>\n\t<\/div>\n\n\t<\/div>\n\n\t\n\t\t\n<div  class=\"tribe-events-calendar-month-mobile-events__mobile-day\"  id=\"tribe-events-calendar-mobile-day-2026-04-11\">\n\n\t\n\t\t<div  class=\"tribe-events-header__messages tribe-events-c-messages tribe-common-b2 tribe-events-header__messages--mobile tribe-events-header__messages--day\"  >\n\t\t\t<div class=\"tribe-events-c-messages__message tribe-events-c-messages__message--notice\" role=\"alert\">\n\t\t\t<svg  class=\"tribe-common-c-svgicon tribe-common-c-svgicon--messages-not-found tribe-events-c-messages__message-icon-svg\"  viewBox=\"0 0 21 23\" xmlns=\"http:\/\/www.w3.org\/2000\/svg\"><g fill-rule=\"evenodd\"><path d=\"M.5 2.5h20v20H.5z\"\/><path stroke-linecap=\"round\" d=\"M7.583 11.583l5.834 5.834m0-5.834l-5.834 5.834\" class=\"tribe-common-c-svgicon__svg-stroke\"\/><path stroke-linecap=\"round\" d=\"M4.5.5v4m12-4v4\"\/><path stroke-linecap=\"square\" d=\"M.5 7.5h20\"\/><\/g><\/svg>\n\t\t\t<ul class=\"tribe-events-c-messages__message-list\">\n\t\t\t\t\t\t\t\t\t<li\n\t\t\t\t\t\tclass=\"tribe-events-c-messages__message-list-item\"\n\t\t\t\t\t\t data-key=\"no-events-in-day\" \t\t\t\t\t>\n\t\t\t\t\tThere are no events on this day.\t\t\t\t\t<\/li>\n\t\t\t\t\t\t\t<\/ul>\n\t\t<\/div>\n\t<\/div>\n\n\t<\/div>\n\n\t\n\t\t\n<div  class=\"tribe-events-calendar-month-mobile-events__mobile-day\"  id=\"tribe-events-calendar-mobile-day-2026-04-12\">\n\n\t\n\t\t<div  class=\"tribe-events-header__messages tribe-events-c-messages tribe-common-b2 tribe-events-header__messages--mobile tribe-events-header__messages--day\"  >\n\t\t\t<div class=\"tribe-events-c-messages__message tribe-events-c-messages__message--notice\" role=\"alert\">\n\t\t\t<svg  class=\"tribe-common-c-svgicon tribe-common-c-svgicon--messages-not-found tribe-events-c-messages__message-icon-svg\"  viewBox=\"0 0 21 23\" xmlns=\"http:\/\/www.w3.org\/2000\/svg\"><g fill-rule=\"evenodd\"><path d=\"M.5 2.5h20v20H.5z\"\/><path stroke-linecap=\"round\" d=\"M7.583 11.583l5.834 5.834m0-5.834l-5.834 5.834\" class=\"tribe-common-c-svgicon__svg-stroke\"\/><path stroke-linecap=\"round\" d=\"M4.5.5v4m12-4v4\"\/><path stroke-linecap=\"square\" d=\"M.5 7.5h20\"\/><\/g><\/svg>\n\t\t\t<ul class=\"tribe-events-c-messages__message-list\">\n\t\t\t\t\t\t\t\t\t<li\n\t\t\t\t\t\tclass=\"tribe-events-c-messages__message-list-item\"\n\t\t\t\t\t\t data-key=\"no-events-in-day\" \t\t\t\t\t>\n\t\t\t\t\tThere are no events on this day.\t\t\t\t\t<\/li>\n\t\t\t\t\t\t\t<\/ul>\n\t\t<\/div>\n\t<\/div>\n\n\t<\/div>\n\n\t\n\t\t\n<div  class=\"tribe-events-calendar-month-mobile-events__mobile-day\"  id=\"tribe-events-calendar-mobile-day-2026-04-13\">\n\n\t\n\t\t<div  class=\"tribe-events-header__messages tribe-events-c-messages tribe-common-b2 tribe-events-header__messages--mobile tribe-events-header__messages--day\"  >\n\t\t\t<div class=\"tribe-events-c-messages__message tribe-events-c-messages__message--notice\" role=\"alert\">\n\t\t\t<svg  class=\"tribe-common-c-svgicon tribe-common-c-svgicon--messages-not-found tribe-events-c-messages__message-icon-svg\"  viewBox=\"0 0 21 23\" xmlns=\"http:\/\/www.w3.org\/2000\/svg\"><g fill-rule=\"evenodd\"><path d=\"M.5 2.5h20v20H.5z\"\/><path stroke-linecap=\"round\" d=\"M7.583 11.583l5.834 5.834m0-5.834l-5.834 5.834\" class=\"tribe-common-c-svgicon__svg-stroke\"\/><path stroke-linecap=\"round\" d=\"M4.5.5v4m12-4v4\"\/><path stroke-linecap=\"square\" d=\"M.5 7.5h20\"\/><\/g><\/svg>\n\t\t\t<ul class=\"tribe-events-c-messages__message-list\">\n\t\t\t\t\t\t\t\t\t<li\n\t\t\t\t\t\tclass=\"tribe-events-c-messages__message-list-item\"\n\t\t\t\t\t\t data-key=\"no-events-in-day\" \t\t\t\t\t>\n\t\t\t\t\tThere are no events on this day.\t\t\t\t\t<\/li>\n\t\t\t\t\t\t\t<\/ul>\n\t\t<\/div>\n\t<\/div>\n\n\t<\/div>\n\n\t\n\t\t\n<div  class=\"tribe-events-calendar-month-mobile-events__mobile-day\"  id=\"tribe-events-calendar-mobile-day-2026-04-14\">\n\n\t\n\t\t<div  class=\"tribe-events-header__messages tribe-events-c-messages tribe-common-b2 tribe-events-header__messages--mobile tribe-events-header__messages--day\"  >\n\t\t\t<div class=\"tribe-events-c-messages__message tribe-events-c-messages__message--notice\" role=\"alert\">\n\t\t\t<svg  class=\"tribe-common-c-svgicon tribe-common-c-svgicon--messages-not-found tribe-events-c-messages__message-icon-svg\"  viewBox=\"0 0 21 23\" xmlns=\"http:\/\/www.w3.org\/2000\/svg\"><g fill-rule=\"evenodd\"><path d=\"M.5 2.5h20v20H.5z\"\/><path stroke-linecap=\"round\" d=\"M7.583 11.583l5.834 5.834m0-5.834l-5.834 5.834\" class=\"tribe-common-c-svgicon__svg-stroke\"\/><path stroke-linecap=\"round\" d=\"M4.5.5v4m12-4v4\"\/><path stroke-linecap=\"square\" d=\"M.5 7.5h20\"\/><\/g><\/svg>\n\t\t\t<ul class=\"tribe-events-c-messages__message-list\">\n\t\t\t\t\t\t\t\t\t<li\n\t\t\t\t\t\tclass=\"tribe-events-c-messages__message-list-item\"\n\t\t\t\t\t\t data-key=\"no-events-in-day\" \t\t\t\t\t>\n\t\t\t\t\tThere are no events on this day.\t\t\t\t\t<\/li>\n\t\t\t\t\t\t\t<\/ul>\n\t\t<\/div>\n\t<\/div>\n\n\t<\/div>\n\n\t\n\t\t\n<div  class=\"tribe-events-calendar-month-mobile-events__mobile-day\"  id=\"tribe-events-calendar-mobile-day-2026-04-15\">\n\n\t\n\t\t<div  class=\"tribe-events-header__messages tribe-events-c-messages tribe-common-b2 tribe-events-header__messages--mobile tribe-events-header__messages--day\"  >\n\t\t\t<div class=\"tribe-events-c-messages__message tribe-events-c-messages__message--notice\" role=\"alert\">\n\t\t\t<svg  class=\"tribe-common-c-svgicon tribe-common-c-svgicon--messages-not-found tribe-events-c-messages__message-icon-svg\"  viewBox=\"0 0 21 23\" xmlns=\"http:\/\/www.w3.org\/2000\/svg\"><g fill-rule=\"evenodd\"><path d=\"M.5 2.5h20v20H.5z\"\/><path stroke-linecap=\"round\" d=\"M7.583 11.583l5.834 5.834m0-5.834l-5.834 5.834\" class=\"tribe-common-c-svgicon__svg-stroke\"\/><path stroke-linecap=\"round\" d=\"M4.5.5v4m12-4v4\"\/><path stroke-linecap=\"square\" d=\"M.5 7.5h20\"\/><\/g><\/svg>\n\t\t\t<ul class=\"tribe-events-c-messages__message-list\">\n\t\t\t\t\t\t\t\t\t<li\n\t\t\t\t\t\tclass=\"tribe-events-c-messages__message-list-item\"\n\t\t\t\t\t\t data-key=\"no-events-in-day\" \t\t\t\t\t>\n\t\t\t\t\tThere are no events on this day.\t\t\t\t\t<\/li>\n\t\t\t\t\t\t\t<\/ul>\n\t\t<\/div>\n\t<\/div>\n\n\t<\/div>\n\n\t\n\t\t\n<div  class=\"tribe-events-calendar-month-mobile-events__mobile-day\"  id=\"tribe-events-calendar-mobile-day-2026-04-16\">\n\n\t\n\t\t<div  class=\"tribe-events-header__messages tribe-events-c-messages tribe-common-b2 tribe-events-header__messages--mobile tribe-events-header__messages--day\"  >\n\t\t\t<div class=\"tribe-events-c-messages__message tribe-events-c-messages__message--notice\" role=\"alert\">\n\t\t\t<svg  class=\"tribe-common-c-svgicon tribe-common-c-svgicon--messages-not-found tribe-events-c-messages__message-icon-svg\"  viewBox=\"0 0 21 23\" xmlns=\"http:\/\/www.w3.org\/2000\/svg\"><g fill-rule=\"evenodd\"><path d=\"M.5 2.5h20v20H.5z\"\/><path stroke-linecap=\"round\" d=\"M7.583 11.583l5.834 5.834m0-5.834l-5.834 5.834\" class=\"tribe-common-c-svgicon__svg-stroke\"\/><path stroke-linecap=\"round\" d=\"M4.5.5v4m12-4v4\"\/><path stroke-linecap=\"square\" d=\"M.5 7.5h20\"\/><\/g><\/svg>\n\t\t\t<ul class=\"tribe-events-c-messages__message-list\">\n\t\t\t\t\t\t\t\t\t<li\n\t\t\t\t\t\tclass=\"tribe-events-c-messages__message-list-item\"\n\t\t\t\t\t\t data-key=\"no-events-in-day\" \t\t\t\t\t>\n\t\t\t\t\tThere are no events on this day.\t\t\t\t\t<\/li>\n\t\t\t\t\t\t\t<\/ul>\n\t\t<\/div>\n\t<\/div>\n\n\t<\/div>\n\n\t\n\t\t\n<div  class=\"tribe-events-calendar-month-mobile-events__mobile-day\"  id=\"tribe-events-calendar-mobile-day-2026-04-17\">\n\n\t\n\t\t<div  class=\"tribe-events-header__messages tribe-events-c-messages tribe-common-b2 tribe-events-header__messages--mobile tribe-events-header__messages--day\"  >\n\t\t\t<div class=\"tribe-events-c-messages__message tribe-events-c-messages__message--notice\" role=\"alert\">\n\t\t\t<svg  class=\"tribe-common-c-svgicon tribe-common-c-svgicon--messages-not-found tribe-events-c-messages__message-icon-svg\"  viewBox=\"0 0 21 23\" xmlns=\"http:\/\/www.w3.org\/2000\/svg\"><g fill-rule=\"evenodd\"><path d=\"M.5 2.5h20v20H.5z\"\/><path stroke-linecap=\"round\" d=\"M7.583 11.583l5.834 5.834m0-5.834l-5.834 5.834\" class=\"tribe-common-c-svgicon__svg-stroke\"\/><path stroke-linecap=\"round\" d=\"M4.5.5v4m12-4v4\"\/><path stroke-linecap=\"square\" d=\"M.5 7.5h20\"\/><\/g><\/svg>\n\t\t\t<ul class=\"tribe-events-c-messages__message-list\">\n\t\t\t\t\t\t\t\t\t<li\n\t\t\t\t\t\tclass=\"tribe-events-c-messages__message-list-item\"\n\t\t\t\t\t\t data-key=\"no-events-in-day\" \t\t\t\t\t>\n\t\t\t\t\tThere are no events on this day.\t\t\t\t\t<\/li>\n\t\t\t\t\t\t\t<\/ul>\n\t\t<\/div>\n\t<\/div>\n\n\t<\/div>\n\n\t\n\t\t\n<div  class=\"tribe-events-calendar-month-mobile-events__mobile-day\"  id=\"tribe-events-calendar-mobile-day-2026-04-18\">\n\n\t\n\t\t<div  class=\"tribe-events-header__messages tribe-events-c-messages tribe-common-b2 tribe-events-header__messages--mobile tribe-events-header__messages--day\"  >\n\t\t\t<div class=\"tribe-events-c-messages__message tribe-events-c-messages__message--notice\" role=\"alert\">\n\t\t\t<svg  class=\"tribe-common-c-svgicon tribe-common-c-svgicon--messages-not-found tribe-events-c-messages__message-icon-svg\"  viewBox=\"0 0 21 23\" xmlns=\"http:\/\/www.w3.org\/2000\/svg\"><g fill-rule=\"evenodd\"><path d=\"M.5 2.5h20v20H.5z\"\/><path stroke-linecap=\"round\" d=\"M7.583 11.583l5.834 5.834m0-5.834l-5.834 5.834\" class=\"tribe-common-c-svgicon__svg-stroke\"\/><path stroke-linecap=\"round\" d=\"M4.5.5v4m12-4v4\"\/><path stroke-linecap=\"square\" d=\"M.5 7.5h20\"\/><\/g><\/svg>\n\t\t\t<ul class=\"tribe-events-c-messages__message-list\">\n\t\t\t\t\t\t\t\t\t<li\n\t\t\t\t\t\tclass=\"tribe-events-c-messages__message-list-item\"\n\t\t\t\t\t\t data-key=\"no-events-in-day\" \t\t\t\t\t>\n\t\t\t\t\tThere are no events on this day.\t\t\t\t\t<\/li>\n\t\t\t\t\t\t\t<\/ul>\n\t\t<\/div>\n\t<\/div>\n\n\t<\/div>\n\n\t\n\t\t\n<div  class=\"tribe-events-calendar-month-mobile-events__mobile-day\"  id=\"tribe-events-calendar-mobile-day-2026-04-19\">\n\n\t\n\t\t<div  class=\"tribe-events-header__messages tribe-events-c-messages tribe-common-b2 tribe-events-header__messages--mobile tribe-events-header__messages--day\"  >\n\t\t\t<div class=\"tribe-events-c-messages__message tribe-events-c-messages__message--notice\" role=\"alert\">\n\t\t\t<svg  class=\"tribe-common-c-svgicon tribe-common-c-svgicon--messages-not-found tribe-events-c-messages__message-icon-svg\"  viewBox=\"0 0 21 23\" xmlns=\"http:\/\/www.w3.org\/2000\/svg\"><g fill-rule=\"evenodd\"><path d=\"M.5 2.5h20v20H.5z\"\/><path stroke-linecap=\"round\" d=\"M7.583 11.583l5.834 5.834m0-5.834l-5.834 5.834\" class=\"tribe-common-c-svgicon__svg-stroke\"\/><path stroke-linecap=\"round\" d=\"M4.5.5v4m12-4v4\"\/><path stroke-linecap=\"square\" d=\"M.5 7.5h20\"\/><\/g><\/svg>\n\t\t\t<ul class=\"tribe-events-c-messages__message-list\">\n\t\t\t\t\t\t\t\t\t<li\n\t\t\t\t\t\tclass=\"tribe-events-c-messages__message-list-item\"\n\t\t\t\t\t\t data-key=\"no-events-in-day\" \t\t\t\t\t>\n\t\t\t\t\tThere are no events on this day.\t\t\t\t\t<\/li>\n\t\t\t\t\t\t\t<\/ul>\n\t\t<\/div>\n\t<\/div>\n\n\t<\/div>\n\n\t\n\t\t\n<div  class=\"tribe-events-calendar-month-mobile-events__mobile-day\"  id=\"tribe-events-calendar-mobile-day-2026-04-20\">\n\n\t\n\t\t<div  class=\"tribe-events-header__messages tribe-events-c-messages tribe-common-b2 tribe-events-header__messages--mobile tribe-events-header__messages--day\"  >\n\t\t\t<div class=\"tribe-events-c-messages__message tribe-events-c-messages__message--notice\" role=\"alert\">\n\t\t\t<svg  class=\"tribe-common-c-svgicon tribe-common-c-svgicon--messages-not-found tribe-events-c-messages__message-icon-svg\"  viewBox=\"0 0 21 23\" xmlns=\"http:\/\/www.w3.org\/2000\/svg\"><g fill-rule=\"evenodd\"><path d=\"M.5 2.5h20v20H.5z\"\/><path stroke-linecap=\"round\" d=\"M7.583 11.583l5.834 5.834m0-5.834l-5.834 5.834\" class=\"tribe-common-c-svgicon__svg-stroke\"\/><path stroke-linecap=\"round\" d=\"M4.5.5v4m12-4v4\"\/><path stroke-linecap=\"square\" d=\"M.5 7.5h20\"\/><\/g><\/svg>\n\t\t\t<ul class=\"tribe-events-c-messages__message-list\">\n\t\t\t\t\t\t\t\t\t<li\n\t\t\t\t\t\tclass=\"tribe-events-c-messages__message-list-item\"\n\t\t\t\t\t\t data-key=\"no-events-in-day\" \t\t\t\t\t>\n\t\t\t\t\tThere are no events on this day.\t\t\t\t\t<\/li>\n\t\t\t\t\t\t\t<\/ul>\n\t\t<\/div>\n\t<\/div>\n\n\t<\/div>\n\n\t\n\t\t\n<div  class=\"tribe-events-calendar-month-mobile-events__mobile-day\"  id=\"tribe-events-calendar-mobile-day-2026-04-21\">\n\n\t\n\t\t<div  class=\"tribe-events-header__messages tribe-events-c-messages tribe-common-b2 tribe-events-header__messages--mobile tribe-events-header__messages--day\"  >\n\t\t\t<div class=\"tribe-events-c-messages__message tribe-events-c-messages__message--notice\" role=\"alert\">\n\t\t\t<svg  class=\"tribe-common-c-svgicon tribe-common-c-svgicon--messages-not-found tribe-events-c-messages__message-icon-svg\"  viewBox=\"0 0 21 23\" xmlns=\"http:\/\/www.w3.org\/2000\/svg\"><g fill-rule=\"evenodd\"><path d=\"M.5 2.5h20v20H.5z\"\/><path stroke-linecap=\"round\" d=\"M7.583 11.583l5.834 5.834m0-5.834l-5.834 5.834\" class=\"tribe-common-c-svgicon__svg-stroke\"\/><path stroke-linecap=\"round\" d=\"M4.5.5v4m12-4v4\"\/><path stroke-linecap=\"square\" d=\"M.5 7.5h20\"\/><\/g><\/svg>\n\t\t\t<ul class=\"tribe-events-c-messages__message-list\">\n\t\t\t\t\t\t\t\t\t<li\n\t\t\t\t\t\tclass=\"tribe-events-c-messages__message-list-item\"\n\t\t\t\t\t\t data-key=\"no-events-in-day\" \t\t\t\t\t>\n\t\t\t\t\tThere are no events on this day.\t\t\t\t\t<\/li>\n\t\t\t\t\t\t\t<\/ul>\n\t\t<\/div>\n\t<\/div>\n\n\t<\/div>\n\n\t\n\t\t\n<div  class=\"tribe-events-calendar-month-mobile-events__mobile-day\"  id=\"tribe-events-calendar-mobile-day-2026-04-22\">\n\n\t\n\t\t<div  class=\"tribe-events-header__messages tribe-events-c-messages tribe-common-b2 tribe-events-header__messages--mobile tribe-events-header__messages--day\"  >\n\t\t\t<div class=\"tribe-events-c-messages__message tribe-events-c-messages__message--notice\" role=\"alert\">\n\t\t\t<svg  class=\"tribe-common-c-svgicon tribe-common-c-svgicon--messages-not-found tribe-events-c-messages__message-icon-svg\"  viewBox=\"0 0 21 23\" xmlns=\"http:\/\/www.w3.org\/2000\/svg\"><g fill-rule=\"evenodd\"><path d=\"M.5 2.5h20v20H.5z\"\/><path stroke-linecap=\"round\" d=\"M7.583 11.583l5.834 5.834m0-5.834l-5.834 5.834\" class=\"tribe-common-c-svgicon__svg-stroke\"\/><path stroke-linecap=\"round\" d=\"M4.5.5v4m12-4v4\"\/><path stroke-linecap=\"square\" d=\"M.5 7.5h20\"\/><\/g><\/svg>\n\t\t\t<ul class=\"tribe-events-c-messages__message-list\">\n\t\t\t\t\t\t\t\t\t<li\n\t\t\t\t\t\tclass=\"tribe-events-c-messages__message-list-item\"\n\t\t\t\t\t\t data-key=\"no-events-in-day\" \t\t\t\t\t>\n\t\t\t\t\tThere are no events on this day.\t\t\t\t\t<\/li>\n\t\t\t\t\t\t\t<\/ul>\n\t\t<\/div>\n\t<\/div>\n\n\t<\/div>\n\n\t\n\t\t\n<div  class=\"tribe-events-calendar-month-mobile-events__mobile-day\"  id=\"tribe-events-calendar-mobile-day-2026-04-23\">\n\n\t\n\t\t<div  class=\"tribe-events-header__messages tribe-events-c-messages tribe-common-b2 tribe-events-header__messages--mobile tribe-events-header__messages--day\"  >\n\t\t\t<div class=\"tribe-events-c-messages__message tribe-events-c-messages__message--notice\" role=\"alert\">\n\t\t\t<svg  class=\"tribe-common-c-svgicon tribe-common-c-svgicon--messages-not-found tribe-events-c-messages__message-icon-svg\"  viewBox=\"0 0 21 23\" xmlns=\"http:\/\/www.w3.org\/2000\/svg\"><g fill-rule=\"evenodd\"><path d=\"M.5 2.5h20v20H.5z\"\/><path stroke-linecap=\"round\" d=\"M7.583 11.583l5.834 5.834m0-5.834l-5.834 5.834\" class=\"tribe-common-c-svgicon__svg-stroke\"\/><path stroke-linecap=\"round\" d=\"M4.5.5v4m12-4v4\"\/><path stroke-linecap=\"square\" d=\"M.5 7.5h20\"\/><\/g><\/svg>\n\t\t\t<ul class=\"tribe-events-c-messages__message-list\">\n\t\t\t\t\t\t\t\t\t<li\n\t\t\t\t\t\tclass=\"tribe-events-c-messages__message-list-item\"\n\t\t\t\t\t\t data-key=\"no-events-in-day\" \t\t\t\t\t>\n\t\t\t\t\tThere are no events on this day.\t\t\t\t\t<\/li>\n\t\t\t\t\t\t\t<\/ul>\n\t\t<\/div>\n\t<\/div>\n\n\t<\/div>\n\n\t\n\t\t\n<div  class=\"tribe-events-calendar-month-mobile-events__mobile-day\"  id=\"tribe-events-calendar-mobile-day-2026-04-24\">\n\n\t\n\t\t<div  class=\"tribe-events-header__messages tribe-events-c-messages tribe-common-b2 tribe-events-header__messages--mobile tribe-events-header__messages--day\"  >\n\t\t\t<div class=\"tribe-events-c-messages__message tribe-events-c-messages__message--notice\" role=\"alert\">\n\t\t\t<svg  class=\"tribe-common-c-svgicon tribe-common-c-svgicon--messages-not-found tribe-events-c-messages__message-icon-svg\"  viewBox=\"0 0 21 23\" xmlns=\"http:\/\/www.w3.org\/2000\/svg\"><g fill-rule=\"evenodd\"><path d=\"M.5 2.5h20v20H.5z\"\/><path stroke-linecap=\"round\" d=\"M7.583 11.583l5.834 5.834m0-5.834l-5.834 5.834\" class=\"tribe-common-c-svgicon__svg-stroke\"\/><path stroke-linecap=\"round\" d=\"M4.5.5v4m12-4v4\"\/><path stroke-linecap=\"square\" d=\"M.5 7.5h20\"\/><\/g><\/svg>\n\t\t\t<ul class=\"tribe-events-c-messages__message-list\">\n\t\t\t\t\t\t\t\t\t<li\n\t\t\t\t\t\tclass=\"tribe-events-c-messages__message-list-item\"\n\t\t\t\t\t\t data-key=\"no-events-in-day\" \t\t\t\t\t>\n\t\t\t\t\tThere are no events on this day.\t\t\t\t\t<\/li>\n\t\t\t\t\t\t\t<\/ul>\n\t\t<\/div>\n\t<\/div>\n\n\t<\/div>\n\n\t\n\t\t\n<div  class=\"tribe-events-calendar-month-mobile-events__mobile-day\"  id=\"tribe-events-calendar-mobile-day-2026-04-25\">\n\n\t\n\t\t<div  class=\"tribe-events-header__messages tribe-events-c-messages tribe-common-b2 tribe-events-header__messages--mobile tribe-events-header__messages--day\"  >\n\t\t\t<div class=\"tribe-events-c-messages__message tribe-events-c-messages__message--notice\" role=\"alert\">\n\t\t\t<svg  class=\"tribe-common-c-svgicon tribe-common-c-svgicon--messages-not-found tribe-events-c-messages__message-icon-svg\"  viewBox=\"0 0 21 23\" xmlns=\"http:\/\/www.w3.org\/2000\/svg\"><g fill-rule=\"evenodd\"><path d=\"M.5 2.5h20v20H.5z\"\/><path stroke-linecap=\"round\" d=\"M7.583 11.583l5.834 5.834m0-5.834l-5.834 5.834\" class=\"tribe-common-c-svgicon__svg-stroke\"\/><path stroke-linecap=\"round\" d=\"M4.5.5v4m12-4v4\"\/><path stroke-linecap=\"square\" d=\"M.5 7.5h20\"\/><\/g><\/svg>\n\t\t\t<ul class=\"tribe-events-c-messages__message-list\">\n\t\t\t\t\t\t\t\t\t<li\n\t\t\t\t\t\tclass=\"tribe-events-c-messages__message-list-item\"\n\t\t\t\t\t\t data-key=\"no-events-in-day\" \t\t\t\t\t>\n\t\t\t\t\tThere are no events on this day.\t\t\t\t\t<\/li>\n\t\t\t\t\t\t\t<\/ul>\n\t\t<\/div>\n\t<\/div>\n\n\t<\/div>\n\n\t\n\t\t\n<div  class=\"tribe-events-calendar-month-mobile-events__mobile-day\"  id=\"tribe-events-calendar-mobile-day-2026-04-26\">\n\n\t\n\t\t<div  class=\"tribe-events-header__messages tribe-events-c-messages tribe-common-b2 tribe-events-header__messages--mobile tribe-events-header__messages--day\"  >\n\t\t\t<div class=\"tribe-events-c-messages__message tribe-events-c-messages__message--notice\" role=\"alert\">\n\t\t\t<svg  class=\"tribe-common-c-svgicon tribe-common-c-svgicon--messages-not-found tribe-events-c-messages__message-icon-svg\"  viewBox=\"0 0 21 23\" xmlns=\"http:\/\/www.w3.org\/2000\/svg\"><g fill-rule=\"evenodd\"><path d=\"M.5 2.5h20v20H.5z\"\/><path stroke-linecap=\"round\" d=\"M7.583 11.583l5.834 5.834m0-5.834l-5.834 5.834\" class=\"tribe-common-c-svgicon__svg-stroke\"\/><path stroke-linecap=\"round\" d=\"M4.5.5v4m12-4v4\"\/><path stroke-linecap=\"square\" d=\"M.5 7.5h20\"\/><\/g><\/svg>\n\t\t\t<ul class=\"tribe-events-c-messages__message-list\">\n\t\t\t\t\t\t\t\t\t<li\n\t\t\t\t\t\tclass=\"tribe-events-c-messages__message-list-item\"\n\t\t\t\t\t\t data-key=\"no-events-in-day\" \t\t\t\t\t>\n\t\t\t\t\tThere are no events on this day.\t\t\t\t\t<\/li>\n\t\t\t\t\t\t\t<\/ul>\n\t\t<\/div>\n\t<\/div>\n\n\t<\/div>\n\n\t\n\t\t\n<div  class=\"tribe-events-calendar-month-mobile-events__mobile-day\"  id=\"tribe-events-calendar-mobile-day-2026-04-27\">\n\n\t\n\t\t<div  class=\"tribe-events-header__messages tribe-events-c-messages tribe-common-b2 tribe-events-header__messages--mobile tribe-events-header__messages--day\"  >\n\t\t\t<div class=\"tribe-events-c-messages__message tribe-events-c-messages__message--notice\" role=\"alert\">\n\t\t\t<svg  class=\"tribe-common-c-svgicon tribe-common-c-svgicon--messages-not-found tribe-events-c-messages__message-icon-svg\"  viewBox=\"0 0 21 23\" xmlns=\"http:\/\/www.w3.org\/2000\/svg\"><g fill-rule=\"evenodd\"><path d=\"M.5 2.5h20v20H.5z\"\/><path stroke-linecap=\"round\" d=\"M7.583 11.583l5.834 5.834m0-5.834l-5.834 5.834\" class=\"tribe-common-c-svgicon__svg-stroke\"\/><path stroke-linecap=\"round\" d=\"M4.5.5v4m12-4v4\"\/><path stroke-linecap=\"square\" d=\"M.5 7.5h20\"\/><\/g><\/svg>\n\t\t\t<ul class=\"tribe-events-c-messages__message-list\">\n\t\t\t\t\t\t\t\t\t<li\n\t\t\t\t\t\tclass=\"tribe-events-c-messages__message-list-item\"\n\t\t\t\t\t\t data-key=\"no-events-in-day\" \t\t\t\t\t>\n\t\t\t\t\tThere are no events on this day.\t\t\t\t\t<\/li>\n\t\t\t\t\t\t\t<\/ul>\n\t\t<\/div>\n\t<\/div>\n\n\t<\/div>\n\n\t\n\t\t\n<div  class=\"tribe-events-calendar-month-mobile-events__mobile-day tribe-events-calendar-month-mobile-events__mobile-day--show\"  id=\"tribe-events-calendar-mobile-day-2026-04-28\">\n\n\t\n\t\t<div  class=\"tribe-events-header__messages tribe-events-c-messages tribe-common-b2 tribe-events-header__messages--mobile tribe-events-header__messages--day\"  >\n\t\t\t<div class=\"tribe-events-c-messages__message tribe-events-c-messages__message--notice\" role=\"alert\">\n\t\t\t<svg  class=\"tribe-common-c-svgicon tribe-common-c-svgicon--messages-not-found tribe-events-c-messages__message-icon-svg\"  viewBox=\"0 0 21 23\" xmlns=\"http:\/\/www.w3.org\/2000\/svg\"><g fill-rule=\"evenodd\"><path d=\"M.5 2.5h20v20H.5z\"\/><path stroke-linecap=\"round\" d=\"M7.583 11.583l5.834 5.834m0-5.834l-5.834 5.834\" class=\"tribe-common-c-svgicon__svg-stroke\"\/><path stroke-linecap=\"round\" d=\"M4.5.5v4m12-4v4\"\/><path stroke-linecap=\"square\" d=\"M.5 7.5h20\"\/><\/g><\/svg>\n\t\t\t<ul class=\"tribe-events-c-messages__message-list\">\n\t\t\t\t\t\t\t\t\t<li\n\t\t\t\t\t\tclass=\"tribe-events-c-messages__message-list-item\"\n\t\t\t\t\t\t data-key=\"no-events-in-day\" \t\t\t\t\t>\n\t\t\t\t\tThere are no events on this day.\t\t\t\t\t<\/li>\n\t\t\t\t\t\t\t<\/ul>\n\t\t<\/div>\n\t<\/div>\n\n\t<\/div>\n\n\t\n\t\t\n<div  class=\"tribe-events-calendar-month-mobile-events__mobile-day\"  id=\"tribe-events-calendar-mobile-day-2026-04-29\">\n\n\t\n\t\t<div  class=\"tribe-events-header__messages tribe-events-c-messages tribe-common-b2 tribe-events-header__messages--mobile tribe-events-header__messages--day\"  >\n\t\t\t<div class=\"tribe-events-c-messages__message tribe-events-c-messages__message--notice\" role=\"alert\">\n\t\t\t<svg  class=\"tribe-common-c-svgicon tribe-common-c-svgicon--messages-not-found tribe-events-c-messages__message-icon-svg\"  viewBox=\"0 0 21 23\" xmlns=\"http:\/\/www.w3.org\/2000\/svg\"><g fill-rule=\"evenodd\"><path d=\"M.5 2.5h20v20H.5z\"\/><path stroke-linecap=\"round\" d=\"M7.583 11.583l5.834 5.834m0-5.834l-5.834 5.834\" class=\"tribe-common-c-svgicon__svg-stroke\"\/><path stroke-linecap=\"round\" d=\"M4.5.5v4m12-4v4\"\/><path stroke-linecap=\"square\" d=\"M.5 7.5h20\"\/><\/g><\/svg>\n\t\t\t<ul class=\"tribe-events-c-messages__message-list\">\n\t\t\t\t\t\t\t\t\t<li\n\t\t\t\t\t\tclass=\"tribe-events-c-messages__message-list-item\"\n\t\t\t\t\t\t data-key=\"no-events-in-day\" \t\t\t\t\t>\n\t\t\t\t\tThere are no events on this day.\t\t\t\t\t<\/li>\n\t\t\t\t\t\t\t<\/ul>\n\t\t<\/div>\n\t<\/div>\n\n\t<\/div>\n\n\t\n\t\t\n<div  class=\"tribe-events-calendar-month-mobile-events__mobile-day\"  id=\"tribe-events-calendar-mobile-day-2026-04-30\">\n\n\t\n\t\t<div  class=\"tribe-events-header__messages tribe-events-c-messages tribe-common-b2 tribe-events-header__messages--mobile tribe-events-header__messages--day\"  >\n\t\t\t<div class=\"tribe-events-c-messages__message tribe-events-c-messages__message--notice\" role=\"alert\">\n\t\t\t<svg  class=\"tribe-common-c-svgicon tribe-common-c-svgicon--messages-not-found tribe-events-c-messages__message-icon-svg\"  viewBox=\"0 0 21 23\" xmlns=\"http:\/\/www.w3.org\/2000\/svg\"><g fill-rule=\"evenodd\"><path d=\"M.5 2.5h20v20H.5z\"\/><path stroke-linecap=\"round\" d=\"M7.583 11.583l5.834 5.834m0-5.834l-5.834 5.834\" class=\"tribe-common-c-svgicon__svg-stroke\"\/><path stroke-linecap=\"round\" d=\"M4.5.5v4m12-4v4\"\/><path stroke-linecap=\"square\" d=\"M.5 7.5h20\"\/><\/g><\/svg>\n\t\t\t<ul class=\"tribe-events-c-messages__message-list\">\n\t\t\t\t\t\t\t\t\t<li\n\t\t\t\t\t\tclass=\"tribe-events-c-messages__message-list-item\"\n\t\t\t\t\t\t data-key=\"no-events-in-day\" \t\t\t\t\t>\n\t\t\t\t\tThere are no events on this day.\t\t\t\t\t<\/li>\n\t\t\t\t\t\t\t<\/ul>\n\t\t<\/div>\n\t<\/div>\n\n\t<\/div>\n\n\t\n\t\t\n<div  class=\"tribe-events-calendar-month-mobile-events__mobile-day\"  id=\"tribe-events-calendar-mobile-day-2026-05-1\">\n\n\t\n\t\t<div  class=\"tribe-events-header__messages tribe-events-c-messages tribe-common-b2 tribe-events-header__messages--mobile tribe-events-header__messages--day\"  >\n\t\t\t<div class=\"tribe-events-c-messages__message tribe-events-c-messages__message--notice\" role=\"alert\">\n\t\t\t<svg  class=\"tribe-common-c-svgicon tribe-common-c-svgicon--messages-not-found tribe-events-c-messages__message-icon-svg\"  viewBox=\"0 0 21 23\" xmlns=\"http:\/\/www.w3.org\/2000\/svg\"><g fill-rule=\"evenodd\"><path d=\"M.5 2.5h20v20H.5z\"\/><path stroke-linecap=\"round\" d=\"M7.583 11.583l5.834 5.834m0-5.834l-5.834 5.834\" class=\"tribe-common-c-svgicon__svg-stroke\"\/><path stroke-linecap=\"round\" d=\"M4.5.5v4m12-4v4\"\/><path stroke-linecap=\"square\" d=\"M.5 7.5h20\"\/><\/g><\/svg>\n\t\t\t<ul class=\"tribe-events-c-messages__message-list\">\n\t\t\t\t\t\t\t\t\t<li\n\t\t\t\t\t\tclass=\"tribe-events-c-messages__message-list-item\"\n\t\t\t\t\t\t data-key=\"no-events-in-day\" \t\t\t\t\t>\n\t\t\t\t\tThere are no events on this day.\t\t\t\t\t<\/li>\n\t\t\t\t\t\t\t<\/ul>\n\t\t<\/div>\n\t<\/div>\n\n\t<\/div>\n\n\t\n\t\t\n<div  class=\"tribe-events-calendar-month-mobile-events__mobile-day\"  id=\"tribe-events-calendar-mobile-day-2026-05-2\">\n\n\t\n\t\t<div  class=\"tribe-events-header__messages tribe-events-c-messages tribe-common-b2 tribe-events-header__messages--mobile tribe-events-header__messages--day\"  >\n\t\t\t<div class=\"tribe-events-c-messages__message tribe-events-c-messages__message--notice\" role=\"alert\">\n\t\t\t<svg  class=\"tribe-common-c-svgicon tribe-common-c-svgicon--messages-not-found tribe-events-c-messages__message-icon-svg\"  viewBox=\"0 0 21 23\" xmlns=\"http:\/\/www.w3.org\/2000\/svg\"><g fill-rule=\"evenodd\"><path d=\"M.5 2.5h20v20H.5z\"\/><path stroke-linecap=\"round\" d=\"M7.583 11.583l5.834 5.834m0-5.834l-5.834 5.834\" class=\"tribe-common-c-svgicon__svg-stroke\"\/><path stroke-linecap=\"round\" d=\"M4.5.5v4m12-4v4\"\/><path stroke-linecap=\"square\" d=\"M.5 7.5h20\"\/><\/g><\/svg>\n\t\t\t<ul class=\"tribe-events-c-messages__message-list\">\n\t\t\t\t\t\t\t\t\t<li\n\t\t\t\t\t\tclass=\"tribe-events-c-messages__message-list-item\"\n\t\t\t\t\t\t data-key=\"no-events-in-day\" \t\t\t\t\t>\n\t\t\t\t\tThere are no events on this day.\t\t\t\t\t<\/li>\n\t\t\t\t\t\t\t<\/ul>\n\t\t<\/div>\n\t<\/div>\n\n\t<\/div>\n\n\t\n\t\t\n<div  class=\"tribe-events-calendar-month-mobile-events__mobile-day\"  id=\"tribe-events-calendar-mobile-day-2026-05-3\">\n\n\t\n\t\t<div  class=\"tribe-events-header__messages tribe-events-c-messages tribe-common-b2 tribe-events-header__messages--mobile tribe-events-header__messages--day\"  >\n\t\t\t<div class=\"tribe-events-c-messages__message tribe-events-c-messages__message--notice\" role=\"alert\">\n\t\t\t<svg  class=\"tribe-common-c-svgicon tribe-common-c-svgicon--messages-not-found tribe-events-c-messages__message-icon-svg\"  viewBox=\"0 0 21 23\" xmlns=\"http:\/\/www.w3.org\/2000\/svg\"><g fill-rule=\"evenodd\"><path d=\"M.5 2.5h20v20H.5z\"\/><path stroke-linecap=\"round\" d=\"M7.583 11.583l5.834 5.834m0-5.834l-5.834 5.834\" class=\"tribe-common-c-svgicon__svg-stroke\"\/><path stroke-linecap=\"round\" d=\"M4.5.5v4m12-4v4\"\/><path stroke-linecap=\"square\" d=\"M.5 7.5h20\"\/><\/g><\/svg>\n\t\t\t<ul class=\"tribe-events-c-messages__message-list\">\n\t\t\t\t\t\t\t\t\t<li\n\t\t\t\t\t\tclass=\"tribe-events-c-messages__message-list-item\"\n\t\t\t\t\t\t data-key=\"no-events-in-day\" \t\t\t\t\t>\n\t\t\t\t\tThere are no events on this day.\t\t\t\t\t<\/li>\n\t\t\t\t\t\t\t<\/ul>\n\t\t<\/div>\n\t<\/div>\n\n\t<\/div>\n\n\t\n\t\n<\/section>\n\n\t\t\n\t\t<div class=\"tribe-common-b1 tribe-common-b2--min-medium tribe-events-widget-events-month__view-more\">\n\t<a\n\t\thref=\"https:\/\/www.barcelonacapitalnautica.org\/en\/calendari\/\"\n\t\tclass=\"tribe-common-anchor-thin tribe-events-widget-events-month__view-more-link\"\n\t\ttitle=\"View more events.\"\n\t>\n\t\tView Calendar\t<\/a>\n<\/div>\n\n\t<\/div>\n\n<\/div>\n\n\n<\/div>\n<\/div>\n<\/aside>\n\n\n\n<div class=\"wp-block-uagb-container uagb-block-22dd6231\">\n<p class=\"has-ast-global-color-1-color has-text-color\" style=\"margin-top:0;margin-right:0;margin-bottom:0;margin-left:0;padding-top:var(--wp--preset--spacing--50);padding-right:var(--wp--preset--spacing--50);padding-bottom:var(--wp--preset--spacing--50);padding-left:var(--wp--preset--spacing--50);font-size:16px\"><strong>Upcoming events<\/strong><\/p>\n\n\n\n\n<\/div>\n<\/div>\n<\/div><\/section>\n\n\n\n<div id=\"optimist\" class=\"wp-block-uagb-container uag-hide-desktop uag-hide-tab uag-hide-mob uagb-block-376098ab alignfull uagb-is-root-container\"><div class=\"uagb-container-inner-blocks-wrap\">\n<figure class=\"wp-block-embed is-type-video is-provider-youtube wp-block-embed-youtube wp-embed-aspect-16-9 wp-has-aspect-ratio\"><div class=\"wp-block-embed__wrapper\">\n<iframe loading=\"lazy\" title=\"Col\u00b7laboraci\u00f3 de Barcelona Capital N\u00e0utica i la Federaci\u00f3 Catalana de Vela\" width=\"500\" height=\"281\" src=\"https:\/\/www.youtube.com\/embed\/chVhjMH0gD0?feature=oembed\" frameborder=\"0\" allow=\"accelerometer; autoplay; clipboard-write; encrypted-media; gyroscope; picture-in-picture; web-share\" referrerpolicy=\"strict-origin-when-cross-origin\" allowfullscreen><\/iframe>\n<\/div><\/figure>\n\n\n\n<div class=\"wp-block-uagb-info-box uagb-block-ccd07237 uagb-infobox__content-wrap  uagb-infobox-icon-left-title uagb-infobox-left uagb-infobox-image-valign-middle\" id=\"fede-cat\"><div class=\"uagb-ifb-content\"><div class=\"uagb-ifb-left-title-image\"><div class=\"uagb-ifb-title-wrap\"><h2 class=\"uagb-ifb-title\">A sea open to everyone with the help of the Federaci\u00f3 Catalana de Vela<\/h2><\/div><\/div><p class=\"uagb-ifb-desc\">The objective of the collaboration between both entities is to grow the practice of sailing in our country, making it more inclusive, training new generations and supporting and promoting athletes and competitions with the support of the network of clubs throughout Catalonia.<\/p><div class=\"uagb-ifb-button-wrapper wp-block-button\"><a href=\"https:\/\/www.barcelonacapitalnautica.org\/es\/barcelona-capital-nautica-y-federacion-catalana-de-vela-presentamos-proyectos-comunes-para-promocionar-la-vela\/\" class=\"uagb-infobox-cta-link wp-block-button__link\" target=\"_self\" rel=\"noopener noreferrer\" onclick=\"return true;\"><span class=\"uagb-inline-editing\">collaboration details [ES]<\/span><\/a><\/div><\/div><\/div>\n<\/div><\/div>\n\n\n\n<div id=\"copaamerica\" class=\"wp-block-uagb-container uag-hide-desktop uag-hide-tab uag-hide-mob uagb-block-4968c693 alignfull uagb-is-root-container\"><div class=\"uagb-container-inner-blocks-wrap\">\n<div class=\"wp-block-uagb-info-box uagb-block-11ea191e uagb-infobox__content-wrap  uagb-infobox-icon-above-title uagb-infobox-image-valign-top\"><div class=\"uagb-ifb-content\"><div class=\"uagb-ifb-image-content\"><img decoding=\"async\" src=\"https:\/\/www.barcelonacapitalnautica.org\/wp-content\/uploads\/2023\/03\/americascup-logo-300x98.png\" alt=\"\" width=\"200\" height=\"65\" loading=\"lazy\"\/><\/div><div class=\"uagb-ifb-title-wrap\"><h2 class=\"uagb-ifb-title\">Barcelona celebrates the America&#8217;s Cup<\/h2><\/div><p class=\"uagb-ifb-desc\">The city will host the 37th edition of this regatta that will take place between August and October 2024. From the foundation we facilitate the organization of this event that promises to be one of the most intense <a href=\"https:\/\/www.americascup.com\/\" target=\"_blank\" rel=\"noreferrer noopener\"><strong>America&#8217;s Cup<\/strong><\/a> in its 174 years of history.<br><br>From September 14 to 17, 2023, <strong>Vilanova i la Geltr\u00fa will host the<\/strong> first preliminary regatta of the Copa Am\u00e9rica.<\/p><div class=\"uagb-ifb-button-wrapper wp-block-button\"><a href=\"\/en\/?page_id=260634\" class=\"uagb-infobox-cta-link wp-block-button__link\" target=\"_blank\" rel=\"noopener noreferrer\" onclick=\"return true;\"><span class=\"uagb-inline-editing\">Preliminary regatta in Vilanova<\/span><\/a><\/div><\/div><\/div>\n\n\n\n<div class=\"wp-block-uagb-image aligncenter uagb-block-87932e2f wp-block-uagb-image--layout-default wp-block-uagb-image--effect-static wp-block-uagb-image--align-center\"><figure class=\"wp-block-uagb-image__figure\"><img decoding=\"async\" srcset=\"https:\/\/www.barcelonacapitalnautica.org\/wp-content\/uploads\/2023\/03\/Americas_cup-900x599.jpg ,https:\/\/www.barcelonacapitalnautica.org\/wp-content\/uploads\/2023\/03\/Copa_America.jpg 780w\" sizes=\"auto, (max-width: 480px) 150px\" src=\"https:\/\/www.barcelonacapitalnautica.org\/wp-content\/uploads\/2023\/03\/Americas_cup-900x599.jpg\" alt=\"\" class=\"uag-image-256060\" width=\"900\" height=\"599\" title=\"\" loading=\"lazy\" role=\"img\"\/><\/figure><\/div>\n<\/div><\/div>\n\n\n\n<div id=\"solomed\" class=\"wp-block-uagb-container uag-hide-desktop uag-hide-tab uag-hide-mob uagb-block-bb3be149 alignfull uagb-is-root-container\"><div class=\"uagb-container-inner-blocks-wrap\">\n<div class=\"wp-block-uagb-container uagb-block-4f5c2cb0\">\n<div class=\"wp-block-uagb-info-box uagb-block-daf02e35 uagb-infobox__content-wrap  uagb-infobox-icon-above-title uagb-infobox-image-valign-top\"><div class=\"uagb-ifb-content\"><div class=\"uagb-ifb-image-content\"><img decoding=\"async\" src=\"https:\/\/www.barcelonacapitalnautica.org\/wp-content\/uploads\/2023\/03\/solo-med-2023.svg\" alt=\"\" width=\"200\" height=\"55\" loading=\"lazy\"\/><\/div><div class=\"uagb-ifb-title-wrap\"><h2 class=\"uagb-ifb-title\">The best moments of the race!<\/h2><\/div><p class=\"uagb-ifb-desc\">This was the 2nd edition of the Solo Med, a regatta for solo <a href=\"https:\/\/www.classemini.com\/\" target=\"_blank\" rel=\"noreferrer noopener\">Mini 6.50<\/a> boats, which was held from May 7 to 15, 2023. It has consisted of 2 regattas, of 200 nm and 500 nm, which are part of the qualifying circuit of the Mini Class and has been organized by Barcelona Nautical Capital with the collaboration of the Mini Base and the <a href=\"https:\/\/www.cnrapita.com\/\" target=\"_blank\" rel=\"noreferrer noopener\">Club N\u00e0utic Sa R\u00e0pita<\/a>. As a novelty of this edition, the regatta has started and arrived at the Barcelona International Sailing Center (BISC) in Port F\u00f2rum.<\/p><\/div><\/div>\n\n\n\n<div class=\"wp-block-uagb-buttons uagb-buttons__outer-wrap uagb-btn__default-btn uagb-btn-tablet__default-btn uagb-btn-mobile__default-btn uagb-block-17b42d64\"><div class=\"uagb-buttons__wrap uagb-buttons-layout-wrap \">\n<div class=\"wp-block-uagb-buttons-child uagb-buttons__outer-wrap uagb-block-733bdeb6 wp-block-button\"><div class=\"uagb-button__wrapper\"><a class=\"uagb-buttons-repeater wp-block-button__link\" aria-label=\"\" href=\"https:\/\/www.barcelonacapitalnautica.org\/en\/solomed-3\/\" rel=\"follow noopener\" target=\"_self\" role=\"button\"><div class=\"uagb-button__link\">M\u00c9S INFORMACI\u00d3<\/div><\/a><\/div><\/div>\n<\/div><\/div>\n<\/div>\n\n\n\n<div class=\"wp-block-uagb-image uagb-block-12683ec8 wp-block-uagb-image--layout-default wp-block-uagb-image--effect-static wp-block-uagb-image--align-none\"><figure class=\"wp-block-uagb-image__figure\"><img decoding=\"async\" srcset=\"https:\/\/www.barcelonacapitalnautica.org\/wp-content\/uploads\/2023\/05\/2023P_solomedDSC07491-900x600.jpg \" sizes=\"auto, (max-width: 480px) 150px\" src=\"https:\/\/www.barcelonacapitalnautica.org\/wp-content\/uploads\/2023\/05\/2023P_solomedDSC07491-900x600.jpg\" alt=\"\" class=\"uag-image-258578\" width=\"900\" height=\"600\" title=\"\" loading=\"lazy\" role=\"img\"\/><\/figure><\/div>\n<\/div><\/div>\n\n\n\n<div id=\"escola-navegants\" class=\"wp-block-uagb-container uag-hide-desktop uag-hide-tab uag-hide-mob uagb-block-daa18737 alignfull uagb-is-root-container\"><div class=\"uagb-container-inner-blocks-wrap\">\n<div class=\"wp-block-uagb-info-box uagb-block-f9cd708f uagb-infobox__content-wrap  uagb-infobox-icon-above-title uagb-infobox-image-valign-top\"><div class=\"uagb-ifb-content\"><div class=\"uagb-ifb-title-wrap\"><span class=\"uagb-ifb-title-prefix\">School of navigators<\/span><h2 class=\"uagb-ifb-title\">Practical workshops for sea lovers<\/h2><\/div><p class=\"uagb-ifb-desc\">In our courses you will be able to perfect your knowledge of meteorology, motor, nautical cordage, electrical systems, among others. Connect with the sea and sign up for the workshops!<\/p><div class=\"uagb-ifb-button-wrapper wp-block-button\"><a href=\"https:\/\/escola.barcelonacapitalnautica.org\/\" class=\"uagb-infobox-cta-link wp-block-button__link\" target=\"_blank\" rel=\"noopener noreferrer\" onclick=\"return true;\"><span class=\"uagb-inline-editing\">Sign up for the workshops<\/span><svg xmlns=\"https:\/\/www.w3.org\/2000\/svg\" viewBox=\"0 0 512 512\"><path d=\"M504.3 273.6l-112.1 104c-6.992 6.484-17.18 8.218-25.94 4.406c-8.758-3.812-14.42-12.45-14.42-21.1L351.9 288H32C14.33 288 .0002 273.7 .0002 255.1S14.33 224 32 224h319.9l0-72c0-9.547 5.66-18.19 14.42-22c8.754-3.809 18.95-2.075 25.94 4.41l112.1 104C514.6 247.9 514.6 264.1 504.3 273.6z\"><\/path><\/svg><\/a><\/div><\/div><\/div>\n\n\n\n<div class=\"wp-block-uagb-image uagb-block-25d3f967 wp-block-uagb-image--layout-default wp-block-uagb-image--effect-static wp-block-uagb-image--align-none\"><figure class=\"wp-block-uagb-image__figure\"><img decoding=\"async\" srcset=\"https:\/\/www.barcelonacapitalnautica.org\/wp-content\/uploads\/2023\/03\/Foto-1024x673.jpg \" sizes=\"auto, (max-width: 480px) 150px\" src=\"https:\/\/www.barcelonacapitalnautica.org\/wp-content\/uploads\/2023\/03\/Foto-1024x673.jpg\" alt=\"\" class=\"uag-image-251442\" width=\"1024\" height=\"673\" title=\"\" loading=\"lazy\" role=\"img\"\/><\/figure><\/div>\n<\/div><\/div>\n\n\n\n<div id=\"newsletter\" class=\"wp-block-uagb-container uagb-block-f88a416f alignfull uagb-is-root-container\"><div class=\"uagb-container-inner-blocks-wrap\">\n<div class=\"wp-block-uagb-info-box uagb-block-5710395e uagb-infobox__content-wrap  uagb-infobox-icon-above-title uagb-infobox-image-valign-top\"><div class=\"uagb-ifb-content\"><div class=\"uagb-ifb-title-wrap\"><h2 class=\"uagb-ifb-title\">Sign up for our newsletter<\/h2><\/div><p class=\"uagb-ifb-desc\">Keep up to date with the activities of Barcelona Capital N\u00e0utica and the latest nautical news.<\/p><\/div><\/div>\n\n\n<script>(function() {\n\twindow.mc4wp = window.mc4wp || {\n\t\tlisteners: [],\n\t\tforms: {\n\t\t\ton: function(evt, cb) {\n\t\t\t\twindow.mc4wp.listeners.push(\n\t\t\t\t\t{\n\t\t\t\t\t\tevent   : evt,\n\t\t\t\t\t\tcallback: cb\n\t\t\t\t\t}\n\t\t\t\t);\n\t\t\t}\n\t\t}\n\t}\n})();\n<\/script><!-- Mailchimp for WordPress v4.12.2 - https:\/\/wordpress.org\/plugins\/mailchimp-for-wp\/ --><form id=\"mc4wp-form-1\" class=\"mc4wp-form mc4wp-form-260631\" method=\"post\" data-id=\"260631\" data-name=\"Subscribe to our newsletter (EN)\" ><div class=\"mc4wp-form-fields\"><p>\n\t<label>\n\t\t<input type=\"email\" name=\"EMAIL\" placeholder=\"Insert your email address\" required=\"\" style=\"background:none; border:none; border-bottom:1px solid var(--ast-global-color-0);border-radius:0; width:100%\">\n<\/label>\n<\/p>\n\n<p>\n    <label>\n      <input name=\"AGREE_TO_TERMS\" type=\"checkbox\" value=\"1\" required=\"\"><span style=\"visibility:hidden;\">__<\/span>I have read and accept the <a href=\"https:\/\/www.barcelonacapitalnautica.org\/en\/privacy-policy\/\" target=\"_blank\" rel=\"noopener\">Privacy Policy<\/a>.\n    <\/label>\n<\/p>\n\n\n<p>\n\t<input type=\"submit\" value=\"Subscribe\">\n<\/p><\/div><label style=\"display: none !important;\">Leave this field empty if you're human: <input type=\"text\" name=\"_mc4wp_honeypot\" value=\"\" tabindex=\"-1\" autocomplete=\"off\" \/><\/label><input type=\"hidden\" name=\"_mc4wp_timestamp\" value=\"1777366886\" \/><input type=\"hidden\" name=\"_mc4wp_form_id\" value=\"260631\" \/><input type=\"hidden\" name=\"_mc4wp_form_element_id\" value=\"mc4wp-form-1\" \/><div class=\"mc4wp-response\"><\/div><\/form><!-- \/ Mailchimp for WordPress Plugin -->\n<\/div><\/div>\n\n\n\n<div id=\"noticies\" class=\"wp-block-uagb-container uag-hide-desktop uag-hide-tab uag-hide-mob uagb-block-aad8219b alignfull uagb-is-root-container\"><div class=\"uagb-container-inner-blocks-wrap\">\n<div class=\"wp-block-uagb-advanced-heading uagb-block-91bd8475\"><h2 class=\"uagb-heading-text\">News<\/h2><\/div>\n\n\n\n\t\t\t<div class=\"wp-block-uagb-post-carousel uagb-post-grid  uagb-post__image-position-top uagb-post__image-enabled uagb-block-01a10c1c     uagb-post__arrow-outside uagb-post__items uagb-post__columns-3 is-carousel uagb-post__columns-tablet-2 uagb-post__columns-mobile-1 uagb-post__carousel_equal-height\" data-total=\"0\" style=\"\">\n\n\t\t\t\t\t\t\t\t\t<p class=\"uagb-post__no-posts\">\n\t\t\t\t\t\tNo hi ha not\u00edcies.\t\t\t\t\t<\/p>\n\t\t\t\t\t\t\t\t<\/div>\n\t\t\t<\/div><\/div>\n\n\n\n<div id=\"socialfeed\" class=\"wp-block-uagb-container uagb-block-770913f7 alignfull uagb-is-root-container\"><div class=\"uagb-container-inner-blocks-wrap\">\n<div class=\"wp-block-uagb-advanced-heading uagb-block-33e2093d\"><h2 class=\"uagb-heading-text\">Follow us<\/h2><\/div>\n\n\n<style type=\"text\/css\">\n<\/style><div id=\"feed_dynamic_classjjdzdbqeyq_business\" class=\"fts-instagram-inline-block-centered feed_dynamic_classjjdzdbqeyq_business\"  data-ftsi-columns=\"3\" data-ftsi-columns-tablet=\"\" data-ftsi-columns-mobile=\"\" data-ftsi-force-columns=\"no\" data-ftsi-margin=\"10px\" data-ftsi-height=\"\">                            <div class=\"slicker-instagram-placeholder fts-instagram-wrapper\" style=\"background-image:url('https:\/\/scontent-lhr8-2.cdninstagram.com\/v\/t51.82787-15\/673050747_18113192425759999_8203553758174480099_n.jpg?stp=dst-jpg_e35_tt6&#038;_nc_cat=106&#038;ccb=7-5&#038;_nc_sid=18de74&#038;efg=eyJlZmdfdGFnIjoiQ0FST1VTRUxfSVRFTS5iZXN0X2ltYWdlX3VybGdlbi5DMyJ9&#038;_nc_ohc=HCxVNLguvOEQ7kNvwGHXpnm&#038;_nc_oc=Adq8BvqIR65OobC_dPFtt4E29LKs289ME7arUYGkcJsYAbUd5fqvUNBlL5m-22yGDGo&#038;_nc_zt=23&#038;_nc_ht=scontent-lhr8-2.cdninstagram.com&#038;edm=AEQ6tj4EAAAA&#038;_nc_gid=lfs4xM4gCeupuymBkIqbPw&#038;oh=00_Af2w14Eu6O446rs7d0NC39ygdhNvjpVHpHcqtfChQF2b0g&#038;oe=69F5AAD7')\">\n                                            <a href='https:\/\/www.instagram.com\/p\/DXg9mHBDHEl\/' title='\ud83d\udcda Ahir vam viure Sant Jordi de la m\u00e0 de la @librerianautica.\n\nAl llarg de la diada, vam compartir amb la ciutadania una selecci\u00f3 especial de llibres n\u00e0utics \u201cBarcelona Capital N\u00e0utica\u201d a la seva parada.\n\n\ud83c\udf39 Aquesta col\u00b7laboraci\u00f3 ens ha perm\u00e8s apropar la cultura n\u00e0utica al p\u00fablic i, alhora, sumar-nos a una iniciativa amb impacte social: per cada compra, es va oferir una rosa de paper elaborada per la @fundacio_portola que treballa per la integraci\u00f3 de persones amb discapacitat intel\u00b7lectual i\/o trastorn mental.\n\nTanquem la jornada contents d&#039;haver compartit cultura, mar i comprom\u00eds social amb la ciutadania!\n\n#SantJordi #BCN\u00e0utica' target=\"_blank\" rel=\"noreferrer\" class='fts-child-media fts-instagram-link-target fts-slicker-backg\n                         fts-instagram-img-link' style=\"height:30px !important; width:30px; line-height:30px; font-size:30px;\"><span class=\"fts-instagram-icon\" style=\"height:30px; width:30px; line-height:30px; font-size:30px;\"><\/span><\/a>\n                                                    <div class=\"fts-carousel-image-wrapper\"><div class=\"fts-carousel-image\" ><\/div><\/div>\n                                                            <a href='' title='\ud83d\udcda Ahir vam viure Sant Jordi de la m\u00e0 de la @librerianautica.\n\nAl llarg de la diada, vam compartir amb la ciutadania una selecci\u00f3 especial de llibres n\u00e0utics \u201cBarcelona Capital N\u00e0utica\u201d a la seva parada.\n\n\ud83c\udf39 Aquesta col\u00b7laboraci\u00f3 ens ha perm\u00e8s apropar la cultura n\u00e0utica al p\u00fablic i, alhora, sumar-nos a una iniciativa amb impacte social: per cada compra, es va oferir una rosa de paper elaborada per la @fundacio_portola que treballa per la integraci\u00f3 de persones amb discapacitat intel\u00b7lectual i\/o trastorn mental.\n\nTanquem la jornada contents d&#039;haver compartit cultura, mar i comprom\u00eds social amb la ciutadania!\n\n#SantJordi #BCN\u00e0utica' target=\"_blank\" rel=\"noreferrer\" class='fts-child-media fts-child-media-hide fts-instagram-link-target fts-slicker-backg\n                                                                     fts-instagram-img-link'><\/a>\n                                                                <a href='' title='\ud83d\udcda Ahir vam viure Sant Jordi de la m\u00e0 de la @librerianautica.\n\nAl llarg de la diada, vam compartir amb la ciutadania una selecci\u00f3 especial de llibres n\u00e0utics \u201cBarcelona Capital N\u00e0utica\u201d a la seva parada.\n\n\ud83c\udf39 Aquesta col\u00b7laboraci\u00f3 ens ha perm\u00e8s apropar la cultura n\u00e0utica al p\u00fablic i, alhora, sumar-nos a una iniciativa amb impacte social: per cada compra, es va oferir una rosa de paper elaborada per la @fundacio_portola que treballa per la integraci\u00f3 de persones amb discapacitat intel\u00b7lectual i\/o trastorn mental.\n\nTanquem la jornada contents d&#039;haver compartit cultura, mar i comprom\u00eds social amb la ciutadania!\n\n#SantJordi #BCN\u00e0utica' target=\"_blank\" rel=\"noreferrer\" class='fts-child-media fts-child-media-hide fts-instagram-link-target fts-slicker-backg\n                                                                     fts-instagram-img-link'><\/a>\n                                                                <a href='' title='\ud83d\udcda Ahir vam viure Sant Jordi de la m\u00e0 de la @librerianautica.\n\nAl llarg de la diada, vam compartir amb la ciutadania una selecci\u00f3 especial de llibres n\u00e0utics \u201cBarcelona Capital N\u00e0utica\u201d a la seva parada.\n\n\ud83c\udf39 Aquesta col\u00b7laboraci\u00f3 ens ha perm\u00e8s apropar la cultura n\u00e0utica al p\u00fablic i, alhora, sumar-nos a una iniciativa amb impacte social: per cada compra, es va oferir una rosa de paper elaborada per la @fundacio_portola que treballa per la integraci\u00f3 de persones amb discapacitat intel\u00b7lectual i\/o trastorn mental.\n\nTanquem la jornada contents d&#039;haver compartit cultura, mar i comprom\u00eds social amb la ciutadania!\n\n#SantJordi #BCN\u00e0utica' target=\"_blank\" rel=\"noreferrer\" class='fts-child-media fts-child-media-hide fts-instagram-link-target fts-slicker-backg\n                                                                     fts-instagram-img-link'><\/a>\n                                \n                        <div class='slicker-date'>\n\n                            <div class=\"fts-insta-date-popup-grab\">\n                            &nbsp;                            <\/div>\n                        <\/div>\n                    <div class='slicker-instaG-backg-link'>\n\n                        <div class='slicker-instaG-photoshadow'><\/div>\n                    <\/div>\n                        <div class=\"fts-insta-likes-comments-grab-popup\">\n\n                            <div class=\"fts-share-wrap\"><a href=\"javascript:;\" class=\"ft-gallery-link-popup\" title=\"Social Share Options\"><\/a><div class=\"ft-gallery-share-wrap\"><a href=\"https:\/\/www.facebook.com\/sharer\/sharer.php?u=https:\/\/www.instagram.com\/p\/DXg9mHBDHEl\/\" target=\"_blank\" rel=\"noreferrer\" class=\"ft-galleryfacebook-icon\" title=\"Share this post on Facebook\"><i class=\"fa fa-facebook-square\"><\/i><\/a><a href=\"https:\/\/twitter.com\/intent\/tweet?text=https:\/\/www.instagram.com\/p\/DXg9mHBDHEl\/+\ud83d\udcda Ahir vam viure Sant Jordi de la m\u00e0 de la @librerianautica.\n\nAl llarg de la diada, vam compartir amb la ciutadania una selecci\u00f3 especial de llibres n\u00e0utics \u201cBarcelona Capital N\u00e0utica\u201d a la seva parada.\n\n\ud83c\udf39 Aquesta col\u00b7laboraci\u00f3 ens ha perm\u00e8s apropar la cultura n\u00e0utica al p\u00fablic i, alhora, sumar-nos a una iniciativa amb impacte social: per cada compra, es va oferir una rosa de paper elaborada per la @fundacio_portola que treballa per la integraci\u00f3 de persones amb discapacitat intel\u00b7lectual i\/o trastorn mental.\n\nTanquem la jornada contents d&#039;haver compartit cultura, mar i comprom\u00eds social amb la ciutadania!\n\n#SantJordi #BCN\u00e0utica\" target=\"_blank\" rel=\"noreferrer\" class=\"ft-gallerytwitter-icon\" title=\"Share this post on Twitter\"><i class=\"fa fa-twitter\"><\/i><\/a><a href=\"https:\/\/www.linkedin.com\/shareArticle?mini=true&amp;url=https:\/\/www.instagram.com\/p\/DXg9mHBDHEl\/\" target=\"_blank\" rel=\"noreferrer\" class=\"ft-gallerylinkedin-icon\" title=\"Share this post on Linkedin\"><i class=\"fa fa-linkedin\"><\/i><\/a><a href=\"mailto:?subject=Shared Link&amp;body=https:\/\/www.instagram.com\/p\/DXg9mHBDHEl\/ - \ud83d\udcda Ahir vam viure Sant Jordi de la m\u00e0 de la @librerianautica.\n\nAl llarg de la diada, vam compartir amb la ciutadania una selecci\u00f3 especial de llibres n\u00e0utics \u201cBarcelona Capital N\u00e0utica\u201d a la seva parada.\n\n\ud83c\udf39 Aquesta col\u00b7laboraci\u00f3 ens ha perm\u00e8s apropar la cultura n\u00e0utica al p\u00fablic i, alhora, sumar-nos a una iniciativa amb impacte social: per cada compra, es va oferir una rosa de paper elaborada per la @fundacio_portola que treballa per la integraci\u00f3 de persones amb discapacitat intel\u00b7lectual i\/o trastorn mental.\n\nTanquem la jornada contents d&#039;haver compartit cultura, mar i comprom\u00eds social amb la ciutadania!\n\n#SantJordi #BCN\u00e0utica\" target=\"_blank\" rel=\"noreferrer\" class=\"ft-galleryemail-icon\" title=\"Share this post in your email\"><i class=\"fa fa-envelope\"><\/i><\/a><\/div><\/div>                        <\/div>\n                <\/div>\n                                                <div class=\"slicker-instagram-placeholder fts-instagram-wrapper\" style=\"background-image:url('https:\/\/scontent-lhr8-2.cdninstagram.com\/v\/t51.82787-15\/671162591_18112974226759999_981244754040592888_n.jpg?stp=dst-jpg_e35_tt6&#038;_nc_cat=103&#038;ccb=7-5&#038;_nc_sid=18de74&#038;efg=eyJlZmdfdGFnIjoiRkVFRC5iZXN0X2ltYWdlX3VybGdlbi5DMyJ9&#038;_nc_ohc=bCES6veTAXMQ7kNvwED-Q2y&#038;_nc_oc=AdrsV1AGOajME9hwhE9F4-sJF99kzElRzq9_fF7BxBC3Ucp5HJ29xZvLqg7-Ioo1IyU&#038;_nc_zt=23&#038;_nc_ht=scontent-lhr8-2.cdninstagram.com&#038;edm=AEQ6tj4EAAAA&#038;_nc_gid=n_zXtoA7K1s8TOG-WzKLIA&#038;oh=00_Af2Ix6F1N33pfqg6TNaY_9FbHg6YxCPcgfIipcVlmv3KAQ&#038;oe=69F58A6D')\">\n                                            <a href='https:\/\/www.instagram.com\/p\/DXbX-HjmlCB\/' title='\ud83d\udcda Aquest Sant Jordi ens trobareu a la parada de la @librerianautica amb una selecci\u00f3 especial de llibres n\u00e0utics \u201cBarcelona Capital N\u00e0utica\u201d\n\nPer cada compra que feu a la llibreria, regalarem una rosa de paper elaborada per la @fundacio_portola, una entitat que impulsa la integraci\u00f3 de persones amb discapacitat intel\u00b7lectual i\/o trastorn mental.\n\n\ud83d\udccdVeniu a veure&#039;ns a la Pla\u00e7a Nova (parada 11-12), just davant del Col\u00b7legi d&#039;Arquitectes.\n\nUs hi esperem!\n\n#SantJordi #BCN\u00e0utica' target=\"_blank\" rel=\"noreferrer\" class='fts-instagram-link-target fts-slicker-backg\n                         fts-instagram-img-link' style=\"height:30px !important; width:30px; line-height:30px; font-size:30px;\"><span class=\"fts-instagram-icon\" style=\"height:30px; width:30px; line-height:30px; font-size:30px;\"><\/span><\/a>\n                        \n                        <div class='slicker-date'>\n\n                            <div class=\"fts-insta-date-popup-grab\">\n                            &nbsp;                            <\/div>\n                        <\/div>\n                    <div class='slicker-instaG-backg-link'>\n\n                        <div class='slicker-instaG-photoshadow'><\/div>\n                    <\/div>\n                        <div class=\"fts-insta-likes-comments-grab-popup\">\n\n                            <div class=\"fts-share-wrap\"><a href=\"javascript:;\" class=\"ft-gallery-link-popup\" title=\"Social Share Options\"><\/a><div class=\"ft-gallery-share-wrap\"><a href=\"https:\/\/www.facebook.com\/sharer\/sharer.php?u=https:\/\/www.instagram.com\/p\/DXbX-HjmlCB\/\" target=\"_blank\" rel=\"noreferrer\" class=\"ft-galleryfacebook-icon\" title=\"Share this post on Facebook\"><i class=\"fa fa-facebook-square\"><\/i><\/a><a href=\"https:\/\/twitter.com\/intent\/tweet?text=https:\/\/www.instagram.com\/p\/DXbX-HjmlCB\/+\ud83d\udcda Aquest Sant Jordi ens trobareu a la parada de la @librerianautica amb una selecci\u00f3 especial de llibres n\u00e0utics \u201cBarcelona Capital N\u00e0utica\u201d\n\nPer cada compra que feu a la llibreria, regalarem una rosa de paper elaborada per la @fundacio_portola, una entitat que impulsa la integraci\u00f3 de persones amb discapacitat intel\u00b7lectual i\/o trastorn mental.\n\n\ud83d\udccdVeniu a veure&#039;ns a la Pla\u00e7a Nova (parada 11-12), just davant del Col\u00b7legi d&#039;Arquitectes.\n\nUs hi esperem!\n\n#SantJordi #BCN\u00e0utica\" target=\"_blank\" rel=\"noreferrer\" class=\"ft-gallerytwitter-icon\" title=\"Share this post on Twitter\"><i class=\"fa fa-twitter\"><\/i><\/a><a href=\"https:\/\/www.linkedin.com\/shareArticle?mini=true&amp;url=https:\/\/www.instagram.com\/p\/DXbX-HjmlCB\/\" target=\"_blank\" rel=\"noreferrer\" class=\"ft-gallerylinkedin-icon\" title=\"Share this post on Linkedin\"><i class=\"fa fa-linkedin\"><\/i><\/a><a href=\"mailto:?subject=Shared Link&amp;body=https:\/\/www.instagram.com\/p\/DXbX-HjmlCB\/ - \ud83d\udcda Aquest Sant Jordi ens trobareu a la parada de la @librerianautica amb una selecci\u00f3 especial de llibres n\u00e0utics \u201cBarcelona Capital N\u00e0utica\u201d\n\nPer cada compra que feu a la llibreria, regalarem una rosa de paper elaborada per la @fundacio_portola, una entitat que impulsa la integraci\u00f3 de persones amb discapacitat intel\u00b7lectual i\/o trastorn mental.\n\n\ud83d\udccdVeniu a veure&#039;ns a la Pla\u00e7a Nova (parada 11-12), just davant del Col\u00b7legi d&#039;Arquitectes.\n\nUs hi esperem!\n\n#SantJordi #BCN\u00e0utica\" target=\"_blank\" rel=\"noreferrer\" class=\"ft-galleryemail-icon\" title=\"Share this post in your email\"><i class=\"fa fa-envelope\"><\/i><\/a><\/div><\/div>                        <\/div>\n                <\/div>\n                                                <div class=\"slicker-instagram-placeholder fts-instagram-wrapper\" style=\"background-image:url('https:\/\/scontent-lhr8-1.cdninstagram.com\/v\/t51.82787-15\/670298210_18112801207759999_8251952321261904346_n.jpg?stp=dst-jpg_e35_tt6&#038;_nc_cat=107&#038;ccb=7-5&#038;_nc_sid=18de74&#038;efg=eyJlZmdfdGFnIjoiQ0FST1VTRUxfSVRFTS5iZXN0X2ltYWdlX3VybGdlbi5DMyJ9&#038;_nc_ohc=zeAYzrkwhLgQ7kNvwHz2TUI&#038;_nc_oc=AdoUrfktiN_iDIX1ThGXljmEQe5G0ca3dYNlrxVozKBTjchPdavypVdqWPzO6r5nQP0&#038;_nc_zt=23&#038;_nc_ht=scontent-lhr8-1.cdninstagram.com&#038;edm=AEQ6tj4EAAAA&#038;_nc_gid=iP4fHr9AOwDJ7BCduhurgA&#038;oh=00_Af3dNLlxpDP8fQBijPzXA1yXyQvaRtkA6m5eKMzsxJwzAw&#038;oe=69F5A434')\">\n                                            <a href='https:\/\/www.instagram.com\/p\/DXWhLTpGl1a\/' title='[ES] \u2b07\ufe0f [CA] \u27a1\ufe0f La 4a sessi\u00f3 del cicle Blau de Fons, pensada en el marc de la Diada de Sant Jordi, va posar el focus en les formes liter\u00e0ries i audiovisuals de relatar el m\u00f3n mar\u00ed.\n\n\ud83c\udfac  La sessi\u00f3 va comen\u00e7ar amb la preestrena del documental \u201cMai sol\u201d sobre la regata Mare Nostrum dirigit per Guille Cascante, director general de @wearegoroka, que ens va apropar a l\u2019experi\u00e8ncia humana i esportiva de la navegaci\u00f3 en alta mar.\n\nTot seguit, el mateix Guille Cascante @guillegoroka i l\u2019editor d&#039;@almayereditor Tomy @pelluz van compartir un col\u00b7loqui centrat en les narratives contempor\u00e0nies del mar a trav\u00e9s de la literatura i l\u2019audiovisual.\n\nLa sessi\u00f3 va estar condu\u00efda per \u00d2scar L\u00f3pez, director del programa @paginadostve, qui va dinamitzar la conversa entre els ponents i el p\u00fablic assistent sobre com narrem i llegim el mar.\n\nI vam comptar amb la pres\u00e8ncia de la @librerianautica!\n\n\ud83d\udcda Gr\u00e0cies a totes les persones que vau assistir-hi i vau participar en aquesta tarda de reflexi\u00f3 al voltant del mar i els llibres!\n\n[ES] \u27a1\ufe0f La 4\u00aa sesi\u00f3n del ciclo Blau de Fons, pensada en el marco de Sant Jordi, puso el foco en las formas literarias y audiovisuales de relatar el mundo marino.\n\n\ud83c\udfac La sesi\u00f3n empez\u00f3 con el preestreno del documental \u201cMai sol\u201d sobre la regata Mare Nostrum, dirigido por Guille Cascante, director general de @wearegoroka, que nos acerc\u00f3 a la experiencia humana y deportiva de la navegaci\u00f3n en alta mar.\n\nA continuaci\u00f3n, el propio Guille Cascante @guillegoroka y el editor de @almayereditor Tomy @pelluz compartieron un coloquio centrado en las narrativas contempor\u00e1neas del mar a trav\u00e9s de la literatura y el audiovisual.\n\nLa sesi\u00f3n estuvo conducida por \u00d2scar L\u00f3pez, director del programa @paginadostve, quien dinamiz\u00f3 la conversaci\u00f3n entre los ponentes y el p\u00fablico asistente sobre c\u00f3mo narramos y leemos el mar.\n\n\u00a1Y contamos con la presencia de @librerianautica!\n\n\ud83d\udcda \u00a1Gracias a todas las personas que asististeis y participasteis en esta tarde de reflexi\u00f3n en torno al mar y los libros!\n\n#BlaudeFons #BCN\u00e0utica #CulturadelMar #bcnautica #SantJordi #lectura #MaiSol' target=\"_blank\" rel=\"noreferrer\" class='fts-child-media fts-instagram-link-target fts-slicker-backg\n                         fts-instagram-img-link' style=\"height:30px !important; width:30px; line-height:30px; font-size:30px;\"><span class=\"fts-instagram-icon\" style=\"height:30px; width:30px; line-height:30px; font-size:30px;\"><\/span><\/a>\n                                                    <div class=\"fts-carousel-image-wrapper\"><div class=\"fts-carousel-image\" ><\/div><\/div>\n                                                            <a href='' title='[ES] \u2b07\ufe0f [CA] \u27a1\ufe0f La 4a sessi\u00f3 del cicle Blau de Fons, pensada en el marc de la Diada de Sant Jordi, va posar el focus en les formes liter\u00e0ries i audiovisuals de relatar el m\u00f3n mar\u00ed.\n\n\ud83c\udfac  La sessi\u00f3 va comen\u00e7ar amb la preestrena del documental \u201cMai sol\u201d sobre la regata Mare Nostrum dirigit per Guille Cascante, director general de @wearegoroka, que ens va apropar a l\u2019experi\u00e8ncia humana i esportiva de la navegaci\u00f3 en alta mar.\n\nTot seguit, el mateix Guille Cascante @guillegoroka i l\u2019editor d&#039;@almayereditor Tomy @pelluz van compartir un col\u00b7loqui centrat en les narratives contempor\u00e0nies del mar a trav\u00e9s de la literatura i l\u2019audiovisual.\n\nLa sessi\u00f3 va estar condu\u00efda per \u00d2scar L\u00f3pez, director del programa @paginadostve, qui va dinamitzar la conversa entre els ponents i el p\u00fablic assistent sobre com narrem i llegim el mar.\n\nI vam comptar amb la pres\u00e8ncia de la @librerianautica!\n\n\ud83d\udcda Gr\u00e0cies a totes les persones que vau assistir-hi i vau participar en aquesta tarda de reflexi\u00f3 al voltant del mar i els llibres!\n\n[ES] \u27a1\ufe0f La 4\u00aa sesi\u00f3n del ciclo Blau de Fons, pensada en el marco de Sant Jordi, puso el foco en las formas literarias y audiovisuales de relatar el mundo marino.\n\n\ud83c\udfac La sesi\u00f3n empez\u00f3 con el preestreno del documental \u201cMai sol\u201d sobre la regata Mare Nostrum, dirigido por Guille Cascante, director general de @wearegoroka, que nos acerc\u00f3 a la experiencia humana y deportiva de la navegaci\u00f3n en alta mar.\n\nA continuaci\u00f3n, el propio Guille Cascante @guillegoroka y el editor de @almayereditor Tomy @pelluz compartieron un coloquio centrado en las narrativas contempor\u00e1neas del mar a trav\u00e9s de la literatura y el audiovisual.\n\nLa sesi\u00f3n estuvo conducida por \u00d2scar L\u00f3pez, director del programa @paginadostve, quien dinamiz\u00f3 la conversaci\u00f3n entre los ponentes y el p\u00fablico asistente sobre c\u00f3mo narramos y leemos el mar.\n\n\u00a1Y contamos con la presencia de @librerianautica!\n\n\ud83d\udcda \u00a1Gracias a todas las personas que asististeis y participasteis en esta tarde de reflexi\u00f3n en torno al mar y los libros!\n\n#BlaudeFons #BCN\u00e0utica #CulturadelMar #bcnautica #SantJordi #lectura #MaiSol' target=\"_blank\" rel=\"noreferrer\" class='fts-child-media fts-child-media-hide fts-instagram-link-target fts-slicker-backg\n                                                                     fts-instagram-img-link'><\/a>\n                                                                <a href='' title='[ES] \u2b07\ufe0f [CA] \u27a1\ufe0f La 4a sessi\u00f3 del cicle Blau de Fons, pensada en el marc de la Diada de Sant Jordi, va posar el focus en les formes liter\u00e0ries i audiovisuals de relatar el m\u00f3n mar\u00ed.\n\n\ud83c\udfac  La sessi\u00f3 va comen\u00e7ar amb la preestrena del documental \u201cMai sol\u201d sobre la regata Mare Nostrum dirigit per Guille Cascante, director general de @wearegoroka, que ens va apropar a l\u2019experi\u00e8ncia humana i esportiva de la navegaci\u00f3 en alta mar.\n\nTot seguit, el mateix Guille Cascante @guillegoroka i l\u2019editor d&#039;@almayereditor Tomy @pelluz van compartir un col\u00b7loqui centrat en les narratives contempor\u00e0nies del mar a trav\u00e9s de la literatura i l\u2019audiovisual.\n\nLa sessi\u00f3 va estar condu\u00efda per \u00d2scar L\u00f3pez, director del programa @paginadostve, qui va dinamitzar la conversa entre els ponents i el p\u00fablic assistent sobre com narrem i llegim el mar.\n\nI vam comptar amb la pres\u00e8ncia de la @librerianautica!\n\n\ud83d\udcda Gr\u00e0cies a totes les persones que vau assistir-hi i vau participar en aquesta tarda de reflexi\u00f3 al voltant del mar i els llibres!\n\n[ES] \u27a1\ufe0f La 4\u00aa sesi\u00f3n del ciclo Blau de Fons, pensada en el marco de Sant Jordi, puso el foco en las formas literarias y audiovisuales de relatar el mundo marino.\n\n\ud83c\udfac La sesi\u00f3n empez\u00f3 con el preestreno del documental \u201cMai sol\u201d sobre la regata Mare Nostrum, dirigido por Guille Cascante, director general de @wearegoroka, que nos acerc\u00f3 a la experiencia humana y deportiva de la navegaci\u00f3n en alta mar.\n\nA continuaci\u00f3n, el propio Guille Cascante @guillegoroka y el editor de @almayereditor Tomy @pelluz compartieron un coloquio centrado en las narrativas contempor\u00e1neas del mar a trav\u00e9s de la literatura y el audiovisual.\n\nLa sesi\u00f3n estuvo conducida por \u00d2scar L\u00f3pez, director del programa @paginadostve, quien dinamiz\u00f3 la conversaci\u00f3n entre los ponentes y el p\u00fablico asistente sobre c\u00f3mo narramos y leemos el mar.\n\n\u00a1Y contamos con la presencia de @librerianautica!\n\n\ud83d\udcda \u00a1Gracias a todas las personas que asististeis y participasteis en esta tarde de reflexi\u00f3n en torno al mar y los libros!\n\n#BlaudeFons #BCN\u00e0utica #CulturadelMar #bcnautica #SantJordi #lectura #MaiSol' target=\"_blank\" rel=\"noreferrer\" class='fts-child-media fts-child-media-hide fts-instagram-link-target fts-slicker-backg\n                                                                     fts-instagram-img-link'><\/a>\n                                                                <a href='' title='[ES] \u2b07\ufe0f [CA] \u27a1\ufe0f La 4a sessi\u00f3 del cicle Blau de Fons, pensada en el marc de la Diada de Sant Jordi, va posar el focus en les formes liter\u00e0ries i audiovisuals de relatar el m\u00f3n mar\u00ed.\n\n\ud83c\udfac  La sessi\u00f3 va comen\u00e7ar amb la preestrena del documental \u201cMai sol\u201d sobre la regata Mare Nostrum dirigit per Guille Cascante, director general de @wearegoroka, que ens va apropar a l\u2019experi\u00e8ncia humana i esportiva de la navegaci\u00f3 en alta mar.\n\nTot seguit, el mateix Guille Cascante @guillegoroka i l\u2019editor d&#039;@almayereditor Tomy @pelluz van compartir un col\u00b7loqui centrat en les narratives contempor\u00e0nies del mar a trav\u00e9s de la literatura i l\u2019audiovisual.\n\nLa sessi\u00f3 va estar condu\u00efda per \u00d2scar L\u00f3pez, director del programa @paginadostve, qui va dinamitzar la conversa entre els ponents i el p\u00fablic assistent sobre com narrem i llegim el mar.\n\nI vam comptar amb la pres\u00e8ncia de la @librerianautica!\n\n\ud83d\udcda Gr\u00e0cies a totes les persones que vau assistir-hi i vau participar en aquesta tarda de reflexi\u00f3 al voltant del mar i els llibres!\n\n[ES] \u27a1\ufe0f La 4\u00aa sesi\u00f3n del ciclo Blau de Fons, pensada en el marco de Sant Jordi, puso el foco en las formas literarias y audiovisuales de relatar el mundo marino.\n\n\ud83c\udfac La sesi\u00f3n empez\u00f3 con el preestreno del documental \u201cMai sol\u201d sobre la regata Mare Nostrum, dirigido por Guille Cascante, director general de @wearegoroka, que nos acerc\u00f3 a la experiencia humana y deportiva de la navegaci\u00f3n en alta mar.\n\nA continuaci\u00f3n, el propio Guille Cascante @guillegoroka y el editor de @almayereditor Tomy @pelluz compartieron un coloquio centrado en las narrativas contempor\u00e1neas del mar a trav\u00e9s de la literatura y el audiovisual.\n\nLa sesi\u00f3n estuvo conducida por \u00d2scar L\u00f3pez, director del programa @paginadostve, quien dinamiz\u00f3 la conversaci\u00f3n entre los ponentes y el p\u00fablico asistente sobre c\u00f3mo narramos y leemos el mar.\n\n\u00a1Y contamos con la presencia de @librerianautica!\n\n\ud83d\udcda \u00a1Gracias a todas las personas que asististeis y participasteis en esta tarde de reflexi\u00f3n en torno al mar y los libros!\n\n#BlaudeFons #BCN\u00e0utica #CulturadelMar #bcnautica #SantJordi #lectura #MaiSol' target=\"_blank\" rel=\"noreferrer\" class='fts-child-media fts-child-media-hide fts-instagram-link-target fts-slicker-backg\n                                                                     fts-instagram-img-link'><\/a>\n                                                                <a href='' title='[ES] \u2b07\ufe0f [CA] \u27a1\ufe0f La 4a sessi\u00f3 del cicle Blau de Fons, pensada en el marc de la Diada de Sant Jordi, va posar el focus en les formes liter\u00e0ries i audiovisuals de relatar el m\u00f3n mar\u00ed.\n\n\ud83c\udfac  La sessi\u00f3 va comen\u00e7ar amb la preestrena del documental \u201cMai sol\u201d sobre la regata Mare Nostrum dirigit per Guille Cascante, director general de @wearegoroka, que ens va apropar a l\u2019experi\u00e8ncia humana i esportiva de la navegaci\u00f3 en alta mar.\n\nTot seguit, el mateix Guille Cascante @guillegoroka i l\u2019editor d&#039;@almayereditor Tomy @pelluz van compartir un col\u00b7loqui centrat en les narratives contempor\u00e0nies del mar a trav\u00e9s de la literatura i l\u2019audiovisual.\n\nLa sessi\u00f3 va estar condu\u00efda per \u00d2scar L\u00f3pez, director del programa @paginadostve, qui va dinamitzar la conversa entre els ponents i el p\u00fablic assistent sobre com narrem i llegim el mar.\n\nI vam comptar amb la pres\u00e8ncia de la @librerianautica!\n\n\ud83d\udcda Gr\u00e0cies a totes les persones que vau assistir-hi i vau participar en aquesta tarda de reflexi\u00f3 al voltant del mar i els llibres!\n\n[ES] \u27a1\ufe0f La 4\u00aa sesi\u00f3n del ciclo Blau de Fons, pensada en el marco de Sant Jordi, puso el foco en las formas literarias y audiovisuales de relatar el mundo marino.\n\n\ud83c\udfac La sesi\u00f3n empez\u00f3 con el preestreno del documental \u201cMai sol\u201d sobre la regata Mare Nostrum, dirigido por Guille Cascante, director general de @wearegoroka, que nos acerc\u00f3 a la experiencia humana y deportiva de la navegaci\u00f3n en alta mar.\n\nA continuaci\u00f3n, el propio Guille Cascante @guillegoroka y el editor de @almayereditor Tomy @pelluz compartieron un coloquio centrado en las narrativas contempor\u00e1neas del mar a trav\u00e9s de la literatura y el audiovisual.\n\nLa sesi\u00f3n estuvo conducida por \u00d2scar L\u00f3pez, director del programa @paginadostve, quien dinamiz\u00f3 la conversaci\u00f3n entre los ponentes y el p\u00fablico asistente sobre c\u00f3mo narramos y leemos el mar.\n\n\u00a1Y contamos con la presencia de @librerianautica!\n\n\ud83d\udcda \u00a1Gracias a todas las personas que asististeis y participasteis en esta tarde de reflexi\u00f3n en torno al mar y los libros!\n\n#BlaudeFons #BCN\u00e0utica #CulturadelMar #bcnautica #SantJordi #lectura #MaiSol' target=\"_blank\" rel=\"noreferrer\" class='fts-child-media fts-child-media-hide fts-instagram-link-target fts-slicker-backg\n                                                                     fts-instagram-img-link'><\/a>\n                                                                <a href='' title='[ES] \u2b07\ufe0f [CA] \u27a1\ufe0f La 4a sessi\u00f3 del cicle Blau de Fons, pensada en el marc de la Diada de Sant Jordi, va posar el focus en les formes liter\u00e0ries i audiovisuals de relatar el m\u00f3n mar\u00ed.\n\n\ud83c\udfac  La sessi\u00f3 va comen\u00e7ar amb la preestrena del documental \u201cMai sol\u201d sobre la regata Mare Nostrum dirigit per Guille Cascante, director general de @wearegoroka, que ens va apropar a l\u2019experi\u00e8ncia humana i esportiva de la navegaci\u00f3 en alta mar.\n\nTot seguit, el mateix Guille Cascante @guillegoroka i l\u2019editor d&#039;@almayereditor Tomy @pelluz van compartir un col\u00b7loqui centrat en les narratives contempor\u00e0nies del mar a trav\u00e9s de la literatura i l\u2019audiovisual.\n\nLa sessi\u00f3 va estar condu\u00efda per \u00d2scar L\u00f3pez, director del programa @paginadostve, qui va dinamitzar la conversa entre els ponents i el p\u00fablic assistent sobre com narrem i llegim el mar.\n\nI vam comptar amb la pres\u00e8ncia de la @librerianautica!\n\n\ud83d\udcda Gr\u00e0cies a totes les persones que vau assistir-hi i vau participar en aquesta tarda de reflexi\u00f3 al voltant del mar i els llibres!\n\n[ES] \u27a1\ufe0f La 4\u00aa sesi\u00f3n del ciclo Blau de Fons, pensada en el marco de Sant Jordi, puso el foco en las formas literarias y audiovisuales de relatar el mundo marino.\n\n\ud83c\udfac La sesi\u00f3n empez\u00f3 con el preestreno del documental \u201cMai sol\u201d sobre la regata Mare Nostrum, dirigido por Guille Cascante, director general de @wearegoroka, que nos acerc\u00f3 a la experiencia humana y deportiva de la navegaci\u00f3n en alta mar.\n\nA continuaci\u00f3n, el propio Guille Cascante @guillegoroka y el editor de @almayereditor Tomy @pelluz compartieron un coloquio centrado en las narrativas contempor\u00e1neas del mar a trav\u00e9s de la literatura y el audiovisual.\n\nLa sesi\u00f3n estuvo conducida por \u00d2scar L\u00f3pez, director del programa @paginadostve, quien dinamiz\u00f3 la conversaci\u00f3n entre los ponentes y el p\u00fablico asistente sobre c\u00f3mo narramos y leemos el mar.\n\n\u00a1Y contamos con la presencia de @librerianautica!\n\n\ud83d\udcda \u00a1Gracias a todas las personas que asististeis y participasteis en esta tarde de reflexi\u00f3n en torno al mar y los libros!\n\n#BlaudeFons #BCN\u00e0utica #CulturadelMar #bcnautica #SantJordi #lectura #MaiSol' target=\"_blank\" rel=\"noreferrer\" class='fts-child-media fts-child-media-hide fts-instagram-link-target fts-slicker-backg\n                                                                     fts-instagram-img-link'><\/a>\n                                                                <a href='' title='[ES] \u2b07\ufe0f [CA] \u27a1\ufe0f La 4a sessi\u00f3 del cicle Blau de Fons, pensada en el marc de la Diada de Sant Jordi, va posar el focus en les formes liter\u00e0ries i audiovisuals de relatar el m\u00f3n mar\u00ed.\n\n\ud83c\udfac  La sessi\u00f3 va comen\u00e7ar amb la preestrena del documental \u201cMai sol\u201d sobre la regata Mare Nostrum dirigit per Guille Cascante, director general de @wearegoroka, que ens va apropar a l\u2019experi\u00e8ncia humana i esportiva de la navegaci\u00f3 en alta mar.\n\nTot seguit, el mateix Guille Cascante @guillegoroka i l\u2019editor d&#039;@almayereditor Tomy @pelluz van compartir un col\u00b7loqui centrat en les narratives contempor\u00e0nies del mar a trav\u00e9s de la literatura i l\u2019audiovisual.\n\nLa sessi\u00f3 va estar condu\u00efda per \u00d2scar L\u00f3pez, director del programa @paginadostve, qui va dinamitzar la conversa entre els ponents i el p\u00fablic assistent sobre com narrem i llegim el mar.\n\nI vam comptar amb la pres\u00e8ncia de la @librerianautica!\n\n\ud83d\udcda Gr\u00e0cies a totes les persones que vau assistir-hi i vau participar en aquesta tarda de reflexi\u00f3 al voltant del mar i els llibres!\n\n[ES] \u27a1\ufe0f La 4\u00aa sesi\u00f3n del ciclo Blau de Fons, pensada en el marco de Sant Jordi, puso el foco en las formas literarias y audiovisuales de relatar el mundo marino.\n\n\ud83c\udfac La sesi\u00f3n empez\u00f3 con el preestreno del documental \u201cMai sol\u201d sobre la regata Mare Nostrum, dirigido por Guille Cascante, director general de @wearegoroka, que nos acerc\u00f3 a la experiencia humana y deportiva de la navegaci\u00f3n en alta mar.\n\nA continuaci\u00f3n, el propio Guille Cascante @guillegoroka y el editor de @almayereditor Tomy @pelluz compartieron un coloquio centrado en las narrativas contempor\u00e1neas del mar a trav\u00e9s de la literatura y el audiovisual.\n\nLa sesi\u00f3n estuvo conducida por \u00d2scar L\u00f3pez, director del programa @paginadostve, quien dinamiz\u00f3 la conversaci\u00f3n entre los ponentes y el p\u00fablico asistente sobre c\u00f3mo narramos y leemos el mar.\n\n\u00a1Y contamos con la presencia de @librerianautica!\n\n\ud83d\udcda \u00a1Gracias a todas las personas que asististeis y participasteis en esta tarde de reflexi\u00f3n en torno al mar y los libros!\n\n#BlaudeFons #BCN\u00e0utica #CulturadelMar #bcnautica #SantJordi #lectura #MaiSol' target=\"_blank\" rel=\"noreferrer\" class='fts-child-media fts-child-media-hide fts-instagram-link-target fts-slicker-backg\n                                                                     fts-instagram-img-link'><\/a>\n                                \n                        <div class='slicker-date'>\n\n                            <div class=\"fts-insta-date-popup-grab\">\n                            &nbsp;                            <\/div>\n                        <\/div>\n                    <div class='slicker-instaG-backg-link'>\n\n                        <div class='slicker-instaG-photoshadow'><\/div>\n                    <\/div>\n                        <div class=\"fts-insta-likes-comments-grab-popup\">\n\n                            <div class=\"fts-share-wrap\"><a href=\"javascript:;\" class=\"ft-gallery-link-popup\" title=\"Social Share Options\"><\/a><div class=\"ft-gallery-share-wrap\"><a href=\"https:\/\/www.facebook.com\/sharer\/sharer.php?u=https:\/\/www.instagram.com\/p\/DXWhLTpGl1a\/\" target=\"_blank\" rel=\"noreferrer\" class=\"ft-galleryfacebook-icon\" title=\"Share this post on Facebook\"><i class=\"fa fa-facebook-square\"><\/i><\/a><a href=\"https:\/\/twitter.com\/intent\/tweet?text=https:\/\/www.instagram.com\/p\/DXWhLTpGl1a\/+[ES] \u2b07\ufe0f [CA] \u27a1\ufe0f La 4a sessi\u00f3 del cicle Blau de Fons, pensada en el marc de la Diada de Sant Jordi, va posar el focus en les formes liter\u00e0ries i audiovisuals de relatar el m\u00f3n mar\u00ed.\n\n\ud83c\udfac  La sessi\u00f3 va comen\u00e7ar amb la preestrena del documental \u201cMai sol\u201d sobre la regata Mare Nostrum dirigit per Guille Cascante, director general de @wearegoroka, que ens va apropar a l\u2019experi\u00e8ncia humana i esportiva de la navegaci\u00f3 en alta mar.\n\nTot seguit, el mateix Guille Cascante @guillegoroka i l\u2019editor d&#039;@almayereditor Tomy @pelluz van compartir un col\u00b7loqui centrat en les narratives contempor\u00e0nies del mar a trav\u00e9s de la literatura i l\u2019audiovisual.\n\nLa sessi\u00f3 va estar condu\u00efda per \u00d2scar L\u00f3pez, director del programa @paginadostve, qui va dinamitzar la conversa entre els ponents i el p\u00fablic assistent sobre com narrem i llegim el mar.\n\nI vam comptar amb la pres\u00e8ncia de la @librerianautica!\n\n\ud83d\udcda Gr\u00e0cies a totes les persones que vau assistir-hi i vau participar en aquesta tarda de reflexi\u00f3 al voltant del mar i els llibres!\n\n[ES] \u27a1\ufe0f La 4\u00aa sesi\u00f3n del ciclo Blau de Fons, pensada en el marco de Sant Jordi, puso el foco en las formas literarias y audiovisuales de relatar el mundo marino.\n\n\ud83c\udfac La sesi\u00f3n empez\u00f3 con el preestreno del documental \u201cMai sol\u201d sobre la regata Mare Nostrum, dirigido por Guille Cascante, director general de @wearegoroka, que nos acerc\u00f3 a la experiencia humana y deportiva de la navegaci\u00f3n en alta mar.\n\nA continuaci\u00f3n, el propio Guille Cascante @guillegoroka y el editor de @almayereditor Tomy @pelluz compartieron un coloquio centrado en las narrativas contempor\u00e1neas del mar a trav\u00e9s de la literatura y el audiovisual.\n\nLa sesi\u00f3n estuvo conducida por \u00d2scar L\u00f3pez, director del programa @paginadostve, quien dinamiz\u00f3 la conversaci\u00f3n entre los ponentes y el p\u00fablico asistente sobre c\u00f3mo narramos y leemos el mar.\n\n\u00a1Y contamos con la presencia de @librerianautica!\n\n\ud83d\udcda \u00a1Gracias a todas las personas que asististeis y participasteis en esta tarde de reflexi\u00f3n en torno al mar y los libros!\n\n#BlaudeFons #BCN\u00e0utica #CulturadelMar #bcnautica #SantJordi #lectura #MaiSol\" target=\"_blank\" rel=\"noreferrer\" class=\"ft-gallerytwitter-icon\" title=\"Share this post on Twitter\"><i class=\"fa fa-twitter\"><\/i><\/a><a href=\"https:\/\/www.linkedin.com\/shareArticle?mini=true&amp;url=https:\/\/www.instagram.com\/p\/DXWhLTpGl1a\/\" target=\"_blank\" rel=\"noreferrer\" class=\"ft-gallerylinkedin-icon\" title=\"Share this post on Linkedin\"><i class=\"fa fa-linkedin\"><\/i><\/a><a href=\"mailto:?subject=Shared Link&amp;body=https:\/\/www.instagram.com\/p\/DXWhLTpGl1a\/ - [ES] \u2b07\ufe0f [CA] \u27a1\ufe0f La 4a sessi\u00f3 del cicle Blau de Fons, pensada en el marc de la Diada de Sant Jordi, va posar el focus en les formes liter\u00e0ries i audiovisuals de relatar el m\u00f3n mar\u00ed.\n\n\ud83c\udfac  La sessi\u00f3 va comen\u00e7ar amb la preestrena del documental \u201cMai sol\u201d sobre la regata Mare Nostrum dirigit per Guille Cascante, director general de @wearegoroka, que ens va apropar a l\u2019experi\u00e8ncia humana i esportiva de la navegaci\u00f3 en alta mar.\n\nTot seguit, el mateix Guille Cascante @guillegoroka i l\u2019editor d&#039;@almayereditor Tomy @pelluz van compartir un col\u00b7loqui centrat en les narratives contempor\u00e0nies del mar a trav\u00e9s de la literatura i l\u2019audiovisual.\n\nLa sessi\u00f3 va estar condu\u00efda per \u00d2scar L\u00f3pez, director del programa @paginadostve, qui va dinamitzar la conversa entre els ponents i el p\u00fablic assistent sobre com narrem i llegim el mar.\n\nI vam comptar amb la pres\u00e8ncia de la @librerianautica!\n\n\ud83d\udcda Gr\u00e0cies a totes les persones que vau assistir-hi i vau participar en aquesta tarda de reflexi\u00f3 al voltant del mar i els llibres!\n\n[ES] \u27a1\ufe0f La 4\u00aa sesi\u00f3n del ciclo Blau de Fons, pensada en el marco de Sant Jordi, puso el foco en las formas literarias y audiovisuales de relatar el mundo marino.\n\n\ud83c\udfac La sesi\u00f3n empez\u00f3 con el preestreno del documental \u201cMai sol\u201d sobre la regata Mare Nostrum, dirigido por Guille Cascante, director general de @wearegoroka, que nos acerc\u00f3 a la experiencia humana y deportiva de la navegaci\u00f3n en alta mar.\n\nA continuaci\u00f3n, el propio Guille Cascante @guillegoroka y el editor de @almayereditor Tomy @pelluz compartieron un coloquio centrado en las narrativas contempor\u00e1neas del mar a trav\u00e9s de la literatura y el audiovisual.\n\nLa sesi\u00f3n estuvo conducida por \u00d2scar L\u00f3pez, director del programa @paginadostve, quien dinamiz\u00f3 la conversaci\u00f3n entre los ponentes y el p\u00fablico asistente sobre c\u00f3mo narramos y leemos el mar.\n\n\u00a1Y contamos con la presencia de @librerianautica!\n\n\ud83d\udcda \u00a1Gracias a todas las personas que asististeis y participasteis en esta tarde de reflexi\u00f3n en torno al mar y los libros!\n\n#BlaudeFons #BCN\u00e0utica #CulturadelMar #bcnautica #SantJordi #lectura #MaiSol\" target=\"_blank\" rel=\"noreferrer\" class=\"ft-galleryemail-icon\" title=\"Share this post in your email\"><i class=\"fa fa-envelope\"><\/i><\/a><\/div><\/div>                        <\/div>\n                <\/div>\n                                                <div class=\"slicker-instagram-placeholder fts-instagram-wrapper\" style=\"background-image:url('https:\/\/scontent-lhr6-2.cdninstagram.com\/v\/t51.82787-15\/670709696_18112725457759999_4923049574138685886_n.jpg?stp=dst-jpg_e35_tt6&#038;_nc_cat=105&#038;ccb=7-5&#038;_nc_sid=18de74&#038;efg=eyJlZmdfdGFnIjoiQ0xJUFMuYmVzdF9pbWFnZV91cmxnZW4uQzMifQ%3D%3D&#038;_nc_ohc=KpHOFdeTP8IQ7kNvwH9kUTK&#038;_nc_oc=Adq4_gVCwvp7E-VpNXwlGn1jwCpWQnP_XYQInQD3IjVyvNDw4fBI6LXRe22Dl4Dcqqo&#038;_nc_zt=23&#038;_nc_ht=scontent-lhr6-2.cdninstagram.com&#038;edm=AEQ6tj4EAAAA&#038;_nc_gid=Cm9dlS9Dspk1bav3ePvKuw&#038;_nc_tpa=Q5bMBQFTL49xuY7SwSfM04mREK-NLJ1gu-rcgxt_BwM5c-pvupvprf4qTxp4Ea0I6FFxF4cTkpLhfnpMqw&#038;oh=00_Af1O78vIEhO3Qt3W4QDC_9yFm2lLADZg5v-H_e96dIU22g&#038;oe=69F5B434')\">\n                                            <a href='https:\/\/www.instagram.com\/reel\/DXUXyk4gn1A\/' title='[ES]\u2b07\ufe0f [CA]\u27a1\ufe0fEntre rialles i vent, cada entrenament \u00e9s una nova aventura. \u26f5\ud83c\udf0a\n\nEl reel recull moments de l\u2019entrenament de la @lligablava del passat cap de setmana al @cnarenys , on els infants van continuar familiaritzant-se amb la vela i amb tot all\u00f2 que implica compartir una jornada al mar.\n\nA l\u2019aigua, els infants aprenen noves habilitats, comparteixen reptes i guanyen confian\u00e7a en ells mateixos i en l\u2019equip.\n\nSortida rere sortida, la vela obre nous horitzons i refor\u00e7a un vincle amb el mar que comen\u00e7a avui, per\u00f2 mira molt m\u00e9s enll\u00e0. \ud83d\udc99\n\n[ES]\u27a1\ufe0fEntre risas y viento, cada entrenamiento es una nueva aventura. \u26f5\ud83c\udf0a\n\nEl reel recoge momentos del entrenamiento de @lligablava del pasado fin de semana en @cnarenys , donde los ni\u00f1os y ni\u00f1as siguieron familiariz\u00e1ndose con la vela y con todo lo que implica compartir una jornada en el mar.\n\nEn el agua, los ni\u00f1os y ni\u00f1as aprenden nuevas habilidades, comparten retos y ganan confianza en s\u00ed mismos y en el equipo.\n\nSalida tras salida, la vela abre nuevos horizontes y refuerza un v\u00ednculo con el mar que empieza hoy, pero mira mucho m\u00e1s all\u00e1. \ud83d\udc99\n\n\ud83c\udfa5@crispetesfilms \n@velacatalana @portsgencat #lligablava #bcnautica #futurblau #velainfantil #educacioenvalors' target=\"_blank\" rel=\"noreferrer\" class='fts-instagram-link-target fts-slicker-backg\n                         fts-instagram-img-link' style=\"height:30px !important; width:30px; line-height:30px; font-size:30px;\"><span class=\"fts-instagram-icon\" style=\"height:30px; width:30px; line-height:30px; font-size:30px;\"><\/span><\/a>\n                                                    <div class=\"fts-instagram-video-image-wrapper\"><div class=\"fts-instagram-video-image\"><\/div><\/div>\n                            \n                        <div class='slicker-date'>\n\n                            <div class=\"fts-insta-date-popup-grab\">\n                            &nbsp;                            <\/div>\n                        <\/div>\n                    <div class='slicker-instaG-backg-link'>\n\n                        <div class='slicker-instaG-photoshadow'><\/div>\n                    <\/div>\n                        <div class=\"fts-insta-likes-comments-grab-popup\">\n\n                            <div class=\"fts-share-wrap\"><a href=\"javascript:;\" class=\"ft-gallery-link-popup\" title=\"Social Share Options\"><\/a><div class=\"ft-gallery-share-wrap\"><a href=\"https:\/\/www.facebook.com\/sharer\/sharer.php?u=https:\/\/www.instagram.com\/reel\/DXUXyk4gn1A\/\" target=\"_blank\" rel=\"noreferrer\" class=\"ft-galleryfacebook-icon\" title=\"Share this post on Facebook\"><i class=\"fa fa-facebook-square\"><\/i><\/a><a href=\"https:\/\/twitter.com\/intent\/tweet?text=https:\/\/www.instagram.com\/reel\/DXUXyk4gn1A\/+[ES]\u2b07\ufe0f [CA]\u27a1\ufe0fEntre rialles i vent, cada entrenament \u00e9s una nova aventura. \u26f5\ud83c\udf0a\n\nEl reel recull moments de l\u2019entrenament de la @lligablava del passat cap de setmana al @cnarenys , on els infants van continuar familiaritzant-se amb la vela i amb tot all\u00f2 que implica compartir una jornada al mar.\n\nA l\u2019aigua, els infants aprenen noves habilitats, comparteixen reptes i guanyen confian\u00e7a en ells mateixos i en l\u2019equip.\n\nSortida rere sortida, la vela obre nous horitzons i refor\u00e7a un vincle amb el mar que comen\u00e7a avui, per\u00f2 mira molt m\u00e9s enll\u00e0. \ud83d\udc99\n\n[ES]\u27a1\ufe0fEntre risas y viento, cada entrenamiento es una nueva aventura. \u26f5\ud83c\udf0a\n\nEl reel recoge momentos del entrenamiento de @lligablava del pasado fin de semana en @cnarenys , donde los ni\u00f1os y ni\u00f1as siguieron familiariz\u00e1ndose con la vela y con todo lo que implica compartir una jornada en el mar.\n\nEn el agua, los ni\u00f1os y ni\u00f1as aprenden nuevas habilidades, comparten retos y ganan confianza en s\u00ed mismos y en el equipo.\n\nSalida tras salida, la vela abre nuevos horizontes y refuerza un v\u00ednculo con el mar que empieza hoy, pero mira mucho m\u00e1s all\u00e1. \ud83d\udc99\n\n\ud83c\udfa5@crispetesfilms \n@velacatalana @portsgencat #lligablava #bcnautica #futurblau #velainfantil #educacioenvalors\" target=\"_blank\" rel=\"noreferrer\" class=\"ft-gallerytwitter-icon\" title=\"Share this post on Twitter\"><i class=\"fa fa-twitter\"><\/i><\/a><a href=\"https:\/\/www.linkedin.com\/shareArticle?mini=true&amp;url=https:\/\/www.instagram.com\/reel\/DXUXyk4gn1A\/\" target=\"_blank\" rel=\"noreferrer\" class=\"ft-gallerylinkedin-icon\" title=\"Share this post on Linkedin\"><i class=\"fa fa-linkedin\"><\/i><\/a><a href=\"mailto:?subject=Shared Link&amp;body=https:\/\/www.instagram.com\/reel\/DXUXyk4gn1A\/ - [ES]\u2b07\ufe0f [CA]\u27a1\ufe0fEntre rialles i vent, cada entrenament \u00e9s una nova aventura. \u26f5\ud83c\udf0a\n\nEl reel recull moments de l\u2019entrenament de la @lligablava del passat cap de setmana al @cnarenys , on els infants van continuar familiaritzant-se amb la vela i amb tot all\u00f2 que implica compartir una jornada al mar.\n\nA l\u2019aigua, els infants aprenen noves habilitats, comparteixen reptes i guanyen confian\u00e7a en ells mateixos i en l\u2019equip.\n\nSortida rere sortida, la vela obre nous horitzons i refor\u00e7a un vincle amb el mar que comen\u00e7a avui, per\u00f2 mira molt m\u00e9s enll\u00e0. \ud83d\udc99\n\n[ES]\u27a1\ufe0fEntre risas y viento, cada entrenamiento es una nueva aventura. \u26f5\ud83c\udf0a\n\nEl reel recoge momentos del entrenamiento de @lligablava del pasado fin de semana en @cnarenys , donde los ni\u00f1os y ni\u00f1as siguieron familiariz\u00e1ndose con la vela y con todo lo que implica compartir una jornada en el mar.\n\nEn el agua, los ni\u00f1os y ni\u00f1as aprenden nuevas habilidades, comparten retos y ganan confianza en s\u00ed mismos y en el equipo.\n\nSalida tras salida, la vela abre nuevos horizontes y refuerza un v\u00ednculo con el mar que empieza hoy, pero mira mucho m\u00e1s all\u00e1. \ud83d\udc99\n\n\ud83c\udfa5@crispetesfilms \n@velacatalana @portsgencat #lligablava #bcnautica #futurblau #velainfantil #educacioenvalors\" target=\"_blank\" rel=\"noreferrer\" class=\"ft-galleryemail-icon\" title=\"Share this post in your email\"><i class=\"fa fa-envelope\"><\/i><\/a><\/div><\/div>                        <\/div>\n                <\/div>\n                                                <div class=\"slicker-instagram-placeholder fts-instagram-wrapper\" style=\"background-image:url('https:\/\/scontent-lhr8-2.cdninstagram.com\/v\/t51.82787-15\/670153360_18112157923759999_7422780556572239638_n.jpg?stp=dst-jpg_e35_tt6&#038;_nc_cat=101&#038;ccb=7-5&#038;_nc_sid=18de74&#038;efg=eyJlZmdfdGFnIjoiQ0xJUFMuYmVzdF9pbWFnZV91cmxnZW4uQzMifQ%3D%3D&#038;_nc_ohc=59SHiveQVgMQ7kNvwE-te-r&#038;_nc_oc=AdoZXgSV2nwXx2Q42lKmbEJozWO8m9nEKYexJTGBeO5_AUjZyTEWVXnRlNJvPb0aRpU&#038;_nc_zt=23&#038;_nc_ht=scontent-lhr8-2.cdninstagram.com&#038;edm=AEQ6tj4EAAAA&#038;_nc_gid=Q-M_HvAm4enZ2u-ZxJQLTA&#038;_nc_tpa=Q5bMBQHJ7N5IwC_JpquePcp91OYWGAu8xUaebL0Q_zJVhvgNmCg3mM-XQT0tJn08Q43hGoXxgoN1eA-U3w&#038;oh=00_Af0sWKNO73_UUudc0B30Q-2YcSn4hTonniAKWwZxNYS42w&#038;oe=69F5B0DD')\">\n                                            <a href='https:\/\/www.instagram.com\/reel\/DXE7dYxiMwg\/' title='[ES]\u2b07\ufe0f [CA]\u27a1\ufe0f El 16 d\u2019abril fem una sessi\u00f3 especial de \u201cBlau de fons\u201d amb la preestrena del curt documental \u201cMai sol\u201d  de @guillegoroka,  director de la productora @wearegoroka, sobre la regata Mare Nostrum. \ud83c\udfa5 \n\n\ud83d\udcac A continuaci\u00f3 farem un col\u00b7loqui sobre narratives del mar condu\u00eft  per \u00d2scar L\u00f3pez, director del programa @paginadostve i guanyador d\u2019un \u201cPremio Ondas 2025\u201d al millor programa d\u2019entreteniment.\n\nComptarem tamb\u00e9 amb la presencia de la @librerianautica.\n\n\ud83d\uddd3\ufe0f 16 d\u2019abril a les 18.30 h \n\ud83d\udccd Moll de Llevant 1, Barcelona \n\ud83d\udd17 Inscripcions a l\u2019enlla\u00e7 de la bio \ud83d\udc46 \n\nNo et quedis sense pla\u00e7a!\n______\n\n[ES]\u27a1\ufe0fEl 16 de abril hacemos una sesi\u00f3n especial de \u201cAzul de fondo\u201d con el preestreno del corto documental \u201cNunca solo\u201d de Guille Cascante, director de la productora Goroka, sobre la regata Mare Nostrum. \ud83c\udfa5 \n\n\ud83d\udcac A continuaci\u00f3n haremos un coloquio sobre narrativas del mar conducido por \u00d2scar L\u00f3pez, director del programa @paginadostve y ganador de un \u201cPremio Ondas 2025\u201d al mejor programa de entretenimiento. \n\nContaremos tambi\u00e9n con la presencia de la @librerianautica.\n\n\ud83d\uddd3\ufe0f 16 de abril a las 18.30 h\n \ud83d\udccd Moll de Llevant 1, Barcelona \n\ud83d\udd17 Inscripciones en el enlace de la bio \ud83d\udc46\n\n \u00a1No te quedes sin plaza!\n\n#BCN\u00e0utica #BlaudeFons #Culturadelmar' target=\"_blank\" rel=\"noreferrer\" class='fts-instagram-link-target fts-slicker-backg\n                         fts-instagram-img-link' style=\"height:30px !important; width:30px; line-height:30px; font-size:30px;\"><span class=\"fts-instagram-icon\" style=\"height:30px; width:30px; line-height:30px; font-size:30px;\"><\/span><\/a>\n                                                    <div class=\"fts-instagram-video-image-wrapper\"><div class=\"fts-instagram-video-image\"><\/div><\/div>\n                            \n                        <div class='slicker-date'>\n\n                            <div class=\"fts-insta-date-popup-grab\">\n                            &nbsp;                            <\/div>\n                        <\/div>\n                    <div class='slicker-instaG-backg-link'>\n\n                        <div class='slicker-instaG-photoshadow'><\/div>\n                    <\/div>\n                        <div class=\"fts-insta-likes-comments-grab-popup\">\n\n                            <div class=\"fts-share-wrap\"><a href=\"javascript:;\" class=\"ft-gallery-link-popup\" title=\"Social Share Options\"><\/a><div class=\"ft-gallery-share-wrap\"><a href=\"https:\/\/www.facebook.com\/sharer\/sharer.php?u=https:\/\/www.instagram.com\/reel\/DXE7dYxiMwg\/\" target=\"_blank\" rel=\"noreferrer\" class=\"ft-galleryfacebook-icon\" title=\"Share this post on Facebook\"><i class=\"fa fa-facebook-square\"><\/i><\/a><a href=\"https:\/\/twitter.com\/intent\/tweet?text=https:\/\/www.instagram.com\/reel\/DXE7dYxiMwg\/+[ES]\u2b07\ufe0f [CA]\u27a1\ufe0f El 16 d\u2019abril fem una sessi\u00f3 especial de \u201cBlau de fons\u201d amb la preestrena del curt documental \u201cMai sol\u201d  de @guillegoroka,  director de la productora @wearegoroka, sobre la regata Mare Nostrum. \ud83c\udfa5 \n\n\ud83d\udcac A continuaci\u00f3 farem un col\u00b7loqui sobre narratives del mar condu\u00eft  per \u00d2scar L\u00f3pez, director del programa @paginadostve i guanyador d\u2019un \u201cPremio Ondas 2025\u201d al millor programa d\u2019entreteniment.\n\nComptarem tamb\u00e9 amb la presencia de la @librerianautica.\n\n\ud83d\uddd3\ufe0f 16 d\u2019abril a les 18.30 h \n\ud83d\udccd Moll de Llevant 1, Barcelona \n\ud83d\udd17 Inscripcions a l\u2019enlla\u00e7 de la bio \ud83d\udc46 \n\nNo et quedis sense pla\u00e7a!\n______\n\n[ES]\u27a1\ufe0fEl 16 de abril hacemos una sesi\u00f3n especial de \u201cAzul de fondo\u201d con el preestreno del corto documental \u201cNunca solo\u201d de Guille Cascante, director de la productora Goroka, sobre la regata Mare Nostrum. \ud83c\udfa5 \n\n\ud83d\udcac A continuaci\u00f3n haremos un coloquio sobre narrativas del mar conducido por \u00d2scar L\u00f3pez, director del programa @paginadostve y ganador de un \u201cPremio Ondas 2025\u201d al mejor programa de entretenimiento. \n\nContaremos tambi\u00e9n con la presencia de la @librerianautica.\n\n\ud83d\uddd3\ufe0f 16 de abril a las 18.30 h\n \ud83d\udccd Moll de Llevant 1, Barcelona \n\ud83d\udd17 Inscripciones en el enlace de la bio \ud83d\udc46\n\n \u00a1No te quedes sin plaza!\n\n#BCN\u00e0utica #BlaudeFons #Culturadelmar\" target=\"_blank\" rel=\"noreferrer\" class=\"ft-gallerytwitter-icon\" title=\"Share this post on Twitter\"><i class=\"fa fa-twitter\"><\/i><\/a><a href=\"https:\/\/www.linkedin.com\/shareArticle?mini=true&amp;url=https:\/\/www.instagram.com\/reel\/DXE7dYxiMwg\/\" target=\"_blank\" rel=\"noreferrer\" class=\"ft-gallerylinkedin-icon\" title=\"Share this post on Linkedin\"><i class=\"fa fa-linkedin\"><\/i><\/a><a href=\"mailto:?subject=Shared Link&amp;body=https:\/\/www.instagram.com\/reel\/DXE7dYxiMwg\/ - [ES]\u2b07\ufe0f [CA]\u27a1\ufe0f El 16 d\u2019abril fem una sessi\u00f3 especial de \u201cBlau de fons\u201d amb la preestrena del curt documental \u201cMai sol\u201d  de @guillegoroka,  director de la productora @wearegoroka, sobre la regata Mare Nostrum. \ud83c\udfa5 \n\n\ud83d\udcac A continuaci\u00f3 farem un col\u00b7loqui sobre narratives del mar condu\u00eft  per \u00d2scar L\u00f3pez, director del programa @paginadostve i guanyador d\u2019un \u201cPremio Ondas 2025\u201d al millor programa d\u2019entreteniment.\n\nComptarem tamb\u00e9 amb la presencia de la @librerianautica.\n\n\ud83d\uddd3\ufe0f 16 d\u2019abril a les 18.30 h \n\ud83d\udccd Moll de Llevant 1, Barcelona \n\ud83d\udd17 Inscripcions a l\u2019enlla\u00e7 de la bio \ud83d\udc46 \n\nNo et quedis sense pla\u00e7a!\n______\n\n[ES]\u27a1\ufe0fEl 16 de abril hacemos una sesi\u00f3n especial de \u201cAzul de fondo\u201d con el preestreno del corto documental \u201cNunca solo\u201d de Guille Cascante, director de la productora Goroka, sobre la regata Mare Nostrum. \ud83c\udfa5 \n\n\ud83d\udcac A continuaci\u00f3n haremos un coloquio sobre narrativas del mar conducido por \u00d2scar L\u00f3pez, director del programa @paginadostve y ganador de un \u201cPremio Ondas 2025\u201d al mejor programa de entretenimiento. \n\nContaremos tambi\u00e9n con la presencia de la @librerianautica.\n\n\ud83d\uddd3\ufe0f 16 de abril a las 18.30 h\n \ud83d\udccd Moll de Llevant 1, Barcelona \n\ud83d\udd17 Inscripciones en el enlace de la bio \ud83d\udc46\n\n \u00a1No te quedes sin plaza!\n\n#BCN\u00e0utica #BlaudeFons #Culturadelmar\" target=\"_blank\" rel=\"noreferrer\" class=\"ft-galleryemail-icon\" title=\"Share this post in your email\"><i class=\"fa fa-envelope\"><\/i><\/a><\/div><\/div>                        <\/div>\n                <\/div>\n                                                <div class=\"slicker-instagram-placeholder fts-instagram-wrapper\" style=\"background-image:url('https:\/\/scontent-lhr8-1.cdninstagram.com\/v\/t51.82787-15\/671199997_18112240489759999_5793278755638533684_n.jpg?stp=dst-jpg_e35_tt6&#038;_nc_cat=107&#038;ccb=7-5&#038;_nc_sid=18de74&#038;efg=eyJlZmdfdGFnIjoiQ0xJUFMuYmVzdF9pbWFnZV91cmxnZW4uQzMifQ%3D%3D&#038;_nc_ohc=350rr9x25-MQ7kNvwE8EJrw&#038;_nc_oc=Adq_LspHsKCoKGJNToq9T-eUA0-CNP2K2fr7cBn_uJHm6ZuFyEsDl1AYE8Vd8kT6nwA&#038;_nc_zt=23&#038;_nc_ht=scontent-lhr8-1.cdninstagram.com&#038;edm=AEQ6tj4EAAAA&#038;_nc_gid=0JIH3k4uDfYBqtEn5K8N2g&#038;_nc_tpa=Q5bMBQEVaoL3C7-W0Ixub2SpVROcrrjXN34bWS4ujl8iQAuuoPLFZLmSA-issssKng82lsXem4Lko2OX2g&#038;oh=00_Af0FmER1rng_dzzn-6JRwqHm2oa9ravpsFK7mnt5Huj0Nw&#038;oe=69F58742')\">\n                                            <a href='https:\/\/www.instagram.com\/reel\/DXBvMUCgqis\/' title='[ES]\u2b07\ufe0f [CA]\u27a1\ufe0fEl mar i la vela tamb\u00e9 es fan estimar des de petits. \u26f5\ud83d\udc99\n\nAix\u00ed es va viure l\u2019entrenament del cap de setmana passat al @nauticescala : una jornada plena d\u2019aprenentatges, emocions compartides i petits grans moments que deixen empremta.\n\nA la @lligablava , cada sortida \u00e9s molt m\u00e9s que una activitat esportiva. \u00c9s una oportunitat perqu\u00e8 els infants descobreixin el mar des de dins, guanyin confian\u00e7a, aprenguin a escoltar-se, a ajudar-se i a avan\u00e7ar plegats.\n\nDes de ben petits, comencen a construir un vincle real amb l\u2019aigua i amb la vela, fet d\u2019experi\u00e8ncies, respecte, il\u00b7lusi\u00f3 i descoberta.\n\nPerqu\u00e8 quan un infant connecta amb el mar, neix una relaci\u00f3 que pot acompanyar-lo tota la vida. \ud83c\udf0a\n\n[ES]\u27a1\ufe0fEl mar y la vela tambi\u00e9n se hacen querer desde peque\u00f1os. \u26f5\ud83d\udc99\n\nAs\u00ed se vivi\u00f3 el entrenamiento del pasado fin de semana en @nauticescala : una jornada llena de aprendizajes, emociones compartidas y peque\u00f1os grandes momentos que dejan huella.\n\nEn la @lligablava , cada salida es mucho m\u00e1s que una actividad deportiva. Es una oportunidad para que los ni\u00f1os y ni\u00f1as descubran el mar desde dentro, ganen confianza, aprendan a escucharse, a ayudarse y a avanzar juntos.\n\nDesde bien peque\u00f1os, empiezan a construir un v\u00ednculo real con el agua y con la vela, hecho de experiencias, respeto, ilusi\u00f3n y descubrimiento.\n\nPorque cuando un ni\u00f1o o una ni\u00f1a conecta con el mar, nace una relaci\u00f3n que puede acompa\u00f1arle toda la vida. \ud83c\udf0a\n\n\ud83c\udfa5@crispetesfilms \n@velacatalana @portsgencat #lligablava #bcnautica #velacatalana #futurblau #velainfantil #educaci\u00f3envalors' target=\"_blank\" rel=\"noreferrer\" class='fts-instagram-link-target fts-slicker-backg\n                         fts-instagram-img-link' style=\"height:30px !important; width:30px; line-height:30px; font-size:30px;\"><span class=\"fts-instagram-icon\" style=\"height:30px; width:30px; line-height:30px; font-size:30px;\"><\/span><\/a>\n                                                    <div class=\"fts-instagram-video-image-wrapper\"><div class=\"fts-instagram-video-image\"><\/div><\/div>\n                            \n                        <div class='slicker-date'>\n\n                            <div class=\"fts-insta-date-popup-grab\">\n                            &nbsp;                            <\/div>\n                        <\/div>\n                    <div class='slicker-instaG-backg-link'>\n\n                        <div class='slicker-instaG-photoshadow'><\/div>\n                    <\/div>\n                        <div class=\"fts-insta-likes-comments-grab-popup\">\n\n                            <div class=\"fts-share-wrap\"><a href=\"javascript:;\" class=\"ft-gallery-link-popup\" title=\"Social Share Options\"><\/a><div class=\"ft-gallery-share-wrap\"><a href=\"https:\/\/www.facebook.com\/sharer\/sharer.php?u=https:\/\/www.instagram.com\/reel\/DXBvMUCgqis\/\" target=\"_blank\" rel=\"noreferrer\" class=\"ft-galleryfacebook-icon\" title=\"Share this post on Facebook\"><i class=\"fa fa-facebook-square\"><\/i><\/a><a href=\"https:\/\/twitter.com\/intent\/tweet?text=https:\/\/www.instagram.com\/reel\/DXBvMUCgqis\/+[ES]\u2b07\ufe0f [CA]\u27a1\ufe0fEl mar i la vela tamb\u00e9 es fan estimar des de petits. \u26f5\ud83d\udc99\n\nAix\u00ed es va viure l\u2019entrenament del cap de setmana passat al @nauticescala : una jornada plena d\u2019aprenentatges, emocions compartides i petits grans moments que deixen empremta.\n\nA la @lligablava , cada sortida \u00e9s molt m\u00e9s que una activitat esportiva. \u00c9s una oportunitat perqu\u00e8 els infants descobreixin el mar des de dins, guanyin confian\u00e7a, aprenguin a escoltar-se, a ajudar-se i a avan\u00e7ar plegats.\n\nDes de ben petits, comencen a construir un vincle real amb l\u2019aigua i amb la vela, fet d\u2019experi\u00e8ncies, respecte, il\u00b7lusi\u00f3 i descoberta.\n\nPerqu\u00e8 quan un infant connecta amb el mar, neix una relaci\u00f3 que pot acompanyar-lo tota la vida. \ud83c\udf0a\n\n[ES]\u27a1\ufe0fEl mar y la vela tambi\u00e9n se hacen querer desde peque\u00f1os. \u26f5\ud83d\udc99\n\nAs\u00ed se vivi\u00f3 el entrenamiento del pasado fin de semana en @nauticescala : una jornada llena de aprendizajes, emociones compartidas y peque\u00f1os grandes momentos que dejan huella.\n\nEn la @lligablava , cada salida es mucho m\u00e1s que una actividad deportiva. Es una oportunidad para que los ni\u00f1os y ni\u00f1as descubran el mar desde dentro, ganen confianza, aprendan a escucharse, a ayudarse y a avanzar juntos.\n\nDesde bien peque\u00f1os, empiezan a construir un v\u00ednculo real con el agua y con la vela, hecho de experiencias, respeto, ilusi\u00f3n y descubrimiento.\n\nPorque cuando un ni\u00f1o o una ni\u00f1a conecta con el mar, nace una relaci\u00f3n que puede acompa\u00f1arle toda la vida. \ud83c\udf0a\n\n\ud83c\udfa5@crispetesfilms \n@velacatalana @portsgencat #lligablava #bcnautica #velacatalana #futurblau #velainfantil #educaci\u00f3envalors\" target=\"_blank\" rel=\"noreferrer\" class=\"ft-gallerytwitter-icon\" title=\"Share this post on Twitter\"><i class=\"fa fa-twitter\"><\/i><\/a><a href=\"https:\/\/www.linkedin.com\/shareArticle?mini=true&amp;url=https:\/\/www.instagram.com\/reel\/DXBvMUCgqis\/\" target=\"_blank\" rel=\"noreferrer\" class=\"ft-gallerylinkedin-icon\" title=\"Share this post on Linkedin\"><i class=\"fa fa-linkedin\"><\/i><\/a><a href=\"mailto:?subject=Shared Link&amp;body=https:\/\/www.instagram.com\/reel\/DXBvMUCgqis\/ - [ES]\u2b07\ufe0f [CA]\u27a1\ufe0fEl mar i la vela tamb\u00e9 es fan estimar des de petits. \u26f5\ud83d\udc99\n\nAix\u00ed es va viure l\u2019entrenament del cap de setmana passat al @nauticescala : una jornada plena d\u2019aprenentatges, emocions compartides i petits grans moments que deixen empremta.\n\nA la @lligablava , cada sortida \u00e9s molt m\u00e9s que una activitat esportiva. \u00c9s una oportunitat perqu\u00e8 els infants descobreixin el mar des de dins, guanyin confian\u00e7a, aprenguin a escoltar-se, a ajudar-se i a avan\u00e7ar plegats.\n\nDes de ben petits, comencen a construir un vincle real amb l\u2019aigua i amb la vela, fet d\u2019experi\u00e8ncies, respecte, il\u00b7lusi\u00f3 i descoberta.\n\nPerqu\u00e8 quan un infant connecta amb el mar, neix una relaci\u00f3 que pot acompanyar-lo tota la vida. \ud83c\udf0a\n\n[ES]\u27a1\ufe0fEl mar y la vela tambi\u00e9n se hacen querer desde peque\u00f1os. \u26f5\ud83d\udc99\n\nAs\u00ed se vivi\u00f3 el entrenamiento del pasado fin de semana en @nauticescala : una jornada llena de aprendizajes, emociones compartidas y peque\u00f1os grandes momentos que dejan huella.\n\nEn la @lligablava , cada salida es mucho m\u00e1s que una actividad deportiva. Es una oportunidad para que los ni\u00f1os y ni\u00f1as descubran el mar desde dentro, ganen confianza, aprendan a escucharse, a ayudarse y a avanzar juntos.\n\nDesde bien peque\u00f1os, empiezan a construir un v\u00ednculo real con el agua y con la vela, hecho de experiencias, respeto, ilusi\u00f3n y descubrimiento.\n\nPorque cuando un ni\u00f1o o una ni\u00f1a conecta con el mar, nace una relaci\u00f3n que puede acompa\u00f1arle toda la vida. \ud83c\udf0a\n\n\ud83c\udfa5@crispetesfilms \n@velacatalana @portsgencat #lligablava #bcnautica #velacatalana #futurblau #velainfantil #educaci\u00f3envalors\" target=\"_blank\" rel=\"noreferrer\" class=\"ft-galleryemail-icon\" title=\"Share this post in your email\"><i class=\"fa fa-envelope\"><\/i><\/a><\/div><\/div>                        <\/div>\n                <\/div>\n                    <\/div>                                        <script>\n                    \/\/ This needs to load here below the feed to load properly for\n                    \/\/ Elementor page preview, and also some types of tabs that use js to load.\n                    document.addEventListener(\"DOMContentLoaded\", function(event) {\n                        if (typeof slickremixImageResizing === 'function') {\n                            slickremixImageResizing();\n                        }\n                        if (typeof ftsShare === 'function') {\n                            ftsShare();\n                        }\n                    });\n                <\/script>\n                \n\n\n\n<ul class=\"wp-block-social-links has-icon-color is-style-logos-only is-content-justification-left is-nowrap is-layout-flex wp-container-core-social-links-is-layout-04c8835b wp-block-social-links-is-layout-flex\" style=\"margin-top:0;margin-right:0;margin-bottom:0;margin-left:0;padding-top:0;padding-right:0;padding-bottom:0;padding-left:0\"><li style=\"color:var(--ast-global-color-0);\" class=\"wp-social-link wp-social-link-instagram has-ast-global-color-0-color wp-block-social-link\"><a rel=\"noopener nofollow\" target=\"_blank\" href=\"https:\/\/www.instagram.com\/bcnautica\/\" class=\"wp-block-social-link-anchor\"><svg width=\"24\" height=\"24\" viewBox=\"0 0 24 24\" version=\"1.1\" xmlns=\"http:\/\/www.w3.org\/2000\/svg\" aria-hidden=\"true\" focusable=\"false\"><path d=\"M12,4.622c2.403,0,2.688,0.009,3.637,0.052c0.877,0.04,1.354,0.187,1.671,0.31c0.42,0.163,0.72,0.358,1.035,0.673 c0.315,0.315,0.51,0.615,0.673,1.035c0.123,0.317,0.27,0.794,0.31,1.671c0.043,0.949,0.052,1.234,0.052,3.637 s-0.009,2.688-0.052,3.637c-0.04,0.877-0.187,1.354-0.31,1.671c-0.163,0.42-0.358,0.72-0.673,1.035 c-0.315,0.315-0.615,0.51-1.035,0.673c-0.317,0.123-0.794,0.27-1.671,0.31c-0.949,0.043-1.233,0.052-3.637,0.052 s-2.688-0.009-3.637-0.052c-0.877-0.04-1.354-0.187-1.671-0.31c-0.42-0.163-0.72-0.358-1.035-0.673 c-0.315-0.315-0.51-0.615-0.673-1.035c-0.123-0.317-0.27-0.794-0.31-1.671C4.631,14.688,4.622,14.403,4.622,12 s0.009-2.688,0.052-3.637c0.04-0.877,0.187-1.354,0.31-1.671c0.163-0.42,0.358-0.72,0.673-1.035 c0.315-0.315,0.615-0.51,1.035-0.673c0.317-0.123,0.794-0.27,1.671-0.31C9.312,4.631,9.597,4.622,12,4.622 M12,3 C9.556,3,9.249,3.01,8.289,3.054C7.331,3.098,6.677,3.25,6.105,3.472C5.513,3.702,5.011,4.01,4.511,4.511 c-0.5,0.5-0.808,1.002-1.038,1.594C3.25,6.677,3.098,7.331,3.054,8.289C3.01,9.249,3,9.556,3,12c0,2.444,0.01,2.751,0.054,3.711 c0.044,0.958,0.196,1.612,0.418,2.185c0.23,0.592,0.538,1.094,1.038,1.594c0.5,0.5,1.002,0.808,1.594,1.038 c0.572,0.222,1.227,0.375,2.185,0.418C9.249,20.99,9.556,21,12,21s2.751-0.01,3.711-0.054c0.958-0.044,1.612-0.196,2.185-0.418 c0.592-0.23,1.094-0.538,1.594-1.038c0.5-0.5,0.808-1.002,1.038-1.594c0.222-0.572,0.375-1.227,0.418-2.185 C20.99,14.751,21,14.444,21,12s-0.01-2.751-0.054-3.711c-0.044-0.958-0.196-1.612-0.418-2.185c-0.23-0.592-0.538-1.094-1.038-1.594 c-0.5-0.5-1.002-0.808-1.594-1.038c-0.572-0.222-1.227-0.375-2.185-0.418C14.751,3.01,14.444,3,12,3L12,3z M12,7.378 c-2.552,0-4.622,2.069-4.622,4.622S9.448,16.622,12,16.622s4.622-2.069,4.622-4.622S14.552,7.378,12,7.378z M12,15 c-1.657,0-3-1.343-3-3s1.343-3,3-3s3,1.343,3,3S13.657,15,12,15z M16.804,6.116c-0.596,0-1.08,0.484-1.08,1.08 s0.484,1.08,1.08,1.08c0.596,0,1.08-0.484,1.08-1.08S17.401,6.116,16.804,6.116z\"><\/path><\/svg><span class=\"wp-block-social-link-label screen-reader-text\">Instagram<\/span><\/a><\/li>\n\n<li style=\"color:var(--ast-global-color-0);\" class=\"wp-social-link wp-social-link-x has-ast-global-color-0-color wp-block-social-link\"><a rel=\"noopener nofollow\" target=\"_blank\" href=\"https:\/\/x.com\/bcnautica\" class=\"wp-block-social-link-anchor\"><svg width=\"24\" height=\"24\" viewBox=\"0 0 24 24\" version=\"1.1\" xmlns=\"http:\/\/www.w3.org\/2000\/svg\" aria-hidden=\"true\" focusable=\"false\"><path d=\"M13.982 10.622 20.54 3h-1.554l-5.693 6.618L8.745 3H3.5l6.876 10.007L3.5 21h1.554l6.012-6.989L15.868 21h5.245l-7.131-10.378Zm-2.128 2.474-.697-.997-5.543-7.93H8l4.474 6.4.697.996 5.815 8.318h-2.387l-4.745-6.787Z\" \/><\/svg><span class=\"wp-block-social-link-label screen-reader-text\">X<\/span><\/a><\/li>\n\n<li style=\"color:var(--ast-global-color-0);\" class=\"wp-social-link wp-social-link-facebook has-ast-global-color-0-color wp-block-social-link\"><a rel=\"noopener nofollow\" target=\"_blank\" href=\"https:\/\/www.facebook.com\/barcelonacapitalnautica\" class=\"wp-block-social-link-anchor\"><svg width=\"24\" height=\"24\" viewBox=\"0 0 24 24\" version=\"1.1\" xmlns=\"http:\/\/www.w3.org\/2000\/svg\" aria-hidden=\"true\" focusable=\"false\"><path d=\"M12 2C6.5 2 2 6.5 2 12c0 5 3.7 9.1 8.4 9.9v-7H7.9V12h2.5V9.8c0-2.5 1.5-3.9 3.8-3.9 1.1 0 2.2.2 2.2.2v2.5h-1.3c-1.2 0-1.6.8-1.6 1.6V12h2.8l-.4 2.9h-2.3v7C18.3 21.1 22 17 22 12c0-5.5-4.5-10-10-10z\"><\/path><\/svg><span class=\"wp-block-social-link-label screen-reader-text\">Facebook<\/span><\/a><\/li>\n\n<li style=\"color:var(--ast-global-color-0);\" class=\"wp-social-link wp-social-link-linkedin has-ast-global-color-0-color wp-block-social-link\"><a rel=\"noopener nofollow\" target=\"_blank\" href=\"https:\/\/www.linkedin.com\/company\/barcelona-capital-nautica\/\" class=\"wp-block-social-link-anchor\"><svg width=\"24\" height=\"24\" viewBox=\"0 0 24 24\" version=\"1.1\" xmlns=\"http:\/\/www.w3.org\/2000\/svg\" aria-hidden=\"true\" focusable=\"false\"><path d=\"M19.7,3H4.3C3.582,3,3,3.582,3,4.3v15.4C3,20.418,3.582,21,4.3,21h15.4c0.718,0,1.3-0.582,1.3-1.3V4.3 C21,3.582,20.418,3,19.7,3z M8.339,18.338H5.667v-8.59h2.672V18.338z M7.004,8.574c-0.857,0-1.549-0.694-1.549-1.548 c0-0.855,0.691-1.548,1.549-1.548c0.854,0,1.547,0.694,1.547,1.548C8.551,7.881,7.858,8.574,7.004,8.574z M18.339,18.338h-2.669 v-4.177c0-0.996-0.017-2.278-1.387-2.278c-1.389,0-1.601,1.086-1.601,2.206v4.249h-2.667v-8.59h2.559v1.174h0.037 c0.356-0.675,1.227-1.387,2.526-1.387c2.703,0,3.203,1.779,3.203,4.092V18.338z\"><\/path><\/svg><span class=\"wp-block-social-link-label screen-reader-text\">LinkedIn<\/span><\/a><\/li>\n\n<li style=\"color:var(--ast-global-color-0);\" class=\"wp-social-link wp-social-link-youtube has-ast-global-color-0-color wp-block-social-link\"><a rel=\"noopener nofollow\" target=\"_blank\" href=\"https:\/\/www.youtube.com\/channel\/UC7DhzcbxO6cK7gSz_G2EGvQ\" class=\"wp-block-social-link-anchor\"><svg width=\"24\" height=\"24\" viewBox=\"0 0 24 24\" version=\"1.1\" xmlns=\"http:\/\/www.w3.org\/2000\/svg\" aria-hidden=\"true\" focusable=\"false\"><path d=\"M21.8,8.001c0,0-0.195-1.378-0.795-1.985c-0.76-0.797-1.613-0.801-2.004-0.847c-2.799-0.202-6.997-0.202-6.997-0.202 h-0.009c0,0-4.198,0-6.997,0.202C4.608,5.216,3.756,5.22,2.995,6.016C2.395,6.623,2.2,8.001,2.2,8.001S2,9.62,2,11.238v1.517 c0,1.618,0.2,3.237,0.2,3.237s0.195,1.378,0.795,1.985c0.761,0.797,1.76,0.771,2.205,0.855c1.6,0.153,6.8,0.201,6.8,0.201 s4.203-0.006,7.001-0.209c0.391-0.047,1.243-0.051,2.004-0.847c0.6-0.607,0.795-1.985,0.795-1.985s0.2-1.618,0.2-3.237v-1.517 C22,9.62,21.8,8.001,21.8,8.001z M9.935,14.594l-0.001-5.62l5.404,2.82L9.935,14.594z\"><\/path><\/svg><span class=\"wp-block-social-link-label screen-reader-text\">YouTube<\/span><\/a><\/li><\/ul>\n<\/div><\/div>\n\n\n\n<div id=\"patronat\" class=\"wp-block-uagb-container uagb-block-b1783c42 alignfull uagb-is-root-container\"><div class=\"uagb-container-inner-blocks-wrap\">\n<div class=\"wp-block-uagb-advanced-heading uagb-block-2b6cec88\"><div class=\"uagb-separator\"><\/div><h4 class=\"uagb-heading-text\">Board<\/h4><\/div>\n\n\n\n<div class=\"wp-block-uagb-container patronat-container uagb-block-36a27f69\">\n<div class=\"wp-block-uagb-image aligncenter uagb-block-1f139795 wp-block-uagb-image--layout-default wp-block-uagb-image--effect-static wp-block-uagb-image--align-center patronat-img\"><figure class=\"wp-block-uagb-image__figure\"><img decoding=\"async\" srcset=\"https:\/\/www.barcelonacapitalnautica.org\/wp-content\/uploads\/2023\/03\/gencat.svg \" sizes=\"auto, (max-width: 480px) 150px\" src=\"https:\/\/www.barcelonacapitalnautica.org\/wp-content\/uploads\/2023\/03\/gencat.svg\" alt=\"\" class=\"uag-image-826\" width=\"189\" height=\"49\" title=\"\" loading=\"lazy\" role=\"img\"\/><\/figure><\/div>\n\n\n\n<div class=\"wp-block-uagb-image aligncenter uagb-block-3e9f2671 wp-block-uagb-image--layout-default wp-block-uagb-image--effect-static wp-block-uagb-image--align-center patronat-img\"><figure class=\"wp-block-uagb-image__figure\"><img decoding=\"async\" srcset=\"https:\/\/www.barcelonacapitalnautica.org\/wp-content\/uploads\/2025\/10\/AJBCN_Sign_Com_Vermell_Transparent-900x230.png ,https:\/\/www.barcelonacapitalnautica.org\/wp-content\/uploads\/2025\/10\/AJBCN_Sign_Com_Vermell_Transparent-scaled.png 780w, https:\/\/www.barcelonacapitalnautica.org\/wp-content\/uploads\/2025\/10\/AJBCN_Sign_Com_Vermell_Transparent-scaled.png 360w\" sizes=\"auto, (max-width: 480px) 150px\" src=\"https:\/\/www.barcelonacapitalnautica.org\/wp-content\/uploads\/2025\/10\/AJBCN_Sign_Com_Vermell_Transparent-900x230.png\" alt=\"\" class=\"uag-image-273557\" width=\"179\" height=\"62\" title=\"AJBCN_Sign_Com_Vermell_Transparent\" loading=\"lazy\" role=\"img\"\/><\/figure><\/div>\n\n\n\n<div class=\"wp-block-uagb-image aligncenter uagb-block-bde0b123 wp-block-uagb-image--layout-default wp-block-uagb-image--effect-static wp-block-uagb-image--align-center patronat-img\"><figure class=\"wp-block-uagb-image__figure\"><img decoding=\"async\" srcset=\"https:\/\/www.barcelonacapitalnautica.org\/wp-content\/uploads\/2024\/06\/logo_ministerio_educacion_csd-900x133.png ,https:\/\/www.barcelonacapitalnautica.org\/wp-content\/uploads\/2024\/06\/logo_ministerio_educacion_csd.png 780w, https:\/\/www.barcelonacapitalnautica.org\/wp-content\/uploads\/2024\/06\/logo_ministerio_educacion_csd.png 360w\" sizes=\"auto, (max-width: 480px) 150px\" src=\"https:\/\/www.barcelonacapitalnautica.org\/wp-content\/uploads\/2024\/06\/logo_ministerio_educacion_csd-900x133.png\" alt=\"\" class=\"uag-image-268029\" width=\"900\" height=\"133\" title=\"logo_ministerio_educacion_csd\" loading=\"lazy\" role=\"img\"\/><\/figure><\/div>\n\n\n\n<div class=\"wp-block-uagb-image aligncenter uagb-block-192742d5 wp-block-uagb-image--layout-default wp-block-uagb-image--effect-static wp-block-uagb-image--align-center patronat-img\"><figure class=\"wp-block-uagb-image__figure\"><img decoding=\"async\" srcset=\"https:\/\/www.barcelonacapitalnautica.org\/wp-content\/uploads\/2023\/03\/diputacio-bcn.svg \" sizes=\"auto, (max-width: 480px) 150px\" src=\"https:\/\/www.barcelonacapitalnautica.org\/wp-content\/uploads\/2023\/03\/diputacio-bcn.svg\" alt=\"\" class=\"uag-image-829\" width=\"160\" height=\"53\" title=\"\" loading=\"lazy\" role=\"img\"\/><\/figure><\/div>\n\n\n\n<div class=\"wp-block-uagb-image aligncenter uagb-block-571473de wp-block-uagb-image--layout-default wp-block-uagb-image--effect-static wp-block-uagb-image--align-center patronat-img\"><figure class=\"wp-block-uagb-image__figure\"><img decoding=\"async\" srcset=\"https:\/\/www.barcelonacapitalnautica.org\/wp-content\/uploads\/2023\/03\/port-bcn.svg \" sizes=\"auto, (max-width: 480px) 150px\" src=\"https:\/\/www.barcelonacapitalnautica.org\/wp-content\/uploads\/2023\/03\/port-bcn.svg\" alt=\"\" class=\"uag-image-830\" width=\"234\" height=\"51\" title=\"\" loading=\"lazy\" role=\"img\"\/><\/figure><\/div>\n\n\n\n<div class=\"wp-block-uagb-image aligncenter uagb-block-b7203839 wp-block-uagb-image--layout-default wp-block-uagb-image--effect-static wp-block-uagb-image--align-center patronat-img\"><figure class=\"wp-block-uagb-image__figure\"><img decoding=\"async\" srcset=\"https:\/\/www.barcelonacapitalnautica.org\/wp-content\/uploads\/2023\/03\/comerc-bcn.svg \" sizes=\"auto, (max-width: 480px) 150px\" src=\"https:\/\/www.barcelonacapitalnautica.org\/wp-content\/uploads\/2023\/03\/comerc-bcn.svg\" alt=\"\" class=\"uag-image-831\" width=\"203\" height=\"51\" title=\"\" loading=\"lazy\" role=\"img\"\/><\/figure><\/div>\n\n\n\n<div class=\"wp-block-uagb-image aligncenter uagb-block-d42a672d wp-block-uagb-image--layout-default wp-block-uagb-image--effect-static wp-block-uagb-image--align-center patronat-img\"><figure class=\"wp-block-uagb-image__figure\"><img decoding=\"async\" srcset=\"https:\/\/www.barcelonacapitalnautica.org\/wp-content\/uploads\/2023\/03\/bcn-global.svg \" sizes=\"auto, (max-width: 480px) 150px\" src=\"https:\/\/www.barcelonacapitalnautica.org\/wp-content\/uploads\/2023\/03\/bcn-global.svg\" alt=\"\" class=\"uag-image-833\" width=\"175\" height=\"53\" title=\"\" loading=\"lazy\" role=\"img\"\/><\/figure><\/div>\n<\/div>\n<\/div><\/div>\n","protected":false},"excerpt":{"rendered":"<p>WE HIGHLIGHT Get hooked on the podcast of the history [&hellip;]<\/p>\n","protected":false},"author":1,"featured_media":0,"parent":0,"menu_order":0,"comment_status":"closed","ping_status":"closed","template":"","meta":{"_uag_custom_page_level_css":"","site-sidebar-layout":"no-sidebar","site-content-layout":"plain-container","ast-site-content-layout":"normal-width-container","site-content-style":"unboxed","site-sidebar-style":"unboxed","ast-global-header-display":"","ast-banner-title-visibility":"","ast-main-header-display":"","ast-hfb-above-header-display":"","ast-hfb-below-header-display":"","ast-hfb-mobile-header-display":"","site-post-title":"disabled","ast-breadcrumbs-content":"","ast-featured-img":"disabled","footer-sml-layout":"","ast-disable-related-posts":"","theme-transparent-header-meta":"enabled","adv-header-id-meta":"","stick-header-meta":"","header-above-stick-meta":"","header-main-stick-meta":"","header-below-stick-meta":"","astra-migrate-meta-layouts":"set","ast-page-background-enabled":"default","ast-page-background-meta":{"desktop":{"background-color":"","background-image":"","background-repeat":"repeat","background-position":"center center","background-size":"auto","background-attachment":"scroll","background-type":"","background-media":"","overlay-type":"","overlay-color":"","overlay-opacity":"","overlay-gradient":""},"tablet":{"background-color":"","background-image":"","background-repeat":"repeat","background-position":"center center","background-size":"auto","background-attachment":"scroll","background-type":"","background-media":"","overlay-type":"","overlay-color":"","overlay-opacity":"","overlay-gradient":""},"mobile":{"background-color":"","background-image":"","background-repeat":"repeat","background-position":"center center","background-size":"auto","background-attachment":"scroll","background-type":"","background-media":"","overlay-type":"","overlay-color":"","overlay-opacity":"","overlay-gradient":""}},"ast-content-background-meta":{"desktop":{"background-color":"var(--ast-global-color-5)","background-image":"","background-repeat":"repeat","background-position":"center center","background-size":"auto","background-attachment":"scroll","background-type":"","background-media":"","overlay-type":"","overlay-color":"","overlay-opacity":"","overlay-gradient":""},"tablet":{"background-color":"var(--ast-global-color-5)","background-image":"","background-repeat":"repeat","background-position":"center center","background-size":"auto","background-attachment":"scroll","background-type":"","background-media":"","overlay-type":"","overlay-color":"","overlay-opacity":"","overlay-gradient":""},"mobile":{"background-color":"var(--ast-global-color-5)","background-image":"","background-repeat":"repeat","background-position":"center center","background-size":"auto","background-attachment":"scroll","background-type":"","background-media":"","overlay-type":"","overlay-color":"","overlay-opacity":"","overlay-gradient":""}},"_price":"","_stock":"","_tribe_ticket_header":"","_tribe_default_ticket_provider":"","_tribe_ticket_capacity":"0","_ticket_start_date":"","_ticket_end_date":"","_tribe_ticket_show_description":"","_tribe_ticket_show_not_going":false,"_tribe_ticket_use_global_stock":"","_tribe_ticket_global_stock_level":"","_global_stock_mode":"","_global_stock_cap":"","_tribe_rsvp_for_event":"","_tribe_ticket_going_count":"","_tribe_ticket_not_going_count":"","_tribe_tickets_list":[],"_tribe_ticket_has_attendee_info_fields":false,"footnotes":""},"class_list":["post-260470","page","type-page","status-publish","hentry"],"yoast_head":"<!-- This site is optimized with the Yoast SEO plugin v27.4 - https:\/\/yoast.com\/product\/yoast-seo-wordpress\/ -->\n<title>Barcelona Capital N\u00e0utica<\/title>\n<meta name=\"description\" content=\"At Barcelona Capital N\u00e0utica we have the wind in our favour to make Barcelona and Catalonia the world benchmarks in the nautical field.\" \/>\n<meta name=\"robots\" content=\"index, follow, max-snippet:-1, max-image-preview:large, max-video-preview:-1\" \/>\n<link rel=\"canonical\" href=\"https:\/\/www.barcelonacapitalnautica.org\/en\/\" \/>\n<meta property=\"og:locale\" content=\"en_US\" \/>\n<meta property=\"og:type\" content=\"article\" \/>\n<meta property=\"og:title\" content=\"Barcelona Capital N\u00e0utica\" \/>\n<meta property=\"og:description\" content=\"At Barcelona Capital N\u00e0utica we have the wind in our favour to make Barcelona and Catalonia the world benchmarks in the nautical field.\" \/>\n<meta property=\"og:url\" content=\"https:\/\/www.barcelonacapitalnautica.org\/en\/\" \/>\n<meta property=\"og:site_name\" content=\"Barcelona Capital N\u00e0utica\" \/>\n<meta property=\"article:publisher\" content=\"https:\/\/www.facebook.com\/barcelonacapitalnautica\" \/>\n<meta property=\"article:modified_time\" content=\"2026-02-06T11:55:54+00:00\" \/>\n<meta property=\"og:image\" content=\"https:\/\/www.barcelonacapitalnautica.org\/wp-content\/uploads\/2025\/07\/EOS_LOGO_H2_BLANC_ENG.png\" \/>\n<meta name=\"twitter:card\" content=\"summary_large_image\" \/>\n<meta name=\"twitter:site\" content=\"@bcnautica\" \/>\n<meta name=\"twitter:label1\" content=\"Est. reading time\" \/>\n\t<meta name=\"twitter:data1\" content=\"13 minutes\" \/>\n<script type=\"application\/ld+json\" class=\"yoast-schema-graph\">{\"@context\":\"https:\\\/\\\/schema.org\",\"@graph\":[{\"@type\":\"WebPage\",\"@id\":\"https:\\\/\\\/www.barcelonacapitalnautica.org\\\/en\\\/\",\"url\":\"https:\\\/\\\/www.barcelonacapitalnautica.org\\\/en\\\/\",\"name\":\"Barcelona Capital N\u00e0utica\",\"isPartOf\":{\"@id\":\"https:\\\/\\\/www.barcelonacapitalnautica.org\\\/en\\\/#website\"},\"primaryImageOfPage\":{\"@id\":\"https:\\\/\\\/www.barcelonacapitalnautica.org\\\/en\\\/#primaryimage\"},\"image\":{\"@id\":\"https:\\\/\\\/www.barcelonacapitalnautica.org\\\/en\\\/#primaryimage\"},\"thumbnailUrl\":\"https:\\\/\\\/www.barcelonacapitalnautica.org\\\/wp-content\\\/uploads\\\/2025\\\/07\\\/EOS_LOGO_H2_BLANC_ENG.png\",\"datePublished\":\"2020-09-15T08:27:18+00:00\",\"dateModified\":\"2026-02-06T11:55:54+00:00\",\"description\":\"At Barcelona Capital N\u00e0utica we have the wind in our favour to make Barcelona and Catalonia the world benchmarks in the nautical field.\",\"breadcrumb\":{\"@id\":\"https:\\\/\\\/www.barcelonacapitalnautica.org\\\/en\\\/#breadcrumb\"},\"inLanguage\":\"en-US\",\"potentialAction\":[{\"@type\":\"ReadAction\",\"target\":[\"https:\\\/\\\/www.barcelonacapitalnautica.org\\\/en\\\/\"]}]},{\"@type\":\"ImageObject\",\"inLanguage\":\"en-US\",\"@id\":\"https:\\\/\\\/www.barcelonacapitalnautica.org\\\/en\\\/#primaryimage\",\"url\":\"https:\\\/\\\/www.barcelonacapitalnautica.org\\\/wp-content\\\/uploads\\\/2025\\\/07\\\/EOS_LOGO_H2_BLANC_ENG.png\",\"contentUrl\":\"https:\\\/\\\/www.barcelonacapitalnautica.org\\\/wp-content\\\/uploads\\\/2025\\\/07\\\/EOS_LOGO_H2_BLANC_ENG.png\"},{\"@type\":\"BreadcrumbList\",\"@id\":\"https:\\\/\\\/www.barcelonacapitalnautica.org\\\/en\\\/#breadcrumb\",\"itemListElement\":[{\"@type\":\"ListItem\",\"position\":1,\"name\":\"Inici\",\"item\":\"https:\\\/\\\/www.barcelonacapitalnautica.org\\\/en\\\/\"},{\"@type\":\"ListItem\",\"position\":2,\"name\":\"Beginning\"}]},{\"@type\":\"WebSite\",\"@id\":\"https:\\\/\\\/www.barcelonacapitalnautica.org\\\/en\\\/#website\",\"url\":\"https:\\\/\\\/www.barcelonacapitalnautica.org\\\/en\\\/\",\"name\":\"Barcelona Capital N\u00e0utica\",\"description\":\"Barcelona Capital N\u00e0utica\",\"publisher\":{\"@id\":\"https:\\\/\\\/www.barcelonacapitalnautica.org\\\/en\\\/#organization\"},\"alternateName\":\"BCN\u00e0utica, FBCN\",\"potentialAction\":[{\"@type\":\"SearchAction\",\"target\":{\"@type\":\"EntryPoint\",\"urlTemplate\":\"https:\\\/\\\/www.barcelonacapitalnautica.org\\\/en\\\/?s={search_term_string}\"},\"query-input\":{\"@type\":\"PropertyValueSpecification\",\"valueRequired\":true,\"valueName\":\"search_term_string\"}}],\"inLanguage\":\"en-US\"},{\"@type\":\"Organization\",\"@id\":\"https:\\\/\\\/www.barcelonacapitalnautica.org\\\/en\\\/#organization\",\"name\":\"Barcelona Capital N\u00e0utica\",\"alternateName\":\"Fundaci\u00f3 Barcelona Capital N\u00e0utica\",\"url\":\"https:\\\/\\\/www.barcelonacapitalnautica.org\\\/en\\\/\",\"logo\":{\"@type\":\"ImageObject\",\"inLanguage\":\"en-US\",\"@id\":\"https:\\\/\\\/www.barcelonacapitalnautica.org\\\/en\\\/#\\\/schema\\\/logo\\\/image\\\/\",\"url\":\"https:\\\/\\\/www.barcelonacapitalnautica.org\\\/wp-content\\\/uploads\\\/2023\\\/03\\\/Logo-blau.svg\",\"contentUrl\":\"https:\\\/\\\/www.barcelonacapitalnautica.org\\\/wp-content\\\/uploads\\\/2023\\\/03\\\/Logo-blau.svg\",\"width\":200,\"height\":58,\"caption\":\"Barcelona Capital N\u00e0utica\"},\"image\":{\"@id\":\"https:\\\/\\\/www.barcelonacapitalnautica.org\\\/en\\\/#\\\/schema\\\/logo\\\/image\\\/\"},\"sameAs\":[\"https:\\\/\\\/www.facebook.com\\\/barcelonacapitalnautica\",\"https:\\\/\\\/x.com\\\/bcnautica\",\"https:\\\/\\\/www.instagram.com\\\/bcnautica\\\/\",\"https:\\\/\\\/www.linkedin.com\\\/company\\\/barcelona-capital-nautica\"]}]}<\/script>\n<!-- \/ Yoast SEO plugin. -->","yoast_head_json":{"title":"Barcelona Capital N\u00e0utica","description":"At Barcelona Capital N\u00e0utica we have the wind in our favour to make Barcelona and Catalonia the world benchmarks in the nautical field.","robots":{"index":"index","follow":"follow","max-snippet":"max-snippet:-1","max-image-preview":"max-image-preview:large","max-video-preview":"max-video-preview:-1"},"canonical":"https:\/\/www.barcelonacapitalnautica.org\/en\/","og_locale":"en_US","og_type":"article","og_title":"Barcelona Capital N\u00e0utica","og_description":"At Barcelona Capital N\u00e0utica we have the wind in our favour to make Barcelona and Catalonia the world benchmarks in the nautical field.","og_url":"https:\/\/www.barcelonacapitalnautica.org\/en\/","og_site_name":"Barcelona Capital N\u00e0utica","article_publisher":"https:\/\/www.facebook.com\/barcelonacapitalnautica","article_modified_time":"2026-02-06T11:55:54+00:00","og_image":[{"url":"https:\/\/www.barcelonacapitalnautica.org\/wp-content\/uploads\/2025\/07\/EOS_LOGO_H2_BLANC_ENG.png","type":"","width":"","height":""}],"twitter_card":"summary_large_image","twitter_site":"@bcnautica","twitter_misc":{"Est. reading time":"13 minutes"},"schema":{"@context":"https:\/\/schema.org","@graph":[{"@type":"WebPage","@id":"https:\/\/www.barcelonacapitalnautica.org\/en\/","url":"https:\/\/www.barcelonacapitalnautica.org\/en\/","name":"Barcelona Capital N\u00e0utica","isPartOf":{"@id":"https:\/\/www.barcelonacapitalnautica.org\/en\/#website"},"primaryImageOfPage":{"@id":"https:\/\/www.barcelonacapitalnautica.org\/en\/#primaryimage"},"image":{"@id":"https:\/\/www.barcelonacapitalnautica.org\/en\/#primaryimage"},"thumbnailUrl":"https:\/\/www.barcelonacapitalnautica.org\/wp-content\/uploads\/2025\/07\/EOS_LOGO_H2_BLANC_ENG.png","datePublished":"2020-09-15T08:27:18+00:00","dateModified":"2026-02-06T11:55:54+00:00","description":"At Barcelona Capital N\u00e0utica we have the wind in our favour to make Barcelona and Catalonia the world benchmarks in the nautical field.","breadcrumb":{"@id":"https:\/\/www.barcelonacapitalnautica.org\/en\/#breadcrumb"},"inLanguage":"en-US","potentialAction":[{"@type":"ReadAction","target":["https:\/\/www.barcelonacapitalnautica.org\/en\/"]}]},{"@type":"ImageObject","inLanguage":"en-US","@id":"https:\/\/www.barcelonacapitalnautica.org\/en\/#primaryimage","url":"https:\/\/www.barcelonacapitalnautica.org\/wp-content\/uploads\/2025\/07\/EOS_LOGO_H2_BLANC_ENG.png","contentUrl":"https:\/\/www.barcelonacapitalnautica.org\/wp-content\/uploads\/2025\/07\/EOS_LOGO_H2_BLANC_ENG.png"},{"@type":"BreadcrumbList","@id":"https:\/\/www.barcelonacapitalnautica.org\/en\/#breadcrumb","itemListElement":[{"@type":"ListItem","position":1,"name":"Inici","item":"https:\/\/www.barcelonacapitalnautica.org\/en\/"},{"@type":"ListItem","position":2,"name":"Beginning"}]},{"@type":"WebSite","@id":"https:\/\/www.barcelonacapitalnautica.org\/en\/#website","url":"https:\/\/www.barcelonacapitalnautica.org\/en\/","name":"Barcelona Capital N\u00e0utica","description":"Barcelona Capital N\u00e0utica","publisher":{"@id":"https:\/\/www.barcelonacapitalnautica.org\/en\/#organization"},"alternateName":"BCN\u00e0utica, FBCN","potentialAction":[{"@type":"SearchAction","target":{"@type":"EntryPoint","urlTemplate":"https:\/\/www.barcelonacapitalnautica.org\/en\/?s={search_term_string}"},"query-input":{"@type":"PropertyValueSpecification","valueRequired":true,"valueName":"search_term_string"}}],"inLanguage":"en-US"},{"@type":"Organization","@id":"https:\/\/www.barcelonacapitalnautica.org\/en\/#organization","name":"Barcelona Capital N\u00e0utica","alternateName":"Fundaci\u00f3 Barcelona Capital N\u00e0utica","url":"https:\/\/www.barcelonacapitalnautica.org\/en\/","logo":{"@type":"ImageObject","inLanguage":"en-US","@id":"https:\/\/www.barcelonacapitalnautica.org\/en\/#\/schema\/logo\/image\/","url":"https:\/\/www.barcelonacapitalnautica.org\/wp-content\/uploads\/2023\/03\/Logo-blau.svg","contentUrl":"https:\/\/www.barcelonacapitalnautica.org\/wp-content\/uploads\/2023\/03\/Logo-blau.svg","width":200,"height":58,"caption":"Barcelona Capital N\u00e0utica"},"image":{"@id":"https:\/\/www.barcelonacapitalnautica.org\/en\/#\/schema\/logo\/image\/"},"sameAs":["https:\/\/www.facebook.com\/barcelonacapitalnautica","https:\/\/x.com\/bcnautica","https:\/\/www.instagram.com\/bcnautica\/","https:\/\/www.linkedin.com\/company\/barcelona-capital-nautica"]}]}},"uagb_featured_image_src":{"full":false,"thumbnail":false,"medium":false,"medium_large":false,"large":false,"1536x1536":false,"2048x2048":false},"uagb_author_info":{"display_name":"Barcelona Capital N\u00e0utica","author_link":"https:\/\/www.barcelonacapitalnautica.org\/en\/author\/fbcn_admin\/"},"uagb_comment_info":0,"uagb_excerpt":"WE HIGHLIGHT Get hooked on the podcast of the history [&hellip;]","ticketed":false,"_links":{"self":[{"href":"https:\/\/www.barcelonacapitalnautica.org\/en\/wp-json\/wp\/v2\/pages\/260470","targetHints":{"allow":["GET"]}}],"collection":[{"href":"https:\/\/www.barcelonacapitalnautica.org\/en\/wp-json\/wp\/v2\/pages"}],"about":[{"href":"https:\/\/www.barcelonacapitalnautica.org\/en\/wp-json\/wp\/v2\/types\/page"}],"author":[{"embeddable":true,"href":"https:\/\/www.barcelonacapitalnautica.org\/en\/wp-json\/wp\/v2\/users\/1"}],"replies":[{"embeddable":true,"href":"https:\/\/www.barcelonacapitalnautica.org\/en\/wp-json\/wp\/v2\/comments?post=260470"}],"version-history":[{"count":104,"href":"https:\/\/www.barcelonacapitalnautica.org\/en\/wp-json\/wp\/v2\/pages\/260470\/revisions"}],"predecessor-version":[{"id":274411,"href":"https:\/\/www.barcelonacapitalnautica.org\/en\/wp-json\/wp\/v2\/pages\/260470\/revisions\/274411"}],"wp:attachment":[{"href":"https:\/\/www.barcelonacapitalnautica.org\/en\/wp-json\/wp\/v2\/media?parent=260470"}],"curies":[{"name":"wp","href":"https:\/\/api.w.org\/{rel}","templated":true}]}}