{"id":260481,"date":"2023-04-24T16:55:55","date_gmt":"2023-04-24T14:55:55","guid":{"rendered":"https:\/\/www.barcelonacapitalnautica.org\/the-foundation\/"},"modified":"2025-10-23T16:05:36","modified_gmt":"2025-10-23T14:05:36","slug":"the-foundation","status":"publish","type":"page","link":"https:\/\/www.barcelonacapitalnautica.org\/en\/the-foundation\/","title":{"rendered":"The Foundation"},"content":{"rendered":"\n<div class=\"wp-block-uagb-container uagb-block-763f4e1a alignfull uagb-is-root-container\"><div class=\"uagb-container-inner-blocks-wrap\">\n<div class=\"wp-block-uagb-advanced-heading uagb-block-caabdc07\"><h2 class=\"uagb-heading-text\">The Foundation<\/h2><\/div>\n<\/div><\/div>\n\n\n\n<div class=\"wp-block-uagb-container uagb-block-328bf1fd alignfull uagb-is-root-container\"><div class=\"uagb-container-inner-blocks-wrap\">\n<hr class=\"wp-block-separator alignfull has-text-color has-ast-global-color-0-color has-alpha-channel-opacity has-ast-global-color-0-background-color has-background is-style-wide\"\/>\n<\/div><\/div>\n\n\n\n<div id=\"who-we-are\" class=\"wp-block-uagb-container uagb-block-b3837745 alignfull uagb-is-root-container\"><div class=\"uagb-container-inner-blocks-wrap\">\n<div class=\"wp-block-uagb-container uagb-block-8d647685\">\n<div class=\"wp-block-uagb-advanced-heading uagb-block-53fd3d07\"><h2 class=\"uagb-heading-text\">Who we are<\/h2><\/div>\n<\/div>\n\n\n\n<div class=\"wp-block-uagb-container uagb-block-c5fd9b8c\">\n<div class=\"wp-block-uagb-advanced-heading uagb-block-73dac136\"><h2 class=\"uagb-heading-text\">Many miles<\/h2><\/div>\n\n\n\n<div class=\"wp-block-uagb-container uagb-block-45f30324\">\n<p class=\"has-ast-global-color-0-color has-text-color\" style=\"font-size:1.04em\">Sailing towards a bluer future. Many nautical miles have been traveled in the 17 years of the Foundation&#8217;s life: the celebration of three editions of the Barcelona World Race, educational projects, the construction of our own boats, etc. It is a good time to review our crossing and all the miles that have yet to travel, aboard sustainability and innovation, towards a bluer future.<\/p>\n\n\n\n<p class=\"has-ast-global-color-0-color has-text-color\" style=\"font-size:1.04em\">The foundation was created in 2005 as the Fundaci\u00f3 Navegaci\u00f3 Oce\u00e0nica de Barcelona (FNOB) with the aim of promoting sailing. Now, almost 20 years later, we are transforming ourselves to cover more axes of activity to turn Barcelona and Catalonia into nautical references, through the promotion of sailing, sport, sustainability, training, the blue economy and the culture of the sea.<\/p>\n<\/div>\n<\/div>\n<\/div><\/div>\n\n\n\n<div id=\"projectes-llegat\" class=\"wp-block-uagb-container uagb-block-603d0c7b alignfull uagb-is-root-container\"><div class=\"uagb-container-inner-blocks-wrap\">\n<div class=\"wp-block-uagb-container uagb-block-ff9b66ab\">\n<div class=\"wp-block-uagb-container uagb-block-eb804932\">\n<div class=\"wp-block-uagb-container uagb-block-f889a8fe\">\n<div class=\"wp-block-uagb-advanced-heading uagb-block-35895e25\"><h2 class=\"uagb-heading-text\">Legacy Projects<\/h2><\/div>\n\n\n\n<div class=\"wp-block-uagb-container uagb-block-cda44957\">\n<p class=\"has-ast-global-color-0-color has-text-color\" style=\"font-size:1.04em\">The 37th America&#8217;s Cup will leave Barcelona with a future legacy that definitively boosts the potential of the Barcelona and Catalan coastline. And the Barcelona Capital N\u00e0utica Foundation is the coordinator of the legacy projects.<\/p>\n\n\n\n<p class=\"has-ast-global-color-0-color has-text-color has-link-color wp-elements-061f995a75c8fdd390b5727543feb007\">These projects are initiatives in the fields of <strong>sport, education, science, sustainability, technology, sea culture and the blue economy<\/strong> that have accelerated thanks to the celebration of the America&#8217;s Cup.<\/p>\n<\/div>\n<\/div>\n<\/div>\n\n\n\n<div class=\"wp-block-uagb-container uagb-block-61911620\">\n<div class=\"wp-block-uagb-image uagb-block-6630eb55 wp-block-uagb-image--layout-default wp-block-uagb-image--effect-static wp-block-uagb-image--align-none\"><figure class=\"wp-block-uagb-image__figure\"><img decoding=\"async\" srcset=\"https:\/\/www.barcelonacapitalnautica.org\/wp-content\/uploads\/2024\/02\/Descarbonitzacio-900x600.jpeg ,https:\/\/www.barcelonacapitalnautica.org\/wp-content\/uploads\/2024\/02\/Descarbonitzacio.jpeg 780w, https:\/\/www.barcelonacapitalnautica.org\/wp-content\/uploads\/2024\/02\/Descarbonitzacio.jpeg 360w\" sizes=\"auto, (max-width: 480px) 150px\" src=\"https:\/\/www.barcelonacapitalnautica.org\/wp-content\/uploads\/2024\/02\/Descarbonitzacio-900x600.jpeg\" alt=\"\" class=\"uag-image-264426\" width=\"900\" height=\"520\" title=\"\" loading=\"lazy\" role=\"img\"\/><\/figure><\/div>\n<\/div>\n<\/div>\n<\/div><\/div>\n\n\n\n<div id=\"what-we-do\" class=\"wp-block-uagb-container uagb-block-3be6b873 alignfull uagb-is-root-container\"><div class=\"uagb-container-inner-blocks-wrap\">\n<div class=\"wp-block-uagb-advanced-heading uagb-block-f565791c\"><h2 class=\"uagb-heading-text\">What we do<\/h2><\/div>\n\n\n\t\t\t\t\t<div\n\t\t\t\t\t\tclass=\"wp-block-uagb-image-gallery uagb-block-481556ec gallery_16_9    \"\n\t\t\t\t\t\tstyle=\"\"\n\t\t\t\t\t>\n\t\t\t\t\t\t\t\t\t\t\t<div class=\"spectra-image-gallery spectra-image-gallery__layout--grid spectra-image-gallery__layout--grid-col-2 spectra-image-gallery__layout--grid-col-tab-1 spectra-image-gallery__layout--grid-col-mob-1\">\n\t\t\t\t\t\t\t\t\t\t\t<div class='spectra-image-gallery__media-wrapper' data-spectra-gallery-image-id='267814' tabindex=\"0\">\n\t\t\t\t\t\t\t<div class=\"spectra-image-gallery__media spectra-image-gallery__media--grid\">\n\t\t\t\t<picture>\n\t\t\t\t\t<source media=\"(min-width: 1024px)\" srcset=\"https:\/\/www.barcelonacapitalnautica.org\/wp-content\/uploads\/2024\/06\/Noti-Formacio_2-900x347.png\">\n\t\t\t\t\t<source media=\"(min-width: 768px)\" srcset=\"https:\/\/www.barcelonacapitalnautica.org\/wp-content\/uploads\/2024\/06\/Noti-Formacio_2-900x347.png\">\n\t\t\t\t\t<img decoding=\"async\" class=\"spectra-image-gallery__media-thumbnail spectra-image-gallery__media-thumbnail--grid\" src=\"https:\/\/www.barcelonacapitalnautica.org\/wp-content\/uploads\/2024\/06\/Noti-Formacio_2-560x216.png\" alt=\"\" loading=\"lazy\" \/>\n\t\t\t\t<\/picture>\n\t\t\t\t<div class=\"spectra-image-gallery__media-thumbnail-blurrer\"><\/div>\n\t\t\t\t\t\t\t\t\t\t\t<div class=\"spectra-image-gallery__media-thumbnail-caption-wrapper spectra-image-gallery__media-thumbnail-caption-wrapper--overlay\">\n\t\t\t\t\t\t\t\t\t\t\t<div class=\"spectra-image-gallery__media-thumbnail-caption spectra-image-gallery__media-thumbnail-caption--overlay\">\n\t\t\t\t\teducation\t\t\t\t<\/div>\n\t\t\t\t\t\t\t\t\t\t<\/div>\n\t\t\t\t\t\t\t\t\t<\/div>\n\t\t\t\t\t\t<\/div>\n\t\t\t\t\t\t<div class='spectra-image-gallery__media-wrapper' data-spectra-gallery-image-id='259845' tabindex=\"0\">\n\t\t\t\t\t\t\t<div class=\"spectra-image-gallery__media spectra-image-gallery__media--grid\">\n\t\t\t\t<picture>\n\t\t\t\t\t<source media=\"(min-width: 1024px)\" srcset=\"https:\/\/www.barcelonacapitalnautica.org\/wp-content\/uploads\/2023\/04\/SoloMed2022_1-900x600.jpg\">\n\t\t\t\t\t<source media=\"(min-width: 768px)\" srcset=\"https:\/\/www.barcelonacapitalnautica.org\/wp-content\/uploads\/2023\/04\/SoloMed2022_1-900x600.jpg\">\n\t\t\t\t\t<img decoding=\"async\" class=\"spectra-image-gallery__media-thumbnail spectra-image-gallery__media-thumbnail--grid\" src=\"https:\/\/www.barcelonacapitalnautica.org\/wp-content\/uploads\/2023\/04\/SoloMed2022_1-560x373.jpg\" alt=\"\" loading=\"lazy\" \/>\n\t\t\t\t<\/picture>\n\t\t\t\t<div class=\"spectra-image-gallery__media-thumbnail-blurrer\"><\/div>\n\t\t\t\t\t\t\t\t\t\t\t<div class=\"spectra-image-gallery__media-thumbnail-caption-wrapper spectra-image-gallery__media-thumbnail-caption-wrapper--overlay\">\n\t\t\t\t\t\t\t\t\t\t\t<div class=\"spectra-image-gallery__media-thumbnail-caption spectra-image-gallery__media-thumbnail-caption--overlay\">\n\t\t\t\t\tsport\t\t\t\t<\/div>\n\t\t\t\t\t\t\t\t\t\t<\/div>\n\t\t\t\t\t\t\t\t\t<\/div>\n\t\t\t\t\t\t<\/div>\n\t\t\t\t\t\t<div class='spectra-image-gallery__media-wrapper' data-spectra-gallery-image-id='267272' tabindex=\"0\">\n\t\t\t\t\t\t\t<div class=\"spectra-image-gallery__media spectra-image-gallery__media--grid\">\n\t\t\t\t<picture>\n\t\t\t\t\t<source media=\"(min-width: 1024px)\" srcset=\"https:\/\/www.barcelonacapitalnautica.org\/wp-content\/uploads\/2024\/05\/Noti-Rdp_Descarbonitzacio_243-900x600.jpeg\">\n\t\t\t\t\t<source media=\"(min-width: 768px)\" srcset=\"https:\/\/www.barcelonacapitalnautica.org\/wp-content\/uploads\/2024\/05\/Noti-Rdp_Descarbonitzacio_243-900x600.jpeg\">\n\t\t\t\t\t<img decoding=\"async\" class=\"spectra-image-gallery__media-thumbnail spectra-image-gallery__media-thumbnail--grid\" src=\"https:\/\/www.barcelonacapitalnautica.org\/wp-content\/uploads\/2024\/05\/Noti-Rdp_Descarbonitzacio_243-560x373.jpeg\" alt=\"\" loading=\"lazy\" \/>\n\t\t\t\t<\/picture>\n\t\t\t\t<div class=\"spectra-image-gallery__media-thumbnail-blurrer\"><\/div>\n\t\t\t\t\t\t\t\t\t\t\t<div class=\"spectra-image-gallery__media-thumbnail-caption-wrapper spectra-image-gallery__media-thumbnail-caption-wrapper--overlay\">\n\t\t\t\t\t\t\t\t\t\t\t<div class=\"spectra-image-gallery__media-thumbnail-caption spectra-image-gallery__media-thumbnail-caption--overlay\">\n\t\t\t\t\tsustainability\t\t\t\t<\/div>\n\t\t\t\t\t\t\t\t\t\t<\/div>\n\t\t\t\t\t\t\t\t\t<\/div>\n\t\t\t\t\t\t<\/div>\n\t\t\t\t\t\t<div class='spectra-image-gallery__media-wrapper' data-spectra-gallery-image-id='262034' tabindex=\"0\">\n\t\t\t\t\t\t\t<div class=\"spectra-image-gallery__media spectra-image-gallery__media--grid\">\n\t\t\t\t<picture>\n\t\t\t\t\t<source media=\"(min-width: 1024px)\" srcset=\"https:\/\/www.barcelonacapitalnautica.org\/wp-content\/uploads\/2023\/10\/Noti-Expo_itinerant-900x347.png\">\n\t\t\t\t\t<source media=\"(min-width: 768px)\" srcset=\"https:\/\/www.barcelonacapitalnautica.org\/wp-content\/uploads\/2023\/10\/Noti-Expo_itinerant-900x347.png\">\n\t\t\t\t\t<img decoding=\"async\" class=\"spectra-image-gallery__media-thumbnail spectra-image-gallery__media-thumbnail--grid\" src=\"https:\/\/www.barcelonacapitalnautica.org\/wp-content\/uploads\/2023\/10\/Noti-Expo_itinerant-560x216.png\" alt=\"\" loading=\"lazy\" \/>\n\t\t\t\t<\/picture>\n\t\t\t\t<div class=\"spectra-image-gallery__media-thumbnail-blurrer\"><\/div>\n\t\t\t\t\t\t\t\t\t\t\t<div class=\"spectra-image-gallery__media-thumbnail-caption-wrapper spectra-image-gallery__media-thumbnail-caption-wrapper--overlay\">\n\t\t\t\t\t\t\t\t\t\t\t<div class=\"spectra-image-gallery__media-thumbnail-caption spectra-image-gallery__media-thumbnail-caption--overlay\">\n\t\t\t\t\tculture\t\t\t\t<\/div>\n\t\t\t\t\t\t\t\t\t\t<\/div>\n\t\t\t\t\t\t\t\t\t<\/div>\n\t\t\t\t\t\t<\/div>\n\t\t\t\t\t\t\t\t\t\t<\/div>\n\t\t\t\t\t\t\t\t\t\t\t\t\t\t\t\t\t\t<\/div>\n\t\t\t\t\t\t\t\t\t<\/div><\/div>\n\n\n\n<div id=\"history\" class=\"wp-block-uagb-container uagb-block-464376cf alignfull uagb-is-root-container\"><div class=\"uagb-container-inner-blocks-wrap\">\n<div class=\"wp-block-uagb-advanced-heading uagb-block-50b9db9e\"><h2 class=\"uagb-heading-text\">Our history<\/h2><\/div>\n\n\n\n<div class=\"wp-block-uagb-container uagb-block-9a1e7066\">\n<div class=\"wp-block-uagb-container uagb-block-2e5115ae\">\n<div class=\"wp-block-uagb-content-timeline uagb-timeline__outer-wrap uagb-block-0c03640e-4630-459e-8043-41be56f0872e uagb-timeline__content-wrap uagb-timeline__center-block  uagb-timeline__arrow-center uagb-timeline historia_fundacio fbcn_timeline\">\n<article class=\"wp-block-uagb-content-timeline-child uagb-timeline__field uagb-timeline-child-21d9211e-96d7-4bc3-8ecb-d5750e4d1236 uagb-timeline__right\"><div class=\"uagb-timeline__marker out-view-uagb-timeline__icon\"><svg xmlns=\"\" viewbox=\"0 0 256 512\"><\/svg><\/div><div class=\"uagb-timeline__day-new uagb-timeline__day-right uagb-timeline__events-inner-new\"><div class=\"uagb-timeline__events-inner--content\"><div class=\"uagb-timeline__date-hide uagb-timeline__inner-date-new\">2005<\/div><p class=\"uagb-timeline__heading\"><\/p><p class=\"uagb-timeline-desc-content\"><mark style=\"background-color:rgba(0, 0, 0, 0)\" class=\"has-inline-color has-ast-global-color-1-color\">\u2192<\/mark> <strong>Fundaci\u00f3 Navegaci\u00f3 Oce\u00e0nica<\/strong>.<br><span style=\"text-decoration: underline;\">Objective<\/span>: To promote competitive ocean sailing.<br><span style=\"text-decoration: underline;\">Trustees<\/span>: Barcelona City Council, Port of Barcelona, Fira de Barcelona and Barcelona Chamber of Commerce<br><mark style=\"background-color:rgba(0, 0, 0, 0)\" class=\"has-inline-color has-ast-global-color-1-color\">\u2192<\/mark> Inauguration of the <strong>Ocean Base<\/strong>, a facility aimed at offering the technical infrastructures necessary for competitive ocean sailing<br><br><img loading=\"lazy\" decoding=\"async\" width=\"250\" height=\"160\" class=\"wp-image-257627\" style=\"width: 250px;\" src=\"https:\/\/www.barcelonacapitalnautica.org\/wp-content\/uploads\/2023\/04\/FNOB-logo.jpg\" alt=\"Logo de la FNOB\" srcset=\"https:\/\/www.barcelonacapitalnautica.org\/wp-content\/uploads\/2023\/04\/FNOB-logo.jpg 1221w, https:\/\/www.barcelonacapitalnautica.org\/wp-content\/uploads\/2023\/04\/FNOB-logo-560x358.jpg 560w, https:\/\/www.barcelonacapitalnautica.org\/wp-content\/uploads\/2023\/04\/FNOB-logo-900x575.jpg 900w, https:\/\/www.barcelonacapitalnautica.org\/wp-content\/uploads\/2023\/04\/FNOB-logo-380x243.jpg 380w, https:\/\/www.barcelonacapitalnautica.org\/wp-content\/uploads\/2023\/04\/FNOB-logo-768x491.jpg 768w\" sizes=\"auto, (max-width: 250px) 100vw, 250px\" \/><\/p><div class=\"uagb-timeline__arrow\"><\/div><\/div><\/div><div class=\"uagb-timeline__date-new\">2005<\/div><\/article>\n\n\n\n<article class=\"wp-block-uagb-content-timeline-child uagb-timeline__field uagb-timeline-child-2a426cc9-ed67-4116-827b-85e1e8589062 uagb-timeline__left\"><div class=\"uagb-timeline__marker out-view-uagb-timeline__icon\"><svg xmlns=\"\" viewbox=\"0 0 256 512\"><\/svg><\/div><div class=\"uagb-timeline__day-new uagb-timeline__day-left uagb-timeline__events-inner-new\"><div class=\"uagb-timeline__events-inner--content\"><div class=\"uagb-timeline__date-hide uagb-timeline__inner-date-new\">2007<\/div><p class=\"uagb-timeline__heading\"><\/p><p class=\"uagb-timeline-desc-content\"><mark style=\"background-color:rgba(0, 0, 0, 0)\" class=\"has-inline-color has-ast-global-color-1-color\">\u2192<\/mark> 1st edition of the <strong>Barcelona World Race<\/strong><br><mark style=\"background-color:rgba(0, 0, 0, 0)\" class=\"has-inline-color has-ast-global-color-1-color\">\u2192<\/mark> Start of <strong>educational follow-up projects <\/strong><\/p><div class=\"uagb-timeline__arrow\"><\/div><\/div><\/div><div class=\"uagb-timeline__date-new\">2007<\/div><\/article>\n\n\n\n<article class=\"wp-block-uagb-content-timeline-child uagb-timeline__field uagb-timeline-child-842748b3-e477-434f-acc6-bba3b9b091e6 uagb-timeline__right\"><div class=\"uagb-timeline__marker out-view-uagb-timeline__icon\"><svg xmlns=\"\" viewbox=\"0 0 256 512\"><\/svg><\/div><div class=\"uagb-timeline__day-new uagb-timeline__day-right uagb-timeline__events-inner-new\"><div class=\"uagb-timeline__events-inner--content\"><div class=\"uagb-timeline__date-hide uagb-timeline__inner-date-new\">2009<\/div><p class=\"uagb-timeline__heading\"><\/p><p class=\"uagb-timeline-desc-content\"><mark style=\"background-color:rgba(0, 0, 0, 0)\" class=\"has-inline-color has-ast-global-color-1-color\">\u2192<\/mark> Organization of the<strong> Istanbul Europa Race<\/strong><br><br><img loading=\"lazy\" decoding=\"async\" width=\"400\" height=\"256\" class=\"wp-image-257459\" style=\"width: 400px;\" src=\"https:\/\/www.barcelonacapitalnautica.org\/wp-content\/uploads\/2023\/04\/2009-M.jpg\" alt=\"\" srcset=\"https:\/\/www.barcelonacapitalnautica.org\/wp-content\/uploads\/2023\/04\/2009-M.jpg 1221w, https:\/\/www.barcelonacapitalnautica.org\/wp-content\/uploads\/2023\/04\/2009-M-560x358.jpg 560w, https:\/\/www.barcelonacapitalnautica.org\/wp-content\/uploads\/2023\/04\/2009-M-900x575.jpg 900w, https:\/\/www.barcelonacapitalnautica.org\/wp-content\/uploads\/2023\/04\/2009-M-380x243.jpg 380w, https:\/\/www.barcelonacapitalnautica.org\/wp-content\/uploads\/2023\/04\/2009-M-768x491.jpg 768w\" sizes=\"auto, (max-width: 400px) 100vw, 400px\" \/><\/p><div class=\"uagb-timeline__arrow\"><\/div><\/div><\/div><div class=\"uagb-timeline__date-new\">2009<\/div><\/article>\n\n\n\n<article class=\"wp-block-uagb-content-timeline-child uagb-timeline__field uagb-timeline-child-b7e1b670-c28d-4fe9-86b4-961d1543b9db uagb-timeline__left\"><div class=\"uagb-timeline__marker out-view-uagb-timeline__icon\"><svg xmlns=\"\" viewbox=\"0 0 256 512\"><\/svg><\/div><div class=\"uagb-timeline__day-new uagb-timeline__day-left uagb-timeline__events-inner-new\"><div class=\"uagb-timeline__events-inner--content\"><div class=\"uagb-timeline__date-hide uagb-timeline__inner-date-new\">2010<\/div><p class=\"uagb-timeline__heading\"><\/p><p class=\"uagb-timeline-desc-content\"><mark style=\"background-color:rgba(0, 0, 0, 0)\" class=\"has-inline-color has-ast-global-color-1-color\">\u2192<\/mark> <strong>2nd edition<\/strong> of the<strong> Barcelona World Race<\/strong><br><mark style=\"background-color:rgba(0, 0, 0, 0)\" class=\"has-inline-color has-ast-global-color-1-color\">\u2192<\/mark> Organization of the Record New York Barcelona regatta<br><mark style=\"background-color:rgba(0, 0, 0, 0)\" class=\"has-inline-color has-ast-global-color-1-color\">\u2192<\/mark> Organisation of the Vuelta a Espa\u00f1a regatta<br><mark style=\"background-color:rgba(0, 0, 0, 0)\" class=\"has-inline-color has-ast-global-color-1-color\">\u2192<\/mark> Incorporation of <strong>the IMOCA School<\/strong><\/p><div class=\"uagb-timeline__arrow\"><\/div><\/div><\/div><div class=\"uagb-timeline__date-new\">2010<\/div><\/article>\n\n\n\n<article class=\"wp-block-uagb-content-timeline-child uagb-timeline__field uagb-timeline-child-f9856e76-210f-43e7-afe6-f8282c1ca8da uagb-timeline__right\"><div class=\"uagb-timeline__marker out-view-uagb-timeline__icon\"><svg xmlns=\"https:\/\/www.w3.org\/2000\/svg\" viewbox=\"0 0 448 512\"><path d=\"M160 32V64H288V32C288 14.33 302.3 0 320 0C337.7 0 352 14.33 352 32V64H400C426.5 64 448 85.49 448 112V160H0V112C0 85.49 21.49 64 48 64H96V32C96 14.33 110.3 0 128 0C145.7 0 160 14.33 160 32zM0 192H448V464C448 490.5 426.5 512 400 512H48C21.49 512 0 490.5 0 464V192zM64 304C64 312.8 71.16 320 80 320H112C120.8 320 128 312.8 128 304V272C128 263.2 120.8 256 112 256H80C71.16 256 64 263.2 64 272V304zM192 304C192 312.8 199.2 320 208 320H240C248.8 320 256 312.8 256 304V272C256 263.2 248.8 256 240 256H208C199.2 256 192 263.2 192 272V304zM336 256C327.2 256 320 263.2 320 272V304C320 312.8 327.2 320 336 320H368C376.8 320 384 312.8 384 304V272C384 263.2 376.8 256 368 256H336zM64 432C64 440.8 71.16 448 80 448H112C120.8 448 128 440.8 128 432V400C128 391.2 120.8 384 112 384H80C71.16 384 64 391.2 64 400V432zM208 384C199.2 384 192 391.2 192 400V432C192 440.8 199.2 448 208 448H240C248.8 448 256 440.8 256 432V400C256 391.2 248.8 384 240 384H208zM320 432C320 440.8 327.2 448 336 448H368C376.8 448 384 440.8 384 432V400C384 391.2 376.8 384 368 384H336C327.2 384 320 391.2 320 400V432z\"><\/path><\/svg><\/div><div class=\"uagb-timeline__day-new uagb-timeline__day-right uagb-timeline__events-inner-new\"><div class=\"uagb-timeline__events-inner--content\"><div class=\"uagb-timeline__date-hide uagb-timeline__inner-date-new\">2012<\/div><p class=\"uagb-timeline__heading\"><\/p><p class=\"uagb-timeline-desc-content\"><mark style=\"background-color:rgba(0, 0, 0, 0)\" class=\"has-inline-color has-ast-global-color-1-color\">\u2192<\/mark> Organisation of the WARM&#8217;UP Europa regatta<br><br><img loading=\"lazy\" decoding=\"async\" width=\"400\" height=\"256\" class=\"wp-image-257461\" style=\"width: 400px;\" src=\"https:\/\/www.barcelonacapitalnautica.org\/wp-content\/uploads\/2023\/04\/2012-M.jpg\" alt=\"\" srcset=\"https:\/\/www.barcelonacapitalnautica.org\/wp-content\/uploads\/2023\/04\/2012-M.jpg 1220w, https:\/\/www.barcelonacapitalnautica.org\/wp-content\/uploads\/2023\/04\/2012-M-560x358.jpg 560w, https:\/\/www.barcelonacapitalnautica.org\/wp-content\/uploads\/2023\/04\/2012-M-900x575.jpg 900w, https:\/\/www.barcelonacapitalnautica.org\/wp-content\/uploads\/2023\/04\/2012-M-380x243.jpg 380w, https:\/\/www.barcelonacapitalnautica.org\/wp-content\/uploads\/2023\/04\/2012-M-768x491.jpg 768w\" sizes=\"auto, (max-width: 400px) 100vw, 400px\" \/><\/p><div class=\"uagb-timeline__arrow\"><\/div><\/div><\/div><div class=\"uagb-timeline__date-new\">2012<\/div><\/article>\n\n\n\n<article class=\"wp-block-uagb-content-timeline-child uagb-timeline__field uagb-timeline-child-d2303a03-b591-443d-8463-2e2dbe9f5f4e uagb-timeline__left\"><div class=\"uagb-timeline__marker out-view-uagb-timeline__icon\"><svg xmlns=\"https:\/\/www.w3.org\/2000\/svg\" viewbox=\"0 0 448 512\"><path d=\"M160 32V64H288V32C288 14.33 302.3 0 320 0C337.7 0 352 14.33 352 32V64H400C426.5 64 448 85.49 448 112V160H0V112C0 85.49 21.49 64 48 64H96V32C96 14.33 110.3 0 128 0C145.7 0 160 14.33 160 32zM0 192H448V464C448 490.5 426.5 512 400 512H48C21.49 512 0 490.5 0 464V192zM64 304C64 312.8 71.16 320 80 320H112C120.8 320 128 312.8 128 304V272C128 263.2 120.8 256 112 256H80C71.16 256 64 263.2 64 272V304zM192 304C192 312.8 199.2 320 208 320H240C248.8 320 256 312.8 256 304V272C256 263.2 248.8 256 240 256H208C199.2 256 192 263.2 192 272V304zM336 256C327.2 256 320 263.2 320 272V304C320 312.8 327.2 320 336 320H368C376.8 320 384 312.8 384 304V272C384 263.2 376.8 256 368 256H336zM64 432C64 440.8 71.16 448 80 448H112C120.8 448 128 440.8 128 432V400C128 391.2 120.8 384 112 384H80C71.16 384 64 391.2 64 400V432zM208 384C199.2 384 192 391.2 192 400V432C192 440.8 199.2 448 208 448H240C248.8 448 256 440.8 256 432V400C256 391.2 248.8 384 240 384H208zM320 432C320 440.8 327.2 448 336 448H368C376.8 448 384 440.8 384 432V400C384 391.2 376.8 384 368 384H336C327.2 384 320 391.2 320 400V432z\"><\/path><\/svg><\/div><div class=\"uagb-timeline__day-new uagb-timeline__day-left uagb-timeline__events-inner-new\"><div class=\"uagb-timeline__events-inner--content\"><div class=\"uagb-timeline__date-hide uagb-timeline__inner-date-new\">2014<\/div><p class=\"uagb-timeline__heading\"><\/p><p class=\"uagb-timeline-desc-content\"><mark style=\"background-color:rgba(0, 0, 0, 0)\" class=\"has-inline-color has-ast-global-color-1-color\">\u2192<\/mark> <strong>3rd edition<\/strong> of the <strong>Barcelona World Race<\/strong><br><mark style=\"background-color:rgba(0, 0, 0, 0)\" class=\"has-inline-color has-ast-global-color-1-color\">\u2192<\/mark> <strong>2nd edition <\/strong>of<strong> Record New York &#8211; Barcelona<\/strong><br><br><img loading=\"lazy\" decoding=\"async\" width=\"400\" height=\"256\" class=\"wp-image-257463\" style=\"width: 400px;\" src=\"https:\/\/www.barcelonacapitalnautica.org\/wp-content\/uploads\/2023\/04\/2014-M.jpg\" alt=\"\" srcset=\"https:\/\/www.barcelonacapitalnautica.org\/wp-content\/uploads\/2023\/04\/2014-M.jpg 1221w, https:\/\/www.barcelonacapitalnautica.org\/wp-content\/uploads\/2023\/04\/2014-M-560x358.jpg 560w, https:\/\/www.barcelonacapitalnautica.org\/wp-content\/uploads\/2023\/04\/2014-M-900x575.jpg 900w, https:\/\/www.barcelonacapitalnautica.org\/wp-content\/uploads\/2023\/04\/2014-M-380x243.jpg 380w, https:\/\/www.barcelonacapitalnautica.org\/wp-content\/uploads\/2023\/04\/2014-M-768x491.jpg 768w\" sizes=\"auto, (max-width: 400px) 100vw, 400px\" \/><\/p><div class=\"uagb-timeline__arrow\"><\/div><\/div><\/div><div class=\"uagb-timeline__date-new\">2014<\/div><\/article>\n\n\n\n<article class=\"wp-block-uagb-content-timeline-child uagb-timeline__field uagb-timeline-child-1c1c736f-b535-4acb-80b6-19f8fd1a5fd5 uagb-timeline__right\"><div class=\"uagb-timeline__marker out-view-uagb-timeline__icon\"><svg xmlns=\"https:\/\/www.w3.org\/2000\/svg\" viewbox=\"0 0 448 512\"><path d=\"M160 32V64H288V32C288 14.33 302.3 0 320 0C337.7 0 352 14.33 352 32V64H400C426.5 64 448 85.49 448 112V160H0V112C0 85.49 21.49 64 48 64H96V32C96 14.33 110.3 0 128 0C145.7 0 160 14.33 160 32zM0 192H448V464C448 490.5 426.5 512 400 512H48C21.49 512 0 490.5 0 464V192zM64 304C64 312.8 71.16 320 80 320H112C120.8 320 128 312.8 128 304V272C128 263.2 120.8 256 112 256H80C71.16 256 64 263.2 64 272V304zM192 304C192 312.8 199.2 320 208 320H240C248.8 320 256 312.8 256 304V272C256 263.2 248.8 256 240 256H208C199.2 256 192 263.2 192 272V304zM336 256C327.2 256 320 263.2 320 272V304C320 312.8 327.2 320 336 320H368C376.8 320 384 312.8 384 304V272C384 263.2 376.8 256 368 256H336zM64 432C64 440.8 71.16 448 80 448H112C120.8 448 128 440.8 128 432V400C128 391.2 120.8 384 112 384H80C71.16 384 64 391.2 64 400V432zM208 384C199.2 384 192 391.2 192 400V432C192 440.8 199.2 448 208 448H240C248.8 448 256 440.8 256 432V400C256 391.2 248.8 384 240 384H208zM320 432C320 440.8 327.2 448 336 448H368C376.8 448 384 440.8 384 432V400C384 391.2 376.8 384 368 384H336C327.2 384 320 391.2 320 400V432z\"><\/path><\/svg><\/div><div class=\"uagb-timeline__day-new uagb-timeline__day-right uagb-timeline__events-inner-new\"><div class=\"uagb-timeline__events-inner--content\"><div class=\"uagb-timeline__date-hide uagb-timeline__inner-date-new\">2015<\/div><p class=\"uagb-timeline__heading\"><\/p><p class=\"uagb-timeline-desc-content\"><mark style=\"background-color:rgba(0, 0, 0, 0)\" class=\"has-inline-color has-ast-global-color-1-color\">\u2192<\/mark> Xos\u00e9 Carlos Fern\u00e1ndez, appointed <strong>new director<\/strong> of the Foundation<br><mark style=\"background-color:rgba(0, 0, 0, 0)\" class=\"has-inline-color has-ast-global-color-1-color\">\u2192<\/mark> Start of permanent collaboration between the <strong>Institut de N\u00e0utica de Barcelona <\/strong>and the FNOB, for training in boat maintenance<br><br><img loading=\"lazy\" decoding=\"async\" width=\"400\" height=\"256\" class=\"wp-image-257465\" style=\"width: 400px;\" src=\"https:\/\/www.barcelonacapitalnautica.org\/wp-content\/uploads\/2023\/04\/2015-M.jpg\" alt=\"\" srcset=\"https:\/\/www.barcelonacapitalnautica.org\/wp-content\/uploads\/2023\/04\/2015-M.jpg 1221w, https:\/\/www.barcelonacapitalnautica.org\/wp-content\/uploads\/2023\/04\/2015-M-560x358.jpg 560w, https:\/\/www.barcelonacapitalnautica.org\/wp-content\/uploads\/2023\/04\/2015-M-900x575.jpg 900w, https:\/\/www.barcelonacapitalnautica.org\/wp-content\/uploads\/2023\/04\/2015-M-380x243.jpg 380w, https:\/\/www.barcelonacapitalnautica.org\/wp-content\/uploads\/2023\/04\/2015-M-768x491.jpg 768w\" sizes=\"auto, (max-width: 400px) 100vw, 400px\" \/><\/p><div class=\"uagb-timeline__arrow\"><\/div><\/div><\/div><div class=\"uagb-timeline__date-new\">2015<\/div><\/article>\n\n\n\n<article class=\"wp-block-uagb-content-timeline-child uagb-timeline__field uagb-timeline-child-dca71757-bb93-40c8-a9c7-0935a27e1769 uagb-timeline__left\"><div class=\"uagb-timeline__marker out-view-uagb-timeline__icon\"><svg xmlns=\"https:\/\/www.w3.org\/2000\/svg\" viewbox=\"0 0 448 512\"><path d=\"M160 32V64H288V32C288 14.33 302.3 0 320 0C337.7 0 352 14.33 352 32V64H400C426.5 64 448 85.49 448 112V160H0V112C0 85.49 21.49 64 48 64H96V32C96 14.33 110.3 0 128 0C145.7 0 160 14.33 160 32zM0 192H448V464C448 490.5 426.5 512 400 512H48C21.49 512 0 490.5 0 464V192zM64 304C64 312.8 71.16 320 80 320H112C120.8 320 128 312.8 128 304V272C128 263.2 120.8 256 112 256H80C71.16 256 64 263.2 64 272V304zM192 304C192 312.8 199.2 320 208 320H240C248.8 320 256 312.8 256 304V272C256 263.2 248.8 256 240 256H208C199.2 256 192 263.2 192 272V304zM336 256C327.2 256 320 263.2 320 272V304C320 312.8 327.2 320 336 320H368C376.8 320 384 312.8 384 304V272C384 263.2 376.8 256 368 256H336zM64 432C64 440.8 71.16 448 80 448H112C120.8 448 128 440.8 128 432V400C128 391.2 120.8 384 112 384H80C71.16 384 64 391.2 64 400V432zM208 384C199.2 384 192 391.2 192 400V432C192 440.8 199.2 448 208 448H240C248.8 448 256 440.8 256 432V400C256 391.2 248.8 384 240 384H208zM320 432C320 440.8 327.2 448 336 448H368C376.8 448 384 440.8 384 432V400C384 391.2 376.8 384 368 384H336C327.2 384 320 391.2 320 400V432z\"><\/path><\/svg><\/div><div class=\"uagb-timeline__day-new uagb-timeline__day-left uagb-timeline__events-inner-new\"><div class=\"uagb-timeline__events-inner--content\"><div class=\"uagb-timeline__date-hide uagb-timeline__inner-date-new\">2016<\/div><p class=\"uagb-timeline__heading\"><\/p><p class=\"uagb-timeline-desc-content\"><mark style=\"background-color:rgba(0, 0, 0, 0)\" class=\"has-inline-color has-ast-global-color-1-color\">\u2192<\/mark> Organisation of the follow-up educational project of the Vend\u00e9e Globe<br><mark style=\"background-color:rgba(0, 0, 0, 0)\" class=\"has-inline-color has-ast-global-color-1-color\"><mark style=\"background-color:rgba(0, 0, 0, 0)\" class=\"has-inline-color has-ast-global-color-1-color\">\u2192<\/mark><\/mark> The Mini Base lands at the FNOB Ocean <strong>Base <\/strong><\/p><div class=\"uagb-timeline__arrow\"><\/div><\/div><\/div><div class=\"uagb-timeline__date-new\">2016<\/div><\/article>\n\n\n\n<article class=\"wp-block-uagb-content-timeline-child uagb-timeline__field uagb-timeline-child-99d59117-26cf-4a91-aa3a-f48102c9989a uagb-timeline__right\"><div class=\"uagb-timeline__marker out-view-uagb-timeline__icon\"><svg xmlns=\"https:\/\/www.w3.org\/2000\/svg\" viewbox=\"0 0 448 512\"><path d=\"M160 32V64H288V32C288 14.33 302.3 0 320 0C337.7 0 352 14.33 352 32V64H400C426.5 64 448 85.49 448 112V160H0V112C0 85.49 21.49 64 48 64H96V32C96 14.33 110.3 0 128 0C145.7 0 160 14.33 160 32zM0 192H448V464C448 490.5 426.5 512 400 512H48C21.49 512 0 490.5 0 464V192zM64 304C64 312.8 71.16 320 80 320H112C120.8 320 128 312.8 128 304V272C128 263.2 120.8 256 112 256H80C71.16 256 64 263.2 64 272V304zM192 304C192 312.8 199.2 320 208 320H240C248.8 320 256 312.8 256 304V272C256 263.2 248.8 256 240 256H208C199.2 256 192 263.2 192 272V304zM336 256C327.2 256 320 263.2 320 272V304C320 312.8 327.2 320 336 320H368C376.8 320 384 312.8 384 304V272C384 263.2 376.8 256 368 256H336zM64 432C64 440.8 71.16 448 80 448H112C120.8 448 128 440.8 128 432V400C128 391.2 120.8 384 112 384H80C71.16 384 64 391.2 64 400V432zM208 384C199.2 384 192 391.2 192 400V432C192 440.8 199.2 448 208 448H240C248.8 448 256 440.8 256 432V400C256 391.2 248.8 384 240 384H208zM320 432C320 440.8 327.2 448 336 448H368C376.8 448 384 440.8 384 432V400C384 391.2 376.8 384 368 384H336C327.2 384 320 391.2 320 400V432z\"><\/path><\/svg><\/div><div class=\"uagb-timeline__day-new uagb-timeline__day-right uagb-timeline__events-inner-new\"><div class=\"uagb-timeline__events-inner--content\"><div class=\"uagb-timeline__date-hide uagb-timeline__inner-date-new\">2020<\/div><p class=\"uagb-timeline__heading\"><\/p><p class=\"uagb-timeline-desc-content\"><mark style=\"background-color:rgba(0, 0, 0, 0)\" class=\"has-inline-color has-ast-global-color-1-color\">\u2192<\/mark> 2nd edition of the follow-up educational project of the Vend\u00e9e Globe<br><mark style=\"background-color:rgba(0, 0, 0, 0)\" class=\"has-inline-color has-ast-global-color-1-color\">\u2192<\/mark> Start of<strong>construction of <em>La Nona<\/em><\/strong><br><br><img loading=\"lazy\" decoding=\"async\" width=\"400\" height=\"256\" class=\"wp-image-257467\" style=\"width: 400px;\" src=\"https:\/\/www.barcelonacapitalnautica.org\/wp-content\/uploads\/2023\/04\/2020-M.jpg\" alt=\"\" srcset=\"https:\/\/www.barcelonacapitalnautica.org\/wp-content\/uploads\/2023\/04\/2020-M.jpg 1221w, https:\/\/www.barcelonacapitalnautica.org\/wp-content\/uploads\/2023\/04\/2020-M-560x358.jpg 560w, https:\/\/www.barcelonacapitalnautica.org\/wp-content\/uploads\/2023\/04\/2020-M-900x575.jpg 900w, https:\/\/www.barcelonacapitalnautica.org\/wp-content\/uploads\/2023\/04\/2020-M-380x243.jpg 380w, https:\/\/www.barcelonacapitalnautica.org\/wp-content\/uploads\/2023\/04\/2020-M-768x491.jpg 768w\" sizes=\"auto, (max-width: 400px) 100vw, 400px\" \/><\/p><div class=\"uagb-timeline__arrow\"><\/div><\/div><\/div><div class=\"uagb-timeline__date-new\">2020<\/div><\/article>\n\n\n\n<article class=\"wp-block-uagb-content-timeline-child uagb-timeline__field uagb-timeline-child-495263f7-34d9-47e2-ab67-f2d8cf2d8a4b uagb-timeline__left\"><div class=\"uagb-timeline__marker out-view-uagb-timeline__icon\"><svg xmlns=\"https:\/\/www.w3.org\/2000\/svg\" viewBox=\"0 0 448 512\"><path d=\"M160 32V64H288V32C288 14.33 302.3 0 320 0C337.7 0 352 14.33 352 32V64H400C426.5 64 448 85.49 448 112V160H0V112C0 85.49 21.49 64 48 64H96V32C96 14.33 110.3 0 128 0C145.7 0 160 14.33 160 32zM0 192H448V464C448 490.5 426.5 512 400 512H48C21.49 512 0 490.5 0 464V192zM64 304C64 312.8 71.16 320 80 320H112C120.8 320 128 312.8 128 304V272C128 263.2 120.8 256 112 256H80C71.16 256 64 263.2 64 272V304zM192 304C192 312.8 199.2 320 208 320H240C248.8 320 256 312.8 256 304V272C256 263.2 248.8 256 240 256H208C199.2 256 192 263.2 192 272V304zM336 256C327.2 256 320 263.2 320 272V304C320 312.8 327.2 320 336 320H368C376.8 320 384 312.8 384 304V272C384 263.2 376.8 256 368 256H336zM64 432C64 440.8 71.16 448 80 448H112C120.8 448 128 440.8 128 432V400C128 391.2 120.8 384 112 384H80C71.16 384 64 391.2 64 400V432zM208 384C199.2 384 192 391.2 192 400V432C192 440.8 199.2 448 208 448H240C248.8 448 256 440.8 256 432V400C256 391.2 248.8 384 240 384H208zM320 432C320 440.8 327.2 448 336 448H368C376.8 448 384 440.8 384 432V400C384 391.2 376.8 384 368 384H336C327.2 384 320 391.2 320 400V432z\"><\/path><\/svg><\/div><div class=\"uagb-timeline__day-new uagb-timeline__day-left uagb-timeline__events-inner-new\"><div class=\"uagb-timeline__events-inner--content\"><div class=\"uagb-timeline__date-hide uagb-timeline__inner-date-new\">2021<\/div><p class=\"uagb-timeline__heading\"><\/p><p class=\"uagb-timeline-desc-content\"><mark style=\"background-color:rgba(0, 0, 0, 0)\" class=\"has-inline-color has-ast-global-color-1-color\">\u2192<\/mark> Creation of the educational project of the Mini Transat 21 &#8220;22 days in 22 feet&#8221;<br><mark style=\"background-color:rgba(0, 0, 0, 0)\" class=\"has-inline-color has-ast-global-color-1-color\">\u2192<\/mark> Completion of the construction of <strong>La Nona<\/strong><br><br><img loading=\"lazy\" decoding=\"async\" width=\"400\" height=\"256\" class=\"wp-image-257469\" style=\"width: 400px;\" src=\"https:\/\/www.barcelonacapitalnautica.org\/wp-content\/uploads\/2023\/04\/2022-m.jpg\" alt=\"\" srcset=\"https:\/\/www.barcelonacapitalnautica.org\/wp-content\/uploads\/2023\/04\/2022-m.jpg 1220w, https:\/\/www.barcelonacapitalnautica.org\/wp-content\/uploads\/2023\/04\/2022-m-560x358.jpg 560w, https:\/\/www.barcelonacapitalnautica.org\/wp-content\/uploads\/2023\/04\/2022-m-900x575.jpg 900w, https:\/\/www.barcelonacapitalnautica.org\/wp-content\/uploads\/2023\/04\/2022-m-380x243.jpg 380w, https:\/\/www.barcelonacapitalnautica.org\/wp-content\/uploads\/2023\/04\/2022-m-768x491.jpg 768w\" sizes=\"auto, (max-width: 400px) 100vw, 400px\" \/><\/p><div class=\"uagb-timeline__arrow\"><\/div><\/div><\/div><div class=\"uagb-timeline__date-new\">2021<\/div><\/article>\n\n\n\n<article class=\"wp-block-uagb-content-timeline-child uagb-timeline__field uagb-timeline-child-ac813749-027b-46f3-aa03-e5837bb8dadb uagb-timeline__right\"><div class=\"uagb-timeline__marker out-view-uagb-timeline__icon\"><svg xmlns=\"https:\/\/www.w3.org\/2000\/svg\" viewBox=\"0 0 448 512\"><path d=\"M160 32V64H288V32C288 14.33 302.3 0 320 0C337.7 0 352 14.33 352 32V64H400C426.5 64 448 85.49 448 112V160H0V112C0 85.49 21.49 64 48 64H96V32C96 14.33 110.3 0 128 0C145.7 0 160 14.33 160 32zM0 192H448V464C448 490.5 426.5 512 400 512H48C21.49 512 0 490.5 0 464V192zM64 304C64 312.8 71.16 320 80 320H112C120.8 320 128 312.8 128 304V272C128 263.2 120.8 256 112 256H80C71.16 256 64 263.2 64 272V304zM192 304C192 312.8 199.2 320 208 320H240C248.8 320 256 312.8 256 304V272C256 263.2 248.8 256 240 256H208C199.2 256 192 263.2 192 272V304zM336 256C327.2 256 320 263.2 320 272V304C320 312.8 327.2 320 336 320H368C376.8 320 384 312.8 384 304V272C384 263.2 376.8 256 368 256H336zM64 432C64 440.8 71.16 448 80 448H112C120.8 448 128 440.8 128 432V400C128 391.2 120.8 384 112 384H80C71.16 384 64 391.2 64 400V432zM208 384C199.2 384 192 391.2 192 400V432C192 440.8 199.2 448 208 448H240C248.8 448 256 440.8 256 432V400C256 391.2 248.8 384 240 384H208zM320 432C320 440.8 327.2 448 336 448H368C376.8 448 384 440.8 384 432V400C384 391.2 376.8 384 368 384H336C327.2 384 320 391.2 320 400V432z\"><\/path><\/svg><\/div><div class=\"uagb-timeline__day-new uagb-timeline__day-right uagb-timeline__events-inner-new\"><div class=\"uagb-timeline__events-inner--content\"><div class=\"uagb-timeline__date-hide uagb-timeline__inner-date-new\">2022<\/div><p class=\"uagb-timeline__heading\"><\/p><p class=\"uagb-timeline-desc-content\"><mark style=\"background-color:rgba(0, 0, 0, 0)\" class=\"has-inline-color has-ast-global-color-1-color\">\u2192<\/mark> Barcelona wins the bid to host the <strong>37th Copa Am\u00e9rica<\/strong><br><mark style=\"background-color:rgba(0, 0, 0, 0)\" class=\"has-inline-color has-ast-global-color-1-color\">\u2192<\/mark> The FNOB begins its organizational and brand restructuring<br><mark style=\"background-color:rgba(0, 0, 0, 0)\" class=\"has-inline-color has-ast-global-color-1-color\">\u2192<\/mark> The FNOB changes its name to the Barcelona Capital N\u00e0utica Foundation<br><mark style=\"background-color:rgba(0, 0, 0, 0)\" class=\"has-inline-color has-ast-global-color-1-color\">\u2192<\/mark> Refit of Charisma<br><br><img loading=\"lazy\" decoding=\"async\" width=\"250\" height=\"73\" class=\"wp-image-259916\" style=\"width: 250px;\" src=\"https:\/\/www.barcelonacapitalnautica.org\/wp-content\/uploads\/2023\/05\/Barcelona-Capital-Nautica-Icono-_-Logotipo-Blau.png\" alt=\"\" srcset=\"https:\/\/www.barcelonacapitalnautica.org\/wp-content\/uploads\/2023\/05\/Barcelona-Capital-Nautica-Icono-_-Logotipo-Blau.png 1631w, https:\/\/www.barcelonacapitalnautica.org\/wp-content\/uploads\/2023\/05\/Barcelona-Capital-Nautica-Icono-_-Logotipo-Blau-560x162.png 560w, https:\/\/www.barcelonacapitalnautica.org\/wp-content\/uploads\/2023\/05\/Barcelona-Capital-Nautica-Icono-_-Logotipo-Blau-900x261.png 900w, https:\/\/www.barcelonacapitalnautica.org\/wp-content\/uploads\/2023\/05\/Barcelona-Capital-Nautica-Icono-_-Logotipo-Blau-380x110.png 380w, https:\/\/www.barcelonacapitalnautica.org\/wp-content\/uploads\/2023\/05\/Barcelona-Capital-Nautica-Icono-_-Logotipo-Blau-768x223.png 768w, https:\/\/www.barcelonacapitalnautica.org\/wp-content\/uploads\/2023\/05\/Barcelona-Capital-Nautica-Icono-_-Logotipo-Blau-1536x445.png 1536w\" sizes=\"auto, (max-width: 250px) 100vw, 250px\" \/><\/p><div class=\"uagb-timeline__arrow\"><\/div><\/div><\/div><div class=\"uagb-timeline__date-new\">2022<\/div><\/article>\n\n\n\n<article class=\"wp-block-uagb-content-timeline-child uagb-timeline__field uagb-timeline-child-d3008532 uagb-timeline__left\"><div class=\"uagb-timeline__marker out-view-uagb-timeline__icon\"><svg xmlns=\"https:\/\/www.w3.org\/2000\/svg\" viewBox=\"0 0 448 512\"><path d=\"M160 32V64H288V32C288 14.33 302.3 0 320 0C337.7 0 352 14.33 352 32V64H400C426.5 64 448 85.49 448 112V160H0V112C0 85.49 21.49 64 48 64H96V32C96 14.33 110.3 0 128 0C145.7 0 160 14.33 160 32zM0 192H448V464C448 490.5 426.5 512 400 512H48C21.49 512 0 490.5 0 464V192zM64 304C64 312.8 71.16 320 80 320H112C120.8 320 128 312.8 128 304V272C128 263.2 120.8 256 112 256H80C71.16 256 64 263.2 64 272V304zM192 304C192 312.8 199.2 320 208 320H240C248.8 320 256 312.8 256 304V272C256 263.2 248.8 256 240 256H208C199.2 256 192 263.2 192 272V304zM336 256C327.2 256 320 263.2 320 272V304C320 312.8 327.2 320 336 320H368C376.8 320 384 312.8 384 304V272C384 263.2 376.8 256 368 256H336zM64 432C64 440.8 71.16 448 80 448H112C120.8 448 128 440.8 128 432V400C128 391.2 120.8 384 112 384H80C71.16 384 64 391.2 64 400V432zM208 384C199.2 384 192 391.2 192 400V432C192 440.8 199.2 448 208 448H240C248.8 448 256 440.8 256 432V400C256 391.2 248.8 384 240 384H208zM320 432C320 440.8 327.2 448 336 448H368C376.8 448 384 440.8 384 432V400C384 391.2 376.8 384 368 384H336C327.2 384 320 391.2 320 400V432z\"><\/path><\/svg><\/div><div class=\"uagb-timeline__day-new uagb-timeline__day-left uagb-timeline__events-inner-new\"><div class=\"uagb-timeline__events-inner--content\"><div class=\"uagb-timeline__date-hide uagb-timeline__inner-date-new\">2023<\/div><p class=\"uagb-timeline__heading\"><\/p><p class=\"uagb-timeline-desc-content\"><mark style=\"background-color:rgba(0, 0, 0, 0)\" class=\"has-inline-color has-ast-global-color-1-color\">\u2192<\/mark> Follow-up of <strong>La Mini Transat<\/strong> with the educational program &#8220;22 days in 22 feet. Solo Adventure in the Atlantic\u201d<br><mark style=\"background-color:rgba(0, 0, 0, 0)\" class=\"has-inline-color has-ast-global-color-1-color\">\u2192<\/mark> Organization of the 3rd edition of the <strong>Solo Med<\/strong> regatta with the Catalan Sailing Federation and the Base Mini Barcelona<br><mark style=\"background-color:rgba(0, 0, 0, 0)\" class=\"has-inline-color has-ast-global-color-1-color\">\u2192<\/mark> Celebration of the international photography competition &#8220;A sea open to everyone&#8221;<br><mark style=\"background-color:rgba(0, 0, 0, 0)\" class=\"has-inline-color has-ast-global-color-1-color\">\u2192<\/mark>  Organization of the UNESCO <strong>Ocean Decade Conference<\/strong><br><mark style=\"background-color:rgba(0, 0, 0, 0)\" class=\"has-inline-color has-ast-global-color-1-color\">\u2192<\/mark> Construction of the Klima, the <strong>sustainable boat<\/strong><br><mark style=\"background-color:rgba(0, 0, 0, 0)\" class=\"has-inline-color has-ast-global-color-1-color\">\u2192<\/mark> Constitution of the <strong>FoilCat <\/strong>team<br><br><img loading=\"lazy\" decoding=\"async\" width=\"350\" height=\"233\" class=\"wp-image-264840\" style=\"width: 350px;\" src=\"https:\/\/www.barcelonacapitalnautica.org\/wp-content\/uploads\/2024\/03\/Equip_FoilCat17.jpeg\" alt=\"\" srcset=\"https:\/\/www.barcelonacapitalnautica.org\/wp-content\/uploads\/2024\/03\/Equip_FoilCat17.jpeg 1500w, https:\/\/www.barcelonacapitalnautica.org\/wp-content\/uploads\/2024\/03\/Equip_FoilCat17-560x373.jpeg 560w, https:\/\/www.barcelonacapitalnautica.org\/wp-content\/uploads\/2024\/03\/Equip_FoilCat17-900x600.jpeg 900w, https:\/\/www.barcelonacapitalnautica.org\/wp-content\/uploads\/2024\/03\/Equip_FoilCat17-380x253.jpeg 380w, https:\/\/www.barcelonacapitalnautica.org\/wp-content\/uploads\/2024\/03\/Equip_FoilCat17-768x512.jpeg 768w\" sizes=\"auto, (max-width: 350px) 100vw, 350px\" \/><\/p><div class=\"uagb-timeline__arrow\"><\/div><\/div><\/div><div class=\"uagb-timeline__date-new\">2023<\/div><\/article>\n\n\n\n<article class=\"wp-block-uagb-content-timeline-child uagb-timeline__field uagb-timeline-child-feb29e2a uagb-timeline__right\"><div class=\"uagb-timeline__marker out-view-uagb-timeline__icon\"><svg xmlns=\"https:\/\/www.w3.org\/2000\/svg\" viewBox=\"0 0 448 512\"><path d=\"M160 32V64H288V32C288 14.33 302.3 0 320 0C337.7 0 352 14.33 352 32V64H400C426.5 64 448 85.49 448 112V160H0V112C0 85.49 21.49 64 48 64H96V32C96 14.33 110.3 0 128 0C145.7 0 160 14.33 160 32zM0 192H448V464C448 490.5 426.5 512 400 512H48C21.49 512 0 490.5 0 464V192zM64 304C64 312.8 71.16 320 80 320H112C120.8 320 128 312.8 128 304V272C128 263.2 120.8 256 112 256H80C71.16 256 64 263.2 64 272V304zM192 304C192 312.8 199.2 320 208 320H240C248.8 320 256 312.8 256 304V272C256 263.2 248.8 256 240 256H208C199.2 256 192 263.2 192 272V304zM336 256C327.2 256 320 263.2 320 272V304C320 312.8 327.2 320 336 320H368C376.8 320 384 312.8 384 304V272C384 263.2 376.8 256 368 256H336zM64 432C64 440.8 71.16 448 80 448H112C120.8 448 128 440.8 128 432V400C128 391.2 120.8 384 112 384H80C71.16 384 64 391.2 64 400V432zM208 384C199.2 384 192 391.2 192 400V432C192 440.8 199.2 448 208 448H240C248.8 448 256 440.8 256 432V400C256 391.2 248.8 384 240 384H208zM320 432C320 440.8 327.2 448 336 448H368C376.8 448 384 440.8 384 432V400C384 391.2 376.8 384 368 384H336C327.2 384 320 391.2 320 400V432z\"><\/path><\/svg><\/div><div class=\"uagb-timeline__day-new uagb-timeline__day-right uagb-timeline__events-inner-new\"><div class=\"uagb-timeline__events-inner--content\"><div class=\"uagb-timeline__date-hide uagb-timeline__inner-date-new\">2024<\/div><p class=\"uagb-timeline__heading\"><\/p><p class=\"uagb-timeline-desc-content\"><mark style=\"background-color:rgba(0, 0, 0, 0)\" class=\"has-inline-color has-ast-global-color-1-color\">\u2192<\/mark> Celebration of the <strong>SAIL IN Tour <\/strong>in Barcelona<br><mark style=\"background-color:rgba(0, 0, 0, 0)\" class=\"has-inline-color has-ast-global-color-1-color\">\u2192<\/mark> Organization of the adapted sailing regatta <strong>Kakapo Open Race<\/strong><br><mark style=\"background-color:rgba(0, 0, 0, 0)\" class=\"has-inline-color has-ast-global-color-1-color\">\u2192<\/mark> Development of the educational program linked to the America&#8217;s Cup &#8220;<strong>Sports sailing in the 21st century<\/strong>, a technological challenge&#8221;<br><mark style=\"background-color:rgba(0, 0, 0, 0)\" class=\"has-inline-color has-ast-global-color-1-color\">\u2192<\/mark> Development of the <strong>Leisure Boats Decarbonisation<\/strong> project<br><mark style=\"background-color:rgba(0, 0, 0, 0)\" class=\"has-inline-color has-ast-global-color-1-color\">\u2192<\/mark> Celebration of the <strong>37th America&#8217;s Cup<\/strong><\/p><div class=\"uagb-timeline__arrow\"><\/div><\/div><\/div><div class=\"uagb-timeline__date-new\">2024<\/div><\/article>\n<div class=\"uagb-timeline__line\"><div class=\"uagb-timeline__line__inner\"><\/div><\/div><\/div>\n<\/div>\n<\/div>\n<\/div><\/div>\n\n\n\n<div class=\"wp-block-uagb-container uag-hide-desktop uag-hide-tab uag-hide-mob uagb-block-49f983e4 alignfull uagb-is-root-container\"><div class=\"uagb-container-inner-blocks-wrap\">\n<div class=\"wp-block-cover alignfull is-light has-parallax wp-duotone-unset-1\" style=\"min-height:100vh;aspect-ratio:unset;\"><div class=\"wp-block-cover__image-background wp-image-240507 has-parallax\" style=\"background-position:50% 50%;background-image:url(https:\/\/www.barcelonacapitalnautica.org\/wp-content\/uploads\/2022\/05\/mucha-oferta-formativa-para-acabar-2021-en-la-fnob-scaled-1.jpg)\"><\/div><span aria-hidden=\"true\" class=\"wp-block-cover__background has-black-background-color has-background-dim\"><\/span><div class=\"wp-block-cover__inner-container is-layout-flow wp-block-cover-is-layout-flow\">\n<div class=\"wp-block-uagb-advanced-heading uagb-block-e3959323 alignwide has-white-color has-text-color\"><h2 class=\"uagb-heading-text\">Formation<\/h2><\/div>\n<\/div><\/div>\n\n\n\n<div class=\"wp-block-cover alignfull is-light has-parallax wp-duotone-unset-2\" style=\"min-height:100vh;aspect-ratio:unset;\"><div class=\"wp-block-cover__image-background wp-image-256785 has-parallax\" style=\"background-position:50% 50%;background-image:url(https:\/\/www.barcelonacapitalnautica.org\/wp-content\/uploads\/2023\/04\/SoloMed2022_1.jpg)\"><\/div><span aria-hidden=\"true\" class=\"wp-block-cover__background has-black-background-color has-background-dim\"><\/span><div class=\"wp-block-cover__inner-container is-layout-flow wp-block-cover-is-layout-flow\">\n<div class=\"wp-block-uagb-advanced-heading uagb-block-b4303d69 alignwide has-white-color has-text-color\"><h2 class=\"uagb-heading-text\">Sport<\/h2><\/div>\n<\/div><\/div>\n\n\n\n<div class=\"wp-block-cover alignfull is-light has-parallax wp-duotone-unset-3\" style=\"min-height:100vh;aspect-ratio:unset;\"><div class=\"wp-block-cover__image-background wp-image-242650 has-parallax\" style=\"background-position:50% 50%;background-image:url(https:\/\/www.barcelonacapitalnautica.org\/wp-content\/uploads\/2022\/06\/contaminacio_articleSlider.jpg)\"><\/div><span aria-hidden=\"true\" class=\"wp-block-cover__background has-black-background-color has-background-dim\"><\/span><div class=\"wp-block-cover__inner-container is-layout-flow wp-block-cover-is-layout-flow\">\n<div class=\"wp-block-uagb-advanced-heading uagb-block-59d5a5ad alignwide has-white-color has-text-color\"><h2 class=\"uagb-heading-text\">Sustainability<\/h2><\/div>\n<\/div><\/div>\n\n\n\n<div class=\"wp-block-cover alignfull is-light has-parallax wp-duotone-unset-4\" style=\"min-height:100vh;aspect-ratio:unset;\"><div class=\"wp-block-cover__image-background wp-image-251439 has-parallax\" style=\"background-position:50% 50%;background-image:url(https:\/\/www.barcelonacapitalnautica.org\/wp-content\/uploads\/2023\/03\/pexels-rachel-claire-6750223-1.jpg)\"><\/div><span aria-hidden=\"true\" class=\"wp-block-cover__background has-black-background-color has-background-dim\"><\/span><div class=\"wp-block-cover__inner-container is-layout-flow wp-block-cover-is-layout-flow\">\n<div class=\"wp-block-uagb-advanced-heading uagb-block-95f8434d alignwide has-white-color has-text-color\"><h2 class=\"uagb-heading-text\">Culture<\/h2><\/div>\n<\/div><\/div>\n<\/div><\/div>\n\n\n\n<div id=\"fleet-spaces\" class=\"wp-block-uagb-container uagb-block-49538b1e alignfull uagb-is-root-container\"><div class=\"uagb-container-inner-blocks-wrap\">\n<div class=\"wp-block-uagb-container uagb-block-c80d97f4\">\n<div class=\"wp-block-uagb-container uagb-block-93db4d9d\">\n<div class=\"wp-block-uagb-container uagb-block-996ccf10\">\n<div class=\"wp-block-uagb-advanced-heading uagb-block-4294ca91\"><h2 class=\"uagb-heading-text\">Fleet and spaces<\/h2><\/div>\n\n\n\n<div class=\"wp-block-uagb-container uagb-block-d08897ff\">\n<p class=\"has-ast-global-color-0-color has-text-color\" style=\"font-size:1.04em\">We are located in an exceptional environment, located<strong> <\/strong>in the middle of the <strong>Moll de Llevant<\/strong> of the Port of Barcelona, at the end of Paseo Joan de Borb\u00f3, continuation of the fishing district of La Barceloneta.<\/p>\n\n\n\n<div class=\"wp-block-uagb-container uagb-block-7d05bc9b\">\n<p class=\"has-ast-global-color-0-color has-text-color\" style=\"font-size:1.04em\">We have <strong>two emblematic boats<\/strong>, which have participated (and are participating!) in many regattas.<\/p>\n\n\n\n<div class=\"wp-block-uagb-icon-list uagb-block-c068357f\"><div class=\"uagb-icon-list__wrap\">\n<div class=\"wp-block-uagb-icon-list-child uagb-block-eaea0fbf\"><a target=\"_blank\" aria-label=\"Technical specifications\" rel=\"noopener noreferrer\" href=\"https:\/\/www.barcelonacapitalnautica.org\/wp-content\/uploads\/2023\/07\/Lloguer-espais-FBCN_EN.pptx.pdf\"> <\/a><span class=\"uagb-icon-list__source-wrap\"><svg xmlns=\"https:\/\/www.w3.org\/2000\/svg\" viewBox=\"0 0 512 512\"><path d=\"M256 0C114.6 0 0 114.6 0 256c0 141.4 114.6 256 256 256s256-114.6 256-256C512 114.6 397.4 0 256 0zM382.6 302.6l-103.1 103.1C270.7 414.6 260.9 416 256 416c-4.881 0-14.65-1.391-22.65-9.398L129.4 302.6c-12.5-12.5-12.5-32.75 0-45.25s32.75-12.5 45.25 0L224 306.8V128c0-17.69 14.33-32 32-32s32 14.31 32 32v178.8l49.38-49.38c12.5-12.5 32.75-12.5 45.25 0S395.1 290.1 382.6 302.6z\"><\/path><\/svg><\/span><span class=\"uagb-icon-list__label\">Technical specifications<\/span><\/div>\n<\/div><\/div>\n<\/div>\n<\/div>\n<\/div>\n<\/div>\n\n\n\n<div class=\"wp-block-uagb-container uagb-block-fc482ee7\">\n<div class=\"wp-block-uagb-image uagb-block-f150ca5d wp-block-uagb-image--layout-default wp-block-uagb-image--effect-static wp-block-uagb-image--align-none\"><figure class=\"wp-block-uagb-image__figure\"><img decoding=\"async\" srcset=\"https:\/\/www.barcelonacapitalnautica.org\/wp-content\/uploads\/2024\/03\/IMG20240228142306-900x675.jpg ,https:\/\/www.barcelonacapitalnautica.org\/wp-content\/uploads\/2024\/03\/IMG20240228142306-scaled.jpg 780w, https:\/\/www.barcelonacapitalnautica.org\/wp-content\/uploads\/2024\/03\/IMG20240228142306-scaled.jpg 360w\" sizes=\"auto, (max-width: 480px) 150px\" src=\"https:\/\/www.barcelonacapitalnautica.org\/wp-content\/uploads\/2024\/03\/IMG20240228142306-900x675.jpg\" alt=\"\" class=\"uag-image-265684\" width=\"900\" height=\"675\" title=\"IMG20240228142306\" loading=\"lazy\" role=\"img\"\/><\/figure><\/div>\n<\/div>\n<\/div>\n<\/div><\/div>\n\n\n\n<div id=\"fleet\" class=\"wp-block-uagb-container uagb-block-63f78a4a alignfull uagb-is-root-container\"><div class=\"uagb-container-inner-blocks-wrap\">\n<div class=\"wp-block-media-text alignfull is-stacked-on-mobile is-vertically-aligned-top has-text-color has-background has-link-color wp-elements-bc7e6c1ed2bab934a458eaa6241d72bb\" style=\"color:#fffdc7;background-color:#fafafa;grid-template-columns:60% auto\"><figure class=\"wp-block-media-text__media\"><img loading=\"lazy\" decoding=\"async\" width=\"900\" height=\"531\" src=\"https:\/\/www.barcelonacapitalnautica.org\/wp-content\/uploads\/2024\/06\/IMOCA-900x531.jpeg\" alt=\"\" class=\"wp-image-267977 size-full\" srcset=\"https:\/\/www.barcelonacapitalnautica.org\/wp-content\/uploads\/2024\/06\/IMOCA-900x531.jpeg 900w, https:\/\/www.barcelonacapitalnautica.org\/wp-content\/uploads\/2024\/06\/IMOCA-560x330.jpeg 560w, https:\/\/www.barcelonacapitalnautica.org\/wp-content\/uploads\/2024\/06\/IMOCA-380x224.jpeg 380w, https:\/\/www.barcelonacapitalnautica.org\/wp-content\/uploads\/2024\/06\/IMOCA-768x453.jpeg 768w, https:\/\/www.barcelonacapitalnautica.org\/wp-content\/uploads\/2024\/06\/IMOCA.jpeg 1280w\" sizes=\"auto, (max-width: 900px) 100vw, 900px\" \/><\/figure><div class=\"wp-block-media-text__content\">\n<div class=\"wp-block-uagb-container uagb-block-91359945\">\n<div class=\"wp-block-uagb-advanced-heading uagb-block-ba2c14df\"><h2 class=\"uagb-heading-text\">Mirabaud<\/h2><\/div>\n\n\n\n<p class=\"has-ast-global-color-0-color has-text-color\">The <em>Mirabaud<\/em> is a 60-foot IMOCA built in La Rochelle in 1990. He has participated in several regattas, including three Routes du Rhum and a Vend\u00e9e Globe. It is currently used as a school ship of the Foundation and has participated in numerous regattas as a follow-up boat.<\/p>\n<\/div>\n<\/div><\/div>\n\n\n\n<div class=\"wp-block-media-text alignfull has-media-on-the-right is-stacked-on-mobile is-vertically-aligned-top has-text-color has-background has-link-color wp-elements-293c5b0423f692ba12e9001ed2325d2a\" style=\"color:#fffdc7;background-color:#fafafa;grid-template-columns:auto 60%\"><div class=\"wp-block-media-text__content\">\n<div class=\"wp-block-uagb-container uagb-block-94a37a1d\">\n<div class=\"wp-block-uagb-advanced-heading uagb-block-d09eff78\"><h2 class=\"uagb-heading-text\">Charisma<\/h2><\/div>\n\n\n\n<p class=\"has-ast-global-color-0-color has-text-color\">The <em>Charisma<\/em> is a 17.40-meter long sloop designed by Sparkman &amp; Stephens, built in the United States and launched in 1970. He arrived in Barcelona in 2012, after five years participating in the great regattas of the planet, where his owner donated it to Barcelona Nautical Capital (formerly FNOB). With the Charisma they have sailed sailors that have sailed more than 20 round-the-world trips.<\/p>\n<\/div>\n<\/div><figure class=\"wp-block-media-text__media\"><img loading=\"lazy\" decoding=\"async\" width=\"900\" height=\"600\" src=\"https:\/\/www.barcelonacapitalnautica.org\/wp-content\/uploads\/2023\/04\/CHARISMA-900x600.jpg\" alt=\"Charisma\" class=\"wp-image-257168 size-full\" srcset=\"https:\/\/www.barcelonacapitalnautica.org\/wp-content\/uploads\/2023\/04\/CHARISMA-900x600.jpg 900w, https:\/\/www.barcelonacapitalnautica.org\/wp-content\/uploads\/2023\/04\/CHARISMA-560x373.jpg 560w, https:\/\/www.barcelonacapitalnautica.org\/wp-content\/uploads\/2023\/04\/CHARISMA-380x253.jpg 380w, https:\/\/www.barcelonacapitalnautica.org\/wp-content\/uploads\/2023\/04\/CHARISMA-768x512.jpg 768w, https:\/\/www.barcelonacapitalnautica.org\/wp-content\/uploads\/2023\/04\/CHARISMA.jpg 1200w\" sizes=\"auto, (max-width: 900px) 100vw, 900px\" \/><\/figure><\/div>\n<\/div><\/div>\n\n\n\n<div id=\"transparency\" class=\"wp-block-uagb-container uagb-block-21c533f2 default uagb-is-root-container\">\n<div class=\"wp-block-uagb-container uagb-block-a2112baa\">\n<div class=\"wp-block-uagb-info-box uagb-block-db9e86dd uagb-infobox__content-wrap  uagb-infobox-icon-above-title uagb-infobox-image-valign-top\"><div class=\"uagb-ifb-content\"><div class=\"uagb-ifb-title-wrap\"><h2 class=\"uagb-ifb-title\">Transparency<\/h2><\/div><p class=\"uagb-ifb-desc\">In order to comply with the Law on Transparency and as an Institution attached to Barcelona City Council, in this space we collect data on Transparency of the Foundation. The data are only available in Spanish and Catalan.<\/p><div class=\"uagb-ifb-button-wrapper wp-block-button\"><a href=\"https:\/\/www.barcelonacapitalnautica.org\/es\/fundacion\/transparencia\/\" class=\"uagb-infobox-cta-link wp-block-button__link\" target=\"_self\" rel=\"noopener noreferrer\" onclick=\"return true;\"><span class=\"uagb-inline-editing\">Check the data<\/span><\/a><\/div><\/div><\/div>\n<\/div>\n<\/div>\n\n\n\n<p><\/p>\n\n\n\n<div id=\"fleet\" class=\"wp-block-uagb-container uag-hide-desktop uag-hide-tab uag-hide-mob uagb-block-93863a02 alignfull uagb-is-root-container\"><div class=\"uagb-container-inner-blocks-wrap\">\n<div class=\"wp-block-media-text alignfull is-stacked-on-mobile is-vertically-aligned-top has-text-color has-background has-link-color wp-elements-00c3b3a31facdc545a6eef491bc617f8\" style=\"color:#fffdc7;background-color:#fafafa;grid-template-columns:40% auto\"><figure class=\"wp-block-media-text__media\"><img loading=\"lazy\" decoding=\"async\" width=\"900\" height=\"600\" src=\"https:\/\/www.barcelonacapitalnautica.org\/wp-content\/uploads\/2023\/04\/MIRABAUD-900x600.jpg\" alt=\"Mirabaud\" class=\"wp-image-257170 size-full\" srcset=\"https:\/\/www.barcelonacapitalnautica.org\/wp-content\/uploads\/2023\/04\/MIRABAUD-900x600.jpg 900w, https:\/\/www.barcelonacapitalnautica.org\/wp-content\/uploads\/2023\/04\/MIRABAUD-560x373.jpg 560w, https:\/\/www.barcelonacapitalnautica.org\/wp-content\/uploads\/2023\/04\/MIRABAUD-380x253.jpg 380w, https:\/\/www.barcelonacapitalnautica.org\/wp-content\/uploads\/2023\/04\/MIRABAUD-768x512.jpg 768w, https:\/\/www.barcelonacapitalnautica.org\/wp-content\/uploads\/2023\/04\/MIRABAUD.jpg 1200w\" sizes=\"auto, (max-width: 900px) 100vw, 900px\" \/><\/figure><div class=\"wp-block-media-text__content\">\n<div class=\"inherit-container-width wp-block-group has-link-color wp-elements-9dea6e3dec27a145d5b9728897d93d00 is-layout-constrained wp-container-core-group-is-layout-e0d25d7f wp-block-group-is-layout-constrained\" style=\"padding-top:2em;padding-right:2em;padding-bottom:2em;padding-left:2em\">\n<h6 class=\"wp-block-heading has-ast-global-color-0-color has-text-color\" style=\"font-size:1.5em;font-weight:700;line-height:1.2\">The Mirabaud<\/h6>\n\n\n\n<p class=\"has-ast-global-color-0-color has-text-color\">It&#8217;s a 60-foot IMOCA built in La Rochelle in 1990. He has participated in several regattas, including three Routes du Rhum, a Vend\u00e9e Globe and the 2010 edition of the Barcelona World Race. It is currently used as a school ship of the Foundation and has participated in numerous regattas as a follow-up boat.<\/p>\n<\/div>\n<\/div><\/div>\n\n\n\n<div class=\"wp-block-media-text alignfull has-media-on-the-right is-stacked-on-mobile is-vertically-aligned-top has-text-color has-background has-link-color wp-elements-00a450353d3c2c62745b66665fcfb476\" style=\"color:#fffdc7;background-color:#fafafa;grid-template-columns:auto 40%\"><div class=\"wp-block-media-text__content\">\n<div class=\"inherit-container-width wp-block-group has-link-color wp-elements-eb6379c5fdf6ef3dfe1edabe4d7f0bce is-layout-constrained wp-container-core-group-is-layout-e0d25d7f wp-block-group-is-layout-constrained\" style=\"padding-top:2em;padding-right:2em;padding-bottom:2em;padding-left:2em\">\n<h2 class=\"wp-block-heading has-ast-global-color-0-color has-text-color\" style=\"font-size:1.47em;font-weight:700;line-height:1.15\">The Charisma<\/h2>\n\n\n\n<p class=\"has-ast-global-color-0-color has-text-color\">It is a 17.40 meter long sloop designed by Sparkman &amp; Stephens, built in the United States and launched in 1970. He arrived in Barcelona in 2012, after five years participating in the great regattas of the planet, where his owner donated it to Barcelona Nautical Capital (formerly FNOB). With the Charisma they have sailed sailors that have sailed more than 20 round-the-world trips.<\/p>\n<\/div>\n<\/div><figure class=\"wp-block-media-text__media\"><img loading=\"lazy\" decoding=\"async\" width=\"900\" height=\"600\" src=\"https:\/\/www.barcelonacapitalnautica.org\/wp-content\/uploads\/2023\/04\/CHARISMA-900x600.jpg\" alt=\"Charisma\" class=\"wp-image-257168 size-full\" srcset=\"https:\/\/www.barcelonacapitalnautica.org\/wp-content\/uploads\/2023\/04\/CHARISMA-900x600.jpg 900w, https:\/\/www.barcelonacapitalnautica.org\/wp-content\/uploads\/2023\/04\/CHARISMA-560x373.jpg 560w, https:\/\/www.barcelonacapitalnautica.org\/wp-content\/uploads\/2023\/04\/CHARISMA-380x253.jpg 380w, https:\/\/www.barcelonacapitalnautica.org\/wp-content\/uploads\/2023\/04\/CHARISMA-768x512.jpg 768w, https:\/\/www.barcelonacapitalnautica.org\/wp-content\/uploads\/2023\/04\/CHARISMA.jpg 1200w\" sizes=\"auto, (max-width: 900px) 100vw, 900px\" \/><\/figure><\/div>\n<\/div><\/div>\n\n\n\n<div id=\"patronat\" class=\"wp-block-uagb-container uagb-block-5452caee alignfull uagb-is-root-container\"><div class=\"uagb-container-inner-blocks-wrap\">\n<div class=\"wp-block-uagb-advanced-heading uagb-block-eddcbcef\"><div class=\"uagb-separator\"><\/div><h4 class=\"uagb-heading-text\">BOARD<\/h4><\/div>\n\n\n\n<div class=\"wp-block-uagb-container patronat-container uagb-block-74e553a0\">\n<div class=\"wp-block-uagb-image aligncenter uagb-block-04d9bca9 wp-block-uagb-image--layout-default wp-block-uagb-image--effect-static wp-block-uagb-image--align-center patronat-img\"><figure class=\"wp-block-uagb-image__figure\"><img decoding=\"async\" srcset=\"https:\/\/www.barcelonacapitalnautica.org\/wp-content\/uploads\/2023\/03\/gencat.svg \" sizes=\"auto, (max-width: 480px) 150px\" src=\"https:\/\/www.barcelonacapitalnautica.org\/wp-content\/uploads\/2023\/03\/gencat.svg\" alt=\"\" class=\"uag-image-826\" width=\"189\" height=\"49\" title=\"\" loading=\"lazy\" role=\"img\"\/><\/figure><\/div>\n\n\n\n<div class=\"wp-block-uagb-image aligncenter uagb-block-bb3e1aaf wp-block-uagb-image--layout-default wp-block-uagb-image--effect-static wp-block-uagb-image--align-center patronat-img\"><figure class=\"wp-block-uagb-image__figure\"><img decoding=\"async\" srcset=\"https:\/\/www.barcelonacapitalnautica.org\/wp-content\/uploads\/2025\/10\/AJBCN_Sign_Com_Vermell_Transparent-900x230.png ,https:\/\/www.barcelonacapitalnautica.org\/wp-content\/uploads\/2025\/10\/AJBCN_Sign_Com_Vermell_Transparent-scaled.png 780w, https:\/\/www.barcelonacapitalnautica.org\/wp-content\/uploads\/2025\/10\/AJBCN_Sign_Com_Vermell_Transparent-scaled.png 360w\" sizes=\"auto, (max-width: 480px) 150px\" src=\"https:\/\/www.barcelonacapitalnautica.org\/wp-content\/uploads\/2025\/10\/AJBCN_Sign_Com_Vermell_Transparent-900x230.png\" alt=\"\" class=\"uag-image-273557\" width=\"179\" height=\"62\" title=\"AJBCN_Sign_Com_Vermell_Transparent\" loading=\"lazy\" role=\"img\"\/><\/figure><\/div>\n\n\n\n<div class=\"wp-block-uagb-image aligncenter uagb-block-f0c43ed6 wp-block-uagb-image--layout-default wp-block-uagb-image--effect-static wp-block-uagb-image--align-center patronat-img\"><figure class=\"wp-block-uagb-image__figure\"><img decoding=\"async\" srcset=\"https:\/\/www.barcelonacapitalnautica.org\/wp-content\/uploads\/2024\/06\/logo_ministerio_educacion_csd-900x133.png ,https:\/\/www.barcelonacapitalnautica.org\/wp-content\/uploads\/2024\/06\/logo_ministerio_educacion_csd.png 780w, https:\/\/www.barcelonacapitalnautica.org\/wp-content\/uploads\/2024\/06\/logo_ministerio_educacion_csd.png 360w\" sizes=\"auto, (max-width: 480px) 150px\" src=\"https:\/\/www.barcelonacapitalnautica.org\/wp-content\/uploads\/2024\/06\/logo_ministerio_educacion_csd-900x133.png\" alt=\"\" class=\"uag-image-268029\" width=\"900\" height=\"133\" title=\"logo_ministerio_educacion_csd\" loading=\"lazy\" role=\"img\"\/><\/figure><\/div>\n\n\n\n<div class=\"wp-block-uagb-image aligncenter uagb-block-a1273d6e wp-block-uagb-image--layout-default wp-block-uagb-image--effect-static wp-block-uagb-image--align-center patronat-img\"><figure class=\"wp-block-uagb-image__figure\"><img decoding=\"async\" srcset=\"https:\/\/www.barcelonacapitalnautica.org\/wp-content\/uploads\/2023\/03\/diputacio-bcn.svg \" sizes=\"auto, (max-width: 480px) 150px\" src=\"https:\/\/www.barcelonacapitalnautica.org\/wp-content\/uploads\/2023\/03\/diputacio-bcn.svg\" alt=\"\" class=\"uag-image-829\" width=\"160\" height=\"53\" title=\"\" loading=\"lazy\" role=\"img\"\/><\/figure><\/div>\n\n\n\n<div class=\"wp-block-uagb-image aligncenter uagb-block-027b1681 wp-block-uagb-image--layout-default wp-block-uagb-image--effect-static wp-block-uagb-image--align-center patronat-img\"><figure class=\"wp-block-uagb-image__figure\"><img decoding=\"async\" srcset=\"https:\/\/www.barcelonacapitalnautica.org\/wp-content\/uploads\/2023\/03\/port-bcn.svg \" sizes=\"auto, (max-width: 480px) 150px\" src=\"https:\/\/www.barcelonacapitalnautica.org\/wp-content\/uploads\/2023\/03\/port-bcn.svg\" alt=\"\" class=\"uag-image-830\" width=\"234\" height=\"51\" title=\"\" loading=\"lazy\" role=\"img\"\/><\/figure><\/div>\n\n\n\n<div class=\"wp-block-uagb-image aligncenter uagb-block-2b425fa5 wp-block-uagb-image--layout-default wp-block-uagb-image--effect-static wp-block-uagb-image--align-center patronat-img\"><figure class=\"wp-block-uagb-image__figure\"><img decoding=\"async\" srcset=\"https:\/\/www.barcelonacapitalnautica.org\/wp-content\/uploads\/2023\/03\/comerc-bcn.svg \" sizes=\"auto, (max-width: 480px) 150px\" src=\"https:\/\/www.barcelonacapitalnautica.org\/wp-content\/uploads\/2023\/03\/comerc-bcn.svg\" alt=\"\" class=\"uag-image-831\" width=\"203\" height=\"51\" title=\"\" loading=\"lazy\" role=\"img\"\/><\/figure><\/div>\n\n\n\n<div class=\"wp-block-uagb-image aligncenter uagb-block-df6ce45a wp-block-uagb-image--layout-default wp-block-uagb-image--effect-static wp-block-uagb-image--align-center patronat-img\"><figure class=\"wp-block-uagb-image__figure\"><img decoding=\"async\" srcset=\"https:\/\/www.barcelonacapitalnautica.org\/wp-content\/uploads\/2023\/03\/bcn-global.svg \" sizes=\"auto, (max-width: 480px) 150px\" src=\"https:\/\/www.barcelonacapitalnautica.org\/wp-content\/uploads\/2023\/03\/bcn-global.svg\" alt=\"\" class=\"uag-image-833\" width=\"175\" height=\"53\" title=\"\" loading=\"lazy\" role=\"img\"\/><\/figure><\/div>\n<\/div>\n<\/div><\/div>\n\n\n\n<div id=\"noticies\" class=\"wp-block-uagb-container uag-hide-desktop uag-hide-tab uag-hide-mob uagb-block-004dbfee alignfull uagb-is-root-container\"><div class=\"uagb-container-inner-blocks-wrap\">\n<div class=\"wp-block-uagb-advanced-heading uagb-block-515a08e4\"><h2 class=\"uagb-heading-text\">News about the Foundation<\/h2><\/div>\n\n\n\n\t\t\t<div class=\"wp-block-uagb-post-carousel uagb-post-grid  uagb-post__image-position-top uagb-post__image-enabled uagb-block-20cae9a9     uagb-post__arrow-outside uagb-post__items uagb-post__columns-3 is-carousel uagb-post__columns-tablet-2 uagb-post__columns-mobile-1 uagb-post__carousel_equal-height\" data-total=\"0\" style=\"\">\n\n\t\t\t\t\t\t\t\t\t<p class=\"uagb-post__no-posts\">\n\t\t\t\t\t\tNo hi ha not\u00edcies.\t\t\t\t\t<\/p>\n\t\t\t\t\t\t\t\t<\/div>\n\t\t\t<\/div><\/div>\n","protected":false},"excerpt":{"rendered":"<p>The Foundation Who we are Many miles Sailing towards a [&hellip;]<\/p>\n","protected":false},"author":1,"featured_media":267759,"parent":0,"menu_order":0,"comment_status":"closed","ping_status":"closed","template":"","meta":{"_uag_custom_page_level_css":"","site-sidebar-layout":"default","site-content-layout":"","ast-site-content-layout":"default","site-content-style":"default","site-sidebar-style":"default","ast-global-header-display":"","ast-banner-title-visibility":"","ast-main-header-display":"","ast-hfb-above-header-display":"","ast-hfb-below-header-display":"","ast-hfb-mobile-header-display":"","site-post-title":"disabled","ast-breadcrumbs-content":"","ast-featured-img":"disabled","footer-sml-layout":"","ast-disable-related-posts":"","theme-transparent-header-meta":"","adv-header-id-meta":"","stick-header-meta":"","header-above-stick-meta":"","header-main-stick-meta":"","header-below-stick-meta":"","astra-migrate-meta-layouts":"set","ast-page-background-enabled":"default","ast-page-background-meta":{"desktop":{"background-color":"","background-image":"","background-repeat":"repeat","background-position":"center center","background-size":"auto","background-attachment":"scroll","background-type":"","background-media":"","overlay-type":"","overlay-color":"","overlay-opacity":"","overlay-gradient":""},"tablet":{"background-color":"","background-image":"","background-repeat":"repeat","background-position":"center center","background-size":"auto","background-attachment":"scroll","background-type":"","background-media":"","overlay-type":"","overlay-color":"","overlay-opacity":"","overlay-gradient":""},"mobile":{"background-color":"","background-image":"","background-repeat":"repeat","background-position":"center center","background-size":"auto","background-attachment":"scroll","background-type":"","background-media":"","overlay-type":"","overlay-color":"","overlay-opacity":"","overlay-gradient":""}},"ast-content-background-meta":{"desktop":{"background-color":"var(--ast-global-color-5)","background-image":"","background-repeat":"repeat","background-position":"center center","background-size":"auto","background-attachment":"scroll","background-type":"","background-media":"","overlay-type":"","overlay-color":"","overlay-opacity":"","overlay-gradient":""},"tablet":{"background-color":"var(--ast-global-color-5)","background-image":"","background-repeat":"repeat","background-position":"center center","background-size":"auto","background-attachment":"scroll","background-type":"","background-media":"","overlay-type":"","overlay-color":"","overlay-opacity":"","overlay-gradient":""},"mobile":{"background-color":"var(--ast-global-color-5)","background-image":"","background-repeat":"repeat","background-position":"center center","background-size":"auto","background-attachment":"scroll","background-type":"","background-media":"","overlay-type":"","overlay-color":"","overlay-opacity":"","overlay-gradient":""}},"_price":"","_stock":"","_tribe_ticket_header":"","_tribe_default_ticket_provider":"","_tribe_ticket_capacity":"0","_ticket_start_date":"","_ticket_end_date":"","_tribe_ticket_show_description":"","_tribe_ticket_show_not_going":false,"_tribe_ticket_use_global_stock":"","_tribe_ticket_global_stock_level":"","_global_stock_mode":"","_global_stock_cap":"","_tribe_rsvp_for_event":"","_tribe_ticket_going_count":"","_tribe_ticket_not_going_count":"","_tribe_tickets_list":[],"_tribe_ticket_has_attendee_info_fields":false,"footnotes":""},"class_list":["post-260481","page","type-page","status-publish","has-post-thumbnail","hentry"],"yoast_head":"<!-- This site is optimized with the Yoast SEO plugin v27.5 - https:\/\/yoast.com\/product\/yoast-seo-wordpress\/ -->\n<title>The Foundation - Barcelona Capital N\u00e0utica<\/title>\n<meta name=\"description\" content=\"Discover who we are and our history as a foundation, what we currently do, our fleet and available spaces.\" \/>\n<meta name=\"robots\" content=\"index, follow, max-snippet:-1, max-image-preview:large, max-video-preview:-1\" \/>\n<link rel=\"canonical\" href=\"https:\/\/www.barcelonacapitalnautica.org\/en\/the-foundation\/\" \/>\n<meta property=\"og:locale\" content=\"en_US\" \/>\n<meta property=\"og:type\" content=\"article\" \/>\n<meta property=\"og:title\" content=\"The Foundation - Barcelona Capital N\u00e0utica\" \/>\n<meta property=\"og:description\" content=\"Discover who we are and our history as a foundation, what we currently do, our fleet and available spaces.\" \/>\n<meta property=\"og:url\" content=\"https:\/\/www.barcelonacapitalnautica.org\/en\/the-foundation\/\" \/>\n<meta property=\"og:site_name\" content=\"Barcelona Capital N\u00e0utica\" \/>\n<meta property=\"article:publisher\" content=\"https:\/\/www.facebook.com\/barcelonacapitalnautica\" \/>\n<meta property=\"article:modified_time\" content=\"2025-10-23T14:05:36+00:00\" \/>\n<meta property=\"og:image\" content=\"https:\/\/www.barcelonacapitalnautica.org\/wp-content\/uploads\/2023\/04\/molldellevant-e1682329769966-560x323.jpg\" \/>\n<meta name=\"twitter:card\" content=\"summary_large_image\" \/>\n<meta name=\"twitter:image\" content=\"https:\/\/www.barcelonacapitalnautica.org\/wp-content\/uploads\/2023\/04\/molldellevant-e1682329769966-560x323.jpg\" \/>\n<meta name=\"twitter:site\" content=\"@bcnautica\" \/>\n<meta name=\"twitter:label1\" content=\"Est. reading time\" \/>\n\t<meta name=\"twitter:data1\" content=\"10 minutes\" \/>\n<script type=\"application\/ld+json\" class=\"yoast-schema-graph\">{\"@context\":\"https:\\\/\\\/schema.org\",\"@graph\":[{\"@type\":\"WebPage\",\"@id\":\"https:\\\/\\\/www.barcelonacapitalnautica.org\\\/en\\\/the-foundation\\\/\",\"url\":\"https:\\\/\\\/www.barcelonacapitalnautica.org\\\/en\\\/the-foundation\\\/\",\"name\":\"The Foundation - Barcelona Capital N\u00e0utica\",\"isPartOf\":{\"@id\":\"https:\\\/\\\/www.barcelonacapitalnautica.org\\\/en\\\/#website\"},\"primaryImageOfPage\":{\"@id\":\"https:\\\/\\\/www.barcelonacapitalnautica.org\\\/en\\\/the-foundation\\\/#primaryimage\"},\"image\":{\"@id\":\"https:\\\/\\\/www.barcelonacapitalnautica.org\\\/en\\\/the-foundation\\\/#primaryimage\"},\"thumbnailUrl\":\"https:\\\/\\\/www.barcelonacapitalnautica.org\\\/wp-content\\\/uploads\\\/2024\\\/05\\\/Fundacio_Barcelona_Capital_Nautica.jpg\",\"datePublished\":\"2023-04-24T14:55:55+00:00\",\"dateModified\":\"2025-10-23T14:05:36+00:00\",\"description\":\"Discover who we are and our history as a foundation, what we currently do, our fleet and available spaces.\",\"breadcrumb\":{\"@id\":\"https:\\\/\\\/www.barcelonacapitalnautica.org\\\/en\\\/the-foundation\\\/#breadcrumb\"},\"inLanguage\":\"en-US\",\"potentialAction\":[{\"@type\":\"ReadAction\",\"target\":[\"https:\\\/\\\/www.barcelonacapitalnautica.org\\\/en\\\/the-foundation\\\/\"]}]},{\"@type\":\"ImageObject\",\"inLanguage\":\"en-US\",\"@id\":\"https:\\\/\\\/www.barcelonacapitalnautica.org\\\/en\\\/the-foundation\\\/#primaryimage\",\"url\":\"https:\\\/\\\/www.barcelonacapitalnautica.org\\\/wp-content\\\/uploads\\\/2024\\\/05\\\/Fundacio_Barcelona_Capital_Nautica.jpg\",\"contentUrl\":\"https:\\\/\\\/www.barcelonacapitalnautica.org\\\/wp-content\\\/uploads\\\/2024\\\/05\\\/Fundacio_Barcelona_Capital_Nautica.jpg\",\"width\":1600,\"height\":1200},{\"@type\":\"BreadcrumbList\",\"@id\":\"https:\\\/\\\/www.barcelonacapitalnautica.org\\\/en\\\/the-foundation\\\/#breadcrumb\",\"itemListElement\":[{\"@type\":\"ListItem\",\"position\":1,\"name\":\"Inici\",\"item\":\"https:\\\/\\\/www.barcelonacapitalnautica.org\\\/en\\\/\"},{\"@type\":\"ListItem\",\"position\":2,\"name\":\"The Foundation\"}]},{\"@type\":\"WebSite\",\"@id\":\"https:\\\/\\\/www.barcelonacapitalnautica.org\\\/en\\\/#website\",\"url\":\"https:\\\/\\\/www.barcelonacapitalnautica.org\\\/en\\\/\",\"name\":\"Barcelona Capital N\u00e0utica\",\"description\":\"Barcelona Capital N\u00e0utica\",\"publisher\":{\"@id\":\"https:\\\/\\\/www.barcelonacapitalnautica.org\\\/en\\\/#organization\"},\"alternateName\":\"BCN\u00e0utica, FBCN\",\"potentialAction\":[{\"@type\":\"SearchAction\",\"target\":{\"@type\":\"EntryPoint\",\"urlTemplate\":\"https:\\\/\\\/www.barcelonacapitalnautica.org\\\/en\\\/?s={search_term_string}\"},\"query-input\":{\"@type\":\"PropertyValueSpecification\",\"valueRequired\":true,\"valueName\":\"search_term_string\"}}],\"inLanguage\":\"en-US\"},{\"@type\":\"Organization\",\"@id\":\"https:\\\/\\\/www.barcelonacapitalnautica.org\\\/en\\\/#organization\",\"name\":\"Barcelona Capital N\u00e0utica\",\"alternateName\":\"Fundaci\u00f3 Barcelona Capital N\u00e0utica\",\"url\":\"https:\\\/\\\/www.barcelonacapitalnautica.org\\\/en\\\/\",\"logo\":{\"@type\":\"ImageObject\",\"inLanguage\":\"en-US\",\"@id\":\"https:\\\/\\\/www.barcelonacapitalnautica.org\\\/en\\\/#\\\/schema\\\/logo\\\/image\\\/\",\"url\":\"https:\\\/\\\/www.barcelonacapitalnautica.org\\\/wp-content\\\/uploads\\\/2023\\\/03\\\/Logo-blau.svg\",\"contentUrl\":\"https:\\\/\\\/www.barcelonacapitalnautica.org\\\/wp-content\\\/uploads\\\/2023\\\/03\\\/Logo-blau.svg\",\"width\":200,\"height\":58,\"caption\":\"Barcelona Capital N\u00e0utica\"},\"image\":{\"@id\":\"https:\\\/\\\/www.barcelonacapitalnautica.org\\\/en\\\/#\\\/schema\\\/logo\\\/image\\\/\"},\"sameAs\":[\"https:\\\/\\\/www.facebook.com\\\/barcelonacapitalnautica\",\"https:\\\/\\\/x.com\\\/bcnautica\",\"https:\\\/\\\/www.instagram.com\\\/bcnautica\\\/\",\"https:\\\/\\\/www.linkedin.com\\\/company\\\/barcelona-capital-nautica\"]}]}<\/script>\n<!-- \/ Yoast SEO plugin. -->","yoast_head_json":{"title":"The Foundation - Barcelona Capital N\u00e0utica","description":"Discover who we are and our history as a foundation, what we currently do, our fleet and available spaces.","robots":{"index":"index","follow":"follow","max-snippet":"max-snippet:-1","max-image-preview":"max-image-preview:large","max-video-preview":"max-video-preview:-1"},"canonical":"https:\/\/www.barcelonacapitalnautica.org\/en\/the-foundation\/","og_locale":"en_US","og_type":"article","og_title":"The Foundation - Barcelona Capital N\u00e0utica","og_description":"Discover who we are and our history as a foundation, what we currently do, our fleet and available spaces.","og_url":"https:\/\/www.barcelonacapitalnautica.org\/en\/the-foundation\/","og_site_name":"Barcelona Capital N\u00e0utica","article_publisher":"https:\/\/www.facebook.com\/barcelonacapitalnautica","article_modified_time":"2025-10-23T14:05:36+00:00","og_image":[{"url":"https:\/\/www.barcelonacapitalnautica.org\/wp-content\/uploads\/2023\/04\/molldellevant-e1682329769966-560x323.jpg","type":"","width":"","height":""}],"twitter_card":"summary_large_image","twitter_image":"https:\/\/www.barcelonacapitalnautica.org\/wp-content\/uploads\/2023\/04\/molldellevant-e1682329769966-560x323.jpg","twitter_site":"@bcnautica","twitter_misc":{"Est. reading time":"10 minutes"},"schema":{"@context":"https:\/\/schema.org","@graph":[{"@type":"WebPage","@id":"https:\/\/www.barcelonacapitalnautica.org\/en\/the-foundation\/","url":"https:\/\/www.barcelonacapitalnautica.org\/en\/the-foundation\/","name":"The Foundation - Barcelona Capital N\u00e0utica","isPartOf":{"@id":"https:\/\/www.barcelonacapitalnautica.org\/en\/#website"},"primaryImageOfPage":{"@id":"https:\/\/www.barcelonacapitalnautica.org\/en\/the-foundation\/#primaryimage"},"image":{"@id":"https:\/\/www.barcelonacapitalnautica.org\/en\/the-foundation\/#primaryimage"},"thumbnailUrl":"https:\/\/www.barcelonacapitalnautica.org\/wp-content\/uploads\/2024\/05\/Fundacio_Barcelona_Capital_Nautica.jpg","datePublished":"2023-04-24T14:55:55+00:00","dateModified":"2025-10-23T14:05:36+00:00","description":"Discover who we are and our history as a foundation, what we currently do, our fleet and available spaces.","breadcrumb":{"@id":"https:\/\/www.barcelonacapitalnautica.org\/en\/the-foundation\/#breadcrumb"},"inLanguage":"en-US","potentialAction":[{"@type":"ReadAction","target":["https:\/\/www.barcelonacapitalnautica.org\/en\/the-foundation\/"]}]},{"@type":"ImageObject","inLanguage":"en-US","@id":"https:\/\/www.barcelonacapitalnautica.org\/en\/the-foundation\/#primaryimage","url":"https:\/\/www.barcelonacapitalnautica.org\/wp-content\/uploads\/2024\/05\/Fundacio_Barcelona_Capital_Nautica.jpg","contentUrl":"https:\/\/www.barcelonacapitalnautica.org\/wp-content\/uploads\/2024\/05\/Fundacio_Barcelona_Capital_Nautica.jpg","width":1600,"height":1200},{"@type":"BreadcrumbList","@id":"https:\/\/www.barcelonacapitalnautica.org\/en\/the-foundation\/#breadcrumb","itemListElement":[{"@type":"ListItem","position":1,"name":"Inici","item":"https:\/\/www.barcelonacapitalnautica.org\/en\/"},{"@type":"ListItem","position":2,"name":"The Foundation"}]},{"@type":"WebSite","@id":"https:\/\/www.barcelonacapitalnautica.org\/en\/#website","url":"https:\/\/www.barcelonacapitalnautica.org\/en\/","name":"Barcelona Capital N\u00e0utica","description":"Barcelona Capital N\u00e0utica","publisher":{"@id":"https:\/\/www.barcelonacapitalnautica.org\/en\/#organization"},"alternateName":"BCN\u00e0utica, FBCN","potentialAction":[{"@type":"SearchAction","target":{"@type":"EntryPoint","urlTemplate":"https:\/\/www.barcelonacapitalnautica.org\/en\/?s={search_term_string}"},"query-input":{"@type":"PropertyValueSpecification","valueRequired":true,"valueName":"search_term_string"}}],"inLanguage":"en-US"},{"@type":"Organization","@id":"https:\/\/www.barcelonacapitalnautica.org\/en\/#organization","name":"Barcelona Capital N\u00e0utica","alternateName":"Fundaci\u00f3 Barcelona Capital N\u00e0utica","url":"https:\/\/www.barcelonacapitalnautica.org\/en\/","logo":{"@type":"ImageObject","inLanguage":"en-US","@id":"https:\/\/www.barcelonacapitalnautica.org\/en\/#\/schema\/logo\/image\/","url":"https:\/\/www.barcelonacapitalnautica.org\/wp-content\/uploads\/2023\/03\/Logo-blau.svg","contentUrl":"https:\/\/www.barcelonacapitalnautica.org\/wp-content\/uploads\/2023\/03\/Logo-blau.svg","width":200,"height":58,"caption":"Barcelona Capital N\u00e0utica"},"image":{"@id":"https:\/\/www.barcelonacapitalnautica.org\/en\/#\/schema\/logo\/image\/"},"sameAs":["https:\/\/www.facebook.com\/barcelonacapitalnautica","https:\/\/x.com\/bcnautica","https:\/\/www.instagram.com\/bcnautica\/","https:\/\/www.linkedin.com\/company\/barcelona-capital-nautica"]}]}},"uagb_featured_image_src":{"full":["https:\/\/www.barcelonacapitalnautica.org\/wp-content\/uploads\/2024\/05\/Fundacio_Barcelona_Capital_Nautica.jpg",1600,1200,false],"thumbnail":["https:\/\/www.barcelonacapitalnautica.org\/wp-content\/uploads\/2024\/05\/Fundacio_Barcelona_Capital_Nautica-380x285.jpg",380,285,true],"medium":["https:\/\/www.barcelonacapitalnautica.org\/wp-content\/uploads\/2024\/05\/Fundacio_Barcelona_Capital_Nautica-560x420.jpg",560,420,true],"medium_large":["https:\/\/www.barcelonacapitalnautica.org\/wp-content\/uploads\/2024\/05\/Fundacio_Barcelona_Capital_Nautica-768x576.jpg",768,576,true],"large":["https:\/\/www.barcelonacapitalnautica.org\/wp-content\/uploads\/2024\/05\/Fundacio_Barcelona_Capital_Nautica-900x675.jpg",900,675,true],"1536x1536":["https:\/\/www.barcelonacapitalnautica.org\/wp-content\/uploads\/2024\/05\/Fundacio_Barcelona_Capital_Nautica-1536x1152.jpg",1536,1152,true],"2048x2048":["https:\/\/www.barcelonacapitalnautica.org\/wp-content\/uploads\/2024\/05\/Fundacio_Barcelona_Capital_Nautica.jpg",1600,1200,false]},"uagb_author_info":{"display_name":"Barcelona Capital N\u00e0utica","author_link":"https:\/\/www.barcelonacapitalnautica.org\/en\/author\/fbcn_admin\/"},"uagb_comment_info":0,"uagb_excerpt":"The Foundation Who we are Many miles Sailing towards a [&hellip;]","ticketed":false,"_links":{"self":[{"href":"https:\/\/www.barcelonacapitalnautica.org\/en\/wp-json\/wp\/v2\/pages\/260481","targetHints":{"allow":["GET"]}}],"collection":[{"href":"https:\/\/www.barcelonacapitalnautica.org\/en\/wp-json\/wp\/v2\/pages"}],"about":[{"href":"https:\/\/www.barcelonacapitalnautica.org\/en\/wp-json\/wp\/v2\/types\/page"}],"author":[{"embeddable":true,"href":"https:\/\/www.barcelonacapitalnautica.org\/en\/wp-json\/wp\/v2\/users\/1"}],"replies":[{"embeddable":true,"href":"https:\/\/www.barcelonacapitalnautica.org\/en\/wp-json\/wp\/v2\/comments?post=260481"}],"version-history":[{"count":17,"href":"https:\/\/www.barcelonacapitalnautica.org\/en\/wp-json\/wp\/v2\/pages\/260481\/revisions"}],"predecessor-version":[{"id":273567,"href":"https:\/\/www.barcelonacapitalnautica.org\/en\/wp-json\/wp\/v2\/pages\/260481\/revisions\/273567"}],"wp:featuredmedia":[{"embeddable":true,"href":"https:\/\/www.barcelonacapitalnautica.org\/en\/wp-json\/wp\/v2\/media\/267759"}],"wp:attachment":[{"href":"https:\/\/www.barcelonacapitalnautica.org\/en\/wp-json\/wp\/v2\/media?parent=260481"}],"curies":[{"name":"wp","href":"https:\/\/api.w.org\/{rel}","templated":true}]}}