{"id":260554,"date":"2023-04-27T18:48:15","date_gmt":"2023-04-27T16:48:15","guid":{"rendered":"https:\/\/www.barcelonacapitalnautica.org\/sport\/"},"modified":"2024-11-04T16:31:19","modified_gmt":"2024-11-04T15:31:19","slug":"sport","status":"publish","type":"page","link":"https:\/\/www.barcelonacapitalnautica.org\/en\/sport\/","title":{"rendered":"Sport"},"content":{"rendered":"\n<div class=\"wp-block-uagb-container uagb-block-24cd1c5a alignfull uagb-is-root-container\"><div class=\"uagb-container-inner-blocks-wrap\">\n<div class=\"wp-block-uagb-advanced-heading uagb-block-66688d1a\"><h2 class=\"uagb-heading-text\">Sport<\/h2><\/div>\n<\/div><\/div>\n\n\n\n<div class=\"wp-block-uagb-container uagb-block-328bf1fd alignfull uagb-is-root-container\"><div class=\"uagb-container-inner-blocks-wrap\">\n<hr class=\"wp-block-separator alignfull has-text-color has-alpha-channel-opacity has-background is-style-wide\" style=\"background-color:#ff003c;color:#ff003c\"\/>\n<\/div><\/div>\n\n\n\n<div id=\"22days22feet\" class=\"wp-block-uagb-container uagb-block-43c0c672 alignfull uagb-is-root-container\"><div class=\"uagb-container-inner-blocks-wrap\">\n<div class=\"wp-block-uagb-container uagb-block-7313b065\">\n<div class=\"wp-block-uagb-info-box uagb-block-ad2e2b0a uagb-infobox__content-wrap  uagb-infobox-icon-below-title uagb-infobox-image-valign-top\"><div class=\"uagb-ifb-content\"><div class=\"uagb-ifb-title-wrap\"><span class=\"uagb-ifb-title-prefix\">Sports educational program<\/span><h2 class=\"uagb-ifb-title\">School Blue League<\/h2><\/div><p class=\"uagb-ifb-desc\">The School Blue League is an innovative competition format designed to popularize the sport of sailing in an inclusive, accessible and equitable way. This initiative, promoted by the Catalan Sailing Federation and the Barcelona Capital N\u00e0utica Foundation, aims to connect yachting clubs and educational centers on the Catalan coast to promote the practice of sailing among young people, thus creating new opportunities to enjoy the sport and the sea<\/p><\/div><\/div>\n\n\n\n<div class=\"wp-block-uagb-buttons uagb-buttons__outer-wrap uagb-btn__default-btn uagb-btn-tablet__default-btn uagb-btn-mobile__default-btn uagb-block-00d24be6 uag-hide-desktop uag-hide-tab uag-hide-mob\"><div class=\"uagb-buttons__wrap uagb-buttons-layout-wrap \">\n<div class=\"wp-block-uagb-buttons-child uagb-buttons__outer-wrap uagb-block-a1e5da8d wp-block-button\"><div class=\"uagb-button__wrapper\"><a class=\"uagb-buttons-repeater wp-block-button__link\" aria-label=\"\" href=\"https:\/\/www.22diesen22peus.com\/\" rel=\"follow noopener\" target=\"_blank\" role=\"button\"><div class=\"uagb-button__link\">Salpem?<\/div><span class=\"uagb-button__icon uagb-button__icon-position-after\"><svg xmlns=\"https:\/\/www.w3.org\/2000\/svg\" viewBox=\"0 0 448 512\" aria-hidden=\"true\" focussable=\"false\"><path d=\"M438.6 278.6l-160 160C272.4 444.9 264.2 448 256 448s-16.38-3.125-22.62-9.375c-12.5-12.5-12.5-32.75 0-45.25L338.8 288H32C14.33 288 .0016 273.7 .0016 256S14.33 224 32 224h306.8l-105.4-105.4c-12.5-12.5-12.5-32.75 0-45.25s32.75-12.5 45.25 0l160 160C451.1 245.9 451.1 266.1 438.6 278.6z\"><\/path><\/svg><\/span><\/a><\/div><\/div>\n\n\n\n<div class=\"wp-block-uagb-buttons-child uagb-buttons__outer-wrap uagb-block-a7722afd wp-block-button\"><div class=\"uagb-button__wrapper\"><a class=\"uagb-buttons-repeater wp-block-button__link\" aria-label=\"\" href=\"https:\/\/www.barcelonacapitalnautica.org\/mini-transat-2021-la-travessia-de-latlantic-a-laula-plena-de-valors-i-aventura\/\" rel=\"follow noopener\" target=\"_self\" role=\"button\"><div class=\"uagb-button__link\">Consulteu l&#8217;edici\u00f3 passada<\/div><\/a><\/div><\/div>\n<\/div><\/div>\n<\/div>\n\n\n\n<figure class=\"wp-block-embed is-type-video is-provider-youtube wp-block-embed-youtube wp-embed-aspect-16-9 wp-has-aspect-ratio\"><div class=\"wp-block-embed__wrapper\">\n<iframe loading=\"lazy\" title=\"Tret de sortida de la Lliga Blava Escolar\" width=\"500\" height=\"281\" src=\"https:\/\/www.youtube.com\/embed\/A-ahT7YHRFs?feature=oembed\" frameborder=\"0\" allow=\"accelerometer; autoplay; clipboard-write; encrypted-media; gyroscope; picture-in-picture; web-share\" referrerpolicy=\"strict-origin-when-cross-origin\" allowfullscreen><\/iframe>\n<\/div><\/figure>\n<\/div><\/div>\n\n\n\n<div id=\"optimist\" class=\"wp-block-uagb-container uagb-block-802b5fb3 alignfull uagb-is-root-container\"><div class=\"uagb-container-inner-blocks-wrap\">\n<figure class=\"wp-block-embed is-type-video is-provider-youtube wp-block-embed-youtube wp-embed-aspect-16-9 wp-has-aspect-ratio\"><div class=\"wp-block-embed__wrapper\">\n<iframe loading=\"lazy\" title=\"Col\u00b7laboraci\u00f3 de Barcelona Capital N\u00e0utica i la Federaci\u00f3 Catalana de Vela\" width=\"500\" height=\"281\" src=\"https:\/\/www.youtube.com\/embed\/chVhjMH0gD0?feature=oembed\" frameborder=\"0\" allow=\"accelerometer; autoplay; clipboard-write; encrypted-media; gyroscope; picture-in-picture; web-share\" referrerpolicy=\"strict-origin-when-cross-origin\" allowfullscreen><\/iframe>\n<\/div><\/figure>\n\n\n\n<div class=\"wp-block-uagb-info-box uagb-block-fab9f869 uagb-infobox__content-wrap  uagb-infobox-icon-left-title uagb-infobox-left uagb-infobox-image-valign-middle\" id=\"fede-cat\"><div class=\"uagb-ifb-content\"><div class=\"uagb-ifb-left-title-image\"><div class=\"uagb-ifb-title-wrap\"><h2 class=\"uagb-ifb-title\">A sea open to everyone with the support of the Federaci\u00f3 Catalana de Vela<\/h2><\/div><\/div><p class=\"uagb-ifb-desc\">The objective of the collaboration between both entities is to grow the practice of sailing in our country, making it more inclusive, training new generations and supporting and promoting athletes and competitions with the support of the network of clubs throughout Catalonia.<\/p><div class=\"uagb-ifb-button-wrapper wp-block-button\"><a href=\"https:\/\/www.barcelonacapitalnautica.org\/es\/barcelona-capital-nautica-y-federacion-catalana-de-vela-presentamos-proyectos-comunes-para-promocionar-la-vela\/\" class=\"uagb-infobox-cta-link wp-block-button__link\" target=\"_self\" rel=\"noopener noreferrer\" onclick=\"return true;\"><span class=\"uagb-inline-editing\">collaboration details [ES]<\/span><\/a><\/div><\/div><\/div>\n<\/div><\/div>\n\n\n\n<div id=\"foilcat\" class=\"wp-block-uagb-container uagb-block-98cee6a0 alignfull uagb-is-root-container\"><div class=\"uagb-container-inner-blocks-wrap\">\n<div class=\"wp-block-uagb-info-box uagb-block-a2fb947d uagb-infobox__content-wrap  uagb-infobox-icon-above-title uagb-infobox-image-valign-top\"><div class=\"uagb-ifb-content\"><div class=\"uagb-ifb-title-wrap\"><h2 class=\"uagb-ifb-title\">The FoilCat team<\/h2><\/div><p class=\"uagb-ifb-desc\">The FoilCat project, which we develop together with the <a href=\"https:\/\/www.vela.cat\/\">Federaci\u00f3 Catalana de Vela<\/a> aims to promote foiling to Catalan sailors and generate seedlings.<br><br>And a good example is the FoilCat women&#8217;s team that has emerged from a selection process among all the clubs in Catalonia in which nearly 30 women have participated.<\/p><div class=\"uagb-ifb-button-wrapper wp-block-button\"><a href=\"https:\/\/www.barcelonacapitalnautica.org\/en\/sport\/foilcat\/\" class=\"uagb-infobox-cta-link wp-block-button__link\" target=\"_self\" rel=\"noopener noreferrer\" onclick=\"return true;\"><span class=\"uagb-inline-editing\">meet the crew!<\/span><\/a><\/div><\/div><\/div>\n\n\n\n<figure class=\"wp-block-image size-large is-resized\"><img loading=\"lazy\" decoding=\"async\" width=\"900\" height=\"600\" src=\"https:\/\/www.barcelonacapitalnautica.org\/wp-content\/uploads\/2024\/03\/Equip_FoilCat17-900x600.jpeg\" alt=\"\" class=\"wp-image-264840\" srcset=\"https:\/\/www.barcelonacapitalnautica.org\/wp-content\/uploads\/2024\/03\/Equip_FoilCat17-900x600.jpeg 900w, https:\/\/www.barcelonacapitalnautica.org\/wp-content\/uploads\/2024\/03\/Equip_FoilCat17-560x373.jpeg 560w, https:\/\/www.barcelonacapitalnautica.org\/wp-content\/uploads\/2024\/03\/Equip_FoilCat17-380x253.jpeg 380w, https:\/\/www.barcelonacapitalnautica.org\/wp-content\/uploads\/2024\/03\/Equip_FoilCat17-768x512.jpeg 768w, https:\/\/www.barcelonacapitalnautica.org\/wp-content\/uploads\/2024\/03\/Equip_FoilCat17.jpeg 1500w\" sizes=\"auto, (max-width: 900px) 100vw, 900px\" \/><\/figure>\n\n\n\n<div class=\"wp-block-uagb-image alignwide uagb-block-288a1a42 wp-block-uagb-image--layout-default wp-block-uagb-image--effect-static wp-block-uagb-image--align-wide uag-hide-desktop uag-hide-tab uag-hide-mob\"><figure class=\"wp-block-uagb-image__figure\"><img decoding=\"async\" srcset=\"https:\/\/www.barcelonacapitalnautica.org\/wp-content\/uploads\/2023\/04\/BaseMini-Vaixell-675x900.jpeg \" sizes=\"auto, (max-width: 480px) 150px\" src=\"https:\/\/www.barcelonacapitalnautica.org\/wp-content\/uploads\/2023\/04\/BaseMini-Vaixell-675x900.jpeg\" alt=\"Base Mini\" class=\"uag-image-257563\" width=\"675\" height=\"900\" title=\"\" loading=\"lazy\" role=\"img\"\/><\/figure><\/div>\n<\/div><\/div>\n\n\n\n<div id=\"inclusive-sea\" class=\"wp-block-uagb-container uagb-block-f9bbdabc alignfull uagb-is-root-container\"><div class=\"uagb-container-inner-blocks-wrap\">\n<div class=\"wp-block-uagb-info-box uagb-block-182bc600 uagb-infobox__content-wrap  uagb-infobox-icon-above-title uagb-infobox-image-valign-top\"><div class=\"uagb-ifb-content\"><div class=\"uagb-ifb-title-wrap\"><h2 class=\"uagb-ifb-title\">An inclusive sea<\/h2><\/div><p class=\"uagb-ifb-desc\">Inclusive sailing program developed jointly with the <a href=\"https:\/\/www.vela.cat\/\" target=\"_blank\" rel=\"noreferrer noopener\">Federaci\u00f3 Catalana de Vela<\/a> that wants to help clubs and trainers ensure that the sport of sailing reaches everyone, without exception.<br><br>In addition, it also supports outstanding athletes in the field of inclusive sailing and the Spanish Hansa Championship will be organized together with the <a href=\"https:\/\/mifundacionalex.org\/quienes-somos\/\" target=\"_blank\" rel=\"noreferrer noopener\">Fundaci\u00f3n Alex<\/a>.<\/p><div class=\"uagb-ifb-button-wrapper wp-block-button\"><a href=\"https:\/\/www.barcelonacapitalnautica.org\/en\/sport\/sailing-for-everyone\/\" class=\"uagb-infobox-cta-link wp-block-button__link\" target=\"_self\" rel=\"noopener noreferrer\" onclick=\"return true;\"><span class=\"uagb-inline-editing\">discover the project<\/span><\/a><\/div><\/div><\/div>\n\n\n\n<figure class=\"wp-block-image size-large is-resized\"><img loading=\"lazy\" decoding=\"async\" width=\"900\" height=\"600\" src=\"https:\/\/www.barcelonacapitalnautica.org\/wp-content\/uploads\/2024\/02\/Mar_inclusiu_1-900x600.png\" alt=\"\" class=\"wp-image-264351\" srcset=\"https:\/\/www.barcelonacapitalnautica.org\/wp-content\/uploads\/2024\/02\/Mar_inclusiu_1-900x600.png 900w, https:\/\/www.barcelonacapitalnautica.org\/wp-content\/uploads\/2024\/02\/Mar_inclusiu_1-560x373.png 560w, https:\/\/www.barcelonacapitalnautica.org\/wp-content\/uploads\/2024\/02\/Mar_inclusiu_1-380x253.png 380w, https:\/\/www.barcelonacapitalnautica.org\/wp-content\/uploads\/2024\/02\/Mar_inclusiu_1-768x512.png 768w, https:\/\/www.barcelonacapitalnautica.org\/wp-content\/uploads\/2024\/02\/Mar_inclusiu_1-1536x1024.png 1536w, https:\/\/www.barcelonacapitalnautica.org\/wp-content\/uploads\/2024\/02\/Mar_inclusiu_1.png 1920w\" sizes=\"auto, (max-width: 900px) 100vw, 900px\" \/><\/figure>\n\n\n\n<div class=\"wp-block-uagb-image alignwide uagb-block-a8983eb7 wp-block-uagb-image--layout-default wp-block-uagb-image--effect-static wp-block-uagb-image--align-wide uag-hide-desktop uag-hide-tab uag-hide-mob\"><figure class=\"wp-block-uagb-image__figure\"><img decoding=\"async\" srcset=\"https:\/\/www.barcelonacapitalnautica.org\/wp-content\/uploads\/2023\/04\/BaseMini-Vaixell-675x900.jpeg \" sizes=\"auto, (max-width: 480px) 150px\" src=\"https:\/\/www.barcelonacapitalnautica.org\/wp-content\/uploads\/2023\/04\/BaseMini-Vaixell-675x900.jpeg\" alt=\"Base Mini\" class=\"uag-image-257563\" width=\"675\" height=\"900\" title=\"\" loading=\"lazy\" role=\"img\"\/><\/figure><\/div>\n<\/div><\/div>\n\n\n\n<div id=\"basemini\" class=\"wp-block-uagb-container uagb-block-1e57c327 alignfull uagb-is-root-container\"><div class=\"uagb-container-inner-blocks-wrap\">\n<div class=\"wp-block-uagb-info-box uagb-block-d94c3208 uagb-infobox__content-wrap  uagb-infobox-icon-above-title uagb-infobox-image-valign-top\"><div class=\"uagb-ifb-content\"><div class=\"uagb-ifb-title-wrap\"><h2 class=\"uagb-ifb-title\">The Mini Base<\/h2><\/div><p class=\"uagb-ifb-desc\">As a result of the agreement between the Base Mini Barcelona, Barcelona Capital N\u00e0utica and now Federaci\u00f3 Catalana de Vela, we have created the most important center for training, technification, training, regatta organization and maintenance of Mini 6.50 class boats in the Mediterranean.<\/p><div class=\"uagb-ifb-button-wrapper wp-block-button\"><a href=\"\/basemini\" class=\"uagb-infobox-cta-link wp-block-button__link\" target=\"_self\" rel=\"noopener noreferrer\" onclick=\"return true;\"><span class=\"uagb-inline-editing\">Are you coming to sail?<\/span><\/a><\/div><\/div><\/div>\n\n\n\n<figure class=\"wp-block-image size-large is-resized\"><img decoding=\"async\" src=\"https:\/\/www.barcelonacapitalnautica.org\/wp-content\/uploads\/2022\/05\/2022solomed_DSC05272.jpg\" alt=\"\"\/><\/figure>\n\n\n\n<div class=\"wp-block-uagb-image alignwide uagb-block-8ceb5532 wp-block-uagb-image--layout-default wp-block-uagb-image--effect-static wp-block-uagb-image--align-wide\"><figure class=\"wp-block-uagb-image__figure\"><img decoding=\"async\" srcset=\"https:\/\/www.barcelonacapitalnautica.org\/wp-content\/uploads\/2023\/04\/BaseMini-Vaixell-675x900.jpeg \" sizes=\"auto, (max-width: 480px) 150px\" src=\"https:\/\/www.barcelonacapitalnautica.org\/wp-content\/uploads\/2023\/04\/BaseMini-Vaixell-675x900.jpeg\" alt=\"Base Mini\" class=\"uag-image-257563\" width=\"675\" height=\"900\" title=\"\" loading=\"lazy\" role=\"img\"\/><\/figure><\/div>\n<\/div><\/div>\n\n\n\n<div id=\"solomed\" class=\"wp-block-uagb-container uagb-block-bfb78bf0 alignfull uagb-is-root-container\"><div class=\"uagb-container-inner-blocks-wrap\">\n<div class=\"wp-block-uagb-container uagb-block-6d2a4dc6\">\n<div class=\"wp-block-uagb-info-box uagb-block-83fb0795 uagb-infobox__content-wrap  uagb-infobox-icon-above-title uagb-infobox-image-valign-top\"><div class=\"uagb-ifb-content\"><div class=\"uagb-ifb-image-content\"><img decoding=\"async\" src=\"https:\/\/www.barcelonacapitalnautica.org\/wp-content\/uploads\/2024\/02\/solo-med-380x106.png\" alt=\"\" width=\"146\" height=\"40\" loading=\"lazy\"\/><\/div><div class=\"uagb-ifb-title-wrap\"><h2 class=\"uagb-ifb-title\">Solo Med Regatta 2024<\/h2><\/div><p class=\"uagb-ifb-desc\">This is a regatta for solo Mini 6.50 boats, which was held from May 6 to 14, 2023. It has been organized by Barcelona International Sailing Center with the collaboration of the Mini Base and the Club N\u00e0utic Sa R\u00e0pita, as an organizing club,<\/p><\/div><\/div>\n\n\n\n<div class=\"wp-block-uagb-buttons uagb-buttons__outer-wrap uagb-btn__default-btn uagb-btn-tablet__default-btn uagb-btn-mobile__default-btn uagb-block-ec88bb4a\"><div class=\"uagb-buttons__wrap uagb-buttons-layout-wrap \">\n<div class=\"wp-block-uagb-buttons-child uagb-buttons__outer-wrap uagb-block-6a712683 wp-block-button\"><div class=\"uagb-button__wrapper\"><a class=\"uagb-buttons-repeater wp-block-button__link\" aria-label=\"\" href=\"https:\/\/www.classemini.com\/course-fr-solo-med-2024-1.html\" rel=\"follow noopener\" target=\"_blank\" role=\"button\"><div class=\"uagb-button__link\">more info<\/div><\/a><\/div><\/div>\n\n\n\n<div class=\"wp-block-uagb-buttons-child uagb-buttons__outer-wrap uagb-block-a2271ce7 wp-block-button\"><div class=\"uagb-button__wrapper\"><a class=\"uagb-buttons-repeater wp-block-button__link\" aria-label=\"\" href=\"https:\/\/www.barcelonacapitalnautica.org\/en\/sport\/solo-med-regatta\/\" rel=\"follow noopener\" target=\"_self\" role=\"button\"><div class=\"uagb-button__link\">2023 edition<\/div><\/a><\/div><\/div>\n<\/div><\/div>\n<\/div>\n<\/div><\/div>\n\n\n\n<div id=\"optimist\" class=\"wp-block-uagb-container uagb-block-e30b78d3 alignfull uagb-is-root-container\"><div class=\"uagb-container-inner-blocks-wrap\">\n<div class=\"wp-block-uagb-image alignwide uagb-block-2ab66684 wp-block-uagb-image--layout-default wp-block-uagb-image--effect-static wp-block-uagb-image--align-wide\"><figure class=\"wp-block-uagb-image__figure\"><img decoding=\"async\" srcset=\"https:\/\/www.barcelonacapitalnautica.org\/wp-content\/uploads\/2023\/04\/Mundial_Optimist-900x600.jpg \" sizes=\"auto, (max-width: 480px) 150px\" src=\"https:\/\/www.barcelonacapitalnautica.org\/wp-content\/uploads\/2023\/04\/Mundial_Optimist-900x600.jpg\" alt=\"Mundial Optimist\" class=\"uag-image-257573\" width=\"900\" height=\"600\" title=\"\" loading=\"lazy\" role=\"img\"\/><\/figure><\/div>\n\n\n\n<div class=\"wp-block-uagb-info-box uagb-block-e8dc36b6 uagb-infobox__content-wrap  uagb-infobox-icon-left-title uagb-infobox-left uagb-infobox-image-valign-middle\"><div class=\"uagb-ifb-content\"><div class=\"uagb-ifb-left-title-image\"><div class=\"uagb-ifb-image-content\"><img decoding=\"async\" src=\"https:\/\/www.barcelonacapitalnautica.org\/wp-content\/uploads\/2023\/04\/Mundial_Optimist_Logo.jpeg\" alt=\"\" width=\"5\" height=\"5\" loading=\"lazy\"\/><\/div><div class=\"uagb-ifb-title-wrap\"><h2 class=\"uagb-ifb-title\"><strong>Optimist World Championship<\/strong><\/h2><\/div><\/div><p class=\"uagb-ifb-desc\">We are committed to the future of sailing and collaborate with the Optimist World Championship with sustainable, family, inclusive and educational nautical proposals with the Ballena Alegre Sailing Club.<\/p><div class=\"uagb-ifb-button-wrapper wp-block-button\"><a href=\"\/optimist\" class=\"uagb-infobox-cta-link wp-block-button__link\" target=\"_self\" rel=\"noopener noreferrer\" onclick=\"return true;\"><span class=\"uagb-inline-editing\">Watch The World Cup of Optimist<\/span><\/a><\/div><\/div><\/div>\n<\/div><\/div>\n\n\n\n<div id=\"rcsailing\" class=\"wp-block-uagb-container uag-hide-desktop uag-hide-tab uag-hide-mob uagb-block-84c29417 alignfull uagb-is-root-container\"><div class=\"uagb-container-inner-blocks-wrap\">\n<div class=\"wp-block-uagb-container uagb-block-63cdd4e4\"><\/div>\n\n\n\n<div class=\"wp-block-uagb-container uagb-block-caafa92b\">\n<div class=\"wp-block-uagb-image alignwide uagb-block-e1961167 wp-block-uagb-image--layout-default wp-block-uagb-image--effect-static wp-block-uagb-image--align-wide\"><figure class=\"wp-block-uagb-image__figure\"><img decoding=\"async\" srcset=\"https:\/\/www.barcelonacapitalnautica.org\/wp-content\/uploads\/2023\/04\/RC1.jpg \" sizes=\"auto, (max-width: 480px) 150px\" src=\"https:\/\/www.barcelonacapitalnautica.org\/wp-content\/uploads\/2023\/04\/RC1.jpg\" alt=\"RC Challenge\" class=\"uag-image-257609\" width=\"456\" height=\"316\" title=\"\" loading=\"lazy\" role=\"img\"\/><\/figure><\/div>\n\n\n\n<div class=\"wp-block-uagb-image alignwide uagb-block-e2883fe7 wp-block-uagb-image--layout-default wp-block-uagb-image--effect-static wp-block-uagb-image--align-wide\"><figure class=\"wp-block-uagb-image__figure\"><img decoding=\"async\" srcset=\"https:\/\/www.barcelonacapitalnautica.org\/wp-content\/uploads\/2023\/05\/20130520_RCSC_Regata_MPerello01-2-900x622.jpg \" sizes=\"auto, (max-width: 480px) 150px\" src=\"https:\/\/www.barcelonacapitalnautica.org\/wp-content\/uploads\/2023\/05\/20130520_RCSC_Regata_MPerello01-2-900x622.jpg\" alt=\"\" class=\"uag-image-257915\" width=\"900\" height=\"622\" title=\"\" loading=\"lazy\" role=\"img\"\/><\/figure><\/div>\n<\/div>\n<\/div><\/div>\n\n\n\n<div id=\"regates\" class=\"wp-block-uagb-container uagb-block-9beb0cb3 alignfull uagb-is-root-container\"><div class=\"uagb-container-inner-blocks-wrap\">\n<div class=\"wp-block-uagb-image uagb-block-197f6d68 wp-block-uagb-image--layout-default wp-block-uagb-image--effect-static wp-block-uagb-image--align-none\"><figure class=\"wp-block-uagb-image__figure\"><img decoding=\"async\" srcset=\"https:\/\/www.barcelonacapitalnautica.org\/wp-content\/uploads\/2023\/04\/AnnaandDee-900x599.jpg \" sizes=\"auto, (max-width: 480px) 150px\" src=\"https:\/\/www.barcelonacapitalnautica.org\/wp-content\/uploads\/2023\/04\/AnnaandDee-900x599.jpg\" alt=\"\" class=\"uag-image-257575\" width=\"900\" height=\"599\" title=\"\" loading=\"lazy\" role=\"img\"\/><\/figure><\/div>\n<\/div><\/div>\n\n\n\n<div id=\"noticies\" class=\"wp-block-uagb-container uag-hide-desktop uag-hide-tab uag-hide-mob uagb-block-b251dcee alignfull uagb-is-root-container\"><div class=\"uagb-container-inner-blocks-wrap\">\n<div class=\"wp-block-uagb-advanced-heading uagb-block-ec8c2e21\"><h2 class=\"uagb-heading-text\">Sports news<\/h2><\/div>\n\n\n\n\t\t\t<div class=\"wp-block-uagb-post-carousel uagb-post-grid  uagb-post__image-position-top uagb-post__image-enabled uagb-block-06dac616     uagb-post__arrow-outside uagb-post__items uagb-post__columns-3 is-carousel uagb-post__columns-tablet-2 uagb-post__columns-mobile-1 uagb-post__carousel_equal-height\" data-total=\"0\" style=\"\">\n\n\t\t\t\t\t\t\t\t\t<p class=\"uagb-post__no-posts\">\n\t\t\t\t\t\tNo hi ha not\u00edcies.\t\t\t\t\t<\/p>\n\t\t\t\t\t\t\t\t<\/div>\n\t\t\t<\/div><\/div>\n","protected":false},"excerpt":{"rendered":"<p>Sport Sports news<\/p>\n","protected":false},"author":1,"featured_media":252558,"parent":0,"menu_order":0,"comment_status":"closed","ping_status":"closed","template":"","meta":{"_uag_custom_page_level_css":"","site-sidebar-layout":"default","site-content-layout":"","ast-site-content-layout":"default","site-content-style":"default","site-sidebar-style":"default","ast-global-header-display":"","ast-banner-title-visibility":"","ast-main-header-display":"","ast-hfb-above-header-display":"","ast-hfb-below-header-display":"","ast-hfb-mobile-header-display":"","site-post-title":"disabled","ast-breadcrumbs-content":"","ast-featured-img":"disabled","footer-sml-layout":"","ast-disable-related-posts":"","theme-transparent-header-meta":"","adv-header-id-meta":"","stick-header-meta":"","header-above-stick-meta":"","header-main-stick-meta":"","header-below-stick-meta":"","astra-migrate-meta-layouts":"set","ast-page-background-enabled":"default","ast-page-background-meta":{"desktop":{"background-color":"","background-image":"","background-repeat":"repeat","background-position":"center center","background-size":"auto","background-attachment":"scroll","background-type":"","background-media":"","overlay-type":"","overlay-color":"","overlay-opacity":"","overlay-gradient":""},"tablet":{"background-color":"","background-image":"","background-repeat":"repeat","background-position":"center center","background-size":"auto","background-attachment":"scroll","background-type":"","background-media":"","overlay-type":"","overlay-color":"","overlay-opacity":"","overlay-gradient":""},"mobile":{"background-color":"","background-image":"","background-repeat":"repeat","background-position":"center center","background-size":"auto","background-attachment":"scroll","background-type":"","background-media":"","overlay-type":"","overlay-color":"","overlay-opacity":"","overlay-gradient":""}},"ast-content-background-meta":{"desktop":{"background-color":"var(--ast-global-color-5)","background-image":"","background-repeat":"repeat","background-position":"center center","background-size":"auto","background-attachment":"scroll","background-type":"","background-media":"","overlay-type":"","overlay-color":"","overlay-opacity":"","overlay-gradient":""},"tablet":{"background-color":"var(--ast-global-color-5)","background-image":"","background-repeat":"repeat","background-position":"center center","background-size":"auto","background-attachment":"scroll","background-type":"","background-media":"","overlay-type":"","overlay-color":"","overlay-opacity":"","overlay-gradient":""},"mobile":{"background-color":"var(--ast-global-color-5)","background-image":"","background-repeat":"repeat","background-position":"center center","background-size":"auto","background-attachment":"scroll","background-type":"","background-media":"","overlay-type":"","overlay-color":"","overlay-opacity":"","overlay-gradient":""}},"_price":"","_stock":"","_tribe_ticket_header":"","_tribe_default_ticket_provider":"","_tribe_ticket_capacity":"0","_ticket_start_date":"","_ticket_end_date":"","_tribe_ticket_show_description":"","_tribe_ticket_show_not_going":false,"_tribe_ticket_use_global_stock":"","_tribe_ticket_global_stock_level":"","_global_stock_mode":"","_global_stock_cap":"","_tribe_rsvp_for_event":"","_tribe_ticket_going_count":"","_tribe_ticket_not_going_count":"","_tribe_tickets_list":[],"_tribe_ticket_has_attendee_info_fields":false,"footnotes":""},"class_list":["post-260554","page","type-page","status-publish","has-post-thumbnail","hentry"],"yoast_head":"<!-- This site is optimized with the Yoast SEO plugin v27.5 - https:\/\/yoast.com\/product\/yoast-seo-wordpress\/ -->\n<title>Sport - Barcelona Capital N\u00e0utica<\/title>\n<meta name=\"description\" content=\"Sports events related to the Barcelona Capital N\u00e0utica, such as the Solo Med Regatta, the Base Mini, the Optimist World Cup or the RC Challenge.\" \/>\n<meta name=\"robots\" content=\"index, follow, max-snippet:-1, max-image-preview:large, max-video-preview:-1\" \/>\n<link rel=\"canonical\" href=\"https:\/\/www.barcelonacapitalnautica.org\/en\/sport\/\" \/>\n<meta property=\"og:locale\" content=\"en_US\" \/>\n<meta property=\"og:type\" content=\"article\" \/>\n<meta property=\"og:title\" content=\"Sport - Barcelona Capital N\u00e0utica\" \/>\n<meta property=\"og:description\" content=\"Sports events related to the Barcelona Capital N\u00e0utica, such as the Solo Med Regatta, the Base Mini, the Optimist World Cup or the RC Challenge.\" \/>\n<meta property=\"og:url\" content=\"https:\/\/www.barcelonacapitalnautica.org\/en\/sport\/\" \/>\n<meta property=\"og:site_name\" content=\"Barcelona Capital N\u00e0utica\" \/>\n<meta property=\"article:publisher\" content=\"https:\/\/www.facebook.com\/barcelonacapitalnautica\" \/>\n<meta property=\"article:modified_time\" content=\"2024-11-04T15:31:19+00:00\" \/>\n<meta property=\"og:image\" content=\"https:\/\/www.barcelonacapitalnautica.org\/wp-content\/uploads\/2022\/05\/la-meteorologia-obliga-a-adelantar-la-llegada-de-la-solomed.jpeg\" \/>\n\t<meta property=\"og:image:width\" content=\"1800\" \/>\n\t<meta property=\"og:image:height\" content=\"694\" \/>\n\t<meta property=\"og:image:type\" content=\"image\/jpeg\" \/>\n<meta name=\"twitter:card\" content=\"summary_large_image\" \/>\n<meta name=\"twitter:site\" content=\"@bcnautica\" \/>\n<meta name=\"twitter:label1\" content=\"Est. reading time\" \/>\n\t<meta name=\"twitter:data1\" content=\"5 minutes\" \/>\n<script type=\"application\/ld+json\" class=\"yoast-schema-graph\">{\"@context\":\"https:\\\/\\\/schema.org\",\"@graph\":[{\"@type\":\"WebPage\",\"@id\":\"https:\\\/\\\/www.barcelonacapitalnautica.org\\\/en\\\/sport\\\/\",\"url\":\"https:\\\/\\\/www.barcelonacapitalnautica.org\\\/en\\\/sport\\\/\",\"name\":\"Sport - Barcelona Capital N\u00e0utica\",\"isPartOf\":{\"@id\":\"https:\\\/\\\/www.barcelonacapitalnautica.org\\\/en\\\/#website\"},\"primaryImageOfPage\":{\"@id\":\"https:\\\/\\\/www.barcelonacapitalnautica.org\\\/en\\\/sport\\\/#primaryimage\"},\"image\":{\"@id\":\"https:\\\/\\\/www.barcelonacapitalnautica.org\\\/en\\\/sport\\\/#primaryimage\"},\"thumbnailUrl\":\"https:\\\/\\\/www.barcelonacapitalnautica.org\\\/wp-content\\\/uploads\\\/2022\\\/05\\\/la-meteorologia-obliga-a-adelantar-la-llegada-de-la-solomed.jpeg\",\"datePublished\":\"2023-04-27T16:48:15+00:00\",\"dateModified\":\"2024-11-04T15:31:19+00:00\",\"description\":\"Sports events related to the Barcelona Capital N\u00e0utica, such as the Solo Med Regatta, the Base Mini, the Optimist World Cup or the RC Challenge.\",\"breadcrumb\":{\"@id\":\"https:\\\/\\\/www.barcelonacapitalnautica.org\\\/en\\\/sport\\\/#breadcrumb\"},\"inLanguage\":\"en-US\",\"potentialAction\":[{\"@type\":\"ReadAction\",\"target\":[\"https:\\\/\\\/www.barcelonacapitalnautica.org\\\/en\\\/sport\\\/\"]}]},{\"@type\":\"ImageObject\",\"inLanguage\":\"en-US\",\"@id\":\"https:\\\/\\\/www.barcelonacapitalnautica.org\\\/en\\\/sport\\\/#primaryimage\",\"url\":\"https:\\\/\\\/www.barcelonacapitalnautica.org\\\/wp-content\\\/uploads\\\/2022\\\/05\\\/la-meteorologia-obliga-a-adelantar-la-llegada-de-la-solomed.jpeg\",\"contentUrl\":\"https:\\\/\\\/www.barcelonacapitalnautica.org\\\/wp-content\\\/uploads\\\/2022\\\/05\\\/la-meteorologia-obliga-a-adelantar-la-llegada-de-la-solomed.jpeg\",\"width\":1800,\"height\":694},{\"@type\":\"BreadcrumbList\",\"@id\":\"https:\\\/\\\/www.barcelonacapitalnautica.org\\\/en\\\/sport\\\/#breadcrumb\",\"itemListElement\":[{\"@type\":\"ListItem\",\"position\":1,\"name\":\"Inici\",\"item\":\"https:\\\/\\\/www.barcelonacapitalnautica.org\\\/en\\\/\"},{\"@type\":\"ListItem\",\"position\":2,\"name\":\"Sport\"}]},{\"@type\":\"WebSite\",\"@id\":\"https:\\\/\\\/www.barcelonacapitalnautica.org\\\/en\\\/#website\",\"url\":\"https:\\\/\\\/www.barcelonacapitalnautica.org\\\/en\\\/\",\"name\":\"Barcelona Capital N\u00e0utica\",\"description\":\"Barcelona Capital N\u00e0utica\",\"publisher\":{\"@id\":\"https:\\\/\\\/www.barcelonacapitalnautica.org\\\/en\\\/#organization\"},\"alternateName\":\"BCN\u00e0utica, FBCN\",\"potentialAction\":[{\"@type\":\"SearchAction\",\"target\":{\"@type\":\"EntryPoint\",\"urlTemplate\":\"https:\\\/\\\/www.barcelonacapitalnautica.org\\\/en\\\/?s={search_term_string}\"},\"query-input\":{\"@type\":\"PropertyValueSpecification\",\"valueRequired\":true,\"valueName\":\"search_term_string\"}}],\"inLanguage\":\"en-US\"},{\"@type\":\"Organization\",\"@id\":\"https:\\\/\\\/www.barcelonacapitalnautica.org\\\/en\\\/#organization\",\"name\":\"Barcelona Capital N\u00e0utica\",\"alternateName\":\"Fundaci\u00f3 Barcelona Capital N\u00e0utica\",\"url\":\"https:\\\/\\\/www.barcelonacapitalnautica.org\\\/en\\\/\",\"logo\":{\"@type\":\"ImageObject\",\"inLanguage\":\"en-US\",\"@id\":\"https:\\\/\\\/www.barcelonacapitalnautica.org\\\/en\\\/#\\\/schema\\\/logo\\\/image\\\/\",\"url\":\"https:\\\/\\\/www.barcelonacapitalnautica.org\\\/wp-content\\\/uploads\\\/2023\\\/03\\\/Logo-blau.svg\",\"contentUrl\":\"https:\\\/\\\/www.barcelonacapitalnautica.org\\\/wp-content\\\/uploads\\\/2023\\\/03\\\/Logo-blau.svg\",\"width\":200,\"height\":58,\"caption\":\"Barcelona Capital N\u00e0utica\"},\"image\":{\"@id\":\"https:\\\/\\\/www.barcelonacapitalnautica.org\\\/en\\\/#\\\/schema\\\/logo\\\/image\\\/\"},\"sameAs\":[\"https:\\\/\\\/www.facebook.com\\\/barcelonacapitalnautica\",\"https:\\\/\\\/x.com\\\/bcnautica\",\"https:\\\/\\\/www.instagram.com\\\/bcnautica\\\/\",\"https:\\\/\\\/www.linkedin.com\\\/company\\\/barcelona-capital-nautica\"]}]}<\/script>\n<!-- \/ Yoast SEO plugin. -->","yoast_head_json":{"title":"Sport - Barcelona Capital N\u00e0utica","description":"Sports events related to the Barcelona Capital N\u00e0utica, such as the Solo Med Regatta, the Base Mini, the Optimist World Cup or the RC Challenge.","robots":{"index":"index","follow":"follow","max-snippet":"max-snippet:-1","max-image-preview":"max-image-preview:large","max-video-preview":"max-video-preview:-1"},"canonical":"https:\/\/www.barcelonacapitalnautica.org\/en\/sport\/","og_locale":"en_US","og_type":"article","og_title":"Sport - Barcelona Capital N\u00e0utica","og_description":"Sports events related to the Barcelona Capital N\u00e0utica, such as the Solo Med Regatta, the Base Mini, the Optimist World Cup or the RC Challenge.","og_url":"https:\/\/www.barcelonacapitalnautica.org\/en\/sport\/","og_site_name":"Barcelona Capital N\u00e0utica","article_publisher":"https:\/\/www.facebook.com\/barcelonacapitalnautica","article_modified_time":"2024-11-04T15:31:19+00:00","og_image":[{"width":1800,"height":694,"url":"https:\/\/www.barcelonacapitalnautica.org\/wp-content\/uploads\/2022\/05\/la-meteorologia-obliga-a-adelantar-la-llegada-de-la-solomed.jpeg","type":"image\/jpeg"}],"twitter_card":"summary_large_image","twitter_site":"@bcnautica","twitter_misc":{"Est. reading time":"5 minutes"},"schema":{"@context":"https:\/\/schema.org","@graph":[{"@type":"WebPage","@id":"https:\/\/www.barcelonacapitalnautica.org\/en\/sport\/","url":"https:\/\/www.barcelonacapitalnautica.org\/en\/sport\/","name":"Sport - Barcelona Capital N\u00e0utica","isPartOf":{"@id":"https:\/\/www.barcelonacapitalnautica.org\/en\/#website"},"primaryImageOfPage":{"@id":"https:\/\/www.barcelonacapitalnautica.org\/en\/sport\/#primaryimage"},"image":{"@id":"https:\/\/www.barcelonacapitalnautica.org\/en\/sport\/#primaryimage"},"thumbnailUrl":"https:\/\/www.barcelonacapitalnautica.org\/wp-content\/uploads\/2022\/05\/la-meteorologia-obliga-a-adelantar-la-llegada-de-la-solomed.jpeg","datePublished":"2023-04-27T16:48:15+00:00","dateModified":"2024-11-04T15:31:19+00:00","description":"Sports events related to the Barcelona Capital N\u00e0utica, such as the Solo Med Regatta, the Base Mini, the Optimist World Cup or the RC Challenge.","breadcrumb":{"@id":"https:\/\/www.barcelonacapitalnautica.org\/en\/sport\/#breadcrumb"},"inLanguage":"en-US","potentialAction":[{"@type":"ReadAction","target":["https:\/\/www.barcelonacapitalnautica.org\/en\/sport\/"]}]},{"@type":"ImageObject","inLanguage":"en-US","@id":"https:\/\/www.barcelonacapitalnautica.org\/en\/sport\/#primaryimage","url":"https:\/\/www.barcelonacapitalnautica.org\/wp-content\/uploads\/2022\/05\/la-meteorologia-obliga-a-adelantar-la-llegada-de-la-solomed.jpeg","contentUrl":"https:\/\/www.barcelonacapitalnautica.org\/wp-content\/uploads\/2022\/05\/la-meteorologia-obliga-a-adelantar-la-llegada-de-la-solomed.jpeg","width":1800,"height":694},{"@type":"BreadcrumbList","@id":"https:\/\/www.barcelonacapitalnautica.org\/en\/sport\/#breadcrumb","itemListElement":[{"@type":"ListItem","position":1,"name":"Inici","item":"https:\/\/www.barcelonacapitalnautica.org\/en\/"},{"@type":"ListItem","position":2,"name":"Sport"}]},{"@type":"WebSite","@id":"https:\/\/www.barcelonacapitalnautica.org\/en\/#website","url":"https:\/\/www.barcelonacapitalnautica.org\/en\/","name":"Barcelona Capital N\u00e0utica","description":"Barcelona Capital N\u00e0utica","publisher":{"@id":"https:\/\/www.barcelonacapitalnautica.org\/en\/#organization"},"alternateName":"BCN\u00e0utica, FBCN","potentialAction":[{"@type":"SearchAction","target":{"@type":"EntryPoint","urlTemplate":"https:\/\/www.barcelonacapitalnautica.org\/en\/?s={search_term_string}"},"query-input":{"@type":"PropertyValueSpecification","valueRequired":true,"valueName":"search_term_string"}}],"inLanguage":"en-US"},{"@type":"Organization","@id":"https:\/\/www.barcelonacapitalnautica.org\/en\/#organization","name":"Barcelona Capital N\u00e0utica","alternateName":"Fundaci\u00f3 Barcelona Capital N\u00e0utica","url":"https:\/\/www.barcelonacapitalnautica.org\/en\/","logo":{"@type":"ImageObject","inLanguage":"en-US","@id":"https:\/\/www.barcelonacapitalnautica.org\/en\/#\/schema\/logo\/image\/","url":"https:\/\/www.barcelonacapitalnautica.org\/wp-content\/uploads\/2023\/03\/Logo-blau.svg","contentUrl":"https:\/\/www.barcelonacapitalnautica.org\/wp-content\/uploads\/2023\/03\/Logo-blau.svg","width":200,"height":58,"caption":"Barcelona Capital N\u00e0utica"},"image":{"@id":"https:\/\/www.barcelonacapitalnautica.org\/en\/#\/schema\/logo\/image\/"},"sameAs":["https:\/\/www.facebook.com\/barcelonacapitalnautica","https:\/\/x.com\/bcnautica","https:\/\/www.instagram.com\/bcnautica\/","https:\/\/www.linkedin.com\/company\/barcelona-capital-nautica"]}]}},"uagb_featured_image_src":{"full":["https:\/\/www.barcelonacapitalnautica.org\/wp-content\/uploads\/2022\/05\/la-meteorologia-obliga-a-adelantar-la-llegada-de-la-solomed.jpeg",1800,694,false],"thumbnail":["https:\/\/www.barcelonacapitalnautica.org\/wp-content\/uploads\/2022\/05\/la-meteorologia-obliga-a-adelantar-la-llegada-de-la-solomed-150x150.jpeg",150,150,true],"medium":["https:\/\/www.barcelonacapitalnautica.org\/wp-content\/uploads\/2022\/05\/la-meteorologia-obliga-a-adelantar-la-llegada-de-la-solomed-300x116.jpeg",300,116,true],"medium_large":["https:\/\/www.barcelonacapitalnautica.org\/wp-content\/uploads\/2022\/05\/la-meteorologia-obliga-a-adelantar-la-llegada-de-la-solomed-768x296.jpeg",768,296,true],"large":["https:\/\/www.barcelonacapitalnautica.org\/wp-content\/uploads\/2022\/05\/la-meteorologia-obliga-a-adelantar-la-llegada-de-la-solomed-1024x395.jpeg",900,347,true],"1536x1536":["https:\/\/www.barcelonacapitalnautica.org\/wp-content\/uploads\/2022\/05\/la-meteorologia-obliga-a-adelantar-la-llegada-de-la-solomed-1536x592.jpeg",1536,592,true],"2048x2048":["https:\/\/www.barcelonacapitalnautica.org\/wp-content\/uploads\/2022\/05\/la-meteorologia-obliga-a-adelantar-la-llegada-de-la-solomed.jpeg",1800,694,false]},"uagb_author_info":{"display_name":"Barcelona Capital N\u00e0utica","author_link":"https:\/\/www.barcelonacapitalnautica.org\/en\/author\/fbcn_admin\/"},"uagb_comment_info":0,"uagb_excerpt":"Sport Sports news","ticketed":false,"_links":{"self":[{"href":"https:\/\/www.barcelonacapitalnautica.org\/en\/wp-json\/wp\/v2\/pages\/260554","targetHints":{"allow":["GET"]}}],"collection":[{"href":"https:\/\/www.barcelonacapitalnautica.org\/en\/wp-json\/wp\/v2\/pages"}],"about":[{"href":"https:\/\/www.barcelonacapitalnautica.org\/en\/wp-json\/wp\/v2\/types\/page"}],"author":[{"embeddable":true,"href":"https:\/\/www.barcelonacapitalnautica.org\/en\/wp-json\/wp\/v2\/users\/1"}],"replies":[{"embeddable":true,"href":"https:\/\/www.barcelonacapitalnautica.org\/en\/wp-json\/wp\/v2\/comments?post=260554"}],"version-history":[{"count":28,"href":"https:\/\/www.barcelonacapitalnautica.org\/en\/wp-json\/wp\/v2\/pages\/260554\/revisions"}],"predecessor-version":[{"id":269772,"href":"https:\/\/www.barcelonacapitalnautica.org\/en\/wp-json\/wp\/v2\/pages\/260554\/revisions\/269772"}],"wp:featuredmedia":[{"embeddable":true,"href":"https:\/\/www.barcelonacapitalnautica.org\/en\/wp-json\/wp\/v2\/media\/252558"}],"wp:attachment":[{"href":"https:\/\/www.barcelonacapitalnautica.org\/en\/wp-json\/wp\/v2\/media?parent=260554"}],"curies":[{"name":"wp","href":"https:\/\/api.w.org\/{rel}","templated":true}]}}