{"id":260559,"date":"2023-05-02T08:35:08","date_gmt":"2023-05-02T06:35:08","guid":{"rendered":"https:\/\/www.barcelonacapitalnautica.org\/sport\/base-mini\/"},"modified":"2025-09-22T14:01:45","modified_gmt":"2025-09-22T12:01:45","slug":"base-mini","status":"publish","type":"page","link":"https:\/\/www.barcelonacapitalnautica.org\/en\/sport\/base-mini\/","title":{"rendered":"Base Mini"},"content":{"rendered":"\n<div class=\"wp-block-uagb-container uagb-block-ba937bdd alignfull uagb-is-root-container\"><div class=\"uagb-container-inner-blocks-wrap\">\n<div class=\"wp-block-uagb-advanced-heading uagb-block-5412610d\"><h2 class=\"uagb-heading-text\">Base Mini<\/h2><\/div>\n<\/div><\/div>\n\n\n\n<div class=\"wp-block-uagb-container uagb-block-328bf1fd alignfull uagb-is-root-container\"><div class=\"uagb-container-inner-blocks-wrap\">\n<hr class=\"wp-block-separator alignfull has-text-color has-alpha-channel-opacity has-background is-style-wide\" style=\"background-color:#ff003c;color:#ff003c\"\/>\n<\/div><\/div>\n\n\n\n<div id=\"historia\" class=\"wp-block-uagb-container uagb-block-2dce60c6 alignfull uagb-is-root-container\"><div class=\"uagb-container-inner-blocks-wrap\">\n<div class=\"wp-block-uagb-container uagb-block-f44935e6\">\n<div class=\"wp-block-uagb-info-box uagb-block-2c35a96e uagb-infobox__content-wrap  uagb-infobox-icon-above-title uagb-infobox-image-valign-top\"><div class=\"uagb-ifb-content\"><div class=\"uagb-ifb-title-wrap\"><h2 class=\"uagb-ifb-title\">La Mini Transat 2025<\/h2><\/div><p class=\"uagb-ifb-desc\">The <strong>Mini Transat<\/strong> is one of the toughest and most exciting ocean races in the world of sailing. With boats of only <strong>6.5 meters in length<\/strong> and alone, the sailors face the challenge of crossing the Atlantic in two stages: the first to <strong>Santa Cruz de La Palma<\/strong> and the second to the <strong>Caribbean<\/strong>. A journey that combines endurance, pure sailing and an adventurous spirit, and which has become a true school of great ocean sailors.<br><br><strong>Follow the 2025 edition<\/strong>, where 9 sailors from the Mini Barcelona Base will participate!<\/p><\/div><\/div>\n\n\n\n<div class=\"wp-block-uagb-buttons uagb-buttons__outer-wrap uagb-btn__default-btn uagb-btn-tablet__default-btn uagb-btn-mobile__default-btn uagb-block-064c7b1a\"><div class=\"uagb-buttons__wrap uagb-buttons-layout-wrap \">\n<div class=\"wp-block-uagb-buttons-child uagb-buttons__outer-wrap uagb-block-c83b557c wp-block-button\"><div class=\"uagb-button__wrapper\"><a class=\"uagb-buttons-repeater wp-block-button__link\" aria-label=\"\" href=\"https:\/\/www.minitransat.fr\/cartographie\/\" rel=\"follow noopener\" target=\"_self\" role=\"button\"><div class=\"uagb-button__link\">tracker<\/div><\/a><\/div><\/div>\n\n\n\n<div class=\"wp-block-uagb-buttons-child uagb-buttons__outer-wrap uagb-block-2afe9c3d wp-block-button\"><div class=\"uagb-button__wrapper\"><a class=\"uagb-buttons-repeater wp-block-button__link\" aria-label=\"\" href=\"https:\/\/www.minitransat.fr\/\" rel=\"follow noopener\" target=\"_self\" role=\"button\"><div class=\"uagb-button__link\">website<\/div><\/a><\/div><\/div>\n<\/div><\/div>\n<\/div>\n\n\n\n<div class=\"wp-block-uagb-image uagb-block-6b01b8b7 wp-block-uagb-image--layout-default wp-block-uagb-image--effect-static wp-block-uagb-image--align-none\"><figure class=\"wp-block-uagb-image__figure\"><img decoding=\"async\" srcset=\"https:\/\/www.barcelonacapitalnautica.org\/wp-content\/uploads\/2025\/09\/WhatsApp-Image-2025-09-21-at-18.59.36-2-900x600.jpeg ,https:\/\/www.barcelonacapitalnautica.org\/wp-content\/uploads\/2025\/09\/WhatsApp-Image-2025-09-21-at-18.59.36-2.jpeg 780w, https:\/\/www.barcelonacapitalnautica.org\/wp-content\/uploads\/2025\/09\/WhatsApp-Image-2025-09-21-at-18.59.36-2.jpeg 360w\" sizes=\"auto, (max-width: 480px) 150px\" src=\"https:\/\/www.barcelonacapitalnautica.org\/wp-content\/uploads\/2025\/09\/WhatsApp-Image-2025-09-21-at-18.59.36-2-900x600.jpeg\" alt=\"\" class=\"uag-image-273292\" width=\"900\" height=\"600\" title=\"WhatsApp Image 2025-09-21 at 18.59.36 (2)\" loading=\"lazy\" role=\"img\"\/><\/figure><\/div>\n<\/div><\/div>\n\n\n\n<div id=\"concurs-foto\" class=\"wp-block-uagb-container uagb-block-1a1f7ff6 alignfull uagb-is-root-container\"><div class=\"uagb-container-inner-blocks-wrap\">\n<div class=\"wp-block-uagb-image uagb-block-2bbe4aee wp-block-uagb-image--layout-default wp-block-uagb-image--effect-static wp-block-uagb-image--align-none\"><figure class=\"wp-block-uagb-image__figure\"><img decoding=\"async\" srcset=\"https:\/\/www.barcelonacapitalnautica.org\/wp-content\/uploads\/2025\/02\/Destacat-Anima-de-mar.png ,https:\/\/www.barcelonacapitalnautica.org\/wp-content\/uploads\/2025\/02\/Destacat-Anima-de-mar.png 780w, https:\/\/www.barcelonacapitalnautica.org\/wp-content\/uploads\/2025\/02\/Destacat-Anima-de-mar.png 360w\" sizes=\"auto, (max-width: 480px) 150px\" src=\"https:\/\/www.barcelonacapitalnautica.org\/wp-content\/uploads\/2025\/02\/Destacat-Anima-de-mar.png\" alt=\"\" class=\"uag-image-270796\" width=\"560\" height=\"420\" title=\"Destacat Anima de mar\" loading=\"lazy\" role=\"img\"\/><\/figure><\/div>\n\n\n\n<div class=\"wp-block-uagb-info-box uagb-block-06473cde uagb-infobox__content-wrap  uagb-infobox-icon-left-title uagb-infobox-left uagb-infobox-image-valign-top\"><div class=\"uagb-ifb-content\"><div class=\"uagb-ifb-left-title-image\"><div class=\"uagb-ifb-title-wrap\"><span class=\"uagb-ifb-title-prefix\">Photo exhibition<\/span><h2 class=\"uagb-ifb-title\">Sea Soul<\/h2><\/div><\/div><p class=\"uagb-ifb-desc\">\u201cSea Soul, the adventure of the Mini 6.50\u201d is an intimate exploration of the human spirit behind the dream of crossing the Atlantic. Through the lenses of two photographers and sailors, C\u00e9dric Widmer and Nicol\u00f2 Gamenara, the exhibition offers a personal and unfiltered perspective on life at Base Mini Barcelona and the Mini regattas in the Mediterranean.<\/p><div class=\"uagb-ifb-button-wrapper wp-block-button\"><a href=\"https:\/\/www.barcelonacapitalnautica.org\/en\/sea-soul\/\" class=\"uagb-infobox-cta-link wp-block-button__link\" target=\"_self\" rel=\"noopener noreferrer\" onclick=\"return true;\"><span class=\"uagb-inline-editing\">web de l&#8217;exposici\u00f3<\/span><\/a><\/div><\/div><\/div>\n<\/div><\/div>\n\n\n\n<div id=\"quisom\" class=\"wp-block-uagb-container uagb-block-d5a0ac85 alignfull uagb-is-root-container\"><div class=\"uagb-container-inner-blocks-wrap\">\n<div class=\"wp-block-uagb-container uagb-block-d9f4fdb6\">\n<div class=\"wp-block-uagb-advanced-heading uagb-block-8ddf1959\"><h2 class=\"uagb-heading-text\">The objective<\/h2><\/div>\n<\/div>\n\n\n\n<div class=\"wp-block-uagb-container uagb-block-c22bf950\">\n<div class=\"wp-block-uagb-container uagb-block-9ef58d04\">\n<p class=\"has-ast-global-color-0-color has-text-color\" style=\"font-size:1.04em\">The purpose of Base Mini Barcelona is to train and offer support to ocean sailors so that they can compete in solo or double-handed high altitude regattas.<\/p>\n\n\n\n<p class=\"has-ast-global-color-0-color has-text-color\" style=\"font-size:1.04em\">The Base Mini Barcelona responds to the different needs of sailors, both in terms of sports and project management.<\/p>\n\n\n\n<p class=\"has-ast-global-color-0-color has-text-color\" style=\"font-size:1.04em\">The Base provides logistics and training services through courses, conferences and training in the water, as well as preparing and training ocean sailors wishing to take part in MiniTransat.<\/p>\n<\/div>\n<\/div>\n<\/div><\/div>\n\n\n\n<div id=\"historia\" class=\"wp-block-uagb-container uagb-block-3eb21a2d alignfull uagb-is-root-container\"><div class=\"uagb-container-inner-blocks-wrap\">\n<div class=\"wp-block-uagb-container uagb-block-a01da984\">\n<div class=\"wp-block-uagb-info-box uagb-block-9db726af uagb-infobox__content-wrap  uagb-infobox-icon-above-title uagb-infobox-image-valign-top\"><div class=\"uagb-ifb-content\"><div class=\"uagb-ifb-title-wrap\"><\/div><p class=\"uagb-ifb-desc\">As a result of the agreement between the Mini Barcelona Base, Barcelona Capital N\u00e0utica and now the Catalan Sailing Federation, we have created the most important center for training, technical development, education, organization of regattas and maintenance of Mini 6.50 Class boats in the Mediterranean.<\/p><div class=\"uagb-ifb-button-wrapper wp-block-button\"><a href=\"mailto:info@baseminibcn.org\" class=\"uagb-infobox-cta-link wp-block-button__link\" target=\"_self\" rel=\"noopener noreferrer\" onclick=\"return true;\"><span class=\"uagb-inline-editing\">Do you want to sail?<\/span><\/a><\/div><\/div><\/div>\n<\/div>\n\n\n\n<div class=\"wp-block-uagb-image alignwide uagb-block-59b2fd82 wp-block-uagb-image--layout-default wp-block-uagb-image--effect-static wp-block-uagb-image--align-wide\"><figure class=\"wp-block-uagb-image__figure\"><img decoding=\"async\" srcset=\"https:\/\/www.barcelonacapitalnautica.org\/wp-content\/uploads\/2023\/04\/SoloMed2022_2.jpg \" sizes=\"auto, (max-width: 480px) 150px\" src=\"https:\/\/www.barcelonacapitalnautica.org\/wp-content\/uploads\/2023\/04\/SoloMed2022_2.jpg\" alt=\"\" class=\"uag-image-256783\" width=\"1500\" height=\"1000\" title=\"\" loading=\"lazy\" role=\"img\"\/><\/figure><\/div>\n<\/div><\/div>\n\n\n\n<div id=\"historia\" class=\"wp-block-uagb-container uagb-block-98f521a7 alignfull uagb-is-root-container\"><div class=\"uagb-container-inner-blocks-wrap\">\n<div class=\"wp-block-uagb-image uagb-block-e1865420 wp-block-uagb-image--layout-default wp-block-uagb-image--effect-static wp-block-uagb-image--align-none\"><figure class=\"wp-block-uagb-image__figure\"><img decoding=\"async\" srcset=\"https:\/\/www.barcelonacapitalnautica.org\/wp-content\/uploads\/2025\/05\/2025_SOOLOMED_LAU01742-900x600.jpg ,https:\/\/www.barcelonacapitalnautica.org\/wp-content\/uploads\/2025\/05\/2025_SOOLOMED_LAU01742.jpg 780w, https:\/\/www.barcelonacapitalnautica.org\/wp-content\/uploads\/2025\/05\/2025_SOOLOMED_LAU01742.jpg 360w\" sizes=\"auto, (max-width: 480px) 150px\" src=\"https:\/\/www.barcelonacapitalnautica.org\/wp-content\/uploads\/2025\/05\/2025_SOOLOMED_LAU01742-900x600.jpg\" alt=\"\" class=\"uag-image-272094\" width=\"900\" height=\"600\" title=\"2025_SOOLOMED_LAU01742\" loading=\"lazy\" role=\"img\"\/><\/figure><\/div>\n\n\n\n<div class=\"wp-block-uagb-container uagb-block-22d5a86e\">\n<div class=\"wp-block-uagb-info-box uagb-block-a123ffc3 uagb-infobox__content-wrap  uagb-infobox-icon-above-title uagb-infobox-image-valign-top\"><div class=\"uagb-ifb-content\"><div class=\"uagb-ifb-title-wrap\"><h2 class=\"uagb-ifb-title\">Regata Solo Med 2025<\/h2><\/div><p class=\"uagb-ifb-desc\">The fourth edition of the Solo Med regatta, one of the most demanding events on the Mini 6.50 Class calendar, has begun its 4th edition! 700 miles solo, in a mini 6.50 across the Mediterranean!<\/p><\/div><\/div>\n\n\n\n<div class=\"wp-block-uagb-buttons uagb-buttons__outer-wrap uagb-btn__default-btn uagb-btn-tablet__default-btn uagb-btn-mobile__default-btn uagb-block-8bc4ceda\"><div class=\"uagb-buttons__wrap uagb-buttons-layout-wrap \">\n<div class=\"wp-block-uagb-buttons-child uagb-buttons__outer-wrap uagb-block-7b7a657f wp-block-button\"><div class=\"uagb-button__wrapper\"><a class=\"uagb-buttons-repeater wp-block-button__link\" aria-label=\"\" href=\"https:\/\/www.bisc.cat\/entrena\/vela-oce%C3%A0nica\/regata-solomed\" rel=\"follow noopener\" target=\"_self\" role=\"button\"><div class=\"uagb-button__link\">website<\/div><\/a><\/div><\/div>\n<\/div><\/div>\n<\/div>\n<\/div><\/div>\n\n\n\n<div id=\"quisom\" class=\"wp-block-uagb-container uag-hide-desktop uag-hide-tab uag-hide-mob uagb-block-5742ccc3 alignfull uagb-is-root-container\"><div class=\"uagb-container-inner-blocks-wrap\">\n<div class=\"wp-block-uagb-container uagb-block-f6a42d8f\">\n<div class=\"wp-block-uagb-image alignright uagb-block-af83708e wp-block-uagb-image--layout-default wp-block-uagb-image--effect-static wp-block-uagb-image--align-right\"><figure class=\"wp-block-uagb-image__figure\"><img decoding=\"async\" srcset=\"https:\/\/www.barcelonacapitalnautica.org\/wp-content\/uploads\/2022\/05\/2022solomed_DSC05317.jpg , https:\/\/www.barcelonacapitalnautica.org\/wp-content\/uploads\/2022\/05\/2022solomed_DSC05317-900x600.jpg 360w\" sizes=\"auto, (max-width: 480px) 150px\" src=\"https:\/\/www.barcelonacapitalnautica.org\/wp-content\/uploads\/2022\/05\/2022solomed_DSC05317.jpg\" alt=\"\" class=\"uag-image-240189\" width=\"1500\" height=\"1000\" title=\"\" loading=\"lazy\" role=\"img\"\/><\/figure><\/div>\n<\/div>\n\n\n\n<div class=\"wp-block-uagb-container uagb-block-0fc71ba6\">\n<div class=\"wp-block-uagb-container uagb-block-b90df868\">\n<p class=\"has-ast-global-color-0-color has-text-color\" style=\"font-size:1.04em\">Since 2016 we have established a collaboration with the Barcelona Mini Base to promote its activity and projection. A common project that will help consolidate Barcelona and Catalonia as the international benchmark for competitive sailing and especially for the Mini Class.<\/p>\n\n\n\n<p class=\"has-ast-global-color-0-color has-text-color\" style=\"font-size:1.04em\">The Mini Base is currently located in the <a href=\"https:\/\/www.bisc.cat\/\" target=\"_blank\" rel=\"noreferrer noopener\">Barcelona International Sailing Center (BISC),<\/a> in Port F\u00f2rum.<\/p>\n<\/div>\n<\/div>\n<\/div><\/div>\n\n\n\n<div id=\"diespeus\" class=\"wp-block-uagb-container uagb-block-4c4eaca9 alignfull uagb-is-root-container\"><div class=\"uagb-container-inner-blocks-wrap\">\n<div class=\"wp-block-uagb-container uagb-block-612321f6\">\n<div class=\"wp-block-uagb-info-box uagb-block-dd14f894 uagb-infobox__content-wrap  uagb-infobox-icon-above-title uagb-infobox-image-valign-top\"><div class=\"uagb-ifb-content\"><div class=\"uagb-ifb-title-wrap\"><h2 class=\"uagb-ifb-title\">The fleet<\/h2><\/div><p class=\"uagb-ifb-desc\">After more than 6 years active, more than 60 sailors have been promoted (and brought to the oceans with their ships.<br><br>Thanks to the Foundation&#8217;s activity, it has contributed to making sailing projects possible for sailors in our country.<\/p><\/div><\/div>\n<\/div>\n\n\n\n<div class=\"wp-block-uagb-container uagb-block-7320deda\">\n<div class=\"wp-block-uagb-image alignwide uagb-block-1d834303 wp-block-uagb-image--layout-default wp-block-uagb-image--effect-static wp-block-uagb-image--align-wide\"><figure class=\"wp-block-uagb-image__figure\"><img decoding=\"async\" srcset=\"https:\/\/www.barcelonacapitalnautica.org\/wp-content\/uploads\/2023\/04\/basemini-flota-900x900.jpg \" sizes=\"auto, (max-width: 480px) 150px\" src=\"https:\/\/www.barcelonacapitalnautica.org\/wp-content\/uploads\/2023\/04\/basemini-flota-900x900.jpg\" alt=\"\" class=\"uag-image-257702\" width=\"900\" height=\"900\" title=\"\" loading=\"lazy\" role=\"img\"\/><\/figure><\/div>\n\n\n\n<div class=\"wp-block-uagb-image alignwide uagb-block-8d66d2fc wp-block-uagb-image--layout-default wp-block-uagb-image--effect-static wp-block-uagb-image--align-wide\"><figure class=\"wp-block-uagb-image__figure\"><img decoding=\"async\" srcset=\"https:\/\/www.barcelonacapitalnautica.org\/wp-content\/uploads\/2025\/02\/Base-Mini-Cedric-Widmer-Expo-Base-Mini-900x597.jpg ,https:\/\/www.barcelonacapitalnautica.org\/wp-content\/uploads\/2025\/02\/Base-Mini-Cedric-Widmer-Expo-Base-Mini.jpg 780w, https:\/\/www.barcelonacapitalnautica.org\/wp-content\/uploads\/2025\/02\/Base-Mini-Cedric-Widmer-Expo-Base-Mini.jpg 360w\" sizes=\"auto, (max-width: 480px) 150px\" src=\"https:\/\/www.barcelonacapitalnautica.org\/wp-content\/uploads\/2025\/02\/Base-Mini-Cedric-Widmer-Expo-Base-Mini-900x597.jpg\" alt=\"\" class=\"uag-image-270731\" width=\"900\" height=\"600\" title=\"Base-Mini-Cedric-Widmer-Expo-Base-Mini\" loading=\"lazy\" role=\"img\"\/><\/figure><\/div>\n<\/div>\n<\/div><\/div>\n\n\n\n<div id=\"nona\" class=\"wp-block-uagb-container uag-hide-tab uagb-block-ffb3a46d alignfull uagb-is-root-container\"><div class=\"uagb-container-inner-blocks-wrap\">\n<div class=\"wp-block-uagb-container uagb-block-9ee9c91e\">\n<div class=\"wp-block-uagb-info-box uagb-block-a450ac6a uagb-infobox__content-wrap  uagb-infobox-icon-above-title uagb-infobox-image-valign-top\"><div class=\"uagb-ifb-content\"><div class=\"uagb-ifb-title-wrap\"><h2 class=\"uagb-ifb-title\">La Nona<\/h2><\/div><p class=\"uagb-ifb-desc\">La Nona is a self-built Proto that is currently on loan to the Catalan Sailing Federation to promote sports sailing in the Mini Class.<br><br>During the 24-25 season its skipper is C\u00e9dric Widmer, a sailor from the Barcelona Mini Base.<\/p><div class=\"uagb-ifb-button-wrapper wp-block-button\"><a href=\"https:\/\/sites.google.com\/vela.cat\/nona25-27\/nona-2024\/not%C3%ADcies-2425\" class=\"uagb-infobox-cta-link wp-block-button__link\" target=\"_self\" rel=\"noopener noreferrer\" onclick=\"return true;\"><span class=\"uagb-inline-editing\">llegeix el bloc!<\/span><\/a><\/div><\/div><\/div>\n<\/div>\n\n\n\n<div class=\"wp-block-uagb-container uagb-block-d4a096f4\">\n<div class=\"wp-block-uagb-image alignwide uagb-block-b8960c87 wp-block-uagb-image--layout-default wp-block-uagb-image--effect-static wp-block-uagb-image--align-wide\"><figure class=\"wp-block-uagb-image__figure\"><img decoding=\"async\" srcset=\"https:\/\/www.barcelonacapitalnautica.org\/wp-content\/uploads\/2025\/01\/Base-Mini_entrenament-gener1-329x380.jpg ,https:\/\/www.barcelonacapitalnautica.org\/wp-content\/uploads\/2025\/01\/Base-Mini_entrenament-gener1.jpg 780w, https:\/\/www.barcelonacapitalnautica.org\/wp-content\/uploads\/2025\/01\/Base-Mini_entrenament-gener1.jpg 360w\" sizes=\"auto, (max-width: 480px) 150px\" src=\"https:\/\/www.barcelonacapitalnautica.org\/wp-content\/uploads\/2025\/01\/Base-Mini_entrenament-gener1-329x380.jpg\" alt=\"\" class=\"uag-image-270493\" width=\"329\" height=\"380\" title=\"Base Mini_entrenament gener1\" loading=\"lazy\" role=\"img\"\/><\/figure><\/div>\n\n\n\n<div class=\"wp-block-uagb-image uagb-block-e1da5091 wp-block-uagb-image--layout-default wp-block-uagb-image--effect-static wp-block-uagb-image--align-none\"><figure class=\"wp-block-uagb-image__figure\"><img decoding=\"async\" srcset=\"https:\/\/www.barcelonacapitalnautica.org\/wp-content\/uploads\/2025\/03\/Base-Mini_entrenament-gener3-900x584.jpg ,https:\/\/www.barcelonacapitalnautica.org\/wp-content\/uploads\/2025\/03\/Base-Mini_entrenament-gener3.jpg 780w, https:\/\/www.barcelonacapitalnautica.org\/wp-content\/uploads\/2025\/03\/Base-Mini_entrenament-gener3.jpg 360w\" sizes=\"auto, (max-width: 480px) 150px\" src=\"https:\/\/www.barcelonacapitalnautica.org\/wp-content\/uploads\/2025\/03\/Base-Mini_entrenament-gener3-900x584.jpg\" alt=\"\" class=\"uag-image-271473\" width=\"900\" height=\"584\" title=\"Base Mini_entrenament gener3\" loading=\"lazy\" role=\"img\"\/><\/figure><\/div>\n<\/div>\n<\/div><\/div>\n\n\n\n<div class=\"wp-block-uagb-container uagb-block-95a383fe alignfull uagb-is-root-container\"><div class=\"uagb-container-inner-blocks-wrap\">\n<div class=\"wp-block-cover alignfull\" style=\"padding-top:80px;padding-right:40px;padding-bottom:80px;padding-left:40px;min-height:450px;aspect-ratio:unset;\" id=\"solomed\"><span aria-hidden=\"true\" class=\"wp-block-cover__background has-background-dim-60 has-background-dim\" style=\"background-color:#000000\"><\/span><img loading=\"lazy\" decoding=\"async\" width=\"722\" height=\"600\" class=\"wp-block-cover__image-background wp-image-544\" alt=\"\" src=\"https:\/\/www.barcelonacapitalnautica.org\/wp-content\/uploads\/2023\/03\/Solomed22-e1679661907487.jpg\" style=\"object-position:70% 37%\" data-object-fit=\"cover\" data-object-position=\"70% 37%\" srcset=\"https:\/\/www.barcelonacapitalnautica.org\/wp-content\/uploads\/2023\/03\/Solomed22-e1679661907487.jpg 722w, https:\/\/www.barcelonacapitalnautica.org\/wp-content\/uploads\/2023\/03\/Solomed22-e1679661907487-560x465.jpg 560w, https:\/\/www.barcelonacapitalnautica.org\/wp-content\/uploads\/2023\/03\/Solomed22-e1679661907487-380x316.jpg 380w, https:\/\/www.barcelonacapitalnautica.org\/wp-content\/uploads\/2023\/03\/Solomed22-e1679661907487-300x249.jpg 300w\" sizes=\"auto, (max-width: 722px) 100vw, 722px\" \/><div class=\"wp-block-cover__inner-container is-layout-flow wp-block-cover-is-layout-flow\">\n<div class=\"wp-block-uagb-container uagb-block-1f81ca1d\">\n<div class=\"wp-block-uagb-info-box uagb-block-43900413 uagb-infobox__content-wrap  uagb-infobox-icon-above-title uagb-infobox-image-valign-top\"><div class=\"uagb-ifb-content\"><div class=\"uagb-ifb-image-content\"><img decoding=\"async\" src=\"https:\/\/www.barcelonacapitalnautica.org\/wp-content\/uploads\/2023\/03\/solo-med-2023.svg\" alt=\"\" width=\"9\" height=\"2\" loading=\"lazy\"\/><\/div><div class=\"uagb-ifb-title-wrap\"><h2 class=\"uagb-ifb-title\">Solo Med Regatta 2023<\/h2><\/div><p class=\"uagb-ifb-desc\">This is a regatta for solo Mini 6.50 boats, which was held from May 7 to 15, 2023. It has been organized by Barcelona Capital N\u00e0utica with the collaboration of the Mini Base and the Club N\u00e0utic Sa R\u00e0pita, as an organizing club.<\/p><div class=\"uagb-ifb-button-wrapper wp-block-button\"><a href=\"https:\/\/www.barcelonacapitalnautica.org\/en\/solomed-3\/\" class=\"uagb-infobox-cta-link wp-block-button__link\" target=\"_self\" rel=\"noopener noreferrer\" onclick=\"return true;\"><span class=\"uagb-inline-editing\">reviu la regata<\/span><\/a><\/div><\/div><\/div>\n<\/div>\n<\/div><\/div>\n\n\n\n<p><\/p>\n<\/div><\/div>\n\n\n\n<div class=\"wp-block-uagb-container uagb-block-0d6dfc59 alignfull uagb-is-root-container\"><div class=\"uagb-container-inner-blocks-wrap\">\n<div class=\"wp-block-uagb-container uagb-block-357fd408\">\n<div class=\"wp-block-media-text alignfull has-media-on-the-right is-stacked-on-mobile is-vertically-aligned-top is-image-fill-element has-ast-global-color-5-color has-ast-global-color-7-background-color has-text-color has-background has-link-color wp-elements-efd9b227c5f7020d46ac82f2c520b400\" style=\"grid-template-columns:auto 60%\"><div class=\"wp-block-media-text__content\">\n<div class=\"inherit-container-width wp-block-group has-link-color wp-elements-ac7a82ae64cee212900a60785ba7b80f is-layout-constrained wp-container-core-group-is-layout-1f4f063e wp-block-group-is-layout-constrained\" style=\"padding-top:0px;padding-right:20px;padding-bottom:0px;padding-left:20px\">\n<h2 class=\"wp-block-heading has-ast-global-color-5-color has-text-color\" style=\"font-size:2.3em;font-weight:700;line-height:1.15\"><strong><strong>Skippers from Base Mini Barcelona at the start of the Mini Transat 2021<\/strong><\/strong><\/h2>\n\n\n\n<p class=\"has-ast-global-color-5-color has-text-color\">In the last edition of the Mini <strong>Transat<\/strong>, Base Mini provided more than 12% of participants! After France (the host country), Barcelona is the &#8220;country&#8221; with the largest number of participants in the recent edition.<\/p>\n<\/div>\n<\/div><figure class=\"wp-block-media-text__media\"><img loading=\"lazy\" decoding=\"async\" width=\"2560\" height=\"1920\" src=\"https:\/\/www.barcelonacapitalnautica.org\/wp-content\/uploads\/2022\/05\/miembros-de-Base-Mini-FNOB-antes-salida-MiniTransat-scaled-1.jpg\" alt=\"\" class=\"wp-image-240193 size-full\" style=\"object-position:51% 96%\" srcset=\"https:\/\/www.barcelonacapitalnautica.org\/wp-content\/uploads\/2022\/05\/miembros-de-Base-Mini-FNOB-antes-salida-MiniTransat-scaled-1.jpg 2560w, https:\/\/www.barcelonacapitalnautica.org\/wp-content\/uploads\/2022\/05\/miembros-de-Base-Mini-FNOB-antes-salida-MiniTransat-scaled-1-560x420.jpg 560w, https:\/\/www.barcelonacapitalnautica.org\/wp-content\/uploads\/2022\/05\/miembros-de-Base-Mini-FNOB-antes-salida-MiniTransat-scaled-1-900x675.jpg 900w, https:\/\/www.barcelonacapitalnautica.org\/wp-content\/uploads\/2022\/05\/miembros-de-Base-Mini-FNOB-antes-salida-MiniTransat-scaled-1-380x285.jpg 380w, https:\/\/www.barcelonacapitalnautica.org\/wp-content\/uploads\/2022\/05\/miembros-de-Base-Mini-FNOB-antes-salida-MiniTransat-scaled-1-768x576.jpg 768w, https:\/\/www.barcelonacapitalnautica.org\/wp-content\/uploads\/2022\/05\/miembros-de-Base-Mini-FNOB-antes-salida-MiniTransat-scaled-1-1536x1152.jpg 1536w, https:\/\/www.barcelonacapitalnautica.org\/wp-content\/uploads\/2022\/05\/miembros-de-Base-Mini-FNOB-antes-salida-MiniTransat-scaled-1-2048x1536.jpg 2048w, https:\/\/www.barcelonacapitalnautica.org\/wp-content\/uploads\/2022\/05\/miembros-de-Base-Mini-FNOB-antes-salida-MiniTransat-scaled-1-300x225.jpg 300w, https:\/\/www.barcelonacapitalnautica.org\/wp-content\/uploads\/2022\/05\/miembros-de-Base-Mini-FNOB-antes-salida-MiniTransat-scaled-1-1024x768.jpg 1024w, https:\/\/www.barcelonacapitalnautica.org\/wp-content\/uploads\/2022\/05\/miembros-de-Base-Mini-FNOB-antes-salida-MiniTransat-scaled-1-16x12.jpg 16w\" sizes=\"auto, (max-width: 2560px) 100vw, 2560px\" \/><\/figure><\/div>\n<\/div>\n<\/div><\/div>\n\n\n\n<div id=\"noticies\" class=\"wp-block-uagb-container uagb-block-16ea9e0c alignfull uagb-is-root-container\"><div class=\"uagb-container-inner-blocks-wrap\">\n<div class=\"wp-block-uagb-advanced-heading uagb-block-d0aea925\"><h2 class=\"uagb-heading-text\">News about the Mini Base<\/h2><\/div>\n\n\n\n\t\t\t<div class=\"wp-block-uagb-post-carousel uagb-post-grid  uagb-post__image-position-top uagb-post__image-enabled uagb-block-65eceae8     uagb-post__arrow-outside uagb-post__items uagb-post__columns-3 is-carousel uagb-post__columns-tablet-2 uagb-post__columns-mobile-1 uagb-post__carousel_equal-height\" data-total=\"0\" style=\"\">\n\n\t\t\t\t\t\t\t\t\t<p class=\"uagb-post__no-posts\">\n\t\t\t\t\t\tNo hi ha not\u00edcies.\t\t\t\t\t<\/p>\n\t\t\t\t\t\t\t\t<\/div>\n\t\t\t<\/div><\/div>\n","protected":false},"excerpt":{"rendered":"<p>Base Mini The objective The purpose of Base Mini Barcelona [&hellip;]<\/p>\n","protected":false},"author":1,"featured_media":252298,"parent":260554,"menu_order":2,"comment_status":"closed","ping_status":"closed","template":"","meta":{"_uag_custom_page_level_css":"","site-sidebar-layout":"default","site-content-layout":"","ast-site-content-layout":"default","site-content-style":"default","site-sidebar-style":"default","ast-global-header-display":"","ast-banner-title-visibility":"","ast-main-header-display":"","ast-hfb-above-header-display":"","ast-hfb-below-header-display":"","ast-hfb-mobile-header-display":"","site-post-title":"disabled","ast-breadcrumbs-content":"","ast-featured-img":"disabled","footer-sml-layout":"","ast-disable-related-posts":"","theme-transparent-header-meta":"","adv-header-id-meta":"","stick-header-meta":"","header-above-stick-meta":"","header-main-stick-meta":"","header-below-stick-meta":"","astra-migrate-meta-layouts":"set","ast-page-background-enabled":"default","ast-page-background-meta":{"desktop":{"background-color":"","background-image":"","background-repeat":"repeat","background-position":"center center","background-size":"auto","background-attachment":"scroll","background-type":"","background-media":"","overlay-type":"","overlay-color":"","overlay-opacity":"","overlay-gradient":""},"tablet":{"background-color":"","background-image":"","background-repeat":"repeat","background-position":"center center","background-size":"auto","background-attachment":"scroll","background-type":"","background-media":"","overlay-type":"","overlay-color":"","overlay-opacity":"","overlay-gradient":""},"mobile":{"background-color":"","background-image":"","background-repeat":"repeat","background-position":"center center","background-size":"auto","background-attachment":"scroll","background-type":"","background-media":"","overlay-type":"","overlay-color":"","overlay-opacity":"","overlay-gradient":""}},"ast-content-background-meta":{"desktop":{"background-color":"var(--ast-global-color-5)","background-image":"","background-repeat":"repeat","background-position":"center center","background-size":"auto","background-attachment":"scroll","background-type":"","background-media":"","overlay-type":"","overlay-color":"","overlay-opacity":"","overlay-gradient":""},"tablet":{"background-color":"var(--ast-global-color-5)","background-image":"","background-repeat":"repeat","background-position":"center center","background-size":"auto","background-attachment":"scroll","background-type":"","background-media":"","overlay-type":"","overlay-color":"","overlay-opacity":"","overlay-gradient":""},"mobile":{"background-color":"var(--ast-global-color-5)","background-image":"","background-repeat":"repeat","background-position":"center center","background-size":"auto","background-attachment":"scroll","background-type":"","background-media":"","overlay-type":"","overlay-color":"","overlay-opacity":"","overlay-gradient":""}},"_price":"","_stock":"","_tribe_ticket_header":"","_tribe_default_ticket_provider":"","_tribe_ticket_capacity":"0","_ticket_start_date":"","_ticket_end_date":"","_tribe_ticket_show_description":"","_tribe_ticket_show_not_going":false,"_tribe_ticket_use_global_stock":"","_tribe_ticket_global_stock_level":"","_global_stock_mode":"","_global_stock_cap":"","_tribe_rsvp_for_event":"","_tribe_ticket_going_count":"","_tribe_ticket_not_going_count":"","_tribe_tickets_list":[],"_tribe_ticket_has_attendee_info_fields":false,"footnotes":""},"class_list":["post-260559","page","type-page","status-publish","has-post-thumbnail","hentry"],"yoast_head":"<!-- This site is optimized with the Yoast SEO plugin v27.5 - https:\/\/yoast.com\/product\/yoast-seo-wordpress\/ -->\n<title>Base Mini - Barcelona Capital N\u00e0utica<\/title>\n<meta name=\"description\" content=\"As a result of the agreement with the Base Mini Barcelona, we have created the most important center for regattas and boats of the Mini Class 6.50 in the Mediterranean.\" \/>\n<meta name=\"robots\" content=\"index, follow, max-snippet:-1, max-image-preview:large, max-video-preview:-1\" \/>\n<link rel=\"canonical\" href=\"https:\/\/www.barcelonacapitalnautica.org\/en\/sport\/base-mini\/\" \/>\n<meta property=\"og:locale\" content=\"en_US\" \/>\n<meta property=\"og:type\" content=\"article\" \/>\n<meta property=\"og:title\" content=\"Base Mini - Barcelona Capital N\u00e0utica\" \/>\n<meta property=\"og:description\" content=\"As a result of the agreement with the Base Mini Barcelona, we have created the most important center for regattas and boats of the Mini Class 6.50 in the Mediterranean.\" \/>\n<meta property=\"og:url\" content=\"https:\/\/www.barcelonacapitalnautica.org\/en\/sport\/base-mini\/\" \/>\n<meta property=\"og:site_name\" content=\"Barcelona Capital N\u00e0utica\" \/>\n<meta property=\"article:publisher\" content=\"https:\/\/www.facebook.com\/barcelonacapitalnautica\" \/>\n<meta property=\"article:modified_time\" content=\"2025-09-22T12:01:45+00:00\" \/>\n<meta property=\"og:image\" content=\"https:\/\/www.barcelonacapitalnautica.org\/wp-content\/uploads\/2022\/05\/regata-base-mini-fnob-trofeo-marina-vela-barcelona.jpg\" \/>\n\t<meta property=\"og:image:width\" content=\"1470\" \/>\n\t<meta property=\"og:image:height\" content=\"561\" \/>\n\t<meta property=\"og:image:type\" content=\"image\/jpeg\" \/>\n<meta name=\"twitter:card\" content=\"summary_large_image\" \/>\n<meta name=\"twitter:site\" content=\"@bcnautica\" \/>\n<meta name=\"twitter:label1\" content=\"Est. reading time\" \/>\n\t<meta name=\"twitter:data1\" content=\"6 minutes\" \/>\n<script type=\"application\/ld+json\" class=\"yoast-schema-graph\">{\"@context\":\"https:\\\/\\\/schema.org\",\"@graph\":[{\"@type\":\"WebPage\",\"@id\":\"https:\\\/\\\/www.barcelonacapitalnautica.org\\\/en\\\/sport\\\/base-mini\\\/\",\"url\":\"https:\\\/\\\/www.barcelonacapitalnautica.org\\\/en\\\/sport\\\/base-mini\\\/\",\"name\":\"Base Mini - Barcelona Capital N\u00e0utica\",\"isPartOf\":{\"@id\":\"https:\\\/\\\/www.barcelonacapitalnautica.org\\\/en\\\/#website\"},\"primaryImageOfPage\":{\"@id\":\"https:\\\/\\\/www.barcelonacapitalnautica.org\\\/en\\\/sport\\\/base-mini\\\/#primaryimage\"},\"image\":{\"@id\":\"https:\\\/\\\/www.barcelonacapitalnautica.org\\\/en\\\/sport\\\/base-mini\\\/#primaryimage\"},\"thumbnailUrl\":\"https:\\\/\\\/www.barcelonacapitalnautica.org\\\/wp-content\\\/uploads\\\/2022\\\/05\\\/regata-base-mini-fnob-trofeo-marina-vela-barcelona.jpg\",\"datePublished\":\"2023-05-02T06:35:08+00:00\",\"dateModified\":\"2025-09-22T12:01:45+00:00\",\"description\":\"As a result of the agreement with the Base Mini Barcelona, we have created the most important center for regattas and boats of the Mini Class 6.50 in the Mediterranean.\",\"breadcrumb\":{\"@id\":\"https:\\\/\\\/www.barcelonacapitalnautica.org\\\/en\\\/sport\\\/base-mini\\\/#breadcrumb\"},\"inLanguage\":\"en-US\",\"potentialAction\":[{\"@type\":\"ReadAction\",\"target\":[\"https:\\\/\\\/www.barcelonacapitalnautica.org\\\/en\\\/sport\\\/base-mini\\\/\"]}]},{\"@type\":\"ImageObject\",\"inLanguage\":\"en-US\",\"@id\":\"https:\\\/\\\/www.barcelonacapitalnautica.org\\\/en\\\/sport\\\/base-mini\\\/#primaryimage\",\"url\":\"https:\\\/\\\/www.barcelonacapitalnautica.org\\\/wp-content\\\/uploads\\\/2022\\\/05\\\/regata-base-mini-fnob-trofeo-marina-vela-barcelona.jpg\",\"contentUrl\":\"https:\\\/\\\/www.barcelonacapitalnautica.org\\\/wp-content\\\/uploads\\\/2022\\\/05\\\/regata-base-mini-fnob-trofeo-marina-vela-barcelona.jpg\",\"width\":1470,\"height\":561},{\"@type\":\"BreadcrumbList\",\"@id\":\"https:\\\/\\\/www.barcelonacapitalnautica.org\\\/en\\\/sport\\\/base-mini\\\/#breadcrumb\",\"itemListElement\":[{\"@type\":\"ListItem\",\"position\":1,\"name\":\"Inici\",\"item\":\"https:\\\/\\\/www.barcelonacapitalnautica.org\\\/en\\\/\"},{\"@type\":\"ListItem\",\"position\":2,\"name\":\"Sport\",\"item\":\"https:\\\/\\\/www.barcelonacapitalnautica.org\\\/en\\\/sport\\\/\"},{\"@type\":\"ListItem\",\"position\":3,\"name\":\"Base Mini\"}]},{\"@type\":\"WebSite\",\"@id\":\"https:\\\/\\\/www.barcelonacapitalnautica.org\\\/en\\\/#website\",\"url\":\"https:\\\/\\\/www.barcelonacapitalnautica.org\\\/en\\\/\",\"name\":\"Barcelona Capital N\u00e0utica\",\"description\":\"Barcelona Capital N\u00e0utica\",\"publisher\":{\"@id\":\"https:\\\/\\\/www.barcelonacapitalnautica.org\\\/en\\\/#organization\"},\"alternateName\":\"BCN\u00e0utica, FBCN\",\"potentialAction\":[{\"@type\":\"SearchAction\",\"target\":{\"@type\":\"EntryPoint\",\"urlTemplate\":\"https:\\\/\\\/www.barcelonacapitalnautica.org\\\/en\\\/?s={search_term_string}\"},\"query-input\":{\"@type\":\"PropertyValueSpecification\",\"valueRequired\":true,\"valueName\":\"search_term_string\"}}],\"inLanguage\":\"en-US\"},{\"@type\":\"Organization\",\"@id\":\"https:\\\/\\\/www.barcelonacapitalnautica.org\\\/en\\\/#organization\",\"name\":\"Barcelona Capital N\u00e0utica\",\"alternateName\":\"Fundaci\u00f3 Barcelona Capital N\u00e0utica\",\"url\":\"https:\\\/\\\/www.barcelonacapitalnautica.org\\\/en\\\/\",\"logo\":{\"@type\":\"ImageObject\",\"inLanguage\":\"en-US\",\"@id\":\"https:\\\/\\\/www.barcelonacapitalnautica.org\\\/en\\\/#\\\/schema\\\/logo\\\/image\\\/\",\"url\":\"https:\\\/\\\/www.barcelonacapitalnautica.org\\\/wp-content\\\/uploads\\\/2023\\\/03\\\/Logo-blau.svg\",\"contentUrl\":\"https:\\\/\\\/www.barcelonacapitalnautica.org\\\/wp-content\\\/uploads\\\/2023\\\/03\\\/Logo-blau.svg\",\"width\":200,\"height\":58,\"caption\":\"Barcelona Capital N\u00e0utica\"},\"image\":{\"@id\":\"https:\\\/\\\/www.barcelonacapitalnautica.org\\\/en\\\/#\\\/schema\\\/logo\\\/image\\\/\"},\"sameAs\":[\"https:\\\/\\\/www.facebook.com\\\/barcelonacapitalnautica\",\"https:\\\/\\\/x.com\\\/bcnautica\",\"https:\\\/\\\/www.instagram.com\\\/bcnautica\\\/\",\"https:\\\/\\\/www.linkedin.com\\\/company\\\/barcelona-capital-nautica\"]}]}<\/script>\n<!-- \/ Yoast SEO plugin. -->","yoast_head_json":{"title":"Base Mini - Barcelona Capital N\u00e0utica","description":"As a result of the agreement with the Base Mini Barcelona, we have created the most important center for regattas and boats of the Mini Class 6.50 in the Mediterranean.","robots":{"index":"index","follow":"follow","max-snippet":"max-snippet:-1","max-image-preview":"max-image-preview:large","max-video-preview":"max-video-preview:-1"},"canonical":"https:\/\/www.barcelonacapitalnautica.org\/en\/sport\/base-mini\/","og_locale":"en_US","og_type":"article","og_title":"Base Mini - Barcelona Capital N\u00e0utica","og_description":"As a result of the agreement with the Base Mini Barcelona, we have created the most important center for regattas and boats of the Mini Class 6.50 in the Mediterranean.","og_url":"https:\/\/www.barcelonacapitalnautica.org\/en\/sport\/base-mini\/","og_site_name":"Barcelona Capital N\u00e0utica","article_publisher":"https:\/\/www.facebook.com\/barcelonacapitalnautica","article_modified_time":"2025-09-22T12:01:45+00:00","og_image":[{"width":1470,"height":561,"url":"https:\/\/www.barcelonacapitalnautica.org\/wp-content\/uploads\/2022\/05\/regata-base-mini-fnob-trofeo-marina-vela-barcelona.jpg","type":"image\/jpeg"}],"twitter_card":"summary_large_image","twitter_site":"@bcnautica","twitter_misc":{"Est. reading time":"6 minutes"},"schema":{"@context":"https:\/\/schema.org","@graph":[{"@type":"WebPage","@id":"https:\/\/www.barcelonacapitalnautica.org\/en\/sport\/base-mini\/","url":"https:\/\/www.barcelonacapitalnautica.org\/en\/sport\/base-mini\/","name":"Base Mini - Barcelona Capital N\u00e0utica","isPartOf":{"@id":"https:\/\/www.barcelonacapitalnautica.org\/en\/#website"},"primaryImageOfPage":{"@id":"https:\/\/www.barcelonacapitalnautica.org\/en\/sport\/base-mini\/#primaryimage"},"image":{"@id":"https:\/\/www.barcelonacapitalnautica.org\/en\/sport\/base-mini\/#primaryimage"},"thumbnailUrl":"https:\/\/www.barcelonacapitalnautica.org\/wp-content\/uploads\/2022\/05\/regata-base-mini-fnob-trofeo-marina-vela-barcelona.jpg","datePublished":"2023-05-02T06:35:08+00:00","dateModified":"2025-09-22T12:01:45+00:00","description":"As a result of the agreement with the Base Mini Barcelona, we have created the most important center for regattas and boats of the Mini Class 6.50 in the Mediterranean.","breadcrumb":{"@id":"https:\/\/www.barcelonacapitalnautica.org\/en\/sport\/base-mini\/#breadcrumb"},"inLanguage":"en-US","potentialAction":[{"@type":"ReadAction","target":["https:\/\/www.barcelonacapitalnautica.org\/en\/sport\/base-mini\/"]}]},{"@type":"ImageObject","inLanguage":"en-US","@id":"https:\/\/www.barcelonacapitalnautica.org\/en\/sport\/base-mini\/#primaryimage","url":"https:\/\/www.barcelonacapitalnautica.org\/wp-content\/uploads\/2022\/05\/regata-base-mini-fnob-trofeo-marina-vela-barcelona.jpg","contentUrl":"https:\/\/www.barcelonacapitalnautica.org\/wp-content\/uploads\/2022\/05\/regata-base-mini-fnob-trofeo-marina-vela-barcelona.jpg","width":1470,"height":561},{"@type":"BreadcrumbList","@id":"https:\/\/www.barcelonacapitalnautica.org\/en\/sport\/base-mini\/#breadcrumb","itemListElement":[{"@type":"ListItem","position":1,"name":"Inici","item":"https:\/\/www.barcelonacapitalnautica.org\/en\/"},{"@type":"ListItem","position":2,"name":"Sport","item":"https:\/\/www.barcelonacapitalnautica.org\/en\/sport\/"},{"@type":"ListItem","position":3,"name":"Base Mini"}]},{"@type":"WebSite","@id":"https:\/\/www.barcelonacapitalnautica.org\/en\/#website","url":"https:\/\/www.barcelonacapitalnautica.org\/en\/","name":"Barcelona Capital N\u00e0utica","description":"Barcelona Capital N\u00e0utica","publisher":{"@id":"https:\/\/www.barcelonacapitalnautica.org\/en\/#organization"},"alternateName":"BCN\u00e0utica, FBCN","potentialAction":[{"@type":"SearchAction","target":{"@type":"EntryPoint","urlTemplate":"https:\/\/www.barcelonacapitalnautica.org\/en\/?s={search_term_string}"},"query-input":{"@type":"PropertyValueSpecification","valueRequired":true,"valueName":"search_term_string"}}],"inLanguage":"en-US"},{"@type":"Organization","@id":"https:\/\/www.barcelonacapitalnautica.org\/en\/#organization","name":"Barcelona Capital N\u00e0utica","alternateName":"Fundaci\u00f3 Barcelona Capital N\u00e0utica","url":"https:\/\/www.barcelonacapitalnautica.org\/en\/","logo":{"@type":"ImageObject","inLanguage":"en-US","@id":"https:\/\/www.barcelonacapitalnautica.org\/en\/#\/schema\/logo\/image\/","url":"https:\/\/www.barcelonacapitalnautica.org\/wp-content\/uploads\/2023\/03\/Logo-blau.svg","contentUrl":"https:\/\/www.barcelonacapitalnautica.org\/wp-content\/uploads\/2023\/03\/Logo-blau.svg","width":200,"height":58,"caption":"Barcelona Capital N\u00e0utica"},"image":{"@id":"https:\/\/www.barcelonacapitalnautica.org\/en\/#\/schema\/logo\/image\/"},"sameAs":["https:\/\/www.facebook.com\/barcelonacapitalnautica","https:\/\/x.com\/bcnautica","https:\/\/www.instagram.com\/bcnautica\/","https:\/\/www.linkedin.com\/company\/barcelona-capital-nautica"]}]}},"uagb_featured_image_src":{"full":["https:\/\/www.barcelonacapitalnautica.org\/wp-content\/uploads\/2022\/05\/regata-base-mini-fnob-trofeo-marina-vela-barcelona.jpg",1470,561,false],"thumbnail":["https:\/\/www.barcelonacapitalnautica.org\/wp-content\/uploads\/2022\/05\/regata-base-mini-fnob-trofeo-marina-vela-barcelona-150x150.jpg",150,150,true],"medium":["https:\/\/www.barcelonacapitalnautica.org\/wp-content\/uploads\/2022\/05\/regata-base-mini-fnob-trofeo-marina-vela-barcelona-300x114.jpg",300,114,true],"medium_large":["https:\/\/www.barcelonacapitalnautica.org\/wp-content\/uploads\/2022\/05\/regata-base-mini-fnob-trofeo-marina-vela-barcelona-768x293.jpg",768,293,true],"large":["https:\/\/www.barcelonacapitalnautica.org\/wp-content\/uploads\/2022\/05\/regata-base-mini-fnob-trofeo-marina-vela-barcelona-1024x391.jpg",900,344,true],"1536x1536":["https:\/\/www.barcelonacapitalnautica.org\/wp-content\/uploads\/2022\/05\/regata-base-mini-fnob-trofeo-marina-vela-barcelona.jpg",1470,561,false],"2048x2048":["https:\/\/www.barcelonacapitalnautica.org\/wp-content\/uploads\/2022\/05\/regata-base-mini-fnob-trofeo-marina-vela-barcelona.jpg",1470,561,false]},"uagb_author_info":{"display_name":"Barcelona Capital N\u00e0utica","author_link":"https:\/\/www.barcelonacapitalnautica.org\/en\/author\/fbcn_admin\/"},"uagb_comment_info":0,"uagb_excerpt":"Base Mini The objective The purpose of Base Mini Barcelona [&hellip;]","ticketed":false,"_links":{"self":[{"href":"https:\/\/www.barcelonacapitalnautica.org\/en\/wp-json\/wp\/v2\/pages\/260559","targetHints":{"allow":["GET"]}}],"collection":[{"href":"https:\/\/www.barcelonacapitalnautica.org\/en\/wp-json\/wp\/v2\/pages"}],"about":[{"href":"https:\/\/www.barcelonacapitalnautica.org\/en\/wp-json\/wp\/v2\/types\/page"}],"author":[{"embeddable":true,"href":"https:\/\/www.barcelonacapitalnautica.org\/en\/wp-json\/wp\/v2\/users\/1"}],"replies":[{"embeddable":true,"href":"https:\/\/www.barcelonacapitalnautica.org\/en\/wp-json\/wp\/v2\/comments?post=260559"}],"version-history":[{"count":9,"href":"https:\/\/www.barcelonacapitalnautica.org\/en\/wp-json\/wp\/v2\/pages\/260559\/revisions"}],"predecessor-version":[{"id":273347,"href":"https:\/\/www.barcelonacapitalnautica.org\/en\/wp-json\/wp\/v2\/pages\/260559\/revisions\/273347"}],"up":[{"embeddable":true,"href":"https:\/\/www.barcelonacapitalnautica.org\/en\/wp-json\/wp\/v2\/pages\/260554"}],"wp:featuredmedia":[{"embeddable":true,"href":"https:\/\/www.barcelonacapitalnautica.org\/en\/wp-json\/wp\/v2\/media\/252298"}],"wp:attachment":[{"href":"https:\/\/www.barcelonacapitalnautica.org\/en\/wp-json\/wp\/v2\/media?parent=260559"}],"curies":[{"name":"wp","href":"https:\/\/api.w.org\/{rel}","templated":true}]}}