{"id":260578,"date":"2023-05-02T01:00:00","date_gmt":"2023-05-01T23:00:00","guid":{"rendered":"https:\/\/www.barcelonacapitalnautica.org\/sport\/foundation-regattas\/"},"modified":"2025-05-09T12:29:59","modified_gmt":"2025-05-09T10:29:59","slug":"foundation-regattas","status":"publish","type":"page","link":"https:\/\/www.barcelonacapitalnautica.org\/en\/sport\/foundation-regattas\/","title":{"rendered":"regattas"},"content":{"rendered":"\n<div class=\"wp-block-uagb-container uagb-block-d017f42b alignfull uagb-is-root-container\"><div class=\"uagb-container-inner-blocks-wrap\">\n<div class=\"wp-block-uagb-advanced-heading uagb-block-d4d3dc8e\"><h2 class=\"uagb-heading-text\">Regattas<\/h2><\/div>\n<\/div><\/div>\n\n\n\n<div class=\"wp-block-uagb-container uagb-block-328bf1fd alignfull uagb-is-root-container\"><div class=\"uagb-container-inner-blocks-wrap\">\n<hr class=\"wp-block-separator alignfull has-text-color has-ast-global-color-0-color has-alpha-channel-opacity has-ast-global-color-0-background-color has-background is-style-wide\"\/>\n<\/div><\/div>\n\n\n\n<div class=\"wp-block-cover alignfull is-light has-parallax\" style=\"padding-top:40px;padding-right:40px;padding-bottom:40px;padding-left:40px;min-height:555px;aspect-ratio:unset;\" id=\"solomed\"><span aria-hidden=\"true\" class=\"wp-block-cover__background has-background-dim\" style=\"background-color:#000000\"><\/span><div class=\"wp-block-cover__image-background wp-image-239845 has-parallax\" style=\"background-position:50% 50%;background-image:url(https:\/\/www.barcelonacapitalnautica.org\/wp-content\/uploads\/2022\/05\/SOLOMED2022_SARAPITA_CHELLIN-01925.jpg)\"><\/div><div class=\"wp-block-cover__inner-container is-layout-flow wp-block-cover-is-layout-flow\">\n<div class=\"wp-block-uagb-container uagb-block-98c339b4 alignfull uagb-is-root-container\"><div class=\"uagb-container-inner-blocks-wrap\">\n<div class=\"wp-block-uagb-info-box uagb-block-dc5264d3 uagb-infobox__content-wrap  uagb-infobox-icon-above-title uagb-infobox-image-valign-top\"><div class=\"uagb-ifb-content\"><div class=\"uagb-ifb-image-content\"><img decoding=\"async\" src=\"https:\/\/www.barcelonacapitalnautica.org\/wp-content\/uploads\/2024\/02\/solo-med-380x106.png\" alt=\"\" width=\"12\" height=\"3\" loading=\"lazy\"\/><\/div><div class=\"uagb-ifb-title-wrap\"><h2 class=\"uagb-ifb-title\">Mini Class Solo Med regatta<\/h2><\/div><p class=\"uagb-ifb-desc\">This is a 500 miles regatta for Class Mini 6.50 solo boats, which has already had four editions. This year&#8217;s edition has been co-organized by the Catalan Sailing Federation and Barcelona Capital N\u00e0utica with the collaboration of Base Mini and Club N\u00e0utic Sa R\u00e0pita, as the organizing club.<\/p><\/div><\/div>\n\n\n\n<div class=\"wp-block-uagb-buttons uagb-buttons__outer-wrap uagb-btn__default-btn uagb-btn-tablet__default-btn uagb-btn-mobile__default-btn uagb-block-bb19b82a\"><div class=\"uagb-buttons__wrap uagb-buttons-layout-wrap \">\n<div class=\"wp-block-uagb-buttons-child uagb-buttons__outer-wrap uagb-block-6e2488fc wp-block-button\"><div class=\"uagb-button__wrapper\"><a class=\"uagb-buttons-repeater wp-block-button__link\" aria-label=\"\" href=\"https:\/\/www.barcelonacapitalnautica.org\/tag\/solomed\/\" rel=\"follow noopener\" target=\"_self\" role=\"button\"><div class=\"uagb-button__link\">2025 edition<\/div><\/a><\/div><\/div>\n\n\n\n<div class=\"wp-block-uagb-buttons-child uagb-buttons__outer-wrap uagb-block-b921088f wp-block-button\"><div class=\"uagb-button__wrapper\"><a class=\"uagb-buttons-repeater wp-block-button__link\" aria-label=\"\" href=\"https:\/\/www.barcelonacapitalnautica.org\/tag\/solomed\/\" rel=\"follow noopener\" target=\"_self\" role=\"button\"><div class=\"uagb-button__link\">2024 edition<\/div><\/a><\/div><\/div>\n\n\n\n<div class=\"wp-block-uagb-buttons-child uagb-buttons__outer-wrap uagb-block-2c68cf72 wp-block-button\"><div class=\"uagb-button__wrapper\"><a class=\"uagb-buttons-repeater wp-block-button__link\" aria-label=\"\" href=\"https:\/\/www.barcelonacapitalnautica.org\/en\/solomed-3\/\" rel=\"follow noopener\" target=\"_self\" role=\"button\"><div class=\"uagb-button__link\">2023 edition<\/div><\/a><\/div><\/div>\n\n\n\n<div class=\"wp-block-uagb-buttons-child uagb-buttons__outer-wrap uagb-block-4c899248 wp-block-button\"><div class=\"uagb-button__wrapper\"><a class=\"uagb-buttons-repeater wp-block-button__link\" aria-label=\"\" href=\"https:\/\/escola.barcelonacapitalnautica.org\/regates\/regata-solomed-2022\/\" rel=\"follow noopener\" target=\"_self\" role=\"button\"><div class=\"uagb-button__link\">2022 edition<\/div><\/a><\/div><\/div>\n<\/div><\/div>\n<\/div><\/div>\n<\/div><\/div>\n\n\n\n<div class=\"wp-block-cover alignfull has-parallax\" style=\"padding-top:40px;padding-right:40px;padding-bottom:40px;padding-left:40px;min-height:555px;aspect-ratio:unset;\" id=\"rcsailing\"><span aria-hidden=\"true\" class=\"wp-block-cover__background has-background-dim\" style=\"background-color:#000000\"><\/span><div class=\"wp-block-cover__image-background wp-image-267494 has-parallax\" style=\"background-position:50% 50%;background-image:url(https:\/\/www.barcelonacapitalnautica.org\/wp-content\/uploads\/2024\/05\/RC-Sailing-Barcelona_prensa_baja-1200.jpg)\"><\/div><div class=\"wp-block-cover__inner-container is-layout-flow wp-block-cover-is-layout-flow\">\n<div class=\"wp-block-uagb-container uagb-block-2d2da844 alignfull uagb-is-root-container\"><div class=\"uagb-container-inner-blocks-wrap\">\n<div class=\"wp-block-uagb-info-box uagb-block-bb6f2a64 uagb-infobox__content-wrap  uagb-infobox-icon-above-title uagb-infobox-image-valign-top\"><div class=\"uagb-ifb-content\"><div class=\"uagb-ifb-title-wrap\"><h2 class=\"uagb-ifb-title\"><strong><strong>RC Sailing Barcelona University Regatta<\/strong><\/strong><\/h2><\/div><p class=\"uagb-ifb-desc\">We have created a university scholarship for training in design and construction of a radio control boat aimed at students in the last year of the degree in engineering, to conceptualize, design and build a small-scale, competitive radio control boat, propelled by the wind, applying knowledge acquired during the course of the course.<\/p><div class=\"uagb-ifb-button-wrapper wp-block-button\"><a href=\"https:\/\/www.barcelonacapitalnautica.org\/en\/rc-sailing-barcelona-university-regatta\/\" class=\"uagb-infobox-cta-link wp-block-button__link\" target=\"_self\" rel=\"noopener noreferrer\" onclick=\"return true;\"><span class=\"uagb-inline-editing\">2025 edition<\/span><\/a><\/div><\/div><\/div>\n<\/div><\/div>\n<\/div><\/div>\n\n\n\n<div class=\"wp-block-cover alignfull has-parallax\" style=\"padding-top:40px;padding-right:40px;padding-bottom:40px;padding-left:40px;min-height:555px;aspect-ratio:unset;\" id=\"rcsailing\"><span aria-hidden=\"true\" class=\"wp-block-cover__background has-background-dim\" style=\"background-color:#000000\"><\/span><div class=\"wp-block-cover__image-background wp-image-267924 has-parallax\" style=\"background-position:50% 50%;background-image:url(https:\/\/www.barcelonacapitalnautica.org\/wp-content\/uploads\/2024\/06\/53718660225_dadb33887d_k.jpg)\"><\/div><div class=\"wp-block-cover__inner-container is-layout-flow wp-block-cover-is-layout-flow\">\n<div class=\"wp-block-uagb-container uagb-block-6a4c07d0 alignfull uagb-is-root-container\"><div class=\"uagb-container-inner-blocks-wrap\">\n<div class=\"wp-block-uagb-info-box uagb-block-3d326010 uagb-infobox__content-wrap  uagb-infobox-icon-above-title uagb-infobox-image-valign-top\"><div class=\"uagb-ifb-content\"><div class=\"uagb-ifb-image-content\"><img decoding=\"async\" src=\"https:\/\/www.barcelonacapitalnautica.org\/wp-content\/uploads\/2024\/07\/KAKAPO-BLANC-380x357.png\" alt=\"\" width=\"12\" height=\"11\" loading=\"lazy\"\/><\/div><div class=\"uagb-ifb-title-wrap\"><h2 class=\"uagb-ifb-title\"><strong>Inclusive and adapted sailing<\/strong><\/h2><\/div><p class=\"uagb-ifb-desc\">The Federaci\u00f3 Catalana de Vela, the Barcelona Capital N\u00e0utica Foundation and the Mi Alex Foundation are organizing the first edition of the Kakapo Open Race, an&nbsp;<strong>international adapted sailing regatta<\/strong>&nbsp;that seeks to attract athletes of this type to Barcelona and that has the will to celebrate it every year.<\/p><div class=\"uagb-ifb-button-wrapper wp-block-button\"><a href=\"\/sport\/inclusive-sailing\/#kakapo\" class=\"uagb-infobox-cta-link wp-block-button__link\" target=\"_self\" rel=\"noopener noreferrer\" onclick=\"return true;\"><span class=\"uagb-inline-editing\">2024 edition<\/span><\/a><\/div><\/div><\/div>\n<\/div><\/div>\n<\/div><\/div>\n\n\n\n<div class=\"wp-block-cover alignfull is-light has-parallax\" style=\"padding-top:0px;padding-right:40px;padding-bottom:40px;padding-left:40px;min-height:555px;aspect-ratio:unset;\" id=\"copaamerica\"><span aria-hidden=\"true\" class=\"wp-block-cover__background has-background-dim-30 has-background-dim\" style=\"background-color:#000000\"><\/span><div class=\"wp-block-cover__image-background wp-image-243323 has-parallax\" style=\"background-position:50% 50%;background-image:url(https:\/\/www.barcelonacapitalnautica.org\/wp-content\/uploads\/2022\/07\/banner-americas_cup_host.jpg)\"><\/div><div class=\"wp-block-cover__inner-container is-layout-flow wp-block-cover-is-layout-flow\">\n<div class=\"wp-block-uagb-container uagb-block-654601fa alignfull uagb-is-root-container\"><div class=\"uagb-container-inner-blocks-wrap\">\n<div class=\"wp-block-uagb-info-box uagb-block-5aa6a988 uagb-infobox__content-wrap  uagb-infobox-icon-above-title uagb-infobox-image-valign-top\"><div class=\"uagb-ifb-content\"><div class=\"uagb-ifb-image-content\"><img decoding=\"async\" src=\"https:\/\/www.barcelonacapitalnautica.org\/wp-content\/uploads\/2023\/04\/site-logo-380x124.png\" alt=\"\" width=\"14\" height=\"4\" loading=\"lazy\"\/><\/div><div class=\"uagb-ifb-title-wrap\"><h2 class=\"uagb-ifb-title\">Barcelona celebrates the America&#8217;s Cup<\/h2><\/div><p class=\"uagb-ifb-desc\">The city will host the 37th edition of this regatta that will take place between August and October 2024. From the foundation we facilitate the organization of this event that has been the Copa Am\u00e9rica that has left the greatest legacy of its 174 years of history.<\/p><div class=\"uagb-ifb-button-wrapper wp-block-button\"><a href=\"https:\/\/www.americascup.com\/cat\/home\" class=\"uagb-infobox-cta-link wp-block-button__link\" target=\"_blank\" rel=\"noopener noreferrer\" onclick=\"return true;\"><span class=\"uagb-inline-editing\">America&#8217;s Cup website<\/span><svg xmlns=\"https:\/\/www.w3.org\/2000\/svg\" viewBox=\"0 0 512 512\"><path d=\"M502.6 278.6l-128 128c-12.51 12.51-32.76 12.49-45.25 0c-12.5-12.5-12.5-32.75 0-45.25L402.8 288H32C14.31 288 0 273.7 0 255.1S14.31 224 32 224h370.8l-73.38-73.38c-12.5-12.5-12.5-32.75 0-45.25s32.75-12.5 45.25 0l128 128C515.1 245.9 515.1 266.1 502.6 278.6z\"><\/path><\/svg><\/a><\/div><\/div><\/div>\n<\/div><\/div>\n<\/div><\/div>\n\n\n\n<div class=\"wp-block-cover alignfull has-parallax\" style=\"padding-top:40px;padding-right:40px;padding-bottom:40px;padding-left:40px;min-height:555px;aspect-ratio:unset;\" id=\"rcsailing\"><span aria-hidden=\"true\" class=\"wp-block-cover__background has-background-dim\" style=\"background-color:#000000\"><\/span><div class=\"wp-block-cover__image-background wp-image-259744 has-parallax\" style=\"background-position:50% 50%;background-image:url(https:\/\/www.barcelonacapitalnautica.org\/wp-content\/uploads\/2023\/06\/Noti_Mundial_Optimist_23-29.jpeg)\"><\/div><div class=\"wp-block-cover__inner-container is-layout-flow wp-block-cover-is-layout-flow\">\n<div class=\"wp-block-uagb-container uagb-block-abaf03a9 alignfull uagb-is-root-container\"><div class=\"uagb-container-inner-blocks-wrap\">\n<div class=\"wp-block-uagb-info-box uagb-block-1d071795 uagb-infobox__content-wrap  uagb-infobox-icon-above-title uagb-infobox-image-valign-top\"><div class=\"uagb-ifb-content\"><div class=\"uagb-ifb-title-wrap\"><h2 class=\"uagb-ifb-title\"><strong><strong>Optimist World Championship<\/strong><\/strong><\/h2><\/div><p class=\"uagb-ifb-desc\">This edition of the championship was held in the Bay of Roses from June 15 to 25, organized by the Ballena Alegre Sailing Club. We have collaborated on sustainable, family, inclusive and educational nautical proposals organized in three main areas: the Mediterranean Sea, Sailing and Nautical and we have participated in the &#8220;Conscious Fair&#8221;.<\/p><div class=\"uagb-ifb-button-wrapper wp-block-button\"><a href=\"https:\/\/www.barcelonacapitalnautica.org\/en\/sport\/optimist-world-championship\/\" class=\"uagb-infobox-cta-link wp-block-button__link\" target=\"_self\" rel=\"noopener noreferrer\" onclick=\"return true;\"><span class=\"uagb-inline-editing\">2023 edition<\/span><\/a><\/div><\/div><\/div>\n<\/div><\/div>\n<\/div><\/div>\n\n\n\n<div id=\"history\" class=\"wp-block-uagb-container uagb-block-3d3b4577 alignfull uagb-is-root-container\"><div class=\"uagb-container-inner-blocks-wrap\">\n<div class=\"wp-block-uagb-advanced-heading uagb-block-381515af uag-hide-desktop uag-hide-tab uag-hide-mob\"><h2 class=\"uagb-heading-text\">L&#8217;estela d&#8217;una gran hist\u00f2ria<\/h2><\/div>\n\n\n\n<div class=\"wp-block-uagb-container uagb-block-e7e4dc31\">\n<div class=\"wp-block-uagb-container uagb-block-29d22261\">\n<div class=\"wp-block-uagb-info-box uagb-block-4bfff7e6 uagb-infobox__content-wrap  uagb-infobox-icon-above-title uagb-infobox-image-valign-top\"><div class=\"uagb-ifb-content\"><div class=\"uagb-ifb-title-wrap\"><h2 class=\"uagb-ifb-title\"><br><strong><strong>The wake of a great story<\/strong><\/strong><\/h2><\/div><p class=\"uagb-ifb-desc\">Barcelona and Catalonia accumulate a journey of great experiences, marked by memorable myths and sporting milestones of competitive sailing.<\/p><div class=\"uagb-ifb-button-wrapper wp-block-button\"><a href=\"\/rcsailing\" class=\"uagb-infobox-cta-link wp-block-button__link\" target=\"_self\" rel=\"noopener noreferrer\" onclick=\"return true;\"><span class=\"uagb-inline-editing\">M\u00e9s informaci\u00f3<\/span><\/a><\/div><\/div><\/div>\n\n\n\n<div class=\"wp-block-uagb-content-timeline uagb-timeline__outer-wrap uagb-block-f01494bc-8021-4b0e-bdcf-503f237f60f3 uagb-timeline__content-wrap uagb-timeline__center-block  uagb-timeline__arrow-center uagb-timeline historia_fundacio fbcn_timeline\">\n<article class=\"wp-block-uagb-content-timeline-child uagb-timeline__field uagb-timeline-child-cebf7a94-7433-4e50-a659-1f644be6bc9c uagb-timeline__right\"><div class=\"uagb-timeline__marker out-view-uagb-timeline__icon\"><svg xmlns=\"\" viewBox=\"0 0 256 512\"><\/svg><\/div><div class=\"uagb-timeline__day-new uagb-timeline__day-right uagb-timeline__events-inner-new\"><div class=\"uagb-timeline__events-inner--content\"><div class=\"uagb-timeline__date-hide uagb-timeline__inner-date-new\">2000<\/div><p class=\"uagb-timeline__heading\">&#8220;The Race&#8221; Millennium Regatta<\/p><p class=\"uagb-timeline-desc-content\"><mark style=\"background-color:rgba(0, 0, 0, 0)\" class=\"has-inline-color has-ast-global-color-1-color\">\u2192<\/mark> Around the world sailing competition that allowed the use of any sail-powered boat. <strong>Multivessels of never before seen dimensions<\/strong> took part.<br><br><img loading=\"lazy\" decoding=\"async\" width=\"300\" height=\"240\" class=\"wp-image-268589\" style=\"width: 300px;\" src=\"https:\/\/www.barcelonacapitalnautica.org\/wp-content\/uploads\/2024\/07\/The-Race-La-regata-del-milleni.webp\" alt=\"\"><\/p><div class=\"uagb-timeline__arrow\"><\/div><\/div><\/div><div class=\"uagb-timeline__date-new\">2000<\/div><\/article>\n\n\n\n<article class=\"wp-block-uagb-content-timeline-child uagb-timeline__field uagb-timeline-child-f41e585e uagb-timeline__left\"><div class=\"uagb-timeline__marker out-view-uagb-timeline__icon\"><svg xmlns=\"\" viewBox=\"0 0 256 512\"><\/svg><\/div><div class=\"uagb-timeline__day-new uagb-timeline__day-left uagb-timeline__events-inner-new\"><div class=\"uagb-timeline__events-inner--content\"><div class=\"uagb-timeline__date-hide uagb-timeline__inner-date-new\">2007 &#8211; 2008<\/div><p class=\"uagb-timeline__heading\">Barcelona World Race (I)<\/p><p class=\"uagb-timeline-desc-content\"><mark style=\"background-color:rgba(0, 0, 0, 0)\" class=\"has-inline-color has-ast-global-color-1-color\">\u2192<\/mark> <strong>1st edition<\/strong> of the Barcelona World Race<br><mark style=\"background-color:rgba(0, 0, 0, 0)\" class=\"has-inline-color has-ast-global-color-1-color\">\u2192<\/mark> A sporting challenge of the highest order and an <strong>ocean adventure<\/strong> that tests human and technological limits by leaving the main bosses to port.<br><br><img loading=\"lazy\" decoding=\"async\" width=\"300\" height=\"175\" class=\"wp-image-268592\" style=\"width: 300px;\" src=\"https:\/\/www.barcelonacapitalnautica.org\/wp-content\/uploads\/2024\/07\/7BarcelonaWorldRace-Imagenes.webp\" alt=\"\" srcset=\"https:\/\/www.barcelonacapitalnautica.org\/wp-content\/uploads\/2024\/07\/7BarcelonaWorldRace-Imagenes.webp 1200w, https:\/\/www.barcelonacapitalnautica.org\/wp-content\/uploads\/2024\/07\/7BarcelonaWorldRace-Imagenes-560x327.webp 560w, https:\/\/www.barcelonacapitalnautica.org\/wp-content\/uploads\/2024\/07\/7BarcelonaWorldRace-Imagenes-900x525.webp 900w, https:\/\/www.barcelonacapitalnautica.org\/wp-content\/uploads\/2024\/07\/7BarcelonaWorldRace-Imagenes-380x222.webp 380w, https:\/\/www.barcelonacapitalnautica.org\/wp-content\/uploads\/2024\/07\/7BarcelonaWorldRace-Imagenes-768x448.webp 768w\" sizes=\"auto, (max-width: 300px) 100vw, 300px\" \/><\/p><div class=\"uagb-timeline__arrow\"><\/div><\/div><\/div><div class=\"uagb-timeline__date-new\">2007 &#8211; 2008<\/div><\/article>\n\n\n\n<article class=\"wp-block-uagb-content-timeline-child uagb-timeline__field uagb-timeline-child-f5f23378-55e2-484b-bbf5-a8ef95b9898a uagb-timeline__right\"><div class=\"uagb-timeline__marker out-view-uagb-timeline__icon\"><svg xmlns=\"\" viewBox=\"0 0 256 512\"><\/svg><\/div><div class=\"uagb-timeline__day-new uagb-timeline__day-right uagb-timeline__events-inner-new\"><div class=\"uagb-timeline__events-inner--content\"><div class=\"uagb-timeline__date-hide uagb-timeline__inner-date-new\">2009<\/div><p class=\"uagb-timeline__heading\">\u00a0Istambul Europe Race<\/p><p class=\"uagb-timeline-desc-content\"><mark style=\"background-color:rgba(0, 0, 0, 0)\" class=\"has-inline-color has-ast-global-color-1-color\">\u2192<\/mark> In 2009 the FNOB was the co-organizer of the Istanbul Europe Race in <strong>IMOCA 60 boats<\/strong> in three stages: Istanbul \u2013 Nice \u2013 Barcelona \u2013 Brest.<br><br><img loading=\"lazy\" decoding=\"async\" width=\"300\" height=\"128\" class=\"wp-image-268595\" style=\"width: 300px;\" src=\"https:\/\/www.barcelonacapitalnautica.org\/wp-content\/uploads\/2024\/07\/istambul-banner04-1.webp\" alt=\"\" srcset=\"https:\/\/www.barcelonacapitalnautica.org\/wp-content\/uploads\/2024\/07\/istambul-banner04-1.webp 1140w, https:\/\/www.barcelonacapitalnautica.org\/wp-content\/uploads\/2024\/07\/istambul-banner04-1-560x239.webp 560w, https:\/\/www.barcelonacapitalnautica.org\/wp-content\/uploads\/2024\/07\/istambul-banner04-1-900x384.webp 900w, https:\/\/www.barcelonacapitalnautica.org\/wp-content\/uploads\/2024\/07\/istambul-banner04-1-380x162.webp 380w, https:\/\/www.barcelonacapitalnautica.org\/wp-content\/uploads\/2024\/07\/istambul-banner04-1-768x328.webp 768w\" sizes=\"auto, (max-width: 300px) 100vw, 300px\" \/><\/p><div class=\"uagb-timeline__arrow\"><\/div><\/div><\/div><div class=\"uagb-timeline__date-new\">2009<\/div><\/article>\n\n\n\n<article class=\"wp-block-uagb-content-timeline-child uagb-timeline__field uagb-timeline-child-39a06a08-e5f4-4977-b580-414001859866 uagb-timeline__left\"><div class=\"uagb-timeline__marker out-view-uagb-timeline__icon\"><svg xmlns=\"\" viewBox=\"0 0 256 512\"><\/svg><\/div><div class=\"uagb-timeline__day-new uagb-timeline__day-left uagb-timeline__events-inner-new\"><div class=\"uagb-timeline__events-inner--content\"><div class=\"uagb-timeline__date-hide uagb-timeline__inner-date-new\">2010<\/div><p class=\"uagb-timeline__heading\">Spain Tour<\/p><p class=\"uagb-timeline-desc-content\"><mark style=\"background-color:rgba(0, 0, 0, 0)\" class=\"has-inline-color has-ast-global-color-1-color\">\u2192<\/mark> A regatta organized by the Real Federaci\u00f3n Espa\u00f1ola de Vela (RFEV) and the Barcelona Navegaci\u00f3 Oce\u00e0nica Foundation (FNOB), held between June 12 and 31, 2010.<br><mark style=\"background-color:rgba(0, 0, 0, 0)\" class=\"has-inline-color has-ast-global-color-1-color\">\u2192<\/mark> Contested in <strong>six legs<\/strong> with IMOCA Open 60 boats.<br><br><img loading=\"lazy\" decoding=\"async\" width=\"300\" height=\"232\" class=\"wp-image-268598\" style=\"width: 300px;\" src=\"https:\/\/www.barcelonacapitalnautica.org\/wp-content\/uploads\/2024\/07\/Volta-a-Espanya-2.webp\" alt=\"\"><\/p><div class=\"uagb-timeline__arrow\"><\/div><\/div><\/div><div class=\"uagb-timeline__date-new\">2010<\/div><\/article>\n\n\n\n<article class=\"wp-block-uagb-content-timeline-child uagb-timeline__field uagb-timeline-child-e4464f6b-cd10-4067-aa4c-1c37668fefca uagb-timeline__right\"><div class=\"uagb-timeline__marker out-view-uagb-timeline__icon\"><svg xmlns=\"\" viewBox=\"0 0 256 512\"><\/svg><\/div><div class=\"uagb-timeline__day-new uagb-timeline__day-right uagb-timeline__events-inner-new\"><div class=\"uagb-timeline__events-inner--content\"><div class=\"uagb-timeline__date-hide uagb-timeline__inner-date-new\">2010<\/div><p class=\"uagb-timeline__heading\">New York &#8211; Barcelona (I)<\/p><p class=\"uagb-timeline-desc-content\"><mark style=\"background-color:rgba(0, 0, 0, 0)\" class=\"has-inline-color has-ast-global-color-1-color\">\u2192<\/mark> In April 2010, the <strong>world sailing record <\/strong>between the cities of New York and Barcelona was established for the first time.<br><mark style=\"background-color:rgba(0, 0, 0, 0)\" class=\"has-inline-color has-ast-global-color-1-color\">\u2192<\/mark> It was carried out by two twin IMOCA Open 60 boats.<br><br><img loading=\"lazy\" decoding=\"async\" width=\"300\" height=\"192\" class=\"wp-image-268611\" style=\"width: 300px;\" src=\"https:\/\/www.barcelonacapitalnautica.org\/wp-content\/uploads\/2024\/07\/NY-Bcn-2010.webp\" alt=\"\"><\/p><div class=\"uagb-timeline__arrow\"><\/div><\/div><\/div><div class=\"uagb-timeline__date-new\">2010<\/div><\/article>\n\n\n\n<article class=\"wp-block-uagb-content-timeline-child uagb-timeline__field uagb-timeline-child-d0b99d36-861e-40ca-9a3e-838d921235a4 uagb-timeline__left\"><div class=\"uagb-timeline__marker out-view-uagb-timeline__icon\"><svg xmlns=\"https:\/\/www.w3.org\/2000\/svg\" viewBox=\"0 0 448 512\"><path d=\"M160 32V64H288V32C288 14.33 302.3 0 320 0C337.7 0 352 14.33 352 32V64H400C426.5 64 448 85.49 448 112V160H0V112C0 85.49 21.49 64 48 64H96V32C96 14.33 110.3 0 128 0C145.7 0 160 14.33 160 32zM0 192H448V464C448 490.5 426.5 512 400 512H48C21.49 512 0 490.5 0 464V192zM64 304C64 312.8 71.16 320 80 320H112C120.8 320 128 312.8 128 304V272C128 263.2 120.8 256 112 256H80C71.16 256 64 263.2 64 272V304zM192 304C192 312.8 199.2 320 208 320H240C248.8 320 256 312.8 256 304V272C256 263.2 248.8 256 240 256H208C199.2 256 192 263.2 192 272V304zM336 256C327.2 256 320 263.2 320 272V304C320 312.8 327.2 320 336 320H368C376.8 320 384 312.8 384 304V272C384 263.2 376.8 256 368 256H336zM64 432C64 440.8 71.16 448 80 448H112C120.8 448 128 440.8 128 432V400C128 391.2 120.8 384 112 384H80C71.16 384 64 391.2 64 400V432zM208 384C199.2 384 192 391.2 192 400V432C192 440.8 199.2 448 208 448H240C248.8 448 256 440.8 256 432V400C256 391.2 248.8 384 240 384H208zM320 432C320 440.8 327.2 448 336 448H368C376.8 448 384 440.8 384 432V400C384 391.2 376.8 384 368 384H336C327.2 384 320 391.2 320 400V432z\"><\/path><\/svg><\/div><div class=\"uagb-timeline__day-new uagb-timeline__day-left uagb-timeline__events-inner-new\"><div class=\"uagb-timeline__events-inner--content\"><div class=\"uagb-timeline__date-hide uagb-timeline__inner-date-new\">2010 &#8211; 2011<\/div><p class=\"uagb-timeline__heading\">Barcelona World Race (II)<\/p><p class=\"uagb-timeline-desc-content\"><mark style=\"background-color:rgba(0, 0, 0, 0)\" class=\"has-inline-color has-ast-global-color-1-color\">\u2192<\/mark> <strong>2nd edition<\/strong> of the Barcelona World Race.<br><mark style=\"background-color:rgba(0, 0, 0, 0)\" class=\"has-inline-color has-ast-global-color-1-color\">\u2192<\/mark> his edition is remembered for being the most successful round-the-world race in the <strong>history of Spanish sailing<\/strong>.<br><br><img loading=\"lazy\" decoding=\"async\" width=\"300\" height=\"169\" class=\"wp-image-268605\" style=\"width: 300px;\" src=\"https:\/\/www.barcelonacapitalnautica.org\/wp-content\/uploads\/2024\/07\/3a-Bcn-Wolrd-Race.webp\" alt=\"\"><\/p><div class=\"uagb-timeline__arrow\"><\/div><\/div><\/div><div class=\"uagb-timeline__date-new\">2010 &#8211; 2011<\/div><\/article>\n\n\n\n<article class=\"wp-block-uagb-content-timeline-child uagb-timeline__field uagb-timeline-child-4394934a uagb-timeline__right\"><div class=\"uagb-timeline__marker out-view-uagb-timeline__icon\"><svg xmlns=\"https:\/\/www.w3.org\/2000\/svg\" viewBox=\"0 0 448 512\"><path d=\"M160 32V64H288V32C288 14.33 302.3 0 320 0C337.7 0 352 14.33 352 32V64H400C426.5 64 448 85.49 448 112V160H0V112C0 85.49 21.49 64 48 64H96V32C96 14.33 110.3 0 128 0C145.7 0 160 14.33 160 32zM0 192H448V464C448 490.5 426.5 512 400 512H48C21.49 512 0 490.5 0 464V192zM64 304C64 312.8 71.16 320 80 320H112C120.8 320 128 312.8 128 304V272C128 263.2 120.8 256 112 256H80C71.16 256 64 263.2 64 272V304zM192 304C192 312.8 199.2 320 208 320H240C248.8 320 256 312.8 256 304V272C256 263.2 248.8 256 240 256H208C199.2 256 192 263.2 192 272V304zM336 256C327.2 256 320 263.2 320 272V304C320 312.8 327.2 320 336 320H368C376.8 320 384 312.8 384 304V272C384 263.2 376.8 256 368 256H336zM64 432C64 440.8 71.16 448 80 448H112C120.8 448 128 440.8 128 432V400C128 391.2 120.8 384 112 384H80C71.16 384 64 391.2 64 400V432zM208 384C199.2 384 192 391.2 192 400V432C192 440.8 199.2 448 208 448H240C248.8 448 256 440.8 256 432V400C256 391.2 248.8 384 240 384H208zM320 432C320 440.8 327.2 448 336 448H368C376.8 448 384 440.8 384 432V400C384 391.2 376.8 384 368 384H336C327.2 384 320 391.2 320 400V432z\"><\/path><\/svg><\/div><div class=\"uagb-timeline__day-new uagb-timeline__day-right uagb-timeline__events-inner-new\"><div class=\"uagb-timeline__events-inner--content\"><div class=\"uagb-timeline__date-hide uagb-timeline__inner-date-new\">2013<\/div><p class=\"uagb-timeline__heading\">Europe WARM\u2019UP<\/p><p class=\"uagb-timeline-desc-content\"><mark style=\"background-color:rgba(0, 0, 0, 0)\" class=\"has-inline-color has-ast-global-color-1-color\">\u2192<\/mark> European regatta in IMOCA 60 boats as <strong>preparation for the great challenge<\/strong> of the Vend\u00e9e Globe.<br><mark style=\"background-color:rgba(0, 0, 0, 0)\" class=\"has-inline-color has-ast-global-color-1-color\">\u2192<\/mark>  Two legs: Barcelona \u2013 Cascais \u2013 La Rochelle.<br><br><img loading=\"lazy\" decoding=\"async\" width=\"400\" height=\"256\" class=\"wp-image-257461\" style=\"width: 400px;\" src=\"https:\/\/www.barcelonacapitalnautica.org\/wp-content\/uploads\/2023\/04\/2012-M.jpg\" alt=\"\" srcset=\"https:\/\/www.barcelonacapitalnautica.org\/wp-content\/uploads\/2023\/04\/2012-M.jpg 1220w, https:\/\/www.barcelonacapitalnautica.org\/wp-content\/uploads\/2023\/04\/2012-M-560x358.jpg 560w, https:\/\/www.barcelonacapitalnautica.org\/wp-content\/uploads\/2023\/04\/2012-M-900x575.jpg 900w, https:\/\/www.barcelonacapitalnautica.org\/wp-content\/uploads\/2023\/04\/2012-M-380x243.jpg 380w, https:\/\/www.barcelonacapitalnautica.org\/wp-content\/uploads\/2023\/04\/2012-M-768x491.jpg 768w\" sizes=\"auto, (max-width: 400px) 100vw, 400px\" \/><\/p><div class=\"uagb-timeline__arrow\"><\/div><\/div><\/div><div class=\"uagb-timeline__date-new\">2013<\/div><\/article>\n\n\n\n<article class=\"wp-block-uagb-content-timeline-child uagb-timeline__field uagb-timeline-child-3278bd08-3e62-4140-8001-0ba4d7deca28 uagb-timeline__left\"><div class=\"uagb-timeline__marker out-view-uagb-timeline__icon\"><svg xmlns=\"https:\/\/www.w3.org\/2000\/svg\" viewBox=\"0 0 448 512\"><path d=\"M160 32V64H288V32C288 14.33 302.3 0 320 0C337.7 0 352 14.33 352 32V64H400C426.5 64 448 85.49 448 112V160H0V112C0 85.49 21.49 64 48 64H96V32C96 14.33 110.3 0 128 0C145.7 0 160 14.33 160 32zM0 192H448V464C448 490.5 426.5 512 400 512H48C21.49 512 0 490.5 0 464V192zM64 304C64 312.8 71.16 320 80 320H112C120.8 320 128 312.8 128 304V272C128 263.2 120.8 256 112 256H80C71.16 256 64 263.2 64 272V304zM192 304C192 312.8 199.2 320 208 320H240C248.8 320 256 312.8 256 304V272C256 263.2 248.8 256 240 256H208C199.2 256 192 263.2 192 272V304zM336 256C327.2 256 320 263.2 320 272V304C320 312.8 327.2 320 336 320H368C376.8 320 384 312.8 384 304V272C384 263.2 376.8 256 368 256H336zM64 432C64 440.8 71.16 448 80 448H112C120.8 448 128 440.8 128 432V400C128 391.2 120.8 384 112 384H80C71.16 384 64 391.2 64 400V432zM208 384C199.2 384 192 391.2 192 400V432C192 440.8 199.2 448 208 448H240C248.8 448 256 440.8 256 432V400C256 391.2 248.8 384 240 384H208zM320 432C320 440.8 327.2 448 336 448H368C376.8 448 384 440.8 384 432V400C384 391.2 376.8 384 368 384H336C327.2 384 320 391.2 320 400V432z\"><\/path><\/svg><\/div><div class=\"uagb-timeline__day-new uagb-timeline__day-left uagb-timeline__events-inner-new\"><div class=\"uagb-timeline__events-inner--content\"><div class=\"uagb-timeline__date-hide uagb-timeline__inner-date-new\">2014<\/div><p class=\"uagb-timeline__heading\">New York &#8211; Barcelona (II)<\/p><p class=\"uagb-timeline-desc-content\"><mark style=\"background-color:rgba(0, 0, 0, 0)\" class=\"has-inline-color has-ast-global-color-1-color\">\u2192<\/mark> <strong>2nd edition<\/strong> of the New York &#8211; Barcelona Record.<br><mark style=\"background-color:rgba(0, 0, 0, 0)\" class=\"has-inline-color has-ast-global-color-1-color\">\u2192<\/mark> Starting from Manhattan, the IMOCA Ocean Masters New York to Barcelona Race was conceived to provide <strong>visibility to the IMOCA class <\/strong>in the valuable North American market.<br><br><img loading=\"lazy\" decoding=\"async\" width=\"300\" height=\"182\" class=\"wp-image-268601\" style=\"width: 300px;\" src=\"https:\/\/www.barcelonacapitalnautica.org\/wp-content\/uploads\/2024\/07\/NY.webp\" alt=\"\" srcset=\"https:\/\/www.barcelonacapitalnautica.org\/wp-content\/uploads\/2024\/07\/NY.webp 636w, https:\/\/www.barcelonacapitalnautica.org\/wp-content\/uploads\/2024\/07\/NY-560x340.webp 560w, https:\/\/www.barcelonacapitalnautica.org\/wp-content\/uploads\/2024\/07\/NY-380x231.webp 380w\" sizes=\"auto, (max-width: 300px) 100vw, 300px\" \/><\/p><div class=\"uagb-timeline__arrow\"><\/div><\/div><\/div><div class=\"uagb-timeline__date-new\">2014<\/div><\/article>\n\n\n\n<article class=\"wp-block-uagb-content-timeline-child uagb-timeline__field uagb-timeline-child-ada18705-e261-45ef-997e-12e31fefe5fa uagb-timeline__right\"><div class=\"uagb-timeline__marker out-view-uagb-timeline__icon\"><svg xmlns=\"https:\/\/www.w3.org\/2000\/svg\" viewBox=\"0 0 448 512\"><path d=\"M160 32V64H288V32C288 14.33 302.3 0 320 0C337.7 0 352 14.33 352 32V64H400C426.5 64 448 85.49 448 112V160H0V112C0 85.49 21.49 64 48 64H96V32C96 14.33 110.3 0 128 0C145.7 0 160 14.33 160 32zM0 192H448V464C448 490.5 426.5 512 400 512H48C21.49 512 0 490.5 0 464V192zM64 304C64 312.8 71.16 320 80 320H112C120.8 320 128 312.8 128 304V272C128 263.2 120.8 256 112 256H80C71.16 256 64 263.2 64 272V304zM192 304C192 312.8 199.2 320 208 320H240C248.8 320 256 312.8 256 304V272C256 263.2 248.8 256 240 256H208C199.2 256 192 263.2 192 272V304zM336 256C327.2 256 320 263.2 320 272V304C320 312.8 327.2 320 336 320H368C376.8 320 384 312.8 384 304V272C384 263.2 376.8 256 368 256H336zM64 432C64 440.8 71.16 448 80 448H112C120.8 448 128 440.8 128 432V400C128 391.2 120.8 384 112 384H80C71.16 384 64 391.2 64 400V432zM208 384C199.2 384 192 391.2 192 400V432C192 440.8 199.2 448 208 448H240C248.8 448 256 440.8 256 432V400C256 391.2 248.8 384 240 384H208zM320 432C320 440.8 327.2 448 336 448H368C376.8 448 384 440.8 384 432V400C384 391.2 376.8 384 368 384H336C327.2 384 320 391.2 320 400V432z\"><\/path><\/svg><\/div><div class=\"uagb-timeline__day-new uagb-timeline__day-right uagb-timeline__events-inner-new\"><div class=\"uagb-timeline__events-inner--content\"><div class=\"uagb-timeline__date-hide uagb-timeline__inner-date-new\">2014-2015<\/div><p class=\"uagb-timeline__heading\">Barcelona World Race (III)<\/p><p class=\"uagb-timeline-desc-content\"><mark style=\"background-color:rgba(0, 0, 0, 0)\" class=\"has-inline-color has-ast-global-color-1-color\">\u2192<\/mark> In this edition, all teams were awarded in recognition of their effort in the regatta and their <strong>collaboration in scientific projects <\/strong>commissioned by various institutions, such as UNESCO.<br><br><img loading=\"lazy\" decoding=\"async\" width=\"300\" height=\"200\" class=\"wp-image-268617\" style=\"width: 300px;\" src=\"https:\/\/www.barcelonacapitalnautica.org\/wp-content\/uploads\/2024\/07\/BWR-3a-edicio.webp\" alt=\"\"><\/p><div class=\"uagb-timeline__arrow\"><\/div><\/div><\/div><div class=\"uagb-timeline__date-new\">2014-2015<\/div><\/article>\n\n\n\n<article class=\"wp-block-uagb-content-timeline-child uagb-timeline__field uagb-timeline-child-b2c6b3ea uagb-timeline__left\"><div class=\"uagb-timeline__marker out-view-uagb-timeline__icon\"><svg xmlns=\"https:\/\/www.w3.org\/2000\/svg\" viewBox=\"0 0 448 512\"><path d=\"M160 32V64H288V32C288 14.33 302.3 0 320 0C337.7 0 352 14.33 352 32V64H400C426.5 64 448 85.49 448 112V160H0V112C0 85.49 21.49 64 48 64H96V32C96 14.33 110.3 0 128 0C145.7 0 160 14.33 160 32zM0 192H448V464C448 490.5 426.5 512 400 512H48C21.49 512 0 490.5 0 464V192zM64 304C64 312.8 71.16 320 80 320H112C120.8 320 128 312.8 128 304V272C128 263.2 120.8 256 112 256H80C71.16 256 64 263.2 64 272V304zM192 304C192 312.8 199.2 320 208 320H240C248.8 320 256 312.8 256 304V272C256 263.2 248.8 256 240 256H208C199.2 256 192 263.2 192 272V304zM336 256C327.2 256 320 263.2 320 272V304C320 312.8 327.2 320 336 320H368C376.8 320 384 312.8 384 304V272C384 263.2 376.8 256 368 256H336zM64 432C64 440.8 71.16 448 80 448H112C120.8 448 128 440.8 128 432V400C128 391.2 120.8 384 112 384H80C71.16 384 64 391.2 64 400V432zM208 384C199.2 384 192 391.2 192 400V432C192 440.8 199.2 448 208 448H240C248.8 448 256 440.8 256 432V400C256 391.2 248.8 384 240 384H208zM320 432C320 440.8 327.2 448 336 448H368C376.8 448 384 440.8 384 432V400C384 391.2 376.8 384 368 384H336C327.2 384 320 391.2 320 400V432z\"><\/path><\/svg><\/div><div class=\"uagb-timeline__day-new uagb-timeline__day-left uagb-timeline__events-inner-new\"><div class=\"uagb-timeline__events-inner--content\"><div class=\"uagb-timeline__date-hide uagb-timeline__inner-date-new\">2017-2018<\/div><p class=\"uagb-timeline__heading\">Extreme Sailing Series \u2122<\/p><p class=\"uagb-timeline-desc-content\"><mark style=\"background-color:rgba(0, 0, 0, 0)\" class=\"has-inline-color has-ast-global-color-1-color\">\u2192<\/mark> Barcelona reaffirms itself as an international reference in high-level sailing by hosting the famous <strong>extreme sailing competition in foiling catamarans<\/strong> for the first time.<br><br><img loading=\"lazy\" decoding=\"async\" width=\"300\" height=\"200\" class=\"wp-image-268614\" style=\"width: 300px;\" src=\"https:\/\/www.barcelonacapitalnautica.org\/wp-content\/uploads\/2024\/07\/Extrem-sailing-2017.webp\" alt=\"\"><\/p><div class=\"uagb-timeline__arrow\"><\/div><\/div><\/div><div class=\"uagb-timeline__date-new\">2017-2018<\/div><\/article>\n\n\n\n<article class=\"wp-block-uagb-content-timeline-child uagb-timeline__field uagb-timeline-child-31d70939 uagb-timeline__right\"><div class=\"uagb-timeline__marker out-view-uagb-timeline__icon\"><svg xmlns=\"https:\/\/www.w3.org\/2000\/svg\" viewBox=\"0 0 448 512\"><path d=\"M160 32V64H288V32C288 14.33 302.3 0 320 0C337.7 0 352 14.33 352 32V64H400C426.5 64 448 85.49 448 112V160H0V112C0 85.49 21.49 64 48 64H96V32C96 14.33 110.3 0 128 0C145.7 0 160 14.33 160 32zM0 192H448V464C448 490.5 426.5 512 400 512H48C21.49 512 0 490.5 0 464V192zM64 304C64 312.8 71.16 320 80 320H112C120.8 320 128 312.8 128 304V272C128 263.2 120.8 256 112 256H80C71.16 256 64 263.2 64 272V304zM192 304C192 312.8 199.2 320 208 320H240C248.8 320 256 312.8 256 304V272C256 263.2 248.8 256 240 256H208C199.2 256 192 263.2 192 272V304zM336 256C327.2 256 320 263.2 320 272V304C320 312.8 327.2 320 336 320H368C376.8 320 384 312.8 384 304V272C384 263.2 376.8 256 368 256H336zM64 432C64 440.8 71.16 448 80 448H112C120.8 448 128 440.8 128 432V400C128 391.2 120.8 384 112 384H80C71.16 384 64 391.2 64 400V432zM208 384C199.2 384 192 391.2 192 400V432C192 440.8 199.2 448 208 448H240C248.8 448 256 440.8 256 432V400C256 391.2 248.8 384 240 384H208zM320 432C320 440.8 327.2 448 336 448H368C376.8 448 384 440.8 384 432V400C384 391.2 376.8 384 368 384H336C327.2 384 320 391.2 320 400V432z\"><\/path><\/svg><\/div><div class=\"uagb-timeline__day-new uagb-timeline__day-right uagb-timeline__events-inner-new\"><div class=\"uagb-timeline__events-inner--content\"><div class=\"uagb-timeline__date-hide uagb-timeline__inner-date-new\">2018<\/div><p class=\"uagb-timeline__heading\">Extreme Sailing Series \u2122<\/p><p class=\"uagb-timeline-desc-content\"><mark style=\"background-color:rgba(0, 0, 0, 0)\" class=\"has-inline-color has-ast-global-color-1-color\">\u2192<\/mark> Following the success of the previous edition, FNOB co-organized this <strong>spectacular event <\/strong>once again alongside OC Sport.<br><br><img loading=\"lazy\" decoding=\"async\" width=\"300\" height=\"172\" class=\"wp-image-268620\" style=\"width: 300px;\" src=\"https:\/\/www.barcelonacapitalnautica.org\/wp-content\/uploads\/2024\/07\/Extreme-sailing-series-2018.webp\" alt=\"\"><\/p><div class=\"uagb-timeline__arrow\"><\/div><\/div><\/div><div class=\"uagb-timeline__date-new\">2018<\/div><\/article>\n\n\n\n<article class=\"wp-block-uagb-content-timeline-child uagb-timeline__field uagb-timeline-child-d909fc20-dfe7-4123-be2f-d379312f7f95 uagb-timeline__left\"><div class=\"uagb-timeline__marker out-view-uagb-timeline__icon\"><svg xmlns=\"https:\/\/www.w3.org\/2000\/svg\" viewBox=\"0 0 448 512\"><path d=\"M160 32V64H288V32C288 14.33 302.3 0 320 0C337.7 0 352 14.33 352 32V64H400C426.5 64 448 85.49 448 112V160H0V112C0 85.49 21.49 64 48 64H96V32C96 14.33 110.3 0 128 0C145.7 0 160 14.33 160 32zM0 192H448V464C448 490.5 426.5 512 400 512H48C21.49 512 0 490.5 0 464V192zM64 304C64 312.8 71.16 320 80 320H112C120.8 320 128 312.8 128 304V272C128 263.2 120.8 256 112 256H80C71.16 256 64 263.2 64 272V304zM192 304C192 312.8 199.2 320 208 320H240C248.8 320 256 312.8 256 304V272C256 263.2 248.8 256 240 256H208C199.2 256 192 263.2 192 272V304zM336 256C327.2 256 320 263.2 320 272V304C320 312.8 327.2 320 336 320H368C376.8 320 384 312.8 384 304V272C384 263.2 376.8 256 368 256H336zM64 432C64 440.8 71.16 448 80 448H112C120.8 448 128 440.8 128 432V400C128 391.2 120.8 384 112 384H80C71.16 384 64 391.2 64 400V432zM208 384C199.2 384 192 391.2 192 400V432C192 440.8 199.2 448 208 448H240C248.8 448 256 440.8 256 432V400C256 391.2 248.8 384 240 384H208zM320 432C320 440.8 327.2 448 336 448H368C376.8 448 384 440.8 384 432V400C384 391.2 376.8 384 368 384H336C327.2 384 320 391.2 320 400V432z\"><\/path><\/svg><\/div><div class=\"uagb-timeline__day-new uagb-timeline__day-left uagb-timeline__events-inner-new\"><div class=\"uagb-timeline__events-inner--content\"><div class=\"uagb-timeline__date-hide uagb-timeline__inner-date-new\">2019<\/div><p class=\"uagb-timeline__heading\">BaseMini FNOB Barcelona regatta (I)<\/p><p class=\"uagb-timeline-desc-content\"><mark style=\"background-color:rgba(0, 0, 0, 0)\" class=\"has-inline-color has-ast-global-color-1-color\">\u2192<\/mark> The Base Mini FNOB regatta proposed a 420-mile two-leg route that traversed the <strong>smaller Balearic Islands<\/strong> as a warm-up preamble for the sailors heading to the Mini Transat 2019.<\/p><div class=\"uagb-timeline__arrow\"><\/div><\/div><\/div><div class=\"uagb-timeline__date-new\">2019<\/div><\/article>\n\n\n\n<article class=\"wp-block-uagb-content-timeline-child uagb-timeline__field uagb-timeline-child-b8af782c-cf6a-45a0-941c-869f6f4ab7c6 uagb-timeline__right\"><div class=\"uagb-timeline__marker out-view-uagb-timeline__icon\"><svg xmlns=\"https:\/\/www.w3.org\/2000\/svg\" viewBox=\"0 0 448 512\"><path d=\"M160 32V64H288V32C288 14.33 302.3 0 320 0C337.7 0 352 14.33 352 32V64H400C426.5 64 448 85.49 448 112V160H0V112C0 85.49 21.49 64 48 64H96V32C96 14.33 110.3 0 128 0C145.7 0 160 14.33 160 32zM0 192H448V464C448 490.5 426.5 512 400 512H48C21.49 512 0 490.5 0 464V192zM64 304C64 312.8 71.16 320 80 320H112C120.8 320 128 312.8 128 304V272C128 263.2 120.8 256 112 256H80C71.16 256 64 263.2 64 272V304zM192 304C192 312.8 199.2 320 208 320H240C248.8 320 256 312.8 256 304V272C256 263.2 248.8 256 240 256H208C199.2 256 192 263.2 192 272V304zM336 256C327.2 256 320 263.2 320 272V304C320 312.8 327.2 320 336 320H368C376.8 320 384 312.8 384 304V272C384 263.2 376.8 256 368 256H336zM64 432C64 440.8 71.16 448 80 448H112C120.8 448 128 440.8 128 432V400C128 391.2 120.8 384 112 384H80C71.16 384 64 391.2 64 400V432zM208 384C199.2 384 192 391.2 192 400V432C192 440.8 199.2 448 208 448H240C248.8 448 256 440.8 256 432V400C256 391.2 248.8 384 240 384H208zM320 432C320 440.8 327.2 448 336 448H368C376.8 448 384 440.8 384 432V400C384 391.2 376.8 384 368 384H336C327.2 384 320 391.2 320 400V432z\"><\/path><\/svg><\/div><div class=\"uagb-timeline__day-new uagb-timeline__day-right uagb-timeline__events-inner-new\"><div class=\"uagb-timeline__events-inner--content\"><div class=\"uagb-timeline__date-hide uagb-timeline__inner-date-new\">2021<\/div><p class=\"uagb-timeline__heading\">BaseMini FNOB Barcelona regatta (II)<\/p><p class=\"uagb-timeline-desc-content\"><mark style=\"background-color:rgba(0, 0, 0, 0)\" class=\"has-inline-color has-ast-global-color-1-color\">\u2192<\/mark> The regatta was included in the official 2021 calendar of the <strong>Mini Class in the Mediterranean<\/strong>, allowing participants to accumulate miles to qualify for the major challenge of the Mini Transat 2021.<br><br><img decoding=\"async\" class=\"wp-image-268625\" style=\"width: 300px;\" src=\"https:\/\/www.barcelonacapitalnautica.org\/wp-content\/uploads\/2024\/07\/regatabasemini2021_ganador-SERIE-Fede-Waksman_foto-Laura-Carrau-300x200-1-e1720708224175.webp\" alt=\"\"><\/p><div class=\"uagb-timeline__arrow\"><\/div><\/div><\/div><div class=\"uagb-timeline__date-new\">2021<\/div><\/article>\n\n\n\n<article class=\"wp-block-uagb-content-timeline-child uagb-timeline__field uagb-timeline-child-1dd632b4-2037-44c3-a367-c16120b85a67 uagb-timeline__left\"><div class=\"uagb-timeline__marker out-view-uagb-timeline__icon\"><svg xmlns=\"https:\/\/www.w3.org\/2000\/svg\" viewBox=\"0 0 448 512\"><path d=\"M160 32V64H288V32C288 14.33 302.3 0 320 0C337.7 0 352 14.33 352 32V64H400C426.5 64 448 85.49 448 112V160H0V112C0 85.49 21.49 64 48 64H96V32C96 14.33 110.3 0 128 0C145.7 0 160 14.33 160 32zM0 192H448V464C448 490.5 426.5 512 400 512H48C21.49 512 0 490.5 0 464V192zM64 304C64 312.8 71.16 320 80 320H112C120.8 320 128 312.8 128 304V272C128 263.2 120.8 256 112 256H80C71.16 256 64 263.2 64 272V304zM192 304C192 312.8 199.2 320 208 320H240C248.8 320 256 312.8 256 304V272C256 263.2 248.8 256 240 256H208C199.2 256 192 263.2 192 272V304zM336 256C327.2 256 320 263.2 320 272V304C320 312.8 327.2 320 336 320H368C376.8 320 384 312.8 384 304V272C384 263.2 376.8 256 368 256H336zM64 432C64 440.8 71.16 448 80 448H112C120.8 448 128 440.8 128 432V400C128 391.2 120.8 384 112 384H80C71.16 384 64 391.2 64 400V432zM208 384C199.2 384 192 391.2 192 400V432C192 440.8 199.2 448 208 448H240C248.8 448 256 440.8 256 432V400C256 391.2 248.8 384 240 384H208zM320 432C320 440.8 327.2 448 336 448H368C376.8 448 384 440.8 384 432V400C384 391.2 376.8 384 368 384H336C327.2 384 320 391.2 320 400V432z\"><\/path><\/svg><\/div><div class=\"uagb-timeline__day-new uagb-timeline__day-left uagb-timeline__events-inner-new\"><div class=\"uagb-timeline__events-inner--content\"><div class=\"uagb-timeline__date-hide uagb-timeline__inner-date-new\">2022<\/div><p class=\"uagb-timeline__heading\">Solo Med regatta (I)<\/p><p class=\"uagb-timeline-desc-content\"><mark style=\"background-color:rgba(0, 0, 0, 0)\" class=\"has-inline-color has-ast-global-color-1-color\">\u2192<\/mark> More than <strong>800 miles solo sailing<\/strong>, around Barcelona, the Balearic Islands, and the Valencian Community. By participating, sailors obtained the necessary miles to qualify for the Les Sabres-Azores Race, the most important event on the 2022 Atlantic calendar.<br><br><img loading=\"lazy\" decoding=\"async\" width=\"300\" height=\"200\" class=\"wp-image-268640\" style=\"width: 300px;\" src=\"https:\/\/www.barcelonacapitalnautica.org\/wp-content\/uploads\/2024\/07\/2022solomed_DSC05387-300x200-1.webp\" alt=\"\"><\/p><div class=\"uagb-timeline__arrow\"><\/div><\/div><\/div><div class=\"uagb-timeline__date-new\">2022<\/div><\/article>\n\n\n\n<article class=\"wp-block-uagb-content-timeline-child uagb-timeline__field uagb-timeline-child-1a6b8400-a0bc-4286-8373-2e7a4494c7fc uagb-timeline__right\"><div class=\"uagb-timeline__marker out-view-uagb-timeline__icon\"><svg xmlns=\"https:\/\/www.w3.org\/2000\/svg\" viewBox=\"0 0 448 512\"><path d=\"M160 32V64H288V32C288 14.33 302.3 0 320 0C337.7 0 352 14.33 352 32V64H400C426.5 64 448 85.49 448 112V160H0V112C0 85.49 21.49 64 48 64H96V32C96 14.33 110.3 0 128 0C145.7 0 160 14.33 160 32zM0 192H448V464C448 490.5 426.5 512 400 512H48C21.49 512 0 490.5 0 464V192zM64 304C64 312.8 71.16 320 80 320H112C120.8 320 128 312.8 128 304V272C128 263.2 120.8 256 112 256H80C71.16 256 64 263.2 64 272V304zM192 304C192 312.8 199.2 320 208 320H240C248.8 320 256 312.8 256 304V272C256 263.2 248.8 256 240 256H208C199.2 256 192 263.2 192 272V304zM336 256C327.2 256 320 263.2 320 272V304C320 312.8 327.2 320 336 320H368C376.8 320 384 312.8 384 304V272C384 263.2 376.8 256 368 256H336zM64 432C64 440.8 71.16 448 80 448H112C120.8 448 128 440.8 128 432V400C128 391.2 120.8 384 112 384H80C71.16 384 64 391.2 64 400V432zM208 384C199.2 384 192 391.2 192 400V432C192 440.8 199.2 448 208 448H240C248.8 448 256 440.8 256 432V400C256 391.2 248.8 384 240 384H208zM320 432C320 440.8 327.2 448 336 448H368C376.8 448 384 440.8 384 432V400C384 391.2 376.8 384 368 384H336C327.2 384 320 391.2 320 400V432z\"><\/path><\/svg><\/div><div class=\"uagb-timeline__day-new uagb-timeline__day-right uagb-timeline__events-inner-new\"><div class=\"uagb-timeline__events-inner--content\"><div class=\"uagb-timeline__date-hide uagb-timeline__inner-date-new\">2023<\/div><p class=\"uagb-timeline__heading\">Solo Med regatta (II)<\/p><p class=\"uagb-timeline-desc-content\"><mark style=\"background-color:rgba(0, 0, 0, 0)\" class=\"has-inline-color has-ast-global-color-1-color\">\u2192<\/mark> This is the second edition of this sports event organized by Barcelona Capital N\u00e0utica in collaboration with Base Mini and Club N\u00e0utic Sa R\u00e0pita as the organizing club. The races in the event have been part of the qualifying circuit for the <strong>Mini Class 6.50<\/strong>.<br><br><img loading=\"lazy\" decoding=\"async\" width=\"300\" height=\"225\" class=\"wp-image-258690\" style=\"width: 300px;\" src=\"https:\/\/www.barcelonacapitalnautica.org\/wp-content\/uploads\/2023\/05\/solomed-2023_CNR_RECBLAU-0493.jpg\" alt=\"\" srcset=\"https:\/\/www.barcelonacapitalnautica.org\/wp-content\/uploads\/2023\/05\/solomed-2023_CNR_RECBLAU-0493.jpg 2000w, https:\/\/www.barcelonacapitalnautica.org\/wp-content\/uploads\/2023\/05\/solomed-2023_CNR_RECBLAU-0493-560x420.jpg 560w, https:\/\/www.barcelonacapitalnautica.org\/wp-content\/uploads\/2023\/05\/solomed-2023_CNR_RECBLAU-0493-900x675.jpg 900w, https:\/\/www.barcelonacapitalnautica.org\/wp-content\/uploads\/2023\/05\/solomed-2023_CNR_RECBLAU-0493-380x285.jpg 380w, https:\/\/www.barcelonacapitalnautica.org\/wp-content\/uploads\/2023\/05\/solomed-2023_CNR_RECBLAU-0493-768x576.jpg 768w, https:\/\/www.barcelonacapitalnautica.org\/wp-content\/uploads\/2023\/05\/solomed-2023_CNR_RECBLAU-0493-1536x1152.jpg 1536w\" sizes=\"auto, (max-width: 300px) 100vw, 300px\" \/><\/p><div class=\"uagb-timeline__arrow\"><\/div><\/div><\/div><div class=\"uagb-timeline__date-new\">2023<\/div><\/article>\n\n\n\n<article class=\"wp-block-uagb-content-timeline-child uagb-timeline__field uagb-timeline-child-580f5d32 uagb-timeline__left\"><div class=\"uagb-timeline__marker out-view-uagb-timeline__icon\"><svg xmlns=\"https:\/\/www.w3.org\/2000\/svg\" viewBox=\"0 0 448 512\"><path d=\"M160 32V64H288V32C288 14.33 302.3 0 320 0C337.7 0 352 14.33 352 32V64H400C426.5 64 448 85.49 448 112V160H0V112C0 85.49 21.49 64 48 64H96V32C96 14.33 110.3 0 128 0C145.7 0 160 14.33 160 32zM0 192H448V464C448 490.5 426.5 512 400 512H48C21.49 512 0 490.5 0 464V192zM64 304C64 312.8 71.16 320 80 320H112C120.8 320 128 312.8 128 304V272C128 263.2 120.8 256 112 256H80C71.16 256 64 263.2 64 272V304zM192 304C192 312.8 199.2 320 208 320H240C248.8 320 256 312.8 256 304V272C256 263.2 248.8 256 240 256H208C199.2 256 192 263.2 192 272V304zM336 256C327.2 256 320 263.2 320 272V304C320 312.8 327.2 320 336 320H368C376.8 320 384 312.8 384 304V272C384 263.2 376.8 256 368 256H336zM64 432C64 440.8 71.16 448 80 448H112C120.8 448 128 440.8 128 432V400C128 391.2 120.8 384 112 384H80C71.16 384 64 391.2 64 400V432zM208 384C199.2 384 192 391.2 192 400V432C192 440.8 199.2 448 208 448H240C248.8 448 256 440.8 256 432V400C256 391.2 248.8 384 240 384H208zM320 432C320 440.8 327.2 448 336 448H368C376.8 448 384 440.8 384 432V400C384 391.2 376.8 384 368 384H336C327.2 384 320 391.2 320 400V432z\"><\/path><\/svg><\/div><div class=\"uagb-timeline__day-new uagb-timeline__day-left uagb-timeline__events-inner-new\"><div class=\"uagb-timeline__events-inner--content\"><div class=\"uagb-timeline__date-hide uagb-timeline__inner-date-new\">2024<\/div><p class=\"uagb-timeline__heading\">Solo Med regatta (III)<\/p><p class=\"uagb-timeline-desc-content\"><mark style=\"background-color:rgba(0, 0, 0, 0)\" class=\"has-inline-color has-ast-global-color-1-color\">\u2192<\/mark> This competition, established in the <strong>racing calendar<\/strong> of the class in southern Europe and qualifying for the Mini Transat, has covered a total of 700 nautical miles across the Mediterranean.<br><br><img loading=\"lazy\" decoding=\"async\" width=\"300\" height=\"225\" class=\"wp-image-266942\" style=\"width: 300px;\" src=\"https:\/\/www.barcelonacapitalnautica.org\/wp-content\/uploads\/2024\/05\/Noti-Sortida-2a-etapa-Solo-Med-244.jpg\" alt=\"\" srcset=\"https:\/\/www.barcelonacapitalnautica.org\/wp-content\/uploads\/2024\/05\/Noti-Sortida-2a-etapa-Solo-Med-244.jpg 1600w, https:\/\/www.barcelonacapitalnautica.org\/wp-content\/uploads\/2024\/05\/Noti-Sortida-2a-etapa-Solo-Med-244-560x420.jpg 560w, https:\/\/www.barcelonacapitalnautica.org\/wp-content\/uploads\/2024\/05\/Noti-Sortida-2a-etapa-Solo-Med-244-900x675.jpg 900w, https:\/\/www.barcelonacapitalnautica.org\/wp-content\/uploads\/2024\/05\/Noti-Sortida-2a-etapa-Solo-Med-244-380x285.jpg 380w, https:\/\/www.barcelonacapitalnautica.org\/wp-content\/uploads\/2024\/05\/Noti-Sortida-2a-etapa-Solo-Med-244-768x576.jpg 768w, https:\/\/www.barcelonacapitalnautica.org\/wp-content\/uploads\/2024\/05\/Noti-Sortida-2a-etapa-Solo-Med-244-1536x1152.jpg 1536w\" sizes=\"auto, (max-width: 300px) 100vw, 300px\" \/><\/p><div class=\"uagb-timeline__arrow\"><\/div><\/div><\/div><div class=\"uagb-timeline__date-new\">2024<\/div><\/article>\n<div class=\"uagb-timeline__line\"><div class=\"uagb-timeline__line__inner\"><\/div><\/div><\/div>\n<\/div>\n<\/div>\n<\/div><\/div>\n","protected":false},"excerpt":{"rendered":"<p>Regattas L&#8217;estela d&#8217;una gran hist\u00f2ria<\/p>\n","protected":false},"author":1,"featured_media":259840,"parent":260554,"menu_order":5,"comment_status":"closed","ping_status":"closed","template":"","meta":{"_uag_custom_page_level_css":"","site-sidebar-layout":"default","site-content-layout":"","ast-site-content-layout":"default","site-content-style":"default","site-sidebar-style":"default","ast-global-header-display":"","ast-banner-title-visibility":"","ast-main-header-display":"","ast-hfb-above-header-display":"","ast-hfb-below-header-display":"","ast-hfb-mobile-header-display":"","site-post-title":"disabled","ast-breadcrumbs-content":"","ast-featured-img":"disabled","footer-sml-layout":"","ast-disable-related-posts":"","theme-transparent-header-meta":"","adv-header-id-meta":"","stick-header-meta":"","header-above-stick-meta":"","header-main-stick-meta":"","header-below-stick-meta":"","astra-migrate-meta-layouts":"set","ast-page-background-enabled":"default","ast-page-background-meta":{"desktop":{"background-color":"","background-image":"","background-repeat":"repeat","background-position":"center center","background-size":"auto","background-attachment":"scroll","background-type":"","background-media":"","overlay-type":"","overlay-color":"","overlay-opacity":"","overlay-gradient":""},"tablet":{"background-color":"","background-image":"","background-repeat":"repeat","background-position":"center center","background-size":"auto","background-attachment":"scroll","background-type":"","background-media":"","overlay-type":"","overlay-color":"","overlay-opacity":"","overlay-gradient":""},"mobile":{"background-color":"","background-image":"","background-repeat":"repeat","background-position":"center center","background-size":"auto","background-attachment":"scroll","background-type":"","background-media":"","overlay-type":"","overlay-color":"","overlay-opacity":"","overlay-gradient":""}},"ast-content-background-meta":{"desktop":{"background-color":"var(--ast-global-color-5)","background-image":"","background-repeat":"repeat","background-position":"center center","background-size":"auto","background-attachment":"scroll","background-type":"","background-media":"","overlay-type":"","overlay-color":"","overlay-opacity":"","overlay-gradient":""},"tablet":{"background-color":"var(--ast-global-color-5)","background-image":"","background-repeat":"repeat","background-position":"center center","background-size":"auto","background-attachment":"scroll","background-type":"","background-media":"","overlay-type":"","overlay-color":"","overlay-opacity":"","overlay-gradient":""},"mobile":{"background-color":"var(--ast-global-color-5)","background-image":"","background-repeat":"repeat","background-position":"center center","background-size":"auto","background-attachment":"scroll","background-type":"","background-media":"","overlay-type":"","overlay-color":"","overlay-opacity":"","overlay-gradient":""}},"_price":"","_stock":"","_tribe_ticket_header":"","_tribe_default_ticket_provider":"","_tribe_ticket_capacity":"0","_ticket_start_date":"","_ticket_end_date":"","_tribe_ticket_show_description":"","_tribe_ticket_show_not_going":false,"_tribe_ticket_use_global_stock":"","_tribe_ticket_global_stock_level":"","_global_stock_mode":"","_global_stock_cap":"","_tribe_rsvp_for_event":"","_tribe_ticket_going_count":"","_tribe_ticket_not_going_count":"","_tribe_tickets_list":[],"_tribe_ticket_has_attendee_info_fields":false,"footnotes":""},"class_list":["post-260578","page","type-page","status-publish","has-post-thumbnail","hentry"],"yoast_head":"<!-- This site is optimized with the Yoast SEO plugin v27.5 - https:\/\/yoast.com\/product\/yoast-seo-wordpress\/ -->\n<title>regattas - Barcelona Capital N\u00e0utica<\/title>\n<meta name=\"description\" content=\"Barcelona and Catalonia accumulate a journey of great experiences, marked by memorable myths and sporting milestones of competitive sailing.\" \/>\n<meta name=\"robots\" content=\"index, follow, max-snippet:-1, max-image-preview:large, max-video-preview:-1\" \/>\n<link rel=\"canonical\" href=\"https:\/\/www.barcelonacapitalnautica.org\/en\/sport\/foundation-regattas\/\" \/>\n<meta property=\"og:locale\" content=\"en_US\" \/>\n<meta property=\"og:type\" content=\"article\" \/>\n<meta property=\"og:title\" content=\"regattas - Barcelona Capital N\u00e0utica\" \/>\n<meta property=\"og:description\" content=\"Barcelona and Catalonia accumulate a journey of great experiences, marked by memorable myths and sporting milestones of competitive sailing.\" \/>\n<meta property=\"og:url\" content=\"https:\/\/www.barcelonacapitalnautica.org\/en\/sport\/foundation-regattas\/\" \/>\n<meta property=\"og:site_name\" content=\"Barcelona Capital N\u00e0utica\" \/>\n<meta property=\"article:publisher\" content=\"https:\/\/www.facebook.com\/barcelonacapitalnautica\" \/>\n<meta property=\"article:modified_time\" content=\"2025-05-09T10:29:59+00:00\" \/>\n<meta property=\"og:image\" content=\"https:\/\/www.barcelonacapitalnautica.org\/wp-content\/uploads\/2023\/04\/2022solomed_DSC05470.jpg\" \/>\n\t<meta property=\"og:image:width\" content=\"1500\" \/>\n\t<meta property=\"og:image:height\" content=\"1000\" \/>\n\t<meta property=\"og:image:type\" content=\"image\/jpeg\" \/>\n<meta name=\"twitter:card\" content=\"summary_large_image\" \/>\n<meta name=\"twitter:site\" content=\"@bcnautica\" \/>\n<meta name=\"twitter:label1\" content=\"Est. reading time\" \/>\n\t<meta name=\"twitter:data1\" content=\"9 minutes\" \/>\n<script type=\"application\/ld+json\" class=\"yoast-schema-graph\">{\"@context\":\"https:\\\/\\\/schema.org\",\"@graph\":[{\"@type\":\"WebPage\",\"@id\":\"https:\\\/\\\/www.barcelonacapitalnautica.org\\\/en\\\/sport\\\/foundation-regattas\\\/\",\"url\":\"https:\\\/\\\/www.barcelonacapitalnautica.org\\\/en\\\/sport\\\/foundation-regattas\\\/\",\"name\":\"regattas - Barcelona Capital N\u00e0utica\",\"isPartOf\":{\"@id\":\"https:\\\/\\\/www.barcelonacapitalnautica.org\\\/en\\\/#website\"},\"primaryImageOfPage\":{\"@id\":\"https:\\\/\\\/www.barcelonacapitalnautica.org\\\/en\\\/sport\\\/foundation-regattas\\\/#primaryimage\"},\"image\":{\"@id\":\"https:\\\/\\\/www.barcelonacapitalnautica.org\\\/en\\\/sport\\\/foundation-regattas\\\/#primaryimage\"},\"thumbnailUrl\":\"https:\\\/\\\/www.barcelonacapitalnautica.org\\\/wp-content\\\/uploads\\\/2023\\\/04\\\/2022solomed_DSC05470.jpg\",\"datePublished\":\"2023-05-01T23:00:00+00:00\",\"dateModified\":\"2025-05-09T10:29:59+00:00\",\"description\":\"Barcelona and Catalonia accumulate a journey of great experiences, marked by memorable myths and sporting milestones of competitive sailing.\",\"breadcrumb\":{\"@id\":\"https:\\\/\\\/www.barcelonacapitalnautica.org\\\/en\\\/sport\\\/foundation-regattas\\\/#breadcrumb\"},\"inLanguage\":\"en-US\",\"potentialAction\":[{\"@type\":\"ReadAction\",\"target\":[\"https:\\\/\\\/www.barcelonacapitalnautica.org\\\/en\\\/sport\\\/foundation-regattas\\\/\"]}]},{\"@type\":\"ImageObject\",\"inLanguage\":\"en-US\",\"@id\":\"https:\\\/\\\/www.barcelonacapitalnautica.org\\\/en\\\/sport\\\/foundation-regattas\\\/#primaryimage\",\"url\":\"https:\\\/\\\/www.barcelonacapitalnautica.org\\\/wp-content\\\/uploads\\\/2023\\\/04\\\/2022solomed_DSC05470.jpg\",\"contentUrl\":\"https:\\\/\\\/www.barcelonacapitalnautica.org\\\/wp-content\\\/uploads\\\/2023\\\/04\\\/2022solomed_DSC05470.jpg\",\"width\":1500,\"height\":1000,\"caption\":\"Solo Med 2022\"},{\"@type\":\"BreadcrumbList\",\"@id\":\"https:\\\/\\\/www.barcelonacapitalnautica.org\\\/en\\\/sport\\\/foundation-regattas\\\/#breadcrumb\",\"itemListElement\":[{\"@type\":\"ListItem\",\"position\":1,\"name\":\"Inici\",\"item\":\"https:\\\/\\\/www.barcelonacapitalnautica.org\\\/en\\\/\"},{\"@type\":\"ListItem\",\"position\":2,\"name\":\"Sport\",\"item\":\"https:\\\/\\\/www.barcelonacapitalnautica.org\\\/en\\\/sport\\\/\"},{\"@type\":\"ListItem\",\"position\":3,\"name\":\"regattas\"}]},{\"@type\":\"WebSite\",\"@id\":\"https:\\\/\\\/www.barcelonacapitalnautica.org\\\/en\\\/#website\",\"url\":\"https:\\\/\\\/www.barcelonacapitalnautica.org\\\/en\\\/\",\"name\":\"Barcelona Capital N\u00e0utica\",\"description\":\"Barcelona Capital N\u00e0utica\",\"publisher\":{\"@id\":\"https:\\\/\\\/www.barcelonacapitalnautica.org\\\/en\\\/#organization\"},\"alternateName\":\"BCN\u00e0utica, FBCN\",\"potentialAction\":[{\"@type\":\"SearchAction\",\"target\":{\"@type\":\"EntryPoint\",\"urlTemplate\":\"https:\\\/\\\/www.barcelonacapitalnautica.org\\\/en\\\/?s={search_term_string}\"},\"query-input\":{\"@type\":\"PropertyValueSpecification\",\"valueRequired\":true,\"valueName\":\"search_term_string\"}}],\"inLanguage\":\"en-US\"},{\"@type\":\"Organization\",\"@id\":\"https:\\\/\\\/www.barcelonacapitalnautica.org\\\/en\\\/#organization\",\"name\":\"Barcelona Capital N\u00e0utica\",\"alternateName\":\"Fundaci\u00f3 Barcelona Capital N\u00e0utica\",\"url\":\"https:\\\/\\\/www.barcelonacapitalnautica.org\\\/en\\\/\",\"logo\":{\"@type\":\"ImageObject\",\"inLanguage\":\"en-US\",\"@id\":\"https:\\\/\\\/www.barcelonacapitalnautica.org\\\/en\\\/#\\\/schema\\\/logo\\\/image\\\/\",\"url\":\"https:\\\/\\\/www.barcelonacapitalnautica.org\\\/wp-content\\\/uploads\\\/2023\\\/03\\\/Logo-blau.svg\",\"contentUrl\":\"https:\\\/\\\/www.barcelonacapitalnautica.org\\\/wp-content\\\/uploads\\\/2023\\\/03\\\/Logo-blau.svg\",\"width\":200,\"height\":58,\"caption\":\"Barcelona Capital N\u00e0utica\"},\"image\":{\"@id\":\"https:\\\/\\\/www.barcelonacapitalnautica.org\\\/en\\\/#\\\/schema\\\/logo\\\/image\\\/\"},\"sameAs\":[\"https:\\\/\\\/www.facebook.com\\\/barcelonacapitalnautica\",\"https:\\\/\\\/x.com\\\/bcnautica\",\"https:\\\/\\\/www.instagram.com\\\/bcnautica\\\/\",\"https:\\\/\\\/www.linkedin.com\\\/company\\\/barcelona-capital-nautica\"]}]}<\/script>\n<!-- \/ Yoast SEO plugin. -->","yoast_head_json":{"title":"regattas - Barcelona Capital N\u00e0utica","description":"Barcelona and Catalonia accumulate a journey of great experiences, marked by memorable myths and sporting milestones of competitive sailing.","robots":{"index":"index","follow":"follow","max-snippet":"max-snippet:-1","max-image-preview":"max-image-preview:large","max-video-preview":"max-video-preview:-1"},"canonical":"https:\/\/www.barcelonacapitalnautica.org\/en\/sport\/foundation-regattas\/","og_locale":"en_US","og_type":"article","og_title":"regattas - Barcelona Capital N\u00e0utica","og_description":"Barcelona and Catalonia accumulate a journey of great experiences, marked by memorable myths and sporting milestones of competitive sailing.","og_url":"https:\/\/www.barcelonacapitalnautica.org\/en\/sport\/foundation-regattas\/","og_site_name":"Barcelona Capital N\u00e0utica","article_publisher":"https:\/\/www.facebook.com\/barcelonacapitalnautica","article_modified_time":"2025-05-09T10:29:59+00:00","og_image":[{"width":1500,"height":1000,"url":"https:\/\/www.barcelonacapitalnautica.org\/wp-content\/uploads\/2023\/04\/2022solomed_DSC05470.jpg","type":"image\/jpeg"}],"twitter_card":"summary_large_image","twitter_site":"@bcnautica","twitter_misc":{"Est. reading time":"9 minutes"},"schema":{"@context":"https:\/\/schema.org","@graph":[{"@type":"WebPage","@id":"https:\/\/www.barcelonacapitalnautica.org\/en\/sport\/foundation-regattas\/","url":"https:\/\/www.barcelonacapitalnautica.org\/en\/sport\/foundation-regattas\/","name":"regattas - Barcelona Capital N\u00e0utica","isPartOf":{"@id":"https:\/\/www.barcelonacapitalnautica.org\/en\/#website"},"primaryImageOfPage":{"@id":"https:\/\/www.barcelonacapitalnautica.org\/en\/sport\/foundation-regattas\/#primaryimage"},"image":{"@id":"https:\/\/www.barcelonacapitalnautica.org\/en\/sport\/foundation-regattas\/#primaryimage"},"thumbnailUrl":"https:\/\/www.barcelonacapitalnautica.org\/wp-content\/uploads\/2023\/04\/2022solomed_DSC05470.jpg","datePublished":"2023-05-01T23:00:00+00:00","dateModified":"2025-05-09T10:29:59+00:00","description":"Barcelona and Catalonia accumulate a journey of great experiences, marked by memorable myths and sporting milestones of competitive sailing.","breadcrumb":{"@id":"https:\/\/www.barcelonacapitalnautica.org\/en\/sport\/foundation-regattas\/#breadcrumb"},"inLanguage":"en-US","potentialAction":[{"@type":"ReadAction","target":["https:\/\/www.barcelonacapitalnautica.org\/en\/sport\/foundation-regattas\/"]}]},{"@type":"ImageObject","inLanguage":"en-US","@id":"https:\/\/www.barcelonacapitalnautica.org\/en\/sport\/foundation-regattas\/#primaryimage","url":"https:\/\/www.barcelonacapitalnautica.org\/wp-content\/uploads\/2023\/04\/2022solomed_DSC05470.jpg","contentUrl":"https:\/\/www.barcelonacapitalnautica.org\/wp-content\/uploads\/2023\/04\/2022solomed_DSC05470.jpg","width":1500,"height":1000,"caption":"Solo Med 2022"},{"@type":"BreadcrumbList","@id":"https:\/\/www.barcelonacapitalnautica.org\/en\/sport\/foundation-regattas\/#breadcrumb","itemListElement":[{"@type":"ListItem","position":1,"name":"Inici","item":"https:\/\/www.barcelonacapitalnautica.org\/en\/"},{"@type":"ListItem","position":2,"name":"Sport","item":"https:\/\/www.barcelonacapitalnautica.org\/en\/sport\/"},{"@type":"ListItem","position":3,"name":"regattas"}]},{"@type":"WebSite","@id":"https:\/\/www.barcelonacapitalnautica.org\/en\/#website","url":"https:\/\/www.barcelonacapitalnautica.org\/en\/","name":"Barcelona Capital N\u00e0utica","description":"Barcelona Capital N\u00e0utica","publisher":{"@id":"https:\/\/www.barcelonacapitalnautica.org\/en\/#organization"},"alternateName":"BCN\u00e0utica, FBCN","potentialAction":[{"@type":"SearchAction","target":{"@type":"EntryPoint","urlTemplate":"https:\/\/www.barcelonacapitalnautica.org\/en\/?s={search_term_string}"},"query-input":{"@type":"PropertyValueSpecification","valueRequired":true,"valueName":"search_term_string"}}],"inLanguage":"en-US"},{"@type":"Organization","@id":"https:\/\/www.barcelonacapitalnautica.org\/en\/#organization","name":"Barcelona Capital N\u00e0utica","alternateName":"Fundaci\u00f3 Barcelona Capital N\u00e0utica","url":"https:\/\/www.barcelonacapitalnautica.org\/en\/","logo":{"@type":"ImageObject","inLanguage":"en-US","@id":"https:\/\/www.barcelonacapitalnautica.org\/en\/#\/schema\/logo\/image\/","url":"https:\/\/www.barcelonacapitalnautica.org\/wp-content\/uploads\/2023\/03\/Logo-blau.svg","contentUrl":"https:\/\/www.barcelonacapitalnautica.org\/wp-content\/uploads\/2023\/03\/Logo-blau.svg","width":200,"height":58,"caption":"Barcelona Capital N\u00e0utica"},"image":{"@id":"https:\/\/www.barcelonacapitalnautica.org\/en\/#\/schema\/logo\/image\/"},"sameAs":["https:\/\/www.facebook.com\/barcelonacapitalnautica","https:\/\/x.com\/bcnautica","https:\/\/www.instagram.com\/bcnautica\/","https:\/\/www.linkedin.com\/company\/barcelona-capital-nautica"]}]}},"uagb_featured_image_src":{"full":["https:\/\/www.barcelonacapitalnautica.org\/wp-content\/uploads\/2023\/04\/2022solomed_DSC05470.jpg",1500,1000,false],"thumbnail":["https:\/\/www.barcelonacapitalnautica.org\/wp-content\/uploads\/2023\/04\/2022solomed_DSC05470-380x253.jpg",380,253,true],"medium":["https:\/\/www.barcelonacapitalnautica.org\/wp-content\/uploads\/2023\/04\/2022solomed_DSC05470-560x373.jpg",560,373,true],"medium_large":["https:\/\/www.barcelonacapitalnautica.org\/wp-content\/uploads\/2023\/04\/2022solomed_DSC05470-768x512.jpg",768,512,true],"large":["https:\/\/www.barcelonacapitalnautica.org\/wp-content\/uploads\/2023\/04\/2022solomed_DSC05470-900x600.jpg",900,600,true],"1536x1536":["https:\/\/www.barcelonacapitalnautica.org\/wp-content\/uploads\/2023\/04\/2022solomed_DSC05470.jpg",1500,1000,false],"2048x2048":["https:\/\/www.barcelonacapitalnautica.org\/wp-content\/uploads\/2023\/04\/2022solomed_DSC05470.jpg",1500,1000,false]},"uagb_author_info":{"display_name":"Barcelona Capital N\u00e0utica","author_link":"https:\/\/www.barcelonacapitalnautica.org\/en\/author\/fbcn_admin\/"},"uagb_comment_info":0,"uagb_excerpt":"Regattas L&#8217;estela d&#8217;una gran hist\u00f2ria","ticketed":false,"_links":{"self":[{"href":"https:\/\/www.barcelonacapitalnautica.org\/en\/wp-json\/wp\/v2\/pages\/260578","targetHints":{"allow":["GET"]}}],"collection":[{"href":"https:\/\/www.barcelonacapitalnautica.org\/en\/wp-json\/wp\/v2\/pages"}],"about":[{"href":"https:\/\/www.barcelonacapitalnautica.org\/en\/wp-json\/wp\/v2\/types\/page"}],"author":[{"embeddable":true,"href":"https:\/\/www.barcelonacapitalnautica.org\/en\/wp-json\/wp\/v2\/users\/1"}],"replies":[{"embeddable":true,"href":"https:\/\/www.barcelonacapitalnautica.org\/en\/wp-json\/wp\/v2\/comments?post=260578"}],"version-history":[{"count":20,"href":"https:\/\/www.barcelonacapitalnautica.org\/en\/wp-json\/wp\/v2\/pages\/260578\/revisions"}],"predecessor-version":[{"id":272166,"href":"https:\/\/www.barcelonacapitalnautica.org\/en\/wp-json\/wp\/v2\/pages\/260578\/revisions\/272166"}],"up":[{"embeddable":true,"href":"https:\/\/www.barcelonacapitalnautica.org\/en\/wp-json\/wp\/v2\/pages\/260554"}],"wp:featuredmedia":[{"embeddable":true,"href":"https:\/\/www.barcelonacapitalnautica.org\/en\/wp-json\/wp\/v2\/media\/259840"}],"wp:attachment":[{"href":"https:\/\/www.barcelonacapitalnautica.org\/en\/wp-json\/wp\/v2\/media?parent=260578"}],"curies":[{"name":"wp","href":"https:\/\/api.w.org\/{rel}","templated":true}]}}