{"id":265757,"date":"2024-03-26T13:09:26","date_gmt":"2024-03-26T12:09:26","guid":{"rendered":"https:\/\/www.barcelonacapitalnautica.org\/?page_id=265757"},"modified":"2024-04-04T12:54:59","modified_gmt":"2024-04-04T10:54:59","slug":"memoria-2023","status":"publish","type":"page","link":"https:\/\/www.barcelonacapitalnautica.org\/en\/memoria-2023\/","title":{"rendered":"Mem\u00f2ria 2023"},"content":{"rendered":"\n<div class=\"wp-block-uagb-container uagb-block-763f4e1a alignfull uagb-is-root-container\"><div class=\"uagb-container-inner-blocks-wrap\">\n<div class=\"wp-block-uagb-advanced-heading uagb-block-caabdc07\"><h2 class=\"uagb-heading-text\">Mem\u00f2ria d&#8217;Activitats 2023<\/h2><\/div>\n<\/div><\/div>\n\n\n\n<div class=\"wp-block-uagb-container uagb-block-328bf1fd alignfull uagb-is-root-container\"><div class=\"uagb-container-inner-blocks-wrap\">\n<hr class=\"wp-block-separator alignfull has-text-color has-ast-global-color-0-color has-alpha-channel-opacity has-ast-global-color-0-background-color has-background is-style-wide\"\/>\n<\/div><\/div>\n\n\n\n<div class=\"wp-block-uagb-container uagb-block-84e99cb7 alignfull uagb-is-root-container\"><div class=\"uagb-container-inner-blocks-wrap\">\n<div class=\"wp-block-uagb-container uagb-block-46eca032\">\n<div class=\"wp-block-uagb-image uagb-block-5e59f691 wp-block-uagb-image--layout-default wp-block-uagb-image--effect-static wp-block-uagb-image--align-none\"><figure class=\"wp-block-uagb-image__figure\"><a class=\"\" href=\"https:\/\/www.barcelonacapitalnautica.org\/wp-content\/uploads\/2024\/03\/FBCN_Memoria_2023_cat.pdf\" target=\"_blank\" rel=\"noreferrer noopener\"><img decoding=\"async\" srcset=\"https:\/\/www.barcelonacapitalnautica.org\/wp-content\/uploads\/2024\/03\/Portada_Memoria_Activitats_23-273x380.png ,https:\/\/www.barcelonacapitalnautica.org\/wp-content\/uploads\/2024\/03\/Portada_Memoria_Activitats_23.png 780w, https:\/\/www.barcelonacapitalnautica.org\/wp-content\/uploads\/2024\/03\/Portada_Memoria_Activitats_23.png 360w\" sizes=\"auto, (max-width: 480px) 150px\" src=\"https:\/\/www.barcelonacapitalnautica.org\/wp-content\/uploads\/2024\/03\/Portada_Memoria_Activitats_23-273x380.png\" alt=\"\" class=\"uag-image-265785\" width=\"273\" height=\"380\" title=\"Portada_Memoria_Activitats_23\" loading=\"lazy\" role=\"img\"\/><\/a><\/figure><\/div>\n<\/div>\n\n\n\n<div class=\"wp-block-uagb-container uagb-block-f6645612\">\n<figure class=\"wp-block-embed is-type-video is-provider-youtube wp-block-embed-youtube wp-embed-aspect-16-9 wp-has-aspect-ratio\"><div class=\"wp-block-embed__wrapper\">\n<iframe loading=\"lazy\" title=\"El llegat salpa!\" width=\"500\" height=\"281\" src=\"https:\/\/www.youtube.com\/embed\/3X86lVWt6cE?feature=oembed\" frameborder=\"0\" allow=\"accelerometer; autoplay; clipboard-write; encrypted-media; gyroscope; picture-in-picture; web-share\" referrerpolicy=\"strict-origin-when-cross-origin\" allowfullscreen><\/iframe>\n<\/div><\/figure>\n<\/div>\n<\/div><\/div>\n\n\n\n<div id=\"patronat\" class=\"wp-block-uagb-container uagb-block-5452caee alignfull uagb-is-root-container\"><div class=\"uagb-container-inner-blocks-wrap\">\n<div class=\"wp-block-uagb-advanced-heading uagb-block-eddcbcef\"><div class=\"uagb-separator\"><\/div><h4 class=\"uagb-heading-text\">Patronat<\/h4><\/div>\n\n\n\n<div class=\"wp-block-uagb-container patronat-container uagb-block-74e553a0\">\n<div class=\"wp-block-uagb-image aligncenter uagb-block-04d9bca9 wp-block-uagb-image--layout-default wp-block-uagb-image--effect-static wp-block-uagb-image--align-center patronat-img\"><figure class=\"wp-block-uagb-image__figure\"><img decoding=\"async\" srcset=\"https:\/\/www.barcelonacapitalnautica.org\/wp-content\/uploads\/2023\/03\/gencat.svg \" sizes=\"auto, (max-width: 480px) 150px\" src=\"https:\/\/www.barcelonacapitalnautica.org\/wp-content\/uploads\/2023\/03\/gencat.svg\" alt=\"\" class=\"uag-image-826\" width=\"189\" height=\"49\" title=\"\" loading=\"lazy\" role=\"img\"\/><\/figure><\/div>\n\n\n\n<div class=\"wp-block-uagb-image aligncenter uagb-block-bb3e1aaf wp-block-uagb-image--layout-default wp-block-uagb-image--effect-static wp-block-uagb-image--align-center patronat-img\"><figure class=\"wp-block-uagb-image__figure\"><img decoding=\"async\" srcset=\"https:\/\/www.barcelonacapitalnautica.org\/wp-content\/uploads\/2023\/03\/ajuntament-bcn.svg \" sizes=\"auto, (max-width: 480px) 150px\" src=\"https:\/\/www.barcelonacapitalnautica.org\/wp-content\/uploads\/2023\/03\/ajuntament-bcn.svg\" alt=\"\" class=\"uag-image-827\" width=\"179\" height=\"62\" title=\"\" loading=\"lazy\" role=\"img\"\/><\/figure><\/div>\n\n\n\n<div class=\"wp-block-uagb-image aligncenter uagb-block-f0c43ed6 wp-block-uagb-image--layout-default wp-block-uagb-image--effect-static wp-block-uagb-image--align-center patronat-img\"><figure class=\"wp-block-uagb-image__figure\"><img decoding=\"async\" srcset=\"https:\/\/www.barcelonacapitalnautica.org\/wp-content\/uploads\/2023\/03\/gobierno-esp.svg \" sizes=\"auto, (max-width: 480px) 150px\" src=\"https:\/\/www.barcelonacapitalnautica.org\/wp-content\/uploads\/2023\/03\/gobierno-esp.svg\" alt=\"\" class=\"uag-image-828\" width=\"224\" height=\"67\" title=\"\" loading=\"lazy\" role=\"img\"\/><\/figure><\/div>\n\n\n\n<div class=\"wp-block-uagb-image aligncenter uagb-block-a1273d6e wp-block-uagb-image--layout-default wp-block-uagb-image--effect-static wp-block-uagb-image--align-center patronat-img\"><figure class=\"wp-block-uagb-image__figure\"><img decoding=\"async\" srcset=\"https:\/\/www.barcelonacapitalnautica.org\/wp-content\/uploads\/2023\/03\/diputacio-bcn.svg \" sizes=\"auto, (max-width: 480px) 150px\" src=\"https:\/\/www.barcelonacapitalnautica.org\/wp-content\/uploads\/2023\/03\/diputacio-bcn.svg\" alt=\"\" class=\"uag-image-829\" width=\"160\" height=\"53\" title=\"\" loading=\"lazy\" role=\"img\"\/><\/figure><\/div>\n\n\n\n<div class=\"wp-block-uagb-image aligncenter uagb-block-027b1681 wp-block-uagb-image--layout-default wp-block-uagb-image--effect-static wp-block-uagb-image--align-center patronat-img\"><figure class=\"wp-block-uagb-image__figure\"><img decoding=\"async\" srcset=\"https:\/\/www.barcelonacapitalnautica.org\/wp-content\/uploads\/2023\/03\/port-bcn.svg \" sizes=\"auto, (max-width: 480px) 150px\" src=\"https:\/\/www.barcelonacapitalnautica.org\/wp-content\/uploads\/2023\/03\/port-bcn.svg\" alt=\"\" class=\"uag-image-830\" width=\"234\" height=\"51\" title=\"\" loading=\"lazy\" role=\"img\"\/><\/figure><\/div>\n\n\n\n<div class=\"wp-block-uagb-image aligncenter uagb-block-2b425fa5 wp-block-uagb-image--layout-default wp-block-uagb-image--effect-static wp-block-uagb-image--align-center patronat-img\"><figure class=\"wp-block-uagb-image__figure\"><img decoding=\"async\" srcset=\"https:\/\/www.barcelonacapitalnautica.org\/wp-content\/uploads\/2023\/03\/comerc-bcn.svg \" sizes=\"auto, (max-width: 480px) 150px\" src=\"https:\/\/www.barcelonacapitalnautica.org\/wp-content\/uploads\/2023\/03\/comerc-bcn.svg\" alt=\"\" class=\"uag-image-831\" width=\"203\" height=\"51\" title=\"\" loading=\"lazy\" role=\"img\"\/><\/figure><\/div>\n\n\n\n<div class=\"wp-block-uagb-image aligncenter uagb-block-69d01dd4 wp-block-uagb-image--layout-default wp-block-uagb-image--effect-static wp-block-uagb-image--align-center patronat-img\"><figure class=\"wp-block-uagb-image__figure\"><img decoding=\"async\" srcset=\"https:\/\/www.barcelonacapitalnautica.org\/wp-content\/uploads\/2023\/03\/bcn-turisme.svg \" sizes=\"auto, (max-width: 480px) 150px\" src=\"https:\/\/www.barcelonacapitalnautica.org\/wp-content\/uploads\/2023\/03\/bcn-turisme.svg\" alt=\"\" class=\"uag-image-832\" width=\"274\" height=\"52\" title=\"\" loading=\"lazy\" role=\"img\"\/><\/figure><\/div>\n\n\n\n<div class=\"wp-block-uagb-image aligncenter uagb-block-df6ce45a wp-block-uagb-image--layout-default wp-block-uagb-image--effect-static wp-block-uagb-image--align-center patronat-img\"><figure class=\"wp-block-uagb-image__figure\"><img decoding=\"async\" srcset=\"https:\/\/www.barcelonacapitalnautica.org\/wp-content\/uploads\/2023\/03\/bcn-global.svg \" sizes=\"auto, (max-width: 480px) 150px\" src=\"https:\/\/www.barcelonacapitalnautica.org\/wp-content\/uploads\/2023\/03\/bcn-global.svg\" alt=\"\" class=\"uag-image-833\" width=\"175\" height=\"53\" title=\"\" loading=\"lazy\" role=\"img\"\/><\/figure><\/div>\n<\/div>\n<\/div><\/div>\n","protected":false},"excerpt":{"rendered":"<p>Mem\u00f2ria d&#8217;Activitats 2023 Patronat<\/p>\n","protected":false},"author":3,"featured_media":265683,"parent":0,"menu_order":0,"comment_status":"closed","ping_status":"closed","template":"","meta":{"_uag_custom_page_level_css":"","site-sidebar-layout":"default","site-content-layout":"","ast-site-content-layout":"default","site-content-style":"default","site-sidebar-style":"default","ast-global-header-display":"","ast-banner-title-visibility":"","ast-main-header-display":"","ast-hfb-above-header-display":"","ast-hfb-below-header-display":"","ast-hfb-mobile-header-display":"","site-post-title":"disabled","ast-breadcrumbs-content":"","ast-featured-img":"disabled","footer-sml-layout":"","ast-disable-related-posts":"","theme-transparent-header-meta":"","adv-header-id-meta":"","stick-header-meta":"","header-above-stick-meta":"","header-main-stick-meta":"","header-below-stick-meta":"","astra-migrate-meta-layouts":"set","ast-page-background-enabled":"default","ast-page-background-meta":{"desktop":{"background-color":"","background-image":"","background-repeat":"repeat","background-position":"center center","background-size":"auto","background-attachment":"scroll","background-type":"","background-media":"","overlay-type":"","overlay-color":"","overlay-opacity":"","overlay-gradient":""},"tablet":{"background-color":"","background-image":"","background-repeat":"repeat","background-position":"center center","background-size":"auto","background-attachment":"scroll","background-type":"","background-media":"","overlay-type":"","overlay-color":"","overlay-opacity":"","overlay-gradient":""},"mobile":{"background-color":"","background-image":"","background-repeat":"repeat","background-position":"center center","background-size":"auto","background-attachment":"scroll","background-type":"","background-media":"","overlay-type":"","overlay-color":"","overlay-opacity":"","overlay-gradient":""}},"ast-content-background-meta":{"desktop":{"background-color":"var(--ast-global-color-5)","background-image":"","background-repeat":"repeat","background-position":"center center","background-size":"auto","background-attachment":"scroll","background-type":"","background-media":"","overlay-type":"","overlay-color":"","overlay-opacity":"","overlay-gradient":""},"tablet":{"background-color":"var(--ast-global-color-5)","background-image":"","background-repeat":"repeat","background-position":"center center","background-size":"auto","background-attachment":"scroll","background-type":"","background-media":"","overlay-type":"","overlay-color":"","overlay-opacity":"","overlay-gradient":""},"mobile":{"background-color":"var(--ast-global-color-5)","background-image":"","background-repeat":"repeat","background-position":"center center","background-size":"auto","background-attachment":"scroll","background-type":"","background-media":"","overlay-type":"","overlay-color":"","overlay-opacity":"","overlay-gradient":""}},"_price":"","_stock":"","_tribe_ticket_header":"","_tribe_default_ticket_provider":"","_tribe_ticket_capacity":"0","_ticket_start_date":"","_ticket_end_date":"","_tribe_ticket_show_description":"","_tribe_ticket_show_not_going":false,"_tribe_ticket_use_global_stock":"","_tribe_ticket_global_stock_level":"","_global_stock_mode":"","_global_stock_cap":"","_tribe_rsvp_for_event":"","_tribe_ticket_going_count":"","_tribe_ticket_not_going_count":"","_tribe_tickets_list":[],"_tribe_ticket_has_attendee_info_fields":false,"footnotes":""},"class_list":["post-265757","page","type-page","status-publish","has-post-thumbnail","hentry"],"yoast_head":"<!-- This site is optimized with the Yoast SEO plugin v27.5 - https:\/\/yoast.com\/product\/yoast-seo-wordpress\/ -->\n<title>Mem\u00f2ria 2023 - Barcelona Capital N\u00e0utica<\/title>\n<meta name=\"description\" content=\"La Fundaci\u00f3 Barcelona Capital N\u00e0utica ha tancat un any 2023 ple d&#039;activitats sobre esport, educaci\u00f3, sostenibilitat i cultura.\" \/>\n<meta name=\"robots\" content=\"index, follow, max-snippet:-1, max-image-preview:large, max-video-preview:-1\" \/>\n<link rel=\"canonical\" href=\"https:\/\/www.barcelonacapitalnautica.org\/en\/memoria-2023\/\" \/>\n<meta property=\"og:locale\" content=\"en_US\" \/>\n<meta property=\"og:type\" content=\"article\" \/>\n<meta property=\"og:title\" content=\"Mem\u00f2ria 2023 - Barcelona Capital N\u00e0utica\" \/>\n<meta property=\"og:description\" content=\"La Fundaci\u00f3 Barcelona Capital N\u00e0utica ha tancat un any 2023 ple d&#039;activitats sobre esport, educaci\u00f3, sostenibilitat i cultura.\" \/>\n<meta property=\"og:url\" content=\"https:\/\/www.barcelonacapitalnautica.org\/en\/memoria-2023\/\" \/>\n<meta property=\"og:site_name\" content=\"Barcelona Capital N\u00e0utica\" \/>\n<meta property=\"article:publisher\" content=\"https:\/\/www.facebook.com\/barcelonacapitalnautica\" \/>\n<meta property=\"article:modified_time\" content=\"2024-04-04T10:54:59+00:00\" \/>\n<meta property=\"og:image\" content=\"https:\/\/www.barcelonacapitalnautica.org\/wp-content\/uploads\/2023\/04\/molldellevant-e1682329769966.jpg\" \/>\n\t<meta property=\"og:image:width\" content=\"2000\" \/>\n\t<meta property=\"og:image:height\" content=\"1155\" \/>\n\t<meta property=\"og:image:type\" content=\"image\/jpeg\" \/>\n<meta name=\"twitter:card\" content=\"summary_large_image\" \/>\n<meta name=\"twitter:image\" content=\"https:\/\/www.barcelonacapitalnautica.org\/wp-content\/uploads\/2023\/04\/molldellevant-e1682329769966.jpg\" \/>\n<meta name=\"twitter:site\" content=\"@bcnautica\" \/>\n<meta name=\"twitter:label1\" content=\"Est. reading time\" \/>\n\t<meta name=\"twitter:data1\" content=\"3 minutes\" \/>\n<script type=\"application\/ld+json\" class=\"yoast-schema-graph\">{\"@context\":\"https:\\\/\\\/schema.org\",\"@graph\":[{\"@type\":\"WebPage\",\"@id\":\"https:\\\/\\\/www.barcelonacapitalnautica.org\\\/en\\\/memoria-2023\\\/\",\"url\":\"https:\\\/\\\/www.barcelonacapitalnautica.org\\\/en\\\/memoria-2023\\\/\",\"name\":\"Mem\u00f2ria 2023 - Barcelona Capital N\u00e0utica\",\"isPartOf\":{\"@id\":\"https:\\\/\\\/www.barcelonacapitalnautica.org\\\/en\\\/#website\"},\"primaryImageOfPage\":{\"@id\":\"https:\\\/\\\/www.barcelonacapitalnautica.org\\\/en\\\/memoria-2023\\\/#primaryimage\"},\"image\":{\"@id\":\"https:\\\/\\\/www.barcelonacapitalnautica.org\\\/en\\\/memoria-2023\\\/#primaryimage\"},\"thumbnailUrl\":\"https:\\\/\\\/www.barcelonacapitalnautica.org\\\/wp-content\\\/uploads\\\/2024\\\/03\\\/IMG20240228142306-scaled.jpg\",\"datePublished\":\"2024-03-26T12:09:26+00:00\",\"dateModified\":\"2024-04-04T10:54:59+00:00\",\"description\":\"La Fundaci\u00f3 Barcelona Capital N\u00e0utica ha tancat un any 2023 ple d'activitats sobre esport, educaci\u00f3, sostenibilitat i cultura.\",\"breadcrumb\":{\"@id\":\"https:\\\/\\\/www.barcelonacapitalnautica.org\\\/en\\\/memoria-2023\\\/#breadcrumb\"},\"inLanguage\":\"en-US\",\"potentialAction\":[{\"@type\":\"ReadAction\",\"target\":[\"https:\\\/\\\/www.barcelonacapitalnautica.org\\\/en\\\/memoria-2023\\\/\"]}]},{\"@type\":\"ImageObject\",\"inLanguage\":\"en-US\",\"@id\":\"https:\\\/\\\/www.barcelonacapitalnautica.org\\\/en\\\/memoria-2023\\\/#primaryimage\",\"url\":\"https:\\\/\\\/www.barcelonacapitalnautica.org\\\/wp-content\\\/uploads\\\/2024\\\/03\\\/IMG20240228142306-scaled.jpg\",\"contentUrl\":\"https:\\\/\\\/www.barcelonacapitalnautica.org\\\/wp-content\\\/uploads\\\/2024\\\/03\\\/IMG20240228142306-scaled.jpg\",\"width\":2560,\"height\":1920},{\"@type\":\"BreadcrumbList\",\"@id\":\"https:\\\/\\\/www.barcelonacapitalnautica.org\\\/en\\\/memoria-2023\\\/#breadcrumb\",\"itemListElement\":[{\"@type\":\"ListItem\",\"position\":1,\"name\":\"Inici\",\"item\":\"https:\\\/\\\/www.barcelonacapitalnautica.org\\\/en\\\/\"},{\"@type\":\"ListItem\",\"position\":2,\"name\":\"Mem\u00f2ria 2023\"}]},{\"@type\":\"WebSite\",\"@id\":\"https:\\\/\\\/www.barcelonacapitalnautica.org\\\/en\\\/#website\",\"url\":\"https:\\\/\\\/www.barcelonacapitalnautica.org\\\/en\\\/\",\"name\":\"Barcelona Capital N\u00e0utica\",\"description\":\"Barcelona Capital N\u00e0utica\",\"publisher\":{\"@id\":\"https:\\\/\\\/www.barcelonacapitalnautica.org\\\/en\\\/#organization\"},\"alternateName\":\"BCN\u00e0utica, FBCN\",\"potentialAction\":[{\"@type\":\"SearchAction\",\"target\":{\"@type\":\"EntryPoint\",\"urlTemplate\":\"https:\\\/\\\/www.barcelonacapitalnautica.org\\\/en\\\/?s={search_term_string}\"},\"query-input\":{\"@type\":\"PropertyValueSpecification\",\"valueRequired\":true,\"valueName\":\"search_term_string\"}}],\"inLanguage\":\"en-US\"},{\"@type\":\"Organization\",\"@id\":\"https:\\\/\\\/www.barcelonacapitalnautica.org\\\/en\\\/#organization\",\"name\":\"Barcelona Capital N\u00e0utica\",\"alternateName\":\"Fundaci\u00f3 Barcelona Capital N\u00e0utica\",\"url\":\"https:\\\/\\\/www.barcelonacapitalnautica.org\\\/en\\\/\",\"logo\":{\"@type\":\"ImageObject\",\"inLanguage\":\"en-US\",\"@id\":\"https:\\\/\\\/www.barcelonacapitalnautica.org\\\/en\\\/#\\\/schema\\\/logo\\\/image\\\/\",\"url\":\"https:\\\/\\\/www.barcelonacapitalnautica.org\\\/wp-content\\\/uploads\\\/2023\\\/03\\\/Logo-blau.svg\",\"contentUrl\":\"https:\\\/\\\/www.barcelonacapitalnautica.org\\\/wp-content\\\/uploads\\\/2023\\\/03\\\/Logo-blau.svg\",\"width\":200,\"height\":58,\"caption\":\"Barcelona Capital N\u00e0utica\"},\"image\":{\"@id\":\"https:\\\/\\\/www.barcelonacapitalnautica.org\\\/en\\\/#\\\/schema\\\/logo\\\/image\\\/\"},\"sameAs\":[\"https:\\\/\\\/www.facebook.com\\\/barcelonacapitalnautica\",\"https:\\\/\\\/x.com\\\/bcnautica\",\"https:\\\/\\\/www.instagram.com\\\/bcnautica\\\/\",\"https:\\\/\\\/www.linkedin.com\\\/company\\\/barcelona-capital-nautica\"]}]}<\/script>\n<!-- \/ Yoast SEO plugin. -->","yoast_head_json":{"title":"Mem\u00f2ria 2023 - Barcelona Capital N\u00e0utica","description":"La Fundaci\u00f3 Barcelona Capital N\u00e0utica ha tancat un any 2023 ple d'activitats sobre esport, educaci\u00f3, sostenibilitat i cultura.","robots":{"index":"index","follow":"follow","max-snippet":"max-snippet:-1","max-image-preview":"max-image-preview:large","max-video-preview":"max-video-preview:-1"},"canonical":"https:\/\/www.barcelonacapitalnautica.org\/en\/memoria-2023\/","og_locale":"en_US","og_type":"article","og_title":"Mem\u00f2ria 2023 - Barcelona Capital N\u00e0utica","og_description":"La Fundaci\u00f3 Barcelona Capital N\u00e0utica ha tancat un any 2023 ple d'activitats sobre esport, educaci\u00f3, sostenibilitat i cultura.","og_url":"https:\/\/www.barcelonacapitalnautica.org\/en\/memoria-2023\/","og_site_name":"Barcelona Capital N\u00e0utica","article_publisher":"https:\/\/www.facebook.com\/barcelonacapitalnautica","article_modified_time":"2024-04-04T10:54:59+00:00","og_image":[{"width":2000,"height":1155,"url":"https:\/\/www.barcelonacapitalnautica.org\/wp-content\/uploads\/2023\/04\/molldellevant-e1682329769966.jpg","type":"image\/jpeg"}],"twitter_card":"summary_large_image","twitter_image":"https:\/\/www.barcelonacapitalnautica.org\/wp-content\/uploads\/2023\/04\/molldellevant-e1682329769966.jpg","twitter_site":"@bcnautica","twitter_misc":{"Est. reading time":"3 minutes"},"schema":{"@context":"https:\/\/schema.org","@graph":[{"@type":"WebPage","@id":"https:\/\/www.barcelonacapitalnautica.org\/en\/memoria-2023\/","url":"https:\/\/www.barcelonacapitalnautica.org\/en\/memoria-2023\/","name":"Mem\u00f2ria 2023 - Barcelona Capital N\u00e0utica","isPartOf":{"@id":"https:\/\/www.barcelonacapitalnautica.org\/en\/#website"},"primaryImageOfPage":{"@id":"https:\/\/www.barcelonacapitalnautica.org\/en\/memoria-2023\/#primaryimage"},"image":{"@id":"https:\/\/www.barcelonacapitalnautica.org\/en\/memoria-2023\/#primaryimage"},"thumbnailUrl":"https:\/\/www.barcelonacapitalnautica.org\/wp-content\/uploads\/2024\/03\/IMG20240228142306-scaled.jpg","datePublished":"2024-03-26T12:09:26+00:00","dateModified":"2024-04-04T10:54:59+00:00","description":"La Fundaci\u00f3 Barcelona Capital N\u00e0utica ha tancat un any 2023 ple d'activitats sobre esport, educaci\u00f3, sostenibilitat i cultura.","breadcrumb":{"@id":"https:\/\/www.barcelonacapitalnautica.org\/en\/memoria-2023\/#breadcrumb"},"inLanguage":"en-US","potentialAction":[{"@type":"ReadAction","target":["https:\/\/www.barcelonacapitalnautica.org\/en\/memoria-2023\/"]}]},{"@type":"ImageObject","inLanguage":"en-US","@id":"https:\/\/www.barcelonacapitalnautica.org\/en\/memoria-2023\/#primaryimage","url":"https:\/\/www.barcelonacapitalnautica.org\/wp-content\/uploads\/2024\/03\/IMG20240228142306-scaled.jpg","contentUrl":"https:\/\/www.barcelonacapitalnautica.org\/wp-content\/uploads\/2024\/03\/IMG20240228142306-scaled.jpg","width":2560,"height":1920},{"@type":"BreadcrumbList","@id":"https:\/\/www.barcelonacapitalnautica.org\/en\/memoria-2023\/#breadcrumb","itemListElement":[{"@type":"ListItem","position":1,"name":"Inici","item":"https:\/\/www.barcelonacapitalnautica.org\/en\/"},{"@type":"ListItem","position":2,"name":"Mem\u00f2ria 2023"}]},{"@type":"WebSite","@id":"https:\/\/www.barcelonacapitalnautica.org\/en\/#website","url":"https:\/\/www.barcelonacapitalnautica.org\/en\/","name":"Barcelona Capital N\u00e0utica","description":"Barcelona Capital N\u00e0utica","publisher":{"@id":"https:\/\/www.barcelonacapitalnautica.org\/en\/#organization"},"alternateName":"BCN\u00e0utica, FBCN","potentialAction":[{"@type":"SearchAction","target":{"@type":"EntryPoint","urlTemplate":"https:\/\/www.barcelonacapitalnautica.org\/en\/?s={search_term_string}"},"query-input":{"@type":"PropertyValueSpecification","valueRequired":true,"valueName":"search_term_string"}}],"inLanguage":"en-US"},{"@type":"Organization","@id":"https:\/\/www.barcelonacapitalnautica.org\/en\/#organization","name":"Barcelona Capital N\u00e0utica","alternateName":"Fundaci\u00f3 Barcelona Capital N\u00e0utica","url":"https:\/\/www.barcelonacapitalnautica.org\/en\/","logo":{"@type":"ImageObject","inLanguage":"en-US","@id":"https:\/\/www.barcelonacapitalnautica.org\/en\/#\/schema\/logo\/image\/","url":"https:\/\/www.barcelonacapitalnautica.org\/wp-content\/uploads\/2023\/03\/Logo-blau.svg","contentUrl":"https:\/\/www.barcelonacapitalnautica.org\/wp-content\/uploads\/2023\/03\/Logo-blau.svg","width":200,"height":58,"caption":"Barcelona Capital N\u00e0utica"},"image":{"@id":"https:\/\/www.barcelonacapitalnautica.org\/en\/#\/schema\/logo\/image\/"},"sameAs":["https:\/\/www.facebook.com\/barcelonacapitalnautica","https:\/\/x.com\/bcnautica","https:\/\/www.instagram.com\/bcnautica\/","https:\/\/www.linkedin.com\/company\/barcelona-capital-nautica"]}]}},"uagb_featured_image_src":{"full":["https:\/\/www.barcelonacapitalnautica.org\/wp-content\/uploads\/2024\/03\/IMG20240228142306-scaled.jpg",2560,1920,false],"thumbnail":["https:\/\/www.barcelonacapitalnautica.org\/wp-content\/uploads\/2024\/03\/IMG20240228142306-380x285.jpg",380,285,true],"medium":["https:\/\/www.barcelonacapitalnautica.org\/wp-content\/uploads\/2024\/03\/IMG20240228142306-560x420.jpg",560,420,true],"medium_large":["https:\/\/www.barcelonacapitalnautica.org\/wp-content\/uploads\/2024\/03\/IMG20240228142306-768x576.jpg",768,576,true],"large":["https:\/\/www.barcelonacapitalnautica.org\/wp-content\/uploads\/2024\/03\/IMG20240228142306-900x675.jpg",900,675,true],"1536x1536":["https:\/\/www.barcelonacapitalnautica.org\/wp-content\/uploads\/2024\/03\/IMG20240228142306-1536x1152.jpg",1536,1152,true],"2048x2048":["https:\/\/www.barcelonacapitalnautica.org\/wp-content\/uploads\/2024\/03\/IMG20240228142306-2048x1536.jpg",2048,1536,true]},"uagb_author_info":{"display_name":"Cristina Martin","author_link":"https:\/\/www.barcelonacapitalnautica.org\/en\/author\/fbcn_cristina\/"},"uagb_comment_info":0,"uagb_excerpt":"Mem\u00f2ria d&#8217;Activitats 2023 Patronat","ticketed":false,"_links":{"self":[{"href":"https:\/\/www.barcelonacapitalnautica.org\/en\/wp-json\/wp\/v2\/pages\/265757","targetHints":{"allow":["GET"]}}],"collection":[{"href":"https:\/\/www.barcelonacapitalnautica.org\/en\/wp-json\/wp\/v2\/pages"}],"about":[{"href":"https:\/\/www.barcelonacapitalnautica.org\/en\/wp-json\/wp\/v2\/types\/page"}],"author":[{"embeddable":true,"href":"https:\/\/www.barcelonacapitalnautica.org\/en\/wp-json\/wp\/v2\/users\/3"}],"replies":[{"embeddable":true,"href":"https:\/\/www.barcelonacapitalnautica.org\/en\/wp-json\/wp\/v2\/comments?post=265757"}],"version-history":[{"count":10,"href":"https:\/\/www.barcelonacapitalnautica.org\/en\/wp-json\/wp\/v2\/pages\/265757\/revisions"}],"predecessor-version":[{"id":265875,"href":"https:\/\/www.barcelonacapitalnautica.org\/en\/wp-json\/wp\/v2\/pages\/265757\/revisions\/265875"}],"wp:featuredmedia":[{"embeddable":true,"href":"https:\/\/www.barcelonacapitalnautica.org\/en\/wp-json\/wp\/v2\/media\/265683"}],"wp:attachment":[{"href":"https:\/\/www.barcelonacapitalnautica.org\/en\/wp-json\/wp\/v2\/media?parent=265757"}],"curies":[{"name":"wp","href":"https:\/\/api.w.org\/{rel}","templated":true}]}}