{"id":271045,"date":"2025-02-14T16:58:26","date_gmt":"2025-02-14T15:58:26","guid":{"rendered":"https:\/\/www.barcelonacapitalnautica.org\/paraules-salades\/"},"modified":"2025-05-20T12:48:21","modified_gmt":"2025-05-20T10:48:21","slug":"paraules-salades","status":"publish","type":"page","link":"https:\/\/www.barcelonacapitalnautica.org\/en\/paraules-salades\/","title":{"rendered":"Paraules Salades"},"content":{"rendered":"\n<div class=\"wp-block-cover alignfull is-light has-parallax\" style=\"padding-top:40px;padding-right:40px;padding-bottom:40px;padding-left:40px;min-height:555px;aspect-ratio:unset;\" id=\"desitjos\"><span aria-hidden=\"true\" class=\"wp-block-cover__background has-background-dim-20 has-background-dim\" style=\"background-color:#000000\"><\/span><div class=\"wp-block-cover__image-background wp-image-271264 has-parallax\" style=\"background-position:50% 50%;background-image:url(https:\/\/www.barcelonacapitalnautica.org\/wp-content\/uploads\/2025\/03\/IMG20240423105454-scaled-e1741003226912.jpg)\"><\/div><div class=\"wp-block-cover__inner-container is-layout-flow wp-block-cover-is-layout-flow\">\n<div class=\"wp-block-uagb-container uagb-block-6a4c07d0 alignfull uagb-is-root-container\"><div class=\"uagb-container-inner-blocks-wrap\">\n<div class=\"wp-block-uagb-advanced-heading uagb-block-e0bb0f6e\"><h2 class=\"uagb-heading-text\"><em>Paraules Salades<\/em> is a space where we can share <strong>our two great passions: the sea and literature <\/strong>through &#8220;Mar de Llibres&#8221;<\/h2><\/div>\n<\/div><\/div>\n<\/div><\/div>\n\n\n\n<div class=\"wp-block-uagb-container uagb-block-d5415490 alignfull uagb-is-root-container\"><div class=\"uagb-container-inner-blocks-wrap\">\n<div class=\"wp-block-uagb-image aligncenter uagb-block-2fdadaa4 wp-block-uagb-image--layout-default wp-block-uagb-image--effect-static wp-block-uagb-image--align-center alignwide\"><figure class=\"wp-block-uagb-image__figure\"><img decoding=\"async\" srcset=\"https:\/\/www.barcelonacapitalnautica.org\/wp-content\/uploads\/2025\/02\/Destacat-Paraules-Salades.png ,https:\/\/www.barcelonacapitalnautica.org\/wp-content\/uploads\/2025\/02\/Destacat-Paraules-Salades.png 780w, https:\/\/www.barcelonacapitalnautica.org\/wp-content\/uploads\/2025\/02\/Destacat-Paraules-Salades.png 360w\" sizes=\"auto, (max-width: 480px) 150px\" src=\"https:\/\/www.barcelonacapitalnautica.org\/wp-content\/uploads\/2025\/02\/Destacat-Paraules-Salades.png\" alt=\"\" class=\"uag-image-271032\" width=\"900\" height=\"600\" title=\"Destacat - Paraules Salades\" loading=\"lazy\" role=\"img\"\/><\/figure><\/div>\n\n\n\n<div class=\"wp-block-uagb-container uagb-block-c5ec1fc6\">\n<div class=\"wp-block-uagb-info-box uagb-block-00acff51 uagb-infobox__content-wrap  uagb-infobox-icon-above-title uagb-infobox-image-valign-top\"><div class=\"uagb-ifb-content\"><div class=\"uagb-ifb-title-wrap\"><h2 class=\"uagb-ifb-title\">The literary cycle<\/h2><\/div><p class=\"uagb-ifb-desc\"><em>Paraules Salades<\/em> is a series of literary talks designed for all those who love the sea, whether they are experienced sailors, sailing enthusiasts or simply people fascinated by the ocean and its cultural legacy. These meetings explore the <strong>relationship between literature and the sea<\/strong> through conversations with authors, specialists and lovers of literature.\n\nHosted by <strong>Marta Sangr\u00e0<\/strong> de <a href=\"https:\/\/www.instagram.com\/mardellibres\/\" target=\"_blank\" rel=\"noopener\">Mar de Llibres<\/a>, Paraules Salades offers a space for reflection and discovery about the magic of words and the immensity of water.\n\nEntry is free subject to reservation.<\/p><div class=\"uagb-ifb-button-wrapper wp-block-button\"><a href=\"https:\/\/open.spotify.com\/show\/0c3T4DUJilikrOeJHddYzD?si=3599db3320ed46f3\" class=\"uagb-infobox-cta-link wp-block-button__link\" target=\"_self\" rel=\"noopener noreferrer\" onclick=\"return true;\"><span class=\"uagb-inline-editing\">podcast<\/span><\/a><\/div><\/div><\/div>\n<\/div>\n<\/div><\/div>\n\n\n\n<div class=\"wp-block-uagb-container uagb-block-917b29f9 alignfull uagb-is-root-container\"><div class=\"uagb-container-inner-blocks-wrap\">\n<hr class=\"wp-block-separator alignfull has-text-color has-ast-global-color-0-color has-alpha-channel-opacity has-ast-global-color-0-background-color has-background is-style-wide\"\/>\n<\/div><\/div>\n\n\n\n<div class=\"wp-block-uagb-container uagb-block-44998299 alignfull uagb-is-root-container\"><div class=\"uagb-container-inner-blocks-wrap\">\n<div class=\"wp-block-uagb-image uagb-block-6ba3086e wp-block-uagb-image--layout-default wp-block-uagb-image--effect-static wp-block-uagb-image--align-none\"><figure class=\"wp-block-uagb-image__figure\"><img decoding=\"async\" srcset=\"https:\/\/www.barcelonacapitalnautica.org\/wp-content\/uploads\/2025\/02\/Cubierta_Tara_Tari-en-tamano-grande-253x380.jpeg ,https:\/\/www.barcelonacapitalnautica.org\/wp-content\/uploads\/2025\/02\/Cubierta_Tara_Tari-en-tamano-grande.jpeg 780w, https:\/\/www.barcelonacapitalnautica.org\/wp-content\/uploads\/2025\/02\/Cubierta_Tara_Tari-en-tamano-grande.jpeg 360w\" sizes=\"auto, (max-width: 480px) 150px\" src=\"https:\/\/www.barcelonacapitalnautica.org\/wp-content\/uploads\/2025\/02\/Cubierta_Tara_Tari-en-tamano-grande-253x380.jpeg\" alt=\"\" class=\"uag-image-270939\" width=\"253\" height=\"380\" title=\"Cubierta_Tara_Tari en taman\u0303o grande\" loading=\"lazy\" role=\"img\"\/><\/figure><\/div>\n\n\n\n<div class=\"wp-block-uagb-info-box uagb-block-aa099eed uagb-infobox__content-wrap  uagb-infobox-icon-above-title uagb-infobox-image-valign-top\"><div class=\"uagb-ifb-content\"><div class=\"uagb-ifb-title-wrap\"><h2 class=\"uagb-ifb-title\">Tara Tari<\/h2><\/div><p class=\"uagb-ifb-desc\">In the first session we talked with <a href=\"https:\/\/www.instagram.com\/capucine_trochet\/\" target=\"_blank\" rel=\"noopener\">Capucine Trochet<\/a>, navigator and author of Tara Tari, a story about the sea and resilience, a story about the search for freedom beyond the confines of the ocean.<br><br>In addition, we will also have the presence of Tomy Pelluz, founder of <a href=\"https:\/\/www.almayer.es\/\" target=\"_blank\" rel=\"noopener\">Almayer<\/a>, a publishing house on maritime literature that has just been born, whose name is due to Joseph Conrad and his first work: The Madness of Almayer.<\/p><\/div><\/div>\n\n\n\n<div class=\"wp-block-uagb-image uagb-block-fe4c3952 wp-block-uagb-image--layout-default wp-block-uagb-image--effect-static wp-block-uagb-image--align-none\"><figure class=\"wp-block-uagb-image__figure\"><img decoding=\"async\" srcset=\"https:\/\/www.barcelonacapitalnautica.org\/wp-content\/uploads\/2025\/02\/Capuccine-Trochet-900x879.jpeg ,https:\/\/www.barcelonacapitalnautica.org\/wp-content\/uploads\/2025\/02\/Capuccine-Trochet.jpeg 780w, https:\/\/www.barcelonacapitalnautica.org\/wp-content\/uploads\/2025\/02\/Capuccine-Trochet.jpeg 360w\" sizes=\"auto, (max-width: 480px) 150px\" src=\"https:\/\/www.barcelonacapitalnautica.org\/wp-content\/uploads\/2025\/02\/Capuccine-Trochet-900x879.jpeg\" alt=\"\" class=\"uag-image-270942\" width=\"900\" height=\"879\" title=\"OLYMPUS DIGITAL CAMERA\" loading=\"lazy\" role=\"img\"\/><\/figure><\/div>\n<\/div><\/div>\n\n\n\n<div class=\"wp-block-uagb-container uagb-block-05b79a78 alignfull uagb-is-root-container\"><div class=\"uagb-container-inner-blocks-wrap\">\n<hr class=\"wp-block-separator alignfull has-text-color has-ast-global-color-0-color has-alpha-channel-opacity has-ast-global-color-0-background-color has-background is-style-wide\"\/>\n<\/div><\/div>\n\n\n\n<div class=\"wp-block-uagb-container uagb-block-ac7dc18b alignfull uagb-is-root-container\"><div class=\"uagb-container-inner-blocks-wrap\">\n<div class=\"wp-block-uagb-image uagb-block-ff7086ef wp-block-uagb-image--layout-default wp-block-uagb-image--effect-static wp-block-uagb-image--align-none\"><figure class=\"wp-block-uagb-image__figure\"><img decoding=\"async\" srcset=\"https:\/\/www.barcelonacapitalnautica.org\/wp-content\/uploads\/2025\/02\/si-sabessis-el-mar-com-es-bonic-606x900.jpeg ,https:\/\/www.barcelonacapitalnautica.org\/wp-content\/uploads\/2025\/02\/si-sabessis-el-mar-com-es-bonic-scaled.jpeg 780w, https:\/\/www.barcelonacapitalnautica.org\/wp-content\/uploads\/2025\/02\/si-sabessis-el-mar-com-es-bonic-scaled.jpeg 360w\" sizes=\"auto, (max-width: 480px) 150px\" src=\"https:\/\/www.barcelonacapitalnautica.org\/wp-content\/uploads\/2025\/02\/si-sabessis-el-mar-com-es-bonic-606x900.jpeg\" alt=\"\" class=\"uag-image-271210\" width=\"606\" height=\"900\" title=\"si-sabessis-el-mar-com-es-bonic\" loading=\"lazy\" role=\"img\"\/><\/figure><\/div>\n\n\n\n<div class=\"wp-block-uagb-container uagb-block-633316c4\">\n<div class=\"wp-block-uagb-info-box uagb-block-a32e1daa uagb-infobox__content-wrap  uagb-infobox-icon-above-title uagb-infobox-image-valign-top\"><div class=\"uagb-ifb-content\"><div class=\"uagb-ifb-title-wrap\"><h2 class=\"uagb-ifb-title\"><strong>Si sabessis el mar com \u00e9s bonic<\/strong><\/h2><\/div><p class=\"uagb-ifb-desc\">&#8220;If you knew how beautiful the sea is&#8221; is a book about myths and legends, about <strong>mermaids and fishermen<\/strong>, and lost knowledge and wisdom that wants to be recovered. A story by Gemma Calduch about isolation and loneliness in a small fishing village.<br><br>This is her<strong> first novel<\/strong>, where the sea is both the source of livelihood for the inhabitants of the port, a mysterious force and the setting for the oldest myths.<\/p><\/div><\/div>\n<\/div>\n\n\n\n<div class=\"wp-block-uagb-image uagb-block-3915ce4a wp-block-uagb-image--layout-default wp-block-uagb-image--effect-static wp-block-uagb-image--align-none\"><figure class=\"wp-block-uagb-image__figure\"><img decoding=\"async\" srcset=\"https:\/\/www.barcelonacapitalnautica.org\/wp-content\/uploads\/2025\/03\/Gemma-Calduch-\u00a9-Noemi-Elias-Bascunana-1.jpg ,https:\/\/www.barcelonacapitalnautica.org\/wp-content\/uploads\/2025\/03\/Gemma-Calduch-\u00a9-Noemi-Elias-Bascunana-1.jpg 780w, https:\/\/www.barcelonacapitalnautica.org\/wp-content\/uploads\/2025\/03\/Gemma-Calduch-\u00a9-Noemi-Elias-Bascunana-1.jpg 360w\" sizes=\"auto, (max-width: 480px) 150px\" src=\"https:\/\/www.barcelonacapitalnautica.org\/wp-content\/uploads\/2025\/03\/Gemma-Calduch-\u00a9-Noemi-Elias-Bascunana-1.jpg\" alt=\"\" class=\"uag-image-271357\" width=\"900\" height=\"879\" title=\"Gemma Calduch \u00a9 Noemi\u0301 Elias Bascun\u0303ana - 1\" loading=\"lazy\" role=\"img\"\/><\/figure><\/div>\n<\/div><\/div>\n\n\n\n<div class=\"wp-block-uagb-container uag-hide-desktop uag-hide-tab uag-hide-mob uagb-block-ddac4fcb alignfull uagb-is-root-container\"><div class=\"uagb-container-inner-blocks-wrap\">\n<hr class=\"wp-block-separator alignfull has-text-color has-ast-global-color-0-color has-alpha-channel-opacity has-ast-global-color-0-background-color has-background is-style-wide\"\/>\n<\/div><\/div>\n\n\n\n<div class=\"wp-block-uagb-container uagb-block-4d363e93 alignfull uagb-is-root-container\"><div class=\"uagb-container-inner-blocks-wrap\">\n<div class=\"wp-block-uagb-info-box uagb-block-9370ac70 uagb-infobox__content-wrap  uagb-infobox-icon-above-title uagb-infobox-image-valign-top\"><div class=\"uagb-ifb-content\"><div class=\"uagb-ifb-title-wrap\"><h2 class=\"uagb-ifb-title\">Ara, i cada dem\u00e0<\/h2><\/div><p class=\"uagb-ifb-desc\">This session of Paraules Salades will revolve around Gl\u00f2ria Gasch\u2019s novel \u201cAra, i cada dem\u00e0\u201d. In a vindication of the epistolary genre, Gasch tells us about first love while discovering the <strong>most hidden corners of the Mediterranean<\/strong>.\n\nIn this novel, navigation becomes a learning space and the sea is shown to us from its most beautiful, but also deceptive, side.<\/p><div class=\"uagb-ifb-button-wrapper wp-block-button\"><a href=\"https:\/\/open.spotify.com\/episode\/6kbiFMYJpp0Mhrp2qWb7ly?si=SG4aRq-HQPa8uB9XCEAEew\" class=\"uagb-infobox-cta-link wp-block-button__link\" target=\"_self\" rel=\"noopener noreferrer\" onclick=\"return true;\"><span class=\"uagb-inline-editing\">podcast<\/span><\/a><\/div><\/div><\/div>\n\n\n\n<div class=\"wp-block-uagb-container uagb-block-35b073d5\">\n<div class=\"wp-block-uagb-image uagb-block-4b91a1e4 wp-block-uagb-image--layout-default wp-block-uagb-image--effect-static wp-block-uagb-image--align-none\"><figure class=\"wp-block-uagb-image__figure\"><img decoding=\"async\" srcset=\"https:\/\/www.barcelonacapitalnautica.org\/wp-content\/uploads\/2025\/02\/Ara-i-cada-dema-Gloria-Gash-358x560.jpeg ,https:\/\/www.barcelonacapitalnautica.org\/wp-content\/uploads\/2025\/02\/Ara-i-cada-dema-Gloria-Gash.jpeg 780w, https:\/\/www.barcelonacapitalnautica.org\/wp-content\/uploads\/2025\/02\/Ara-i-cada-dema-Gloria-Gash.jpeg 360w\" sizes=\"auto, (max-width: 480px) 150px\" src=\"https:\/\/www.barcelonacapitalnautica.org\/wp-content\/uploads\/2025\/02\/Ara-i-cada-dema-Gloria-Gash-358x560.jpeg\" alt=\"\" class=\"uag-image-271206\" width=\"358\" height=\"560\" title=\"Ara i cada dema - Gloria Gash\" loading=\"lazy\" role=\"img\"\/><\/figure><\/div>\n<\/div>\n\n\n\n<div class=\"wp-block-uagb-image uagb-block-914dacf1 wp-block-uagb-image--layout-default wp-block-uagb-image--effect-static wp-block-uagb-image--align-none\"><figure class=\"wp-block-uagb-image__figure\"><img decoding=\"async\" srcset=\"https:\/\/www.barcelonacapitalnautica.org\/wp-content\/uploads\/2025\/03\/Gloria-Gasch.png ,https:\/\/www.barcelonacapitalnautica.org\/wp-content\/uploads\/2025\/03\/Gloria-Gasch.png 780w, https:\/\/www.barcelonacapitalnautica.org\/wp-content\/uploads\/2025\/03\/Gloria-Gasch.png 360w\" sizes=\"auto, (max-width: 480px) 150px\" src=\"https:\/\/www.barcelonacapitalnautica.org\/wp-content\/uploads\/2025\/03\/Gloria-Gasch.png\" alt=\"\" class=\"uag-image-271367\" width=\"245\" height=\"326\" title=\"Gloria-Gasch\" loading=\"lazy\" role=\"img\"\/><\/figure><\/div>\n<\/div><\/div>\n\n\n\n<div class=\"wp-block-uagb-container uagb-block-b487946e alignfull uagb-is-root-container\"><div class=\"uagb-container-inner-blocks-wrap\">\n<hr class=\"wp-block-separator alignfull has-text-color has-ast-global-color-0-color has-alpha-channel-opacity has-ast-global-color-0-background-color has-background is-style-wide\"\/>\n<\/div><\/div>\n\n\n\n<div class=\"wp-block-uagb-container uagb-block-980df222 alignfull uagb-is-root-container\"><div class=\"uagb-container-inner-blocks-wrap\">\n<div class=\"wp-block-uagb-container uagb-block-ece9ec01\">\n<div class=\"wp-block-uagb-info-box uagb-block-5e868e00 uagb-infobox__content-wrap  uagb-infobox-icon-above-title uagb-infobox-image-valign-top\"><div class=\"uagb-ifb-content\"><div class=\"uagb-ifb-title-wrap\"><h2 class=\"uagb-ifb-title\"><strong>The host<\/strong><\/h2><\/div><p class=\"uagb-ifb-desc\">Marta Sangr\u00e0 is a <strong>lover of letters and a sailor<\/strong> who loves to get lost in the pages of the classics of nautical literature, while discovering the most current writers.\n\nShe is the author of the profile &#8220;<a href=\"https:\/\/www.instagram.com\/mardellibres\/\" target=\"_blank\" rel=\"noopener\">Mar de llibres<\/a>&#8221; where you can find literary recommendations for all tastes and also a few <strong>drops of salt water<\/strong>!<\/p><\/div><\/div>\n<\/div>\n\n\n\n<div class=\"wp-block-uagb-image aligncenter uagb-block-32a2d1bb wp-block-uagb-image--layout-default wp-block-uagb-image--effect-static wp-block-uagb-image--align-center alignwide\"><figure class=\"wp-block-uagb-image__figure\"><img decoding=\"async\" srcset=\"https:\/\/www.barcelonacapitalnautica.org\/wp-content\/uploads\/2025\/02\/WhatsApp-Image-2025-02-14-at-16.41.40-1-e1739779533377-289x380.jpeg ,https:\/\/www.barcelonacapitalnautica.org\/wp-content\/uploads\/2025\/02\/WhatsApp-Image-2025-02-14-at-16.41.40-1-e1741015941451.jpeg 780w, https:\/\/www.barcelonacapitalnautica.org\/wp-content\/uploads\/2025\/02\/WhatsApp-Image-2025-02-14-at-16.41.40-1-e1741015941451.jpeg 360w\" sizes=\"auto, (max-width: 480px) 150px\" src=\"https:\/\/www.barcelonacapitalnautica.org\/wp-content\/uploads\/2025\/02\/WhatsApp-Image-2025-02-14-at-16.41.40-1-e1739779533377-289x380.jpeg\" alt=\"\" class=\"uag-image-270962\" width=\"289\" height=\"380\" title=\"WhatsApp Image 2025-02-14 at 16.41.40 (1)\" loading=\"lazy\" role=\"img\"\/><\/figure><\/div>\n<\/div><\/div>\n\n\n\n<div class=\"wp-block-uagb-container uag-hide-desktop uag-hide-tab uag-hide-mob uagb-block-29a7092e alignfull uagb-is-root-container\"><div class=\"uagb-container-inner-blocks-wrap\">\n<div class=\"wp-block-uagb-advanced-heading uagb-block-4d25699b uag-hide-desktop uag-hide-tab uag-hide-mob\"><h2 class=\"uagb-heading-text\"><em>Next sessions<\/em><\/h2><\/div>\n\n\n\n<hr class=\"wp-block-separator alignfull has-text-color has-ast-global-color-0-color has-alpha-channel-opacity has-ast-global-color-0-background-color has-background is-style-wide\"\/>\n<\/div><\/div>\n\n\n\n<div class=\"wp-block-uagb-container uag-hide-desktop uag-hide-tab uag-hide-mob uagb-block-34f60c2d alignfull uagb-is-root-container\"><div class=\"uagb-container-inner-blocks-wrap\">\n<div class=\"wp-block-uagb-advanced-heading uagb-block-fbad086b\"><h2 class=\"uagb-heading-text\"><em>Past sessions<\/em><\/h2><\/div>\n\n\n\n<hr class=\"wp-block-separator alignfull has-text-color has-ast-global-color-0-color has-alpha-channel-opacity has-ast-global-color-0-background-color has-background is-style-wide\"\/>\n<\/div><\/div>\n\n\n\n<div class=\"wp-block-uagb-container uag-hide-desktop uag-hide-tab uag-hide-mob uagb-block-8e061217 alignfull uagb-is-root-container\"><div class=\"uagb-container-inner-blocks-wrap\">\n<hr class=\"wp-block-separator alignfull has-text-color has-ast-global-color-0-color has-alpha-channel-opacity has-ast-global-color-0-background-color has-background is-style-wide\"\/>\n<\/div><\/div>\n\n\n\n<div class=\"wp-block-uagb-container uag-hide-desktop uag-hide-tab uag-hide-mob uagb-block-df629d8e alignfull uagb-is-root-container\"><div class=\"uagb-container-inner-blocks-wrap\">\n<hr class=\"wp-block-separator alignfull has-text-color has-ast-global-color-0-color has-alpha-channel-opacity has-ast-global-color-0-background-color has-background is-style-wide\"\/>\n<\/div><\/div>\n\n\n\n<div id=\"noticies\" class=\"wp-block-uagb-container uag-hide-desktop uag-hide-tab uag-hide-mob uagb-block-181756f4 alignfull uagb-is-root-container\"><div class=\"uagb-container-inner-blocks-wrap\">\n<div class=\"wp-block-uagb-advanced-heading uagb-block-f5ec92c8\"><h2 class=\"uagb-heading-text\">Not\u00edcies sobre el cicle<\/h2><\/div>\n\n\n\n\t\t\t<div class=\"wp-block-uagb-post-carousel uagb-post-grid  uagb-post__image-position-top uagb-post__image-enabled uagb-block-0b4a0bd4     uagb-post__arrow-outside uagb-post__items uagb-post__columns-3 is-carousel uagb-post__columns-tablet-2 uagb-post__columns-mobile-1 uagb-post__carousel_equal-height\" data-total=\"0\" style=\"\">\n\n\t\t\t\t\t\t\t\t\t<p class=\"uagb-post__no-posts\">\n\t\t\t\t\t\tNo hi ha not\u00edcies.\t\t\t\t\t<\/p>\n\t\t\t\t\t\t\t\t<\/div>\n\t\t\t<\/div><\/div>\n","protected":false},"excerpt":{"rendered":"<p>Next sessions Past sessions Not\u00edcies sobre el cicle<\/p>\n","protected":false},"author":3,"featured_media":270931,"parent":0,"menu_order":3,"comment_status":"closed","ping_status":"closed","template":"","meta":{"_uag_custom_page_level_css":"","site-sidebar-layout":"default","site-content-layout":"","ast-site-content-layout":"default","site-content-style":"default","site-sidebar-style":"default","ast-global-header-display":"","ast-banner-title-visibility":"","ast-main-header-display":"","ast-hfb-above-header-display":"","ast-hfb-below-header-display":"","ast-hfb-mobile-header-display":"","site-post-title":"disabled","ast-breadcrumbs-content":"","ast-featured-img":"","footer-sml-layout":"","ast-disable-related-posts":"","theme-transparent-header-meta":"","adv-header-id-meta":"","stick-header-meta":"","header-above-stick-meta":"","header-main-stick-meta":"","header-below-stick-meta":"","astra-migrate-meta-layouts":"set","ast-page-background-enabled":"default","ast-page-background-meta":{"desktop":{"background-color":"","background-image":"","background-repeat":"repeat","background-position":"center center","background-size":"auto","background-attachment":"scroll","background-type":"","background-media":"","overlay-type":"","overlay-color":"","overlay-gradient":""},"tablet":{"background-color":"","background-image":"","background-repeat":"repeat","background-position":"center center","background-size":"auto","background-attachment":"scroll","background-type":"","background-media":"","overlay-type":"","overlay-color":"","overlay-gradient":""},"mobile":{"background-color":"","background-image":"","background-repeat":"repeat","background-position":"center center","background-size":"auto","background-attachment":"scroll","background-type":"","background-media":"","overlay-type":"","overlay-color":"","overlay-gradient":""}},"ast-content-background-meta":{"desktop":{"background-color":"var(--ast-global-color-5)","background-image":"","background-repeat":"repeat","background-position":"center center","background-size":"auto","background-attachment":"scroll","background-type":"","background-media":"","overlay-type":"","overlay-color":"","overlay-gradient":""},"tablet":{"background-color":"var(--ast-global-color-5)","background-image":"","background-repeat":"repeat","background-position":"center center","background-size":"auto","background-attachment":"scroll","background-type":"","background-media":"","overlay-type":"","overlay-color":"","overlay-gradient":""},"mobile":{"background-color":"var(--ast-global-color-5)","background-image":"","background-repeat":"repeat","background-position":"center center","background-size":"auto","background-attachment":"scroll","background-type":"","background-media":"","overlay-type":"","overlay-color":"","overlay-gradient":""}},"_price":"","_stock":"","_tribe_ticket_header":"","_tribe_default_ticket_provider":"","_tribe_ticket_capacity":"0","_ticket_start_date":"","_ticket_end_date":"","_tribe_ticket_show_description":"","_tribe_ticket_show_not_going":false,"_tribe_ticket_use_global_stock":"","_tribe_ticket_global_stock_level":"","_global_stock_mode":"","_global_stock_cap":"","_tribe_rsvp_for_event":"","_tribe_ticket_going_count":"","_tribe_ticket_not_going_count":"","_tribe_tickets_list":[],"_tribe_ticket_has_attendee_info_fields":false,"footnotes":""},"class_list":["post-271045","page","type-page","status-publish","has-post-thumbnail","hentry"],"yoast_head":"<!-- This site is optimized with the Yoast SEO plugin v27.5 - https:\/\/yoast.com\/product\/yoast-seo-wordpress\/ -->\n<title>Paraules Salades - Barcelona Capital N\u00e0utica<\/title>\n<meta name=\"description\" content=\"Descobreix &#039;\u00c0nima de Mar&#039;, l&#039;exposici\u00f3 fotogr\u00e0fica que captura la passi\u00f3 i l&#039;esperit dels navegants de la Classe Mini 6.50. Un viatge visual \u00fanic per la vela en solitari i l&#039;aventura mar\u00edtima. Visita&#039;ns i viu el mar a trav\u00e9s de la fotografia!\" \/>\n<meta name=\"robots\" content=\"index, follow, max-snippet:-1, max-image-preview:large, max-video-preview:-1\" \/>\n<link rel=\"canonical\" href=\"https:\/\/www.barcelonacapitalnautica.org\/en\/paraules-salades\/\" \/>\n<meta property=\"og:locale\" content=\"en_US\" \/>\n<meta property=\"og:type\" content=\"article\" \/>\n<meta property=\"og:title\" content=\"Paraules Salades - Barcelona Capital N\u00e0utica\" \/>\n<meta property=\"og:description\" content=\"Descobreix &#039;\u00c0nima de Mar&#039;, l&#039;exposici\u00f3 fotogr\u00e0fica que captura la passi\u00f3 i l&#039;esperit dels navegants de la Classe Mini 6.50. Un viatge visual \u00fanic per la vela en solitari i l&#039;aventura mar\u00edtima. Visita&#039;ns i viu el mar a trav\u00e9s de la fotografia!\" \/>\n<meta property=\"og:url\" content=\"https:\/\/www.barcelonacapitalnautica.org\/en\/paraules-salades\/\" \/>\n<meta property=\"og:site_name\" content=\"Barcelona Capital N\u00e0utica\" \/>\n<meta property=\"article:publisher\" content=\"https:\/\/www.facebook.com\/barcelonacapitalnautica\" \/>\n<meta property=\"article:modified_time\" content=\"2025-05-20T10:48:21+00:00\" \/>\n<meta property=\"og:image\" content=\"https:\/\/www.barcelonacapitalnautica.org\/wp-content\/uploads\/2025\/02\/Slider_Paraules-Salades.png\" \/>\n\t<meta property=\"og:image:width\" content=\"1910\" \/>\n\t<meta property=\"og:image:height\" content=\"840\" \/>\n\t<meta property=\"og:image:type\" content=\"image\/png\" \/>\n<meta name=\"twitter:card\" content=\"summary_large_image\" \/>\n<meta name=\"twitter:site\" content=\"@bcnautica\" \/>\n<meta name=\"twitter:label1\" content=\"Est. reading time\" \/>\n\t<meta name=\"twitter:data1\" content=\"4 minutes\" \/>\n<script type=\"application\/ld+json\" class=\"yoast-schema-graph\">{\"@context\":\"https:\\\/\\\/schema.org\",\"@graph\":[{\"@type\":\"WebPage\",\"@id\":\"https:\\\/\\\/www.barcelonacapitalnautica.org\\\/en\\\/paraules-salades\\\/\",\"url\":\"https:\\\/\\\/www.barcelonacapitalnautica.org\\\/en\\\/paraules-salades\\\/\",\"name\":\"Paraules Salades - Barcelona Capital N\u00e0utica\",\"isPartOf\":{\"@id\":\"https:\\\/\\\/www.barcelonacapitalnautica.org\\\/en\\\/#website\"},\"primaryImageOfPage\":{\"@id\":\"https:\\\/\\\/www.barcelonacapitalnautica.org\\\/en\\\/paraules-salades\\\/#primaryimage\"},\"image\":{\"@id\":\"https:\\\/\\\/www.barcelonacapitalnautica.org\\\/en\\\/paraules-salades\\\/#primaryimage\"},\"thumbnailUrl\":\"https:\\\/\\\/www.barcelonacapitalnautica.org\\\/wp-content\\\/uploads\\\/2025\\\/02\\\/Slider_Paraules-Salades.png\",\"datePublished\":\"2025-02-14T15:58:26+00:00\",\"dateModified\":\"2025-05-20T10:48:21+00:00\",\"description\":\"Descobreix '\u00c0nima de Mar', l'exposici\u00f3 fotogr\u00e0fica que captura la passi\u00f3 i l'esperit dels navegants de la Classe Mini 6.50. Un viatge visual \u00fanic per la vela en solitari i l'aventura mar\u00edtima. Visita'ns i viu el mar a trav\u00e9s de la fotografia!\",\"breadcrumb\":{\"@id\":\"https:\\\/\\\/www.barcelonacapitalnautica.org\\\/en\\\/paraules-salades\\\/#breadcrumb\"},\"inLanguage\":\"en-US\",\"potentialAction\":[{\"@type\":\"ReadAction\",\"target\":[\"https:\\\/\\\/www.barcelonacapitalnautica.org\\\/en\\\/paraules-salades\\\/\"]}]},{\"@type\":\"ImageObject\",\"inLanguage\":\"en-US\",\"@id\":\"https:\\\/\\\/www.barcelonacapitalnautica.org\\\/en\\\/paraules-salades\\\/#primaryimage\",\"url\":\"https:\\\/\\\/www.barcelonacapitalnautica.org\\\/wp-content\\\/uploads\\\/2025\\\/02\\\/Slider_Paraules-Salades.png\",\"contentUrl\":\"https:\\\/\\\/www.barcelonacapitalnautica.org\\\/wp-content\\\/uploads\\\/2025\\\/02\\\/Slider_Paraules-Salades.png\",\"width\":1910,\"height\":840},{\"@type\":\"BreadcrumbList\",\"@id\":\"https:\\\/\\\/www.barcelonacapitalnautica.org\\\/en\\\/paraules-salades\\\/#breadcrumb\",\"itemListElement\":[{\"@type\":\"ListItem\",\"position\":1,\"name\":\"Inici\",\"item\":\"https:\\\/\\\/www.barcelonacapitalnautica.org\\\/en\\\/\"},{\"@type\":\"ListItem\",\"position\":2,\"name\":\"Paraules Salades\"}]},{\"@type\":\"WebSite\",\"@id\":\"https:\\\/\\\/www.barcelonacapitalnautica.org\\\/en\\\/#website\",\"url\":\"https:\\\/\\\/www.barcelonacapitalnautica.org\\\/en\\\/\",\"name\":\"Barcelona Capital N\u00e0utica\",\"description\":\"Barcelona Capital N\u00e0utica\",\"publisher\":{\"@id\":\"https:\\\/\\\/www.barcelonacapitalnautica.org\\\/en\\\/#organization\"},\"alternateName\":\"BCN\u00e0utica, FBCN\",\"potentialAction\":[{\"@type\":\"SearchAction\",\"target\":{\"@type\":\"EntryPoint\",\"urlTemplate\":\"https:\\\/\\\/www.barcelonacapitalnautica.org\\\/en\\\/?s={search_term_string}\"},\"query-input\":{\"@type\":\"PropertyValueSpecification\",\"valueRequired\":true,\"valueName\":\"search_term_string\"}}],\"inLanguage\":\"en-US\"},{\"@type\":\"Organization\",\"@id\":\"https:\\\/\\\/www.barcelonacapitalnautica.org\\\/en\\\/#organization\",\"name\":\"Barcelona Capital N\u00e0utica\",\"alternateName\":\"Fundaci\u00f3 Barcelona Capital N\u00e0utica\",\"url\":\"https:\\\/\\\/www.barcelonacapitalnautica.org\\\/en\\\/\",\"logo\":{\"@type\":\"ImageObject\",\"inLanguage\":\"en-US\",\"@id\":\"https:\\\/\\\/www.barcelonacapitalnautica.org\\\/en\\\/#\\\/schema\\\/logo\\\/image\\\/\",\"url\":\"https:\\\/\\\/www.barcelonacapitalnautica.org\\\/wp-content\\\/uploads\\\/2023\\\/03\\\/Logo-blau.svg\",\"contentUrl\":\"https:\\\/\\\/www.barcelonacapitalnautica.org\\\/wp-content\\\/uploads\\\/2023\\\/03\\\/Logo-blau.svg\",\"width\":200,\"height\":58,\"caption\":\"Barcelona Capital N\u00e0utica\"},\"image\":{\"@id\":\"https:\\\/\\\/www.barcelonacapitalnautica.org\\\/en\\\/#\\\/schema\\\/logo\\\/image\\\/\"},\"sameAs\":[\"https:\\\/\\\/www.facebook.com\\\/barcelonacapitalnautica\",\"https:\\\/\\\/x.com\\\/bcnautica\",\"https:\\\/\\\/www.instagram.com\\\/bcnautica\\\/\",\"https:\\\/\\\/www.linkedin.com\\\/company\\\/barcelona-capital-nautica\"]}]}<\/script>\n<!-- \/ Yoast SEO plugin. -->","yoast_head_json":{"title":"Paraules Salades - Barcelona Capital N\u00e0utica","description":"Descobreix '\u00c0nima de Mar', l'exposici\u00f3 fotogr\u00e0fica que captura la passi\u00f3 i l'esperit dels navegants de la Classe Mini 6.50. Un viatge visual \u00fanic per la vela en solitari i l'aventura mar\u00edtima. Visita'ns i viu el mar a trav\u00e9s de la fotografia!","robots":{"index":"index","follow":"follow","max-snippet":"max-snippet:-1","max-image-preview":"max-image-preview:large","max-video-preview":"max-video-preview:-1"},"canonical":"https:\/\/www.barcelonacapitalnautica.org\/en\/paraules-salades\/","og_locale":"en_US","og_type":"article","og_title":"Paraules Salades - Barcelona Capital N\u00e0utica","og_description":"Descobreix '\u00c0nima de Mar', l'exposici\u00f3 fotogr\u00e0fica que captura la passi\u00f3 i l'esperit dels navegants de la Classe Mini 6.50. Un viatge visual \u00fanic per la vela en solitari i l'aventura mar\u00edtima. Visita'ns i viu el mar a trav\u00e9s de la fotografia!","og_url":"https:\/\/www.barcelonacapitalnautica.org\/en\/paraules-salades\/","og_site_name":"Barcelona Capital N\u00e0utica","article_publisher":"https:\/\/www.facebook.com\/barcelonacapitalnautica","article_modified_time":"2025-05-20T10:48:21+00:00","og_image":[{"width":1910,"height":840,"url":"https:\/\/www.barcelonacapitalnautica.org\/wp-content\/uploads\/2025\/02\/Slider_Paraules-Salades.png","type":"image\/png"}],"twitter_card":"summary_large_image","twitter_site":"@bcnautica","twitter_misc":{"Est. reading time":"4 minutes"},"schema":{"@context":"https:\/\/schema.org","@graph":[{"@type":"WebPage","@id":"https:\/\/www.barcelonacapitalnautica.org\/en\/paraules-salades\/","url":"https:\/\/www.barcelonacapitalnautica.org\/en\/paraules-salades\/","name":"Paraules Salades - Barcelona Capital N\u00e0utica","isPartOf":{"@id":"https:\/\/www.barcelonacapitalnautica.org\/en\/#website"},"primaryImageOfPage":{"@id":"https:\/\/www.barcelonacapitalnautica.org\/en\/paraules-salades\/#primaryimage"},"image":{"@id":"https:\/\/www.barcelonacapitalnautica.org\/en\/paraules-salades\/#primaryimage"},"thumbnailUrl":"https:\/\/www.barcelonacapitalnautica.org\/wp-content\/uploads\/2025\/02\/Slider_Paraules-Salades.png","datePublished":"2025-02-14T15:58:26+00:00","dateModified":"2025-05-20T10:48:21+00:00","description":"Descobreix '\u00c0nima de Mar', l'exposici\u00f3 fotogr\u00e0fica que captura la passi\u00f3 i l'esperit dels navegants de la Classe Mini 6.50. Un viatge visual \u00fanic per la vela en solitari i l'aventura mar\u00edtima. Visita'ns i viu el mar a trav\u00e9s de la fotografia!","breadcrumb":{"@id":"https:\/\/www.barcelonacapitalnautica.org\/en\/paraules-salades\/#breadcrumb"},"inLanguage":"en-US","potentialAction":[{"@type":"ReadAction","target":["https:\/\/www.barcelonacapitalnautica.org\/en\/paraules-salades\/"]}]},{"@type":"ImageObject","inLanguage":"en-US","@id":"https:\/\/www.barcelonacapitalnautica.org\/en\/paraules-salades\/#primaryimage","url":"https:\/\/www.barcelonacapitalnautica.org\/wp-content\/uploads\/2025\/02\/Slider_Paraules-Salades.png","contentUrl":"https:\/\/www.barcelonacapitalnautica.org\/wp-content\/uploads\/2025\/02\/Slider_Paraules-Salades.png","width":1910,"height":840},{"@type":"BreadcrumbList","@id":"https:\/\/www.barcelonacapitalnautica.org\/en\/paraules-salades\/#breadcrumb","itemListElement":[{"@type":"ListItem","position":1,"name":"Inici","item":"https:\/\/www.barcelonacapitalnautica.org\/en\/"},{"@type":"ListItem","position":2,"name":"Paraules Salades"}]},{"@type":"WebSite","@id":"https:\/\/www.barcelonacapitalnautica.org\/en\/#website","url":"https:\/\/www.barcelonacapitalnautica.org\/en\/","name":"Barcelona Capital N\u00e0utica","description":"Barcelona Capital N\u00e0utica","publisher":{"@id":"https:\/\/www.barcelonacapitalnautica.org\/en\/#organization"},"alternateName":"BCN\u00e0utica, FBCN","potentialAction":[{"@type":"SearchAction","target":{"@type":"EntryPoint","urlTemplate":"https:\/\/www.barcelonacapitalnautica.org\/en\/?s={search_term_string}"},"query-input":{"@type":"PropertyValueSpecification","valueRequired":true,"valueName":"search_term_string"}}],"inLanguage":"en-US"},{"@type":"Organization","@id":"https:\/\/www.barcelonacapitalnautica.org\/en\/#organization","name":"Barcelona Capital N\u00e0utica","alternateName":"Fundaci\u00f3 Barcelona Capital N\u00e0utica","url":"https:\/\/www.barcelonacapitalnautica.org\/en\/","logo":{"@type":"ImageObject","inLanguage":"en-US","@id":"https:\/\/www.barcelonacapitalnautica.org\/en\/#\/schema\/logo\/image\/","url":"https:\/\/www.barcelonacapitalnautica.org\/wp-content\/uploads\/2023\/03\/Logo-blau.svg","contentUrl":"https:\/\/www.barcelonacapitalnautica.org\/wp-content\/uploads\/2023\/03\/Logo-blau.svg","width":200,"height":58,"caption":"Barcelona Capital N\u00e0utica"},"image":{"@id":"https:\/\/www.barcelonacapitalnautica.org\/en\/#\/schema\/logo\/image\/"},"sameAs":["https:\/\/www.facebook.com\/barcelonacapitalnautica","https:\/\/x.com\/bcnautica","https:\/\/www.instagram.com\/bcnautica\/","https:\/\/www.linkedin.com\/company\/barcelona-capital-nautica"]}]}},"uagb_featured_image_src":{"full":["https:\/\/www.barcelonacapitalnautica.org\/wp-content\/uploads\/2025\/02\/Slider_Paraules-Salades.png",1910,840,false],"thumbnail":["https:\/\/www.barcelonacapitalnautica.org\/wp-content\/uploads\/2025\/02\/Slider_Paraules-Salades-380x167.png",380,167,true],"medium":["https:\/\/www.barcelonacapitalnautica.org\/wp-content\/uploads\/2025\/02\/Slider_Paraules-Salades-560x246.png",560,246,true],"medium_large":["https:\/\/www.barcelonacapitalnautica.org\/wp-content\/uploads\/2025\/02\/Slider_Paraules-Salades-768x338.png",768,338,true],"large":["https:\/\/www.barcelonacapitalnautica.org\/wp-content\/uploads\/2025\/02\/Slider_Paraules-Salades-900x396.png",900,396,true],"1536x1536":["https:\/\/www.barcelonacapitalnautica.org\/wp-content\/uploads\/2025\/02\/Slider_Paraules-Salades-1536x676.png",1536,676,true],"2048x2048":["https:\/\/www.barcelonacapitalnautica.org\/wp-content\/uploads\/2025\/02\/Slider_Paraules-Salades.png",1910,840,false]},"uagb_author_info":{"display_name":"Cristina Martin","author_link":"https:\/\/www.barcelonacapitalnautica.org\/en\/author\/fbcn_cristina\/"},"uagb_comment_info":0,"uagb_excerpt":"Next sessions Past sessions Not\u00edcies sobre el cicle","ticketed":false,"_links":{"self":[{"href":"https:\/\/www.barcelonacapitalnautica.org\/en\/wp-json\/wp\/v2\/pages\/271045","targetHints":{"allow":["GET"]}}],"collection":[{"href":"https:\/\/www.barcelonacapitalnautica.org\/en\/wp-json\/wp\/v2\/pages"}],"about":[{"href":"https:\/\/www.barcelonacapitalnautica.org\/en\/wp-json\/wp\/v2\/types\/page"}],"author":[{"embeddable":true,"href":"https:\/\/www.barcelonacapitalnautica.org\/en\/wp-json\/wp\/v2\/users\/3"}],"replies":[{"embeddable":true,"href":"https:\/\/www.barcelonacapitalnautica.org\/en\/wp-json\/wp\/v2\/comments?post=271045"}],"version-history":[{"count":14,"href":"https:\/\/www.barcelonacapitalnautica.org\/en\/wp-json\/wp\/v2\/pages\/271045\/revisions"}],"predecessor-version":[{"id":272357,"href":"https:\/\/www.barcelonacapitalnautica.org\/en\/wp-json\/wp\/v2\/pages\/271045\/revisions\/272357"}],"wp:featuredmedia":[{"embeddable":true,"href":"https:\/\/www.barcelonacapitalnautica.org\/en\/wp-json\/wp\/v2\/media\/270931"}],"wp:attachment":[{"href":"https:\/\/www.barcelonacapitalnautica.org\/en\/wp-json\/wp\/v2\/media?parent=271045"}],"curies":[{"name":"wp","href":"https:\/\/api.w.org\/{rel}","templated":true}]}}