{"id":271754,"date":"2025-04-10T12:31:23","date_gmt":"2025-04-10T10:31:23","guid":{"rendered":"https:\/\/www.barcelonacapitalnautica.org\/?page_id=271754"},"modified":"2025-04-15T12:52:29","modified_gmt":"2025-04-15T10:52:29","slug":"sant-jordi","status":"publish","type":"page","link":"https:\/\/www.barcelonacapitalnautica.org\/en\/sant-jordi\/","title":{"rendered":"Sant Jordi"},"content":{"rendered":"\n<div class=\"wp-block-cover alignfull is-light\" style=\"padding-top:40px;padding-right:40px;padding-bottom:40px;padding-left:40px;min-height:555px;aspect-ratio:unset;\" id=\"desitjos\"><span aria-hidden=\"true\" class=\"wp-block-cover__background has-background-dim-20 has-background-dim\" style=\"background-color:#000000\"><\/span><video class=\"wp-block-cover__video-background intrinsic-ignore\" autoplay muted loop playsinline src=\"https:\/\/www.barcelonacapitalnautica.org\/wp-content\/uploads\/2025\/04\/Video-haiku.mp4\" data-object-fit=\"cover\"><\/video><div class=\"wp-block-cover__inner-container is-layout-flow wp-block-cover-is-layout-flow\">\n<div class=\"wp-block-uagb-container uagb-block-6a4c07d0 alignfull uagb-is-root-container\"><div class=\"uagb-container-inner-blocks-wrap\">\n<div class=\"wp-block-uagb-advanced-heading uagb-block-e0bb0f6e\"><h2 class=\"uagb-heading-text\">Aquest Sant Jordi deixa\u2019t portar pel ritme de les onades i comparteix-nos un poema amb \u00e0nima marinera <\/h2><\/div>\n<\/div><\/div>\n<\/div><\/div>\n\n\n\n<div class=\"wp-block-uagb-container uagb-block-d5415490 alignfull uagb-is-root-container\"><div class=\"uagb-container-inner-blocks-wrap\">\n<div class=\"wp-block-uagb-container uagb-block-c5ec1fc6\">\n<div class=\"wp-block-uagb-info-box uagb-block-00acff51 uagb-infobox__content-wrap  uagb-infobox-icon-above-title uagb-infobox-image-valign-top\"><div class=\"uagb-ifb-content\"><div class=\"uagb-ifb-title-wrap\"><h4 class=\"uagb-ifb-title-prefix\">Poesia Salada en 17 s\u00edl\u00b7labes<\/h4><h2 class=\"uagb-ifb-title\">#HaikuAMar<\/h2><\/div><p class=\"uagb-ifb-desc\">Un haiku \u00e9s un poema d&#8217;origen japon\u00e8s de 17 s\u00edl\u00b7labes. Per aquest Sant Jordi et proposem que ens comparteixis el teu haiku de tem\u00e0tica marinera i guanyis un lot de llibres de <a href=\"https:\/\/www.barcelonacapitalnautica.org\/paraules-salades\/\" target=\"_blank\" rel=\"noreferrer noopener\">Paraules Salades<\/a>!<br><strong><em><br>Com ho pots fer?<\/em><\/strong><br><br>Escriu un haiku original amb tem\u00e0tica marinera (5-7-5 s\u00edl\u00b7labes) i publica&#8217;l a l&#8217;espai que trobar\u00e0s als nostres stories d&#8217;Instagram. Tens temps fins al 21 d&#8217;abril!<br><br>Els haikus seleccionats els contactarem via missatge directe i els autors podran passar a recollir el seu lot de llibres el 23 d&#8217;abril a la parada de la Llibreria N\u00e0utica.<br><br><strong>Escriu, comparteix i inspira!<\/strong><\/p><\/div><\/div>\n\n\n\n<div class=\"wp-block-uagb-buttons uagb-buttons__outer-wrap uagb-btn__default-btn uagb-btn-tablet__default-btn uagb-btn-mobile__default-btn uagb-block-69b93508\"><div class=\"uagb-buttons__wrap uagb-buttons-layout-wrap \">\n<div class=\"wp-block-uagb-buttons-child uagb-buttons__outer-wrap uagb-block-d17d3ec4 wp-block-button\"><div class=\"uagb-button__wrapper\"><a class=\"uagb-buttons-repeater wp-block-button__link\" aria-label=\"\" href=\"https:\/\/www.instagram.com\/stories\/bcnautica\/\" rel=\"follow noopener\" target=\"_self\" role=\"button\"><div class=\"uagb-button__link\">el meu haiku<\/div><\/a><\/div><\/div>\n\n\n\n<div class=\"wp-block-uagb-buttons-child uagb-buttons__outer-wrap uagb-block-2db91079 wp-block-button\"><div class=\"uagb-button__wrapper\"><a class=\"uagb-buttons-repeater wp-block-button__link\" aria-label=\"\" href=\"https:\/\/www.barcelonacapitalnautica.org\/wp-content\/uploads\/2025\/04\/BASES-SORTEIG-SORTIDA-XXSS-Sant-Jordi.docx.pdf\" rel=\"follow noopener\" target=\"_self\" role=\"button\"><div class=\"uagb-button__link\">bases<\/div><\/a><\/div><\/div>\n<\/div><\/div>\n<\/div>\n\n\n\n<div class=\"wp-block-uagb-image aligncenter uagb-block-2fdadaa4 wp-block-uagb-image--layout-default wp-block-uagb-image--effect-static wp-block-uagb-image--align-center alignwide\"><figure class=\"wp-block-uagb-image__figure\"><img decoding=\"async\" srcset=\"https:\/\/www.barcelonacapitalnautica.org\/wp-content\/uploads\/2025\/04\/Haiku-a-mar-448x560.png ,https:\/\/www.barcelonacapitalnautica.org\/wp-content\/uploads\/2025\/04\/Haiku-a-mar.png 780w, https:\/\/www.barcelonacapitalnautica.org\/wp-content\/uploads\/2025\/04\/Haiku-a-mar.png 360w\" sizes=\"auto, (max-width: 480px) 150px\" src=\"https:\/\/www.barcelonacapitalnautica.org\/wp-content\/uploads\/2025\/04\/Haiku-a-mar-448x560.png\" alt=\"\" class=\"uag-image-271849\" width=\"448\" height=\"560\" title=\"Haiku a mar\" loading=\"lazy\" role=\"img\"\/><\/figure><\/div>\n<\/div><\/div>\n\n\n\n<div class=\"wp-block-uagb-container uagb-block-8e061217 alignfull uagb-is-root-container\"><div class=\"uagb-container-inner-blocks-wrap\">\n<hr class=\"wp-block-separator alignfull has-text-color has-ast-global-color-0-color has-alpha-channel-opacity has-ast-global-color-0-background-color has-background is-style-wide\"\/>\n<\/div><\/div>\n\n\n\n<div class=\"wp-block-uagb-container uagb-block-ac7dc18b alignfull uagb-is-root-container\"><div class=\"uagb-container-inner-blocks-wrap\">\n<div class=\"wp-block-uagb-image uagb-block-3915ce4a wp-block-uagb-image--layout-default wp-block-uagb-image--effect-static wp-block-uagb-image--align-none\"><figure class=\"wp-block-uagb-image__figure\"><img decoding=\"async\" srcset=\"https:\/\/www.barcelonacapitalnautica.org\/wp-content\/uploads\/2024\/04\/Noti-St-Jordi_242-560x420.jpeg ,https:\/\/www.barcelonacapitalnautica.org\/wp-content\/uploads\/2024\/04\/Noti-St-Jordi_242.jpeg 780w, https:\/\/www.barcelonacapitalnautica.org\/wp-content\/uploads\/2024\/04\/Noti-St-Jordi_242.jpeg 360w\" sizes=\"auto, (max-width: 480px) 150px\" src=\"https:\/\/www.barcelonacapitalnautica.org\/wp-content\/uploads\/2024\/04\/Noti-St-Jordi_242-560x420.jpeg\" alt=\"\" class=\"uag-image-266470\" width=\"560\" height=\"420\" title=\"Noti - St Jordi_242\" loading=\"lazy\" role=\"img\"\/><\/figure><\/div>\n\n\n\n<div class=\"wp-block-uagb-container uagb-block-633316c4\">\n<div class=\"wp-block-uagb-info-box uagb-block-a32e1daa uagb-infobox__content-wrap  uagb-infobox-icon-above-title uagb-infobox-image-valign-top\"><div class=\"uagb-ifb-content\"><div class=\"uagb-ifb-title-wrap\"><h2 class=\"uagb-ifb-title\">Selecci\u00f3 de la Llibreria n\u00e0utica <\/h2><\/div><p class=\"uagb-ifb-desc\">No saps qu\u00e8 regalar per Sant Jordi? Els nostres amics de la Llibreria N\u00e0utica ens proposen una selecci\u00f3 de llibres molt n\u00e0utics per perdre&#8217;t entre les seves onades!<br><br>N&#8217;hi ha per a petits, per a grans, per aventurers n\u00e0utics, per aventurers de sal\u00f3&#8230; quin escollireu? El 23 d&#8217;abril veniu a veure&#8217;ns a la paradeta de la Llibreria N\u00e0utica i us regalarem un punt de llibre!<br><\/p><\/div><\/div>\n<\/div>\n<\/div><\/div>\n\n\n\n<div class=\"wp-block-uagb-container uagb-block-917b29f9 alignfull uagb-is-root-container\"><div class=\"uagb-container-inner-blocks-wrap\">\n<hr class=\"wp-block-separator alignfull has-text-color has-ast-global-color-0-color has-alpha-channel-opacity has-ast-global-color-0-background-color has-background is-style-wide\"\/>\n<\/div><\/div>\n\n\n\n<div class=\"wp-block-uagb-container uagb-block-4d363e93 alignfull uagb-is-root-container\"><div class=\"uagb-container-inner-blocks-wrap\">\n<div class=\"wp-block-uagb-info-box uagb-block-9370ac70 uagb-infobox__content-wrap  uagb-infobox-icon-above-title uagb-infobox-image-valign-top\"><div class=\"uagb-ifb-content\"><div class=\"uagb-ifb-title-wrap\"><h2 class=\"uagb-ifb-title\">Propera sessi\u00f3 de Paraules Salades<\/h2><\/div><p class=\"uagb-ifb-desc\">La sessi\u00f3 de <a href=\"https:\/\/www.barcelonacapitalnautica.org\/paraules-salades\/\" target=\"_blank\" rel=\"noreferrer noopener\">Paraules Salades<\/a> del 7 de maig girar\u00e0 al voltant de la novel\u00b7la de Gl\u00f2ria Gasch \u201cAra, i cada dem\u00e0\u201d. En una reivindicaci\u00f3 del g\u00e8nere epistolar, Gasch ens parla del primer amor mentre ens descobreix els&nbsp;<strong>racons m\u00e9s amagats del Mediterrani<\/strong>.<br><br>En aquesta novel\u00b7la\u201d la navegaci\u00f3 esdev\u00e8 un&nbsp;<strong>espai d\u2019aprenentatge<\/strong>&nbsp;i el mar se\u2019ns mostra des de la seva vessant m\u00e9s bella, per\u00f2 tamb\u00e9 enganyosa.<\/p><div class=\"uagb-ifb-button-wrapper wp-block-button\"><a href=\"https:\/\/us13.list-manage.com\/survey?u=e832203b8d5bdd11681d65d52u0026id=f42fa32328u0026e=*|UNIQID|*\" class=\"uagb-infobox-cta-link wp-block-button__link\" target=\"_self\" rel=\"noopener noreferrer\" onclick=\"return true;\"><span class=\"uagb-inline-editing\">inscripcions 7 de maig <\/span><\/a><\/div><\/div><\/div>\n\n\n\n<div class=\"wp-block-uagb-container uagb-block-35b073d5\">\n<div class=\"wp-block-uagb-image uagb-block-4b91a1e4 wp-block-uagb-image--layout-default wp-block-uagb-image--effect-static wp-block-uagb-image--align-none\"><figure class=\"wp-block-uagb-image__figure\"><img decoding=\"async\" srcset=\"https:\/\/www.barcelonacapitalnautica.org\/wp-content\/uploads\/2025\/02\/Ara-i-cada-dema-Gloria-Gash-358x560.jpeg ,https:\/\/www.barcelonacapitalnautica.org\/wp-content\/uploads\/2025\/02\/Ara-i-cada-dema-Gloria-Gash.jpeg 780w, https:\/\/www.barcelonacapitalnautica.org\/wp-content\/uploads\/2025\/02\/Ara-i-cada-dema-Gloria-Gash.jpeg 360w\" sizes=\"auto, (max-width: 480px) 150px\" src=\"https:\/\/www.barcelonacapitalnautica.org\/wp-content\/uploads\/2025\/02\/Ara-i-cada-dema-Gloria-Gash-358x560.jpeg\" alt=\"\" class=\"uag-image-271206\" width=\"358\" height=\"560\" title=\"Ara i cada dema - Gloria Gash\" loading=\"lazy\" role=\"img\"\/><\/figure><\/div>\n<\/div>\n\n\n\n<div class=\"wp-block-uagb-image uagb-block-96a90110 wp-block-uagb-image--layout-default wp-block-uagb-image--effect-static wp-block-uagb-image--align-none\"><figure class=\"wp-block-uagb-image__figure\"><img decoding=\"async\" srcset=\"https:\/\/www.barcelonacapitalnautica.org\/wp-content\/uploads\/2025\/03\/Gloria-Gasch.png ,https:\/\/www.barcelonacapitalnautica.org\/wp-content\/uploads\/2025\/03\/Gloria-Gasch.png 780w, https:\/\/www.barcelonacapitalnautica.org\/wp-content\/uploads\/2025\/03\/Gloria-Gasch.png 360w\" sizes=\"auto, (max-width: 480px) 150px\" src=\"https:\/\/www.barcelonacapitalnautica.org\/wp-content\/uploads\/2025\/03\/Gloria-Gasch.png\" alt=\"\" class=\"uag-image-271366\" width=\"245\" height=\"326\" title=\"Gloria-Gasch\" loading=\"lazy\" role=\"img\"\/><\/figure><\/div>\n<\/div><\/div>\n\n\n\n<div class=\"wp-block-uagb-container uag-hide-desktop uag-hide-tab uag-hide-mob uagb-block-df629d8e alignfull uagb-is-root-container\"><div class=\"uagb-container-inner-blocks-wrap\">\n<hr class=\"wp-block-separator alignfull has-text-color has-ast-global-color-0-color has-alpha-channel-opacity has-ast-global-color-0-background-color has-background is-style-wide\"\/>\n<\/div><\/div>\n\n\n\n<div id=\"noticies\" class=\"wp-block-uagb-container uag-hide-desktop uag-hide-tab uag-hide-mob uagb-block-181756f4 alignfull uagb-is-root-container\"><div class=\"uagb-container-inner-blocks-wrap\">\n<div class=\"wp-block-uagb-advanced-heading uagb-block-f5ec92c8\"><h2 class=\"uagb-heading-text\">Not\u00edcies sobre Paraules Salades<\/h2><\/div>\n\n\n\n\t\t\t<div class=\"wp-block-uagb-post-carousel uagb-post-grid  uagb-post__image-position-top uagb-post__image-enabled uagb-block-0b4a0bd4     uagb-post__arrow-outside uagb-post__items uagb-post__columns-3 is-carousel uagb-post__columns-tablet-2 uagb-post__columns-mobile-1 uagb-post__carousel_equal-height\" data-total=\"0\" style=\"\">\n\n\t\t\t\t\t\t\t\t\t<p class=\"uagb-post__no-posts\">\n\t\t\t\t\t\tNo hi ha not\u00edcies.\t\t\t\t\t<\/p>\n\t\t\t\t\t\t\t\t<\/div>\n\t\t\t<\/div><\/div>\n","protected":false},"excerpt":{"rendered":"<p>Not\u00edcies sobre Paraules Salades<\/p>\n","protected":false},"author":3,"featured_media":266464,"parent":0,"menu_order":3,"comment_status":"closed","ping_status":"closed","template":"","meta":{"_uag_custom_page_level_css":"","site-sidebar-layout":"default","site-content-layout":"","ast-site-content-layout":"default","site-content-style":"default","site-sidebar-style":"default","ast-global-header-display":"","ast-banner-title-visibility":"","ast-main-header-display":"","ast-hfb-above-header-display":"","ast-hfb-below-header-display":"","ast-hfb-mobile-header-display":"","site-post-title":"disabled","ast-breadcrumbs-content":"","ast-featured-img":"","footer-sml-layout":"","ast-disable-related-posts":"","theme-transparent-header-meta":"","adv-header-id-meta":"","stick-header-meta":"","header-above-stick-meta":"","header-main-stick-meta":"","header-below-stick-meta":"","astra-migrate-meta-layouts":"set","ast-page-background-enabled":"default","ast-page-background-meta":{"desktop":{"background-color":"","background-image":"","background-repeat":"repeat","background-position":"center center","background-size":"auto","background-attachment":"scroll","background-type":"","background-media":"","overlay-type":"","overlay-color":"","overlay-gradient":""},"tablet":{"background-color":"","background-image":"","background-repeat":"repeat","background-position":"center center","background-size":"auto","background-attachment":"scroll","background-type":"","background-media":"","overlay-type":"","overlay-color":"","overlay-gradient":""},"mobile":{"background-color":"","background-image":"","background-repeat":"repeat","background-position":"center center","background-size":"auto","background-attachment":"scroll","background-type":"","background-media":"","overlay-type":"","overlay-color":"","overlay-gradient":""}},"ast-content-background-meta":{"desktop":{"background-color":"var(--ast-global-color-5)","background-image":"","background-repeat":"repeat","background-position":"center center","background-size":"auto","background-attachment":"scroll","background-type":"","background-media":"","overlay-type":"","overlay-color":"","overlay-gradient":""},"tablet":{"background-color":"var(--ast-global-color-5)","background-image":"","background-repeat":"repeat","background-position":"center center","background-size":"auto","background-attachment":"scroll","background-type":"","background-media":"","overlay-type":"","overlay-color":"","overlay-gradient":""},"mobile":{"background-color":"var(--ast-global-color-5)","background-image":"","background-repeat":"repeat","background-position":"center center","background-size":"auto","background-attachment":"scroll","background-type":"","background-media":"","overlay-type":"","overlay-color":"","overlay-gradient":""}},"_price":"","_stock":"","_tribe_ticket_header":"","_tribe_default_ticket_provider":"","_tribe_ticket_capacity":"0","_ticket_start_date":"","_ticket_end_date":"","_tribe_ticket_show_description":"","_tribe_ticket_show_not_going":false,"_tribe_ticket_use_global_stock":"","_tribe_ticket_global_stock_level":"","_global_stock_mode":"","_global_stock_cap":"","_tribe_rsvp_for_event":"","_tribe_ticket_going_count":"","_tribe_ticket_not_going_count":"","_tribe_tickets_list":[],"_tribe_ticket_has_attendee_info_fields":false,"footnotes":""},"class_list":["post-271754","page","type-page","status-publish","has-post-thumbnail","hentry"],"yoast_head":"<!-- This site is optimized with the Yoast SEO plugin v27.5 - https:\/\/yoast.com\/product\/yoast-seo-wordpress\/ -->\n<title>Sant Jordi - Barcelona Capital N\u00e0utica<\/title>\n<meta name=\"description\" content=\"Descobreix &#039;\u00c0nima de Mar&#039;, l&#039;exposici\u00f3 fotogr\u00e0fica que captura la passi\u00f3 i l&#039;esperit dels navegants de la Classe Mini 6.50. Un viatge visual \u00fanic per la vela en solitari i l&#039;aventura mar\u00edtima. Visita&#039;ns i viu el mar a trav\u00e9s de la fotografia!\" \/>\n<meta name=\"robots\" content=\"index, follow, max-snippet:-1, max-image-preview:large, max-video-preview:-1\" \/>\n<link rel=\"canonical\" href=\"https:\/\/www.barcelonacapitalnautica.org\/en\/sant-jordi\/\" \/>\n<meta property=\"og:locale\" content=\"en_US\" \/>\n<meta property=\"og:type\" content=\"article\" \/>\n<meta property=\"og:title\" content=\"Sant Jordi - Barcelona Capital N\u00e0utica\" \/>\n<meta property=\"og:description\" content=\"Descobreix &#039;\u00c0nima de Mar&#039;, l&#039;exposici\u00f3 fotogr\u00e0fica que captura la passi\u00f3 i l&#039;esperit dels navegants de la Classe Mini 6.50. Un viatge visual \u00fanic per la vela en solitari i l&#039;aventura mar\u00edtima. Visita&#039;ns i viu el mar a trav\u00e9s de la fotografia!\" \/>\n<meta property=\"og:url\" content=\"https:\/\/www.barcelonacapitalnautica.org\/en\/sant-jordi\/\" \/>\n<meta property=\"og:site_name\" content=\"Barcelona Capital N\u00e0utica\" \/>\n<meta property=\"article:publisher\" content=\"https:\/\/www.facebook.com\/barcelonacapitalnautica\" \/>\n<meta property=\"article:modified_time\" content=\"2025-04-15T10:52:29+00:00\" \/>\n<meta property=\"og:image\" content=\"https:\/\/www.barcelonacapitalnautica.org\/wp-content\/uploads\/2024\/04\/Noti-Sant-Jordi.png\" \/>\n\t<meta property=\"og:image:width\" content=\"1140\" \/>\n\t<meta property=\"og:image:height\" content=\"440\" \/>\n\t<meta property=\"og:image:type\" content=\"image\/png\" \/>\n<meta name=\"twitter:card\" content=\"summary_large_image\" \/>\n<meta name=\"twitter:site\" content=\"@bcnautica\" \/>\n<meta name=\"twitter:label1\" content=\"Est. reading time\" \/>\n\t<meta name=\"twitter:data1\" content=\"3 minutes\" \/>\n<script type=\"application\/ld+json\" class=\"yoast-schema-graph\">{\"@context\":\"https:\\\/\\\/schema.org\",\"@graph\":[{\"@type\":\"WebPage\",\"@id\":\"https:\\\/\\\/www.barcelonacapitalnautica.org\\\/en\\\/sant-jordi\\\/\",\"url\":\"https:\\\/\\\/www.barcelonacapitalnautica.org\\\/en\\\/sant-jordi\\\/\",\"name\":\"Sant Jordi - Barcelona Capital N\u00e0utica\",\"isPartOf\":{\"@id\":\"https:\\\/\\\/www.barcelonacapitalnautica.org\\\/en\\\/#website\"},\"primaryImageOfPage\":{\"@id\":\"https:\\\/\\\/www.barcelonacapitalnautica.org\\\/en\\\/sant-jordi\\\/#primaryimage\"},\"image\":{\"@id\":\"https:\\\/\\\/www.barcelonacapitalnautica.org\\\/en\\\/sant-jordi\\\/#primaryimage\"},\"thumbnailUrl\":\"https:\\\/\\\/www.barcelonacapitalnautica.org\\\/wp-content\\\/uploads\\\/2024\\\/04\\\/Noti-Sant-Jordi.png\",\"datePublished\":\"2025-04-10T10:31:23+00:00\",\"dateModified\":\"2025-04-15T10:52:29+00:00\",\"description\":\"Descobreix '\u00c0nima de Mar', l'exposici\u00f3 fotogr\u00e0fica que captura la passi\u00f3 i l'esperit dels navegants de la Classe Mini 6.50. Un viatge visual \u00fanic per la vela en solitari i l'aventura mar\u00edtima. Visita'ns i viu el mar a trav\u00e9s de la fotografia!\",\"breadcrumb\":{\"@id\":\"https:\\\/\\\/www.barcelonacapitalnautica.org\\\/en\\\/sant-jordi\\\/#breadcrumb\"},\"inLanguage\":\"en-US\",\"potentialAction\":[{\"@type\":\"ReadAction\",\"target\":[\"https:\\\/\\\/www.barcelonacapitalnautica.org\\\/en\\\/sant-jordi\\\/\"]}]},{\"@type\":\"ImageObject\",\"inLanguage\":\"en-US\",\"@id\":\"https:\\\/\\\/www.barcelonacapitalnautica.org\\\/en\\\/sant-jordi\\\/#primaryimage\",\"url\":\"https:\\\/\\\/www.barcelonacapitalnautica.org\\\/wp-content\\\/uploads\\\/2024\\\/04\\\/Noti-Sant-Jordi.png\",\"contentUrl\":\"https:\\\/\\\/www.barcelonacapitalnautica.org\\\/wp-content\\\/uploads\\\/2024\\\/04\\\/Noti-Sant-Jordi.png\",\"width\":1140,\"height\":440},{\"@type\":\"BreadcrumbList\",\"@id\":\"https:\\\/\\\/www.barcelonacapitalnautica.org\\\/en\\\/sant-jordi\\\/#breadcrumb\",\"itemListElement\":[{\"@type\":\"ListItem\",\"position\":1,\"name\":\"Inici\",\"item\":\"https:\\\/\\\/www.barcelonacapitalnautica.org\\\/en\\\/\"},{\"@type\":\"ListItem\",\"position\":2,\"name\":\"Sant Jordi\"}]},{\"@type\":\"WebSite\",\"@id\":\"https:\\\/\\\/www.barcelonacapitalnautica.org\\\/en\\\/#website\",\"url\":\"https:\\\/\\\/www.barcelonacapitalnautica.org\\\/en\\\/\",\"name\":\"Barcelona Capital N\u00e0utica\",\"description\":\"Barcelona Capital N\u00e0utica\",\"publisher\":{\"@id\":\"https:\\\/\\\/www.barcelonacapitalnautica.org\\\/en\\\/#organization\"},\"alternateName\":\"BCN\u00e0utica, FBCN\",\"potentialAction\":[{\"@type\":\"SearchAction\",\"target\":{\"@type\":\"EntryPoint\",\"urlTemplate\":\"https:\\\/\\\/www.barcelonacapitalnautica.org\\\/en\\\/?s={search_term_string}\"},\"query-input\":{\"@type\":\"PropertyValueSpecification\",\"valueRequired\":true,\"valueName\":\"search_term_string\"}}],\"inLanguage\":\"en-US\"},{\"@type\":\"Organization\",\"@id\":\"https:\\\/\\\/www.barcelonacapitalnautica.org\\\/en\\\/#organization\",\"name\":\"Barcelona Capital N\u00e0utica\",\"alternateName\":\"Fundaci\u00f3 Barcelona Capital N\u00e0utica\",\"url\":\"https:\\\/\\\/www.barcelonacapitalnautica.org\\\/en\\\/\",\"logo\":{\"@type\":\"ImageObject\",\"inLanguage\":\"en-US\",\"@id\":\"https:\\\/\\\/www.barcelonacapitalnautica.org\\\/en\\\/#\\\/schema\\\/logo\\\/image\\\/\",\"url\":\"https:\\\/\\\/www.barcelonacapitalnautica.org\\\/wp-content\\\/uploads\\\/2023\\\/03\\\/Logo-blau.svg\",\"contentUrl\":\"https:\\\/\\\/www.barcelonacapitalnautica.org\\\/wp-content\\\/uploads\\\/2023\\\/03\\\/Logo-blau.svg\",\"width\":200,\"height\":58,\"caption\":\"Barcelona Capital N\u00e0utica\"},\"image\":{\"@id\":\"https:\\\/\\\/www.barcelonacapitalnautica.org\\\/en\\\/#\\\/schema\\\/logo\\\/image\\\/\"},\"sameAs\":[\"https:\\\/\\\/www.facebook.com\\\/barcelonacapitalnautica\",\"https:\\\/\\\/x.com\\\/bcnautica\",\"https:\\\/\\\/www.instagram.com\\\/bcnautica\\\/\",\"https:\\\/\\\/www.linkedin.com\\\/company\\\/barcelona-capital-nautica\"]}]}<\/script>\n<!-- \/ Yoast SEO plugin. -->","yoast_head_json":{"title":"Sant Jordi - Barcelona Capital N\u00e0utica","description":"Descobreix '\u00c0nima de Mar', l'exposici\u00f3 fotogr\u00e0fica que captura la passi\u00f3 i l'esperit dels navegants de la Classe Mini 6.50. Un viatge visual \u00fanic per la vela en solitari i l'aventura mar\u00edtima. Visita'ns i viu el mar a trav\u00e9s de la fotografia!","robots":{"index":"index","follow":"follow","max-snippet":"max-snippet:-1","max-image-preview":"max-image-preview:large","max-video-preview":"max-video-preview:-1"},"canonical":"https:\/\/www.barcelonacapitalnautica.org\/en\/sant-jordi\/","og_locale":"en_US","og_type":"article","og_title":"Sant Jordi - Barcelona Capital N\u00e0utica","og_description":"Descobreix '\u00c0nima de Mar', l'exposici\u00f3 fotogr\u00e0fica que captura la passi\u00f3 i l'esperit dels navegants de la Classe Mini 6.50. Un viatge visual \u00fanic per la vela en solitari i l'aventura mar\u00edtima. Visita'ns i viu el mar a trav\u00e9s de la fotografia!","og_url":"https:\/\/www.barcelonacapitalnautica.org\/en\/sant-jordi\/","og_site_name":"Barcelona Capital N\u00e0utica","article_publisher":"https:\/\/www.facebook.com\/barcelonacapitalnautica","article_modified_time":"2025-04-15T10:52:29+00:00","og_image":[{"width":1140,"height":440,"url":"https:\/\/www.barcelonacapitalnautica.org\/wp-content\/uploads\/2024\/04\/Noti-Sant-Jordi.png","type":"image\/png"}],"twitter_card":"summary_large_image","twitter_site":"@bcnautica","twitter_misc":{"Est. reading time":"3 minutes"},"schema":{"@context":"https:\/\/schema.org","@graph":[{"@type":"WebPage","@id":"https:\/\/www.barcelonacapitalnautica.org\/en\/sant-jordi\/","url":"https:\/\/www.barcelonacapitalnautica.org\/en\/sant-jordi\/","name":"Sant Jordi - Barcelona Capital N\u00e0utica","isPartOf":{"@id":"https:\/\/www.barcelonacapitalnautica.org\/en\/#website"},"primaryImageOfPage":{"@id":"https:\/\/www.barcelonacapitalnautica.org\/en\/sant-jordi\/#primaryimage"},"image":{"@id":"https:\/\/www.barcelonacapitalnautica.org\/en\/sant-jordi\/#primaryimage"},"thumbnailUrl":"https:\/\/www.barcelonacapitalnautica.org\/wp-content\/uploads\/2024\/04\/Noti-Sant-Jordi.png","datePublished":"2025-04-10T10:31:23+00:00","dateModified":"2025-04-15T10:52:29+00:00","description":"Descobreix '\u00c0nima de Mar', l'exposici\u00f3 fotogr\u00e0fica que captura la passi\u00f3 i l'esperit dels navegants de la Classe Mini 6.50. Un viatge visual \u00fanic per la vela en solitari i l'aventura mar\u00edtima. Visita'ns i viu el mar a trav\u00e9s de la fotografia!","breadcrumb":{"@id":"https:\/\/www.barcelonacapitalnautica.org\/en\/sant-jordi\/#breadcrumb"},"inLanguage":"en-US","potentialAction":[{"@type":"ReadAction","target":["https:\/\/www.barcelonacapitalnautica.org\/en\/sant-jordi\/"]}]},{"@type":"ImageObject","inLanguage":"en-US","@id":"https:\/\/www.barcelonacapitalnautica.org\/en\/sant-jordi\/#primaryimage","url":"https:\/\/www.barcelonacapitalnautica.org\/wp-content\/uploads\/2024\/04\/Noti-Sant-Jordi.png","contentUrl":"https:\/\/www.barcelonacapitalnautica.org\/wp-content\/uploads\/2024\/04\/Noti-Sant-Jordi.png","width":1140,"height":440},{"@type":"BreadcrumbList","@id":"https:\/\/www.barcelonacapitalnautica.org\/en\/sant-jordi\/#breadcrumb","itemListElement":[{"@type":"ListItem","position":1,"name":"Inici","item":"https:\/\/www.barcelonacapitalnautica.org\/en\/"},{"@type":"ListItem","position":2,"name":"Sant Jordi"}]},{"@type":"WebSite","@id":"https:\/\/www.barcelonacapitalnautica.org\/en\/#website","url":"https:\/\/www.barcelonacapitalnautica.org\/en\/","name":"Barcelona Capital N\u00e0utica","description":"Barcelona Capital N\u00e0utica","publisher":{"@id":"https:\/\/www.barcelonacapitalnautica.org\/en\/#organization"},"alternateName":"BCN\u00e0utica, FBCN","potentialAction":[{"@type":"SearchAction","target":{"@type":"EntryPoint","urlTemplate":"https:\/\/www.barcelonacapitalnautica.org\/en\/?s={search_term_string}"},"query-input":{"@type":"PropertyValueSpecification","valueRequired":true,"valueName":"search_term_string"}}],"inLanguage":"en-US"},{"@type":"Organization","@id":"https:\/\/www.barcelonacapitalnautica.org\/en\/#organization","name":"Barcelona Capital N\u00e0utica","alternateName":"Fundaci\u00f3 Barcelona Capital N\u00e0utica","url":"https:\/\/www.barcelonacapitalnautica.org\/en\/","logo":{"@type":"ImageObject","inLanguage":"en-US","@id":"https:\/\/www.barcelonacapitalnautica.org\/en\/#\/schema\/logo\/image\/","url":"https:\/\/www.barcelonacapitalnautica.org\/wp-content\/uploads\/2023\/03\/Logo-blau.svg","contentUrl":"https:\/\/www.barcelonacapitalnautica.org\/wp-content\/uploads\/2023\/03\/Logo-blau.svg","width":200,"height":58,"caption":"Barcelona Capital N\u00e0utica"},"image":{"@id":"https:\/\/www.barcelonacapitalnautica.org\/en\/#\/schema\/logo\/image\/"},"sameAs":["https:\/\/www.facebook.com\/barcelonacapitalnautica","https:\/\/x.com\/bcnautica","https:\/\/www.instagram.com\/bcnautica\/","https:\/\/www.linkedin.com\/company\/barcelona-capital-nautica"]}]}},"uagb_featured_image_src":{"full":["https:\/\/www.barcelonacapitalnautica.org\/wp-content\/uploads\/2024\/04\/Noti-Sant-Jordi.png",1140,440,false],"thumbnail":["https:\/\/www.barcelonacapitalnautica.org\/wp-content\/uploads\/2024\/04\/Noti-Sant-Jordi-380x147.png",380,147,true],"medium":["https:\/\/www.barcelonacapitalnautica.org\/wp-content\/uploads\/2024\/04\/Noti-Sant-Jordi-560x216.png",560,216,true],"medium_large":["https:\/\/www.barcelonacapitalnautica.org\/wp-content\/uploads\/2024\/04\/Noti-Sant-Jordi-768x296.png",768,296,true],"large":["https:\/\/www.barcelonacapitalnautica.org\/wp-content\/uploads\/2024\/04\/Noti-Sant-Jordi-900x347.png",900,347,true],"1536x1536":["https:\/\/www.barcelonacapitalnautica.org\/wp-content\/uploads\/2024\/04\/Noti-Sant-Jordi.png",1140,440,false],"2048x2048":["https:\/\/www.barcelonacapitalnautica.org\/wp-content\/uploads\/2024\/04\/Noti-Sant-Jordi.png",1140,440,false]},"uagb_author_info":{"display_name":"Cristina Martin","author_link":"https:\/\/www.barcelonacapitalnautica.org\/en\/author\/fbcn_cristina\/"},"uagb_comment_info":0,"uagb_excerpt":"Not\u00edcies sobre Paraules Salades","ticketed":false,"_links":{"self":[{"href":"https:\/\/www.barcelonacapitalnautica.org\/en\/wp-json\/wp\/v2\/pages\/271754","targetHints":{"allow":["GET"]}}],"collection":[{"href":"https:\/\/www.barcelonacapitalnautica.org\/en\/wp-json\/wp\/v2\/pages"}],"about":[{"href":"https:\/\/www.barcelonacapitalnautica.org\/en\/wp-json\/wp\/v2\/types\/page"}],"author":[{"embeddable":true,"href":"https:\/\/www.barcelonacapitalnautica.org\/en\/wp-json\/wp\/v2\/users\/3"}],"replies":[{"embeddable":true,"href":"https:\/\/www.barcelonacapitalnautica.org\/en\/wp-json\/wp\/v2\/comments?post=271754"}],"version-history":[{"count":14,"href":"https:\/\/www.barcelonacapitalnautica.org\/en\/wp-json\/wp\/v2\/pages\/271754\/revisions"}],"predecessor-version":[{"id":271914,"href":"https:\/\/www.barcelonacapitalnautica.org\/en\/wp-json\/wp\/v2\/pages\/271754\/revisions\/271914"}],"wp:featuredmedia":[{"embeddable":true,"href":"https:\/\/www.barcelonacapitalnautica.org\/en\/wp-json\/wp\/v2\/media\/266464"}],"wp:attachment":[{"href":"https:\/\/www.barcelonacapitalnautica.org\/en\/wp-json\/wp\/v2\/media?parent=271754"}],"curies":[{"name":"wp","href":"https:\/\/api.w.org\/{rel}","templated":true}]}}