{"id":258230,"date":"2023-04-20T16:11:58","date_gmt":"2023-04-20T14:11:58","guid":{"rendered":"https:\/\/www.barcelonacapitalnautica.org\/copaamerica\/regata-preliminar\/"},"modified":"2024-01-25T19:05:01","modified_gmt":"2024-01-25T18:05:01","slug":"regata-preliminar","status":"publish","type":"page","link":"https:\/\/www.barcelonacapitalnautica.org\/es\/copaamerica\/regata-preliminar\/","title":{"rendered":"Regata preliminar"},"content":{"rendered":"\n<div class=\"wp-block-uagb-container uagb-block-d7c8498b alignfull uagb-is-root-container\"><div class=\"uagb-container-inner-blocks-wrap\">\n<h3 class=\"wp-block-heading has-ast-global-color-5-color has-text-color has-large-font-size\" style=\"margin-top:var(--wp--preset--spacing--60);margin-right:0;margin-bottom:var(--wp--preset--spacing--60);margin-left:0;padding-top:0;padding-right:0;padding-bottom:0;padding-left:0;text-transform:none\"><strong>Regata preliminar en Vilanova i la Geltr\u00fa<\/strong><\/h3>\n<\/div><\/div>\n\n<div id=\"regatapreliminar\" class=\"wp-block-uagb-container uagb-block-75dd8736 alignfull uagb-is-root-container\"><div class=\"uagb-container-inner-blocks-wrap\">\n<div class=\"wp-block-uagb-info-box uagb-block-d6262723 uagb-infobox__content-wrap  uagb-infobox-icon-above-title uagb-infobox-image-valign-top\"><div class=\"uagb-ifb-content\"><div class=\"uagb-ifb-title-wrap\"><h2 class=\"uagb-ifb-title\">\u00a1Ya hay fechas para la primera regata preliminar de la Copa Am\u00e9rica!<\/h2><\/div><p class=\"uagb-ifb-desc\"><strong>\u00bfCu\u00e1ndo?<\/strong>  CUANDO DIGA EL ROGER<br\/><strong>\u00bfD\u00f3nde?<\/strong> <a href=\"https:\/\/www.vilanova.cat\/\" target=\"_blank\" rel=\"noreferrer noopener\">Vilanova i la Geltr\u00fa <\/a>se convertir\u00e1 en el escenario del estreno.<br\/><strong>\u00bfC\u00f3mo?<\/strong> Durante cuatro d\u00edas \u2013una primera jornada de entrenamiento y tres m\u00e1s de competici\u00f3n con regatas de flota y match race- los seis equipos participantes se enfrentar\u00e1n por primera vez a bordo de embarcaciones de la clase AC40.<\/p><div class=\"uagb-ifb-button-wrapper wp-block-button\"><a href=\"https:\/\/www.americascup.com\/events\/vilanova#\" class=\"uagb-infobox-cta-link wp-block-button__link\" target=\"_blank\" rel=\"noopener noreferrer\" onclick=\"return true;\" alt=\"\"><span class=\"uagb-inline-editing\">\u00bfqu\u00e9 debes saber?<\/span><\/a><\/div><\/div><\/div>\n\n\n\n<figure class=\"wp-block-video\"><video height=\"1080\" style=\"aspect-ratio: 1920 \/ 1080;\" width=\"1920\" controls=\"\" src=\"https:\/\/www.barcelonacapitalnautica.org\/wp-content\/uploads\/2023\/03\/AC37_PR_Vilanova_.mp4\"><\/video><\/figure>\n<\/div><\/div>\n\n<div class=\"wp-block-uagb-container uagb-block-72b51e66 alignfull uagb-is-root-container\"><div class=\"uagb-container-inner-blocks-wrap\">\n<div class=\"wp-block-uagb-advanced-heading uagb-block-02658fc3\"><h2 class=\"uagb-heading-text\">Salida en<\/h2><\/div>\n\n\n\n<div class=\"wp-block-uagb-countdown uagb-block-772983d7\"><div class=\"wp-block-uagb-countdown__box wp-block-uagb-countdown__box-days\"><div class=\"wp-block-uagb-countdown__time wp-block-uagb-countdown__time-days\">&#8211;<\/div><div class=\"wp-block-uagb-countdown__label\">DIES<\/div><\/div><div class=\"wp-block-uagb-countdown__box wp-block-uagb-countdown__box-hours\"><div class=\"wp-block-uagb-countdown__time wp-block-uagb-countdown__time-hours\">&#8211;<\/div><div class=\"wp-block-uagb-countdown__label\">HORES<\/div><\/div><div class=\"wp-block-uagb-countdown__box wp-block-uagb-countdown__box-minutes\"><div class=\"wp-block-uagb-countdown__time wp-block-uagb-countdown__time-minutes\">&#8211;<\/div><div class=\"wp-block-uagb-countdown__label\">MINUTS<\/div><\/div><div class=\"wp-block-uagb-countdown__box wp-block-uagb-countdown__box-seconds\"><div class=\"wp-block-uagb-countdown__time wp-block-uagb-countdown__time-seconds\">&#8211;<\/div><div class=\"wp-block-uagb-countdown__label\">SEGONS<\/div><\/div><\/div>\n<\/div><\/div>\n\n<div id=\"recerca\" class=\"wp-block-uagb-container uagb-block-b89d0d46 alignfull uagb-is-root-container\"><div class=\"uagb-container-inner-blocks-wrap\">\n<div class=\"wp-block-uagb-container uagb-block-cb129c84\">\n<div class=\"wp-block-uagb-advanced-heading uagb-block-2481e91c\"><h2 class=\"uagb-heading-text\">\u00a1Vive la regata con tu barco!<\/h2><\/div>\n<\/div>\n\n\n\n<div class=\"wp-block-uagb-container uagb-block-dffd92b9\">\n<div class=\"wp-block-uagb-container uagb-block-0b4feba9\">\n<div class=\"wp-block-uagb-call-to-action uagb-block-816aea61 wp-block-button\"><div class=\"uagb-cta__wrap\"><p class=\"uagb-cta__desc\">Si est\u00e1s pensando en ver la regata preliminar en Vilanova i la Geltr\u00fa <strong>desde el agua con tu barco<\/strong>, registrate en la web de la Copa Am\u00e9rica.<\/p><\/div><div class=\"uagb-cta__buttons\"><a href=\"https:\/\/www.americascup.com\/on-water-information\" class=\"uagb-cta__button-link-wrapper wp-block-button__link\" target=\"_blank\" rel=\"noopener noreferrer\"><svg xmlns=\"https:\/\/www.w3.org\/2000\/svg\" viewbox=\"0 0 512 512\"><path d=\"M421.7 220.3L188.5 453.4L154.6 419.5L158.1 416H112C103.2 416 96 408.8 96 400V353.9L92.51 357.4C87.78 362.2 84.31 368 82.42 374.4L59.44 452.6L137.6 429.6C143.1 427.7 149.8 424.2 154.6 419.5L188.5 453.4C178.1 463.8 165.2 471.5 151.1 475.6L30.77 511C22.35 513.5 13.24 511.2 7.03 504.1C.8198 498.8-1.502 489.7 .976 481.2L36.37 360.9C40.53 346.8 48.16 333.9 58.57 323.5L291.7 90.34L421.7 220.3zM492.7 58.75C517.7 83.74 517.7 124.3 492.7 149.3L444.3 197.7L314.3 67.72L362.7 19.32C387.7-5.678 428.3-5.678 453.3 19.32L492.7 58.75z\"><\/path><\/svg>registro<\/a><\/div><\/div>\n<\/div>\n<\/div>\n<\/div><\/div>\n\n<div class=\"wp-block-uagb-container uagb-block-5a44f804 alignfull uagb-is-root-container\">\t\t\t\t\t<div\n\t\t\t\t\t\tclass=\"wp-block-uagb-image-gallery uagb-block-9702bef8 gallery_16_9    \"\n\t\t\t\t\t\tstyle=\"\"\n\t\t\t\t\t>\n\t\t\t\t\t\t\t\t\t\t\t<div class=\"spectra-image-gallery spectra-image-gallery__layout--grid spectra-image-gallery__layout--grid-col-2 spectra-image-gallery__layout--grid-col-tab-2 spectra-image-gallery__layout--grid-col-mob-2\">\n\t\t\t\t\t\t\t\t\t\t\t<div class='spectra-image-gallery__media-wrapper' data-spectra-gallery-image-id='251367' tabindex=\"0\">\n\t\t\t\t\t\t\t<div class=\"spectra-image-gallery__media spectra-image-gallery__media--grid\">\n\t\t\t\t<picture>\n\t\t\t\t\t<source media=\"(min-width: 1024px)\" srcset=\"https:\/\/www.barcelonacapitalnautica.org\/wp-content\/uploads\/2023\/03\/Noti_Regata_preliminar-900x347.png\">\n\t\t\t\t\t<source media=\"(min-width: 768px)\" srcset=\"https:\/\/www.barcelonacapitalnautica.org\/wp-content\/uploads\/2023\/03\/Noti_Regata_preliminar-900x347.png\">\n\t\t\t\t\t<img decoding=\"async\" class=\"spectra-image-gallery__media-thumbnail spectra-image-gallery__media-thumbnail--grid\" src=\"https:\/\/www.barcelonacapitalnautica.org\/wp-content\/uploads\/2023\/03\/Noti_Regata_preliminar-560x216.png\" alt=\"\" loading=\"lazy\" \/>\n\t\t\t\t<\/picture>\n\t\t\t\t<div class=\"spectra-image-gallery__media-thumbnail-blurrer\"><\/div>\n\t\t\t\t\t\t\t\t\t\t\t<div class=\"spectra-image-gallery__media-thumbnail-caption-wrapper spectra-image-gallery__media-thumbnail-caption-wrapper--overlay\"><\/div>\n\t\t\t\t\t\t\t\t<\/div>\n\t\t\t\t\t\t<\/div>\n\t\t\t\t\t\t<div class='spectra-image-gallery__media-wrapper' data-spectra-gallery-image-id='251366' tabindex=\"0\">\n\t\t\t\t\t\t\t<div class=\"spectra-image-gallery__media spectra-image-gallery__media--grid\">\n\t\t\t\t<picture>\n\t\t\t\t\t<source media=\"(min-width: 1024px)\" srcset=\"https:\/\/www.barcelonacapitalnautica.org\/wp-content\/uploads\/2023\/03\/ACE17Mar23FotoJorgeAndreuJYAT4852-scaled-1-1024x671.jpg\">\n\t\t\t\t\t<source media=\"(min-width: 768px)\" srcset=\"https:\/\/www.barcelonacapitalnautica.org\/wp-content\/uploads\/2023\/03\/ACE17Mar23FotoJorgeAndreuJYAT4852-scaled-1-1024x671.jpg\">\n\t\t\t\t\t<img decoding=\"async\" class=\"spectra-image-gallery__media-thumbnail spectra-image-gallery__media-thumbnail--grid\" src=\"https:\/\/www.barcelonacapitalnautica.org\/wp-content\/uploads\/2023\/03\/ACE17Mar23FotoJorgeAndreuJYAT4852-scaled-1-300x196.jpg\" alt=\"\" loading=\"lazy\" \/>\n\t\t\t\t<\/picture>\n\t\t\t\t<div class=\"spectra-image-gallery__media-thumbnail-blurrer\"><\/div>\n\t\t\t\t\t\t\t\t\t\t\t<div class=\"spectra-image-gallery__media-thumbnail-caption-wrapper spectra-image-gallery__media-thumbnail-caption-wrapper--overlay\"><\/div>\n\t\t\t\t\t\t\t\t<\/div>\n\t\t\t\t\t\t<\/div>\n\t\t\t\t\t\t\t\t\t\t<\/div>\n\t\t\t\t\t\t\t\t\t\t\t\t\t\t\t\t\t\t<\/div>\n\t\t\t\t\t\t\t\t\t\t\t<div class='spectra-image-gallery__control-lightbox' tabindex='0'>\n\t\t\t\t\t\t\t\t\t\t\t<div class=\"swiper spectra-image-gallery__control-lightbox--main\" dir=\"\">\n\t\t\t\t\t<div class=\"swiper-wrapper\">\n\t\t\t\t\t\t\t\t\t\t\t\t\t\n\t\t\t\t\t\t\t<div class=\"swiper-slide\">\n\t\t\t\t\t\t\t\t<img class=\"swiper-lazy\" data-src=\"https:\/\/www.barcelonacapitalnautica.org\/wp-content\/uploads\/2023\/03\/Noti_Regata_preliminar.png\" alt=\"\"\/>\n\t\t\t\t\t\t\t\t<div class=\"swiper-lazy-preloader swiper-lazy-preloader-white\"><\/div>\n\t\t\t\t\t\t\t\t\t\t\t\t\t\t\t<\/div>\n\t\t\t\t\t\t\t\t\t\t\t\t\t\n\t\t\t\t\t\t\t<div class=\"swiper-slide\">\n\t\t\t\t\t\t\t\t<img class=\"swiper-lazy\" data-src=\"https:\/\/www.barcelonacapitalnautica.org\/wp-content\/uploads\/2023\/03\/ACE17Mar23FotoJorgeAndreuJYAT4852-scaled-1.jpg\" alt=\"\"\/>\n\t\t\t\t\t\t\t\t<div class=\"swiper-lazy-preloader swiper-lazy-preloader-white\"><\/div>\n\t\t\t\t\t\t\t\t\t\t\t\t\t\t\t<\/div>\n\t\t\t\t\t\t\t\t\t\t\t<\/div>\n\t\t\t\t\t<div class=\"swiper-button-next\"><\/div>\n\t\t\t\t\t<div class=\"swiper-button-prev\"><\/div>\n\t\t\t\t<\/div>\t\t\t\n\t\t\t\t\t\t\t\t\t\t\t\t\t\t\t\t\t\t\t\t\t\t\t\t\t\t\t\t\t\t\t\t<button class='spectra-image-gallery__control-lightbox--close' aria-label=\"Close\">\n\t\t\t\t\t\t\t\t\t\t\t\t\t<svg xmlns=\"https:\/\/www.w3.org\/2000\/svg\" viewBox= \"0 0 320 512\"><path d=\"M310.6 361.4c12.5 12.5 12.5 32.75 0 45.25C304.4 412.9 296.2 416 288 416s-16.38-3.125-22.62-9.375L160 301.3L54.63 406.6C48.38 412.9 40.19 416 32 416S15.63 412.9 9.375 406.6c-12.5-12.5-12.5-32.75 0-45.25l105.4-105.4L9.375 150.6c-12.5-12.5-12.5-32.75 0-45.25s32.75-12.5 45.25 0L160 210.8l105.4-105.4c12.5-12.5 32.75-12.5 45.25 0s12.5 32.75 0 45.25l-105.4 105.4L310.6 361.4z\"><\/path><\/svg>\n\t\t\t\t\t\t\t\t\t\t\t\t<\/button>\n\t\t\t\t\t\t\t\t\t\t\t\t\t<\/div>\n\t\t\t\t\t\t\t\t\t<\/div>\n\n<p><\/p>\n","protected":false},"excerpt":{"rendered":"<p>Regata preliminar en Vilanova i la Geltr\u00fa Salida en \u00a1Vive [&hellip;]<\/p>\n","protected":false},"author":1,"featured_media":255440,"parent":258228,"menu_order":1,"comment_status":"closed","ping_status":"closed","template":"","meta":{"_uag_custom_page_level_css":"","site-sidebar-layout":"default","site-content-layout":"","ast-site-content-layout":"default","site-content-style":"default","site-sidebar-style":"default","ast-global-header-display":"","ast-banner-title-visibility":"","ast-main-header-display":"","ast-hfb-above-header-display":"","ast-hfb-below-header-display":"","ast-hfb-mobile-header-display":"","site-post-title":"disabled","ast-breadcrumbs-content":"","ast-featured-img":"disabled","footer-sml-layout":"","ast-disable-related-posts":"","theme-transparent-header-meta":"","adv-header-id-meta":"","stick-header-meta":"","header-above-stick-meta":"","header-main-stick-meta":"","header-below-stick-meta":"","astra-migrate-meta-layouts":"default","ast-page-background-enabled":"default","ast-page-background-meta":{"desktop":{"background-color":"","background-image":"","background-repeat":"repeat","background-position":"center center","background-size":"auto","background-attachment":"scroll","background-type":"","background-media":"","overlay-type":"","overlay-color":"","overlay-opacity":"","overlay-gradient":""},"tablet":{"background-color":"","background-image":"","background-repeat":"repeat","background-position":"center center","background-size":"auto","background-attachment":"scroll","background-type":"","background-media":"","overlay-type":"","overlay-color":"","overlay-opacity":"","overlay-gradient":""},"mobile":{"background-color":"","background-image":"","background-repeat":"repeat","background-position":"center center","background-size":"auto","background-attachment":"scroll","background-type":"","background-media":"","overlay-type":"","overlay-color":"","overlay-opacity":"","overlay-gradient":""}},"ast-content-background-meta":{"desktop":{"background-color":"var(--ast-global-color-5)","background-image":"","background-repeat":"repeat","background-position":"center center","background-size":"auto","background-attachment":"scroll","background-type":"","background-media":"","overlay-type":"","overlay-color":"","overlay-opacity":"","overlay-gradient":""},"tablet":{"background-color":"var(--ast-global-color-5)","background-image":"","background-repeat":"repeat","background-position":"center center","background-size":"auto","background-attachment":"scroll","background-type":"","background-media":"","overlay-type":"","overlay-color":"","overlay-opacity":"","overlay-gradient":""},"mobile":{"background-color":"var(--ast-global-color-5)","background-image":"","background-repeat":"repeat","background-position":"center center","background-size":"auto","background-attachment":"scroll","background-type":"","background-media":"","overlay-type":"","overlay-color":"","overlay-opacity":"","overlay-gradient":""}},"_price":"","_stock":"","_tribe_ticket_header":"","_tribe_default_ticket_provider":"","_tribe_ticket_capacity":"0","_ticket_start_date":"","_ticket_end_date":"","_tribe_ticket_show_description":"","_tribe_ticket_show_not_going":false,"_tribe_ticket_use_global_stock":"","_tribe_ticket_global_stock_level":"","_global_stock_mode":"","_global_stock_cap":"","_tribe_rsvp_for_event":"","_tribe_ticket_going_count":"","_tribe_ticket_not_going_count":"","_tribe_tickets_list":[],"_tribe_ticket_has_attendee_info_fields":false,"footnotes":""},"class_list":["post-258230","page","type-page","status-publish","has-post-thumbnail","hentry"],"yoast_head":"<!-- This site is optimized with the Yoast SEO plugin v27.5 - https:\/\/yoast.com\/product\/yoast-seo-wordpress\/ -->\n<title>Regata preliminar de la Copa Am\u00e9rica - Barcelona Capital N\u00e0utica<\/title>\n<meta name=\"description\" content=\"Durante cuatro d\u00edas, del 14 y el 17 de septiembre de 2023, Vilanova i la Geltr\u00fa se convertir\u00e1 en el escenario del estreno de la Copa Am\u00e9rica.\" \/>\n<meta name=\"robots\" content=\"index, follow, max-snippet:-1, max-image-preview:large, max-video-preview:-1\" \/>\n<link rel=\"canonical\" href=\"https:\/\/www.barcelonacapitalnautica.org\/es\/copaamerica\/regata-preliminar\/\" \/>\n<meta property=\"og:locale\" content=\"es_ES\" \/>\n<meta property=\"og:type\" content=\"article\" \/>\n<meta property=\"og:title\" content=\"Regata preliminar de la Copa Am\u00e9rica - Barcelona Capital N\u00e0utica\" \/>\n<meta property=\"og:description\" content=\"Durante cuatro d\u00edas, del 14 y el 17 de septiembre de 2023, Vilanova i la Geltr\u00fa se convertir\u00e1 en el escenario del estreno de la Copa Am\u00e9rica.\" \/>\n<meta property=\"og:url\" content=\"https:\/\/www.barcelonacapitalnautica.org\/es\/copaamerica\/regata-preliminar\/\" \/>\n<meta property=\"og:site_name\" content=\"Barcelona Capital N\u00e0utica\" \/>\n<meta property=\"article:publisher\" content=\"https:\/\/www.facebook.com\/barcelonacapitalnautica\" \/>\n<meta property=\"article:modified_time\" content=\"2024-01-25T18:05:01+00:00\" \/>\n<meta property=\"og:image\" content=\"https:\/\/www.barcelonacapitalnautica.org\/wp-content\/uploads\/2023\/03\/Noti_Regata_preliminar.png\" \/>\n\t<meta property=\"og:image:width\" content=\"1140\" \/>\n\t<meta property=\"og:image:height\" content=\"440\" \/>\n\t<meta property=\"og:image:type\" content=\"image\/png\" \/>\n<meta name=\"twitter:card\" content=\"summary_large_image\" \/>\n<meta name=\"twitter:site\" content=\"@bcnautica\" \/>\n<meta name=\"twitter:label1\" content=\"Tiempo de lectura\" \/>\n\t<meta name=\"twitter:data1\" content=\"1 minuto\" \/>\n<script type=\"application\/ld+json\" class=\"yoast-schema-graph\">{\"@context\":\"https:\\\/\\\/schema.org\",\"@graph\":[{\"@type\":\"WebPage\",\"@id\":\"https:\\\/\\\/www.barcelonacapitalnautica.org\\\/es\\\/copaamerica\\\/regata-preliminar\\\/\",\"url\":\"https:\\\/\\\/www.barcelonacapitalnautica.org\\\/es\\\/copaamerica\\\/regata-preliminar\\\/\",\"name\":\"Regata preliminar de la Copa Am\u00e9rica - Barcelona Capital N\u00e0utica\",\"isPartOf\":{\"@id\":\"https:\\\/\\\/www.barcelonacapitalnautica.org\\\/es\\\/#website\"},\"primaryImageOfPage\":{\"@id\":\"https:\\\/\\\/www.barcelonacapitalnautica.org\\\/es\\\/copaamerica\\\/regata-preliminar\\\/#primaryimage\"},\"image\":{\"@id\":\"https:\\\/\\\/www.barcelonacapitalnautica.org\\\/es\\\/copaamerica\\\/regata-preliminar\\\/#primaryimage\"},\"thumbnailUrl\":\"https:\\\/\\\/www.barcelonacapitalnautica.org\\\/wp-content\\\/uploads\\\/2023\\\/03\\\/Noti_Regata_preliminar.png\",\"datePublished\":\"2023-04-20T14:11:58+00:00\",\"dateModified\":\"2024-01-25T18:05:01+00:00\",\"description\":\"Durante cuatro d\u00edas, del 14 y el 17 de septiembre de 2023, Vilanova i la Geltr\u00fa se convertir\u00e1 en el escenario del estreno de la Copa Am\u00e9rica.\",\"breadcrumb\":{\"@id\":\"https:\\\/\\\/www.barcelonacapitalnautica.org\\\/es\\\/copaamerica\\\/regata-preliminar\\\/#breadcrumb\"},\"inLanguage\":\"es\",\"potentialAction\":[{\"@type\":\"ReadAction\",\"target\":[\"https:\\\/\\\/www.barcelonacapitalnautica.org\\\/es\\\/copaamerica\\\/regata-preliminar\\\/\"]}]},{\"@type\":\"ImageObject\",\"inLanguage\":\"es\",\"@id\":\"https:\\\/\\\/www.barcelonacapitalnautica.org\\\/es\\\/copaamerica\\\/regata-preliminar\\\/#primaryimage\",\"url\":\"https:\\\/\\\/www.barcelonacapitalnautica.org\\\/wp-content\\\/uploads\\\/2023\\\/03\\\/Noti_Regata_preliminar.png\",\"contentUrl\":\"https:\\\/\\\/www.barcelonacapitalnautica.org\\\/wp-content\\\/uploads\\\/2023\\\/03\\\/Noti_Regata_preliminar.png\",\"width\":1140,\"height\":440},{\"@type\":\"BreadcrumbList\",\"@id\":\"https:\\\/\\\/www.barcelonacapitalnautica.org\\\/es\\\/copaamerica\\\/regata-preliminar\\\/#breadcrumb\",\"itemListElement\":[{\"@type\":\"ListItem\",\"position\":1,\"name\":\"Inici\",\"item\":\"https:\\\/\\\/www.barcelonacapitalnautica.org\\\/es\\\/\"},{\"@type\":\"ListItem\",\"position\":2,\"name\":\"Copa Am\u00e9rica\",\"item\":\"https:\\\/\\\/www.barcelonacapitalnautica.org\\\/es\\\/copaamerica\\\/\"},{\"@type\":\"ListItem\",\"position\":3,\"name\":\"Regata preliminar\"}]},{\"@type\":\"WebSite\",\"@id\":\"https:\\\/\\\/www.barcelonacapitalnautica.org\\\/es\\\/#website\",\"url\":\"https:\\\/\\\/www.barcelonacapitalnautica.org\\\/es\\\/\",\"name\":\"Barcelona Capital N\u00e0utica\",\"description\":\"Barcelona Capital N\u00e0utica\",\"publisher\":{\"@id\":\"https:\\\/\\\/www.barcelonacapitalnautica.org\\\/es\\\/#organization\"},\"alternateName\":\"BCN\u00e0utica, FBCN\",\"potentialAction\":[{\"@type\":\"SearchAction\",\"target\":{\"@type\":\"EntryPoint\",\"urlTemplate\":\"https:\\\/\\\/www.barcelonacapitalnautica.org\\\/es\\\/?s={search_term_string}\"},\"query-input\":{\"@type\":\"PropertyValueSpecification\",\"valueRequired\":true,\"valueName\":\"search_term_string\"}}],\"inLanguage\":\"es\"},{\"@type\":\"Organization\",\"@id\":\"https:\\\/\\\/www.barcelonacapitalnautica.org\\\/es\\\/#organization\",\"name\":\"Barcelona Capital N\u00e0utica\",\"alternateName\":\"Fundaci\u00f3 Barcelona Capital N\u00e0utica\",\"url\":\"https:\\\/\\\/www.barcelonacapitalnautica.org\\\/es\\\/\",\"logo\":{\"@type\":\"ImageObject\",\"inLanguage\":\"es\",\"@id\":\"https:\\\/\\\/www.barcelonacapitalnautica.org\\\/es\\\/#\\\/schema\\\/logo\\\/image\\\/\",\"url\":\"https:\\\/\\\/www.barcelonacapitalnautica.org\\\/wp-content\\\/uploads\\\/2023\\\/03\\\/Logo-blau.svg\",\"contentUrl\":\"https:\\\/\\\/www.barcelonacapitalnautica.org\\\/wp-content\\\/uploads\\\/2023\\\/03\\\/Logo-blau.svg\",\"width\":200,\"height\":58,\"caption\":\"Barcelona Capital N\u00e0utica\"},\"image\":{\"@id\":\"https:\\\/\\\/www.barcelonacapitalnautica.org\\\/es\\\/#\\\/schema\\\/logo\\\/image\\\/\"},\"sameAs\":[\"https:\\\/\\\/www.facebook.com\\\/barcelonacapitalnautica\",\"https:\\\/\\\/x.com\\\/bcnautica\",\"https:\\\/\\\/www.instagram.com\\\/bcnautica\\\/\",\"https:\\\/\\\/www.linkedin.com\\\/company\\\/barcelona-capital-nautica\"]}]}<\/script>\n<!-- \/ Yoast SEO plugin. -->","yoast_head_json":{"title":"Regata preliminar de la Copa Am\u00e9rica - Barcelona Capital N\u00e0utica","description":"Durante cuatro d\u00edas, del 14 y el 17 de septiembre de 2023, Vilanova i la Geltr\u00fa se convertir\u00e1 en el escenario del estreno de la Copa Am\u00e9rica.","robots":{"index":"index","follow":"follow","max-snippet":"max-snippet:-1","max-image-preview":"max-image-preview:large","max-video-preview":"max-video-preview:-1"},"canonical":"https:\/\/www.barcelonacapitalnautica.org\/es\/copaamerica\/regata-preliminar\/","og_locale":"es_ES","og_type":"article","og_title":"Regata preliminar de la Copa Am\u00e9rica - Barcelona Capital N\u00e0utica","og_description":"Durante cuatro d\u00edas, del 14 y el 17 de septiembre de 2023, Vilanova i la Geltr\u00fa se convertir\u00e1 en el escenario del estreno de la Copa Am\u00e9rica.","og_url":"https:\/\/www.barcelonacapitalnautica.org\/es\/copaamerica\/regata-preliminar\/","og_site_name":"Barcelona Capital N\u00e0utica","article_publisher":"https:\/\/www.facebook.com\/barcelonacapitalnautica","article_modified_time":"2024-01-25T18:05:01+00:00","og_image":[{"width":1140,"height":440,"url":"https:\/\/www.barcelonacapitalnautica.org\/wp-content\/uploads\/2023\/03\/Noti_Regata_preliminar.png","type":"image\/png"}],"twitter_card":"summary_large_image","twitter_site":"@bcnautica","twitter_misc":{"Tiempo de lectura":"1 minuto"},"schema":{"@context":"https:\/\/schema.org","@graph":[{"@type":"WebPage","@id":"https:\/\/www.barcelonacapitalnautica.org\/es\/copaamerica\/regata-preliminar\/","url":"https:\/\/www.barcelonacapitalnautica.org\/es\/copaamerica\/regata-preliminar\/","name":"Regata preliminar de la Copa Am\u00e9rica - Barcelona Capital N\u00e0utica","isPartOf":{"@id":"https:\/\/www.barcelonacapitalnautica.org\/es\/#website"},"primaryImageOfPage":{"@id":"https:\/\/www.barcelonacapitalnautica.org\/es\/copaamerica\/regata-preliminar\/#primaryimage"},"image":{"@id":"https:\/\/www.barcelonacapitalnautica.org\/es\/copaamerica\/regata-preliminar\/#primaryimage"},"thumbnailUrl":"https:\/\/www.barcelonacapitalnautica.org\/wp-content\/uploads\/2023\/03\/Noti_Regata_preliminar.png","datePublished":"2023-04-20T14:11:58+00:00","dateModified":"2024-01-25T18:05:01+00:00","description":"Durante cuatro d\u00edas, del 14 y el 17 de septiembre de 2023, Vilanova i la Geltr\u00fa se convertir\u00e1 en el escenario del estreno de la Copa Am\u00e9rica.","breadcrumb":{"@id":"https:\/\/www.barcelonacapitalnautica.org\/es\/copaamerica\/regata-preliminar\/#breadcrumb"},"inLanguage":"es","potentialAction":[{"@type":"ReadAction","target":["https:\/\/www.barcelonacapitalnautica.org\/es\/copaamerica\/regata-preliminar\/"]}]},{"@type":"ImageObject","inLanguage":"es","@id":"https:\/\/www.barcelonacapitalnautica.org\/es\/copaamerica\/regata-preliminar\/#primaryimage","url":"https:\/\/www.barcelonacapitalnautica.org\/wp-content\/uploads\/2023\/03\/Noti_Regata_preliminar.png","contentUrl":"https:\/\/www.barcelonacapitalnautica.org\/wp-content\/uploads\/2023\/03\/Noti_Regata_preliminar.png","width":1140,"height":440},{"@type":"BreadcrumbList","@id":"https:\/\/www.barcelonacapitalnautica.org\/es\/copaamerica\/regata-preliminar\/#breadcrumb","itemListElement":[{"@type":"ListItem","position":1,"name":"Inici","item":"https:\/\/www.barcelonacapitalnautica.org\/es\/"},{"@type":"ListItem","position":2,"name":"Copa Am\u00e9rica","item":"https:\/\/www.barcelonacapitalnautica.org\/es\/copaamerica\/"},{"@type":"ListItem","position":3,"name":"Regata preliminar"}]},{"@type":"WebSite","@id":"https:\/\/www.barcelonacapitalnautica.org\/es\/#website","url":"https:\/\/www.barcelonacapitalnautica.org\/es\/","name":"Barcelona Capital N\u00e0utica","description":"Barcelona Capital N\u00e0utica","publisher":{"@id":"https:\/\/www.barcelonacapitalnautica.org\/es\/#organization"},"alternateName":"BCN\u00e0utica, FBCN","potentialAction":[{"@type":"SearchAction","target":{"@type":"EntryPoint","urlTemplate":"https:\/\/www.barcelonacapitalnautica.org\/es\/?s={search_term_string}"},"query-input":{"@type":"PropertyValueSpecification","valueRequired":true,"valueName":"search_term_string"}}],"inLanguage":"es"},{"@type":"Organization","@id":"https:\/\/www.barcelonacapitalnautica.org\/es\/#organization","name":"Barcelona Capital N\u00e0utica","alternateName":"Fundaci\u00f3 Barcelona Capital N\u00e0utica","url":"https:\/\/www.barcelonacapitalnautica.org\/es\/","logo":{"@type":"ImageObject","inLanguage":"es","@id":"https:\/\/www.barcelonacapitalnautica.org\/es\/#\/schema\/logo\/image\/","url":"https:\/\/www.barcelonacapitalnautica.org\/wp-content\/uploads\/2023\/03\/Logo-blau.svg","contentUrl":"https:\/\/www.barcelonacapitalnautica.org\/wp-content\/uploads\/2023\/03\/Logo-blau.svg","width":200,"height":58,"caption":"Barcelona Capital N\u00e0utica"},"image":{"@id":"https:\/\/www.barcelonacapitalnautica.org\/es\/#\/schema\/logo\/image\/"},"sameAs":["https:\/\/www.facebook.com\/barcelonacapitalnautica","https:\/\/x.com\/bcnautica","https:\/\/www.instagram.com\/bcnautica\/","https:\/\/www.linkedin.com\/company\/barcelona-capital-nautica"]}]}},"uagb_featured_image_src":{"full":["https:\/\/www.barcelonacapitalnautica.org\/wp-content\/uploads\/2023\/03\/Noti_Regata_preliminar.png",1140,440,false],"thumbnail":["https:\/\/www.barcelonacapitalnautica.org\/wp-content\/uploads\/2023\/03\/Noti_Regata_preliminar-380x147.png",380,147,true],"medium":["https:\/\/www.barcelonacapitalnautica.org\/wp-content\/uploads\/2023\/03\/Noti_Regata_preliminar-560x216.png",560,216,true],"medium_large":["https:\/\/www.barcelonacapitalnautica.org\/wp-content\/uploads\/2023\/03\/Noti_Regata_preliminar-768x296.png",768,296,true],"large":["https:\/\/www.barcelonacapitalnautica.org\/wp-content\/uploads\/2023\/03\/Noti_Regata_preliminar-900x347.png",900,347,true],"1536x1536":["https:\/\/www.barcelonacapitalnautica.org\/wp-content\/uploads\/2023\/03\/Noti_Regata_preliminar.png",1140,440,false],"2048x2048":["https:\/\/www.barcelonacapitalnautica.org\/wp-content\/uploads\/2023\/03\/Noti_Regata_preliminar.png",1140,440,false]},"uagb_author_info":{"display_name":"Barcelona Capital N\u00e0utica","author_link":"https:\/\/www.barcelonacapitalnautica.org\/es\/author\/fbcn_admin\/"},"uagb_comment_info":0,"uagb_excerpt":"Regata preliminar en Vilanova i la Geltr\u00fa Salida en \u00a1Vive [&hellip;]","ticketed":false,"_links":{"self":[{"href":"https:\/\/www.barcelonacapitalnautica.org\/es\/wp-json\/wp\/v2\/pages\/258230","targetHints":{"allow":["GET"]}}],"collection":[{"href":"https:\/\/www.barcelonacapitalnautica.org\/es\/wp-json\/wp\/v2\/pages"}],"about":[{"href":"https:\/\/www.barcelonacapitalnautica.org\/es\/wp-json\/wp\/v2\/types\/page"}],"author":[{"embeddable":true,"href":"https:\/\/www.barcelonacapitalnautica.org\/es\/wp-json\/wp\/v2\/users\/1"}],"replies":[{"embeddable":true,"href":"https:\/\/www.barcelonacapitalnautica.org\/es\/wp-json\/wp\/v2\/comments?post=258230"}],"version-history":[{"count":9,"href":"https:\/\/www.barcelonacapitalnautica.org\/es\/wp-json\/wp\/v2\/pages\/258230\/revisions"}],"predecessor-version":[{"id":263894,"href":"https:\/\/www.barcelonacapitalnautica.org\/es\/wp-json\/wp\/v2\/pages\/258230\/revisions\/263894"}],"up":[{"embeddable":true,"href":"https:\/\/www.barcelonacapitalnautica.org\/es\/wp-json\/wp\/v2\/pages\/258228"}],"wp:featuredmedia":[{"embeddable":true,"href":"https:\/\/www.barcelonacapitalnautica.org\/es\/wp-json\/wp\/v2\/media\/255440"}],"wp:attachment":[{"href":"https:\/\/www.barcelonacapitalnautica.org\/es\/wp-json\/wp\/v2\/media?parent=258230"}],"curies":[{"name":"wp","href":"https:\/\/api.w.org\/{rel}","templated":true}]}}