{"id":258260,"date":"2023-05-02T01:00:00","date_gmt":"2023-05-01T23:00:00","guid":{"rendered":"https:\/\/www.barcelonacapitalnautica.org\/deporte\/regatas-de-la-fundacion\/"},"modified":"2025-05-09T12:12:20","modified_gmt":"2025-05-09T10:12:20","slug":"regatas","status":"publish","type":"page","link":"https:\/\/www.barcelonacapitalnautica.org\/es\/deporte\/regatas\/","title":{"rendered":"Regatas"},"content":{"rendered":"\n<div class=\"wp-block-uagb-container uagb-block-d017f42b alignfull uagb-is-root-container\"><div class=\"uagb-container-inner-blocks-wrap\">\n<div class=\"wp-block-uagb-advanced-heading uagb-block-d4d3dc8e\"><h2 class=\"uagb-heading-text\">Regates<\/h2><\/div>\n<\/div><\/div>\n\n<div class=\"wp-block-uagb-container uagb-block-328bf1fd alignfull uagb-is-root-container\"><div class=\"uagb-container-inner-blocks-wrap\">\n<hr class=\"wp-block-separator alignfull has-text-color has-ast-global-color-0-color has-alpha-channel-opacity has-ast-global-color-0-background-color has-background is-style-wide\"\/>\n<\/div><\/div>\n\n<div class=\"wp-block-cover alignfull has-parallax uag-hide-desktop uag-hide-tab uag-hide-mob\" style=\"padding-top:40px;padding-right:40px;padding-bottom:40px;padding-left:40px;min-height:555px;aspect-ratio:unset;\" id=\"theoceanrace\"><span aria-hidden=\"true\" class=\"wp-block-cover__background has-background-dim\" style=\"background-color:#000000\"><\/span><div class=\"wp-block-cover__image-background wp-image-268580 has-parallax\" style=\"background-position:50% 50%;background-image:url(https:\/\/www.barcelonacapitalnautica.org\/wp-content\/uploads\/2024\/07\/LargadadeCaiscais.jpg)\"><\/div><div class=\"wp-block-cover__inner-container is-layout-flow wp-block-cover-is-layout-flow\">\n<div class=\"wp-block-uagb-container uagb-block-6a4c07d0 alignfull uagb-is-root-container\"><div class=\"uagb-container-inner-blocks-wrap\">\n<div class=\"wp-block-uagb-info-box uagb-block-3d326010 uagb-infobox__content-wrap  uagb-infobox-icon-above-title uagb-infobox-image-valign-top\"><div class=\"uagb-ifb-content\"><div class=\"uagb-ifb-image-content\"><img decoding=\"async\" src=\"https:\/\/www.barcelonacapitalnautica.org\/wp-content\/uploads\/2024\/07\/logo-The-Ocean-Race-blanc.png\" alt=\"\" width=\"12\" height=\"5\" loading=\"lazy\"\/><\/div><div class=\"uagb-ifb-title-wrap\"><h2 class=\"uagb-ifb-title\"><strong>De Nova York a Barcelona<\/strong><\/h2><\/div><p class=\"uagb-ifb-desc\">La regata&#8230;..<\/p><div class=\"uagb-ifb-button-wrapper wp-block-button\"><a href=\"#\" class=\"uagb-infobox-cta-link wp-block-button__link\" target=\"_self\" rel=\"noopener noreferrer\" onclick=\"return false;\"><span class=\"uagb-inline-editing\">pROMERAMENT<\/span><\/a><\/div><\/div><\/div>\n<\/div><\/div>\n<\/div><\/div>\n\n<div class=\"wp-block-cover alignfull is-light has-parallax\" style=\"padding-top:40px;padding-right:40px;padding-bottom:40px;padding-left:40px;min-height:555px;aspect-ratio:unset;\" id=\"solomed\"><span aria-hidden=\"true\" class=\"wp-block-cover__background has-background-dim\" style=\"background-color:#000000\"><\/span><div class=\"wp-block-cover__image-background wp-image-239845 has-parallax\" style=\"background-position:50% 50%;background-image:url(https:\/\/www.barcelonacapitalnautica.org\/wp-content\/uploads\/2022\/05\/SOLOMED2022_SARAPITA_CHELLIN-01925.jpg)\"><\/div><div class=\"wp-block-cover__inner-container is-layout-flow wp-block-cover-is-layout-flow\">\n<div class=\"wp-block-uagb-container uagb-block-98c339b4 alignfull uagb-is-root-container\"><div class=\"uagb-container-inner-blocks-wrap\">\n<div class=\"wp-block-uagb-info-box uagb-block-dc5264d3 uagb-infobox__content-wrap  uagb-infobox-icon-above-title uagb-infobox-image-valign-top\"><div class=\"uagb-ifb-content\"><div class=\"uagb-ifb-image-content\"><img decoding=\"async\" src=\"https:\/\/www.barcelonacapitalnautica.org\/wp-content\/uploads\/2024\/02\/solo-med-380x106.png\" alt=\"\" width=\"12\" height=\"3\" loading=\"lazy\"\/><\/div><div class=\"uagb-ifb-title-wrap\"><h2 class=\"uagb-ifb-title\">Regata Solo Med de la Classe Mini<\/h2><\/div><p class=\"uagb-ifb-desc\">Aquesta \u00e9s una regata de 500 milles per a embarcacions de la Clase Mini 6,50 en solitari, que ja porta quatre edicions. L&#8217;edici\u00f3 d&#8217;enguany ha estat co-organitzada per la Federaci\u00f3 Catalana de Vela i Barcelona Capital N\u00e0utica amb la col\u00b7laboraci\u00f3 de la Base Mini i el Club N\u00e0utic Sa R\u00e0pita, com a club organitzador.<\/p><\/div><\/div>\n\n\n\n<div class=\"wp-block-uagb-buttons uagb-buttons__outer-wrap uagb-btn__default-btn uagb-btn-tablet__default-btn uagb-btn-mobile__default-btn uagb-block-bb19b82a\"><div class=\"uagb-buttons__wrap uagb-buttons-layout-wrap \">\n<div class=\"wp-block-uagb-buttons-child uagb-buttons__outer-wrap uagb-block-ff5eb3af wp-block-button\"><div class=\"uagb-button__wrapper\"><a class=\"uagb-buttons-repeater wp-block-button__link\" aria-label=\"\" href=\"https:\/\/www.barcelonacapitalnautica.org\/es\/tag\/solomed-es\/\" rel=\"follow noopener\" target=\"_self\" role=\"button\"><div class=\"uagb-button__link\">Edici\u00f3 2025<\/div><\/a><\/div><\/div>\n\n\n\n<div class=\"wp-block-uagb-buttons-child uagb-buttons__outer-wrap uagb-block-6e2488fc wp-block-button\"><div class=\"uagb-button__wrapper\"><a class=\"uagb-buttons-repeater wp-block-button__link\" aria-label=\"\" href=\"https:\/\/www.barcelonacapitalnautica.org\/es\/tag\/solomed-es\/\" rel=\"follow noopener\" target=\"_self\" role=\"button\"><div class=\"uagb-button__link\">eidic\u00f3 2024<\/div><\/a><\/div><\/div>\n\n\n\n<div class=\"wp-block-uagb-buttons-child uagb-buttons__outer-wrap uagb-block-2c68cf72 wp-block-button\"><div class=\"uagb-button__wrapper\"><a class=\"uagb-buttons-repeater wp-block-button__link\" aria-label=\"\" href=\"https:\/\/www.barcelonacapitalnautica.org\/es\/solomed-3\/\" rel=\"follow noopener\" target=\"_self\" role=\"button\"><div class=\"uagb-button__link\">edici\u00f3 2023<\/div><\/a><\/div><\/div>\n\n\n\n<div class=\"wp-block-uagb-buttons-child uagb-buttons__outer-wrap uagb-block-4c899248 wp-block-button\"><div class=\"uagb-button__wrapper\"><a class=\"uagb-buttons-repeater wp-block-button__link\" aria-label=\"\" href=\"https:\/\/escola.barcelonacapitalnautica.org\/regates\/regata-solomed-2022\/\" rel=\"follow noopener\" target=\"_self\" role=\"button\"><div class=\"uagb-button__link\">edici\u00f3 2022<\/div><\/a><\/div><\/div>\n<\/div><\/div>\n<\/div><\/div>\n<\/div><\/div>\n\n<div class=\"wp-block-cover alignfull has-parallax\" style=\"padding-top:40px;padding-right:40px;padding-bottom:40px;padding-left:40px;min-height:555px;aspect-ratio:unset;\" id=\"rcsailing\"><span aria-hidden=\"true\" class=\"wp-block-cover__background has-background-dim\" style=\"background-color:#000000\"><\/span><div class=\"wp-block-cover__image-background wp-image-267494 has-parallax\" style=\"background-position:50% 50%;background-image:url(https:\/\/www.barcelonacapitalnautica.org\/wp-content\/uploads\/2024\/05\/RC-Sailing-Barcelona_prensa_baja-1200.jpg)\"><\/div><div class=\"wp-block-cover__inner-container is-layout-flow wp-block-cover-is-layout-flow\">\n<div class=\"wp-block-uagb-container uagb-block-2d2da844 alignfull uagb-is-root-container\"><div class=\"uagb-container-inner-blocks-wrap\">\n<div class=\"wp-block-uagb-info-box uagb-block-bb6f2a64 uagb-infobox__content-wrap  uagb-infobox-icon-above-title uagb-infobox-image-valign-top\"><div class=\"uagb-ifb-content\"><div class=\"uagb-ifb-title-wrap\"><h2 class=\"uagb-ifb-title\"><strong>Regata Universitaria RC Sailing Barcelona<\/strong><\/h2><\/div><p class=\"uagb-ifb-desc\">Hemos creado una beca universitaria de formaci\u00f3n en dise\u00f1o y construcci\u00f3n de una embarcaci\u00f3n por radio control dirigida a estudiantes en \u00faltimo curso de grado en ingenier\u00edas, para conceptualizar, dise\u00f1ar y construir una embarcaci\u00f3n a peque\u00f1a escala, de radio control competitiva, propulsada por el viento, aplicando conocimientos adquiridos durante el transcurso del curso.<\/p><div class=\"uagb-ifb-button-wrapper wp-block-button\"><a href=\"https:\/\/www.barcelonacapitalnautica.org\/es\/rcsailingbarcelona\/\" class=\"uagb-infobox-cta-link wp-block-button__link\" target=\"_self\" rel=\"noopener noreferrer\" onclick=\"return true;\"><span class=\"uagb-inline-editing\">edici\u00f3 2025<\/span><\/a><\/div><\/div><\/div>\n<\/div><\/div>\n<\/div><\/div>\n\n<div class=\"wp-block-cover alignfull has-parallax\" style=\"padding-top:40px;padding-right:40px;padding-bottom:40px;padding-left:40px;min-height:555px;aspect-ratio:unset;\" id=\"rcsailing\"><span aria-hidden=\"true\" class=\"wp-block-cover__background has-background-dim\" style=\"background-color:#000000\"><\/span><div class=\"wp-block-cover__image-background wp-image-267924 has-parallax\" style=\"background-position:50% 50%;background-image:url(https:\/\/www.barcelonacapitalnautica.org\/wp-content\/uploads\/2024\/06\/53718660225_dadb33887d_k.jpg)\"><\/div><div class=\"wp-block-cover__inner-container is-layout-flow wp-block-cover-is-layout-flow\">\n<div class=\"wp-block-uagb-container uagb-block-41237d9a alignfull uagb-is-root-container\"><div class=\"uagb-container-inner-blocks-wrap\">\n<div class=\"wp-block-uagb-info-box uagb-block-915dba15 uagb-infobox__content-wrap  uagb-infobox-icon-above-title uagb-infobox-image-valign-top\"><div class=\"uagb-ifb-content\"><div class=\"uagb-ifb-image-content\"><img decoding=\"async\" src=\"https:\/\/www.barcelonacapitalnautica.org\/wp-content\/uploads\/2024\/07\/KAKAPO-BLANC-380x357.png\" alt=\"\" width=\"12\" height=\"11\" loading=\"lazy\"\/><\/div><div class=\"uagb-ifb-title-wrap\"><h2 class=\"uagb-ifb-title\"><strong>Vela inclusiva i adaptada<\/strong><\/h2><\/div><p class=\"uagb-ifb-desc\">La Federaci\u00f3 Catalana de Vela y la Fundaci\u00f3n Mi Alex, en colaboraci\u00f3n con la Fundaci\u00f3 Barcelona Capital N\u00e0utica, organizan la primera edici\u00f3n de la Kakapo Open Race, una\u00a0<strong>regata internacional de vela adaptada<\/strong>\u00a0que busca atraer a deportistas de esta modalidad a Barcelona y que tiene la voluntad de celebrarlo cada a\u00f1o.<\/p><div class=\"uagb-ifb-button-wrapper wp-block-button\"><a href=\"https:\/\/www.barcelonacapitalnautica.org\/es\/deporte\/vela-para-todo-el-mundo\/#kakapo\" class=\"uagb-infobox-cta-link wp-block-button__link\" target=\"_self\" rel=\"noopener noreferrer\" onclick=\"return true;\"><span class=\"uagb-inline-editing\">edici\u00f3 2024<\/span><\/a><\/div><\/div><\/div>\n<\/div><\/div>\n<\/div><\/div>\n\n<div class=\"wp-block-cover alignfull is-light has-parallax\" style=\"padding-top:0px;padding-right:40px;padding-bottom:40px;padding-left:40px;min-height:555px;aspect-ratio:unset;\" id=\"copaamerica\"><span aria-hidden=\"true\" class=\"wp-block-cover__background has-background-dim-30 has-background-dim\" style=\"background-color:#000000\"><\/span><div class=\"wp-block-cover__image-background wp-image-243323 has-parallax\" style=\"background-position:50% 50%;background-image:url(https:\/\/www.barcelonacapitalnautica.org\/wp-content\/uploads\/2022\/07\/banner-americas_cup_host.jpg)\"><\/div><div class=\"wp-block-cover__inner-container is-layout-flow wp-block-cover-is-layout-flow\">\n<div class=\"wp-block-uagb-container uagb-block-87522607 alignfull uagb-is-root-container\"><div class=\"uagb-container-inner-blocks-wrap\">\n<div class=\"wp-block-uagb-info-box uagb-block-cc4d4ba7 uagb-infobox__content-wrap  uagb-infobox-icon-above-title uagb-infobox-image-valign-top\"><div class=\"uagb-ifb-content\"><div class=\"uagb-ifb-image-content\"><img decoding=\"async\" src=\"https:\/\/www.barcelonacapitalnautica.org\/wp-content\/uploads\/2023\/04\/site-logo-380x124.png\" alt=\"\" width=\"14\" height=\"4\" loading=\"lazy\"\/><\/div><div class=\"uagb-ifb-title-wrap\"><h2 class=\"uagb-ifb-title\">Barcelona celebra la Copa Am\u00e9rica<\/h2><\/div><p class=\"uagb-ifb-desc\">La ciutat acollir\u00e0 la 37a edici\u00f3 d\u2019aquesta regata que tindr\u00e0 lloc entre l\u2019agost i l\u2019octubre del 2024. Des de la fundaci\u00f3 facilitem l&#8217;organitzaci\u00f3 d&#8217;aquest esdeveniment que ha estat la Copa Am\u00e8rica que ha deixat el llegat m\u00e9s gran dels seus 174 anys d&#8217;hist\u00f2ria.<\/p><div class=\"uagb-ifb-button-wrapper wp-block-button\"><a href=\"https:\/\/www.americascup.com\/cat\/home\" class=\"uagb-infobox-cta-link wp-block-button__link\" target=\"_blank\" rel=\"noopener noreferrer\" onclick=\"return true;\"><span class=\"uagb-inline-editing\">Web de la Copa Am\u00e9rica<\/span><svg xmlns=\"https:\/\/www.w3.org\/2000\/svg\" viewbox=\"0 0 512 512\"><path d=\"M502.6 278.6l-128 128c-12.51 12.51-32.76 12.49-45.25 0c-12.5-12.5-12.5-32.75 0-45.25L402.8 288H32C14.31 288 0 273.7 0 255.1S14.31 224 32 224h370.8l-73.38-73.38c-12.5-12.5-12.5-32.75 0-45.25s32.75-12.5 45.25 0l128 128C515.1 245.9 515.1 266.1 502.6 278.6z\"><\/path><\/svg><\/a><\/div><\/div><\/div>\n<\/div><\/div>\n<\/div><\/div>\n\n<div class=\"wp-block-cover alignfull has-parallax\" style=\"padding-top:40px;padding-right:40px;padding-bottom:40px;padding-left:40px;min-height:555px;aspect-ratio:unset;\" id=\"rcsailing\"><span aria-hidden=\"true\" class=\"wp-block-cover__background has-background-dim\" style=\"background-color:#000000\"><\/span><div class=\"wp-block-cover__image-background wp-image-259744 has-parallax\" style=\"background-position:50% 50%;background-image:url(https:\/\/www.barcelonacapitalnautica.org\/wp-content\/uploads\/2023\/06\/Noti_Mundial_Optimist_23-29.jpeg)\"><\/div><div class=\"wp-block-cover__inner-container is-layout-flow wp-block-cover-is-layout-flow\">\n<div class=\"wp-block-uagb-container uagb-block-abaf03a9 alignfull uagb-is-root-container\"><div class=\"uagb-container-inner-blocks-wrap\">\n<div class=\"wp-block-uagb-info-box uagb-block-1d071795 uagb-infobox__content-wrap  uagb-infobox-icon-above-title uagb-infobox-image-valign-top\"><div class=\"uagb-ifb-content\"><div class=\"uagb-ifb-title-wrap\"><h2 class=\"uagb-ifb-title\"><strong><strong>Campionat Mundial d\u2019Optimist<\/strong><\/strong><\/h2><\/div><p class=\"uagb-ifb-desc\">Aquesta edici\u00f3 del campionat s\u2019ha dut a terme a la Badia de Roses del 15 al 25 de juny organitzada pel Club de Vela Ballena Alegre. Hem\u00a0col\u00b7laborat en propostes n\u00e0utiques\u00a0sostenibles, familiars, inclusives i educatives organitzades en tres eixos principals: el Mar Mediterrani, el Regatista i la N\u00e0utica i hem participat en la \u201cFira conscient\u201d.<\/p><div class=\"uagb-ifb-button-wrapper wp-block-button\"><a href=\"https:\/\/www.barcelonacapitalnautica.org\/es\/deporte\/optimist\/\" class=\"uagb-infobox-cta-link wp-block-button__link\" target=\"_self\" rel=\"noopener noreferrer\" onclick=\"return true;\"><span class=\"uagb-inline-editing\">edici\u00f3 2023<\/span><\/a><\/div><\/div><\/div>\n<\/div><\/div>\n<\/div><\/div>\n\n<div id=\"historia\" class=\"wp-block-uagb-container uagb-block-3d3b4577 alignfull uagb-is-root-container\"><div class=\"uagb-container-inner-blocks-wrap\">\n<div class=\"wp-block-uagb-advanced-heading uagb-block-381515af uag-hide-desktop uag-hide-tab uag-hide-mob\"><h2 class=\"uagb-heading-text\">L&#8217;estela d&#8217;una gran hist\u00f2ria<\/h2><\/div>\n\n\n\n<div class=\"wp-block-uagb-container uagb-block-e7e4dc31\">\n<div class=\"wp-block-uagb-container uagb-block-29d22261\">\n<div class=\"wp-block-uagb-info-box uagb-block-4bfff7e6 uagb-infobox__content-wrap  uagb-infobox-icon-above-title uagb-infobox-image-valign-top\"><div class=\"uagb-ifb-content\"><div class=\"uagb-ifb-title-wrap\"><h2 class=\"uagb-ifb-title\"><br\/><strong>L\u2019estela d\u2019una gran hist\u00f2ria<\/strong><\/h2><\/div><p class=\"uagb-ifb-desc\">Barcelona y Catalu\u00f1a acumulan un recorrido de grandes experiencias, marcado por memorables mitos y logros deportivos de la vela de competici\u00f3n.<\/p><div class=\"uagb-ifb-button-wrapper wp-block-button\"><a href=\"\/es\/rcsailing\" class=\"uagb-infobox-cta-link wp-block-button__link\" target=\"_self\" rel=\"noopener noreferrer\" onclick=\"return true;\"><span class=\"uagb-inline-editing\">M\u00e1s informaci\u00f3n<\/span><\/a><\/div><\/div><\/div>\n\n\n\n<div class=\"wp-block-uagb-content-timeline uagb-timeline__outer-wrap uagb-block-f01494bc-8021-4b0e-bdcf-503f237f60f3 uagb-timeline__content-wrap uagb-timeline__center-block  uagb-timeline__arrow-center uagb-timeline historia_fundacio fbcn_timeline\">\n<article class=\"wp-block-uagb-content-timeline-child uagb-timeline__field uagb-timeline-child-cebf7a94-7433-4e50-a659-1f644be6bc9c uagb-timeline__right\"><div class=\"uagb-timeline__marker out-view-uagb-timeline__icon\"><svg xmlns=\"\" viewbox=\"0 0 256 512\"><\/svg><\/div><div class=\"uagb-timeline__day-new uagb-timeline__day-right uagb-timeline__events-inner-new\"><div class=\"uagb-timeline__events-inner--content\"><div class=\"uagb-timeline__date-hide uagb-timeline__inner-date-new\">2000<\/div><p class=\"uagb-timeline__heading\">\u201cThe Race\u201d Regata del Mil\u00b7leni<\/p><p class=\"uagb-timeline-desc-content\"><mark style=\"background-color:rgba(0, 0, 0, 0)\" class=\"has-inline-color has-ast-global-color-1-color\">\u2192<\/mark> Competici\u00f3 de volta al m\u00f3n a vela que permetia la utilitzaci\u00f3 de qualsevol embarcaci\u00f3 propulsada a vela. Van participar <strong>multibucs de dimensions mai abans vistes<\/strong>.<br\/><br\/><img loading=\"lazy\" decoding=\"async\" width=\"300\" height=\"240\" class=\"wp-image-268589\" style=\"width: 300px;\" src=\"https:\/\/www.barcelonacapitalnautica.org\/wp-content\/uploads\/2024\/07\/The-Race-La-regata-del-milleni.webp\" alt=\"\"\/><\/p><div class=\"uagb-timeline__arrow\"><\/div><\/div><\/div><div class=\"uagb-timeline__date-new\">2000<\/div><\/article>\n\n\n\n<article class=\"wp-block-uagb-content-timeline-child uagb-timeline__field uagb-timeline-child-f41e585e uagb-timeline__left\"><div class=\"uagb-timeline__marker out-view-uagb-timeline__icon\"><svg xmlns=\"\" viewbox=\"0 0 256 512\"><\/svg><\/div><div class=\"uagb-timeline__day-new uagb-timeline__day-left uagb-timeline__events-inner-new\"><div class=\"uagb-timeline__events-inner--content\"><div class=\"uagb-timeline__date-hide uagb-timeline__inner-date-new\">2007 &#8211; 2008<\/div><p class=\"uagb-timeline__heading\">Barcelona World Race (I)<\/p><p class=\"uagb-timeline-desc-content\"><mark style=\"background-color:rgba(0, 0, 0, 0)\" class=\"has-inline-color has-ast-global-color-1-color\">\u2192<\/mark><strong> 1a edici\u00f3<\/strong> de la Barcelona World Race<br\/><mark style=\"background-color:rgba(0, 0, 0, 0)\" class=\"has-inline-color has-ast-global-color-1-color\">\u2192<\/mark> Un repte esportiu de primer ordre i una <strong>aventura oce\u00e0nica<\/strong> que posa a prova els l\u00edmits humans i tecnol\u00f2gics deixant els principals caps per babord.<br\/><br\/><img loading=\"lazy\" decoding=\"async\" width=\"300\" height=\"175\" class=\"wp-image-268592\" style=\"width: 300px;\" src=\"https:\/\/www.barcelonacapitalnautica.org\/wp-content\/uploads\/2024\/07\/7BarcelonaWorldRace-Imagenes.webp\" alt=\"\" srcset=\"https:\/\/www.barcelonacapitalnautica.org\/wp-content\/uploads\/2024\/07\/7BarcelonaWorldRace-Imagenes.webp 1200w, https:\/\/www.barcelonacapitalnautica.org\/wp-content\/uploads\/2024\/07\/7BarcelonaWorldRace-Imagenes-560x327.webp 560w, https:\/\/www.barcelonacapitalnautica.org\/wp-content\/uploads\/2024\/07\/7BarcelonaWorldRace-Imagenes-900x525.webp 900w, https:\/\/www.barcelonacapitalnautica.org\/wp-content\/uploads\/2024\/07\/7BarcelonaWorldRace-Imagenes-380x222.webp 380w, https:\/\/www.barcelonacapitalnautica.org\/wp-content\/uploads\/2024\/07\/7BarcelonaWorldRace-Imagenes-768x448.webp 768w\" sizes=\"auto, (max-width: 300px) 100vw, 300px\" \/><\/p><div class=\"uagb-timeline__arrow\"><\/div><\/div><\/div><div class=\"uagb-timeline__date-new\">2007 &#8211; 2008<\/div><\/article>\n\n\n\n<article class=\"wp-block-uagb-content-timeline-child uagb-timeline__field uagb-timeline-child-f5f23378-55e2-484b-bbf5-a8ef95b9898a uagb-timeline__right\"><div class=\"uagb-timeline__marker out-view-uagb-timeline__icon\"><svg xmlns=\"\" viewbox=\"0 0 256 512\"><\/svg><\/div><div class=\"uagb-timeline__day-new uagb-timeline__day-right uagb-timeline__events-inner-new\"><div class=\"uagb-timeline__events-inner--content\"><div class=\"uagb-timeline__date-hide uagb-timeline__inner-date-new\">2009<\/div><p class=\"uagb-timeline__heading\">\u00a0Istambul Europa Race<\/p><p class=\"uagb-timeline-desc-content\"><mark style=\"background-color:rgba(0, 0, 0, 0)\" class=\"has-inline-color has-ast-global-color-1-color\">\u2192<\/mark> El 2009 la FNOB va ser la coorganitzadora de la regata Istambul Europa Race en <strong>vaixells IMOCA 60<\/strong> en tres etapes: Istanbul \u2013 Ni\u00e7a \u2013 Barcelona \u2013 Brest.<br\/><br\/><img loading=\"lazy\" decoding=\"async\" width=\"300\" height=\"128\" class=\"wp-image-268595\" style=\"width: 300px;\" src=\"https:\/\/www.barcelonacapitalnautica.org\/wp-content\/uploads\/2024\/07\/istambul-banner04-1.webp\" alt=\"\" srcset=\"https:\/\/www.barcelonacapitalnautica.org\/wp-content\/uploads\/2024\/07\/istambul-banner04-1.webp 1140w, https:\/\/www.barcelonacapitalnautica.org\/wp-content\/uploads\/2024\/07\/istambul-banner04-1-560x239.webp 560w, https:\/\/www.barcelonacapitalnautica.org\/wp-content\/uploads\/2024\/07\/istambul-banner04-1-900x384.webp 900w, https:\/\/www.barcelonacapitalnautica.org\/wp-content\/uploads\/2024\/07\/istambul-banner04-1-380x162.webp 380w, https:\/\/www.barcelonacapitalnautica.org\/wp-content\/uploads\/2024\/07\/istambul-banner04-1-768x328.webp 768w\" sizes=\"auto, (max-width: 300px) 100vw, 300px\" \/><\/p><div class=\"uagb-timeline__arrow\"><\/div><\/div><\/div><div class=\"uagb-timeline__date-new\">2009<\/div><\/article>\n\n\n\n<article class=\"wp-block-uagb-content-timeline-child uagb-timeline__field uagb-timeline-child-39a06a08-e5f4-4977-b580-414001859866 uagb-timeline__left\"><div class=\"uagb-timeline__marker out-view-uagb-timeline__icon\"><svg xmlns=\"\" viewbox=\"0 0 256 512\"><\/svg><\/div><div class=\"uagb-timeline__day-new uagb-timeline__day-left uagb-timeline__events-inner-new\"><div class=\"uagb-timeline__events-inner--content\"><div class=\"uagb-timeline__date-hide uagb-timeline__inner-date-new\">2010<\/div><p class=\"uagb-timeline__heading\">Volta a Espanya<\/p><p class=\"uagb-timeline-desc-content\"><mark style=\"background-color:rgba(0, 0, 0, 0)\" class=\"has-inline-color has-ast-global-color-1-color\">\u2192<\/mark> Regata organitzada per la Real Federaci\u00f3 Espanyola de Vela (RFEV) i la Fundaci\u00f3 Navegaci\u00f3 Oce\u00e0nica Barcelona (FNOB), es va realitzar entre el 12 i el 31 de Juny de 2010.<br\/><mark style=\"background-color:rgba(0, 0, 0, 0)\" class=\"has-inline-color has-ast-global-color-1-color\">\u2192<\/mark> Disputada en <strong>sis etapes <\/strong>amb vaixells IMOCA Open 60.<br\/><br\/><img loading=\"lazy\" decoding=\"async\" width=\"300\" height=\"232\" class=\"wp-image-268598\" style=\"width: 300px;\" src=\"https:\/\/www.barcelonacapitalnautica.org\/wp-content\/uploads\/2024\/07\/Volta-a-Espanya-2.webp\" alt=\"\"\/><\/p><div class=\"uagb-timeline__arrow\"><\/div><\/div><\/div><div class=\"uagb-timeline__date-new\">2010<\/div><\/article>\n\n\n\n<article class=\"wp-block-uagb-content-timeline-child uagb-timeline__field uagb-timeline-child-e4464f6b-cd10-4067-aa4c-1c37668fefca uagb-timeline__right\"><div class=\"uagb-timeline__marker out-view-uagb-timeline__icon\"><svg xmlns=\"\" viewbox=\"0 0 256 512\"><\/svg><\/div><div class=\"uagb-timeline__day-new uagb-timeline__day-right uagb-timeline__events-inner-new\"><div class=\"uagb-timeline__events-inner--content\"><div class=\"uagb-timeline__date-hide uagb-timeline__inner-date-new\">2010<\/div><p class=\"uagb-timeline__heading\">New York &#8211; Barcelona (I)<\/p><p class=\"uagb-timeline-desc-content\"><mark style=\"background-color:rgba(0, 0, 0, 0)\" class=\"has-inline-color has-ast-global-color-1-color\">\u2192<\/mark> A l\u2019abril de 2010, es va establir per primera vegada el <strong>r\u00e8cord mundial de navegaci\u00f3<\/strong> a vela entre la ciutat de Nova York i Barcelona.<br\/><mark style=\"background-color:rgba(0, 0, 0, 0)\" class=\"has-inline-color has-ast-global-color-1-color\">\u2192<\/mark> Va ser dut a terme per dues embarcacions bessones IMOCA Open 60.<br\/><br\/><img loading=\"lazy\" decoding=\"async\" width=\"300\" height=\"192\" class=\"wp-image-268611\" style=\"width: 300px;\" src=\"https:\/\/www.barcelonacapitalnautica.org\/wp-content\/uploads\/2024\/07\/NY-Bcn-2010.webp\" alt=\"\"\/><\/p><div class=\"uagb-timeline__arrow\"><\/div><\/div><\/div><div class=\"uagb-timeline__date-new\">2010<\/div><\/article>\n\n\n\n<article class=\"wp-block-uagb-content-timeline-child uagb-timeline__field uagb-timeline-child-d0b99d36-861e-40ca-9a3e-838d921235a4 uagb-timeline__left\"><div class=\"uagb-timeline__marker out-view-uagb-timeline__icon\"><svg xmlns=\"https:\/\/www.w3.org\/2000\/svg\" viewbox=\"0 0 448 512\"><path d=\"M160 32V64H288V32C288 14.33 302.3 0 320 0C337.7 0 352 14.33 352 32V64H400C426.5 64 448 85.49 448 112V160H0V112C0 85.49 21.49 64 48 64H96V32C96 14.33 110.3 0 128 0C145.7 0 160 14.33 160 32zM0 192H448V464C448 490.5 426.5 512 400 512H48C21.49 512 0 490.5 0 464V192zM64 304C64 312.8 71.16 320 80 320H112C120.8 320 128 312.8 128 304V272C128 263.2 120.8 256 112 256H80C71.16 256 64 263.2 64 272V304zM192 304C192 312.8 199.2 320 208 320H240C248.8 320 256 312.8 256 304V272C256 263.2 248.8 256 240 256H208C199.2 256 192 263.2 192 272V304zM336 256C327.2 256 320 263.2 320 272V304C320 312.8 327.2 320 336 320H368C376.8 320 384 312.8 384 304V272C384 263.2 376.8 256 368 256H336zM64 432C64 440.8 71.16 448 80 448H112C120.8 448 128 440.8 128 432V400C128 391.2 120.8 384 112 384H80C71.16 384 64 391.2 64 400V432zM208 384C199.2 384 192 391.2 192 400V432C192 440.8 199.2 448 208 448H240C248.8 448 256 440.8 256 432V400C256 391.2 248.8 384 240 384H208zM320 432C320 440.8 327.2 448 336 448H368C376.8 448 384 440.8 384 432V400C384 391.2 376.8 384 368 384H336C327.2 384 320 391.2 320 400V432z\"><\/path><\/svg><\/div><div class=\"uagb-timeline__day-new uagb-timeline__day-left uagb-timeline__events-inner-new\"><div class=\"uagb-timeline__events-inner--content\"><div class=\"uagb-timeline__date-hide uagb-timeline__inner-date-new\">2010 &#8211; 2011<\/div><p class=\"uagb-timeline__heading\">Barcelona World Race (II)<\/p><p class=\"uagb-timeline-desc-content\"><mark style=\"background-color:rgba(0, 0, 0, 0)\" class=\"has-inline-color has-ast-global-color-1-color\">\u2192<\/mark> <strong>2a edici\u00f3<\/strong> de la Barcelona World Race.<br\/><mark style=\"background-color:rgba(0, 0, 0, 0)\" class=\"has-inline-color has-ast-global-color-1-color\">\u2192<\/mark> Aquesta edici\u00f3 \u00e9s recordada per ser la volta al m\u00f3n de <strong>millors resultats de la vela espanyola<\/strong> de tots els temps.<br\/><br\/><img loading=\"lazy\" decoding=\"async\" width=\"300\" height=\"169\" class=\"wp-image-268605\" style=\"width: 300px;\" src=\"https:\/\/www.barcelonacapitalnautica.org\/wp-content\/uploads\/2024\/07\/3a-Bcn-Wolrd-Race.webp\" alt=\"\"\/><\/p><div class=\"uagb-timeline__arrow\"><\/div><\/div><\/div><div class=\"uagb-timeline__date-new\">2010 &#8211; 2011<\/div><\/article>\n\n\n\n<article class=\"wp-block-uagb-content-timeline-child uagb-timeline__field uagb-timeline-child-4394934a uagb-timeline__right\"><div class=\"uagb-timeline__marker out-view-uagb-timeline__icon\"><svg xmlns=\"https:\/\/www.w3.org\/2000\/svg\" viewbox=\"0 0 448 512\"><path d=\"M160 32V64H288V32C288 14.33 302.3 0 320 0C337.7 0 352 14.33 352 32V64H400C426.5 64 448 85.49 448 112V160H0V112C0 85.49 21.49 64 48 64H96V32C96 14.33 110.3 0 128 0C145.7 0 160 14.33 160 32zM0 192H448V464C448 490.5 426.5 512 400 512H48C21.49 512 0 490.5 0 464V192zM64 304C64 312.8 71.16 320 80 320H112C120.8 320 128 312.8 128 304V272C128 263.2 120.8 256 112 256H80C71.16 256 64 263.2 64 272V304zM192 304C192 312.8 199.2 320 208 320H240C248.8 320 256 312.8 256 304V272C256 263.2 248.8 256 240 256H208C199.2 256 192 263.2 192 272V304zM336 256C327.2 256 320 263.2 320 272V304C320 312.8 327.2 320 336 320H368C376.8 320 384 312.8 384 304V272C384 263.2 376.8 256 368 256H336zM64 432C64 440.8 71.16 448 80 448H112C120.8 448 128 440.8 128 432V400C128 391.2 120.8 384 112 384H80C71.16 384 64 391.2 64 400V432zM208 384C199.2 384 192 391.2 192 400V432C192 440.8 199.2 448 208 448H240C248.8 448 256 440.8 256 432V400C256 391.2 248.8 384 240 384H208zM320 432C320 440.8 327.2 448 336 448H368C376.8 448 384 440.8 384 432V400C384 391.2 376.8 384 368 384H336C327.2 384 320 391.2 320 400V432z\"><\/path><\/svg><\/div><div class=\"uagb-timeline__day-new uagb-timeline__day-right uagb-timeline__events-inner-new\"><div class=\"uagb-timeline__events-inner--content\"><div class=\"uagb-timeline__date-hide uagb-timeline__inner-date-new\">2013<\/div><p class=\"uagb-timeline__heading\">Europa WARM\u2019UP<\/p><p class=\"uagb-timeline-desc-content\"><mark style=\"background-color:rgba(0, 0, 0, 0)\" class=\"has-inline-color has-ast-global-color-1-color\">\u2192<\/mark> Regata europea en vaixells IMOCA 60 de<strong> preparaci\u00f3 pr\u00e8via al gran repte<\/strong> de la Vend\u00e9e Globe.<br\/><mark style=\"background-color:rgba(0, 0, 0, 0)\" class=\"has-inline-color has-ast-global-color-1-color\">\u2192<\/mark>  Dues etapes: Barcelona \u2013 Cascais \u2013 La Rochelle.<br\/><br\/><img loading=\"lazy\" decoding=\"async\" width=\"400\" height=\"256\" class=\"wp-image-257461\" style=\"width: 400px;\" src=\"https:\/\/www.barcelonacapitalnautica.org\/wp-content\/uploads\/2023\/04\/2012-M.jpg\" alt=\"\" srcset=\"https:\/\/www.barcelonacapitalnautica.org\/wp-content\/uploads\/2023\/04\/2012-M.jpg 1220w, https:\/\/www.barcelonacapitalnautica.org\/wp-content\/uploads\/2023\/04\/2012-M-560x358.jpg 560w, https:\/\/www.barcelonacapitalnautica.org\/wp-content\/uploads\/2023\/04\/2012-M-900x575.jpg 900w, https:\/\/www.barcelonacapitalnautica.org\/wp-content\/uploads\/2023\/04\/2012-M-380x243.jpg 380w, https:\/\/www.barcelonacapitalnautica.org\/wp-content\/uploads\/2023\/04\/2012-M-768x491.jpg 768w\" sizes=\"auto, (max-width: 400px) 100vw, 400px\" \/><\/p><div class=\"uagb-timeline__arrow\"><\/div><\/div><\/div><div class=\"uagb-timeline__date-new\">2013<\/div><\/article>\n\n\n\n<article class=\"wp-block-uagb-content-timeline-child uagb-timeline__field uagb-timeline-child-3278bd08-3e62-4140-8001-0ba4d7deca28 uagb-timeline__left\"><div class=\"uagb-timeline__marker out-view-uagb-timeline__icon\"><svg xmlns=\"https:\/\/www.w3.org\/2000\/svg\" viewbox=\"0 0 448 512\"><path d=\"M160 32V64H288V32C288 14.33 302.3 0 320 0C337.7 0 352 14.33 352 32V64H400C426.5 64 448 85.49 448 112V160H0V112C0 85.49 21.49 64 48 64H96V32C96 14.33 110.3 0 128 0C145.7 0 160 14.33 160 32zM0 192H448V464C448 490.5 426.5 512 400 512H48C21.49 512 0 490.5 0 464V192zM64 304C64 312.8 71.16 320 80 320H112C120.8 320 128 312.8 128 304V272C128 263.2 120.8 256 112 256H80C71.16 256 64 263.2 64 272V304zM192 304C192 312.8 199.2 320 208 320H240C248.8 320 256 312.8 256 304V272C256 263.2 248.8 256 240 256H208C199.2 256 192 263.2 192 272V304zM336 256C327.2 256 320 263.2 320 272V304C320 312.8 327.2 320 336 320H368C376.8 320 384 312.8 384 304V272C384 263.2 376.8 256 368 256H336zM64 432C64 440.8 71.16 448 80 448H112C120.8 448 128 440.8 128 432V400C128 391.2 120.8 384 112 384H80C71.16 384 64 391.2 64 400V432zM208 384C199.2 384 192 391.2 192 400V432C192 440.8 199.2 448 208 448H240C248.8 448 256 440.8 256 432V400C256 391.2 248.8 384 240 384H208zM320 432C320 440.8 327.2 448 336 448H368C376.8 448 384 440.8 384 432V400C384 391.2 376.8 384 368 384H336C327.2 384 320 391.2 320 400V432z\"><\/path><\/svg><\/div><div class=\"uagb-timeline__day-new uagb-timeline__day-left uagb-timeline__events-inner-new\"><div class=\"uagb-timeline__events-inner--content\"><div class=\"uagb-timeline__date-hide uagb-timeline__inner-date-new\">2014<\/div><p class=\"uagb-timeline__heading\">New York &#8211; Barcelona (II)<\/p><p class=\"uagb-timeline-desc-content\"><mark style=\"background-color:rgba(0, 0, 0, 0)\" class=\"has-inline-color has-ast-global-color-1-color\">\u2192<\/mark> <strong>2a edici\u00f3<\/strong> de la Record New York &#8211; Barcelona.<br\/><mark style=\"background-color:rgba(0, 0, 0, 0)\" class=\"has-inline-color has-ast-global-color-1-color\">\u2192<\/mark> Sortint des de Manhattan, la IMOCA Ocean Masters Nova York to Barcelona Race va ser concebuda per a proporcionar <strong>visibilitat a la classe IMOCA<\/strong> en el preuat mercat d\u2019Am\u00e8rica del Nord.<br\/><br\/><img loading=\"lazy\" decoding=\"async\" width=\"300\" height=\"182\" class=\"wp-image-268601\" style=\"width: 300px;\" src=\"https:\/\/www.barcelonacapitalnautica.org\/wp-content\/uploads\/2024\/07\/NY.webp\" alt=\"\" srcset=\"https:\/\/www.barcelonacapitalnautica.org\/wp-content\/uploads\/2024\/07\/NY.webp 636w, https:\/\/www.barcelonacapitalnautica.org\/wp-content\/uploads\/2024\/07\/NY-560x340.webp 560w, https:\/\/www.barcelonacapitalnautica.org\/wp-content\/uploads\/2024\/07\/NY-380x231.webp 380w\" sizes=\"auto, (max-width: 300px) 100vw, 300px\" \/><\/p><div class=\"uagb-timeline__arrow\"><\/div><\/div><\/div><div class=\"uagb-timeline__date-new\">2014<\/div><\/article>\n\n\n\n<article class=\"wp-block-uagb-content-timeline-child uagb-timeline__field uagb-timeline-child-ada18705-e261-45ef-997e-12e31fefe5fa uagb-timeline__right\"><div class=\"uagb-timeline__marker out-view-uagb-timeline__icon\"><svg xmlns=\"https:\/\/www.w3.org\/2000\/svg\" viewbox=\"0 0 448 512\"><path d=\"M160 32V64H288V32C288 14.33 302.3 0 320 0C337.7 0 352 14.33 352 32V64H400C426.5 64 448 85.49 448 112V160H0V112C0 85.49 21.49 64 48 64H96V32C96 14.33 110.3 0 128 0C145.7 0 160 14.33 160 32zM0 192H448V464C448 490.5 426.5 512 400 512H48C21.49 512 0 490.5 0 464V192zM64 304C64 312.8 71.16 320 80 320H112C120.8 320 128 312.8 128 304V272C128 263.2 120.8 256 112 256H80C71.16 256 64 263.2 64 272V304zM192 304C192 312.8 199.2 320 208 320H240C248.8 320 256 312.8 256 304V272C256 263.2 248.8 256 240 256H208C199.2 256 192 263.2 192 272V304zM336 256C327.2 256 320 263.2 320 272V304C320 312.8 327.2 320 336 320H368C376.8 320 384 312.8 384 304V272C384 263.2 376.8 256 368 256H336zM64 432C64 440.8 71.16 448 80 448H112C120.8 448 128 440.8 128 432V400C128 391.2 120.8 384 112 384H80C71.16 384 64 391.2 64 400V432zM208 384C199.2 384 192 391.2 192 400V432C192 440.8 199.2 448 208 448H240C248.8 448 256 440.8 256 432V400C256 391.2 248.8 384 240 384H208zM320 432C320 440.8 327.2 448 336 448H368C376.8 448 384 440.8 384 432V400C384 391.2 376.8 384 368 384H336C327.2 384 320 391.2 320 400V432z\"><\/path><\/svg><\/div><div class=\"uagb-timeline__day-new uagb-timeline__day-right uagb-timeline__events-inner-new\"><div class=\"uagb-timeline__events-inner--content\"><div class=\"uagb-timeline__date-hide uagb-timeline__inner-date-new\">2014-2015<\/div><p class=\"uagb-timeline__heading\">Barcelona World Race (III)<\/p><p class=\"uagb-timeline-desc-content\"><mark style=\"background-color:rgba(0, 0, 0, 0)\" class=\"has-inline-color has-ast-global-color-1-color\">\u2192<\/mark> En aquesta edici\u00f3 tots els equips van ser guardonats en reconeixement al seu esfor\u00e7 en la regata i a la seva <strong>col\u00b7laboraci\u00f3 en els projectes cient\u00edfics<\/strong> encomanats per diverses institucions, com la UNESCO.<br\/><br\/><img loading=\"lazy\" decoding=\"async\" width=\"300\" height=\"200\" class=\"wp-image-268617\" style=\"width: 300px;\" src=\"https:\/\/www.barcelonacapitalnautica.org\/wp-content\/uploads\/2024\/07\/BWR-3a-edicio.webp\" alt=\"\"\/><\/p><div class=\"uagb-timeline__arrow\"><\/div><\/div><\/div><div class=\"uagb-timeline__date-new\">2014-2015<\/div><\/article>\n\n\n\n<article class=\"wp-block-uagb-content-timeline-child uagb-timeline__field uagb-timeline-child-b2c6b3ea uagb-timeline__left\"><div class=\"uagb-timeline__marker out-view-uagb-timeline__icon\"><svg xmlns=\"https:\/\/www.w3.org\/2000\/svg\" viewbox=\"0 0 448 512\"><path d=\"M160 32V64H288V32C288 14.33 302.3 0 320 0C337.7 0 352 14.33 352 32V64H400C426.5 64 448 85.49 448 112V160H0V112C0 85.49 21.49 64 48 64H96V32C96 14.33 110.3 0 128 0C145.7 0 160 14.33 160 32zM0 192H448V464C448 490.5 426.5 512 400 512H48C21.49 512 0 490.5 0 464V192zM64 304C64 312.8 71.16 320 80 320H112C120.8 320 128 312.8 128 304V272C128 263.2 120.8 256 112 256H80C71.16 256 64 263.2 64 272V304zM192 304C192 312.8 199.2 320 208 320H240C248.8 320 256 312.8 256 304V272C256 263.2 248.8 256 240 256H208C199.2 256 192 263.2 192 272V304zM336 256C327.2 256 320 263.2 320 272V304C320 312.8 327.2 320 336 320H368C376.8 320 384 312.8 384 304V272C384 263.2 376.8 256 368 256H336zM64 432C64 440.8 71.16 448 80 448H112C120.8 448 128 440.8 128 432V400C128 391.2 120.8 384 112 384H80C71.16 384 64 391.2 64 400V432zM208 384C199.2 384 192 391.2 192 400V432C192 440.8 199.2 448 208 448H240C248.8 448 256 440.8 256 432V400C256 391.2 248.8 384 240 384H208zM320 432C320 440.8 327.2 448 336 448H368C376.8 448 384 440.8 384 432V400C384 391.2 376.8 384 368 384H336C327.2 384 320 391.2 320 400V432z\"><\/path><\/svg><\/div><div class=\"uagb-timeline__day-new uagb-timeline__day-left uagb-timeline__events-inner-new\"><div class=\"uagb-timeline__events-inner--content\"><div class=\"uagb-timeline__date-hide uagb-timeline__inner-date-new\">2017-2018<\/div><p class=\"uagb-timeline__heading\">Extreme Sailing Series \u2122<\/p><p class=\"uagb-timeline-desc-content\"><mark style=\"background-color:rgba(0, 0, 0, 0)\" class=\"has-inline-color has-ast-global-color-1-color\">\u2192<\/mark> Barcelona es reafirma com a referent internacional en la vela d\u2019alta competici\u00f3 acollint per primera vegada la famosa competici\u00f3 de <strong>navegaci\u00f3 extrema en catamarans amb foils<\/strong>.<br\/><br\/><img loading=\"lazy\" decoding=\"async\" width=\"300\" height=\"200\" class=\"wp-image-268614\" style=\"width: 300px;\" src=\"https:\/\/www.barcelonacapitalnautica.org\/wp-content\/uploads\/2024\/07\/Extrem-sailing-2017.webp\" alt=\"\"\/><\/p><div class=\"uagb-timeline__arrow\"><\/div><\/div><\/div><div class=\"uagb-timeline__date-new\">2017-2018<\/div><\/article>\n\n\n\n<article class=\"wp-block-uagb-content-timeline-child uagb-timeline__field uagb-timeline-child-31d70939 uagb-timeline__right\"><div class=\"uagb-timeline__marker out-view-uagb-timeline__icon\"><svg xmlns=\"https:\/\/www.w3.org\/2000\/svg\" viewbox=\"0 0 448 512\"><path d=\"M160 32V64H288V32C288 14.33 302.3 0 320 0C337.7 0 352 14.33 352 32V64H400C426.5 64 448 85.49 448 112V160H0V112C0 85.49 21.49 64 48 64H96V32C96 14.33 110.3 0 128 0C145.7 0 160 14.33 160 32zM0 192H448V464C448 490.5 426.5 512 400 512H48C21.49 512 0 490.5 0 464V192zM64 304C64 312.8 71.16 320 80 320H112C120.8 320 128 312.8 128 304V272C128 263.2 120.8 256 112 256H80C71.16 256 64 263.2 64 272V304zM192 304C192 312.8 199.2 320 208 320H240C248.8 320 256 312.8 256 304V272C256 263.2 248.8 256 240 256H208C199.2 256 192 263.2 192 272V304zM336 256C327.2 256 320 263.2 320 272V304C320 312.8 327.2 320 336 320H368C376.8 320 384 312.8 384 304V272C384 263.2 376.8 256 368 256H336zM64 432C64 440.8 71.16 448 80 448H112C120.8 448 128 440.8 128 432V400C128 391.2 120.8 384 112 384H80C71.16 384 64 391.2 64 400V432zM208 384C199.2 384 192 391.2 192 400V432C192 440.8 199.2 448 208 448H240C248.8 448 256 440.8 256 432V400C256 391.2 248.8 384 240 384H208zM320 432C320 440.8 327.2 448 336 448H368C376.8 448 384 440.8 384 432V400C384 391.2 376.8 384 368 384H336C327.2 384 320 391.2 320 400V432z\"><\/path><\/svg><\/div><div class=\"uagb-timeline__day-new uagb-timeline__day-right uagb-timeline__events-inner-new\"><div class=\"uagb-timeline__events-inner--content\"><div class=\"uagb-timeline__date-hide uagb-timeline__inner-date-new\">2018<\/div><p class=\"uagb-timeline__heading\">Extreme Sailing Series \u2122<\/p><p class=\"uagb-timeline-desc-content\"><mark style=\"background-color:rgba(0, 0, 0, 0)\" class=\"has-inline-color has-ast-global-color-1-color\">\u2192<\/mark> Despr\u00e9s de l\u2019\u00e8xit de l\u2019anterior edici\u00f3. La FNOB va coorganitzar de nou aquest <strong>espectacular esdeveniment <\/strong>al costat d\u2019OC Sport.<br\/><br\/><img loading=\"lazy\" decoding=\"async\" width=\"300\" height=\"172\" class=\"wp-image-268620\" style=\"width: 300px;\" src=\"https:\/\/www.barcelonacapitalnautica.org\/wp-content\/uploads\/2024\/07\/Extreme-sailing-series-2018.webp\" alt=\"\"\/><\/p><div class=\"uagb-timeline__arrow\"><\/div><\/div><\/div><div class=\"uagb-timeline__date-new\">2018<\/div><\/article>\n\n\n\n<article class=\"wp-block-uagb-content-timeline-child uagb-timeline__field uagb-timeline-child-d909fc20-dfe7-4123-be2f-d379312f7f95 uagb-timeline__left\"><div class=\"uagb-timeline__marker out-view-uagb-timeline__icon\"><svg xmlns=\"https:\/\/www.w3.org\/2000\/svg\" viewbox=\"0 0 448 512\"><path d=\"M160 32V64H288V32C288 14.33 302.3 0 320 0C337.7 0 352 14.33 352 32V64H400C426.5 64 448 85.49 448 112V160H0V112C0 85.49 21.49 64 48 64H96V32C96 14.33 110.3 0 128 0C145.7 0 160 14.33 160 32zM0 192H448V464C448 490.5 426.5 512 400 512H48C21.49 512 0 490.5 0 464V192zM64 304C64 312.8 71.16 320 80 320H112C120.8 320 128 312.8 128 304V272C128 263.2 120.8 256 112 256H80C71.16 256 64 263.2 64 272V304zM192 304C192 312.8 199.2 320 208 320H240C248.8 320 256 312.8 256 304V272C256 263.2 248.8 256 240 256H208C199.2 256 192 263.2 192 272V304zM336 256C327.2 256 320 263.2 320 272V304C320 312.8 327.2 320 336 320H368C376.8 320 384 312.8 384 304V272C384 263.2 376.8 256 368 256H336zM64 432C64 440.8 71.16 448 80 448H112C120.8 448 128 440.8 128 432V400C128 391.2 120.8 384 112 384H80C71.16 384 64 391.2 64 400V432zM208 384C199.2 384 192 391.2 192 400V432C192 440.8 199.2 448 208 448H240C248.8 448 256 440.8 256 432V400C256 391.2 248.8 384 240 384H208zM320 432C320 440.8 327.2 448 336 448H368C376.8 448 384 440.8 384 432V400C384 391.2 376.8 384 368 384H336C327.2 384 320 391.2 320 400V432z\"><\/path><\/svg><\/div><div class=\"uagb-timeline__day-new uagb-timeline__day-left uagb-timeline__events-inner-new\"><div class=\"uagb-timeline__events-inner--content\"><div class=\"uagb-timeline__date-hide uagb-timeline__inner-date-new\">2019<\/div><p class=\"uagb-timeline__heading\">Regata BaseMini FNOB Barcelona (I)<\/p><p class=\"uagb-timeline-desc-content\"><mark style=\"background-color:rgba(0, 0, 0, 0)\" class=\"has-inline-color has-ast-global-color-1-color\">\u2192<\/mark> La regata Base Mini FNOB proposava un recorregut de 420 milles a dues, que recorria les <strong>illes menors de Balears<\/strong> com a pre\u00e0mbul d\u2019escalfament per als ministes que va per la Minitransat 2019.<\/p><div class=\"uagb-timeline__arrow\"><\/div><\/div><\/div><div class=\"uagb-timeline__date-new\">2019<\/div><\/article>\n\n\n\n<article class=\"wp-block-uagb-content-timeline-child uagb-timeline__field uagb-timeline-child-b8af782c-cf6a-45a0-941c-869f6f4ab7c6 uagb-timeline__right\"><div class=\"uagb-timeline__marker out-view-uagb-timeline__icon\"><svg xmlns=\"https:\/\/www.w3.org\/2000\/svg\" viewbox=\"0 0 448 512\"><path d=\"M160 32V64H288V32C288 14.33 302.3 0 320 0C337.7 0 352 14.33 352 32V64H400C426.5 64 448 85.49 448 112V160H0V112C0 85.49 21.49 64 48 64H96V32C96 14.33 110.3 0 128 0C145.7 0 160 14.33 160 32zM0 192H448V464C448 490.5 426.5 512 400 512H48C21.49 512 0 490.5 0 464V192zM64 304C64 312.8 71.16 320 80 320H112C120.8 320 128 312.8 128 304V272C128 263.2 120.8 256 112 256H80C71.16 256 64 263.2 64 272V304zM192 304C192 312.8 199.2 320 208 320H240C248.8 320 256 312.8 256 304V272C256 263.2 248.8 256 240 256H208C199.2 256 192 263.2 192 272V304zM336 256C327.2 256 320 263.2 320 272V304C320 312.8 327.2 320 336 320H368C376.8 320 384 312.8 384 304V272C384 263.2 376.8 256 368 256H336zM64 432C64 440.8 71.16 448 80 448H112C120.8 448 128 440.8 128 432V400C128 391.2 120.8 384 112 384H80C71.16 384 64 391.2 64 400V432zM208 384C199.2 384 192 391.2 192 400V432C192 440.8 199.2 448 208 448H240C248.8 448 256 440.8 256 432V400C256 391.2 248.8 384 240 384H208zM320 432C320 440.8 327.2 448 336 448H368C376.8 448 384 440.8 384 432V400C384 391.2 376.8 384 368 384H336C327.2 384 320 391.2 320 400V432z\"><\/path><\/svg><\/div><div class=\"uagb-timeline__day-new uagb-timeline__day-right uagb-timeline__events-inner-new\"><div class=\"uagb-timeline__events-inner--content\"><div class=\"uagb-timeline__date-hide uagb-timeline__inner-date-new\">2021<\/div><p class=\"uagb-timeline__heading\">Regata BaseMini FNOB Barcelona (II)<\/p><p class=\"uagb-timeline-desc-content\"><mark style=\"background-color:rgba(0, 0, 0, 0)\" class=\"has-inline-color has-ast-global-color-1-color\">\u2192<\/mark> La regata estava inclosa en el calendari oficial de 2021 de la <strong>Classe Mini al Mediterrani<\/strong>, i permetia sumar milles per a qualificar-se per al gran repte de la Minitransat 2021.<br\/><br\/><img decoding=\"async\" class=\"wp-image-268625\" style=\"width: 300px;\" src=\"https:\/\/www.barcelonacapitalnautica.org\/wp-content\/uploads\/2024\/07\/regatabasemini2021_ganador-SERIE-Fede-Waksman_foto-Laura-Carrau-300x200-1-e1720708224175.webp\" alt=\"\"\/><\/p><div class=\"uagb-timeline__arrow\"><\/div><\/div><\/div><div class=\"uagb-timeline__date-new\">2021<\/div><\/article>\n\n\n\n<article class=\"wp-block-uagb-content-timeline-child uagb-timeline__field uagb-timeline-child-1dd632b4-2037-44c3-a367-c16120b85a67 uagb-timeline__left\"><div class=\"uagb-timeline__marker out-view-uagb-timeline__icon\"><svg xmlns=\"https:\/\/www.w3.org\/2000\/svg\" viewbox=\"0 0 448 512\"><path d=\"M160 32V64H288V32C288 14.33 302.3 0 320 0C337.7 0 352 14.33 352 32V64H400C426.5 64 448 85.49 448 112V160H0V112C0 85.49 21.49 64 48 64H96V32C96 14.33 110.3 0 128 0C145.7 0 160 14.33 160 32zM0 192H448V464C448 490.5 426.5 512 400 512H48C21.49 512 0 490.5 0 464V192zM64 304C64 312.8 71.16 320 80 320H112C120.8 320 128 312.8 128 304V272C128 263.2 120.8 256 112 256H80C71.16 256 64 263.2 64 272V304zM192 304C192 312.8 199.2 320 208 320H240C248.8 320 256 312.8 256 304V272C256 263.2 248.8 256 240 256H208C199.2 256 192 263.2 192 272V304zM336 256C327.2 256 320 263.2 320 272V304C320 312.8 327.2 320 336 320H368C376.8 320 384 312.8 384 304V272C384 263.2 376.8 256 368 256H336zM64 432C64 440.8 71.16 448 80 448H112C120.8 448 128 440.8 128 432V400C128 391.2 120.8 384 112 384H80C71.16 384 64 391.2 64 400V432zM208 384C199.2 384 192 391.2 192 400V432C192 440.8 199.2 448 208 448H240C248.8 448 256 440.8 256 432V400C256 391.2 248.8 384 240 384H208zM320 432C320 440.8 327.2 448 336 448H368C376.8 448 384 440.8 384 432V400C384 391.2 376.8 384 368 384H336C327.2 384 320 391.2 320 400V432z\"><\/path><\/svg><\/div><div class=\"uagb-timeline__day-new uagb-timeline__day-left uagb-timeline__events-inner-new\"><div class=\"uagb-timeline__events-inner--content\"><div class=\"uagb-timeline__date-hide uagb-timeline__inner-date-new\">2022<\/div><p class=\"uagb-timeline__heading\">Regata Solo Med (I)<\/p><p class=\"uagb-timeline-desc-content\"><mark style=\"background-color:rgba(0, 0, 0, 0)\" class=\"has-inline-color has-ast-global-color-1-color\">\u2192<\/mark> M\u00e9s de <strong>800 milles en solitari<\/strong>, a l\u2019entorn de Barcelona, Balears i la Comunitat Valenciana, i amb la seva participaci\u00f3 s\u2019obtenien les milles necess\u00e0ries per a poder participar en la regata Les Sabres- A\u00e7ores, la cita m\u00e9s important del calendari de 2022 a l\u2019Atl\u00e0ntic.<br\/><br\/><img loading=\"lazy\" decoding=\"async\" width=\"300\" height=\"200\" class=\"wp-image-268640\" style=\"width: 300px;\" src=\"https:\/\/www.barcelonacapitalnautica.org\/wp-content\/uploads\/2024\/07\/2022solomed_DSC05387-300x200-1.webp\" alt=\"\"\/><\/p><div class=\"uagb-timeline__arrow\"><\/div><\/div><\/div><div class=\"uagb-timeline__date-new\">2022<\/div><\/article>\n\n\n\n<article class=\"wp-block-uagb-content-timeline-child uagb-timeline__field uagb-timeline-child-1a6b8400-a0bc-4286-8373-2e7a4494c7fc uagb-timeline__right\"><div class=\"uagb-timeline__marker out-view-uagb-timeline__icon\"><svg xmlns=\"https:\/\/www.w3.org\/2000\/svg\" viewbox=\"0 0 448 512\"><path d=\"M160 32V64H288V32C288 14.33 302.3 0 320 0C337.7 0 352 14.33 352 32V64H400C426.5 64 448 85.49 448 112V160H0V112C0 85.49 21.49 64 48 64H96V32C96 14.33 110.3 0 128 0C145.7 0 160 14.33 160 32zM0 192H448V464C448 490.5 426.5 512 400 512H48C21.49 512 0 490.5 0 464V192zM64 304C64 312.8 71.16 320 80 320H112C120.8 320 128 312.8 128 304V272C128 263.2 120.8 256 112 256H80C71.16 256 64 263.2 64 272V304zM192 304C192 312.8 199.2 320 208 320H240C248.8 320 256 312.8 256 304V272C256 263.2 248.8 256 240 256H208C199.2 256 192 263.2 192 272V304zM336 256C327.2 256 320 263.2 320 272V304C320 312.8 327.2 320 336 320H368C376.8 320 384 312.8 384 304V272C384 263.2 376.8 256 368 256H336zM64 432C64 440.8 71.16 448 80 448H112C120.8 448 128 440.8 128 432V400C128 391.2 120.8 384 112 384H80C71.16 384 64 391.2 64 400V432zM208 384C199.2 384 192 391.2 192 400V432C192 440.8 199.2 448 208 448H240C248.8 448 256 440.8 256 432V400C256 391.2 248.8 384 240 384H208zM320 432C320 440.8 327.2 448 336 448H368C376.8 448 384 440.8 384 432V400C384 391.2 376.8 384 368 384H336C327.2 384 320 391.2 320 400V432z\"><\/path><\/svg><\/div><div class=\"uagb-timeline__day-new uagb-timeline__day-right uagb-timeline__events-inner-new\"><div class=\"uagb-timeline__events-inner--content\"><div class=\"uagb-timeline__date-hide uagb-timeline__inner-date-new\">2023<\/div><p class=\"uagb-timeline__heading\">Regata Solo Med (II)<\/p><p class=\"uagb-timeline-desc-content\"><mark style=\"background-color:rgba(0, 0, 0, 0)\" class=\"has-inline-color has-ast-global-color-1-color\">\u2192<\/mark> Aquesta \u00e9s la 2a edici\u00f3 d\u2019aquest esdeveniment esportiu organitzat per Barcelona Capital N\u00e0utica amb la col\u00b7laboraci\u00f3 de la Base Mini i el\u00a0Club N\u00e0utic Sa R\u00e0pita\u00a0com a Club organitzador. Les regates de l\u2019esdeveniment han format part del <strong>circuit classificatori de la Classe Mini 650<\/strong>.<br\/><br\/><img loading=\"lazy\" decoding=\"async\" width=\"300\" height=\"225\" class=\"wp-image-258690\" style=\"width: 300px;\" src=\"https:\/\/www.barcelonacapitalnautica.org\/wp-content\/uploads\/2023\/05\/solomed-2023_CNR_RECBLAU-0493.jpg\" alt=\"\" srcset=\"https:\/\/www.barcelonacapitalnautica.org\/wp-content\/uploads\/2023\/05\/solomed-2023_CNR_RECBLAU-0493.jpg 2000w, https:\/\/www.barcelonacapitalnautica.org\/wp-content\/uploads\/2023\/05\/solomed-2023_CNR_RECBLAU-0493-560x420.jpg 560w, https:\/\/www.barcelonacapitalnautica.org\/wp-content\/uploads\/2023\/05\/solomed-2023_CNR_RECBLAU-0493-900x675.jpg 900w, https:\/\/www.barcelonacapitalnautica.org\/wp-content\/uploads\/2023\/05\/solomed-2023_CNR_RECBLAU-0493-380x285.jpg 380w, https:\/\/www.barcelonacapitalnautica.org\/wp-content\/uploads\/2023\/05\/solomed-2023_CNR_RECBLAU-0493-768x576.jpg 768w, https:\/\/www.barcelonacapitalnautica.org\/wp-content\/uploads\/2023\/05\/solomed-2023_CNR_RECBLAU-0493-1536x1152.jpg 1536w\" sizes=\"auto, (max-width: 300px) 100vw, 300px\" \/><\/p><div class=\"uagb-timeline__arrow\"><\/div><\/div><\/div><div class=\"uagb-timeline__date-new\">2023<\/div><\/article>\n\n\n\n<article class=\"wp-block-uagb-content-timeline-child uagb-timeline__field uagb-timeline-child-580f5d32 uagb-timeline__left\"><div class=\"uagb-timeline__marker out-view-uagb-timeline__icon\"><svg xmlns=\"https:\/\/www.w3.org\/2000\/svg\" viewbox=\"0 0 448 512\"><path d=\"M160 32V64H288V32C288 14.33 302.3 0 320 0C337.7 0 352 14.33 352 32V64H400C426.5 64 448 85.49 448 112V160H0V112C0 85.49 21.49 64 48 64H96V32C96 14.33 110.3 0 128 0C145.7 0 160 14.33 160 32zM0 192H448V464C448 490.5 426.5 512 400 512H48C21.49 512 0 490.5 0 464V192zM64 304C64 312.8 71.16 320 80 320H112C120.8 320 128 312.8 128 304V272C128 263.2 120.8 256 112 256H80C71.16 256 64 263.2 64 272V304zM192 304C192 312.8 199.2 320 208 320H240C248.8 320 256 312.8 256 304V272C256 263.2 248.8 256 240 256H208C199.2 256 192 263.2 192 272V304zM336 256C327.2 256 320 263.2 320 272V304C320 312.8 327.2 320 336 320H368C376.8 320 384 312.8 384 304V272C384 263.2 376.8 256 368 256H336zM64 432C64 440.8 71.16 448 80 448H112C120.8 448 128 440.8 128 432V400C128 391.2 120.8 384 112 384H80C71.16 384 64 391.2 64 400V432zM208 384C199.2 384 192 391.2 192 400V432C192 440.8 199.2 448 208 448H240C248.8 448 256 440.8 256 432V400C256 391.2 248.8 384 240 384H208zM320 432C320 440.8 327.2 448 336 448H368C376.8 448 384 440.8 384 432V400C384 391.2 376.8 384 368 384H336C327.2 384 320 391.2 320 400V432z\"><\/path><\/svg><\/div><div class=\"uagb-timeline__day-new uagb-timeline__day-left uagb-timeline__events-inner-new\"><div class=\"uagb-timeline__events-inner--content\"><div class=\"uagb-timeline__date-hide uagb-timeline__inner-date-new\">2024<\/div><p class=\"uagb-timeline__heading\">Regata Solo Med (III)<\/p><p class=\"uagb-timeline-desc-content\"><mark style=\"background-color:rgba(0, 0, 0, 0)\" class=\"has-inline-color has-ast-global-color-1-color\">\u2192<\/mark> Aquesta competici\u00f3, <strong>consolidada en el calendari de regates<\/strong> de la classe al sud d\u2019Europa i classificat\u00f2ria per a la Mini Transat, ha cobert un total de 700 milles n\u00e0utiques pel Mediterrani.<br\/><br\/><img loading=\"lazy\" decoding=\"async\" width=\"300\" height=\"225\" class=\"wp-image-266942\" style=\"width: 300px;\" src=\"https:\/\/www.barcelonacapitalnautica.org\/wp-content\/uploads\/2024\/05\/Noti-Sortida-2a-etapa-Solo-Med-244.jpg\" alt=\"\" srcset=\"https:\/\/www.barcelonacapitalnautica.org\/wp-content\/uploads\/2024\/05\/Noti-Sortida-2a-etapa-Solo-Med-244.jpg 1600w, https:\/\/www.barcelonacapitalnautica.org\/wp-content\/uploads\/2024\/05\/Noti-Sortida-2a-etapa-Solo-Med-244-560x420.jpg 560w, https:\/\/www.barcelonacapitalnautica.org\/wp-content\/uploads\/2024\/05\/Noti-Sortida-2a-etapa-Solo-Med-244-900x675.jpg 900w, https:\/\/www.barcelonacapitalnautica.org\/wp-content\/uploads\/2024\/05\/Noti-Sortida-2a-etapa-Solo-Med-244-380x285.jpg 380w, https:\/\/www.barcelonacapitalnautica.org\/wp-content\/uploads\/2024\/05\/Noti-Sortida-2a-etapa-Solo-Med-244-768x576.jpg 768w, https:\/\/www.barcelonacapitalnautica.org\/wp-content\/uploads\/2024\/05\/Noti-Sortida-2a-etapa-Solo-Med-244-1536x1152.jpg 1536w\" sizes=\"auto, (max-width: 300px) 100vw, 300px\" \/><\/p><div class=\"uagb-timeline__arrow\"><\/div><\/div><\/div><div class=\"uagb-timeline__date-new\">2024<\/div><\/article>\n<div class=\"uagb-timeline__line\"><div class=\"uagb-timeline__line__inner\"><\/div><\/div><\/div>\n<\/div>\n<\/div>\n<\/div><\/div>\n\n<div id=\"noticies\" class=\"wp-block-uagb-container uagb-block-2dad09f1 alignfull uagb-is-root-container\"><div class=\"uagb-container-inner-blocks-wrap\">\n<div class=\"wp-block-uagb-advanced-heading uagb-block-2b95f394\"><h2 class=\"uagb-heading-text\">Not\u00edcies sobre regates<\/h2><\/div>\n\n\n\n\t\t\t<div class=\"wp-block-uagb-post-carousel uagb-post-grid  uagb-post__image-position-top uagb-post__image-enabled uagb-block-d7272a5a     uagb-post__arrow-outside uagb-slick-carousel uagb-post__items uagb-post__columns-3 is-carousel uagb-post__columns-tablet-2 uagb-post__columns-mobile-1 uagb-post__carousel_equal-height\" data-total=\"6\" style=\"\">\n\n\t\t\t\t\t\t\t\t\t\t\t\t<article class=\"uagb-post__inner-wrap\">\t\t\t\t\t\t\t\t<div class='uagb-post__image'>\n\t\t\t\t\t\t\t\t\t<a href=\"https:\/\/www.barcelonacapitalnautica.org\/es\/el-team-charisma-firma-un-hito-historico-con-el-segundo-puesto-en-la-categoria-salina-de-la-ruta-de-la-sal\/\" target=\"_self\" rel=\"bookmark noopener noreferrer\"><img loading=\"lazy\" decoding=\"async\" width=\"380\" height=\"214\" src=\"https:\/\/www.barcelonacapitalnautica.org\/wp-content\/uploads\/2026\/04\/Team-Charisma_59-380x214.jpeg\" class=\"attachment-thumbnail size-thumbnail\" alt=\"\" srcset=\"https:\/\/www.barcelonacapitalnautica.org\/wp-content\/uploads\/2026\/04\/Team-Charisma_59-380x214.jpeg 380w, https:\/\/www.barcelonacapitalnautica.org\/wp-content\/uploads\/2026\/04\/Team-Charisma_59-560x315.jpeg 560w, https:\/\/www.barcelonacapitalnautica.org\/wp-content\/uploads\/2026\/04\/Team-Charisma_59-900x506.jpeg 900w, https:\/\/www.barcelonacapitalnautica.org\/wp-content\/uploads\/2026\/04\/Team-Charisma_59-768x432.jpeg 768w, https:\/\/www.barcelonacapitalnautica.org\/wp-content\/uploads\/2026\/04\/Team-Charisma_59-1536x864.jpeg 1536w, https:\/\/www.barcelonacapitalnautica.org\/wp-content\/uploads\/2026\/04\/Team-Charisma_59.jpeg 1731w\" sizes=\"auto, (max-width: 380px) 100vw, 380px\" \/>\t\t\t\t\t<\/a>\n\t\t\t\t\t\t\t\t\t<\/div>\n\t\t\t\t\t\t<h3 class=\"uagb-post__title uagb-post__text\">\n\t\t\t\t<a href=\"https:\/\/www.barcelonacapitalnautica.org\/es\/el-team-charisma-firma-un-hito-historico-con-el-segundo-puesto-en-la-categoria-salina-de-la-ruta-de-la-sal\/\" target=\"_self\" rel=\"bookmark noopener noreferrer\">El Team Charisma firma un hito hist\u00f3rico con el segundo puesto en la categor\u00eda Salina de la Ruta de la Sal<\/a>\n\t\t\t<\/h3>\n\t\t\t\t\t\t<div class='uagb-post__text uagb-post-grid-byline'>\n\t\t\t\t\t\t\t\t<time datetime=\"2026-04-07T12:29:16+02:00\" class=\"uagb-post__date\">\n\t\t\t\t\t\t\t\t\t7 de abril de 2026\t\t\t\t<\/time>\n\t\t\t\t\t\t<\/div>\n\t\t\t\t\t\t\t<div class='uagb-post__text uagb-post__excerpt'>\n\t\t\t\t\t<p>El equipo femenino del Team Charisma ha logrado un resultado hist\u00f3rico en la XXXVIII edici\u00f3n de la Ruta de la Sal, tras clasificarse en segunda posici\u00f3n de la categor\u00eda Salina&#8230;\t\t\t\t<\/div>\n\t\t\t\n\t\t\t\t\t\t\t\t\t<\/article>\n\t\t\t\t\t\t\t\t\t\t\t\t\t\t\t\t<article class=\"uagb-post__inner-wrap\">\t\t\t\t\t\t\t\t<div class='uagb-post__image'>\n\t\t\t\t\t\t\t\t\t<a href=\"https:\/\/www.barcelonacapitalnautica.org\/es\/la-lliga-blava-impulsa-la-vela-virtual-con-una-nueva-herramienta-formativa-para-jovenes-regatistas\/\" target=\"_self\" rel=\"bookmark noopener noreferrer\"><img loading=\"lazy\" decoding=\"async\" width=\"380\" height=\"147\" src=\"https:\/\/www.barcelonacapitalnautica.org\/wp-content\/uploads\/2026\/03\/Noti-e-sailing-380x147.png\" class=\"attachment-thumbnail size-thumbnail\" alt=\"\" srcset=\"https:\/\/www.barcelonacapitalnautica.org\/wp-content\/uploads\/2026\/03\/Noti-e-sailing-380x147.png 380w, https:\/\/www.barcelonacapitalnautica.org\/wp-content\/uploads\/2026\/03\/Noti-e-sailing-560x216.png 560w, https:\/\/www.barcelonacapitalnautica.org\/wp-content\/uploads\/2026\/03\/Noti-e-sailing-900x347.png 900w, https:\/\/www.barcelonacapitalnautica.org\/wp-content\/uploads\/2026\/03\/Noti-e-sailing-768x296.png 768w, https:\/\/www.barcelonacapitalnautica.org\/wp-content\/uploads\/2026\/03\/Noti-e-sailing.png 1140w\" sizes=\"auto, (max-width: 380px) 100vw, 380px\" \/>\t\t\t\t\t<\/a>\n\t\t\t\t\t\t\t\t\t<\/div>\n\t\t\t\t\t\t<h3 class=\"uagb-post__title uagb-post__text\">\n\t\t\t\t<a href=\"https:\/\/www.barcelonacapitalnautica.org\/es\/la-lliga-blava-impulsa-la-vela-virtual-con-una-nueva-herramienta-formativa-para-jovenes-regatistas\/\" target=\"_self\" rel=\"bookmark noopener noreferrer\">La Lliga Blava impulsa la vela virtual con una nueva herramienta formativa para j\u00f3venes regatistas<\/a>\n\t\t\t<\/h3>\n\t\t\t\t\t\t<div class='uagb-post__text uagb-post-grid-byline'>\n\t\t\t\t\t\t\t\t<time datetime=\"2026-03-26T11:45:08+01:00\" class=\"uagb-post__date\">\n\t\t\t\t\t\t\t\t\t26 de marzo de 2026\t\t\t\t<\/time>\n\t\t\t\t\t\t<\/div>\n\t\t\t\t\t\t\t<div class='uagb-post__text uagb-post__excerpt'>\n\t\t\t\t\t<p>La Lliga Blava da un paso adelante en la innovaci\u00f3n deportiva con la incorporaci\u00f3n de una prueba piloto la herramienta virtual e_sailing, una plataforma pensada para acercar la vela a&#8230;\t\t\t\t<\/div>\n\t\t\t\n\t\t\t\t\t\t\t\t\t<\/article>\n\t\t\t\t\t\t\t\t\t\t\t\t\t\t\t\t<article class=\"uagb-post__inner-wrap\">\t\t\t\t\t\t\t\t<div class='uagb-post__image'>\n\t\t\t\t\t\t\t\t\t<a href=\"https:\/\/www.barcelonacapitalnautica.org\/es\/presentamos-el-equipo-femenino-de-regatas-que-competira-en-la-ruta-de-la-sal-a-bordo-del-charisma\/\" target=\"_self\" rel=\"bookmark noopener noreferrer\"><img loading=\"lazy\" decoding=\"async\" width=\"380\" height=\"147\" src=\"https:\/\/www.barcelonacapitalnautica.org\/wp-content\/uploads\/2026\/03\/007-thb-1-380x147.jpg\" class=\"attachment-thumbnail size-thumbnail\" alt=\"\" srcset=\"https:\/\/www.barcelonacapitalnautica.org\/wp-content\/uploads\/2026\/03\/007-thb-1-380x147.jpg 380w, https:\/\/www.barcelonacapitalnautica.org\/wp-content\/uploads\/2026\/03\/007-thb-1-560x216.jpg 560w, https:\/\/www.barcelonacapitalnautica.org\/wp-content\/uploads\/2026\/03\/007-thb-1-900x347.jpg 900w, https:\/\/www.barcelonacapitalnautica.org\/wp-content\/uploads\/2026\/03\/007-thb-1-768x296.jpg 768w, https:\/\/www.barcelonacapitalnautica.org\/wp-content\/uploads\/2026\/03\/007-thb-1.jpg 1140w\" sizes=\"auto, (max-width: 380px) 100vw, 380px\" \/>\t\t\t\t\t<\/a>\n\t\t\t\t\t\t\t\t\t<\/div>\n\t\t\t\t\t\t<h3 class=\"uagb-post__title uagb-post__text\">\n\t\t\t\t<a href=\"https:\/\/www.barcelonacapitalnautica.org\/es\/presentamos-el-equipo-femenino-de-regatas-que-competira-en-la-ruta-de-la-sal-a-bordo-del-charisma\/\" target=\"_self\" rel=\"bookmark noopener noreferrer\">Presentamos el equipo femenino de regatas que competir\u00e1 en la Ruta de la Sal a bordo del \u2018Charisma\u2019<\/a>\n\t\t\t<\/h3>\n\t\t\t\t\t\t<div class='uagb-post__text uagb-post-grid-byline'>\n\t\t\t\t\t\t\t\t<time datetime=\"2026-03-25T08:37:08+01:00\" class=\"uagb-post__date\">\n\t\t\t\t\t\t\t\t\t25 de marzo de 2026\t\t\t\t<\/time>\n\t\t\t\t\t\t<\/div>\n\t\t\t\t\t\t\t<div class='uagb-post__text uagb-post__excerpt'>\n\t\t\t\t\tAyer vivimos una jornada muy especial con motivo de la presentaci\u00f3n del equipo de regatas que la pr\u00f3xima semana competir\u00e1 en la XXXVIII edici\u00f3n de la Ruta de la Sal.\t\t\t\t<\/div>\n\t\t\t\n\t\t\t\t\t\t\t\t\t<\/article>\n\t\t\t\t\t\t\t\t\t\t\t\t\t\t\t\t<article class=\"uagb-post__inner-wrap\">\t\t\t\t\t\t\t\t<div class='uagb-post__image'>\n\t\t\t\t\t\t\t\t\t<a href=\"https:\/\/www.barcelonacapitalnautica.org\/es\/pilar-pasanau-termina-2a-en-la-vuelta-al-mundo-mini-globe-race-y-hace-historia-para-la-vela-oceanica\/\" target=\"_self\" rel=\"bookmark noopener noreferrer\"><img loading=\"lazy\" decoding=\"async\" width=\"380\" height=\"147\" src=\"https:\/\/www.barcelonacapitalnautica.org\/wp-content\/uploads\/2026\/03\/Noti-Arribada-Pilar-Pasanau-2-380x147.png\" class=\"attachment-thumbnail size-thumbnail\" alt=\"\" srcset=\"https:\/\/www.barcelonacapitalnautica.org\/wp-content\/uploads\/2026\/03\/Noti-Arribada-Pilar-Pasanau-2-380x147.png 380w, https:\/\/www.barcelonacapitalnautica.org\/wp-content\/uploads\/2026\/03\/Noti-Arribada-Pilar-Pasanau-2-560x216.png 560w, https:\/\/www.barcelonacapitalnautica.org\/wp-content\/uploads\/2026\/03\/Noti-Arribada-Pilar-Pasanau-2-900x347.png 900w, https:\/\/www.barcelonacapitalnautica.org\/wp-content\/uploads\/2026\/03\/Noti-Arribada-Pilar-Pasanau-2-768x296.png 768w, https:\/\/www.barcelonacapitalnautica.org\/wp-content\/uploads\/2026\/03\/Noti-Arribada-Pilar-Pasanau-2.png 1140w\" sizes=\"auto, (max-width: 380px) 100vw, 380px\" \/>\t\t\t\t\t<\/a>\n\t\t\t\t\t\t\t\t\t<\/div>\n\t\t\t\t\t\t<h3 class=\"uagb-post__title uagb-post__text\">\n\t\t\t\t<a href=\"https:\/\/www.barcelonacapitalnautica.org\/es\/pilar-pasanau-termina-2a-en-la-vuelta-al-mundo-mini-globe-race-y-hace-historia-para-la-vela-oceanica\/\" target=\"_self\" rel=\"bookmark noopener noreferrer\">Pilar Pasanau termina 2\u00aa en la vuelta al mundo Mini Globe Race y hace historia para la vela oce\u00e1nica<\/a>\n\t\t\t<\/h3>\n\t\t\t\t\t\t<div class='uagb-post__text uagb-post-grid-byline'>\n\t\t\t\t\t\t\t\t<time datetime=\"2026-03-10T10:11:36+01:00\" class=\"uagb-post__date\">\n\t\t\t\t\t\t\t\t\t10 de marzo de 2026\t\t\t\t<\/time>\n\t\t\t\t\t\t<\/div>\n\t\t\t\t\t\t\t<div class='uagb-post__text uagb-post__excerpt'>\n\t\t\t\t\t<p>La navegante catalana Pilar Pasanau ha completado una de las gestas m\u00e1s destacadas de la vela oce\u00e1nica reciente: dar la vuelta al mundo en solitario en la Mini Globe Race&#8230;\t\t\t\t<\/div>\n\t\t\t\n\t\t\t\t\t\t\t\t\t<\/article>\n\t\t\t\t\t\t\t\t\t\t\t\t\t\t\t\t<article class=\"uagb-post__inner-wrap\">\t\t\t\t\t\t\t\t<div class='uagb-post__image'>\n\t\t\t\t\t\t\t\t\t<a href=\"https:\/\/www.barcelonacapitalnautica.org\/es\/exito-de-participacion-y-regata-disputada-en-la-petrolera-2026-clase-mini-6-50\/\" target=\"_self\" rel=\"bookmark noopener noreferrer\"><img loading=\"lazy\" decoding=\"async\" width=\"380\" height=\"147\" src=\"https:\/\/www.barcelonacapitalnautica.org\/wp-content\/uploads\/2026\/03\/W-Noticia-slider-380x147.png\" class=\"attachment-thumbnail size-thumbnail\" alt=\"\" srcset=\"https:\/\/www.barcelonacapitalnautica.org\/wp-content\/uploads\/2026\/03\/W-Noticia-slider-380x147.png 380w, https:\/\/www.barcelonacapitalnautica.org\/wp-content\/uploads\/2026\/03\/W-Noticia-slider-560x216.png 560w, https:\/\/www.barcelonacapitalnautica.org\/wp-content\/uploads\/2026\/03\/W-Noticia-slider-900x347.png 900w, https:\/\/www.barcelonacapitalnautica.org\/wp-content\/uploads\/2026\/03\/W-Noticia-slider-768x296.png 768w, https:\/\/www.barcelonacapitalnautica.org\/wp-content\/uploads\/2026\/03\/W-Noticia-slider.png 1140w\" sizes=\"auto, (max-width: 380px) 100vw, 380px\" \/>\t\t\t\t\t<\/a>\n\t\t\t\t\t\t\t\t\t<\/div>\n\t\t\t\t\t\t<h3 class=\"uagb-post__title uagb-post__text\">\n\t\t\t\t<a href=\"https:\/\/www.barcelonacapitalnautica.org\/es\/exito-de-participacion-y-regata-disputada-en-la-petrolera-2026-clase-mini-6-50\/\" target=\"_self\" rel=\"bookmark noopener noreferrer\">\u00c9xito de participaci\u00f3n y regata disputada en la Petrolera 2026 \u2013 Clase Mini 6.50<\/a>\n\t\t\t<\/h3>\n\t\t\t\t\t\t<div class='uagb-post__text uagb-post-grid-byline'>\n\t\t\t\t\t\t\t\t<time datetime=\"2026-03-09T16:36:12+01:00\" class=\"uagb-post__date\">\n\t\t\t\t\t\t\t\t\t9 de marzo de 2026\t\t\t\t<\/time>\n\t\t\t\t\t\t<\/div>\n\t\t\t\t\t\t\t<div class='uagb-post__text uagb-post__excerpt'>\n\t\t\t\t\t<p>La Regata Petrolera 2026, prueba cl\u00e1sica del calendario de laclase Mini 6.50, ofreci\u00f3 el pasado fin de semana un espect\u00e1culo intenso y muy disputado entre los participantes que salieron a&#8230;\t\t\t\t<\/div>\n\t\t\t\n\t\t\t\t\t\t\t\t\t<\/article>\n\t\t\t\t\t\t\t\t\t\t\t\t\t\t\t\t<article class=\"uagb-post__inner-wrap\">\t\t\t\t\t\t\t\t<div class='uagb-post__image'>\n\t\t\t\t\t\t\t\t\t<a href=\"https:\/\/www.barcelonacapitalnautica.org\/es\/el-imoca-60-de-la-fundacio-barcelona-capital-nautica-segundo-en-su-categoria-en-la-barcelona-5-clubs\/\" target=\"_self\" rel=\"bookmark noopener noreferrer\"><img loading=\"lazy\" decoding=\"async\" width=\"380\" height=\"147\" src=\"https:\/\/www.barcelonacapitalnautica.org\/wp-content\/uploads\/2026\/02\/Noti-5clubs-380x147.png\" class=\"attachment-thumbnail size-thumbnail\" alt=\"\" srcset=\"https:\/\/www.barcelonacapitalnautica.org\/wp-content\/uploads\/2026\/02\/Noti-5clubs-380x147.png 380w, https:\/\/www.barcelonacapitalnautica.org\/wp-content\/uploads\/2026\/02\/Noti-5clubs-560x216.png 560w, https:\/\/www.barcelonacapitalnautica.org\/wp-content\/uploads\/2026\/02\/Noti-5clubs-900x347.png 900w, https:\/\/www.barcelonacapitalnautica.org\/wp-content\/uploads\/2026\/02\/Noti-5clubs-768x296.png 768w, https:\/\/www.barcelonacapitalnautica.org\/wp-content\/uploads\/2026\/02\/Noti-5clubs.png 1140w\" sizes=\"auto, (max-width: 380px) 100vw, 380px\" \/>\t\t\t\t\t<\/a>\n\t\t\t\t\t\t\t\t\t<\/div>\n\t\t\t\t\t\t<h3 class=\"uagb-post__title uagb-post__text\">\n\t\t\t\t<a href=\"https:\/\/www.barcelonacapitalnautica.org\/es\/el-imoca-60-de-la-fundacio-barcelona-capital-nautica-segundo-en-su-categoria-en-la-barcelona-5-clubs\/\" target=\"_self\" rel=\"bookmark noopener noreferrer\">El IMOCA 60 de la Fundaci\u00f3 Barcelona Capital n\u00e0utica, segundo en su categor\u00eda en la barcelona 5 clubs<\/a>\n\t\t\t<\/h3>\n\t\t\t\t\t\t<div class='uagb-post__text uagb-post-grid-byline'>\n\t\t\t\t\t\t\t\t<time datetime=\"2026-02-03T09:49:36+01:00\" class=\"uagb-post__date\">\n\t\t\t\t\t\t\t\t\t3 de febrero de 2026\t\t\t\t<\/time>\n\t\t\t\t\t\t<\/div>\n\t\t\t\t\t\t\t<div class='uagb-post__text uagb-post__excerpt'>\n\t\t\t\t\t<p>L&#8217;IMOCA 60 de la Fundaci\u00f3 Barcelona Capital N\u00e0utica, ha destacado en la primera prueba de la Barcelona 5 Clubs, celebrada este domingo en el Real Club N\u00e0utic de Barcelona. El&#8230;\t\t\t\t<\/div>\n\t\t\t\n\t\t\t\t\t\t\t\t\t<\/article>\n\t\t\t\t\t\t\t\t\t\t\t\t\t\t\t\t<article class=\"uagb-post__inner-wrap\">\t\t\t\t\t\t\t\t<div class='uagb-post__image'>\n\t\t\t\t\t\t\t\t\t<a href=\"https:\/\/www.barcelonacapitalnautica.org\/es\/la-vela-adaptada-e-inclusiva-consolida-su-impacto-en-cataluna\/\" target=\"_self\" rel=\"bookmark noopener noreferrer\"><img loading=\"lazy\" decoding=\"async\" width=\"380\" height=\"147\" src=\"https:\/\/www.barcelonacapitalnautica.org\/wp-content\/uploads\/2025\/12\/Noti-Dia-Discapacitat-380x147.png\" class=\"attachment-thumbnail size-thumbnail\" alt=\"\" srcset=\"https:\/\/www.barcelonacapitalnautica.org\/wp-content\/uploads\/2025\/12\/Noti-Dia-Discapacitat-380x147.png 380w, https:\/\/www.barcelonacapitalnautica.org\/wp-content\/uploads\/2025\/12\/Noti-Dia-Discapacitat-560x216.png 560w, https:\/\/www.barcelonacapitalnautica.org\/wp-content\/uploads\/2025\/12\/Noti-Dia-Discapacitat-900x347.png 900w, https:\/\/www.barcelonacapitalnautica.org\/wp-content\/uploads\/2025\/12\/Noti-Dia-Discapacitat-768x296.png 768w, https:\/\/www.barcelonacapitalnautica.org\/wp-content\/uploads\/2025\/12\/Noti-Dia-Discapacitat.png 1140w\" sizes=\"auto, (max-width: 380px) 100vw, 380px\" \/>\t\t\t\t\t<\/a>\n\t\t\t\t\t\t\t\t\t<\/div>\n\t\t\t\t\t\t<h3 class=\"uagb-post__title uagb-post__text\">\n\t\t\t\t<a href=\"https:\/\/www.barcelonacapitalnautica.org\/es\/la-vela-adaptada-e-inclusiva-consolida-su-impacto-en-cataluna\/\" target=\"_self\" rel=\"bookmark noopener noreferrer\">La vela adaptada e inclusiva consolida su impacto en Catalu\u00f1a<\/a>\n\t\t\t<\/h3>\n\t\t\t\t\t\t<div class='uagb-post__text uagb-post-grid-byline'>\n\t\t\t\t\t\t\t\t<time datetime=\"2025-12-03T09:36:14+01:00\" class=\"uagb-post__date\">\n\t\t\t\t\t\t\t\t\t3 de diciembre de 2025\t\t\t\t<\/time>\n\t\t\t\t\t\t<\/div>\n\t\t\t\t\t\t\t<div class='uagb-post__text uagb-post__excerpt'>\n\t\t\t\t\t<p>Coincidiendo con el D\u00eda Internacional de las Personas con Discapacidad, queremos repasar los resultados del proyecto de vela adaptada e inclusiva desarrollado durante las temporadas 2024 y 2025 junto con&#8230;\t\t\t\t<\/div>\n\t\t\t\n\t\t\t\t\t\t\t\t\t<\/article>\n\t\t\t\t\t\t\t\t\t\t\t\t\t\t\t\t<article class=\"uagb-post__inner-wrap\">\t\t\t\t\t\t\t\t<div class='uagb-post__image'>\n\t\t\t\t\t\t\t\t\t<a href=\"https:\/\/www.barcelonacapitalnautica.org\/es\/el-imoca-escuela-de-barcelona-capital-nautica-visita-el-club-nautico-de-arenys-de-mar-durante-el-gran-premio-principado-de-andorra\/\" target=\"_self\" rel=\"bookmark noopener noreferrer\"><img loading=\"lazy\" decoding=\"async\" width=\"380\" height=\"147\" src=\"https:\/\/www.barcelonacapitalnautica.org\/wp-content\/uploads\/2025\/11\/Noti-Gran-Premi-Andorra-380x147.png\" class=\"attachment-thumbnail size-thumbnail\" alt=\"\" srcset=\"https:\/\/www.barcelonacapitalnautica.org\/wp-content\/uploads\/2025\/11\/Noti-Gran-Premi-Andorra-380x147.png 380w, https:\/\/www.barcelonacapitalnautica.org\/wp-content\/uploads\/2025\/11\/Noti-Gran-Premi-Andorra-560x216.png 560w, https:\/\/www.barcelonacapitalnautica.org\/wp-content\/uploads\/2025\/11\/Noti-Gran-Premi-Andorra-900x347.png 900w, https:\/\/www.barcelonacapitalnautica.org\/wp-content\/uploads\/2025\/11\/Noti-Gran-Premi-Andorra-768x296.png 768w, https:\/\/www.barcelonacapitalnautica.org\/wp-content\/uploads\/2025\/11\/Noti-Gran-Premi-Andorra.png 1140w\" sizes=\"auto, (max-width: 380px) 100vw, 380px\" \/>\t\t\t\t\t<\/a>\n\t\t\t\t\t\t\t\t\t<\/div>\n\t\t\t\t\t\t<h3 class=\"uagb-post__title uagb-post__text\">\n\t\t\t\t<a href=\"https:\/\/www.barcelonacapitalnautica.org\/es\/el-imoca-escuela-de-barcelona-capital-nautica-visita-el-club-nautico-de-arenys-de-mar-durante-el-gran-premio-principado-de-andorra\/\" target=\"_self\" rel=\"bookmark noopener noreferrer\">El IMOCA Escuela de Barcelona Capital N\u00e1utica visita el Club N\u00e1utico de Arenys de Mar durante el Gran Premio Principado de Andorra<\/a>\n\t\t\t<\/h3>\n\t\t\t\t\t\t<div class='uagb-post__text uagb-post-grid-byline'>\n\t\t\t\t\t\t\t\t<time datetime=\"2025-11-10T11:00:07+01:00\" class=\"uagb-post__date\">\n\t\t\t\t\t\t\t\t\t10 de noviembre de 2025\t\t\t\t<\/time>\n\t\t\t\t\t\t<\/div>\n\t\t\t\t\t\t\t<div class='uagb-post__text uagb-post__excerpt'>\n\t\t\t\t\t<p>Haciendo realidad nuestra misi\u00f3n de \u201cabrir el mar a todos\u201d y reforzar el papel de Barcelona y de la costa catalana como referentes internacionales en vela y sostenibilidad marina, desde&#8230;\t\t\t\t<\/div>\n\t\t\t\n\t\t\t\t\t\t\t\t\t<\/article>\n\t\t\t\t\t\t\t\t\t\t\t\t\t\t\t\t<article class=\"uagb-post__inner-wrap\">\t\t\t\t\t\t\t\t<div class='uagb-post__image'>\n\t\t\t\t\t\t\t\t\t<a href=\"https:\/\/www.barcelonacapitalnautica.org\/es\/la-flota-de-la-mini-transat-zarpa-de-la-palma-para-cruzar-el-atlantico-rumbo-a-guadalupe\/\" target=\"_self\" rel=\"bookmark noopener noreferrer\"><img loading=\"lazy\" decoding=\"async\" width=\"380\" height=\"147\" src=\"https:\/\/www.barcelonacapitalnautica.org\/wp-content\/uploads\/2025\/10\/Noti-Sortida-La-Palma-380x147.png\" class=\"attachment-thumbnail size-thumbnail\" alt=\"\" srcset=\"https:\/\/www.barcelonacapitalnautica.org\/wp-content\/uploads\/2025\/10\/Noti-Sortida-La-Palma-380x147.png 380w, https:\/\/www.barcelonacapitalnautica.org\/wp-content\/uploads\/2025\/10\/Noti-Sortida-La-Palma-560x216.png 560w, https:\/\/www.barcelonacapitalnautica.org\/wp-content\/uploads\/2025\/10\/Noti-Sortida-La-Palma-900x347.png 900w, https:\/\/www.barcelonacapitalnautica.org\/wp-content\/uploads\/2025\/10\/Noti-Sortida-La-Palma-768x296.png 768w, https:\/\/www.barcelonacapitalnautica.org\/wp-content\/uploads\/2025\/10\/Noti-Sortida-La-Palma.png 1140w\" sizes=\"auto, (max-width: 380px) 100vw, 380px\" \/>\t\t\t\t\t<\/a>\n\t\t\t\t\t\t\t\t\t<\/div>\n\t\t\t\t\t\t<h3 class=\"uagb-post__title uagb-post__text\">\n\t\t\t\t<a href=\"https:\/\/www.barcelonacapitalnautica.org\/es\/la-flota-de-la-mini-transat-zarpa-de-la-palma-para-cruzar-el-atlantico-rumbo-a-guadalupe\/\" target=\"_self\" rel=\"bookmark noopener noreferrer\">La flota de la Mini Transat zarpa de La Palma para cruzar el Atl\u00e1ntico rumbo a Guadalupe<\/a>\n\t\t\t<\/h3>\n\t\t\t\t\t\t<div class='uagb-post__text uagb-post-grid-byline'>\n\t\t\t\t\t\t\t\t<time datetime=\"2025-10-27T09:31:42+01:00\" class=\"uagb-post__date\">\n\t\t\t\t\t\t\t\t\t27 de octubre de 2025\t\t\t\t<\/time>\n\t\t\t\t\t\t<\/div>\n\t\t\t\t\t\t\t<div class='uagb-post__text uagb-post__excerpt'>\n\t\t\t\t\t<p>Despu\u00e9s de unos d\u00edas de espera en Santa Cruz de La Palma, los 89 barcos de la flota de la Mini Transat 2025 zarparon el pasado s\u00e1bado 25 de octubre&#8230;\t\t\t\t<\/div>\n\t\t\t\n\t\t\t\t\t\t\t\t\t<\/article>\n\t\t\t\t\t\t\t\t\t\t\t\t\t\t\t\t<article class=\"uagb-post__inner-wrap\">\t\t\t\t\t\t\t\t<div class='uagb-post__image'>\n\t\t\t\t\t\t\t\t\t<a href=\"https:\/\/www.barcelonacapitalnautica.org\/es\/los-regatistas-de-la-base-mini-apadrinados-por-el-programa-educativo-22-dias-en-22-pies\/\" target=\"_self\" rel=\"bookmark noopener noreferrer\"><img loading=\"lazy\" decoding=\"async\" width=\"380\" height=\"147\" src=\"https:\/\/www.barcelonacapitalnautica.org\/wp-content\/uploads\/2025\/09\/Noti-Apadrinats-22-dies-380x147.png\" class=\"attachment-thumbnail size-thumbnail\" alt=\"\" srcset=\"https:\/\/www.barcelonacapitalnautica.org\/wp-content\/uploads\/2025\/09\/Noti-Apadrinats-22-dies-380x147.png 380w, https:\/\/www.barcelonacapitalnautica.org\/wp-content\/uploads\/2025\/09\/Noti-Apadrinats-22-dies-560x216.png 560w, https:\/\/www.barcelonacapitalnautica.org\/wp-content\/uploads\/2025\/09\/Noti-Apadrinats-22-dies-900x347.png 900w, https:\/\/www.barcelonacapitalnautica.org\/wp-content\/uploads\/2025\/09\/Noti-Apadrinats-22-dies-768x296.png 768w, https:\/\/www.barcelonacapitalnautica.org\/wp-content\/uploads\/2025\/09\/Noti-Apadrinats-22-dies.png 1140w\" sizes=\"auto, (max-width: 380px) 100vw, 380px\" \/>\t\t\t\t\t<\/a>\n\t\t\t\t\t\t\t\t\t<\/div>\n\t\t\t\t\t\t<h3 class=\"uagb-post__title uagb-post__text\">\n\t\t\t\t<a href=\"https:\/\/www.barcelonacapitalnautica.org\/es\/los-regatistas-de-la-base-mini-apadrinados-por-el-programa-educativo-22-dias-en-22-pies\/\" target=\"_self\" rel=\"bookmark noopener noreferrer\">Los regatistas de la Base Mini apadrinados por el programa educativo \u201c22 d\u00edas en 22 pies\u201d<\/a>\n\t\t\t<\/h3>\n\t\t\t\t\t\t<div class='uagb-post__text uagb-post-grid-byline'>\n\t\t\t\t\t\t\t\t<time datetime=\"2025-09-30T11:45:13+02:00\" class=\"uagb-post__date\">\n\t\t\t\t\t\t\t\t\t30 de septiembre de 2025\t\t\t\t<\/time>\n\t\t\t\t\t\t<\/div>\n\t\t\t\t\t\t\t<div class='uagb-post__text uagb-post__excerpt'>\n\t\t\t\t\t<p>La salida de la Mini Transat 2025 no solo es el punto de partida de una de las regatas oce\u00e1nicas m\u00e1s exigentes del mundo, sino tambi\u00e9n el inicio de una&#8230;\t\t\t\t<\/div>\n\t\t\t\n\t\t\t\t\t\t\t\t\t<\/article>\n\t\t\t\t\t\t\t\t\t\t\t\t\t\t\t\t<article class=\"uagb-post__inner-wrap\">\t\t\t\t\t\t\t\t<div class='uagb-post__image'>\n\t\t\t\t\t\t\t\t\t<a href=\"https:\/\/www.barcelonacapitalnautica.org\/es\/el-mar-com-a-terapia-mes-de-120-families-naveguen-contra-lalzheimer\/\" target=\"_self\" rel=\"bookmark noopener noreferrer\"><img loading=\"lazy\" decoding=\"async\" width=\"380\" height=\"147\" src=\"https:\/\/www.barcelonacapitalnautica.org\/wp-content\/uploads\/2025\/10\/Noti-Veles-per-Alzheimer-380x147.png\" class=\"attachment-thumbnail size-thumbnail\" alt=\"\" srcset=\"https:\/\/www.barcelonacapitalnautica.org\/wp-content\/uploads\/2025\/10\/Noti-Veles-per-Alzheimer-380x147.png 380w, https:\/\/www.barcelonacapitalnautica.org\/wp-content\/uploads\/2025\/10\/Noti-Veles-per-Alzheimer-560x216.png 560w, https:\/\/www.barcelonacapitalnautica.org\/wp-content\/uploads\/2025\/10\/Noti-Veles-per-Alzheimer-900x347.png 900w, https:\/\/www.barcelonacapitalnautica.org\/wp-content\/uploads\/2025\/10\/Noti-Veles-per-Alzheimer-768x296.png 768w, https:\/\/www.barcelonacapitalnautica.org\/wp-content\/uploads\/2025\/10\/Noti-Veles-per-Alzheimer.png 1140w\" sizes=\"auto, (max-width: 380px) 100vw, 380px\" \/>\t\t\t\t\t<\/a>\n\t\t\t\t\t\t\t\t\t<\/div>\n\t\t\t\t\t\t<h3 class=\"uagb-post__title uagb-post__text\">\n\t\t\t\t<a href=\"https:\/\/www.barcelonacapitalnautica.org\/es\/el-mar-com-a-terapia-mes-de-120-families-naveguen-contra-lalzheimer\/\" target=\"_self\" rel=\"bookmark noopener noreferrer\">El mar con terapia: m\u00e1s de 120 familias navegan contra el Alzheimer<\/a>\n\t\t\t<\/h3>\n\t\t\t\t\t\t<div class='uagb-post__text uagb-post-grid-byline'>\n\t\t\t\t\t\t\t\t<time datetime=\"2025-09-28T11:42:48+02:00\" class=\"uagb-post__date\">\n\t\t\t\t\t\t\t\t\t28 de septiembre de 2025\t\t\t\t<\/time>\n\t\t\t\t\t\t<\/div>\n\t\t\t\t\t\t\t<div class='uagb-post__text uagb-post__excerpt'>\n\t\t\t\t\t<p>El mar volvi\u00f3 a ser escenario de esperanza y solidaridad con la tercera edici\u00f3n de la Regata por el Alzheimer, una actividad que reuni\u00f3 a 126 participantes entre personas afectadas&#8230;\t\t\t\t<\/div>\n\t\t\t\n\t\t\t\t\t\t\t\t\t<\/article>\n\t\t\t\t\t\t\t\t\t\t\t\t\t\t\t\t<article class=\"uagb-post__inner-wrap\">\t\t\t\t\t\t\t\t<div class='uagb-post__image'>\n\t\t\t\t\t\t\t\t\t<a href=\"https:\/\/www.barcelonacapitalnautica.org\/es\/los-navegantes-oceanicos-catalanes-protagonistas-este-julio-en-los-mares-del-mundo\/\" target=\"_self\" rel=\"bookmark noopener noreferrer\"><img loading=\"lazy\" decoding=\"async\" width=\"380\" height=\"147\" src=\"https:\/\/www.barcelonacapitalnautica.org\/wp-content\/uploads\/2025\/07\/Noti-Navegants-juliol-380x147.png\" class=\"attachment-thumbnail size-thumbnail\" alt=\"\" srcset=\"https:\/\/www.barcelonacapitalnautica.org\/wp-content\/uploads\/2025\/07\/Noti-Navegants-juliol-380x147.png 380w, https:\/\/www.barcelonacapitalnautica.org\/wp-content\/uploads\/2025\/07\/Noti-Navegants-juliol-560x216.png 560w, https:\/\/www.barcelonacapitalnautica.org\/wp-content\/uploads\/2025\/07\/Noti-Navegants-juliol-900x347.png 900w, https:\/\/www.barcelonacapitalnautica.org\/wp-content\/uploads\/2025\/07\/Noti-Navegants-juliol-768x296.png 768w, https:\/\/www.barcelonacapitalnautica.org\/wp-content\/uploads\/2025\/07\/Noti-Navegants-juliol.png 1140w\" sizes=\"auto, (max-width: 380px) 100vw, 380px\" \/>\t\t\t\t\t<\/a>\n\t\t\t\t\t\t\t\t\t<\/div>\n\t\t\t\t\t\t<h3 class=\"uagb-post__title uagb-post__text\">\n\t\t\t\t<a href=\"https:\/\/www.barcelonacapitalnautica.org\/es\/los-navegantes-oceanicos-catalanes-protagonistas-este-julio-en-los-mares-del-mundo\/\" target=\"_self\" rel=\"bookmark noopener noreferrer\">Los navegantes oce\u00e1nicos catalanes, protagonistas este julio en los mares del mundo<\/a>\n\t\t\t<\/h3>\n\t\t\t\t\t\t<div class='uagb-post__text uagb-post-grid-byline'>\n\t\t\t\t\t\t\t\t<time datetime=\"2025-07-31T09:30:36+02:00\" class=\"uagb-post__date\">\n\t\t\t\t\t\t\t\t\t31 de julio de 2025\t\t\t\t<\/time>\n\t\t\t\t\t\t<\/div>\n\t\t\t\t\t\t\t<div class='uagb-post__text uagb-post__excerpt'>\n\t\t\t\t\t<p>Este mes de julio ha sido especialmente intenso y destacado para los navegantes oce\u00e1nicos catalanes, que han dejado huella en algunas de las regatas m\u00e1s emblem\u00e1ticas del calendario internacional. En&#8230;\t\t\t\t<\/div>\n\t\t\t\n\t\t\t\t\t\t\t\t\t<\/article>\n\t\t\t\t\t\t\t\t\t\t\t<\/div>\n\t\t\t<\/div><\/div>\n","protected":false},"excerpt":{"rendered":"<p>Regates L&#8217;estela d&#8217;una gran hist\u00f2ria Not\u00edcies sobre regates<\/p>\n","protected":false},"author":1,"featured_media":256699,"parent":258245,"menu_order":5,"comment_status":"closed","ping_status":"closed","template":"","meta":{"_uag_custom_page_level_css":"","site-sidebar-layout":"default","site-content-layout":"","ast-site-content-layout":"default","site-content-style":"default","site-sidebar-style":"default","ast-global-header-display":"","ast-banner-title-visibility":"","ast-main-header-display":"","ast-hfb-above-header-display":"","ast-hfb-below-header-display":"","ast-hfb-mobile-header-display":"","site-post-title":"disabled","ast-breadcrumbs-content":"","ast-featured-img":"disabled","footer-sml-layout":"","ast-disable-related-posts":"","theme-transparent-header-meta":"","adv-header-id-meta":"","stick-header-meta":"","header-above-stick-meta":"","header-main-stick-meta":"","header-below-stick-meta":"","astra-migrate-meta-layouts":"set","ast-page-background-enabled":"default","ast-page-background-meta":{"desktop":{"background-color":"","background-image":"","background-repeat":"repeat","background-position":"center center","background-size":"auto","background-attachment":"scroll","background-type":"","background-media":"","overlay-type":"","overlay-color":"","overlay-opacity":"","overlay-gradient":""},"tablet":{"background-color":"","background-image":"","background-repeat":"repeat","background-position":"center center","background-size":"auto","background-attachment":"scroll","background-type":"","background-media":"","overlay-type":"","overlay-color":"","overlay-opacity":"","overlay-gradient":""},"mobile":{"background-color":"","background-image":"","background-repeat":"repeat","background-position":"center center","background-size":"auto","background-attachment":"scroll","background-type":"","background-media":"","overlay-type":"","overlay-color":"","overlay-opacity":"","overlay-gradient":""}},"ast-content-background-meta":{"desktop":{"background-color":"var(--ast-global-color-5)","background-image":"","background-repeat":"repeat","background-position":"center center","background-size":"auto","background-attachment":"scroll","background-type":"","background-media":"","overlay-type":"","overlay-color":"","overlay-opacity":"","overlay-gradient":""},"tablet":{"background-color":"var(--ast-global-color-5)","background-image":"","background-repeat":"repeat","background-position":"center center","background-size":"auto","background-attachment":"scroll","background-type":"","background-media":"","overlay-type":"","overlay-color":"","overlay-opacity":"","overlay-gradient":""},"mobile":{"background-color":"var(--ast-global-color-5)","background-image":"","background-repeat":"repeat","background-position":"center center","background-size":"auto","background-attachment":"scroll","background-type":"","background-media":"","overlay-type":"","overlay-color":"","overlay-opacity":"","overlay-gradient":""}},"_price":"","_stock":"","_tribe_ticket_header":"","_tribe_default_ticket_provider":"","_tribe_ticket_capacity":"0","_ticket_start_date":"","_ticket_end_date":"","_tribe_ticket_show_description":"","_tribe_ticket_show_not_going":false,"_tribe_ticket_use_global_stock":"","_tribe_ticket_global_stock_level":"","_global_stock_mode":"","_global_stock_cap":"","_tribe_rsvp_for_event":"","_tribe_ticket_going_count":"","_tribe_ticket_not_going_count":"","_tribe_tickets_list":[],"_tribe_ticket_has_attendee_info_fields":false,"footnotes":""},"class_list":["post-258260","page","type-page","status-publish","has-post-thumbnail","hentry"],"yoast_head":"<!-- This site is optimized with the Yoast SEO plugin v27.4 - https:\/\/yoast.com\/product\/yoast-seo-wordpress\/ -->\n<title>Regatas - Barcelona Capital N\u00e0utica<\/title>\n<meta name=\"description\" content=\"Barcelona y Catalu\u00f1a acumulan un recorrido de grandes experiencias, marcado por memorables mitos y logros deportivos de la vela de competici\u00f3n.\" \/>\n<meta name=\"robots\" content=\"index, follow, max-snippet:-1, max-image-preview:large, max-video-preview:-1\" \/>\n<link rel=\"canonical\" href=\"https:\/\/www.barcelonacapitalnautica.org\/es\/deporte\/regatas\/\" \/>\n<meta property=\"og:locale\" content=\"es_ES\" \/>\n<meta property=\"og:type\" content=\"article\" \/>\n<meta property=\"og:title\" content=\"Regatas - Barcelona Capital N\u00e0utica\" \/>\n<meta property=\"og:description\" content=\"Barcelona y Catalu\u00f1a acumulan un recorrido de grandes experiencias, marcado por memorables mitos y logros deportivos de la vela de competici\u00f3n.\" \/>\n<meta property=\"og:url\" content=\"https:\/\/www.barcelonacapitalnautica.org\/es\/deporte\/regatas\/\" \/>\n<meta property=\"og:site_name\" content=\"Barcelona Capital N\u00e0utica\" \/>\n<meta property=\"article:publisher\" content=\"https:\/\/www.facebook.com\/barcelonacapitalnautica\" \/>\n<meta property=\"article:modified_time\" content=\"2025-05-09T10:12:20+00:00\" \/>\n<meta property=\"og:image\" content=\"https:\/\/www.barcelonacapitalnautica.org\/wp-content\/uploads\/2023\/04\/2022solomed_DSC05470.jpg\" \/>\n\t<meta property=\"og:image:width\" content=\"1500\" \/>\n\t<meta property=\"og:image:height\" content=\"1000\" \/>\n\t<meta property=\"og:image:type\" content=\"image\/jpeg\" \/>\n<meta name=\"twitter:card\" content=\"summary_large_image\" \/>\n<meta name=\"twitter:site\" content=\"@bcnautica\" \/>\n<meta name=\"twitter:label1\" content=\"Tiempo de lectura\" \/>\n\t<meta name=\"twitter:data1\" content=\"10 minutos\" \/>\n<script type=\"application\/ld+json\" class=\"yoast-schema-graph\">{\"@context\":\"https:\\\/\\\/schema.org\",\"@graph\":[{\"@type\":\"WebPage\",\"@id\":\"https:\\\/\\\/www.barcelonacapitalnautica.org\\\/es\\\/deporte\\\/regatas\\\/\",\"url\":\"https:\\\/\\\/www.barcelonacapitalnautica.org\\\/es\\\/deporte\\\/regatas\\\/\",\"name\":\"Regatas - Barcelona Capital N\u00e0utica\",\"isPartOf\":{\"@id\":\"https:\\\/\\\/www.barcelonacapitalnautica.org\\\/es\\\/#website\"},\"primaryImageOfPage\":{\"@id\":\"https:\\\/\\\/www.barcelonacapitalnautica.org\\\/es\\\/deporte\\\/regatas\\\/#primaryimage\"},\"image\":{\"@id\":\"https:\\\/\\\/www.barcelonacapitalnautica.org\\\/es\\\/deporte\\\/regatas\\\/#primaryimage\"},\"thumbnailUrl\":\"https:\\\/\\\/www.barcelonacapitalnautica.org\\\/wp-content\\\/uploads\\\/2023\\\/04\\\/2022solomed_DSC05470.jpg\",\"datePublished\":\"2023-05-01T23:00:00+00:00\",\"dateModified\":\"2025-05-09T10:12:20+00:00\",\"description\":\"Barcelona y Catalu\u00f1a acumulan un recorrido de grandes experiencias, marcado por memorables mitos y logros deportivos de la vela de competici\u00f3n.\",\"breadcrumb\":{\"@id\":\"https:\\\/\\\/www.barcelonacapitalnautica.org\\\/es\\\/deporte\\\/regatas\\\/#breadcrumb\"},\"inLanguage\":\"es\",\"potentialAction\":[{\"@type\":\"ReadAction\",\"target\":[\"https:\\\/\\\/www.barcelonacapitalnautica.org\\\/es\\\/deporte\\\/regatas\\\/\"]}]},{\"@type\":\"ImageObject\",\"inLanguage\":\"es\",\"@id\":\"https:\\\/\\\/www.barcelonacapitalnautica.org\\\/es\\\/deporte\\\/regatas\\\/#primaryimage\",\"url\":\"https:\\\/\\\/www.barcelonacapitalnautica.org\\\/wp-content\\\/uploads\\\/2023\\\/04\\\/2022solomed_DSC05470.jpg\",\"contentUrl\":\"https:\\\/\\\/www.barcelonacapitalnautica.org\\\/wp-content\\\/uploads\\\/2023\\\/04\\\/2022solomed_DSC05470.jpg\",\"width\":1500,\"height\":1000,\"caption\":\"Solo Med 2022\"},{\"@type\":\"BreadcrumbList\",\"@id\":\"https:\\\/\\\/www.barcelonacapitalnautica.org\\\/es\\\/deporte\\\/regatas\\\/#breadcrumb\",\"itemListElement\":[{\"@type\":\"ListItem\",\"position\":1,\"name\":\"Inici\",\"item\":\"https:\\\/\\\/www.barcelonacapitalnautica.org\\\/es\\\/\"},{\"@type\":\"ListItem\",\"position\":2,\"name\":\"Deporte\",\"item\":\"https:\\\/\\\/www.barcelonacapitalnautica.org\\\/es\\\/deporte\\\/\"},{\"@type\":\"ListItem\",\"position\":3,\"name\":\"Regatas\"}]},{\"@type\":\"WebSite\",\"@id\":\"https:\\\/\\\/www.barcelonacapitalnautica.org\\\/es\\\/#website\",\"url\":\"https:\\\/\\\/www.barcelonacapitalnautica.org\\\/es\\\/\",\"name\":\"Barcelona Capital N\u00e0utica\",\"description\":\"Barcelona Capital N\u00e0utica\",\"publisher\":{\"@id\":\"https:\\\/\\\/www.barcelonacapitalnautica.org\\\/es\\\/#organization\"},\"alternateName\":\"BCN\u00e0utica, FBCN\",\"potentialAction\":[{\"@type\":\"SearchAction\",\"target\":{\"@type\":\"EntryPoint\",\"urlTemplate\":\"https:\\\/\\\/www.barcelonacapitalnautica.org\\\/es\\\/?s={search_term_string}\"},\"query-input\":{\"@type\":\"PropertyValueSpecification\",\"valueRequired\":true,\"valueName\":\"search_term_string\"}}],\"inLanguage\":\"es\"},{\"@type\":\"Organization\",\"@id\":\"https:\\\/\\\/www.barcelonacapitalnautica.org\\\/es\\\/#organization\",\"name\":\"Barcelona Capital N\u00e0utica\",\"alternateName\":\"Fundaci\u00f3 Barcelona Capital N\u00e0utica\",\"url\":\"https:\\\/\\\/www.barcelonacapitalnautica.org\\\/es\\\/\",\"logo\":{\"@type\":\"ImageObject\",\"inLanguage\":\"es\",\"@id\":\"https:\\\/\\\/www.barcelonacapitalnautica.org\\\/es\\\/#\\\/schema\\\/logo\\\/image\\\/\",\"url\":\"https:\\\/\\\/www.barcelonacapitalnautica.org\\\/wp-content\\\/uploads\\\/2023\\\/03\\\/Logo-blau.svg\",\"contentUrl\":\"https:\\\/\\\/www.barcelonacapitalnautica.org\\\/wp-content\\\/uploads\\\/2023\\\/03\\\/Logo-blau.svg\",\"width\":200,\"height\":58,\"caption\":\"Barcelona Capital N\u00e0utica\"},\"image\":{\"@id\":\"https:\\\/\\\/www.barcelonacapitalnautica.org\\\/es\\\/#\\\/schema\\\/logo\\\/image\\\/\"},\"sameAs\":[\"https:\\\/\\\/www.facebook.com\\\/barcelonacapitalnautica\",\"https:\\\/\\\/x.com\\\/bcnautica\",\"https:\\\/\\\/www.instagram.com\\\/bcnautica\\\/\",\"https:\\\/\\\/www.linkedin.com\\\/company\\\/barcelona-capital-nautica\"]}]}<\/script>\n<!-- \/ Yoast SEO plugin. -->","yoast_head_json":{"title":"Regatas - Barcelona Capital N\u00e0utica","description":"Barcelona y Catalu\u00f1a acumulan un recorrido de grandes experiencias, marcado por memorables mitos y logros deportivos de la vela de competici\u00f3n.","robots":{"index":"index","follow":"follow","max-snippet":"max-snippet:-1","max-image-preview":"max-image-preview:large","max-video-preview":"max-video-preview:-1"},"canonical":"https:\/\/www.barcelonacapitalnautica.org\/es\/deporte\/regatas\/","og_locale":"es_ES","og_type":"article","og_title":"Regatas - Barcelona Capital N\u00e0utica","og_description":"Barcelona y Catalu\u00f1a acumulan un recorrido de grandes experiencias, marcado por memorables mitos y logros deportivos de la vela de competici\u00f3n.","og_url":"https:\/\/www.barcelonacapitalnautica.org\/es\/deporte\/regatas\/","og_site_name":"Barcelona Capital N\u00e0utica","article_publisher":"https:\/\/www.facebook.com\/barcelonacapitalnautica","article_modified_time":"2025-05-09T10:12:20+00:00","og_image":[{"width":1500,"height":1000,"url":"https:\/\/www.barcelonacapitalnautica.org\/wp-content\/uploads\/2023\/04\/2022solomed_DSC05470.jpg","type":"image\/jpeg"}],"twitter_card":"summary_large_image","twitter_site":"@bcnautica","twitter_misc":{"Tiempo de lectura":"10 minutos"},"schema":{"@context":"https:\/\/schema.org","@graph":[{"@type":"WebPage","@id":"https:\/\/www.barcelonacapitalnautica.org\/es\/deporte\/regatas\/","url":"https:\/\/www.barcelonacapitalnautica.org\/es\/deporte\/regatas\/","name":"Regatas - Barcelona Capital N\u00e0utica","isPartOf":{"@id":"https:\/\/www.barcelonacapitalnautica.org\/es\/#website"},"primaryImageOfPage":{"@id":"https:\/\/www.barcelonacapitalnautica.org\/es\/deporte\/regatas\/#primaryimage"},"image":{"@id":"https:\/\/www.barcelonacapitalnautica.org\/es\/deporte\/regatas\/#primaryimage"},"thumbnailUrl":"https:\/\/www.barcelonacapitalnautica.org\/wp-content\/uploads\/2023\/04\/2022solomed_DSC05470.jpg","datePublished":"2023-05-01T23:00:00+00:00","dateModified":"2025-05-09T10:12:20+00:00","description":"Barcelona y Catalu\u00f1a acumulan un recorrido de grandes experiencias, marcado por memorables mitos y logros deportivos de la vela de competici\u00f3n.","breadcrumb":{"@id":"https:\/\/www.barcelonacapitalnautica.org\/es\/deporte\/regatas\/#breadcrumb"},"inLanguage":"es","potentialAction":[{"@type":"ReadAction","target":["https:\/\/www.barcelonacapitalnautica.org\/es\/deporte\/regatas\/"]}]},{"@type":"ImageObject","inLanguage":"es","@id":"https:\/\/www.barcelonacapitalnautica.org\/es\/deporte\/regatas\/#primaryimage","url":"https:\/\/www.barcelonacapitalnautica.org\/wp-content\/uploads\/2023\/04\/2022solomed_DSC05470.jpg","contentUrl":"https:\/\/www.barcelonacapitalnautica.org\/wp-content\/uploads\/2023\/04\/2022solomed_DSC05470.jpg","width":1500,"height":1000,"caption":"Solo Med 2022"},{"@type":"BreadcrumbList","@id":"https:\/\/www.barcelonacapitalnautica.org\/es\/deporte\/regatas\/#breadcrumb","itemListElement":[{"@type":"ListItem","position":1,"name":"Inici","item":"https:\/\/www.barcelonacapitalnautica.org\/es\/"},{"@type":"ListItem","position":2,"name":"Deporte","item":"https:\/\/www.barcelonacapitalnautica.org\/es\/deporte\/"},{"@type":"ListItem","position":3,"name":"Regatas"}]},{"@type":"WebSite","@id":"https:\/\/www.barcelonacapitalnautica.org\/es\/#website","url":"https:\/\/www.barcelonacapitalnautica.org\/es\/","name":"Barcelona Capital N\u00e0utica","description":"Barcelona Capital N\u00e0utica","publisher":{"@id":"https:\/\/www.barcelonacapitalnautica.org\/es\/#organization"},"alternateName":"BCN\u00e0utica, FBCN","potentialAction":[{"@type":"SearchAction","target":{"@type":"EntryPoint","urlTemplate":"https:\/\/www.barcelonacapitalnautica.org\/es\/?s={search_term_string}"},"query-input":{"@type":"PropertyValueSpecification","valueRequired":true,"valueName":"search_term_string"}}],"inLanguage":"es"},{"@type":"Organization","@id":"https:\/\/www.barcelonacapitalnautica.org\/es\/#organization","name":"Barcelona Capital N\u00e0utica","alternateName":"Fundaci\u00f3 Barcelona Capital N\u00e0utica","url":"https:\/\/www.barcelonacapitalnautica.org\/es\/","logo":{"@type":"ImageObject","inLanguage":"es","@id":"https:\/\/www.barcelonacapitalnautica.org\/es\/#\/schema\/logo\/image\/","url":"https:\/\/www.barcelonacapitalnautica.org\/wp-content\/uploads\/2023\/03\/Logo-blau.svg","contentUrl":"https:\/\/www.barcelonacapitalnautica.org\/wp-content\/uploads\/2023\/03\/Logo-blau.svg","width":200,"height":58,"caption":"Barcelona Capital N\u00e0utica"},"image":{"@id":"https:\/\/www.barcelonacapitalnautica.org\/es\/#\/schema\/logo\/image\/"},"sameAs":["https:\/\/www.facebook.com\/barcelonacapitalnautica","https:\/\/x.com\/bcnautica","https:\/\/www.instagram.com\/bcnautica\/","https:\/\/www.linkedin.com\/company\/barcelona-capital-nautica"]}]}},"uagb_featured_image_src":{"full":["https:\/\/www.barcelonacapitalnautica.org\/wp-content\/uploads\/2023\/04\/2022solomed_DSC05470.jpg",1500,1000,false],"thumbnail":["https:\/\/www.barcelonacapitalnautica.org\/wp-content\/uploads\/2023\/04\/2022solomed_DSC05470-380x253.jpg",380,253,true],"medium":["https:\/\/www.barcelonacapitalnautica.org\/wp-content\/uploads\/2023\/04\/2022solomed_DSC05470-560x373.jpg",560,373,true],"medium_large":["https:\/\/www.barcelonacapitalnautica.org\/wp-content\/uploads\/2023\/04\/2022solomed_DSC05470-768x512.jpg",768,512,true],"large":["https:\/\/www.barcelonacapitalnautica.org\/wp-content\/uploads\/2023\/04\/2022solomed_DSC05470-900x600.jpg",900,600,true],"1536x1536":["https:\/\/www.barcelonacapitalnautica.org\/wp-content\/uploads\/2023\/04\/2022solomed_DSC05470.jpg",1500,1000,false],"2048x2048":["https:\/\/www.barcelonacapitalnautica.org\/wp-content\/uploads\/2023\/04\/2022solomed_DSC05470.jpg",1500,1000,false]},"uagb_author_info":{"display_name":"Barcelona Capital N\u00e0utica","author_link":"https:\/\/www.barcelonacapitalnautica.org\/es\/author\/fbcn_admin\/"},"uagb_comment_info":0,"uagb_excerpt":"Regates L&#8217;estela d&#8217;una gran hist\u00f2ria Not\u00edcies sobre regates","ticketed":false,"_links":{"self":[{"href":"https:\/\/www.barcelonacapitalnautica.org\/es\/wp-json\/wp\/v2\/pages\/258260","targetHints":{"allow":["GET"]}}],"collection":[{"href":"https:\/\/www.barcelonacapitalnautica.org\/es\/wp-json\/wp\/v2\/pages"}],"about":[{"href":"https:\/\/www.barcelonacapitalnautica.org\/es\/wp-json\/wp\/v2\/types\/page"}],"author":[{"embeddable":true,"href":"https:\/\/www.barcelonacapitalnautica.org\/es\/wp-json\/wp\/v2\/users\/1"}],"replies":[{"embeddable":true,"href":"https:\/\/www.barcelonacapitalnautica.org\/es\/wp-json\/wp\/v2\/comments?post=258260"}],"version-history":[{"count":29,"href":"https:\/\/www.barcelonacapitalnautica.org\/es\/wp-json\/wp\/v2\/pages\/258260\/revisions"}],"predecessor-version":[{"id":272162,"href":"https:\/\/www.barcelonacapitalnautica.org\/es\/wp-json\/wp\/v2\/pages\/258260\/revisions\/272162"}],"up":[{"embeddable":true,"href":"https:\/\/www.barcelonacapitalnautica.org\/es\/wp-json\/wp\/v2\/pages\/258245"}],"wp:featuredmedia":[{"embeddable":true,"href":"https:\/\/www.barcelonacapitalnautica.org\/es\/wp-json\/wp\/v2\/media\/256699"}],"wp:attachment":[{"href":"https:\/\/www.barcelonacapitalnautica.org\/es\/wp-json\/wp\/v2\/media?parent=258260"}],"curies":[{"name":"wp","href":"https:\/\/api.w.org\/{rel}","templated":true}]}}