{"id":265320,"date":"2024-02-20T11:09:30","date_gmt":"2024-02-20T10:09:30","guid":{"rendered":"https:\/\/www.barcelonacapitalnautica.org\/?page_id=265320"},"modified":"2025-07-09T19:48:43","modified_gmt":"2025-07-09T17:48:43","slug":"oceanos","status":"publish","type":"page","link":"https:\/\/www.barcelonacapitalnautica.org\/es\/sostenibilidad-e-innovacion\/oceanos\/","title":{"rendered":"La D\u00e9cada del Oc\u00e9ano"},"content":{"rendered":"\n<div class=\"wp-block-cover alignfull has-parallax wp-duotone-unset-1\" style=\"padding-top:40px;padding-right:40px;padding-bottom:40px;padding-left:40px;min-height:555px;aspect-ratio:unset;\" id=\"rcsailing\"><span aria-hidden=\"true\" class=\"wp-block-cover__background has-background-dim-20 has-background-dim\" style=\"background-color:#000000\"><\/span><div class=\"wp-block-cover__image-background wp-image-265242 has-parallax\" style=\"background-position:50% 50%;background-image:url(https:\/\/www.barcelonacapitalnautica.org\/wp-content\/uploads\/2024\/03\/Southern-Ocean-scaled.jpg)\"><\/div><div class=\"wp-block-cover__inner-container is-layout-flow wp-block-cover-is-layout-flow\">\n<div class=\"wp-block-uagb-image uagb-block-1c6d73d6 wp-block-uagb-image--layout-default wp-block-uagb-image--effect-static wp-block-uagb-image--align-none\"><figure class=\"wp-block-uagb-image__figure\"><img decoding=\"async\" srcset=\"https:\/\/www.barcelonacapitalnautica.org\/wp-content\/uploads\/2025\/07\/SPANISH_COLOUR_WHITE-01-380x249.png ,https:\/\/www.barcelonacapitalnautica.org\/wp-content\/uploads\/2025\/07\/SPANISH_COLOUR_WHITE-01.png 780w, https:\/\/www.barcelonacapitalnautica.org\/wp-content\/uploads\/2025\/07\/SPANISH_COLOUR_WHITE-01.png 360w\" sizes=\"auto, (max-width: 480px) 150px\" src=\"https:\/\/www.barcelonacapitalnautica.org\/wp-content\/uploads\/2025\/07\/SPANISH_COLOUR_WHITE-01-380x249.png\" alt=\"\" class=\"uag-image-272946\" width=\"380\" height=\"249\" title=\"SPANISH_COLOUR_WHITE-01\" loading=\"lazy\" role=\"img\"\/><\/figure><\/div>\n\n\n\n<div class=\"wp-block-uagb-container uagb-block-6a4c07d0 alignfull uagb-is-root-container\"><div class=\"uagb-container-inner-blocks-wrap\">\n<div class=\"wp-block-uagb-info-box uagb-block-3d326010 uagb-infobox__content-wrap  uagb-infobox-icon-above-title uagb-infobox-image-valign-top\"><div class=\"uagb-ifb-content\"><div class=\"uagb-ifb-title-wrap\"><h2 class=\"uagb-ifb-title\"><strong>Barcelona, capital de los oc\u00e9anos<\/strong><\/h2><\/div><p class=\"uagb-ifb-desc\">Barcelona ha sido la sede de la cumbre mundial del decenio de los oc\u00e9anos, dentro del programa \u00abLa D\u00e9cada del Oc\u00e9ano\u00bb de las Naciones Unidas del 8 al 12 de abril.<\/p><div class=\"uagb-ifb-button-wrapper wp-block-button\"><a href=\"https:\/\/www.barcelonacapitalnautica.org\/wp-content\/uploads\/2024\/04\/2024_Ocean_Decade_Conference_-_Barcelona_Statement.pdf\" class=\"uagb-infobox-cta-link wp-block-button__link\" target=\"_self\" rel=\"noopener noreferrer\" onclick=\"return true;\"><span class=\"uagb-inline-editing\">declaraci\u00f3n de barcelona<\/span><\/a><\/div><\/div><\/div>\n<\/div><\/div>\n<\/div><\/div>\n\n\n\n<div id=\"introduccio\" class=\"wp-block-uagb-container uagb-block-09ab738d alignfull uagb-is-root-container\"><div class=\"uagb-container-inner-blocks-wrap\">\n<div class=\"wp-block-uagb-container uagb-block-91337114\">\n<div class=\"wp-block-uagb-info-box uagb-block-d9b8046f uagb-infobox__content-wrap  uagb-infobox-icon-above-title uagb-infobox-image-valign-top\"><div class=\"uagb-ifb-content\"><div class=\"uagb-ifb-title-wrap\"><h3 class=\"uagb-ifb-title\">Conferencia de la D\u00e9cada del Oc\u00e9ano<\/h3><\/div><p class=\"uagb-ifb-desc\">La conferencia se ha celebrado del 8 al 12 de abril. Ha sido un congreso cient\u00edfico con alto nivel institucional y con la participaci\u00f3n de todas las administraciones del estado y de los agentes clave del \u00e1mbito cient\u00edfico y social. La UNESCO ha adjudicado la organizaci\u00f3n a la ciudad de Barcelona y el Ayuntamiento ha designado a la<strong> FBCN como organizadora.<\/strong><\/p><div class=\"uagb-ifb-button-wrapper wp-block-button\"><a href=\"https:\/\/oceandecade.org\/es\/\" class=\"uagb-infobox-cta-link wp-block-button__link\" target=\"_blank\" rel=\"noopener noreferrer\" onclick=\"return true;\"><span class=\"uagb-inline-editing\">web de la conferEncia<\/span><svg xmlns=\"https:\/\/www.w3.org\/2000\/svg\" viewBox=\"0 0 512 512\"><path d=\"M504.3 273.6l-112.1 104c-6.992 6.484-17.18 8.218-25.94 4.406c-8.758-3.812-14.42-12.45-14.42-21.1L351.9 288H32C14.33 288 .0002 273.7 .0002 255.1S14.33 224 32 224h319.9l0-72c0-9.547 5.66-18.19 14.42-22c8.754-3.809 18.95-2.075 25.94 4.41l112.1 104C514.6 247.9 514.6 264.1 504.3 273.6z\"><\/path><\/svg><\/a><\/div><\/div><\/div>\n<\/div>\n\n\n\n<div class=\"wp-block-uagb-container uagb-block-87d3177d\">\n<figure class=\"wp-block-embed is-type-video is-provider-youtube wp-block-embed-youtube wp-embed-aspect-16-9 wp-has-aspect-ratio\"><div class=\"wp-block-embed__wrapper\">\n<iframe loading=\"lazy\" title=\"2024 Ocean Decade Conference - Highlights (long)\" width=\"500\" height=\"281\" src=\"https:\/\/www.youtube.com\/embed\/ZQDudk64P-I?feature=oembed\" frameborder=\"0\" allow=\"accelerometer; autoplay; clipboard-write; encrypted-media; gyroscope; picture-in-picture; web-share\" referrerpolicy=\"strict-origin-when-cross-origin\" allowfullscreen><\/iframe>\n<\/div><\/figure>\n<\/div>\n<\/div><\/div>\n\n\n\n<div id=\"activitats-destacades\" class=\"wp-block-uagb-container uagb-block-2a15cf2f alignfull uagb-is-root-container\"><div class=\"uagb-container-inner-blocks-wrap\">\n<div class=\"wp-block-uagb-advanced-heading uagb-block-e14dcedc\"><h2 class=\"uagb-heading-text\">Te recomendamos:<\/h2><\/div>\n<\/div><\/div>\n\n\n\n<div id=\"mesas-redondas\" class=\"wp-block-uagb-container uagb-block-58d81e5c alignfull uagb-is-root-container\"><div class=\"uagb-container-inner-blocks-wrap\">\n<div class=\"wp-block-uagb-container uagb-block-65df0a7a\">\n<div class=\"wp-block-uagb-info-box uagb-block-6d35071c uagb-infobox__content-wrap  uagb-infobox-icon-left-title uagb-infobox-left uagb-infobox-image-valign-top\"><div class=\"uagb-ifb-content\"><div class=\"uagb-ifb-left-title-image\"><div class=\"uagb-ifb-title-wrap\"><span class=\"uagb-ifb-title-prefix\">Jornada 9 de abril<\/span><h2 class=\"uagb-ifb-title\"><strong>Conservaci\u00f3n y protecci\u00f3n de los oc\u00e9anos. Una responsabilidad compartida<\/strong><\/h2><\/div><\/div><p class=\"uagb-ifb-desc\">A trav\u00e9s de <strong>dos mesas redondas<\/strong> con expertos y agentes del cambio para explorar soluciones innovadoras y colaborativas para abordar los retos cr\u00edticos que enfrentan a nuestros oc\u00e9anos.<br><br><strong>Organiza<\/strong>: Fundaci\u00f3 Barcelona Capital N\u00e0utica (FBCN) y Barcelona Global (BG)&nbsp;<br><strong>Ubicaci\u00f3n<\/strong>: Espai Mestral, Port ol\u00edmpic de Barcelona<br><strong>Fecha: <\/strong>9 abril de 16h a 18.30h<\/p><\/div><\/div>\n<\/div>\n\n\n\n<div class=\"wp-block-uagb-container uagb-block-2fd1a3ca\">\n<div class=\"wp-block-uagb-image uagb-block-9b3db82a wp-block-uagb-image--layout-default wp-block-uagb-image--effect-static wp-block-uagb-image--align-none\"><figure class=\"wp-block-uagb-image__figure\"><img decoding=\"async\" srcset=\"https:\/\/www.barcelonacapitalnautica.org\/wp-content\/uploads\/2024\/03\/Destacat_Esdeveniment_Oceans.png ,https:\/\/www.barcelonacapitalnautica.org\/wp-content\/uploads\/2024\/03\/Destacat_Esdeveniment_Oceans.png 780w, https:\/\/www.barcelonacapitalnautica.org\/wp-content\/uploads\/2024\/03\/Destacat_Esdeveniment_Oceans.png 360w\" sizes=\"auto, (max-width: 480px) 150px\" src=\"https:\/\/www.barcelonacapitalnautica.org\/wp-content\/uploads\/2024\/03\/Destacat_Esdeveniment_Oceans.png\" alt=\"\" class=\"uag-image-265116\" width=\"400\" height=\"420\" title=\"Destacat_Esdeveniment_Oceans\" loading=\"lazy\" role=\"img\"\/><\/figure><\/div>\n\n\n\n<div class=\"wp-block-uagb-buttons uagb-buttons__outer-wrap uagb-btn__default-btn uagb-btn-tablet__default-btn uagb-btn-mobile__default-btn uagb-block-013774d3\"><div class=\"uagb-buttons__wrap uagb-buttons-layout-wrap \">\n<div class=\"wp-block-uagb-buttons-child uagb-buttons__outer-wrap uagb-block-980b8a3a wp-block-button\"><div class=\"uagb-button__wrapper\"><a class=\"uagb-buttons-repeater wp-block-button__link\" aria-label=\"\" href=\"https:\/\/docs.google.com\/document\/d\/13f5lRYP0rYrlBHACJzwliBgTL3ceCo2E\/edit?usp=sharing&amp;ouid=108801993119718248942&amp;rtpof=true&amp;sd=true\" rel=\"follow noopener\" target=\"_blank\" role=\"button\"><div class=\"uagb-button__link\">programa de la jornada<\/div><\/a><\/div><\/div>\n\n\n\n<div class=\"wp-block-uagb-buttons-child uagb-buttons__outer-wrap uagb-block-16df8b9a wp-block-button\"><div class=\"uagb-button__wrapper\"><a class=\"uagb-buttons-repeater wp-block-button__link\" aria-label=\"\" href=\"https:\/\/docs.google.com\/forms\/d\/e\/1FAIpQLSf1-WBTFxeSBbA4TT2vYd2Q10qr6VypB3tNIo5rljALZcFLoQ\/viewform\" rel=\"follow noopener\" target=\"_blank\" role=\"button\"><div class=\"uagb-button__link\">\u00a1inscr\u00edbete!<\/div><\/a><\/div><\/div>\n<\/div><\/div>\n<\/div>\n<\/div><\/div>\n\n\n\n<div id=\"exposicio\" class=\"wp-block-uagb-container uagb-block-e2e09a30 alignfull uagb-is-root-container\"><div class=\"uagb-container-inner-blocks-wrap\">\n<figure class=\"wp-block-embed is-type-video is-provider-youtube wp-block-embed-youtube wp-embed-aspect-16-9 wp-has-aspect-ratio\"><div class=\"wp-block-embed__wrapper\">\n<iframe loading=\"lazy\" title=\"Exposici\u00f3 &quot;Parlem del mar per parlar de nosaltres&quot;\" width=\"500\" height=\"281\" src=\"https:\/\/www.youtube.com\/embed\/1WSSSXA0cj0?feature=oembed\" frameborder=\"0\" allow=\"accelerometer; autoplay; clipboard-write; encrypted-media; gyroscope; picture-in-picture; web-share\" referrerpolicy=\"strict-origin-when-cross-origin\" allowfullscreen><\/iframe>\n<\/div><\/figure>\n\n\n\n<div class=\"wp-block-uagb-info-box uagb-block-c7e5dadf uagb-infobox__content-wrap  uagb-infobox-icon-above-title uagb-infobox-image-valign-top\"><div class=\"uagb-ifb-content\"><div class=\"uagb-ifb-title-wrap\"><span class=\"uagb-ifb-title-prefix\"><strong>\u00abHablamos del mar para hablar de nosotros\u00bb<\/strong><\/span><h2 class=\"uagb-ifb-title\">\u00a1La exposici\u00f3n que no te puedes perdre!<\/h2><\/div><p class=\"uagb-ifb-desc\">\u00c9sta es una muestra que utiliza el mar como pretexto para hablar de la cultura del mar, su tradici\u00f3n, los deportes n\u00e1uticos, la tecnolog\u00eda y la innovaci\u00f3n, la sostenibilidad y la Copa Am\u00e9rica y su legado. La muestra busca posicionar a Catalu\u00f1a como referente n\u00e1utico a nivel nacional e internacional y acercar el mar a los ciudadanos y ciudadanas de Catalu\u00f1a.<br><br><strong>Del 6 al 12 de abril en el Port Ol\u00edmpic. \u00a1Acceso gratuito!<\/strong><\/p><div class=\"uagb-ifb-button-wrapper wp-block-button\"><a href=\"https:\/\/www.barcelonacapitalnautica.org\/es\/exposicion\/\" class=\"uagb-infobox-cta-link wp-block-button__link\" target=\"_self\" rel=\"noopener noreferrer\" onclick=\"return true;\"><span class=\"uagb-inline-editing\">web de la exposici\u00f3n<\/span><\/a><\/div><\/div><\/div>\n<\/div><\/div>\n\n\n\n<div id=\"exposicio-fotos\" class=\"wp-block-uagb-container uagb-block-8255b920 alignfull uagb-is-root-container\"><div class=\"uagb-container-inner-blocks-wrap\">\n<div class=\"wp-block-uagb-container uagb-block-9b46877c\">\n<div class=\"wp-block-uagb-info-box uagb-block-943b0ee7 uagb-infobox__content-wrap  uagb-infobox-icon-left-title uagb-infobox-left uagb-infobox-image-valign-top\"><div class=\"uagb-ifb-content\"><div class=\"uagb-ifb-left-title-image\"><div class=\"uagb-ifb-title-wrap\"><span class=\"uagb-ifb-title-prefix\">Exposici\u00f3n<\/span><h2 class=\"uagb-ifb-title\">Las fotografias de mar ganadoras<\/h2><\/div><\/div><p class=\"uagb-ifb-desc\">Ya tenemos a los ganadores del concurso internacional de fotograf\u00eda organizado con Agora Awards bajo el lema \u00abUn mar abierto a todo el mundo\u00bb.<br><br>Y del 5 al 25 de abril podr\u00e1 ver las fotograf\u00edas ganadoras del 1r premio internacional y del 1r premio de Cataluny, as\u00ed como una selecci\u00f3n de las finalistas en la sala de exposiciones de Can Serra Diputaci\u00f3.<br><br><strong>Del 5 al 25 de abril en Can Serra Diputaci\u00f3. \u00a1Acceso gratuito!<\/strong><\/p><div class=\"uagb-ifb-button-wrapper wp-block-button\"><a href=\"https:\/\/www.barcelonacapitalnautica.org\/es\/cultura\/exposicion-de-fotografias\/\" class=\"uagb-infobox-cta-link wp-block-button__link\" target=\"_blank\" rel=\"noopener noreferrer\" onclick=\"return true;\"><span class=\"uagb-inline-editing\">exposici\u00f3n de fotograf\u00edas<\/span><\/a><\/div><\/div><\/div>\n<\/div>\n\n\n\n<div class=\"wp-block-uagb-image uagb-block-d4682399 wp-block-uagb-image--layout-default wp-block-uagb-image--effect-static wp-block-uagb-image--align-none\"><figure class=\"wp-block-uagb-image__figure\"><img decoding=\"async\" srcset=\"https:\/\/www.barcelonacapitalnautica.org\/wp-content\/uploads\/2024\/02\/Destacat-Concurs-foto_es.png ,https:\/\/www.barcelonacapitalnautica.org\/wp-content\/uploads\/2024\/02\/Destacat-Concurs-foto_es.png 780w, https:\/\/www.barcelonacapitalnautica.org\/wp-content\/uploads\/2024\/02\/Destacat-Concurs-foto_es.png 360w\" sizes=\"auto, (max-width: 480px) 150px\" src=\"https:\/\/www.barcelonacapitalnautica.org\/wp-content\/uploads\/2024\/02\/Destacat-Concurs-foto_es.png\" alt=\"\" class=\"uag-image-264113\" width=\"560\" height=\"420\" title=\"Destacat - Concurs foto_es\" loading=\"lazy\" role=\"img\"\/><\/figure><\/div>\n<\/div><\/div>\n\n\n\n<div id=\"salvamars\" class=\"wp-block-uagb-container uagb-block-5bd939fe alignfull uagb-is-root-container\"><div class=\"uagb-container-inner-blocks-wrap\">\n<figure class=\"wp-block-embed is-type-video is-provider-youtube wp-block-embed-youtube wp-embed-aspect-16-9 wp-has-aspect-ratio\"><div class=\"wp-block-embed__wrapper\">\n<iframe loading=\"lazy\" title=\"Espectacle familiar SalvaMars Cirkus\" width=\"500\" height=\"281\" src=\"https:\/\/www.youtube.com\/embed\/czMW6u6xxa4?feature=oembed\" frameborder=\"0\" allow=\"accelerometer; autoplay; clipboard-write; encrypted-media; gyroscope; picture-in-picture; web-share\" referrerpolicy=\"strict-origin-when-cross-origin\" allowfullscreen><\/iframe>\n<\/div><\/figure>\n\n\n\n<div class=\"wp-block-uagb-container uagb-block-c1bde6c9\">\n<div class=\"wp-block-uagb-info-box uagb-block-444eb3a6 uagb-infobox__content-wrap  uagb-infobox-icon-left-title uagb-infobox-left uagb-infobox-image-valign-top\"><div class=\"uagb-ifb-content\"><div class=\"uagb-ifb-left-title-image\"><div class=\"uagb-ifb-image-content\"><img decoding=\"async\" src=\"https:\/\/www.barcelonacapitalnautica.org\/wp-content\/uploads\/2023\/08\/Logo-rodo-EM-formats-grans-352x352-1.jpg\" alt=\"\" width=\"96\" height=\"96\" loading=\"lazy\"\/><\/div><div class=\"uagb-ifb-title-wrap\"><span class=\"uagb-ifb-title-prefix\">Espect\u00e1culo familar<\/span><h2 class=\"uagb-ifb-title\">SalvaMars Cirkus<\/h2><\/div><\/div><p class=\"uagb-ifb-desc\">SalvaMars Cirkus es un&nbsp;espect\u00e1culo teatral&nbsp;para todos los p\u00fablicos que muestra la vida en el mar y sus amenazas en clave c\u00f3mica, teatro gestual, imaginaci\u00f3n y surrealismo. Con una espectacular carpa de circo marino como escenograf\u00eda y acompa\u00f1ado, por un lado, sonoro original de m\u00fasica cl\u00e1sica, una pareja de payasos hacen pensar de forma divertida en los problemas generados en el mar por los pl\u00e1sticos, la industrializaci\u00f3n y el cambio clim\u00e1tico.<br><br><strong>Domingo 7 de abril a las 12:30 h en el Port Ol\u00edmpic de Barcelona. \u00a1Acceso gratuito!<\/strong><\/p><div class=\"uagb-ifb-button-wrapper wp-block-button\"><a href=\"https:\/\/empordamar.com\/espectacles\/\" class=\"uagb-infobox-cta-link wp-block-button__link\" target=\"_blank\" rel=\"noopener noreferrer\" onclick=\"return true;\"><span class=\"uagb-inline-editing\">visita el web<\/span><svg xmlns=\"https:\/\/www.w3.org\/2000\/svg\" viewBox=\"0 0 512 512\"><path d=\"M502.6 278.6l-128 128c-12.51 12.51-32.76 12.49-45.25 0c-12.5-12.5-12.5-32.75 0-45.25L402.8 288H32C14.31 288 0 273.7 0 255.1S14.31 224 32 224h370.8l-73.38-73.38c-12.5-12.5-12.5-32.75 0-45.25s32.75-12.5 45.25 0l128 128C515.1 245.9 515.1 266.1 502.6 278.6z\"><\/path><\/svg><\/a><\/div><\/div><\/div>\n<\/div>\n<\/div><\/div>\n\n\n\n<div class=\"wp-block-uagb-container uag-hide-desktop uag-hide-tab uag-hide-mob uagb-block-4a91b7ed alignfull uagb-is-root-container\"><div class=\"uagb-container-inner-blocks-wrap\">\n<div class=\"wp-block-uagb-container uagb-block-52094aa1\">\n<div class=\"wp-block-uagb-advanced-heading uagb-block-6fc2a8a8\"><h2 class=\"uagb-heading-text\">Otras actividades&#8230;<\/h2><\/div>\n<\/div>\n\n\n\n<div class=\"wp-block-uagb-container uagb-block-98d65b94\">\n<div class=\"wp-block-uagb-buttons uagb-buttons__outer-wrap uagb-btn__default-btn uagb-btn-tablet__default-btn uagb-btn-mobile__default-btn uagb-block-9f43925d\"><div class=\"uagb-buttons__wrap uagb-buttons-layout-wrap \">\n<div class=\"wp-block-uagb-buttons-child uagb-buttons__outer-wrap uagb-block-5c2c8883 wp-block-button\"><div class=\"uagb-button__wrapper\"><a class=\"uagb-buttons-repeater wp-block-button__link\" aria-label=\"\" href=\"#\" rel=\"follow noopener\" target=\"_self\" role=\"button\"><div class=\"uagb-button__link\">cultura<\/div><\/a><\/div><\/div>\n\n\n\n<div class=\"wp-block-uagb-buttons-child uagb-buttons__outer-wrap uagb-block-0e1064c9 wp-block-button\"><div class=\"uagb-button__wrapper\"><a class=\"uagb-buttons-repeater wp-block-button__link\" aria-label=\"\" href=\"#\" rel=\"follow noopener\" target=\"_self\" role=\"button\"><div class=\"uagb-button__link\">divulgaci\u00f3n<\/div><\/a><\/div><\/div>\n<\/div><\/div>\n<\/div>\n\n\n\n<div class=\"wp-block-uagb-image uagb-block-f7d64629 wp-block-uagb-image--layout-default wp-block-uagb-image--effect-static wp-block-uagb-image--align-none\"><figure class=\"wp-block-uagb-image__figure\"><\/figure><\/div>\n<\/div><\/div>\n\n\n\n<div id=\"mapa\" class=\"wp-block-uagb-container uagb-block-90ef0d87 alignfull uagb-is-root-container\"><div class=\"uagb-container-inner-blocks-wrap\">\n<div class=\"wp-block-uagb-advanced-heading uagb-block-a993a650\"><h2 class=\"uagb-heading-text\">Ubicaci\u00f3n de los eventos<\/h2><\/div>\n\n\n\n<p class=\"has-ast-global-color-0-color has-text-color has-link-color wp-elements-53488b93c1f4331bdb7855d80f863c94\" style=\"font-size:17px\">Entre el 8 y 9 de abril se han celebrado a Barcelona eventos paralelos abiertos a todo el p\u00fablico. \u00a1Aqu\u00ed pod\u00e9is encontrar las localizaciones! <\/p>\n\n\n\n<div class=\"wp-block-uagb-image aligncenter uagb-block-1e687213 wp-block-uagb-image--layout-default wp-block-uagb-image--effect-static wp-block-uagb-image--align-center\"><figure class=\"wp-block-uagb-image__figure\"><img decoding=\"async\" srcset=\"https:\/\/www.barcelonacapitalnautica.org\/wp-content\/uploads\/2024\/03\/OD2024-Satellite-Events-Map.png ,https:\/\/www.barcelonacapitalnautica.org\/wp-content\/uploads\/2024\/03\/OD2024-Satellite-Events-Map.png 780w, https:\/\/www.barcelonacapitalnautica.org\/wp-content\/uploads\/2024\/03\/OD2024-Satellite-Events-Map.png 360w\" sizes=\"auto, (max-width: 480px) 150px\" src=\"https:\/\/www.barcelonacapitalnautica.org\/wp-content\/uploads\/2024\/03\/OD2024-Satellite-Events-Map.png\" alt=\"\" class=\"uag-image-265282\" width=\"2020\" height=\"1250\" title=\"OD2024-Satellite-Events-Map\" loading=\"lazy\" role=\"img\"\/><\/figure><\/div>\n<\/div><\/div>\n\n\n\n<div id=\"noticies\" class=\"wp-block-uagb-container uagb-block-ea698d57 alignfull uagb-is-root-container\"><div class=\"uagb-container-inner-blocks-wrap\">\n<div class=\"wp-block-uagb-advanced-heading uagb-block-671578d8\"><h2 class=\"uagb-heading-text\">Noticias sobre el congreso<\/h2><\/div>\n\n\n\n\t\t\t<div class=\"wp-block-uagb-post-carousel uagb-post-grid  uagb-post__image-position-top uagb-post__image-enabled uagb-block-54db39cd     uagb-post__arrow-outside uagb-slick-carousel uagb-post__items uagb-post__columns-3 is-carousel uagb-post__columns-tablet-2 uagb-post__columns-mobile-1 uagb-post__carousel_equal-height\" data-total=\"1\" style=\"\">\n\n\t\t\t\t\t\t\t\t\t\t\t\t<article class=\"uagb-post__inner-wrap\">\t\t\t\t\t\t\t\t<div class='uagb-post__image'>\n\t\t\t\t\t\t\t\t\t<a href=\"https:\/\/www.barcelonacapitalnautica.org\/es\/barcelona-capital-de-los-oceanos-con-la-unesco\/\" target=\"_self\" rel=\"bookmark noopener noreferrer\"><img loading=\"lazy\" decoding=\"async\" width=\"380\" height=\"147\" src=\"https:\/\/www.barcelonacapitalnautica.org\/wp-content\/uploads\/2024\/04\/Noti_Capital-Oceans-380x147.png\" class=\"attachment-thumbnail size-thumbnail\" alt=\"\" srcset=\"https:\/\/www.barcelonacapitalnautica.org\/wp-content\/uploads\/2024\/04\/Noti_Capital-Oceans-380x147.png 380w, https:\/\/www.barcelonacapitalnautica.org\/wp-content\/uploads\/2024\/04\/Noti_Capital-Oceans-560x216.png 560w, https:\/\/www.barcelonacapitalnautica.org\/wp-content\/uploads\/2024\/04\/Noti_Capital-Oceans-900x347.png 900w, https:\/\/www.barcelonacapitalnautica.org\/wp-content\/uploads\/2024\/04\/Noti_Capital-Oceans-768x296.png 768w, https:\/\/www.barcelonacapitalnautica.org\/wp-content\/uploads\/2024\/04\/Noti_Capital-Oceans.png 1140w\" sizes=\"auto, (max-width: 380px) 100vw, 380px\" \/>\t\t\t\t\t<\/a>\n\t\t\t\t\t\t\t\t\t<\/div>\n\t\t\t\t\t\t<h3 class=\"uagb-post__title uagb-post__text\">\n\t\t\t\t<a href=\"https:\/\/www.barcelonacapitalnautica.org\/es\/barcelona-capital-de-los-oceanos-con-la-unesco\/\" target=\"_self\" rel=\"bookmark noopener noreferrer\">Barcelona, \u200b\u200bcapital de los oc\u00e9anos con la UNESCO<\/a>\n\t\t\t<\/h3>\n\t\t\t\t\t\t<div class='uagb-post__text uagb-post-grid-byline'>\n\t\t\t\t\t\t\t\t<time datetime=\"2024-04-15T16:54:36+02:00\" class=\"uagb-post__date\">\n\t\t\t\t\t\t\t\t\t15 de abril de 2024\t\t\t\t<\/time>\n\t\t\t\t\t\t\t<div class=\"uagb-post__text\">\n\t\t\t\t\t<span class='uagb-post__taxonomy'>\n\t\t\t\t\t\t\t\t\t\t\t\t<a href=\"https:\/\/www.barcelonacapitalnautica.org\/es\/tag\/castellano\/\">castellano<\/a>,&nbsp;<a href=\"https:\/\/www.barcelonacapitalnautica.org\/es\/tag\/proyectos-de-legado\/\">Proyectos de Legado<\/a>,&nbsp;<a href=\"https:\/\/www.barcelonacapitalnautica.org\/es\/tag\/sostenibilidad\/\">Sostenibilidad<\/a>,&nbsp;<a href=\"https:\/\/www.barcelonacapitalnautica.org\/es\/tag\/unesco-2\/\">UNESCO<\/a>\t\t\t\t\t<\/span>\n\t\t\t\t<\/div>\n\t\t\t\t\t\t\t<\/div>\n\t\t\t\t\t\t\t<div class='uagb-post__text uagb-post__excerpt'>\n\t\t\t\t\t<p>Esta pasada semana Barcelona se ha convertido en la capital de los oc\u00e9anos con la celebraci\u00f3n de la conferencia del Decenio del Oc\u00e9ano de la UNESCO. La conferencia cont\u00f3 con&#8230;\t\t\t\t<\/div>\n\t\t\t\n\t\t\t\t\t\t\t\t\t<\/article>\n\t\t\t\t\t\t\t\t\t\t\t\t\t\t\t\t<article class=\"uagb-post__inner-wrap\">\t\t\t\t\t\t\t\t<div class='uagb-post__image'>\n\t\t\t\t\t\t\t\t\t<a href=\"https:\/\/www.barcelonacapitalnautica.org\/es\/los-ganadores-y-la-exposicion-del-concurso-de-fotografia-un-mar-abierto-a-todo-el-mundo\/\" target=\"_self\" rel=\"bookmark noopener noreferrer\"><img loading=\"lazy\" decoding=\"async\" width=\"380\" height=\"147\" src=\"https:\/\/www.barcelonacapitalnautica.org\/wp-content\/uploads\/2024\/04\/Noti-Inauguracio_expo-380x147.png\" class=\"attachment-thumbnail size-thumbnail\" alt=\"\" srcset=\"https:\/\/www.barcelonacapitalnautica.org\/wp-content\/uploads\/2024\/04\/Noti-Inauguracio_expo-380x147.png 380w, https:\/\/www.barcelonacapitalnautica.org\/wp-content\/uploads\/2024\/04\/Noti-Inauguracio_expo-560x216.png 560w, https:\/\/www.barcelonacapitalnautica.org\/wp-content\/uploads\/2024\/04\/Noti-Inauguracio_expo-900x347.png 900w, https:\/\/www.barcelonacapitalnautica.org\/wp-content\/uploads\/2024\/04\/Noti-Inauguracio_expo-768x296.png 768w, https:\/\/www.barcelonacapitalnautica.org\/wp-content\/uploads\/2024\/04\/Noti-Inauguracio_expo.png 1140w\" sizes=\"auto, (max-width: 380px) 100vw, 380px\" \/>\t\t\t\t\t<\/a>\n\t\t\t\t\t\t\t\t\t<\/div>\n\t\t\t\t\t\t<h3 class=\"uagb-post__title uagb-post__text\">\n\t\t\t\t<a href=\"https:\/\/www.barcelonacapitalnautica.org\/es\/los-ganadores-y-la-exposicion-del-concurso-de-fotografia-un-mar-abierto-a-todo-el-mundo\/\" target=\"_self\" rel=\"bookmark noopener noreferrer\">Los ganadores y la exposici\u00f3n del concurso de fotograf\u00eda \u00abUn mar abierto a todo el mundo\u00bb<\/a>\n\t\t\t<\/h3>\n\t\t\t\t\t\t<div class='uagb-post__text uagb-post-grid-byline'>\n\t\t\t\t\t\t\t\t<time datetime=\"2024-04-05T12:30:48+02:00\" class=\"uagb-post__date\">\n\t\t\t\t\t\t\t\t\t5 de abril de 2024\t\t\t\t<\/time>\n\t\t\t\t\t\t\t<div class=\"uagb-post__text\">\n\t\t\t\t\t<span class='uagb-post__taxonomy'>\n\t\t\t\t\t\t\t\t\t\t\t\t<a href=\"https:\/\/www.barcelonacapitalnautica.org\/es\/tag\/castellano\/\">castellano<\/a>,&nbsp;<a href=\"https:\/\/www.barcelonacapitalnautica.org\/es\/tag\/cultura-2\/\">cultura<\/a>,&nbsp;<a href=\"https:\/\/www.barcelonacapitalnautica.org\/es\/tag\/expo-fotos-2\/\">Expo fotos<\/a>,&nbsp;<a href=\"https:\/\/www.barcelonacapitalnautica.org\/es\/tag\/unesco-2\/\">UNESCO<\/a>\t\t\t\t\t<\/span>\n\t\t\t\t<\/div>\n\t\t\t\t\t\t\t<\/div>\n\t\t\t\t\t\t\t<div class='uagb-post__text uagb-post__excerpt'>\n\t\t\t\t\t<p>Ayer por la tarde anunciamos las tres im\u00e1genes ganadoras del concurso internacional de fotograf\u00eda que lanzamos en febrero. Han participado a trav\u00e9s de la aplicaci\u00f3n catalana Agora Awards con cerca&#8230;\t\t\t\t<\/div>\n\t\t\t\n\t\t\t\t\t\t\t\t\t<\/article>\n\t\t\t\t\t\t\t\t\t\t\t\t\t\t\t\t<article class=\"uagb-post__inner-wrap\">\t\t\t\t\t\t\t\t<div class='uagb-post__image'>\n\t\t\t\t\t\t\t\t\t<a href=\"https:\/\/www.barcelonacapitalnautica.org\/es\/actividades-para-todos-los-publicos-durante-la-conferencia-del-decenio-del-oceano\/\" target=\"_self\" rel=\"bookmark noopener noreferrer\"><img loading=\"lazy\" decoding=\"async\" width=\"380\" height=\"147\" src=\"https:\/\/www.barcelonacapitalnautica.org\/wp-content\/uploads\/2024\/04\/Noti-Satellite_events-380x147.png\" class=\"attachment-thumbnail size-thumbnail\" alt=\"\" srcset=\"https:\/\/www.barcelonacapitalnautica.org\/wp-content\/uploads\/2024\/04\/Noti-Satellite_events-380x147.png 380w, https:\/\/www.barcelonacapitalnautica.org\/wp-content\/uploads\/2024\/04\/Noti-Satellite_events-560x216.png 560w, https:\/\/www.barcelonacapitalnautica.org\/wp-content\/uploads\/2024\/04\/Noti-Satellite_events-900x347.png 900w, https:\/\/www.barcelonacapitalnautica.org\/wp-content\/uploads\/2024\/04\/Noti-Satellite_events-768x296.png 768w, https:\/\/www.barcelonacapitalnautica.org\/wp-content\/uploads\/2024\/04\/Noti-Satellite_events.png 1140w\" sizes=\"auto, (max-width: 380px) 100vw, 380px\" \/>\t\t\t\t\t<\/a>\n\t\t\t\t\t\t\t\t\t<\/div>\n\t\t\t\t\t\t<h3 class=\"uagb-post__title uagb-post__text\">\n\t\t\t\t<a href=\"https:\/\/www.barcelonacapitalnautica.org\/es\/actividades-para-todos-los-publicos-durante-la-conferencia-del-decenio-del-oceano\/\" target=\"_self\" rel=\"bookmark noopener noreferrer\">Actividades para todos los p\u00fablicos durante la conferencia del Decenio del Oc\u00e9ano<\/a>\n\t\t\t<\/h3>\n\t\t\t\t\t\t<div class='uagb-post__text uagb-post-grid-byline'>\n\t\t\t\t\t\t\t\t<time datetime=\"2024-04-03T14:03:36+02:00\" class=\"uagb-post__date\">\n\t\t\t\t\t\t\t\t\t3 de abril de 2024\t\t\t\t<\/time>\n\t\t\t\t\t\t\t<div class=\"uagb-post__text\">\n\t\t\t\t\t<span class='uagb-post__taxonomy'>\n\t\t\t\t\t\t\t\t\t\t\t\t<a href=\"https:\/\/www.barcelonacapitalnautica.org\/es\/tag\/castellano\/\">castellano<\/a>,&nbsp;<a href=\"https:\/\/www.barcelonacapitalnautica.org\/es\/tag\/catala-es\/\">catal\u00e0<\/a>,&nbsp;<a href=\"https:\/\/www.barcelonacapitalnautica.org\/es\/tag\/cultura-2\/\">cultura<\/a>,&nbsp;<a href=\"https:\/\/www.barcelonacapitalnautica.org\/es\/tag\/sostenibilidad\/\">Sostenibilidad<\/a>,&nbsp;<a href=\"https:\/\/www.barcelonacapitalnautica.org\/es\/tag\/unesco-2\/\">UNESCO<\/a>\t\t\t\t\t<\/span>\n\t\t\t\t<\/div>\n\t\t\t\t\t\t\t<\/div>\n\t\t\t\t\t\t\t<div class='uagb-post__text uagb-post__excerpt'>\n\t\t\t\t\t<p>Del 10 al 12 de abril, Barcelona acoger\u00e1 la Conferencia del Decenio del Oc\u00e9ano, un congreso cient\u00edfico de gran relevancia con la destacada participaci\u00f3n de las principales autoridades estatales y&#8230;\t\t\t\t<\/div>\n\t\t\t\n\t\t\t\t\t\t\t\t\t<\/article>\n\t\t\t\t\t\t\t\t\t\t\t\t\t\t\t\t<article class=\"uagb-post__inner-wrap\">\t\t\t\t\t\t\t\t<div class='uagb-post__image'>\n\t\t\t\t\t\t\t\t\t<a href=\"https:\/\/www.barcelonacapitalnautica.org\/es\/participamos-en-el-ocean-decade-week\/\" target=\"_self\" rel=\"bookmark noopener noreferrer\"><img loading=\"lazy\" decoding=\"async\" width=\"380\" height=\"147\" src=\"https:\/\/www.barcelonacapitalnautica.org\/wp-content\/uploads\/2024\/03\/Noti-OceanWeek-380x147.png\" class=\"attachment-thumbnail size-thumbnail\" alt=\"\" srcset=\"https:\/\/www.barcelonacapitalnautica.org\/wp-content\/uploads\/2024\/03\/Noti-OceanWeek-380x147.png 380w, https:\/\/www.barcelonacapitalnautica.org\/wp-content\/uploads\/2024\/03\/Noti-OceanWeek-560x216.png 560w, https:\/\/www.barcelonacapitalnautica.org\/wp-content\/uploads\/2024\/03\/Noti-OceanWeek-900x347.png 900w, https:\/\/www.barcelonacapitalnautica.org\/wp-content\/uploads\/2024\/03\/Noti-OceanWeek-768x296.png 768w, https:\/\/www.barcelonacapitalnautica.org\/wp-content\/uploads\/2024\/03\/Noti-OceanWeek.png 1140w\" sizes=\"auto, (max-width: 380px) 100vw, 380px\" \/>\t\t\t\t\t<\/a>\n\t\t\t\t\t\t\t\t\t<\/div>\n\t\t\t\t\t\t<h3 class=\"uagb-post__title uagb-post__text\">\n\t\t\t\t<a href=\"https:\/\/www.barcelonacapitalnautica.org\/es\/participamos-en-el-ocean-decade-week\/\" target=\"_self\" rel=\"bookmark noopener noreferrer\">\u00a1Nos sumamos a la Ocean Decade Week!<\/a>\n\t\t\t<\/h3>\n\t\t\t\t\t\t<div class='uagb-post__text uagb-post-grid-byline'>\n\t\t\t\t\t\t\t\t<time datetime=\"2024-03-15T11:34:28+01:00\" class=\"uagb-post__date\">\n\t\t\t\t\t\t\t\t\t15 de marzo de 2024\t\t\t\t<\/time>\n\t\t\t\t\t\t\t<div class=\"uagb-post__text\">\n\t\t\t\t\t<span class='uagb-post__taxonomy'>\n\t\t\t\t\t\t\t\t\t\t\t\t<a href=\"https:\/\/www.barcelonacapitalnautica.org\/es\/tag\/castellano\/\">castellano<\/a>,&nbsp;<a href=\"https:\/\/www.barcelonacapitalnautica.org\/es\/tag\/cultura-2\/\">cultura<\/a>,&nbsp;<a href=\"https:\/\/www.barcelonacapitalnautica.org\/es\/tag\/expo-fotos-2\/\">Expo fotos<\/a>,&nbsp;<a href=\"https:\/\/www.barcelonacapitalnautica.org\/es\/tag\/sostenibilitat-2\/\">sostenibilitat<\/a>,&nbsp;<a href=\"https:\/\/www.barcelonacapitalnautica.org\/es\/tag\/unesco-2\/\">UNESCO<\/a>\t\t\t\t\t<\/span>\n\t\t\t\t<\/div>\n\t\t\t\t\t\t\t<\/div>\n\t\t\t\t\t\t\t<div class='uagb-post__text uagb-post__excerpt'>\n\t\t\t\t\t<p>Del 10 al 12 de abril, Barcelona albergar\u00e1 la conferencia del Decenio del Oc\u00e9ano, un congreso cient\u00edfico con alto nivel institucional y con la participaci\u00f3n de todas las administraciones del&#8230;\t\t\t\t<\/div>\n\t\t\t\n\t\t\t\t\t\t\t\t\t<\/article>\n\t\t\t\t\t\t\t\t\t\t\t\t\t\t\t\t<article class=\"uagb-post__inner-wrap\">\t\t\t\t\t\t\t\t<div class='uagb-post__image'>\n\t\t\t\t\t\t\t\t\t<a href=\"https:\/\/www.barcelonacapitalnautica.org\/es\/coorganizamos-la-conferencia-del-decenio-del-oceano-de-la-unesco\/\" target=\"_self\" rel=\"bookmark noopener noreferrer\"><img loading=\"lazy\" decoding=\"async\" width=\"380\" height=\"147\" src=\"https:\/\/www.barcelonacapitalnautica.org\/wp-content\/uploads\/2024\/02\/Noti-UNESCO_presentacio-380x147.png\" class=\"attachment-thumbnail size-thumbnail\" alt=\"\" srcset=\"https:\/\/www.barcelonacapitalnautica.org\/wp-content\/uploads\/2024\/02\/Noti-UNESCO_presentacio-380x147.png 380w, https:\/\/www.barcelonacapitalnautica.org\/wp-content\/uploads\/2024\/02\/Noti-UNESCO_presentacio-560x216.png 560w, https:\/\/www.barcelonacapitalnautica.org\/wp-content\/uploads\/2024\/02\/Noti-UNESCO_presentacio-900x347.png 900w, https:\/\/www.barcelonacapitalnautica.org\/wp-content\/uploads\/2024\/02\/Noti-UNESCO_presentacio-768x296.png 768w, https:\/\/www.barcelonacapitalnautica.org\/wp-content\/uploads\/2024\/02\/Noti-UNESCO_presentacio.png 1140w\" sizes=\"auto, (max-width: 380px) 100vw, 380px\" \/>\t\t\t\t\t<\/a>\n\t\t\t\t\t\t\t\t\t<\/div>\n\t\t\t\t\t\t<h3 class=\"uagb-post__title uagb-post__text\">\n\t\t\t\t<a href=\"https:\/\/www.barcelonacapitalnautica.org\/es\/coorganizamos-la-conferencia-del-decenio-del-oceano-de-la-unesco\/\" target=\"_self\" rel=\"bookmark noopener noreferrer\">Coorganizamos la Conferencia del Decenio del Oc\u00e9ano de la UNESCO<\/a>\n\t\t\t<\/h3>\n\t\t\t\t\t\t<div class='uagb-post__text uagb-post-grid-byline'>\n\t\t\t\t\t\t\t\t<time datetime=\"2024-02-13T13:06:42+01:00\" class=\"uagb-post__date\">\n\t\t\t\t\t\t\t\t\t13 de febrero de 2024\t\t\t\t<\/time>\n\t\t\t\t\t\t\t<div class=\"uagb-post__text\">\n\t\t\t\t\t<span class='uagb-post__taxonomy'>\n\t\t\t\t\t\t\t\t\t\t\t\t<a href=\"https:\/\/www.barcelonacapitalnautica.org\/es\/tag\/castellano\/\">castellano<\/a>,&nbsp;<a href=\"https:\/\/www.barcelonacapitalnautica.org\/es\/tag\/sostenibilidad\/\">Sostenibilidad<\/a>,&nbsp;<a href=\"https:\/\/www.barcelonacapitalnautica.org\/es\/tag\/unesco-2\/\">UNESCO<\/a>\t\t\t\t\t<\/span>\n\t\t\t\t<\/div>\n\t\t\t\t\t\t\t<\/div>\n\t\t\t\t\t\t\t<div class='uagb-post__text uagb-post__excerpt'>\n\t\t\t\t\t<p>Orgullosos de presentar la pr\u00f3xima Conferencia del Decenio del Oc\u00e9ano 2024, que se celebrar\u00e1 del 10 al 12 de abril en el Centro de Convenciones Internacional de Barcelona (CCIB) y&#8230;\t\t\t\t<\/div>\n\t\t\t\n\t\t\t\t\t\t\t\t\t<\/article>\n\t\t\t\t\t\t\t\t\t\t\t<\/div>\n\t\t\t<\/div><\/div>\n\n\n\n<div class=\"wp-block-uagb-container uagb-block-74e4d88c alignfull uagb-is-root-container\"><div class=\"uagb-container-inner-blocks-wrap\">\n<hr class=\"wp-block-separator has-text-color has-ast-global-color-6-color has-alpha-channel-opacity has-ast-global-color-6-background-color has-background is-style-wide\"\/>\n\n\n\n<div class=\"wp-block-uagb-advanced-heading uagb-block-4dcca90c\"><h4 class=\"uagb-heading-text\">Coorganizado por:<\/h4><\/div>\n\n\n\n<div class=\"wp-block-uagb-container uagb-block-5dd8fe40\">\n<div class=\"wp-block-uagb-image uagb-block-61cae378 wp-block-uagb-image--layout-default wp-block-uagb-image--effect-static wp-block-uagb-image--align-none\"><figure class=\"wp-block-uagb-image__figure\"><img decoding=\"async\" srcset=\"https:\/\/www.barcelonacapitalnautica.org\/wp-content\/uploads\/2024\/03\/Logo_UNESCO.jpeg ,https:\/\/www.barcelonacapitalnautica.org\/wp-content\/uploads\/2024\/03\/Logo_UNESCO.jpeg 780w, https:\/\/www.barcelonacapitalnautica.org\/wp-content\/uploads\/2024\/03\/Logo_UNESCO.jpeg 360w\" sizes=\"auto, (max-width: 480px) 150px\" src=\"https:\/\/www.barcelonacapitalnautica.org\/wp-content\/uploads\/2024\/03\/Logo_UNESCO.jpeg\" alt=\"\" class=\"uag-image-265125\" width=\"150\" height=\"200\" title=\"Logo_UNESCO\" loading=\"lazy\" role=\"img\"\/><\/figure><\/div>\n<\/div>\n\n\n\n<div class=\"wp-block-uagb-container uagb-block-a1a3a81a\">\n<div class=\"wp-block-uagb-image aligncenter uagb-block-b0c3d4bb wp-block-uagb-image--layout-default wp-block-uagb-image--effect-static wp-block-uagb-image--align-center\"><figure class=\"wp-block-uagb-image__figure\"><img decoding=\"async\" srcset=\"https:\/\/www.barcelonacapitalnautica.org\/wp-content\/uploads\/2025\/07\/SPANISH_COLOUR_BLUE_BLACK-01-560x367.png ,https:\/\/www.barcelonacapitalnautica.org\/wp-content\/uploads\/2025\/07\/SPANISH_COLOUR_BLUE_BLACK-01.png 780w, https:\/\/www.barcelonacapitalnautica.org\/wp-content\/uploads\/2025\/07\/SPANISH_COLOUR_BLUE_BLACK-01.png 360w\" sizes=\"auto, (max-width: 480px) 150px\" src=\"https:\/\/www.barcelonacapitalnautica.org\/wp-content\/uploads\/2025\/07\/SPANISH_COLOUR_BLUE_BLACK-01-560x367.png\" alt=\"\" class=\"uag-image-272927\" width=\"250\" height=\"367\" title=\"SPANISH_COLOUR_BLUE_BLACK-01\" loading=\"lazy\" role=\"img\"\/><\/figure><\/div>\n<\/div>\n\n\n\n<div class=\"wp-block-uagb-container uagb-block-0d56be78\">\n<div class=\"wp-block-uagb-image alignright uagb-block-d36a08b9 wp-block-uagb-image--layout-default wp-block-uagb-image--effect-static wp-block-uagb-image--align-right\"><figure class=\"wp-block-uagb-image__figure\"><img decoding=\"async\" srcset=\"https:\/\/www.barcelonacapitalnautica.org\/wp-content\/uploads\/2024\/03\/Logo_Ministerio-1-380x99.png ,https:\/\/www.barcelonacapitalnautica.org\/wp-content\/uploads\/2024\/03\/Logo_Ministerio-1.png 780w, https:\/\/www.barcelonacapitalnautica.org\/wp-content\/uploads\/2024\/03\/Logo_Ministerio-1.png 360w\" sizes=\"auto, (max-width: 480px) 150px\" src=\"https:\/\/www.barcelonacapitalnautica.org\/wp-content\/uploads\/2024\/03\/Logo_Ministerio-1-380x99.png\" alt=\"\" class=\"uag-image-265137\" width=\"250\" height=\"99\" title=\"Logo_Ministerio-1\" loading=\"lazy\" role=\"img\"\/><\/figure><\/div>\n<\/div>\n\n\n\n<div class=\"wp-block-uagb-container uagb-block-d048a03b\">\n<div class=\"wp-block-uagb-image uagb-block-c02584b0 wp-block-uagb-image--layout-default wp-block-uagb-image--effect-static wp-block-uagb-image--align-none\"><figure class=\"wp-block-uagb-image__figure\"><img decoding=\"async\" srcset=\"https:\/\/www.barcelonacapitalnautica.org\/wp-content\/uploads\/2024\/03\/Logo_CSIC-900x220.png ,https:\/\/www.barcelonacapitalnautica.org\/wp-content\/uploads\/2024\/03\/Logo_CSIC.png 780w, https:\/\/www.barcelonacapitalnautica.org\/wp-content\/uploads\/2024\/03\/Logo_CSIC.png 360w\" sizes=\"auto, (max-width: 480px) 150px\" src=\"https:\/\/www.barcelonacapitalnautica.org\/wp-content\/uploads\/2024\/03\/Logo_CSIC-900x220.png\" alt=\"\" class=\"uag-image-265134\" width=\"190\" height=\"627\" title=\"Logo_CSIC\" loading=\"lazy\" role=\"img\"\/><\/figure><\/div>\n<\/div>\n\n\n\n<div class=\"wp-block-uagb-container uagb-block-0732b993\">\n<div class=\"wp-block-uagb-image aligncenter uagb-block-425bd093 wp-block-uagb-image--layout-default wp-block-uagb-image--effect-static wp-block-uagb-image--align-center\"><figure class=\"wp-block-uagb-image__figure\"><img decoding=\"async\" srcset=\"https:\/\/www.barcelonacapitalnautica.org\/wp-content\/uploads\/2022\/07\/Generalitat-de-catalunya.jpg ,https:\/\/www.barcelonacapitalnautica.org\/wp-content\/uploads\/2022\/07\/Generalitat-de-catalunya.jpg 780w, https:\/\/www.barcelonacapitalnautica.org\/wp-content\/uploads\/2022\/07\/Generalitat-de-catalunya.jpg 360w\" sizes=\"auto, (max-width: 480px) 150px\" src=\"https:\/\/www.barcelonacapitalnautica.org\/wp-content\/uploads\/2022\/07\/Generalitat-de-catalunya.jpg\" alt=\"\" class=\"uag-image-243065\" width=\"190\" height=\"67\" title=\"Generalitat de catalunya\" loading=\"lazy\" role=\"img\"\/><\/figure><\/div>\n<\/div>\n\n\n\n<div class=\"wp-block-uagb-container uagb-block-b51532cd\">\n<div class=\"wp-block-uagb-image alignright uagb-block-89f7e79c wp-block-uagb-image--layout-default wp-block-uagb-image--effect-static wp-block-uagb-image--align-right\"><figure class=\"wp-block-uagb-image__figure\"><img decoding=\"async\" srcset=\"https:\/\/www.barcelonacapitalnautica.org\/wp-content\/uploads\/2023\/03\/ajuntament-bcn.svg ,https:\/\/www.barcelonacapitalnautica.org\/wp-content\/uploads\/2023\/03\/ajuntament-bcn.svg 780w, https:\/\/www.barcelonacapitalnautica.org\/wp-content\/uploads\/2023\/03\/ajuntament-bcn.svg 360w\" sizes=\"auto, (max-width: 480px) 150px\" src=\"https:\/\/www.barcelonacapitalnautica.org\/wp-content\/uploads\/2023\/03\/ajuntament-bcn.svg\" alt=\"\" class=\"uag-image-827\" width=\"190\" height=\"62\" title=\"ajuntament-bcn\" loading=\"lazy\" role=\"img\"\/><\/figure><\/div>\n<\/div>\n\n\n\n<div class=\"wp-block-uagb-container uagb-block-fe108656\">\n<div class=\"wp-block-uagb-image uagb-block-988c27eb wp-block-uagb-image--layout-default wp-block-uagb-image--effect-static wp-block-uagb-image--align-none\"><figure class=\"wp-block-uagb-image__figure\"><img decoding=\"async\" srcset=\"https:\/\/www.barcelonacapitalnautica.org\/wp-content\/uploads\/2023\/05\/Barcelona-Capital-Nautica-Icono-_-Logotipo-Blau-380x110.png ,https:\/\/www.barcelonacapitalnautica.org\/wp-content\/uploads\/2023\/05\/Barcelona-Capital-Nautica-Icono-_-Logotipo-Blau.png 780w, https:\/\/www.barcelonacapitalnautica.org\/wp-content\/uploads\/2023\/05\/Barcelona-Capital-Nautica-Icono-_-Logotipo-Blau.png 360w\" sizes=\"auto, (max-width: 480px) 150px\" src=\"https:\/\/www.barcelonacapitalnautica.org\/wp-content\/uploads\/2023\/05\/Barcelona-Capital-Nautica-Icono-_-Logotipo-Blau-380x110.png\" alt=\"\" class=\"uag-image-258068\" width=\"190\" height=\"110\" title=\"Barcelona Capital Na\u0300utica-Icono _ Logotipo Blau\" loading=\"lazy\" role=\"img\"\/><\/figure><\/div>\n<\/div>\n\n\n\n<div class=\"wp-block-uagb-container uagb-block-e5825142\">\n<div class=\"wp-block-uagb-image aligncenter uagb-block-c979e70e wp-block-uagb-image--layout-default wp-block-uagb-image--effect-static wp-block-uagb-image--align-center\"><figure class=\"wp-block-uagb-image__figure\"><img decoding=\"async\" srcset=\"https:\/\/www.barcelonacapitalnautica.org\/wp-content\/uploads\/2024\/03\/Logo_-IEO.png ,https:\/\/www.barcelonacapitalnautica.org\/wp-content\/uploads\/2024\/03\/Logo_-IEO.png 780w, https:\/\/www.barcelonacapitalnautica.org\/wp-content\/uploads\/2024\/03\/Logo_-IEO.png 360w\" sizes=\"auto, (max-width: 480px) 150px\" src=\"https:\/\/www.barcelonacapitalnautica.org\/wp-content\/uploads\/2024\/03\/Logo_-IEO.png\" alt=\"\" class=\"uag-image-265140\" width=\"190\" height=\"297\" title=\"Logo_-IEO\" loading=\"lazy\" role=\"img\"\/><\/figure><\/div>\n<\/div>\n\n\n\n<div class=\"wp-block-uagb-container uagb-block-a5cffc24\">\n<div class=\"wp-block-uagb-image alignright uagb-block-805956f1 wp-block-uagb-image--layout-default wp-block-uagb-image--effect-static wp-block-uagb-image--align-right\"><figure class=\"wp-block-uagb-image__figure\"><img decoding=\"async\" srcset=\"https:\/\/www.barcelonacapitalnautica.org\/wp-content\/uploads\/2024\/03\/Logo_ICM-900x278.png ,https:\/\/www.barcelonacapitalnautica.org\/wp-content\/uploads\/2024\/03\/Logo_ICM.png 780w, https:\/\/www.barcelonacapitalnautica.org\/wp-content\/uploads\/2024\/03\/Logo_ICM.png 360w\" sizes=\"auto, (max-width: 480px) 150px\" src=\"https:\/\/www.barcelonacapitalnautica.org\/wp-content\/uploads\/2024\/03\/Logo_ICM-900x278.png\" alt=\"\" class=\"uag-image-265143\" width=\"190\" height=\"278\" title=\"Logo_ICM\" loading=\"lazy\" role=\"img\"\/><\/figure><\/div>\n<\/div>\n<\/div><\/div>\n\n\n\n<p><\/p>\n\n\n\n<p><\/p>\n","protected":false},"excerpt":{"rendered":"<p>Te recomendamos: Otras actividades&#8230; Ubicaci\u00f3n de los eventos Entre el [&hellip;]<\/p>\n","protected":false},"author":3,"featured_media":265244,"parent":261042,"menu_order":4,"comment_status":"closed","ping_status":"closed","template":"","meta":{"_uag_custom_page_level_css":"","site-sidebar-layout":"default","site-content-layout":"","ast-site-content-layout":"default","site-content-style":"default","site-sidebar-style":"default","ast-global-header-display":"","ast-banner-title-visibility":"","ast-main-header-display":"","ast-hfb-above-header-display":"","ast-hfb-below-header-display":"","ast-hfb-mobile-header-display":"","site-post-title":"disabled","ast-breadcrumbs-content":"","ast-featured-img":"disabled","footer-sml-layout":"","ast-disable-related-posts":"","theme-transparent-header-meta":"","adv-header-id-meta":"","stick-header-meta":"","header-above-stick-meta":"","header-main-stick-meta":"","header-below-stick-meta":"","astra-migrate-meta-layouts":"set","ast-page-background-enabled":"default","ast-page-background-meta":{"desktop":{"background-color":"","background-image":"","background-repeat":"repeat","background-position":"center center","background-size":"auto","background-attachment":"scroll","background-type":"","background-media":"","overlay-type":"","overlay-color":"","overlay-opacity":"","overlay-gradient":""},"tablet":{"background-color":"","background-image":"","background-repeat":"repeat","background-position":"center center","background-size":"auto","background-attachment":"scroll","background-type":"","background-media":"","overlay-type":"","overlay-color":"","overlay-opacity":"","overlay-gradient":""},"mobile":{"background-color":"","background-image":"","background-repeat":"repeat","background-position":"center center","background-size":"auto","background-attachment":"scroll","background-type":"","background-media":"","overlay-type":"","overlay-color":"","overlay-opacity":"","overlay-gradient":""}},"ast-content-background-meta":{"desktop":{"background-color":"var(--ast-global-color-5)","background-image":"","background-repeat":"repeat","background-position":"center center","background-size":"auto","background-attachment":"scroll","background-type":"","background-media":"","overlay-type":"","overlay-color":"","overlay-opacity":"","overlay-gradient":""},"tablet":{"background-color":"var(--ast-global-color-5)","background-image":"","background-repeat":"repeat","background-position":"center center","background-size":"auto","background-attachment":"scroll","background-type":"","background-media":"","overlay-type":"","overlay-color":"","overlay-opacity":"","overlay-gradient":""},"mobile":{"background-color":"var(--ast-global-color-5)","background-image":"","background-repeat":"repeat","background-position":"center center","background-size":"auto","background-attachment":"scroll","background-type":"","background-media":"","overlay-type":"","overlay-color":"","overlay-opacity":"","overlay-gradient":""}},"_price":"","_stock":"","_tribe_ticket_header":"","_tribe_default_ticket_provider":"","_tribe_ticket_capacity":"0","_ticket_start_date":"","_ticket_end_date":"","_tribe_ticket_show_description":"","_tribe_ticket_show_not_going":false,"_tribe_ticket_use_global_stock":"","_tribe_ticket_global_stock_level":"","_global_stock_mode":"","_global_stock_cap":"","_tribe_rsvp_for_event":"","_tribe_ticket_going_count":"","_tribe_ticket_not_going_count":"","_tribe_tickets_list":[],"_tribe_ticket_has_attendee_info_fields":false,"footnotes":""},"class_list":["post-265320","page","type-page","status-publish","has-post-thumbnail","hentry"],"yoast_head":"<!-- This site is optimized with the Yoast SEO plugin v27.4 - https:\/\/yoast.com\/product\/yoast-seo-wordpress\/ -->\n<title>La D\u00e9cada del Oc\u00e9ano - Barcelona Capital N\u00e0utica<\/title>\n<meta name=\"robots\" content=\"index, follow, max-snippet:-1, max-image-preview:large, max-video-preview:-1\" \/>\n<link rel=\"canonical\" href=\"https:\/\/www.barcelonacapitalnautica.org\/es\/sostenibilidad-e-innovacion\/oceanos\/\" \/>\n<meta property=\"og:locale\" content=\"es_ES\" \/>\n<meta property=\"og:type\" content=\"article\" \/>\n<meta property=\"og:title\" content=\"La D\u00e9cada del Oc\u00e9ano - Barcelona Capital N\u00e0utica\" \/>\n<meta property=\"og:description\" content=\"Te recomendamos: Otras actividades&#8230; Ubicaci\u00f3n de los eventos Entre el [&hellip;]\" \/>\n<meta property=\"og:url\" content=\"https:\/\/www.barcelonacapitalnautica.org\/es\/sostenibilidad-e-innovacion\/oceanos\/\" \/>\n<meta property=\"og:site_name\" content=\"Barcelona Capital N\u00e0utica\" \/>\n<meta property=\"article:publisher\" content=\"https:\/\/www.facebook.com\/barcelonacapitalnautica\" \/>\n<meta property=\"article:modified_time\" content=\"2025-07-09T17:48:43+00:00\" \/>\n<meta property=\"og:image\" content=\"https:\/\/www.barcelonacapitalnautica.org\/wp-content\/uploads\/2024\/03\/Southern-Ocean-scaled.jpg\" \/>\n\t<meta property=\"og:image:width\" content=\"2560\" \/>\n\t<meta property=\"og:image:height\" content=\"1697\" \/>\n\t<meta property=\"og:image:type\" content=\"image\/jpeg\" \/>\n<meta name=\"twitter:card\" content=\"summary_large_image\" \/>\n<meta name=\"twitter:site\" content=\"@bcnautica\" \/>\n<meta name=\"twitter:label1\" content=\"Tiempo de lectura\" \/>\n\t<meta name=\"twitter:data1\" content=\"6 minutos\" \/>\n<script type=\"application\/ld+json\" class=\"yoast-schema-graph\">{\"@context\":\"https:\\\/\\\/schema.org\",\"@graph\":[{\"@type\":\"WebPage\",\"@id\":\"https:\\\/\\\/www.barcelonacapitalnautica.org\\\/es\\\/sostenibilidad-e-innovacion\\\/oceanos\\\/\",\"url\":\"https:\\\/\\\/www.barcelonacapitalnautica.org\\\/es\\\/sostenibilidad-e-innovacion\\\/oceanos\\\/\",\"name\":\"La D\u00e9cada del Oc\u00e9ano - Barcelona Capital N\u00e0utica\",\"isPartOf\":{\"@id\":\"https:\\\/\\\/www.barcelonacapitalnautica.org\\\/es\\\/#website\"},\"primaryImageOfPage\":{\"@id\":\"https:\\\/\\\/www.barcelonacapitalnautica.org\\\/es\\\/sostenibilidad-e-innovacion\\\/oceanos\\\/#primaryimage\"},\"image\":{\"@id\":\"https:\\\/\\\/www.barcelonacapitalnautica.org\\\/es\\\/sostenibilidad-e-innovacion\\\/oceanos\\\/#primaryimage\"},\"thumbnailUrl\":\"https:\\\/\\\/www.barcelonacapitalnautica.org\\\/wp-content\\\/uploads\\\/2024\\\/03\\\/Southern-Ocean-scaled.jpg\",\"datePublished\":\"2024-02-20T10:09:30+00:00\",\"dateModified\":\"2025-07-09T17:48:43+00:00\",\"breadcrumb\":{\"@id\":\"https:\\\/\\\/www.barcelonacapitalnautica.org\\\/es\\\/sostenibilidad-e-innovacion\\\/oceanos\\\/#breadcrumb\"},\"inLanguage\":\"es\",\"potentialAction\":[{\"@type\":\"ReadAction\",\"target\":[\"https:\\\/\\\/www.barcelonacapitalnautica.org\\\/es\\\/sostenibilidad-e-innovacion\\\/oceanos\\\/\"]}]},{\"@type\":\"ImageObject\",\"inLanguage\":\"es\",\"@id\":\"https:\\\/\\\/www.barcelonacapitalnautica.org\\\/es\\\/sostenibilidad-e-innovacion\\\/oceanos\\\/#primaryimage\",\"url\":\"https:\\\/\\\/www.barcelonacapitalnautica.org\\\/wp-content\\\/uploads\\\/2024\\\/03\\\/Southern-Ocean-scaled.jpg\",\"contentUrl\":\"https:\\\/\\\/www.barcelonacapitalnautica.org\\\/wp-content\\\/uploads\\\/2024\\\/03\\\/Southern-Ocean-scaled.jpg\",\"width\":2560,\"height\":1697},{\"@type\":\"BreadcrumbList\",\"@id\":\"https:\\\/\\\/www.barcelonacapitalnautica.org\\\/es\\\/sostenibilidad-e-innovacion\\\/oceanos\\\/#breadcrumb\",\"itemListElement\":[{\"@type\":\"ListItem\",\"position\":1,\"name\":\"Inici\",\"item\":\"https:\\\/\\\/www.barcelonacapitalnautica.org\\\/es\\\/\"},{\"@type\":\"ListItem\",\"position\":2,\"name\":\"Sostenibilidad e innovaci\u00f3n\",\"item\":\"https:\\\/\\\/www.barcelonacapitalnautica.org\\\/es\\\/sostenibilidad-e-innovacion\\\/\"},{\"@type\":\"ListItem\",\"position\":3,\"name\":\"La D\u00e9cada del Oc\u00e9ano\"}]},{\"@type\":\"WebSite\",\"@id\":\"https:\\\/\\\/www.barcelonacapitalnautica.org\\\/es\\\/#website\",\"url\":\"https:\\\/\\\/www.barcelonacapitalnautica.org\\\/es\\\/\",\"name\":\"Barcelona Capital N\u00e0utica\",\"description\":\"Barcelona Capital N\u00e0utica\",\"publisher\":{\"@id\":\"https:\\\/\\\/www.barcelonacapitalnautica.org\\\/es\\\/#organization\"},\"alternateName\":\"BCN\u00e0utica, FBCN\",\"potentialAction\":[{\"@type\":\"SearchAction\",\"target\":{\"@type\":\"EntryPoint\",\"urlTemplate\":\"https:\\\/\\\/www.barcelonacapitalnautica.org\\\/es\\\/?s={search_term_string}\"},\"query-input\":{\"@type\":\"PropertyValueSpecification\",\"valueRequired\":true,\"valueName\":\"search_term_string\"}}],\"inLanguage\":\"es\"},{\"@type\":\"Organization\",\"@id\":\"https:\\\/\\\/www.barcelonacapitalnautica.org\\\/es\\\/#organization\",\"name\":\"Barcelona Capital N\u00e0utica\",\"alternateName\":\"Fundaci\u00f3 Barcelona Capital N\u00e0utica\",\"url\":\"https:\\\/\\\/www.barcelonacapitalnautica.org\\\/es\\\/\",\"logo\":{\"@type\":\"ImageObject\",\"inLanguage\":\"es\",\"@id\":\"https:\\\/\\\/www.barcelonacapitalnautica.org\\\/es\\\/#\\\/schema\\\/logo\\\/image\\\/\",\"url\":\"https:\\\/\\\/www.barcelonacapitalnautica.org\\\/wp-content\\\/uploads\\\/2023\\\/03\\\/Logo-blau.svg\",\"contentUrl\":\"https:\\\/\\\/www.barcelonacapitalnautica.org\\\/wp-content\\\/uploads\\\/2023\\\/03\\\/Logo-blau.svg\",\"width\":200,\"height\":58,\"caption\":\"Barcelona Capital N\u00e0utica\"},\"image\":{\"@id\":\"https:\\\/\\\/www.barcelonacapitalnautica.org\\\/es\\\/#\\\/schema\\\/logo\\\/image\\\/\"},\"sameAs\":[\"https:\\\/\\\/www.facebook.com\\\/barcelonacapitalnautica\",\"https:\\\/\\\/x.com\\\/bcnautica\",\"https:\\\/\\\/www.instagram.com\\\/bcnautica\\\/\",\"https:\\\/\\\/www.linkedin.com\\\/company\\\/barcelona-capital-nautica\"]}]}<\/script>\n<!-- \/ Yoast SEO plugin. -->","yoast_head_json":{"title":"La D\u00e9cada del Oc\u00e9ano - Barcelona Capital N\u00e0utica","robots":{"index":"index","follow":"follow","max-snippet":"max-snippet:-1","max-image-preview":"max-image-preview:large","max-video-preview":"max-video-preview:-1"},"canonical":"https:\/\/www.barcelonacapitalnautica.org\/es\/sostenibilidad-e-innovacion\/oceanos\/","og_locale":"es_ES","og_type":"article","og_title":"La D\u00e9cada del Oc\u00e9ano - Barcelona Capital N\u00e0utica","og_description":"Te recomendamos: Otras actividades&#8230; Ubicaci\u00f3n de los eventos Entre el [&hellip;]","og_url":"https:\/\/www.barcelonacapitalnautica.org\/es\/sostenibilidad-e-innovacion\/oceanos\/","og_site_name":"Barcelona Capital N\u00e0utica","article_publisher":"https:\/\/www.facebook.com\/barcelonacapitalnautica","article_modified_time":"2025-07-09T17:48:43+00:00","og_image":[{"width":2560,"height":1697,"url":"https:\/\/www.barcelonacapitalnautica.org\/wp-content\/uploads\/2024\/03\/Southern-Ocean-scaled.jpg","type":"image\/jpeg"}],"twitter_card":"summary_large_image","twitter_site":"@bcnautica","twitter_misc":{"Tiempo de lectura":"6 minutos"},"schema":{"@context":"https:\/\/schema.org","@graph":[{"@type":"WebPage","@id":"https:\/\/www.barcelonacapitalnautica.org\/es\/sostenibilidad-e-innovacion\/oceanos\/","url":"https:\/\/www.barcelonacapitalnautica.org\/es\/sostenibilidad-e-innovacion\/oceanos\/","name":"La D\u00e9cada del Oc\u00e9ano - Barcelona Capital N\u00e0utica","isPartOf":{"@id":"https:\/\/www.barcelonacapitalnautica.org\/es\/#website"},"primaryImageOfPage":{"@id":"https:\/\/www.barcelonacapitalnautica.org\/es\/sostenibilidad-e-innovacion\/oceanos\/#primaryimage"},"image":{"@id":"https:\/\/www.barcelonacapitalnautica.org\/es\/sostenibilidad-e-innovacion\/oceanos\/#primaryimage"},"thumbnailUrl":"https:\/\/www.barcelonacapitalnautica.org\/wp-content\/uploads\/2024\/03\/Southern-Ocean-scaled.jpg","datePublished":"2024-02-20T10:09:30+00:00","dateModified":"2025-07-09T17:48:43+00:00","breadcrumb":{"@id":"https:\/\/www.barcelonacapitalnautica.org\/es\/sostenibilidad-e-innovacion\/oceanos\/#breadcrumb"},"inLanguage":"es","potentialAction":[{"@type":"ReadAction","target":["https:\/\/www.barcelonacapitalnautica.org\/es\/sostenibilidad-e-innovacion\/oceanos\/"]}]},{"@type":"ImageObject","inLanguage":"es","@id":"https:\/\/www.barcelonacapitalnautica.org\/es\/sostenibilidad-e-innovacion\/oceanos\/#primaryimage","url":"https:\/\/www.barcelonacapitalnautica.org\/wp-content\/uploads\/2024\/03\/Southern-Ocean-scaled.jpg","contentUrl":"https:\/\/www.barcelonacapitalnautica.org\/wp-content\/uploads\/2024\/03\/Southern-Ocean-scaled.jpg","width":2560,"height":1697},{"@type":"BreadcrumbList","@id":"https:\/\/www.barcelonacapitalnautica.org\/es\/sostenibilidad-e-innovacion\/oceanos\/#breadcrumb","itemListElement":[{"@type":"ListItem","position":1,"name":"Inici","item":"https:\/\/www.barcelonacapitalnautica.org\/es\/"},{"@type":"ListItem","position":2,"name":"Sostenibilidad e innovaci\u00f3n","item":"https:\/\/www.barcelonacapitalnautica.org\/es\/sostenibilidad-e-innovacion\/"},{"@type":"ListItem","position":3,"name":"La D\u00e9cada del Oc\u00e9ano"}]},{"@type":"WebSite","@id":"https:\/\/www.barcelonacapitalnautica.org\/es\/#website","url":"https:\/\/www.barcelonacapitalnautica.org\/es\/","name":"Barcelona Capital N\u00e0utica","description":"Barcelona Capital N\u00e0utica","publisher":{"@id":"https:\/\/www.barcelonacapitalnautica.org\/es\/#organization"},"alternateName":"BCN\u00e0utica, FBCN","potentialAction":[{"@type":"SearchAction","target":{"@type":"EntryPoint","urlTemplate":"https:\/\/www.barcelonacapitalnautica.org\/es\/?s={search_term_string}"},"query-input":{"@type":"PropertyValueSpecification","valueRequired":true,"valueName":"search_term_string"}}],"inLanguage":"es"},{"@type":"Organization","@id":"https:\/\/www.barcelonacapitalnautica.org\/es\/#organization","name":"Barcelona Capital N\u00e0utica","alternateName":"Fundaci\u00f3 Barcelona Capital N\u00e0utica","url":"https:\/\/www.barcelonacapitalnautica.org\/es\/","logo":{"@type":"ImageObject","inLanguage":"es","@id":"https:\/\/www.barcelonacapitalnautica.org\/es\/#\/schema\/logo\/image\/","url":"https:\/\/www.barcelonacapitalnautica.org\/wp-content\/uploads\/2023\/03\/Logo-blau.svg","contentUrl":"https:\/\/www.barcelonacapitalnautica.org\/wp-content\/uploads\/2023\/03\/Logo-blau.svg","width":200,"height":58,"caption":"Barcelona Capital N\u00e0utica"},"image":{"@id":"https:\/\/www.barcelonacapitalnautica.org\/es\/#\/schema\/logo\/image\/"},"sameAs":["https:\/\/www.facebook.com\/barcelonacapitalnautica","https:\/\/x.com\/bcnautica","https:\/\/www.instagram.com\/bcnautica\/","https:\/\/www.linkedin.com\/company\/barcelona-capital-nautica"]}]}},"uagb_featured_image_src":{"full":["https:\/\/www.barcelonacapitalnautica.org\/wp-content\/uploads\/2024\/03\/Southern-Ocean-scaled.jpg",2560,1697,false],"thumbnail":["https:\/\/www.barcelonacapitalnautica.org\/wp-content\/uploads\/2024\/03\/Southern-Ocean-380x252.jpg",380,252,true],"medium":["https:\/\/www.barcelonacapitalnautica.org\/wp-content\/uploads\/2024\/03\/Southern-Ocean-560x371.jpg",560,371,true],"medium_large":["https:\/\/www.barcelonacapitalnautica.org\/wp-content\/uploads\/2024\/03\/Southern-Ocean-768x509.jpg",768,509,true],"large":["https:\/\/www.barcelonacapitalnautica.org\/wp-content\/uploads\/2024\/03\/Southern-Ocean-900x597.jpg",900,597,true],"1536x1536":["https:\/\/www.barcelonacapitalnautica.org\/wp-content\/uploads\/2024\/03\/Southern-Ocean-1536x1018.jpg",1536,1018,true],"2048x2048":["https:\/\/www.barcelonacapitalnautica.org\/wp-content\/uploads\/2024\/03\/Southern-Ocean-scaled.jpg",2048,1358,false]},"uagb_author_info":{"display_name":"Cristina Martin","author_link":"https:\/\/www.barcelonacapitalnautica.org\/es\/author\/fbcn_cristina\/"},"uagb_comment_info":0,"uagb_excerpt":"Te recomendamos: Otras actividades&#8230; Ubicaci\u00f3n de los eventos Entre el [&hellip;]","ticketed":false,"_links":{"self":[{"href":"https:\/\/www.barcelonacapitalnautica.org\/es\/wp-json\/wp\/v2\/pages\/265320","targetHints":{"allow":["GET"]}}],"collection":[{"href":"https:\/\/www.barcelonacapitalnautica.org\/es\/wp-json\/wp\/v2\/pages"}],"about":[{"href":"https:\/\/www.barcelonacapitalnautica.org\/es\/wp-json\/wp\/v2\/types\/page"}],"author":[{"embeddable":true,"href":"https:\/\/www.barcelonacapitalnautica.org\/es\/wp-json\/wp\/v2\/users\/3"}],"replies":[{"embeddable":true,"href":"https:\/\/www.barcelonacapitalnautica.org\/es\/wp-json\/wp\/v2\/comments?post=265320"}],"version-history":[{"count":28,"href":"https:\/\/www.barcelonacapitalnautica.org\/es\/wp-json\/wp\/v2\/pages\/265320\/revisions"}],"predecessor-version":[{"id":272965,"href":"https:\/\/www.barcelonacapitalnautica.org\/es\/wp-json\/wp\/v2\/pages\/265320\/revisions\/272965"}],"up":[{"embeddable":true,"href":"https:\/\/www.barcelonacapitalnautica.org\/es\/wp-json\/wp\/v2\/pages\/261042"}],"wp:featuredmedia":[{"embeddable":true,"href":"https:\/\/www.barcelonacapitalnautica.org\/es\/wp-json\/wp\/v2\/media\/265244"}],"wp:attachment":[{"href":"https:\/\/www.barcelonacapitalnautica.org\/es\/wp-json\/wp\/v2\/media?parent=265320"}],"curies":[{"name":"wp","href":"https:\/\/api.w.org\/{rel}","templated":true}]}}