{"id":265655,"date":"2024-03-22T12:24:43","date_gmt":"2024-03-22T11:24:43","guid":{"rendered":"https:\/\/www.barcelonacapitalnautica.org\/?page_id=265655"},"modified":"2025-09-01T14:07:06","modified_gmt":"2025-09-01T12:07:06","slug":"vela-para-todo-el-mundo","status":"publish","type":"page","link":"https:\/\/www.barcelonacapitalnautica.org\/es\/deporte\/vela-para-todo-el-mundo\/","title":{"rendered":"Vela para todo el mundo"},"content":{"rendered":"\n<div class=\"wp-block-cover alignfull has-parallax\" style=\"padding-top:40px;padding-right:40px;padding-bottom:40px;padding-left:40px;min-height:555px;aspect-ratio:unset;\" id=\"vela-inclusiva\"><span aria-hidden=\"true\" class=\"wp-block-cover__background has-background-dim-20 has-background-dim\" style=\"background-color:#000000\"><\/span><div class=\"wp-block-cover__image-background wp-image-267922 has-parallax\" style=\"background-position:50% 50%;background-image:url(https:\/\/www.barcelonacapitalnautica.org\/wp-content\/uploads\/2024\/06\/53718439088_f8cb7ffc78_k-e1718100285393.jpg)\"><\/div><div class=\"wp-block-cover__inner-container is-layout-flow wp-block-cover-is-layout-flow\">\n<div class=\"wp-block-uagb-container uagb-block-6a4c07d0 alignfull uagb-is-root-container\"><div class=\"uagb-container-inner-blocks-wrap\">\n<div class=\"wp-block-uagb-info-box uagb-block-3d326010 uagb-infobox__content-wrap  uagb-infobox-icon-above-title uagb-infobox-image-valign-top\"><div class=\"uagb-ifb-content\"><div class=\"uagb-ifb-title-wrap\"><h2 class=\"uagb-ifb-title\">Vela para todo el mundo<\/h2><\/div><p class=\"uagb-ifb-desc\">Programa de vela inclusiva desarrollado conjuntamente con la&nbsp;Federaci\u00f3 Catalana de Vela&nbsp;que quiere ayudar a clubes y formadores para conseguir que el deporte de la vela llegue a todo el mundo, sin excepci\u00f3n.<\/p><\/div><\/div>\n<\/div><\/div>\n<\/div><\/div>\n\n\n\n<div id=\"objectius\" class=\"wp-block-uagb-container uagb-block-51ca524b alignfull uagb-is-root-container\"><div class=\"uagb-container-inner-blocks-wrap\">\n<div class=\"wp-block-uagb-container uagb-block-32fbc858\">\n<div class=\"wp-block-uagb-advanced-heading uagb-block-6292f6c2\"><h2 class=\"uagb-heading-text\">Objectivo<\/h2><\/div>\n<\/div>\n\n\n\n<div class=\"wp-block-uagb-container uagb-block-abdf963d\">\n<div class=\"wp-block-uagb-container uagb-block-a1c666e1\">\n<p class=\"has-ast-global-color-0-color has-text-color\" style=\"font-size:1.2em\">Promoci\u00f3n de la vela adaptada mejorando la <strong>oferta de cursos<\/strong> y actividades para navegar para personas con cualquier nivel de diversidad funcional.<\/p>\n\n\n\n<p class=\"has-ast-global-color-0-color has-text-color\" style=\"font-size:1.2em\">Formaci\u00f3n de <strong>personal t\u00e9cnico<\/strong> y oferta de mayor soporte profesional a la vez que se actualizan las gu\u00edas de buenas pr\u00e1cticas.<\/p>\n\n\n\n<p class=\"has-ast-global-color-0-color has-text-color\" style=\"font-size:1.2em\">Promoci\u00f3n de <strong>deportistas<\/strong> de este \u00e1mbito, organizaci\u00f3n del Campeonato Open de Espa\u00f1a de Hansa y realizaci\u00f3n de cl\u00ednicos pr\u00e1cticos de formaciones.<\/p>\n<\/div>\n<\/div>\n<\/div><\/div>\n\n\n\n<div id=\"separador\" class=\"wp-block-uagb-container uagb-block-95b1b784 alignfull uagb-is-root-container\">\n<hr class=\"wp-block-separator alignfull has-text-color has-alpha-channel-opacity has-background is-style-wide\" style=\"background-color:#ff003c;color:#ff003c\"\/>\n<\/div>\n\n\n\n<div id=\"kakapo\" class=\"wp-block-uagb-container uagb-block-86923fc0 alignfull uagb-is-root-container\"><div class=\"uagb-container-inner-blocks-wrap\">\n<div class=\"wp-block-uagb-container uagb-block-c4f594c5\">\n<div class=\"wp-block-uagb-info-box uagb-block-f04db7df uagb-infobox__content-wrap  uagb-infobox-icon-above-title uagb-infobox-image-valign-top\"><div class=\"uagb-ifb-content\"><div class=\"uagb-ifb-title-wrap\"><h2 class=\"uagb-ifb-title\">Kakapo Open Race<\/h2><\/div><p class=\"uagb-ifb-desc\">La Federaci\u00f3 Catalana de Vela y la fundaci\u00f3n Mi Fundaci\u00f3n Alex, en colaboraci\u00f3n con la Fundaci\u00f3 Barcelona Capital N\u00e0utica, organizan la primera edici\u00f3n de la Kakapo Open Race, una <strong>regata internacional de vela adaptada<\/strong> que busca atraer a deportistas de esta modalidad a Barcelona y que tiene la voluntad de celebrarlo cada a\u00f1o.<br><\/p><\/div><\/div>\n\n\n\n<div class=\"wp-block-uagb-buttons uagb-buttons__outer-wrap uagb-btn__default-btn uagb-btn-tablet__default-btn uagb-btn-mobile__default-btn uagb-block-62bc0bdd\"><div class=\"uagb-buttons__wrap uagb-buttons-layout-wrap \">\n<div class=\"wp-block-uagb-buttons-child uagb-buttons__outer-wrap uagb-block-ea20cfe0 wp-block-button\"><div class=\"uagb-button__wrapper\"><a class=\"uagb-buttons-repeater wp-block-button__link\" aria-label=\"\" href=\"https:\/\/www.barcelonacapitalnautica.org\/es\/tag\/kakapo-es\/\" rel=\"follow noopener\" target=\"_self\" role=\"button\"><div class=\"uagb-button__link\">ediciones 2024 i 2025<\/div><\/a><\/div><\/div>\n<\/div><\/div>\n<\/div>\n\n\n\n<div class=\"wp-block-uagb-image uagb-block-09395e26 wp-block-uagb-image--layout-default wp-block-uagb-image--effect-static wp-block-uagb-image--align-none\"><figure class=\"wp-block-uagb-image__figure\"><img decoding=\"async\" srcset=\"https:\/\/www.barcelonacapitalnautica.org\/wp-content\/uploads\/2024\/05\/Destacat-Vela-inclusiva.png ,https:\/\/www.barcelonacapitalnautica.org\/wp-content\/uploads\/2024\/05\/Destacat-Vela-inclusiva.png 780w, https:\/\/www.barcelonacapitalnautica.org\/wp-content\/uploads\/2024\/05\/Destacat-Vela-inclusiva.png 360w\" sizes=\"auto, (max-width: 480px) 150px\" src=\"https:\/\/www.barcelonacapitalnautica.org\/wp-content\/uploads\/2024\/05\/Destacat-Vela-inclusiva.png\" alt=\"\" class=\"uag-image-267711\" width=\"560\" height=\"420\" title=\"Destacat - Vela inclusiva\" loading=\"lazy\" role=\"img\"\/><\/figure><\/div>\n<\/div><\/div>\n\n\n\n<div id=\"separador\" class=\"wp-block-uagb-container uagb-block-e665f387 alignfull uagb-is-root-container\">\n<hr class=\"wp-block-separator alignfull has-text-color has-alpha-channel-opacity has-background is-style-wide\" style=\"background-color:#ff003c;color:#ff003c\"\/>\n<\/div>\n\n\n\n<div id=\"foils\" class=\"wp-block-uagb-container uagb-block-ac80ae57 alignfull uagb-is-root-container\"><div class=\"uagb-container-inner-blocks-wrap\">\n<div class=\"wp-block-uagb-image uagb-block-1607f36e wp-block-uagb-image--layout-default wp-block-uagb-image--effect-static wp-block-uagb-image--align-none\"><figure class=\"wp-block-uagb-image__figure\"><a class=\"\" href=\"https:\/\/www.ccma.cat\/3cat\/aina-gelpi-i-jordi-cargol-vela-adaptada\/video\/6224993\/\" target=\"_blank\" rel=\"noreferrer noopener\"><img decoding=\"async\" srcset=\"https:\/\/www.barcelonacapitalnautica.org\/wp-content\/uploads\/2024\/03\/Vela_inclusiva_capacitats.png ,https:\/\/www.barcelonacapitalnautica.org\/wp-content\/uploads\/2024\/03\/Vela_inclusiva_capacitats.png 780w, https:\/\/www.barcelonacapitalnautica.org\/wp-content\/uploads\/2024\/03\/Vela_inclusiva_capacitats.png 360w\" sizes=\"auto, (max-width: 480px) 150px\" src=\"https:\/\/www.barcelonacapitalnautica.org\/wp-content\/uploads\/2024\/03\/Vela_inclusiva_capacitats.png\" alt=\"\" class=\"uag-image-265585\" width=\"560\" height=\"420\" title=\"Vela_inclusiva_capacitats\" loading=\"lazy\" role=\"img\"\/><\/a><\/figure><\/div>\n\n\n\n<div class=\"wp-block-uagb-container uagb-block-cdc17b91\">\n<div class=\"wp-block-uagb-info-box uagb-block-1aadc798 uagb-infobox__content-wrap  uagb-infobox-icon-above-title uagb-infobox-image-valign-top\"><div class=\"uagb-ifb-content\"><div class=\"uagb-ifb-title-wrap\"><h2 class=\"uagb-ifb-title\">Capacitados para todo<\/h2><\/div><p class=\"uagb-ifb-desc\">Este proyecto se lleva a cabo junto con la <a href=\"https:\/\/www.vela.cat\/\" target=\"_blank\" rel=\"noreferrer noopener\">Federaci\u00f3 Catalana de Vela<\/a> y colabora la fundaci\u00f3n <strong><a href=\"https:\/\/mifundacionalex.org\/quienes-somos\/\" target=\"_blank\" rel=\"noreferrer noopener\">Mi Fundaci\u00f3n Alex<\/a><\/strong>. Conjuntamente daremos todo el apoyo necesario a los clubs catalanes para que puedan incluir la vela inclusiva entre su oferta de actividades.<br><br><strong>\u00bfNo sabes en qu\u00e9 consiste la vela inclusiva?<br><\/strong>Te invitamos a ver la entrevista del programa de Televisi\u00f3 de Catalunya \u00abCapacitados\u00bb que realizaron a los deportistas de vela adaptada Aina Gelp\u00ed y Jordi Cargol (en catal\u00e1n).<\/p><\/div><\/div>\n<\/div>\n<\/div><\/div>\n\n\n\n<div id=\"separador\" class=\"wp-block-uagb-container uagb-block-94e5d916 alignfull uagb-is-root-container\">\n<hr class=\"wp-block-separator alignfull has-text-color has-alpha-channel-opacity has-background is-style-wide\" style=\"background-color:#ff003c;color:#ff003c\"\/>\n<\/div>\n\n\n\n<div id=\"foils\" class=\"wp-block-uagb-container uagb-block-9c126a31 alignfull uagb-is-root-container\"><div class=\"uagb-container-inner-blocks-wrap\">\n<div class=\"wp-block-uagb-container uagb-block-e1da7a31\">\n<div class=\"wp-block-uagb-info-box uagb-block-df02f2c3 uagb-infobox__content-wrap  uagb-infobox-icon-above-title uagb-infobox-image-valign-top\"><div class=\"uagb-ifb-content\"><div class=\"uagb-ifb-title-wrap\"><h2 class=\"uagb-ifb-title\">\u00bfQuieres navegar?<\/h2><\/div><p class=\"uagb-ifb-desc\">En la <a href=\"https:\/\/sites.google.com\/vela.cat\/velaperatothom\/vela-per-a-tothom\">Federaci\u00f3 Catalana de Vela<\/a> encontrar\u00e1s actividades de iniciaci\u00f3n a la vela y aprendizaje en sesiones de 3h con embarcaciones Hansa 303 y una atenci\u00f3n personalizada que incluye soporte al vestuario, espacios para acompa\u00f1antes y material adaptado.<\/p><div class=\"uagb-ifb-button-wrapper wp-block-button\"><a href=\"https:\/\/sites.google.com\/vela.cat\/velaperatothom\/escoles-de-vela\/bisc-barcelona?authuser=0\" class=\"uagb-infobox-cta-link wp-block-button__link\" target=\"_blank\" rel=\"noopener noreferrer\" onclick=\"return true;\"><span class=\"uagb-inline-editing\">reserva tu sesi\u00f3N<\/span><svg xmlns=\"https:\/\/www.w3.org\/2000\/svg\" viewBox=\"0 0 512 512\"><path d=\"M502.6 278.6l-128 128c-12.51 12.51-32.76 12.49-45.25 0c-12.5-12.5-12.5-32.75 0-45.25L402.8 288H32C14.31 288 0 273.7 0 255.1S14.31 224 32 224h370.8l-73.38-73.38c-12.5-12.5-12.5-32.75 0-45.25s32.75-12.5 45.25 0l128 128C515.1 245.9 515.1 266.1 502.6 278.6z\"><\/path><\/svg><\/a><\/div><\/div><\/div>\n<\/div>\n\n\n\n<div class=\"wp-block-uagb-image uagb-block-e1e8fd18 wp-block-uagb-image--layout-default wp-block-uagb-image--effect-static wp-block-uagb-image--align-none\"><figure class=\"wp-block-uagb-image__figure\"><img decoding=\"async\" srcset=\"https:\/\/www.barcelonacapitalnautica.org\/wp-content\/uploads\/2024\/06\/53703858982_d8a3c8bd47_k-900x600.jpg ,https:\/\/www.barcelonacapitalnautica.org\/wp-content\/uploads\/2024\/06\/53703858982_d8a3c8bd47_k.jpg 780w, https:\/\/www.barcelonacapitalnautica.org\/wp-content\/uploads\/2024\/06\/53703858982_d8a3c8bd47_k.jpg 360w\" sizes=\"auto, (max-width: 480px) 150px\" src=\"https:\/\/www.barcelonacapitalnautica.org\/wp-content\/uploads\/2024\/06\/53703858982_d8a3c8bd47_k-900x600.jpg\" alt=\"\" class=\"uag-image-267929\" width=\"560\" height=\"420\" title=\"53703858982_d8a3c8bd47_k\" loading=\"lazy\" role=\"img\"\/><\/figure><\/div>\n<\/div><\/div>\n\n\n\n<div id=\"separador\" class=\"wp-block-uagb-container uagb-block-90bf3a64 alignfull uagb-is-root-container\">\n<hr class=\"wp-block-separator alignfull has-text-color has-alpha-channel-opacity has-background is-style-wide\" style=\"background-color:#ff003c;color:#ff003c\"\/>\n<\/div>\n\n\n\n<div id=\"noticies\" class=\"wp-block-uagb-container uagb-block-9e317a06 alignfull uagb-is-root-container\"><div class=\"uagb-container-inner-blocks-wrap\">\n<div class=\"wp-block-uagb-advanced-heading uagb-block-77396a3c\"><h2 class=\"uagb-heading-text\"><br>Noticias sobre la Kakapo Open Race<\/h2><\/div>\n\n\n\n<div class=\"wp-block-uagb-container uagb-block-7519342a\">\n\t\t\t<div class=\"wp-block-uagb-post-carousel uagb-post-grid  uagb-post__image-position-top uagb-post__image-enabled uagb-block-0a24bdcc     uagb-post__arrow-outside uagb-slick-carousel uagb-post__items uagb-post__columns-3 is-carousel uagb-post__columns-tablet-2 uagb-post__columns-mobile-1 uagb-post__carousel_equal-height\" data-total=\"1\" style=\"\">\n\n\t\t\t\t\t\t\t\t\t\t\t\t<article class=\"uagb-post__inner-wrap\">\t\t\t\t\t\t\t\t<div class='uagb-post__image'>\n\t\t\t\t\t\t\t\t\t<a href=\"https:\/\/www.barcelonacapitalnautica.org\/es\/rotundo-exito-en-la-primera-edicion-de-la-regata-kakapo-open-race-de-vela-adaptada\/\" target=\"_self\" rel=\"bookmark noopener noreferrer\"><img loading=\"lazy\" decoding=\"async\" width=\"380\" height=\"147\" src=\"https:\/\/www.barcelonacapitalnautica.org\/wp-content\/uploads\/2024\/07\/Noti-Kakapo-final-380x147.png\" class=\"attachment-thumbnail size-thumbnail\" alt=\"\" srcset=\"https:\/\/www.barcelonacapitalnautica.org\/wp-content\/uploads\/2024\/07\/Noti-Kakapo-final-380x147.png 380w, https:\/\/www.barcelonacapitalnautica.org\/wp-content\/uploads\/2024\/07\/Noti-Kakapo-final-560x216.png 560w, https:\/\/www.barcelonacapitalnautica.org\/wp-content\/uploads\/2024\/07\/Noti-Kakapo-final-900x347.png 900w, https:\/\/www.barcelonacapitalnautica.org\/wp-content\/uploads\/2024\/07\/Noti-Kakapo-final-768x296.png 768w, https:\/\/www.barcelonacapitalnautica.org\/wp-content\/uploads\/2024\/07\/Noti-Kakapo-final.png 1140w\" sizes=\"auto, (max-width: 380px) 100vw, 380px\" \/>\t\t\t\t\t<\/a>\n\t\t\t\t\t\t\t\t\t<\/div>\n\t\t\t\t\t\t<h3 class=\"uagb-post__title uagb-post__text\">\n\t\t\t\t<a href=\"https:\/\/www.barcelonacapitalnautica.org\/es\/rotundo-exito-en-la-primera-edicion-de-la-regata-kakapo-open-race-de-vela-adaptada\/\" target=\"_self\" rel=\"bookmark noopener noreferrer\">Rotundo \u00e9xito en la primera edici\u00f3n de la regata Kakapo Open Race de vela adaptada<\/a>\n\t\t\t<\/h3>\n\t\t\t\t\t\t<div class='uagb-post__text uagb-post-grid-byline'>\n\t\t\t\t\t\t\t\t<time datetime=\"2024-07-22T12:25:21+02:00\" class=\"uagb-post__date\">\n\t\t\t\t\t\t\t\t\t22 de julio de 2024\t\t\t\t<\/time>\n\t\t\t\t\t\t\t<div class=\"uagb-post__text\">\n\t\t\t\t\t<span class='uagb-post__taxonomy'>\n\t\t\t\t\t\t\t\t\t\t\t\t<a href=\"https:\/\/www.barcelonacapitalnautica.org\/es\/tag\/castellano\/\">castellano<\/a>,&nbsp;<a href=\"https:\/\/www.barcelonacapitalnautica.org\/es\/tag\/catala-es\/\">catal\u00e0<\/a>,&nbsp;<a href=\"https:\/\/www.barcelonacapitalnautica.org\/es\/tag\/deporte-es\/\">Deporte<\/a>,&nbsp;<a href=\"https:\/\/www.barcelonacapitalnautica.org\/es\/tag\/kakapo-es\/\">Kakapo<\/a>,&nbsp;<a href=\"https:\/\/www.barcelonacapitalnautica.org\/es\/tag\/kakapo\/\">Kakapo<\/a>,&nbsp;<a href=\"https:\/\/www.barcelonacapitalnautica.org\/es\/tag\/regata-es-2\/\">regata<\/a>,&nbsp;<a href=\"https:\/\/www.barcelonacapitalnautica.org\/es\/tag\/regates-es\/\">Regates<\/a>\t\t\t\t\t<\/span>\n\t\t\t\t<\/div>\n\t\t\t\t\t\t\t<\/div>\n\t\t\t\t\t\t\t<div class='uagb-post__text uagb-post__excerpt'>\n\t\t\t\t\t<p>La Kakapo Open Race, la primera regata internacional de vela adaptada en Catalu\u00f1a, ha concluido tras una semana de regatas emocionantes y un esp\u00edritu deportivo inigualable. La climatolog\u00eda ha sido&#8230;\t\t\t\t<\/div>\n\t\t\t\n\t\t\t\t\t\t\t\t\t<\/article>\n\t\t\t\t\t\t\t\t\t\t\t\t\t\t\t\t<article class=\"uagb-post__inner-wrap\">\t\t\t\t\t\t\t\t<div class='uagb-post__image'>\n\t\t\t\t\t\t\t\t\t<a href=\"https:\/\/www.barcelonacapitalnautica.org\/es\/inicio-de-la-kakapo-open-race-la-primera-regata-internacional-de-vela-adaptada-en-catalunaa\/\" target=\"_self\" rel=\"bookmark noopener noreferrer\"><img loading=\"lazy\" decoding=\"async\" width=\"380\" height=\"147\" src=\"https:\/\/www.barcelonacapitalnautica.org\/wp-content\/uploads\/2024\/07\/Noti-Inici-Kakapo-380x147.png\" class=\"attachment-thumbnail size-thumbnail\" alt=\"\" srcset=\"https:\/\/www.barcelonacapitalnautica.org\/wp-content\/uploads\/2024\/07\/Noti-Inici-Kakapo-380x147.png 380w, https:\/\/www.barcelonacapitalnautica.org\/wp-content\/uploads\/2024\/07\/Noti-Inici-Kakapo-560x216.png 560w, https:\/\/www.barcelonacapitalnautica.org\/wp-content\/uploads\/2024\/07\/Noti-Inici-Kakapo-900x347.png 900w, https:\/\/www.barcelonacapitalnautica.org\/wp-content\/uploads\/2024\/07\/Noti-Inici-Kakapo-768x296.png 768w, https:\/\/www.barcelonacapitalnautica.org\/wp-content\/uploads\/2024\/07\/Noti-Inici-Kakapo.png 1140w\" sizes=\"auto, (max-width: 380px) 100vw, 380px\" \/>\t\t\t\t\t<\/a>\n\t\t\t\t\t\t\t\t\t<\/div>\n\t\t\t\t\t\t<h3 class=\"uagb-post__title uagb-post__text\">\n\t\t\t\t<a href=\"https:\/\/www.barcelonacapitalnautica.org\/es\/inicio-de-la-kakapo-open-race-la-primera-regata-internacional-de-vela-adaptada-en-catalunaa\/\" target=\"_self\" rel=\"bookmark noopener noreferrer\">Inicio de la Kakapo Open Race: la primera regata internacional de vela adaptada en Catalu\u00f1a<\/a>\n\t\t\t<\/h3>\n\t\t\t\t\t\t<div class='uagb-post__text uagb-post-grid-byline'>\n\t\t\t\t\t\t\t\t<time datetime=\"2024-07-16T12:45:22+02:00\" class=\"uagb-post__date\">\n\t\t\t\t\t\t\t\t\t16 de julio de 2024\t\t\t\t<\/time>\n\t\t\t\t\t\t\t<div class=\"uagb-post__text\">\n\t\t\t\t\t<span class='uagb-post__taxonomy'>\n\t\t\t\t\t\t\t\t\t\t\t\t<a href=\"https:\/\/www.barcelonacapitalnautica.org\/es\/tag\/castellano\/\">castellano<\/a>,&nbsp;<a href=\"https:\/\/www.barcelonacapitalnautica.org\/es\/tag\/deporte-es\/\">Deporte<\/a>,&nbsp;<a href=\"https:\/\/www.barcelonacapitalnautica.org\/es\/tag\/kakapo\/\">Kakapo<\/a>,&nbsp;<a href=\"https:\/\/www.barcelonacapitalnautica.org\/es\/tag\/regata-es-2\/\">regata<\/a>\t\t\t\t\t<\/span>\n\t\t\t\t<\/div>\n\t\t\t\t\t\t\t<\/div>\n\t\t\t\t\t\t\t<div class='uagb-post__text uagb-post__excerpt'>\n\t\t\t\t\t<p>Ayer 15 de julio, se di\u00f3 inicio a la Kakapo Open Race, la primera regata internacional de vela adaptada en Catalunya. El evento comenz\u00f3 con el registro de los participantes&#8230;\t\t\t\t<\/div>\n\t\t\t\n\t\t\t\t\t\t\t\t\t<\/article>\n\t\t\t\t\t\t\t\t\t\t\t\t\t\t\t\t<article class=\"uagb-post__inner-wrap\">\t\t\t\t\t\t\t\t<div class='uagb-post__image'>\n\t\t\t\t\t\t\t\t\t<a href=\"https:\/\/www.barcelonacapitalnautica.org\/es\/la-copa-america-se-suma-al-impulso-de-la-vela-inclusiva\/\" target=\"_self\" rel=\"bookmark noopener noreferrer\"><img loading=\"lazy\" decoding=\"async\" width=\"380\" height=\"147\" src=\"https:\/\/www.barcelonacapitalnautica.org\/wp-content\/uploads\/2024\/07\/Noti-Kakapo-AC-380x147.png\" class=\"attachment-thumbnail size-thumbnail\" alt=\"\" srcset=\"https:\/\/www.barcelonacapitalnautica.org\/wp-content\/uploads\/2024\/07\/Noti-Kakapo-AC-380x147.png 380w, https:\/\/www.barcelonacapitalnautica.org\/wp-content\/uploads\/2024\/07\/Noti-Kakapo-AC-560x216.png 560w, https:\/\/www.barcelonacapitalnautica.org\/wp-content\/uploads\/2024\/07\/Noti-Kakapo-AC-900x347.png 900w, https:\/\/www.barcelonacapitalnautica.org\/wp-content\/uploads\/2024\/07\/Noti-Kakapo-AC-768x296.png 768w, https:\/\/www.barcelonacapitalnautica.org\/wp-content\/uploads\/2024\/07\/Noti-Kakapo-AC.png 1140w\" sizes=\"auto, (max-width: 380px) 100vw, 380px\" \/>\t\t\t\t\t<\/a>\n\t\t\t\t\t\t\t\t\t<\/div>\n\t\t\t\t\t\t<h3 class=\"uagb-post__title uagb-post__text\">\n\t\t\t\t<a href=\"https:\/\/www.barcelonacapitalnautica.org\/es\/la-copa-america-se-suma-al-impulso-de-la-vela-inclusiva\/\" target=\"_self\" rel=\"bookmark noopener noreferrer\">La Copa Am\u00e9rica se suma al impulso de la vela inclusiva<\/a>\n\t\t\t<\/h3>\n\t\t\t\t\t\t<div class='uagb-post__text uagb-post-grid-byline'>\n\t\t\t\t\t\t\t\t<time datetime=\"2024-07-03T14:45:43+02:00\" class=\"uagb-post__date\">\n\t\t\t\t\t\t\t\t\t3 de julio de 2024\t\t\t\t<\/time>\n\t\t\t\t\t\t\t<div class=\"uagb-post__text\">\n\t\t\t\t\t<span class='uagb-post__taxonomy'>\n\t\t\t\t\t\t\t\t\t\t\t\t<a href=\"https:\/\/www.barcelonacapitalnautica.org\/es\/tag\/castellano\/\">castellano<\/a>,&nbsp;<a href=\"https:\/\/www.barcelonacapitalnautica.org\/es\/tag\/copa-america-es-2\/\">Copa Am\u00e8rica<\/a>,&nbsp;<a href=\"https:\/\/www.barcelonacapitalnautica.org\/es\/tag\/deporte-es\/\">Deporte<\/a>,&nbsp;<a href=\"https:\/\/www.barcelonacapitalnautica.org\/es\/tag\/kakapo\/\">Kakapo<\/a>,&nbsp;<a href=\"https:\/\/www.barcelonacapitalnautica.org\/es\/tag\/regata-es-2\/\">regata<\/a>\t\t\t\t\t<\/span>\n\t\t\t\t<\/div>\n\t\t\t\t\t\t\t<\/div>\n\t\t\t\t\t\t\t<div class='uagb-post__text uagb-post__excerpt'>\n\t\t\t\t\t<p>La organizaci\u00f3n de la Copa Am\u00e9rica, l&#8217;America&#8217;s Cup Event Barcelona (ACE), ha anunciado su apoyo al proyecto de legado de vela inclusiva \u00abVela para todo el mundo\u00bb. Esta iniciativa, desarrollada&#8230;\t\t\t\t<\/div>\n\t\t\t\n\t\t\t\t\t\t\t\t\t<\/article>\n\t\t\t\t\t\t\t\t\t\t\t\t\t\t\t\t<article class=\"uagb-post__inner-wrap\">\t\t\t\t\t\t\t\t<div class='uagb-post__image'>\n\t\t\t\t\t\t\t\t\t<a href=\"https:\/\/www.barcelonacapitalnautica.org\/es\/catalunya-acogera-por-primera-vez-la-regata-internacional-de-vela-inclusiva-kakapo-open-race\/\" target=\"_self\" rel=\"bookmark noopener noreferrer\"><img loading=\"lazy\" decoding=\"async\" width=\"380\" height=\"147\" src=\"https:\/\/www.barcelonacapitalnautica.org\/wp-content\/uploads\/2024\/05\/Noti-Equip-kakapo-380x147.png\" class=\"attachment-thumbnail size-thumbnail\" alt=\"\" srcset=\"https:\/\/www.barcelonacapitalnautica.org\/wp-content\/uploads\/2024\/05\/Noti-Equip-kakapo-380x147.png 380w, https:\/\/www.barcelonacapitalnautica.org\/wp-content\/uploads\/2024\/05\/Noti-Equip-kakapo-560x216.png 560w, https:\/\/www.barcelonacapitalnautica.org\/wp-content\/uploads\/2024\/05\/Noti-Equip-kakapo-900x347.png 900w, https:\/\/www.barcelonacapitalnautica.org\/wp-content\/uploads\/2024\/05\/Noti-Equip-kakapo-768x296.png 768w, https:\/\/www.barcelonacapitalnautica.org\/wp-content\/uploads\/2024\/05\/Noti-Equip-kakapo.png 1140w\" sizes=\"auto, (max-width: 380px) 100vw, 380px\" \/>\t\t\t\t\t<\/a>\n\t\t\t\t\t\t\t\t\t<\/div>\n\t\t\t\t\t\t<h3 class=\"uagb-post__title uagb-post__text\">\n\t\t\t\t<a href=\"https:\/\/www.barcelonacapitalnautica.org\/es\/catalunya-acogera-por-primera-vez-la-regata-internacional-de-vela-inclusiva-kakapo-open-race\/\" target=\"_self\" rel=\"bookmark noopener noreferrer\">Catalunya acoger\u00e1 por primera vez la regata internacional de vela inclusiva Kakapo Open Race<\/a>\n\t\t\t<\/h3>\n\t\t\t\t\t\t<div class='uagb-post__text uagb-post-grid-byline'>\n\t\t\t\t\t\t\t\t<time datetime=\"2024-05-08T15:24:22+02:00\" class=\"uagb-post__date\">\n\t\t\t\t\t\t\t\t\t8 de mayo de 2024\t\t\t\t<\/time>\n\t\t\t\t\t\t\t<div class=\"uagb-post__text\">\n\t\t\t\t\t<span class='uagb-post__taxonomy'>\n\t\t\t\t\t\t\t\t\t\t\t\t<a href=\"https:\/\/www.barcelonacapitalnautica.org\/es\/tag\/castellano\/\">castellano<\/a>,&nbsp;<a href=\"https:\/\/www.barcelonacapitalnautica.org\/es\/tag\/deporte-es\/\">Deporte<\/a>,&nbsp;<a href=\"https:\/\/www.barcelonacapitalnautica.org\/es\/tag\/kakapo\/\">Kakapo<\/a>,&nbsp;<a href=\"https:\/\/www.barcelonacapitalnautica.org\/es\/tag\/proyectos-de-legado\/\">Proyectos de Legado<\/a>,&nbsp;<a href=\"https:\/\/www.barcelonacapitalnautica.org\/es\/tag\/regata-es-2\/\">regata<\/a>\t\t\t\t\t<\/span>\n\t\t\t\t<\/div>\n\t\t\t\t\t\t\t<\/div>\n\t\t\t\t\t\t\t<div class='uagb-post__text uagb-post__excerpt'>\n\t\t\t\t\t<p>La Federaci\u00f3 Catalana de Vela, la Fundaci\u00f3 Barcelona Capital N\u00e0utica y la Fundaci\u00f3n Mi Alex han presentado hoy la primera edici\u00f3n de la Kakapo Open Race, una regata internacional de&#8230;\t\t\t\t<\/div>\n\t\t\t\n\t\t\t\t\t\t\t\t\t<\/article>\n\t\t\t\t\t\t\t\t\t\t\t<\/div>\n\t\t\t<\/div>\n<\/div><\/div>\n\n\n\n<div id=\"patronat\" class=\"wp-block-uagb-container uagb-block-5452caee alignfull uagb-is-root-container\"><div class=\"uagb-container-inner-blocks-wrap\">\n<div class=\"wp-block-uagb-advanced-heading uagb-block-eddcbcef\"><div class=\"uagb-separator\"><\/div><h4 class=\"uagb-heading-text\">un proyecto en colaboraci\u00f3n con<\/h4><\/div>\n\n\n\n<div class=\"wp-block-uagb-container patronat-container uagb-block-74e553a0\">\n<div class=\"wp-block-uagb-image aligncenter uagb-block-04d9bca9 wp-block-uagb-image--layout-default wp-block-uagb-image--effect-static wp-block-uagb-image--align-center patronat-img\"><figure class=\"wp-block-uagb-image__figure\"><img decoding=\"async\" srcset=\"https:\/\/www.barcelonacapitalnautica.org\/wp-content\/uploads\/2023\/04\/Federacio-Catalan-de-Vela-900x459.png ,https:\/\/www.barcelonacapitalnautica.org\/wp-content\/uploads\/2023\/04\/Federacio-Catalan-de-Vela.png 780w, https:\/\/www.barcelonacapitalnautica.org\/wp-content\/uploads\/2023\/04\/Federacio-Catalan-de-Vela.png 360w\" sizes=\"auto, (max-width: 480px) 150px\" src=\"https:\/\/www.barcelonacapitalnautica.org\/wp-content\/uploads\/2023\/04\/Federacio-Catalan-de-Vela-900x459.png\" alt=\"\" class=\"uag-image-256826\" width=\"189\" height=\"49\" title=\"Federacio Catalan de Vela\" loading=\"lazy\" role=\"img\"\/><\/figure><\/div>\n\n\n\n<div class=\"wp-block-uagb-image aligncenter uagb-block-bb3e1aaf wp-block-uagb-image--layout-default wp-block-uagb-image--effect-static wp-block-uagb-image--align-center patronat-img\"><figure class=\"wp-block-uagb-image__figure\"><img decoding=\"async\" srcset=\"https:\/\/www.barcelonacapitalnautica.org\/wp-content\/uploads\/2025\/02\/Logo-Mi-Alex.png ,https:\/\/www.barcelonacapitalnautica.org\/wp-content\/uploads\/2025\/02\/Logo-Mi-Alex.png 780w, https:\/\/www.barcelonacapitalnautica.org\/wp-content\/uploads\/2025\/02\/Logo-Mi-Alex.png 360w\" sizes=\"auto, (max-width: 480px) 150px\" src=\"https:\/\/www.barcelonacapitalnautica.org\/wp-content\/uploads\/2025\/02\/Logo-Mi-Alex.png\" alt=\"\" class=\"uag-image-271225\" width=\"189\" height=\"62\" title=\"Logo Mi Alex\" loading=\"lazy\" role=\"img\"\/><\/figure><\/div>\n<\/div>\n<\/div><\/div>\n","protected":false},"excerpt":{"rendered":"<p>Objectivo Promoci\u00f3n de la vela adaptada mejorando la oferta de [&hellip;]<\/p>\n","protected":false},"author":3,"featured_media":264623,"parent":258245,"menu_order":4,"comment_status":"closed","ping_status":"closed","template":"","meta":{"_uag_custom_page_level_css":"","site-sidebar-layout":"default","site-content-layout":"","ast-site-content-layout":"default","site-content-style":"default","site-sidebar-style":"default","ast-global-header-display":"","ast-banner-title-visibility":"","ast-main-header-display":"","ast-hfb-above-header-display":"","ast-hfb-below-header-display":"","ast-hfb-mobile-header-display":"","site-post-title":"disabled","ast-breadcrumbs-content":"","ast-featured-img":"disabled","footer-sml-layout":"","ast-disable-related-posts":"","theme-transparent-header-meta":"","adv-header-id-meta":"","stick-header-meta":"","header-above-stick-meta":"","header-main-stick-meta":"","header-below-stick-meta":"","astra-migrate-meta-layouts":"set","ast-page-background-enabled":"default","ast-page-background-meta":{"desktop":{"background-color":"","background-image":"","background-repeat":"repeat","background-position":"center center","background-size":"auto","background-attachment":"scroll","background-type":"","background-media":"","overlay-type":"","overlay-color":"","overlay-opacity":"","overlay-gradient":""},"tablet":{"background-color":"","background-image":"","background-repeat":"repeat","background-position":"center center","background-size":"auto","background-attachment":"scroll","background-type":"","background-media":"","overlay-type":"","overlay-color":"","overlay-opacity":"","overlay-gradient":""},"mobile":{"background-color":"","background-image":"","background-repeat":"repeat","background-position":"center center","background-size":"auto","background-attachment":"scroll","background-type":"","background-media":"","overlay-type":"","overlay-color":"","overlay-opacity":"","overlay-gradient":""}},"ast-content-background-meta":{"desktop":{"background-color":"var(--ast-global-color-5)","background-image":"","background-repeat":"repeat","background-position":"center center","background-size":"auto","background-attachment":"scroll","background-type":"","background-media":"","overlay-type":"","overlay-color":"","overlay-opacity":"","overlay-gradient":""},"tablet":{"background-color":"var(--ast-global-color-5)","background-image":"","background-repeat":"repeat","background-position":"center center","background-size":"auto","background-attachment":"scroll","background-type":"","background-media":"","overlay-type":"","overlay-color":"","overlay-opacity":"","overlay-gradient":""},"mobile":{"background-color":"var(--ast-global-color-5)","background-image":"","background-repeat":"repeat","background-position":"center center","background-size":"auto","background-attachment":"scroll","background-type":"","background-media":"","overlay-type":"","overlay-color":"","overlay-opacity":"","overlay-gradient":""}},"_price":"","_stock":"","_tribe_ticket_header":"","_tribe_default_ticket_provider":"","_tribe_ticket_capacity":"0","_ticket_start_date":"","_ticket_end_date":"","_tribe_ticket_show_description":"","_tribe_ticket_show_not_going":false,"_tribe_ticket_use_global_stock":"","_tribe_ticket_global_stock_level":"","_global_stock_mode":"","_global_stock_cap":"","_tribe_rsvp_for_event":"","_tribe_ticket_going_count":"","_tribe_ticket_not_going_count":"","_tribe_tickets_list":[],"_tribe_ticket_has_attendee_info_fields":false,"footnotes":""},"class_list":["post-265655","page","type-page","status-publish","has-post-thumbnail","hentry"],"yoast_head":"<!-- This site is optimized with the Yoast SEO plugin v27.5 - https:\/\/yoast.com\/product\/yoast-seo-wordpress\/ -->\n<title>Vela para todo el mundo - Barcelona Capital N\u00e0utica<\/title>\n<meta name=\"description\" content=\"Programa de vela inclusiva desarrollado conjuntamente con la\u00a0Federaci\u00f3 Catalana de Vela\u00a0que quiere ayudar a clubes y formadores para conseguir que el deporte de la vela llegue a todo el mundo, sin excepci\u00f3n.\" \/>\n<meta name=\"robots\" content=\"index, follow, max-snippet:-1, max-image-preview:large, max-video-preview:-1\" \/>\n<link rel=\"canonical\" href=\"https:\/\/www.barcelonacapitalnautica.org\/es\/deporte\/vela-para-todo-el-mundo\/\" \/>\n<meta property=\"og:locale\" content=\"es_ES\" \/>\n<meta property=\"og:type\" content=\"article\" \/>\n<meta property=\"og:title\" content=\"Vela para todo el mundo - Barcelona Capital N\u00e0utica\" \/>\n<meta property=\"og:description\" content=\"Programa de vela inclusiva desarrollado conjuntamente con la\u00a0Federaci\u00f3 Catalana de Vela\u00a0que quiere ayudar a clubes y formadores para conseguir que el deporte de la vela llegue a todo el mundo, sin excepci\u00f3n.\" \/>\n<meta property=\"og:url\" content=\"https:\/\/www.barcelonacapitalnautica.org\/es\/deporte\/vela-para-todo-el-mundo\/\" \/>\n<meta property=\"og:site_name\" content=\"Barcelona Capital N\u00e0utica\" \/>\n<meta property=\"article:publisher\" content=\"https:\/\/www.facebook.com\/barcelonacapitalnautica\" \/>\n<meta property=\"article:modified_time\" content=\"2025-09-01T12:07:06+00:00\" \/>\n<meta property=\"og:image\" content=\"https:\/\/www.barcelonacapitalnautica.org\/wp-content\/uploads\/2024\/02\/Destacat-Vela-inclusiva_2.png\" \/>\n\t<meta property=\"og:image:width\" content=\"560\" \/>\n\t<meta property=\"og:image:height\" content=\"420\" \/>\n\t<meta property=\"og:image:type\" content=\"image\/png\" \/>\n<meta name=\"twitter:card\" content=\"summary_large_image\" \/>\n<meta name=\"twitter:site\" content=\"@bcnautica\" \/>\n<meta name=\"twitter:label1\" content=\"Tiempo de lectura\" \/>\n\t<meta name=\"twitter:data1\" content=\"3 minutos\" \/>\n<script type=\"application\/ld+json\" class=\"yoast-schema-graph\">{\"@context\":\"https:\\\/\\\/schema.org\",\"@graph\":[{\"@type\":\"WebPage\",\"@id\":\"https:\\\/\\\/www.barcelonacapitalnautica.org\\\/es\\\/deporte\\\/vela-para-todo-el-mundo\\\/\",\"url\":\"https:\\\/\\\/www.barcelonacapitalnautica.org\\\/es\\\/deporte\\\/vela-para-todo-el-mundo\\\/\",\"name\":\"Vela para todo el mundo - Barcelona Capital N\u00e0utica\",\"isPartOf\":{\"@id\":\"https:\\\/\\\/www.barcelonacapitalnautica.org\\\/es\\\/#website\"},\"primaryImageOfPage\":{\"@id\":\"https:\\\/\\\/www.barcelonacapitalnautica.org\\\/es\\\/deporte\\\/vela-para-todo-el-mundo\\\/#primaryimage\"},\"image\":{\"@id\":\"https:\\\/\\\/www.barcelonacapitalnautica.org\\\/es\\\/deporte\\\/vela-para-todo-el-mundo\\\/#primaryimage\"},\"thumbnailUrl\":\"https:\\\/\\\/www.barcelonacapitalnautica.org\\\/wp-content\\\/uploads\\\/2024\\\/02\\\/Destacat-Vela-inclusiva_2.png\",\"datePublished\":\"2024-03-22T11:24:43+00:00\",\"dateModified\":\"2025-09-01T12:07:06+00:00\",\"description\":\"Programa de vela inclusiva desarrollado conjuntamente con la\u00a0Federaci\u00f3 Catalana de Vela\u00a0que quiere ayudar a clubes y formadores para conseguir que el deporte de la vela llegue a todo el mundo, sin excepci\u00f3n.\",\"breadcrumb\":{\"@id\":\"https:\\\/\\\/www.barcelonacapitalnautica.org\\\/es\\\/deporte\\\/vela-para-todo-el-mundo\\\/#breadcrumb\"},\"inLanguage\":\"es\",\"potentialAction\":[{\"@type\":\"ReadAction\",\"target\":[\"https:\\\/\\\/www.barcelonacapitalnautica.org\\\/es\\\/deporte\\\/vela-para-todo-el-mundo\\\/\"]}]},{\"@type\":\"ImageObject\",\"inLanguage\":\"es\",\"@id\":\"https:\\\/\\\/www.barcelonacapitalnautica.org\\\/es\\\/deporte\\\/vela-para-todo-el-mundo\\\/#primaryimage\",\"url\":\"https:\\\/\\\/www.barcelonacapitalnautica.org\\\/wp-content\\\/uploads\\\/2024\\\/02\\\/Destacat-Vela-inclusiva_2.png\",\"contentUrl\":\"https:\\\/\\\/www.barcelonacapitalnautica.org\\\/wp-content\\\/uploads\\\/2024\\\/02\\\/Destacat-Vela-inclusiva_2.png\",\"width\":560,\"height\":420},{\"@type\":\"BreadcrumbList\",\"@id\":\"https:\\\/\\\/www.barcelonacapitalnautica.org\\\/es\\\/deporte\\\/vela-para-todo-el-mundo\\\/#breadcrumb\",\"itemListElement\":[{\"@type\":\"ListItem\",\"position\":1,\"name\":\"Inici\",\"item\":\"https:\\\/\\\/www.barcelonacapitalnautica.org\\\/es\\\/\"},{\"@type\":\"ListItem\",\"position\":2,\"name\":\"Deporte\",\"item\":\"https:\\\/\\\/www.barcelonacapitalnautica.org\\\/es\\\/deporte\\\/\"},{\"@type\":\"ListItem\",\"position\":3,\"name\":\"Vela para todo el mundo\"}]},{\"@type\":\"WebSite\",\"@id\":\"https:\\\/\\\/www.barcelonacapitalnautica.org\\\/es\\\/#website\",\"url\":\"https:\\\/\\\/www.barcelonacapitalnautica.org\\\/es\\\/\",\"name\":\"Barcelona Capital N\u00e0utica\",\"description\":\"Barcelona Capital N\u00e0utica\",\"publisher\":{\"@id\":\"https:\\\/\\\/www.barcelonacapitalnautica.org\\\/es\\\/#organization\"},\"alternateName\":\"BCN\u00e0utica, FBCN\",\"potentialAction\":[{\"@type\":\"SearchAction\",\"target\":{\"@type\":\"EntryPoint\",\"urlTemplate\":\"https:\\\/\\\/www.barcelonacapitalnautica.org\\\/es\\\/?s={search_term_string}\"},\"query-input\":{\"@type\":\"PropertyValueSpecification\",\"valueRequired\":true,\"valueName\":\"search_term_string\"}}],\"inLanguage\":\"es\"},{\"@type\":\"Organization\",\"@id\":\"https:\\\/\\\/www.barcelonacapitalnautica.org\\\/es\\\/#organization\",\"name\":\"Barcelona Capital N\u00e0utica\",\"alternateName\":\"Fundaci\u00f3 Barcelona Capital N\u00e0utica\",\"url\":\"https:\\\/\\\/www.barcelonacapitalnautica.org\\\/es\\\/\",\"logo\":{\"@type\":\"ImageObject\",\"inLanguage\":\"es\",\"@id\":\"https:\\\/\\\/www.barcelonacapitalnautica.org\\\/es\\\/#\\\/schema\\\/logo\\\/image\\\/\",\"url\":\"https:\\\/\\\/www.barcelonacapitalnautica.org\\\/wp-content\\\/uploads\\\/2023\\\/03\\\/Logo-blau.svg\",\"contentUrl\":\"https:\\\/\\\/www.barcelonacapitalnautica.org\\\/wp-content\\\/uploads\\\/2023\\\/03\\\/Logo-blau.svg\",\"width\":200,\"height\":58,\"caption\":\"Barcelona Capital N\u00e0utica\"},\"image\":{\"@id\":\"https:\\\/\\\/www.barcelonacapitalnautica.org\\\/es\\\/#\\\/schema\\\/logo\\\/image\\\/\"},\"sameAs\":[\"https:\\\/\\\/www.facebook.com\\\/barcelonacapitalnautica\",\"https:\\\/\\\/x.com\\\/bcnautica\",\"https:\\\/\\\/www.instagram.com\\\/bcnautica\\\/\",\"https:\\\/\\\/www.linkedin.com\\\/company\\\/barcelona-capital-nautica\"]}]}<\/script>\n<!-- \/ Yoast SEO plugin. -->","yoast_head_json":{"title":"Vela para todo el mundo - Barcelona Capital N\u00e0utica","description":"Programa de vela inclusiva desarrollado conjuntamente con la\u00a0Federaci\u00f3 Catalana de Vela\u00a0que quiere ayudar a clubes y formadores para conseguir que el deporte de la vela llegue a todo el mundo, sin excepci\u00f3n.","robots":{"index":"index","follow":"follow","max-snippet":"max-snippet:-1","max-image-preview":"max-image-preview:large","max-video-preview":"max-video-preview:-1"},"canonical":"https:\/\/www.barcelonacapitalnautica.org\/es\/deporte\/vela-para-todo-el-mundo\/","og_locale":"es_ES","og_type":"article","og_title":"Vela para todo el mundo - Barcelona Capital N\u00e0utica","og_description":"Programa de vela inclusiva desarrollado conjuntamente con la\u00a0Federaci\u00f3 Catalana de Vela\u00a0que quiere ayudar a clubes y formadores para conseguir que el deporte de la vela llegue a todo el mundo, sin excepci\u00f3n.","og_url":"https:\/\/www.barcelonacapitalnautica.org\/es\/deporte\/vela-para-todo-el-mundo\/","og_site_name":"Barcelona Capital N\u00e0utica","article_publisher":"https:\/\/www.facebook.com\/barcelonacapitalnautica","article_modified_time":"2025-09-01T12:07:06+00:00","og_image":[{"width":560,"height":420,"url":"https:\/\/www.barcelonacapitalnautica.org\/wp-content\/uploads\/2024\/02\/Destacat-Vela-inclusiva_2.png","type":"image\/png"}],"twitter_card":"summary_large_image","twitter_site":"@bcnautica","twitter_misc":{"Tiempo de lectura":"3 minutos"},"schema":{"@context":"https:\/\/schema.org","@graph":[{"@type":"WebPage","@id":"https:\/\/www.barcelonacapitalnautica.org\/es\/deporte\/vela-para-todo-el-mundo\/","url":"https:\/\/www.barcelonacapitalnautica.org\/es\/deporte\/vela-para-todo-el-mundo\/","name":"Vela para todo el mundo - Barcelona Capital N\u00e0utica","isPartOf":{"@id":"https:\/\/www.barcelonacapitalnautica.org\/es\/#website"},"primaryImageOfPage":{"@id":"https:\/\/www.barcelonacapitalnautica.org\/es\/deporte\/vela-para-todo-el-mundo\/#primaryimage"},"image":{"@id":"https:\/\/www.barcelonacapitalnautica.org\/es\/deporte\/vela-para-todo-el-mundo\/#primaryimage"},"thumbnailUrl":"https:\/\/www.barcelonacapitalnautica.org\/wp-content\/uploads\/2024\/02\/Destacat-Vela-inclusiva_2.png","datePublished":"2024-03-22T11:24:43+00:00","dateModified":"2025-09-01T12:07:06+00:00","description":"Programa de vela inclusiva desarrollado conjuntamente con la\u00a0Federaci\u00f3 Catalana de Vela\u00a0que quiere ayudar a clubes y formadores para conseguir que el deporte de la vela llegue a todo el mundo, sin excepci\u00f3n.","breadcrumb":{"@id":"https:\/\/www.barcelonacapitalnautica.org\/es\/deporte\/vela-para-todo-el-mundo\/#breadcrumb"},"inLanguage":"es","potentialAction":[{"@type":"ReadAction","target":["https:\/\/www.barcelonacapitalnautica.org\/es\/deporte\/vela-para-todo-el-mundo\/"]}]},{"@type":"ImageObject","inLanguage":"es","@id":"https:\/\/www.barcelonacapitalnautica.org\/es\/deporte\/vela-para-todo-el-mundo\/#primaryimage","url":"https:\/\/www.barcelonacapitalnautica.org\/wp-content\/uploads\/2024\/02\/Destacat-Vela-inclusiva_2.png","contentUrl":"https:\/\/www.barcelonacapitalnautica.org\/wp-content\/uploads\/2024\/02\/Destacat-Vela-inclusiva_2.png","width":560,"height":420},{"@type":"BreadcrumbList","@id":"https:\/\/www.barcelonacapitalnautica.org\/es\/deporte\/vela-para-todo-el-mundo\/#breadcrumb","itemListElement":[{"@type":"ListItem","position":1,"name":"Inici","item":"https:\/\/www.barcelonacapitalnautica.org\/es\/"},{"@type":"ListItem","position":2,"name":"Deporte","item":"https:\/\/www.barcelonacapitalnautica.org\/es\/deporte\/"},{"@type":"ListItem","position":3,"name":"Vela para todo el mundo"}]},{"@type":"WebSite","@id":"https:\/\/www.barcelonacapitalnautica.org\/es\/#website","url":"https:\/\/www.barcelonacapitalnautica.org\/es\/","name":"Barcelona Capital N\u00e0utica","description":"Barcelona Capital N\u00e0utica","publisher":{"@id":"https:\/\/www.barcelonacapitalnautica.org\/es\/#organization"},"alternateName":"BCN\u00e0utica, FBCN","potentialAction":[{"@type":"SearchAction","target":{"@type":"EntryPoint","urlTemplate":"https:\/\/www.barcelonacapitalnautica.org\/es\/?s={search_term_string}"},"query-input":{"@type":"PropertyValueSpecification","valueRequired":true,"valueName":"search_term_string"}}],"inLanguage":"es"},{"@type":"Organization","@id":"https:\/\/www.barcelonacapitalnautica.org\/es\/#organization","name":"Barcelona Capital N\u00e0utica","alternateName":"Fundaci\u00f3 Barcelona Capital N\u00e0utica","url":"https:\/\/www.barcelonacapitalnautica.org\/es\/","logo":{"@type":"ImageObject","inLanguage":"es","@id":"https:\/\/www.barcelonacapitalnautica.org\/es\/#\/schema\/logo\/image\/","url":"https:\/\/www.barcelonacapitalnautica.org\/wp-content\/uploads\/2023\/03\/Logo-blau.svg","contentUrl":"https:\/\/www.barcelonacapitalnautica.org\/wp-content\/uploads\/2023\/03\/Logo-blau.svg","width":200,"height":58,"caption":"Barcelona Capital N\u00e0utica"},"image":{"@id":"https:\/\/www.barcelonacapitalnautica.org\/es\/#\/schema\/logo\/image\/"},"sameAs":["https:\/\/www.facebook.com\/barcelonacapitalnautica","https:\/\/x.com\/bcnautica","https:\/\/www.instagram.com\/bcnautica\/","https:\/\/www.linkedin.com\/company\/barcelona-capital-nautica"]}]}},"uagb_featured_image_src":{"full":["https:\/\/www.barcelonacapitalnautica.org\/wp-content\/uploads\/2024\/02\/Destacat-Vela-inclusiva_2.png",560,420,false],"thumbnail":["https:\/\/www.barcelonacapitalnautica.org\/wp-content\/uploads\/2024\/02\/Destacat-Vela-inclusiva_2-380x285.png",380,285,true],"medium":["https:\/\/www.barcelonacapitalnautica.org\/wp-content\/uploads\/2024\/02\/Destacat-Vela-inclusiva_2.png",560,420,false],"medium_large":["https:\/\/www.barcelonacapitalnautica.org\/wp-content\/uploads\/2024\/02\/Destacat-Vela-inclusiva_2.png",560,420,false],"large":["https:\/\/www.barcelonacapitalnautica.org\/wp-content\/uploads\/2024\/02\/Destacat-Vela-inclusiva_2.png",560,420,false],"1536x1536":["https:\/\/www.barcelonacapitalnautica.org\/wp-content\/uploads\/2024\/02\/Destacat-Vela-inclusiva_2.png",560,420,false],"2048x2048":["https:\/\/www.barcelonacapitalnautica.org\/wp-content\/uploads\/2024\/02\/Destacat-Vela-inclusiva_2.png",560,420,false]},"uagb_author_info":{"display_name":"Cristina Martin","author_link":"https:\/\/www.barcelonacapitalnautica.org\/es\/author\/fbcn_cristina\/"},"uagb_comment_info":0,"uagb_excerpt":"Objectivo Promoci\u00f3n de la vela adaptada mejorando la oferta de [&hellip;]","ticketed":false,"_links":{"self":[{"href":"https:\/\/www.barcelonacapitalnautica.org\/es\/wp-json\/wp\/v2\/pages\/265655","targetHints":{"allow":["GET"]}}],"collection":[{"href":"https:\/\/www.barcelonacapitalnautica.org\/es\/wp-json\/wp\/v2\/pages"}],"about":[{"href":"https:\/\/www.barcelonacapitalnautica.org\/es\/wp-json\/wp\/v2\/types\/page"}],"author":[{"embeddable":true,"href":"https:\/\/www.barcelonacapitalnautica.org\/es\/wp-json\/wp\/v2\/users\/3"}],"replies":[{"embeddable":true,"href":"https:\/\/www.barcelonacapitalnautica.org\/es\/wp-json\/wp\/v2\/comments?post=265655"}],"version-history":[{"count":25,"href":"https:\/\/www.barcelonacapitalnautica.org\/es\/wp-json\/wp\/v2\/pages\/265655\/revisions"}],"predecessor-version":[{"id":273129,"href":"https:\/\/www.barcelonacapitalnautica.org\/es\/wp-json\/wp\/v2\/pages\/265655\/revisions\/273129"}],"up":[{"embeddable":true,"href":"https:\/\/www.barcelonacapitalnautica.org\/es\/wp-json\/wp\/v2\/pages\/258245"}],"wp:featuredmedia":[{"embeddable":true,"href":"https:\/\/www.barcelonacapitalnautica.org\/es\/wp-json\/wp\/v2\/media\/264623"}],"wp:attachment":[{"href":"https:\/\/www.barcelonacapitalnautica.org\/es\/wp-json\/wp\/v2\/media?parent=265655"}],"curies":[{"name":"wp","href":"https:\/\/api.w.org\/{rel}","templated":true}]}}