{"id":266170,"date":"2024-04-09T12:30:47","date_gmt":"2024-04-09T10:30:47","guid":{"rendered":"https:\/\/www.barcelonacapitalnautica.org\/cultura\/exposicion-de-fotografias\/"},"modified":"2025-09-30T12:36:40","modified_gmt":"2025-09-30T10:36:40","slug":"exposicion-de-fotografias","status":"publish","type":"page","link":"https:\/\/www.barcelonacapitalnautica.org\/es\/cultura\/exposicion-de-fotografias\/","title":{"rendered":"Exposici\u00f3n de fotograf\u00edas"},"content":{"rendered":"\n<div class=\"wp-block-cover alignfull has-parallax\" style=\"padding-top:40px;padding-right:40px;padding-bottom:40px;padding-left:40px;min-height:555px;aspect-ratio:unset;\" id=\"rcsailing\"><span aria-hidden=\"true\" class=\"wp-block-cover__background has-background-dim-20 has-background-dim\" style=\"background-color:#000000\"><\/span><div class=\"wp-block-cover__image-background wp-image-264007 has-parallax\" style=\"background-position:50% 50%;background-image:url(https:\/\/www.barcelonacapitalnautica.org\/wp-content\/uploads\/2024\/01\/cameron.aerials78b8f899-c5ba-403e-abfa-fb449e3a0187-scaled.jpg)\"><\/div><div class=\"wp-block-cover__inner-container is-layout-flow wp-block-cover-is-layout-flow\">\n<div class=\"wp-block-uagb-container uagb-block-6a4c07d0 alignfull uagb-is-root-container\"><div class=\"uagb-container-inner-blocks-wrap\">\n<div class=\"wp-block-uagb-info-box uagb-block-3d326010 uagb-infobox__content-wrap  uagb-infobox-icon-above-title uagb-infobox-image-valign-top\"><div class=\"uagb-ifb-content\"><div class=\"uagb-ifb-title-wrap\"><h1 class=\"uagb-ifb-title\">Un mar abierto a todo el mundo<\/h1><\/div><p class=\"uagb-ifb-desc\">Una exposici\u00f3n de fotograf\u00edas sobre nuestra relaci\u00f3n con el mar<\/p><\/div><\/div>\n<\/div><\/div>\n<\/div><\/div>\n\n\n\n<div class=\"wp-block-uagb-container uagb-block-09ab738d alignfull uagb-is-root-container\"><div class=\"uagb-container-inner-blocks-wrap\">\n<div class=\"wp-block-uagb-container uagb-block-91337114\">\n<div class=\"wp-block-uagb-info-box uagb-block-d9b8046f uagb-infobox__content-wrap  uagb-infobox-icon-above-title uagb-infobox-image-valign-top\"><div class=\"uagb-ifb-content\"><div class=\"uagb-ifb-title-wrap\"><h2 class=\"uagb-ifb-title\">En busca de la mejor fotograf\u00eda de mar<\/h2><\/div><p class=\"uagb-ifb-desc\">Al febrer vam llan\u00e7ar un <a href=\"https:\/\/www.barcelonacapitalnautica.org\/es\/concurso-internacional-de-fotografia-un-mar-abierto-a-todo-el-mundo\/\">concurs de fotografia internacional<\/a> a trav\u00e9s de la plataforma Agora Awards sota el lema \u00ab<strong>Un Mar Obert a Tothom<\/strong>\u00bb on es van presentar <strong>2.500 fotografies de m\u00e9s de 80 nacionalitats<\/strong> diferents, com Xile, Austr\u00e0lia, It\u00e0lia o Indon\u00e8sia, aix\u00ed com tamb\u00e9 de totes parts d\u2019Espanya, com Ast\u00faries, Mallorca o Val\u00e8ncia.<\/p><div class=\"uagb-ifb-button-wrapper wp-block-button\"><a href=\"https:\/\/www.barcelonacapitalnautica.org\/es\/concurso-internacional-de-fotografia-un-mar-abierto-a-todo-el-mundo\/\" class=\"uagb-infobox-cta-link wp-block-button__link\" target=\"_self\" rel=\"noopener noreferrer\" onclick=\"return true;\"><span class=\"uagb-inline-editing\">El Concurso<\/span><svg xmlns=\"https:\/\/www.w3.org\/2000\/svg\" viewBox=\"0 0 512 512\"><path d=\"M504.3 273.6l-112.1 104c-6.992 6.484-17.18 8.218-25.94 4.406c-8.758-3.812-14.42-12.45-14.42-21.1L351.9 288H32C14.33 288 .0002 273.7 .0002 255.1S14.33 224 32 224h319.9l0-72c0-9.547 5.66-18.19 14.42-22c8.754-3.809 18.95-2.075 25.94 4.41l112.1 104C514.6 247.9 514.6 264.1 504.3 273.6z\"><\/path><\/svg><\/a><\/div><\/div><\/div>\n<\/div>\n\n\n\n<div class=\"wp-block-uagb-container uagb-block-87d3177d\">\n<div class=\"wp-block-uagb-image alignleft uagb-block-af83708e wp-block-uagb-image--layout-default wp-block-uagb-image--effect-static wp-block-uagb-image--align-left alignright\"><figure class=\"wp-block-uagb-image__figure\"><a class=\"\" href=\"https:\/\/www.barcelonacapitalnautica.org\/es\/concurso-internacional-de-fotografia-un-mar-abierto-a-todo-el-mundo\/\" target=\"\" rel=\"noopener\"><img decoding=\"async\" srcset=\"https:\/\/www.barcelonacapitalnautica.org\/wp-content\/uploads\/2024\/04\/cropped-Favicon_agoraawards-380x380.png ,https:\/\/www.barcelonacapitalnautica.org\/wp-content\/uploads\/2024\/04\/cropped-Favicon_agoraawards.png 780w, https:\/\/www.barcelonacapitalnautica.org\/wp-content\/uploads\/2024\/04\/cropped-Favicon_agoraawards.png 360w\" sizes=\"auto, (max-width: 480px) 150px\" src=\"https:\/\/www.barcelonacapitalnautica.org\/wp-content\/uploads\/2024\/04\/cropped-Favicon_agoraawards-380x380.png\" alt=\"\" class=\"uag-image-265952\" width=\"200\" height=\"200\" title=\"cropped-Favicon_agoraawards\" loading=\"lazy\" role=\"img\"\/><\/a><\/figure><\/div>\n<\/div>\n<\/div><\/div>\n\n\n\n<div id=\"ecomar\" class=\"wp-block-uagb-container uagb-block-3fd595c1 alignfull uagb-is-root-container\"><div class=\"uagb-container-inner-blocks-wrap\">\n<figure class=\"wp-block-embed is-type-video is-provider-youtube wp-block-embed-youtube wp-embed-aspect-16-9 wp-has-aspect-ratio\"><div class=\"wp-block-embed__wrapper\">\n<iframe loading=\"lazy\" title=\"Exposici\u00f3 de fotografies &quot;Un mar obert a tothom&quot;\" width=\"500\" height=\"281\" src=\"https:\/\/www.youtube.com\/embed\/u0RcfE7Gh_0?feature=oembed\" frameborder=\"0\" allow=\"accelerometer; autoplay; clipboard-write; encrypted-media; gyroscope; picture-in-picture; web-share\" referrerpolicy=\"strict-origin-when-cross-origin\" allowfullscreen><\/iframe>\n<\/div><\/figure>\n\n\n\n<div class=\"wp-block-uagb-container uagb-block-208fb25d\">\n<div class=\"wp-block-uagb-info-box uagb-block-7c0ff201 uagb-infobox__content-wrap  uagb-infobox-icon-left-title uagb-infobox-left uagb-infobox-image-valign-top\"><div class=\"uagb-ifb-content\"><div class=\"uagb-ifb-left-title-image\"><div class=\"uagb-ifb-title-wrap\"><h2 class=\"uagb-ifb-title\">La exposici\u00f3n en el Centre de la Platja<\/h2><\/div><\/div><p class=\"uagb-ifb-desc\">La muestra se podr\u00e1 visitar hasta el 31 de octubre, de martes a domingo entre las 10 y las 14 h, en el Centro de la Playa (Paseo Mar\u00edtimo de la Barceloneta \u2013 Oriol Bohigas, 25-29). La entrada es gratuita y abierta a todo el mundo.<\/p><\/div><\/div>\n<\/div>\n<\/div><\/div>\n\n\n\n<div id=\"ecomar\" class=\"wp-block-uagb-container uag-hide-desktop uag-hide-tab uag-hide-mob uagb-block-6942fbf8 alignfull uagb-is-root-container\"><div class=\"uagb-container-inner-blocks-wrap\">\n<figure class=\"wp-block-embed is-type-video is-provider-youtube wp-block-embed-youtube wp-embed-aspect-16-9 wp-has-aspect-ratio\"><div class=\"wp-block-embed__wrapper\">\n<iframe loading=\"lazy\" title=\"Exposici\u00f3 de fotografies &quot;Un mar obert a tothom&quot;\" width=\"500\" height=\"281\" src=\"https:\/\/www.youtube.com\/embed\/u0RcfE7Gh_0?feature=oembed\" frameborder=\"0\" allow=\"accelerometer; autoplay; clipboard-write; encrypted-media; gyroscope; picture-in-picture; web-share\" referrerpolicy=\"strict-origin-when-cross-origin\" allowfullscreen><\/iframe>\n<\/div><\/figure>\n\n\n\n<div class=\"wp-block-uagb-container uagb-block-aea65a60\">\n<div class=\"wp-block-uagb-info-box uagb-block-29918b0e uagb-infobox__content-wrap  uagb-infobox-icon-left-title uagb-infobox-left uagb-infobox-image-valign-top\"><div class=\"uagb-ifb-content\"><div class=\"uagb-ifb-left-title-image\"><div class=\"uagb-ifb-title-wrap\"><h2 class=\"uagb-ifb-title\">La exposici\u00f3n en el Mirador Torre Gl\u00f2ries<\/h2><\/div><\/div><p class=\"uagb-ifb-desc\">Con las tres <strong>fotograf\u00edas ganadoras y las finalistas<\/strong> hemos montado una muestra itinerante que hasta el 2 de noviembre se puede visitar en el Mirador Torre Gl\u00f2ries<\/p><\/div><\/div>\n<\/div>\n<\/div><\/div>\n\n\n\n<div id=\"ecomar\" class=\"wp-block-uagb-container uag-hide-desktop uag-hide-tab uag-hide-mob uagb-block-a01f262f alignfull uagb-is-root-container\"><div class=\"uagb-container-inner-blocks-wrap\">\n<figure class=\"wp-block-embed is-type-video is-provider-youtube wp-block-embed-youtube wp-embed-aspect-16-9 wp-has-aspect-ratio\"><div class=\"wp-block-embed__wrapper\">\n<iframe loading=\"lazy\" title=\"Exposici\u00f3 de fotografies &quot;Un mar obert a tothom&quot;\" width=\"500\" height=\"281\" src=\"https:\/\/www.youtube.com\/embed\/u0RcfE7Gh_0?feature=oembed\" frameborder=\"0\" allow=\"accelerometer; autoplay; clipboard-write; encrypted-media; gyroscope; picture-in-picture; web-share\" referrerpolicy=\"strict-origin-when-cross-origin\" allowfullscreen><\/iframe>\n<\/div><\/figure>\n\n\n\n<div class=\"wp-block-uagb-container uagb-block-725a8013\">\n<div class=\"wp-block-uagb-info-box uagb-block-e71f4cc0 uagb-infobox__content-wrap  uagb-infobox-icon-left-title uagb-infobox-left uagb-infobox-image-valign-top\"><div class=\"uagb-ifb-content\"><div class=\"uagb-ifb-left-title-image\"><div class=\"uagb-ifb-title-wrap\"><h2 class=\"uagb-ifb-title\">La exposici\u00f3n en el Espai Merc\u00e8 Sala<\/h2><\/div><\/div><p class=\"uagb-ifb-desc\">Con las tres <strong>fotograf\u00edas ganadoras y las finalistas<\/strong> hemos montado una muestra itinerante que del 17 de junio al 5 de septiembre se puede visitar en el Espai Merc\u00e8 Sala de TMB.<br><br>La sala de exposiciones se encuentra en el vest\u00edbulo de conexi\u00f3n entre las l\u00edneas de <strong>metro L3 y L5 de la estaci\u00f3n de Diagonal<\/strong>.<\/p><div class=\"uagb-ifb-button-wrapper wp-block-button\"><a href=\"https:\/\/www.barcelonacapitalnautica.org\/es\/los-ganadores-y-la-exposicion-del-concurso-de-fotografia-un-mar-abierto-a-todo-el-mundo\/\" class=\"uagb-infobox-cta-link wp-block-button__link\" target=\"_blank\" rel=\"noopener noreferrer\" onclick=\"return true;\"><span class=\"uagb-inline-editing\">Anterior itinerancia en Can Serra<\/span><svg xmlns=\"https:\/\/www.w3.org\/2000\/svg\" viewBox=\"0 0 512 512\"><path d=\"M502.6 278.6l-128 128c-12.51 12.51-32.76 12.49-45.25 0c-12.5-12.5-12.5-32.75 0-45.25L402.8 288H32C14.31 288 0 273.7 0 255.1S14.31 224 32 224h370.8l-73.38-73.38c-12.5-12.5-12.5-32.75 0-45.25s32.75-12.5 45.25 0l128 128C515.1 245.9 515.1 266.1 502.6 278.6z\"><\/path><\/svg><\/a><\/div><\/div><\/div>\n<\/div>\n<\/div><\/div>\n\n\n\n<div id=\"ecomar\" class=\"wp-block-uagb-container uag-hide-desktop uag-hide-tab uag-hide-mob uagb-block-9b5dd832 alignfull uagb-is-root-container\"><div class=\"uagb-container-inner-blocks-wrap\">\n<figure class=\"wp-block-embed is-type-video is-provider-youtube wp-block-embed-youtube wp-embed-aspect-16-9 wp-has-aspect-ratio\"><div class=\"wp-block-embed__wrapper\">\n<iframe loading=\"lazy\" title=\"Exposici\u00f3 de fotografies &quot;Un mar obert a tothom&quot;\" width=\"500\" height=\"281\" src=\"https:\/\/www.youtube.com\/embed\/u0RcfE7Gh_0?feature=oembed\" frameborder=\"0\" allow=\"accelerometer; autoplay; clipboard-write; encrypted-media; gyroscope; picture-in-picture; web-share\" referrerpolicy=\"strict-origin-when-cross-origin\" allowfullscreen><\/iframe>\n<\/div><\/figure>\n\n\n\n<div class=\"wp-block-uagb-container uagb-block-041af076\">\n<div class=\"wp-block-uagb-info-box uagb-block-9679271d uagb-infobox__content-wrap  uagb-infobox-icon-left-title uagb-infobox-left uagb-infobox-image-valign-top\"><div class=\"uagb-ifb-content\"><div class=\"uagb-ifb-left-title-image\"><div class=\"uagb-ifb-title-wrap\"><h2 class=\"uagb-ifb-title\">La exposici\u00f3n en Can Serra<\/h2><\/div><\/div><p class=\"uagb-ifb-desc\">Amb les tres <strong>fotografies guanyadores i les finalistes <\/strong>hem muntat una mostra a Can Serra, seu de la Diputaci\u00f3 de Barcelona, que estar\u00e0 exposada fins al 25 d&#8217;abril.<br><br>A m\u00e9s a m\u00e9s, aquesta exposici\u00f3 forma part de les activitats de la Setmana del<a href=\"https:\/\/www.barcelonacapitalnautica.org\/es\/sostenibilidad-e-innovacion\/oceanos\/\"> Decenni de l\u2019Oce\u00e0 de la Unesco<\/a>, que t\u00e9 lloc a Barcelona entre el 8 i el 12 d&#8217;abril.<\/p><div class=\"uagb-ifb-button-wrapper wp-block-button\"><a href=\"https:\/\/www.barcelonacapitalnautica.org\/es\/los-ganadores-y-la-exposicion-del-concurso-de-fotografia-un-mar-abierto-a-todo-el-mundo\/\" class=\"uagb-infobox-cta-link wp-block-button__link\" target=\"_blank\" rel=\"noopener noreferrer\" onclick=\"return true;\"><span class=\"uagb-inline-editing\">La inauguraci\u00f3n<\/span><svg xmlns=\"https:\/\/www.w3.org\/2000\/svg\" viewBox=\"0 0 512 512\"><path d=\"M502.6 278.6l-128 128c-12.51 12.51-32.76 12.49-45.25 0c-12.5-12.5-12.5-32.75 0-45.25L402.8 288H32C14.31 288 0 273.7 0 255.1S14.31 224 32 224h370.8l-73.38-73.38c-12.5-12.5-12.5-32.75 0-45.25s32.75-12.5 45.25 0l128 128C515.1 245.9 515.1 266.1 502.6 278.6z\"><\/path><\/svg><\/a><\/div><\/div><\/div>\n<\/div>\n<\/div><\/div>\n\n\n\n<div id=\"fundacio\" class=\"wp-block-uagb-container uag-hide-desktop uag-hide-tab uag-hide-mob uagb-block-222e0198 alignfull uagb-is-root-container\"><div class=\"uagb-container-inner-blocks-wrap\">\n<div class=\"wp-block-uagb-container uagb-block-163369d5\">\n<div class=\"wp-block-uagb-advanced-heading uagb-block-d33030a9\"><h2 class=\"uagb-heading-text\"><strong>exposici\u00f3n<\/strong>\n\n<strong>fotograf\u00eda<\/strong>\n\n<strong>internacional<\/strong><\/h2><\/div>\n<\/div>\n\n\n\n<div class=\"wp-block-uagb-info-box uagb-block-53eff614 uagb-infobox__content-wrap  uagb-infobox-icon-above-title uagb-infobox-image-valign-top\"><div class=\"uagb-ifb-content\"><div class=\"uagb-ifb-title-wrap\"><\/div><p class=\"uagb-ifb-desc\"> Mirador Torre Glorias<br><br>Hasta el 2 de noviembre<br><br><strong>Acceso gratuito<\/strong><\/p><\/div><\/div>\n<\/div><\/div>\n\n\n\n<div id=\"regatistes\" class=\"wp-block-uagb-container uag-hide-desktop uag-hide-tab uag-hide-mob uagb-block-038e28f0 alignfull uagb-is-root-container\"><div class=\"uagb-container-inner-blocks-wrap\">\n<p><\/p>\n\n\n\n<div class=\"wp-block-uagb-advanced-heading uagb-block-652ad261\"><h2 class=\"uagb-heading-text\">Fotograf\u00edas ganadoras<\/h2><\/div>\n\n\n\n<div class=\"wp-block-uagb-container uagb-block-739c231b\">\n<div class=\"wp-block-uagb-info-box uagb-block-e73115ba uagb-infobox__content-wrap  uagb-infobox-icon-above-title uagb-infobox-image-valign-top\"><div class=\"uagb-ifb-content\"><div class=\"uagb-ifb-image-content\"><img decoding=\"async\" src=\"https:\/\/www.barcelonacapitalnautica.org\/wp-content\/uploads\/2024\/04\/Antonio_Jose_-Cravo-380x253.jpeg\" alt=\"\" width=\"\" height=\"0\" loading=\"lazy\"\/><\/div><div class=\"uagb-ifb-title-wrap\"><h3 class=\"uagb-ifb-title\">Premio del Jurado<\/h3><\/div><p class=\"uagb-ifb-desc\"><strong>Ir al mar |&nbsp;<\/strong>Ant\u00f3nio Jos\u00e9 Cravo<\/p><\/div><\/div>\n<\/div>\n\n\n\n<div class=\"wp-block-uagb-container uagb-block-c8154f9b\">\n<div class=\"wp-block-uagb-info-box uagb-block-65be5078 uagb-infobox__content-wrap  uagb-infobox-icon-above-title uagb-infobox-image-valign-top\"><div class=\"uagb-ifb-content\"><div class=\"uagb-ifb-image-content\"><img decoding=\"async\" src=\"https:\/\/www.barcelonacapitalnautica.org\/wp-content\/uploads\/2024\/04\/Benjamin_-Yavar-380x253.jpeg\" alt=\"\" width=\"\" height=\"0\" loading=\"lazy\"\/><\/div><div class=\"uagb-ifb-title-wrap\"><h3 class=\"uagb-ifb-title\">Premio del P\u00fablico<\/h3><\/div><p class=\"uagb-ifb-desc\"><strong>Wormhole |<\/strong>&nbsp;Benjam\u00edn Y\u00e1var<\/p><\/div><\/div>\n<\/div>\n\n\n\n<div class=\"wp-block-uagb-container uagb-block-c226ccc9\">\n<div class=\"wp-block-uagb-info-box uagb-block-c2c247d4 uagb-infobox__content-wrap  uagb-infobox-icon-above-title uagb-infobox-image-valign-top\"><div class=\"uagb-ifb-content\"><div class=\"uagb-ifb-image-content\"><img decoding=\"async\" src=\"https:\/\/www.barcelonacapitalnautica.org\/wp-content\/uploads\/2024\/04\/Mar_Galtes-e1712658518906.jpeg\" alt=\"\" width=\"\" height=\"0\" loading=\"lazy\"\/><\/div><div class=\"uagb-ifb-title-wrap\"><h3 class=\"uagb-ifb-title\">Premio Catalu\u00f1a<\/h3><\/div><p class=\"uagb-ifb-desc\"><strong>La mejor piscina de Barcelona |&nbsp;<\/strong>Mar Galt\u00e9s<\/p><\/div><\/div>\n<\/div>\n<\/div><\/div>\n\n\n\n<div id=\"regatistes\" class=\"wp-block-uagb-container uagb-block-b0b151a6 alignwide uagb-is-root-container\">\n<p><\/p>\n\n\n\n<div class=\"wp-block-uagb-advanced-heading uagb-block-53b97f96\"><h2 class=\"uagb-heading-text\">Fotograf\u00edas ganadoras<\/h2><\/div>\n\n\n\n<div class=\"wp-block-uagb-container uagb-block-9cc7086d\">\t\t\t\t\t<div\n\t\t\t\t\t\tclass=\"wp-block-uagb-image-gallery uagb-block-b17f7df5     \"\n\t\t\t\t\t\tstyle=\"\"\n\t\t\t\t\t>\n\t\t\t\t\t\t\t\t\t\t\t<div class=\"spectra-image-gallery spectra-image-gallery__layout--masonry spectra-image-gallery__layout--masonry-col-1 spectra-image-gallery__layout--masonry-col-tab-1 spectra-image-gallery__layout--masonry-col-mob-1\">\n\t\t\t\t\t\t\t\t\t\t\t<div class='spectra-image-gallery__media-wrapper--isotope'>\n\t\t\t\t\t\t\t<div class='spectra-image-gallery__media-wrapper' data-spectra-gallery-image-id='265961' tabindex=\"0\">\n\t\t\t\t\t\t\t<div class=\"spectra-image-gallery__media spectra-image-gallery__media--masonry\">\n\t\t\t\t<picture>\n\t\t\t\t\t<source media=\"(min-width: 1024px)\" srcset=\"https:\/\/www.barcelonacapitalnautica.org\/wp-content\/uploads\/2024\/04\/Antonio_Jose_-Cravo-900x600.jpeg\">\n\t\t\t\t\t<source media=\"(min-width: 768px)\" srcset=\"https:\/\/www.barcelonacapitalnautica.org\/wp-content\/uploads\/2024\/04\/Antonio_Jose_-Cravo-900x600.jpeg\">\n\t\t\t\t\t<img decoding=\"async\" class=\"spectra-image-gallery__media-thumbnail spectra-image-gallery__media-thumbnail--masonry\" src=\"https:\/\/www.barcelonacapitalnautica.org\/wp-content\/uploads\/2024\/04\/Antonio_Jose_-Cravo-560x373.jpeg\" alt=\"\" loading=\"lazy\" \/>\n\t\t\t\t<\/picture>\n\t\t\t\t<div class=\"spectra-image-gallery__media-thumbnail-blurrer\"><\/div>\n\t\t\t\t\t\t\t\t\t\t\t<div class=\"spectra-image-gallery__media-thumbnail-caption-wrapper spectra-image-gallery__media-thumbnail-caption-wrapper--overlay\">\n\t\t\t\t\t\t\t\t\t\t\t<div class=\"spectra-image-gallery__media-thumbnail-caption spectra-image-gallery__media-thumbnail-caption--overlay\">\n\t\t\t\t\tIr al mar <br>Torreira, Portugal <br>Ant\u00f3nio Jos\u00e9 Cravo \u00b4Gorim\u00b4 (Set\u00fabal, Portugal)\t\t\t\t<\/div>\n\t\t\t\t\t\t\t\t\t\t<\/div>\n\t\t\t\t\t\t\t\t\t<\/div>\n\t\t\t\t\t\t<\/div>\n\t\t\t\t\t\t<\/div>\n\t\t\t\t\t\t\t\t\t\t<\/div>\n\t\t\t\t\t\t\t\t\t\t\t\t\t\t\t\t\t\t<\/div>\n\t\t\t\t\t\t\t\t\t\n\n\n<div class=\"wp-block-uagb-info-box uagb-block-8305c93c uagb-infobox__content-wrap  uagb-infobox-icon-above-title uagb-infobox-image-valign-top\"><div class=\"uagb-ifb-content\"><div class=\"uagb-ifb-title-wrap\"><h3 class=\"uagb-ifb-title\">Premio del Jurado<\/h3><\/div><p class=\"uagb-ifb-desc\"><strong>Ir al mar |&nbsp;<\/strong>Ant\u00f3nio Jos\u00e9 Cravo<\/p><\/div><\/div>\n<\/div>\n\n\n\n<div class=\"wp-block-uagb-container uagb-block-f71c3696\">\t\t\t\t\t<div\n\t\t\t\t\t\tclass=\"wp-block-uagb-image-gallery uagb-block-7e427b9e     \"\n\t\t\t\t\t\tstyle=\"\"\n\t\t\t\t\t>\n\t\t\t\t\t\t\t\t\t\t\t<div class=\"spectra-image-gallery spectra-image-gallery__layout--masonry spectra-image-gallery__layout--masonry-col-1 spectra-image-gallery__layout--masonry-col-tab-1 spectra-image-gallery__layout--masonry-col-mob-1\">\n\t\t\t\t\t\t\t\t\t\t\t<div class='spectra-image-gallery__media-wrapper--isotope'>\n\t\t\t\t\t\t\t<div class='spectra-image-gallery__media-wrapper' data-spectra-gallery-image-id='265965' tabindex=\"0\">\n\t\t\t\t\t\t\t<div class=\"spectra-image-gallery__media spectra-image-gallery__media--masonry\">\n\t\t\t\t<picture>\n\t\t\t\t\t<source media=\"(min-width: 1024px)\" srcset=\"https:\/\/www.barcelonacapitalnautica.org\/wp-content\/uploads\/2024\/04\/Benjamin_-Yavar-900x600.jpeg\">\n\t\t\t\t\t<source media=\"(min-width: 768px)\" srcset=\"https:\/\/www.barcelonacapitalnautica.org\/wp-content\/uploads\/2024\/04\/Benjamin_-Yavar-900x600.jpeg\">\n\t\t\t\t\t<img decoding=\"async\" class=\"spectra-image-gallery__media-thumbnail spectra-image-gallery__media-thumbnail--masonry\" src=\"https:\/\/www.barcelonacapitalnautica.org\/wp-content\/uploads\/2024\/04\/Benjamin_-Yavar-560x373.jpeg\" alt=\"\" loading=\"lazy\" \/>\n\t\t\t\t<\/picture>\n\t\t\t\t<div class=\"spectra-image-gallery__media-thumbnail-blurrer\"><\/div>\n\t\t\t\t\t\t\t\t\t\t\t<div class=\"spectra-image-gallery__media-thumbnail-caption-wrapper spectra-image-gallery__media-thumbnail-caption-wrapper--overlay\">\n\t\t\t\t\t\t\t\t\t\t\t<div class=\"spectra-image-gallery__media-thumbnail-caption spectra-image-gallery__media-thumbnail-caption--overlay\">\n\t\t\t\t\t<br>Wormhole (forat de cuc) <br>Moalboal, Filipines Benjam\u00edn Y\u00e1var (Santiago, Xile)\t\t\t\t<\/div>\n\t\t\t\t\t\t\t\t\t\t<\/div>\n\t\t\t\t\t\t\t\t\t<\/div>\n\t\t\t\t\t\t<\/div>\n\t\t\t\t\t\t<\/div>\n\t\t\t\t\t\t\t\t\t\t<\/div>\n\t\t\t\t\t\t\t\t\t\t\t\t\t\t\t\t\t\t<\/div>\n\t\t\t\t\t\t\t\t\t\n\n\n<div class=\"wp-block-uagb-info-box uagb-block-6b1ca475 uagb-infobox__content-wrap  uagb-infobox-icon-above-title uagb-infobox-image-valign-top\"><div class=\"uagb-ifb-content\"><div class=\"uagb-ifb-title-wrap\"><h3 class=\"uagb-ifb-title\">Premio del P\u00fablico<\/h3><\/div><p class=\"uagb-ifb-desc\"><strong>Wormhole |<\/strong>&nbsp;Benjam\u00edn Y\u00e1var<\/p><\/div><\/div>\n<\/div>\n\n\n\n<div class=\"wp-block-uagb-container uagb-block-87788d11\">\t\t\t\t\t<div\n\t\t\t\t\t\tclass=\"wp-block-uagb-image-gallery uagb-block-747fc0cb     \"\n\t\t\t\t\t\tstyle=\"\"\n\t\t\t\t\t>\n\t\t\t\t\t\t\t\t\t\t\t<div class=\"spectra-image-gallery spectra-image-gallery__layout--masonry spectra-image-gallery__layout--masonry-col-1 spectra-image-gallery__layout--masonry-col-tab-1 spectra-image-gallery__layout--masonry-col-mob-1\">\n\t\t\t\t\t\t\t\t\t\t\t<div class='spectra-image-gallery__media-wrapper--isotope'>\n\t\t\t\t\t\t\t<div class='spectra-image-gallery__media-wrapper' data-spectra-gallery-image-id='265968' tabindex=\"0\">\n\t\t\t\t\t\t\t<div class=\"spectra-image-gallery__media spectra-image-gallery__media--masonry\">\n\t\t\t\t<picture>\n\t\t\t\t\t<source media=\"(min-width: 1024px)\" srcset=\"https:\/\/www.barcelonacapitalnautica.org\/wp-content\/uploads\/2024\/04\/Mar_Galtes-e1712658518906-900x599.jpeg\">\n\t\t\t\t\t<source media=\"(min-width: 768px)\" srcset=\"https:\/\/www.barcelonacapitalnautica.org\/wp-content\/uploads\/2024\/04\/Mar_Galtes-e1712658518906-900x599.jpeg\">\n\t\t\t\t\t<img decoding=\"async\" class=\"spectra-image-gallery__media-thumbnail spectra-image-gallery__media-thumbnail--masonry\" src=\"https:\/\/www.barcelonacapitalnautica.org\/wp-content\/uploads\/2024\/04\/Mar_Galtes-e1712658518906-560x373.jpeg\" alt=\"\" loading=\"lazy\" \/>\n\t\t\t\t<\/picture>\n\t\t\t\t<div class=\"spectra-image-gallery__media-thumbnail-blurrer\"><\/div>\n\t\t\t\t\t\t\t\t\t\t\t<div class=\"spectra-image-gallery__media-thumbnail-caption-wrapper spectra-image-gallery__media-thumbnail-caption-wrapper--overlay\">\n\t\t\t\t\t\t\t\t\t\t\t<div class=\"spectra-image-gallery__media-thumbnail-caption spectra-image-gallery__media-thumbnail-caption--overlay\">\n\t\t\t\t\tLa mejor piscina de Barcelona <br>Playa de la Barceloneta, Barcelona, Catalunya, Espa\u00f1a <br>Mar Galt\u00e9s Camps (Barcelona, Catalunya, Espa\u00f1a)\t\t\t\t<\/div>\n\t\t\t\t\t\t\t\t\t\t<\/div>\n\t\t\t\t\t\t\t\t\t<\/div>\n\t\t\t\t\t\t<\/div>\n\t\t\t\t\t\t<\/div>\n\t\t\t\t\t\t\t\t\t\t<\/div>\n\t\t\t\t\t\t\t\t\t\t\t\t\t\t\t\t\t\t<\/div>\n\t\t\t\t\t\t\t\t\t\n\n\n<div class=\"wp-block-uagb-info-box uagb-block-62a78b14 uagb-infobox__content-wrap  uagb-infobox-icon-above-title uagb-infobox-image-valign-top\"><div class=\"uagb-ifb-content\"><div class=\"uagb-ifb-title-wrap\"><h3 class=\"uagb-ifb-title\">Premio Catalu\u00f1a<\/h3><\/div><p class=\"uagb-ifb-desc\"><strong>La mejor piscina de Barcelona |&nbsp;<\/strong>Mar Galt\u00e9s<\/p><\/div><\/div>\n<\/div>\n<\/div>\n\n\n\n<hr class=\"wp-block-separator has-text-color has-ast-global-color-1-color has-alpha-channel-opacity has-ast-global-color-1-background-color has-background is-style-wide\"\/>\n\n\n\n<div class=\"wp-block-uagb-container uagb-block-69c4bdf3 alignfull uagb-is-root-container\"><div class=\"uagb-container-inner-blocks-wrap\">\n<div class=\"wp-block-uagb-container uagb-block-c1c33bf1\">\n<div class=\"wp-block-uagb-container uagb-block-531e27e4\">\n<div class=\"wp-block-uagb-advanced-heading uagb-block-5b0389dd\"><h2 class=\"uagb-heading-text\">Fotografias finalistas<\/h2><\/div>\n<\/div>\n\n\n\n<div class=\"wp-block-uagb-container uagb-block-93d427a8\"><\/div>\n<\/div>\n\n\n\n<div class=\"wp-block-uagb-container uagb-block-00e0ba18\">\t\t\t\t\t<div\n\t\t\t\t\t\tclass=\"wp-block-uagb-image-gallery uagb-block-65ae8577     \"\n\t\t\t\t\t\tstyle=\"\"\n\t\t\t\t\t>\n\t\t\t\t\t\t\t\t\t\t\t<div class=\"spectra-image-gallery spectra-image-gallery__layout--grid spectra-image-gallery__layout--grid-col-3 spectra-image-gallery__layout--grid-col-tab-3 spectra-image-gallery__layout--grid-col-mob-2\">\n\t\t\t\t\t\t\t\t\t\t\t<div class='spectra-image-gallery__media-wrapper' data-spectra-gallery-image-id='266033' tabindex=\"0\">\n\t\t\t\t\t\t\t<div class=\"spectra-image-gallery__media spectra-image-gallery__media--grid\">\n\t\t\t\t<picture>\n\t\t\t\t\t<source media=\"(min-width: 1024px)\" srcset=\"https:\/\/www.barcelonacapitalnautica.org\/wp-content\/uploads\/2024\/04\/tato_damiani_Just-Add-Water.jpeg\">\n\t\t\t\t\t<source media=\"(min-width: 768px)\" srcset=\"https:\/\/www.barcelonacapitalnautica.org\/wp-content\/uploads\/2024\/04\/tato_damiani_Just-Add-Water.jpeg\">\n\t\t\t\t\t<img decoding=\"async\" class=\"spectra-image-gallery__media-thumbnail spectra-image-gallery__media-thumbnail--grid\" src=\"https:\/\/www.barcelonacapitalnautica.org\/wp-content\/uploads\/2024\/04\/tato_damiani_Just-Add-Water-371x560.jpeg\" alt=\"\" loading=\"lazy\" \/>\n\t\t\t\t<\/picture>\n\t\t\t\t<div class=\"spectra-image-gallery__media-thumbnail-blurrer\"><\/div>\n\t\t\t\t\t\t\t\t\t\t\t<div class=\"spectra-image-gallery__media-thumbnail-caption-wrapper spectra-image-gallery__media-thumbnail-caption-wrapper--bar-inside\">\n\t\t\t\t\t\t\t\t\t\t\t<div class=\"spectra-image-gallery__media-thumbnail-caption spectra-image-gallery__media-thumbnail-caption--bar-inside\">\n\t\t\t\t\tAfegir-hi nom\u00e9s aigua<br>Platja d&#8217;Es Trenc, Mallorca, Espanya<br>Fernando\u00b4Tat\u00f3 Damiani Arroyo (Palma, Mallorca, Espa\u00f1a)\t\t\t\t<\/div>\n\t\t\t\t\t\t\t\t\t\t<\/div>\n\t\t\t\t\t\t\t\t\t<\/div>\n\t\t\t\t\t\t<\/div>\n\t\t\t\t\t\t<div class='spectra-image-gallery__media-wrapper' data-spectra-gallery-image-id='265973' tabindex=\"0\">\n\t\t\t\t\t\t\t<div class=\"spectra-image-gallery__media spectra-image-gallery__media--grid\">\n\t\t\t\t<picture>\n\t\t\t\t\t<source media=\"(min-width: 1024px)\" srcset=\"https:\/\/www.barcelonacapitalnautica.org\/wp-content\/uploads\/2024\/04\/Albert_Sasplugas_WhenPreyBecomesThePredato.jpeg\">\n\t\t\t\t\t<source media=\"(min-width: 768px)\" srcset=\"https:\/\/www.barcelonacapitalnautica.org\/wp-content\/uploads\/2024\/04\/Albert_Sasplugas_WhenPreyBecomesThePredato.jpeg\">\n\t\t\t\t\t<img decoding=\"async\" class=\"spectra-image-gallery__media-thumbnail spectra-image-gallery__media-thumbnail--grid\" src=\"https:\/\/www.barcelonacapitalnautica.org\/wp-content\/uploads\/2024\/04\/Albert_Sasplugas_WhenPreyBecomesThePredato-560x368.jpeg\" alt=\"\" loading=\"lazy\" \/>\n\t\t\t\t<\/picture>\n\t\t\t\t<div class=\"spectra-image-gallery__media-thumbnail-blurrer\"><\/div>\n\t\t\t\t\t\t\t\t\t\t\t<div class=\"spectra-image-gallery__media-thumbnail-caption-wrapper spectra-image-gallery__media-thumbnail-caption-wrapper--bar-inside\">\n\t\t\t\t\t\t\t\t\t\t\t<div class=\"spectra-image-gallery__media-thumbnail-caption spectra-image-gallery__media-thumbnail-caption--bar-inside\">\n\t\t\t\t\tCuando la presa es el depredador<br>Ningaloo Reef, Western Australia, Australia<br>Albert Sasplugas y Dapena (Barcelona, Catalunya, Espanya)\t\t\t\t<\/div>\n\t\t\t\t\t\t\t\t\t\t<\/div>\n\t\t\t\t\t\t\t\t\t<\/div>\n\t\t\t\t\t\t<\/div>\n\t\t\t\t\t\t<div class='spectra-image-gallery__media-wrapper' data-spectra-gallery-image-id='265982' tabindex=\"0\">\n\t\t\t\t\t\t\t<div class=\"spectra-image-gallery__media spectra-image-gallery__media--grid\">\n\t\t\t\t<picture>\n\t\t\t\t\t<source media=\"(min-width: 1024px)\" srcset=\"https:\/\/www.barcelonacapitalnautica.org\/wp-content\/uploads\/2024\/04\/andresmarco.jpeg\">\n\t\t\t\t\t<source media=\"(min-width: 768px)\" srcset=\"https:\/\/www.barcelonacapitalnautica.org\/wp-content\/uploads\/2024\/04\/andresmarco.jpeg\">\n\t\t\t\t\t<img decoding=\"async\" class=\"spectra-image-gallery__media-thumbnail spectra-image-gallery__media-thumbnail--grid\" src=\"https:\/\/www.barcelonacapitalnautica.org\/wp-content\/uploads\/2024\/04\/andresmarco-560x315.jpeg\" alt=\"\" loading=\"lazy\" \/>\n\t\t\t\t<\/picture>\n\t\t\t\t<div class=\"spectra-image-gallery__media-thumbnail-blurrer\"><\/div>\n\t\t\t\t\t\t\t\t\t\t\t<div class=\"spectra-image-gallery__media-thumbnail-caption-wrapper spectra-image-gallery__media-thumbnail-caption-wrapper--bar-inside\">\n\t\t\t\t\t\t\t\t\t\t\t<div class=\"spectra-image-gallery__media-thumbnail-caption spectra-image-gallery__media-thumbnail-caption--bar-inside\">\n\t\t\t\t\tFinal del d\u00eda<br>Port pesquer de Santa Pola, Alacant, Espa\u00f1a<br>Andr\u00e9s Marco Molina (Santa Pola, Alicante, Espanya)\t\t\t\t<\/div>\n\t\t\t\t\t\t\t\t\t\t<\/div>\n\t\t\t\t\t\t\t\t\t<\/div>\n\t\t\t\t\t\t<\/div>\n\t\t\t\t\t\t<div class='spectra-image-gallery__media-wrapper' data-spectra-gallery-image-id='265976' tabindex=\"0\">\n\t\t\t\t\t\t\t<div class=\"spectra-image-gallery__media spectra-image-gallery__media--grid\">\n\t\t\t\t<picture>\n\t\t\t\t\t<source media=\"(min-width: 1024px)\" srcset=\"https:\/\/www.barcelonacapitalnautica.org\/wp-content\/uploads\/2024\/04\/alexandrshinkar.jpeg\">\n\t\t\t\t\t<source media=\"(min-width: 768px)\" srcset=\"https:\/\/www.barcelonacapitalnautica.org\/wp-content\/uploads\/2024\/04\/alexandrshinkar.jpeg\">\n\t\t\t\t\t<img decoding=\"async\" class=\"spectra-image-gallery__media-thumbnail spectra-image-gallery__media-thumbnail--grid\" src=\"https:\/\/www.barcelonacapitalnautica.org\/wp-content\/uploads\/2024\/04\/alexandrshinkar-560x315.jpeg\" alt=\"\" loading=\"lazy\" \/>\n\t\t\t\t<\/picture>\n\t\t\t\t<div class=\"spectra-image-gallery__media-thumbnail-blurrer\"><\/div>\n\t\t\t\t\t\t\t\t\t\t\t<div class=\"spectra-image-gallery__media-thumbnail-caption-wrapper spectra-image-gallery__media-thumbnail-caption-wrapper--bar-inside\">\n\t\t\t\t\t\t\t\t\t\t\t<div class=\"spectra-image-gallery__media-thumbnail-caption spectra-image-gallery__media-thumbnail-caption--bar-inside\">\n\t\t\t\t\tArmon\u00eda azul<br>Balaklava, Sebast\u00f2pol, Rusia<br>Alexander Shinkarevsky (Simfer\u00f2pol, Crimea)\t\t\t\t<\/div>\n\t\t\t\t\t\t\t\t\t\t<\/div>\n\t\t\t\t\t\t\t\t\t<\/div>\n\t\t\t\t\t\t<\/div>\n\t\t\t\t\t\t<div class='spectra-image-gallery__media-wrapper' data-spectra-gallery-image-id='265985' tabindex=\"0\">\n\t\t\t\t\t\t\t<div class=\"spectra-image-gallery__media spectra-image-gallery__media--grid\">\n\t\t\t\t<picture>\n\t\t\t\t\t<source media=\"(min-width: 1024px)\" srcset=\"https:\/\/www.barcelonacapitalnautica.org\/wp-content\/uploads\/2024\/04\/enrico-Cimador.jpeg\">\n\t\t\t\t\t<source media=\"(min-width: 768px)\" srcset=\"https:\/\/www.barcelonacapitalnautica.org\/wp-content\/uploads\/2024\/04\/enrico-Cimador.jpeg\">\n\t\t\t\t\t<img decoding=\"async\" class=\"spectra-image-gallery__media-thumbnail spectra-image-gallery__media-thumbnail--grid\" src=\"https:\/\/www.barcelonacapitalnautica.org\/wp-content\/uploads\/2024\/04\/enrico-Cimador-560x392.jpeg\" alt=\"\" loading=\"lazy\" \/>\n\t\t\t\t<\/picture>\n\t\t\t\t<div class=\"spectra-image-gallery__media-thumbnail-blurrer\"><\/div>\n\t\t\t\t\t\t\t\t\t\t\t<div class=\"spectra-image-gallery__media-thumbnail-caption-wrapper spectra-image-gallery__media-thumbnail-caption-wrapper--bar-inside\">\n\t\t\t\t\t\t\t\t\t\t\t<div class=\"spectra-image-gallery__media-thumbnail-caption spectra-image-gallery__media-thumbnail-caption--bar-inside\">\n\t\t\t\t\tCapturando el momento<br>Playa de las Am\u00e9ricas, Tenerife, Espanya<br>Enrico Cimador, Trieste, Italia\t\t\t\t<\/div>\n\t\t\t\t\t\t\t\t\t\t<\/div>\n\t\t\t\t\t\t\t\t\t<\/div>\n\t\t\t\t\t\t<\/div>\n\t\t\t\t\t\t<div class='spectra-image-gallery__media-wrapper' data-spectra-gallery-image-id='265979' tabindex=\"0\">\n\t\t\t\t\t\t\t<div class=\"spectra-image-gallery__media spectra-image-gallery__media--grid\">\n\t\t\t\t<picture>\n\t\t\t\t\t<source media=\"(min-width: 1024px)\" srcset=\"https:\/\/www.barcelonacapitalnautica.org\/wp-content\/uploads\/2024\/04\/alexcao_OCEAN-LOTUS-LEAF.jpeg\">\n\t\t\t\t\t<source media=\"(min-width: 768px)\" srcset=\"https:\/\/www.barcelonacapitalnautica.org\/wp-content\/uploads\/2024\/04\/alexcao_OCEAN-LOTUS-LEAF.jpeg\">\n\t\t\t\t\t<img decoding=\"async\" class=\"spectra-image-gallery__media-thumbnail spectra-image-gallery__media-thumbnail--grid\" src=\"https:\/\/www.barcelonacapitalnautica.org\/wp-content\/uploads\/2024\/04\/alexcao_OCEAN-LOTUS-LEAF-560x374.jpeg\" alt=\"\" loading=\"lazy\" \/>\n\t\t\t\t<\/picture>\n\t\t\t\t<div class=\"spectra-image-gallery__media-thumbnail-blurrer\"><\/div>\n\t\t\t\t\t\t\t\t\t\t\t<div class=\"spectra-image-gallery__media-thumbnail-caption-wrapper spectra-image-gallery__media-thumbnail-caption-wrapper--bar-inside\">\n\t\t\t\t\t\t\t\t\t\t\t<div class=\"spectra-image-gallery__media-thumbnail-caption spectra-image-gallery__media-thumbnail-caption--bar-inside\">\n\t\t\t\t\tHoja de loto oce\u00e1nico<br>Quang Ngai, Vietnam<br>Alex Cao (Quang Ngai, Vietnam)\t\t\t\t<\/div>\n\t\t\t\t\t\t\t\t\t\t<\/div>\n\t\t\t\t\t\t\t\t\t<\/div>\n\t\t\t\t\t\t<\/div>\n\t\t\t\t\t\t<div class='spectra-image-gallery__media-wrapper' data-spectra-gallery-image-id='265988' tabindex=\"0\">\n\t\t\t\t\t\t\t<div class=\"spectra-image-gallery__media spectra-image-gallery__media--grid\">\n\t\t\t\t<picture>\n\t\t\t\t\t<source media=\"(min-width: 1024px)\" srcset=\"https:\/\/www.barcelonacapitalnautica.org\/wp-content\/uploads\/2024\/04\/esthercastillo_Dos-mundos.jpeg\">\n\t\t\t\t\t<source media=\"(min-width: 768px)\" srcset=\"https:\/\/www.barcelonacapitalnautica.org\/wp-content\/uploads\/2024\/04\/esthercastillo_Dos-mundos.jpeg\">\n\t\t\t\t\t<img decoding=\"async\" class=\"spectra-image-gallery__media-thumbnail spectra-image-gallery__media-thumbnail--grid\" src=\"https:\/\/www.barcelonacapitalnautica.org\/wp-content\/uploads\/2024\/04\/esthercastillo_Dos-mundos-560x383.jpeg\" alt=\"\" loading=\"lazy\" \/>\n\t\t\t\t<\/picture>\n\t\t\t\t<div class=\"spectra-image-gallery__media-thumbnail-blurrer\"><\/div>\n\t\t\t\t\t\t\t\t\t\t\t<div class=\"spectra-image-gallery__media-thumbnail-caption-wrapper spectra-image-gallery__media-thumbnail-caption-wrapper--bar-inside\">\n\t\t\t\t\t\t\t\t\t\t\t<div class=\"spectra-image-gallery__media-thumbnail-caption spectra-image-gallery__media-thumbnail-caption--bar-inside\">\n\t\t\t\t\tDos mundos, indivisible<br>Mallorca, Espa\u00f1a<br>Esther Castillo Calafell (Palma, Mallorca, Espa\u00f1a)\t\t\t\t<\/div>\n\t\t\t\t\t\t\t\t\t\t<\/div>\n\t\t\t\t\t\t\t\t\t<\/div>\n\t\t\t\t\t\t<\/div>\n\t\t\t\t\t\t<div class='spectra-image-gallery__media-wrapper' data-spectra-gallery-image-id='265991' tabindex=\"0\">\n\t\t\t\t\t\t\t<div class=\"spectra-image-gallery__media spectra-image-gallery__media--grid\">\n\t\t\t\t<picture>\n\t\t\t\t\t<source media=\"(min-width: 1024px)\" srcset=\"https:\/\/www.barcelonacapitalnautica.org\/wp-content\/uploads\/2024\/04\/geralemany.jpeg\">\n\t\t\t\t\t<source media=\"(min-width: 768px)\" srcset=\"https:\/\/www.barcelonacapitalnautica.org\/wp-content\/uploads\/2024\/04\/geralemany.jpeg\">\n\t\t\t\t\t<img decoding=\"async\" class=\"spectra-image-gallery__media-thumbnail spectra-image-gallery__media-thumbnail--grid\" src=\"https:\/\/www.barcelonacapitalnautica.org\/wp-content\/uploads\/2024\/04\/geralemany-411x560.jpeg\" alt=\"\" loading=\"lazy\" \/>\n\t\t\t\t<\/picture>\n\t\t\t\t<div class=\"spectra-image-gallery__media-thumbnail-blurrer\"><\/div>\n\t\t\t\t\t\t\t\t\t\t\t<div class=\"spectra-image-gallery__media-thumbnail-caption-wrapper spectra-image-gallery__media-thumbnail-caption-wrapper--bar-inside\">\n\t\t\t\t\t\t\t\t\t\t\t<div class=\"spectra-image-gallery__media-thumbnail-caption spectra-image-gallery__media-thumbnail-caption--bar-inside\">\n\t\t\t\t\tPaz<br>Aigua Xelida, Girona, Catalunya, Espa\u00f1a<br>Gerard Alemany Mora (Barcelona, Catalunya, Espa\u00f1a)\t\t\t\t<\/div>\n\t\t\t\t\t\t\t\t\t\t<\/div>\n\t\t\t\t\t\t\t\t\t<\/div>\n\t\t\t\t\t\t<\/div>\n\t\t\t\t\t\t<div class='spectra-image-gallery__media-wrapper' data-spectra-gallery-image-id='266021' tabindex=\"0\">\n\t\t\t\t\t\t\t<div class=\"spectra-image-gallery__media spectra-image-gallery__media--grid\">\n\t\t\t\t<picture>\n\t\t\t\t\t<source media=\"(min-width: 1024px)\" srcset=\"https:\/\/www.barcelonacapitalnautica.org\/wp-content\/uploads\/2024\/04\/Oriol-Esteve.jpeg\">\n\t\t\t\t\t<source media=\"(min-width: 768px)\" srcset=\"https:\/\/www.barcelonacapitalnautica.org\/wp-content\/uploads\/2024\/04\/Oriol-Esteve.jpeg\">\n\t\t\t\t\t<img decoding=\"async\" class=\"spectra-image-gallery__media-thumbnail spectra-image-gallery__media-thumbnail--grid\" src=\"https:\/\/www.barcelonacapitalnautica.org\/wp-content\/uploads\/2024\/04\/Oriol-Esteve-560x373.jpeg\" alt=\"\" loading=\"lazy\" \/>\n\t\t\t\t<\/picture>\n\t\t\t\t<div class=\"spectra-image-gallery__media-thumbnail-blurrer\"><\/div>\n\t\t\t\t\t\t\t\t\t\t\t<div class=\"spectra-image-gallery__media-thumbnail-caption-wrapper spectra-image-gallery__media-thumbnail-caption-wrapper--bar-inside\">\n\t\t\t\t\t\t\t\t\t\t\t<div class=\"spectra-image-gallery__media-thumbnail-caption spectra-image-gallery__media-thumbnail-caption--bar-inside\">\n\t\t\t\t\tNavegando con los cl\u00e1sicos<br>Mar Mediterr\u00e1neo Regata Illes Balears de Cl\u00e0ssics, Espa\u00f1a<br>Oriol Esteve Romeu (Barcelona, Catalunya, Espa\u00f1a)\t\t\t\t<\/div>\n\t\t\t\t\t\t\t\t\t\t<\/div>\n\t\t\t\t\t\t\t\t\t<\/div>\n\t\t\t\t\t\t<\/div>\n\t\t\t\t\t\t<div class='spectra-image-gallery__media-wrapper' data-spectra-gallery-image-id='265994' tabindex=\"0\">\n\t\t\t\t\t\t\t<div class=\"spectra-image-gallery__media spectra-image-gallery__media--grid\">\n\t\t\t\t<picture>\n\t\t\t\t\t<source media=\"(min-width: 1024px)\" srcset=\"https:\/\/www.barcelonacapitalnautica.org\/wp-content\/uploads\/2024\/04\/isakaron.jpeg\">\n\t\t\t\t\t<source media=\"(min-width: 768px)\" srcset=\"https:\/\/www.barcelonacapitalnautica.org\/wp-content\/uploads\/2024\/04\/isakaron.jpeg\">\n\t\t\t\t\t<img decoding=\"async\" class=\"spectra-image-gallery__media-thumbnail spectra-image-gallery__media-thumbnail--grid\" src=\"https:\/\/www.barcelonacapitalnautica.org\/wp-content\/uploads\/2024\/04\/isakaron-560x560.jpeg\" alt=\"\" loading=\"lazy\" \/>\n\t\t\t\t<\/picture>\n\t\t\t\t<div class=\"spectra-image-gallery__media-thumbnail-blurrer\"><\/div>\n\t\t\t\t\t\t\t\t\t\t\t<div class=\"spectra-image-gallery__media-thumbnail-caption-wrapper spectra-image-gallery__media-thumbnail-caption-wrapper--bar-inside\">\n\t\t\t\t\t\t\t\t\t\t\t<div class=\"spectra-image-gallery__media-thumbnail-caption spectra-image-gallery__media-thumbnail-caption--bar-inside\">\n\t\t\t\t\tAutoretrato co el poder de la naturaleza<br>Islandia<br>\u00cdsak Vidisson (Islandia)\t\t\t\t<\/div>\n\t\t\t\t\t\t\t\t\t\t<\/div>\n\t\t\t\t\t\t\t\t\t<\/div>\n\t\t\t\t\t\t<\/div>\n\t\t\t\t\t\t<div class='spectra-image-gallery__media-wrapper' data-spectra-gallery-image-id='265997' tabindex=\"0\">\n\t\t\t\t\t\t\t<div class=\"spectra-image-gallery__media spectra-image-gallery__media--grid\">\n\t\t\t\t<picture>\n\t\t\t\t\t<source media=\"(min-width: 1024px)\" srcset=\"https:\/\/www.barcelonacapitalnautica.org\/wp-content\/uploads\/2024\/04\/isoleha.jpeg\">\n\t\t\t\t\t<source media=\"(min-width: 768px)\" srcset=\"https:\/\/www.barcelonacapitalnautica.org\/wp-content\/uploads\/2024\/04\/isoleha.jpeg\">\n\t\t\t\t\t<img decoding=\"async\" class=\"spectra-image-gallery__media-thumbnail spectra-image-gallery__media-thumbnail--grid\" src=\"https:\/\/www.barcelonacapitalnautica.org\/wp-content\/uploads\/2024\/04\/isoleha-350x560.jpeg\" alt=\"\" loading=\"lazy\" \/>\n\t\t\t\t<\/picture>\n\t\t\t\t<div class=\"spectra-image-gallery__media-thumbnail-blurrer\"><\/div>\n\t\t\t\t\t\t\t\t\t\t\t<div class=\"spectra-image-gallery__media-thumbnail-caption-wrapper spectra-image-gallery__media-thumbnail-caption-wrapper--bar-inside\">\n\t\t\t\t\t\t\t\t\t\t\t<div class=\"spectra-image-gallery__media-thumbnail-caption spectra-image-gallery__media-thumbnail-caption--bar-inside\">\n\t\t\t\t\tPegado a ti<br>Mubarak, Karachi, Pakistan<br>Saleha, Karachi (Pakistan)\t\t\t\t<\/div>\n\t\t\t\t\t\t\t\t\t\t<\/div>\n\t\t\t\t\t\t\t\t\t<\/div>\n\t\t\t\t\t\t<\/div>\n\t\t\t\t\t\t<div class='spectra-image-gallery__media-wrapper' data-spectra-gallery-image-id='266003' tabindex=\"0\">\n\t\t\t\t\t\t\t<div class=\"spectra-image-gallery__media spectra-image-gallery__media--grid\">\n\t\t\t\t<picture>\n\t\t\t\t\t<source media=\"(min-width: 1024px)\" srcset=\"https:\/\/www.barcelonacapitalnautica.org\/wp-content\/uploads\/2024\/04\/judith_.jpeg\">\n\t\t\t\t\t<source media=\"(min-width: 768px)\" srcset=\"https:\/\/www.barcelonacapitalnautica.org\/wp-content\/uploads\/2024\/04\/judith_.jpeg\">\n\t\t\t\t\t<img decoding=\"async\" class=\"spectra-image-gallery__media-thumbnail spectra-image-gallery__media-thumbnail--grid\" src=\"https:\/\/www.barcelonacapitalnautica.org\/wp-content\/uploads\/2024\/04\/judith_-560x374.jpeg\" alt=\"\" loading=\"lazy\" \/>\n\t\t\t\t<\/picture>\n\t\t\t\t<div class=\"spectra-image-gallery__media-thumbnail-blurrer\"><\/div>\n\t\t\t\t\t\t\t\t\t\t\t<div class=\"spectra-image-gallery__media-thumbnail-caption-wrapper spectra-image-gallery__media-thumbnail-caption-wrapper--bar-inside\">\n\t\t\t\t\t\t\t\t\t\t\t<div class=\"spectra-image-gallery__media-thumbnail-caption spectra-image-gallery__media-thumbnail-caption--bar-inside\">\n\t\t\t\t\tNadando libre en Groenlandia<br>Disko Bay, Ilulissat, Groenlandia<br>Judith Anton Teixid\u00f3 (Barcelona, Catalunya, Espa\u00f1a)\t\t\t\t<\/div>\n\t\t\t\t\t\t\t\t\t\t<\/div>\n\t\t\t\t\t\t\t\t\t<\/div>\n\t\t\t\t\t\t<\/div>\n\t\t\t\t\t\t<div class='spectra-image-gallery__media-wrapper' data-spectra-gallery-image-id='266000' tabindex=\"0\">\n\t\t\t\t\t\t\t<div class=\"spectra-image-gallery__media spectra-image-gallery__media--grid\">\n\t\t\t\t<picture>\n\t\t\t\t\t<source media=\"(min-width: 1024px)\" srcset=\"https:\/\/www.barcelonacapitalnautica.org\/wp-content\/uploads\/2024\/04\/itsaso81_El-faro.jpeg\">\n\t\t\t\t\t<source media=\"(min-width: 768px)\" srcset=\"https:\/\/www.barcelonacapitalnautica.org\/wp-content\/uploads\/2024\/04\/itsaso81_El-faro.jpeg\">\n\t\t\t\t\t<img decoding=\"async\" class=\"spectra-image-gallery__media-thumbnail spectra-image-gallery__media-thumbnail--grid\" src=\"https:\/\/www.barcelonacapitalnautica.org\/wp-content\/uploads\/2024\/04\/itsaso81_El-faro-351x560.jpeg\" alt=\"\" loading=\"lazy\" \/>\n\t\t\t\t<\/picture>\n\t\t\t\t<div class=\"spectra-image-gallery__media-thumbnail-blurrer\"><\/div>\n\t\t\t\t\t\t\t\t\t\t\t<div class=\"spectra-image-gallery__media-thumbnail-caption-wrapper spectra-image-gallery__media-thumbnail-caption-wrapper--bar-inside\">\n\t\t\t\t\t\t\t\t\t\t\t<div class=\"spectra-image-gallery__media-thumbnail-caption spectra-image-gallery__media-thumbnail-caption--bar-inside\">\n\t\t\t\t\tEl faro y la ola<br>Cap Berton, Landes, Francia<br>Itsaso Sodupe Intxausti (Segura, Guip\u00fazcoa, Espa\u00f1a)\t\t\t\t<\/div>\n\t\t\t\t\t\t\t\t\t\t<\/div>\n\t\t\t\t\t\t\t\t\t<\/div>\n\t\t\t\t\t\t<\/div>\n\t\t\t\t\t\t<div class='spectra-image-gallery__media-wrapper' data-spectra-gallery-image-id='266006' tabindex=\"0\">\n\t\t\t\t\t\t\t<div class=\"spectra-image-gallery__media spectra-image-gallery__media--grid\">\n\t\t\t\t<picture>\n\t\t\t\t\t<source media=\"(min-width: 1024px)\" srcset=\"https:\/\/www.barcelonacapitalnautica.org\/wp-content\/uploads\/2024\/04\/kasia_fotosub.jpeg\">\n\t\t\t\t\t<source media=\"(min-width: 768px)\" srcset=\"https:\/\/www.barcelonacapitalnautica.org\/wp-content\/uploads\/2024\/04\/kasia_fotosub.jpeg\">\n\t\t\t\t\t<img decoding=\"async\" class=\"spectra-image-gallery__media-thumbnail spectra-image-gallery__media-thumbnail--grid\" src=\"https:\/\/www.barcelonacapitalnautica.org\/wp-content\/uploads\/2024\/04\/kasia_fotosub-400x560.jpeg\" alt=\"\" loading=\"lazy\" \/>\n\t\t\t\t<\/picture>\n\t\t\t\t<div class=\"spectra-image-gallery__media-thumbnail-blurrer\"><\/div>\n\t\t\t\t\t\t\t\t\t\t\t<div class=\"spectra-image-gallery__media-thumbnail-caption-wrapper spectra-image-gallery__media-thumbnail-caption-wrapper--bar-inside\">\n\t\t\t\t\t\t\t\t\t\t\t<div class=\"spectra-image-gallery__media-thumbnail-caption spectra-image-gallery__media-thumbnail-caption--bar-inside\">\n\t\t\t\t\tPaz y felicidad<br>El Balito, Tenerife, Espa\u00f1a<br>Katarzyna M\u00fcller (Lublin, Polonia)\t\t\t\t<\/div>\n\t\t\t\t\t\t\t\t\t\t<\/div>\n\t\t\t\t\t\t\t\t\t<\/div>\n\t\t\t\t\t\t<\/div>\n\t\t\t\t\t\t<div class='spectra-image-gallery__media-wrapper' data-spectra-gallery-image-id='266009' tabindex=\"0\">\n\t\t\t\t\t\t\t<div class=\"spectra-image-gallery__media spectra-image-gallery__media--grid\">\n\t\t\t\t<picture>\n\t\t\t\t\t<source media=\"(min-width: 1024px)\" srcset=\"https:\/\/www.barcelonacapitalnautica.org\/wp-content\/uploads\/2024\/04\/makontro.jpeg\">\n\t\t\t\t\t<source media=\"(min-width: 768px)\" srcset=\"https:\/\/www.barcelonacapitalnautica.org\/wp-content\/uploads\/2024\/04\/makontro.jpeg\">\n\t\t\t\t\t<img decoding=\"async\" class=\"spectra-image-gallery__media-thumbnail spectra-image-gallery__media-thumbnail--grid\" src=\"https:\/\/www.barcelonacapitalnautica.org\/wp-content\/uploads\/2024\/04\/makontro-420x560.jpeg\" alt=\"\" loading=\"lazy\" \/>\n\t\t\t\t<\/picture>\n\t\t\t\t<div class=\"spectra-image-gallery__media-thumbnail-blurrer\"><\/div>\n\t\t\t\t\t\t\t\t\t\t\t<div class=\"spectra-image-gallery__media-thumbnail-caption-wrapper spectra-image-gallery__media-thumbnail-caption-wrapper--bar-inside\">\n\t\t\t\t\t\t\t\t\t\t\t<div class=\"spectra-image-gallery__media-thumbnail-caption spectra-image-gallery__media-thumbnail-caption--bar-inside\">\n\t\t\t\t\tSalida del sol en la Costa Brava<br>Aigua Xelida, Girona, Catalunya, Espa\u00f1a<br>Marcos Quintana Sola (Esplugues de Llobregat, Barcelona, Catalunya, Espa\u00f1a)\t\t\t\t<\/div>\n\t\t\t\t\t\t\t\t\t\t<\/div>\n\t\t\t\t\t\t\t\t\t<\/div>\n\t\t\t\t\t\t<\/div>\n\t\t\t\t\t\t<div class='spectra-image-gallery__media-wrapper' data-spectra-gallery-image-id='266015' tabindex=\"0\">\n\t\t\t\t\t\t\t<div class=\"spectra-image-gallery__media spectra-image-gallery__media--grid\">\n\t\t\t\t<picture>\n\t\t\t\t\t<source media=\"(min-width: 1024px)\" srcset=\"https:\/\/www.barcelonacapitalnautica.org\/wp-content\/uploads\/2024\/04\/mohamedtazi.jpeg\">\n\t\t\t\t\t<source media=\"(min-width: 768px)\" srcset=\"https:\/\/www.barcelonacapitalnautica.org\/wp-content\/uploads\/2024\/04\/mohamedtazi.jpeg\">\n\t\t\t\t\t<img decoding=\"async\" class=\"spectra-image-gallery__media-thumbnail spectra-image-gallery__media-thumbnail--grid\" src=\"https:\/\/www.barcelonacapitalnautica.org\/wp-content\/uploads\/2024\/04\/mohamedtazi-560x374.jpeg\" alt=\"\" loading=\"lazy\" \/>\n\t\t\t\t<\/picture>\n\t\t\t\t<div class=\"spectra-image-gallery__media-thumbnail-blurrer\"><\/div>\n\t\t\t\t\t\t\t\t\t\t\t<div class=\"spectra-image-gallery__media-thumbnail-caption-wrapper spectra-image-gallery__media-thumbnail-caption-wrapper--bar-inside\">\n\t\t\t\t\t\t\t\t\t\t\t<div class=\"spectra-image-gallery__media-thumbnail-caption spectra-image-gallery__media-thumbnail-caption--bar-inside\">\n\t\t\t\t\tBot (pez luna)<br>Costa mediter\u00e1nea de Marruecos<br>Tazi Cherti Mohamed (Casablanca, Marruecos)\t\t\t\t<\/div>\n\t\t\t\t\t\t\t\t\t\t<\/div>\n\t\t\t\t\t\t\t\t\t<\/div>\n\t\t\t\t\t\t<\/div>\n\t\t\t\t\t\t<div class='spectra-image-gallery__media-wrapper' data-spectra-gallery-image-id='266012' tabindex=\"0\">\n\t\t\t\t\t\t\t<div class=\"spectra-image-gallery__media spectra-image-gallery__media--grid\">\n\t\t\t\t<picture>\n\t\t\t\t\t<source media=\"(min-width: 1024px)\" srcset=\"https:\/\/www.barcelonacapitalnautica.org\/wp-content\/uploads\/2024\/04\/martirafel.jpeg\">\n\t\t\t\t\t<source media=\"(min-width: 768px)\" srcset=\"https:\/\/www.barcelonacapitalnautica.org\/wp-content\/uploads\/2024\/04\/martirafel.jpeg\">\n\t\t\t\t\t<img decoding=\"async\" class=\"spectra-image-gallery__media-thumbnail spectra-image-gallery__media-thumbnail--grid\" src=\"https:\/\/www.barcelonacapitalnautica.org\/wp-content\/uploads\/2024\/04\/martirafel-315x560.jpeg\" alt=\"\" loading=\"lazy\" \/>\n\t\t\t\t<\/picture>\n\t\t\t\t<div class=\"spectra-image-gallery__media-thumbnail-blurrer\"><\/div>\n\t\t\t\t\t\t\t\t\t\t\t<div class=\"spectra-image-gallery__media-thumbnail-caption-wrapper spectra-image-gallery__media-thumbnail-caption-wrapper--bar-inside\">\n\t\t\t\t\t\t\t\t\t\t\t<div class=\"spectra-image-gallery__media-thumbnail-caption spectra-image-gallery__media-thumbnail-caption--bar-inside\">\n\t\t\t\t\tCruze atl\u00e1ntico<br>Norte del Oc\u00e9ano Atl\u00e1ntico<br>Mart\u00ed Rafel Herrero (Barcelona, Catalunya, Espa\u00f1a)\t\t\t\t<\/div>\n\t\t\t\t\t\t\t\t\t\t<\/div>\n\t\t\t\t\t\t\t\t\t<\/div>\n\t\t\t\t\t\t<\/div>\n\t\t\t\t\t\t<div class='spectra-image-gallery__media-wrapper' data-spectra-gallery-image-id='266024' tabindex=\"0\">\n\t\t\t\t\t\t\t<div class=\"spectra-image-gallery__media spectra-image-gallery__media--grid\">\n\t\t\t\t<picture>\n\t\t\t\t\t<source media=\"(min-width: 1024px)\" srcset=\"https:\/\/www.barcelonacapitalnautica.org\/wp-content\/uploads\/2024\/04\/patbros_Imatge-Pat.jpeg\">\n\t\t\t\t\t<source media=\"(min-width: 768px)\" srcset=\"https:\/\/www.barcelonacapitalnautica.org\/wp-content\/uploads\/2024\/04\/patbros_Imatge-Pat.jpeg\">\n\t\t\t\t\t<img decoding=\"async\" class=\"spectra-image-gallery__media-thumbnail spectra-image-gallery__media-thumbnail--grid\" src=\"https:\/\/www.barcelonacapitalnautica.org\/wp-content\/uploads\/2024\/04\/patbros_Imatge-Pat-560x374.jpeg\" alt=\"\" loading=\"lazy\" \/>\n\t\t\t\t<\/picture>\n\t\t\t\t<div class=\"spectra-image-gallery__media-thumbnail-blurrer\"><\/div>\n\t\t\t\t\t\t\t\t\t\t\t<div class=\"spectra-image-gallery__media-thumbnail-caption-wrapper spectra-image-gallery__media-thumbnail-caption-wrapper--bar-inside\">\n\t\t\t\t\t\t\t\t\t\t\t<div class=\"spectra-image-gallery__media-thumbnail-caption spectra-image-gallery__media-thumbnail-caption--bar-inside\">\n\t\t\t\t\taMAR<br>Platja de Grifeu, Llan\u00e7\u00e0, Catalunya, Espa\u00f1a<br>Pat Bros (Colera, Catalunya, Espa\u00f1a)\t\t\t\t<\/div>\n\t\t\t\t\t\t\t\t\t\t<\/div>\n\t\t\t\t\t\t\t\t\t<\/div>\n\t\t\t\t\t\t<\/div>\n\t\t\t\t\t\t<div class='spectra-image-gallery__media-wrapper' data-spectra-gallery-image-id='266018' tabindex=\"0\">\n\t\t\t\t\t\t\t<div class=\"spectra-image-gallery__media spectra-image-gallery__media--grid\">\n\t\t\t\t<picture>\n\t\t\t\t\t<source media=\"(min-width: 1024px)\" srcset=\"https:\/\/www.barcelonacapitalnautica.org\/wp-content\/uploads\/2024\/04\/novellecao.jpeg\">\n\t\t\t\t\t<source media=\"(min-width: 768px)\" srcset=\"https:\/\/www.barcelonacapitalnautica.org\/wp-content\/uploads\/2024\/04\/novellecao.jpeg\">\n\t\t\t\t\t<img decoding=\"async\" class=\"spectra-image-gallery__media-thumbnail spectra-image-gallery__media-thumbnail--grid\" src=\"https:\/\/www.barcelonacapitalnautica.org\/wp-content\/uploads\/2024\/04\/novellecao-560x360.jpeg\" alt=\"\" loading=\"lazy\" \/>\n\t\t\t\t<\/picture>\n\t\t\t\t<div class=\"spectra-image-gallery__media-thumbnail-blurrer\"><\/div>\n\t\t\t\t\t\t\t\t\t\t\t<div class=\"spectra-image-gallery__media-thumbnail-caption-wrapper spectra-image-gallery__media-thumbnail-caption-wrapper--bar-inside\">\n\t\t\t\t\t\t\t\t\t\t\t<div class=\"spectra-image-gallery__media-thumbnail-caption spectra-image-gallery__media-thumbnail-caption--bar-inside\">\n\t\t\t\t\tVentana al mar<br>Illa d&#8217;Ons, Pontevedra, Galicia, Espa\u00f1a<br>Jose Antonio Novelle Cao (Orense, Gal\u00edcia, Espanya)\t\t\t\t<\/div>\n\t\t\t\t\t\t\t\t\t\t<\/div>\n\t\t\t\t\t\t\t\t\t<\/div>\n\t\t\t\t\t\t<\/div>\n\t\t\t\t\t\t<div class='spectra-image-gallery__media-wrapper' data-spectra-gallery-image-id='266030' tabindex=\"0\">\n\t\t\t\t\t\t\t<div class=\"spectra-image-gallery__media spectra-image-gallery__media--grid\">\n\t\t\t\t<picture>\n\t\t\t\t\t<source media=\"(min-width: 1024px)\" srcset=\"https:\/\/www.barcelonacapitalnautica.org\/wp-content\/uploads\/2024\/04\/suki_media.jpeg\">\n\t\t\t\t\t<source media=\"(min-width: 768px)\" srcset=\"https:\/\/www.barcelonacapitalnautica.org\/wp-content\/uploads\/2024\/04\/suki_media.jpeg\">\n\t\t\t\t\t<img decoding=\"async\" class=\"spectra-image-gallery__media-thumbnail spectra-image-gallery__media-thumbnail--grid\" src=\"https:\/\/www.barcelonacapitalnautica.org\/wp-content\/uploads\/2024\/04\/suki_media-560x346.jpeg\" alt=\"\" loading=\"lazy\" \/>\n\t\t\t\t<\/picture>\n\t\t\t\t<div class=\"spectra-image-gallery__media-thumbnail-blurrer\"><\/div>\n\t\t\t\t\t\t\t\t\t\t\t<div class=\"spectra-image-gallery__media-thumbnail-caption-wrapper spectra-image-gallery__media-thumbnail-caption-wrapper--bar-inside\">\n\t\t\t\t\t\t\t\t\t\t\t<div class=\"spectra-image-gallery__media-thumbnail-caption spectra-image-gallery__media-thumbnail-caption--bar-inside\">\n\t\t\t\t\tEl despertar de los gigants<br>Nazar\u00e9, Portugal<br>Lisa Paarvio (Finlandia)\t\t\t\t<\/div>\n\t\t\t\t\t\t\t\t\t\t<\/div>\n\t\t\t\t\t\t\t\t\t<\/div>\n\t\t\t\t\t\t<\/div>\n\t\t\t\t\t\t<div class='spectra-image-gallery__media-wrapper' data-spectra-gallery-image-id='266036' tabindex=\"0\">\n\t\t\t\t\t\t\t<div class=\"spectra-image-gallery__media spectra-image-gallery__media--grid\">\n\t\t\t\t<picture>\n\t\t\t\t\t<source media=\"(min-width: 1024px)\" srcset=\"https:\/\/www.barcelonacapitalnautica.org\/wp-content\/uploads\/2024\/04\/VICTOR-DE-VALLES.jpeg\">\n\t\t\t\t\t<source media=\"(min-width: 768px)\" srcset=\"https:\/\/www.barcelonacapitalnautica.org\/wp-content\/uploads\/2024\/04\/VICTOR-DE-VALLES.jpeg\">\n\t\t\t\t\t<img decoding=\"async\" class=\"spectra-image-gallery__media-thumbnail spectra-image-gallery__media-thumbnail--grid\" src=\"https:\/\/www.barcelonacapitalnautica.org\/wp-content\/uploads\/2024\/04\/VICTOR-DE-VALLES-560x410.jpeg\" alt=\"\" loading=\"lazy\" \/>\n\t\t\t\t<\/picture>\n\t\t\t\t<div class=\"spectra-image-gallery__media-thumbnail-blurrer\"><\/div>\n\t\t\t\t\t\t\t\t\t\t\t<div class=\"spectra-image-gallery__media-thumbnail-caption-wrapper spectra-image-gallery__media-thumbnail-caption-wrapper--bar-inside\">\n\t\t\t\t\t\t\t\t\t\t\t<div class=\"spectra-image-gallery__media-thumbnail-caption spectra-image-gallery__media-thumbnail-caption--bar-inside\">\n\t\t\t\t\tPaddle surf por la ma\u00f1ana<br>Fornells, Menorca, Espa\u00f1a<br>Victor de Valles Ib\u00e1\u00f1ez (Barcelona, Catalunya, Espa\u00f1a)\t\t\t\t<\/div>\n\t\t\t\t\t\t\t\t\t\t<\/div>\n\t\t\t\t\t\t\t\t\t<\/div>\n\t\t\t\t\t\t<\/div>\n\t\t\t\t\t\t<div class='spectra-image-gallery__media-wrapper' data-spectra-gallery-image-id='266027' tabindex=\"0\">\n\t\t\t\t\t\t\t<div class=\"spectra-image-gallery__media spectra-image-gallery__media--grid\">\n\t\t\t\t<picture>\n\t\t\t\t\t<source media=\"(min-width: 1024px)\" srcset=\"https:\/\/www.barcelonacapitalnautica.org\/wp-content\/uploads\/2024\/04\/rubnerclaudia_Metamorphosis.jpeg\">\n\t\t\t\t\t<source media=\"(min-width: 768px)\" srcset=\"https:\/\/www.barcelonacapitalnautica.org\/wp-content\/uploads\/2024\/04\/rubnerclaudia_Metamorphosis.jpeg\">\n\t\t\t\t\t<img decoding=\"async\" class=\"spectra-image-gallery__media-thumbnail spectra-image-gallery__media-thumbnail--grid\" src=\"https:\/\/www.barcelonacapitalnautica.org\/wp-content\/uploads\/2024\/04\/rubnerclaudia_Metamorphosis-560x374.jpeg\" alt=\"\" loading=\"lazy\" \/>\n\t\t\t\t<\/picture>\n\t\t\t\t<div class=\"spectra-image-gallery__media-thumbnail-blurrer\"><\/div>\n\t\t\t\t\t\t\t\t\t\t\t<div class=\"spectra-image-gallery__media-thumbnail-caption-wrapper spectra-image-gallery__media-thumbnail-caption-wrapper--bar-inside\">\n\t\t\t\t\t\t\t\t\t\t\t<div class=\"spectra-image-gallery__media-thumbnail-caption spectra-image-gallery__media-thumbnail-caption--bar-inside\">\n\t\t\t\t\tMetamorfosis<br>Isla de Elba, Toscana, Italia <br>Claudia Rubner (Brunico, Alto Adige, Italia)\t\t\t\t<\/div>\n\t\t\t\t\t\t\t\t\t\t<\/div>\n\t\t\t\t\t\t\t\t\t<\/div>\n\t\t\t\t\t\t<\/div>\n\t\t\t\t\t\t<div class='spectra-image-gallery__media-wrapper' data-spectra-gallery-image-id='266039' tabindex=\"0\">\n\t\t\t\t\t\t\t<div class=\"spectra-image-gallery__media spectra-image-gallery__media--grid\">\n\t\t\t\t<picture>\n\t\t\t\t\t<source media=\"(min-width: 1024px)\" srcset=\"https:\/\/www.barcelonacapitalnautica.org\/wp-content\/uploads\/2024\/04\/victoriarovira_Pescant_a_tresmall_VRC.jpeg\">\n\t\t\t\t\t<source media=\"(min-width: 768px)\" srcset=\"https:\/\/www.barcelonacapitalnautica.org\/wp-content\/uploads\/2024\/04\/victoriarovira_Pescant_a_tresmall_VRC.jpeg\">\n\t\t\t\t\t<img decoding=\"async\" class=\"spectra-image-gallery__media-thumbnail spectra-image-gallery__media-thumbnail--grid\" src=\"https:\/\/www.barcelonacapitalnautica.org\/wp-content\/uploads\/2024\/04\/victoriarovira_Pescant_a_tresmall_VRC-560x374.jpeg\" alt=\"\" loading=\"lazy\" \/>\n\t\t\t\t<\/picture>\n\t\t\t\t<div class=\"spectra-image-gallery__media-thumbnail-blurrer\"><\/div>\n\t\t\t\t\t\t\t\t\t\t\t<div class=\"spectra-image-gallery__media-thumbnail-caption-wrapper spectra-image-gallery__media-thumbnail-caption-wrapper--bar-inside\">\n\t\t\t\t\t\t\t\t\t\t\t<div class=\"spectra-image-gallery__media-thumbnail-caption spectra-image-gallery__media-thumbnail-caption--bar-inside\">\n\t\t\t\t\tPescando a trasmallo<br>Montgat, Catalunya, Espa\u00f1a<br>Vict\u00f2ria Rovira Casanovas (Barcelona, Catalunya, Espa\u00f1a)\t\t\t\t<\/div>\n\t\t\t\t\t\t\t\t\t\t<\/div>\n\t\t\t\t\t\t\t\t\t<\/div>\n\t\t\t\t\t\t<\/div>\n\t\t\t\t\t\t\t\t\t\t<\/div>\n\t\t\t\t\t\t\t\t\t\t\t\t\t\t\t\t\t\t<\/div>\n\t\t\t\t\t\t\t\t\t\t\t<div class='spectra-image-gallery__control-lightbox' tabindex='0'>\n\t\t\t\t\t\t\t\t\t\t\t<div class=\"swiper spectra-image-gallery__control-lightbox--main\" dir=\"\">\n\t\t\t\t\t<div class=\"swiper-wrapper\">\n\t\t\t\t\t\t\t\t\t\t\t\t\t\n\t\t\t\t\t\t\t<div class=\"swiper-slide\">\n\t\t\t\t\t\t\t\t<img class=\"swiper-lazy\" data-src=\"https:\/\/www.barcelonacapitalnautica.org\/wp-content\/uploads\/2024\/04\/tato_damiani_Just-Add-Water.jpeg\" alt=\"\"\/>\n\t\t\t\t\t\t\t\t<div class=\"swiper-lazy-preloader swiper-lazy-preloader-white\"><\/div>\n\t\t\t\t\t\t\t\t\t\t\t\t\t\t\t\t\t<div class=\"spectra-image-gallery__control-lightbox--caption\" data-spectra-gallery-image-id='266033'>\n\t\t\t\t\t\t\t\t\t\tAfegir-hi nom\u00e9s aigua<br>Platja d&#8217;Es Trenc, Mallorca, Espanya<br>Fernando\u00b4Tat\u00f3 Damiani Arroyo (Palma, Mallorca, Espa\u00f1a)\t\t\t\t\t\t\t\t\t<\/div>\n\t\t\t\t\t\t\t\t\t\t\t\t\t\t\t<\/div>\n\t\t\t\t\t\t\t\t\t\t\t\t\t\n\t\t\t\t\t\t\t<div class=\"swiper-slide\">\n\t\t\t\t\t\t\t\t<img class=\"swiper-lazy\" data-src=\"https:\/\/www.barcelonacapitalnautica.org\/wp-content\/uploads\/2024\/04\/Albert_Sasplugas_WhenPreyBecomesThePredato.jpeg\" alt=\"\"\/>\n\t\t\t\t\t\t\t\t<div class=\"swiper-lazy-preloader swiper-lazy-preloader-white\"><\/div>\n\t\t\t\t\t\t\t\t\t\t\t\t\t\t\t\t\t<div class=\"spectra-image-gallery__control-lightbox--caption\" data-spectra-gallery-image-id='265973'>\n\t\t\t\t\t\t\t\t\t\tCuando la presa es el depredador<br>Ningaloo Reef, Western Australia, Australia<br>Albert Sasplugas y Dapena (Barcelona, Catalunya, Espanya)\t\t\t\t\t\t\t\t\t<\/div>\n\t\t\t\t\t\t\t\t\t\t\t\t\t\t\t<\/div>\n\t\t\t\t\t\t\t\t\t\t\t\t\t\n\t\t\t\t\t\t\t<div class=\"swiper-slide\">\n\t\t\t\t\t\t\t\t<img class=\"swiper-lazy\" data-src=\"https:\/\/www.barcelonacapitalnautica.org\/wp-content\/uploads\/2024\/04\/andresmarco.jpeg\" alt=\"\"\/>\n\t\t\t\t\t\t\t\t<div class=\"swiper-lazy-preloader swiper-lazy-preloader-white\"><\/div>\n\t\t\t\t\t\t\t\t\t\t\t\t\t\t\t\t\t<div class=\"spectra-image-gallery__control-lightbox--caption\" data-spectra-gallery-image-id='265982'>\n\t\t\t\t\t\t\t\t\t\tFinal del d\u00eda<br>Port pesquer de Santa Pola, Alacant, Espa\u00f1a<br>Andr\u00e9s Marco Molina (Santa Pola, Alicante, Espanya)\t\t\t\t\t\t\t\t\t<\/div>\n\t\t\t\t\t\t\t\t\t\t\t\t\t\t\t<\/div>\n\t\t\t\t\t\t\t\t\t\t\t\t\t\n\t\t\t\t\t\t\t<div class=\"swiper-slide\">\n\t\t\t\t\t\t\t\t<img class=\"swiper-lazy\" data-src=\"https:\/\/www.barcelonacapitalnautica.org\/wp-content\/uploads\/2024\/04\/alexandrshinkar.jpeg\" alt=\"\"\/>\n\t\t\t\t\t\t\t\t<div class=\"swiper-lazy-preloader swiper-lazy-preloader-white\"><\/div>\n\t\t\t\t\t\t\t\t\t\t\t\t\t\t\t\t\t<div class=\"spectra-image-gallery__control-lightbox--caption\" data-spectra-gallery-image-id='265976'>\n\t\t\t\t\t\t\t\t\t\tArmon\u00eda azul<br>Balaklava, Sebast\u00f2pol, Rusia<br>Alexander Shinkarevsky (Simfer\u00f2pol, Crimea)\t\t\t\t\t\t\t\t\t<\/div>\n\t\t\t\t\t\t\t\t\t\t\t\t\t\t\t<\/div>\n\t\t\t\t\t\t\t\t\t\t\t\t\t\n\t\t\t\t\t\t\t<div class=\"swiper-slide\">\n\t\t\t\t\t\t\t\t<img class=\"swiper-lazy\" data-src=\"https:\/\/www.barcelonacapitalnautica.org\/wp-content\/uploads\/2024\/04\/enrico-Cimador.jpeg\" alt=\"\"\/>\n\t\t\t\t\t\t\t\t<div class=\"swiper-lazy-preloader swiper-lazy-preloader-white\"><\/div>\n\t\t\t\t\t\t\t\t\t\t\t\t\t\t\t\t\t<div class=\"spectra-image-gallery__control-lightbox--caption\" data-spectra-gallery-image-id='265985'>\n\t\t\t\t\t\t\t\t\t\tCapturando el momento<br>Playa de las Am\u00e9ricas, Tenerife, Espanya<br>Enrico Cimador, Trieste, Italia\t\t\t\t\t\t\t\t\t<\/div>\n\t\t\t\t\t\t\t\t\t\t\t\t\t\t\t<\/div>\n\t\t\t\t\t\t\t\t\t\t\t\t\t\n\t\t\t\t\t\t\t<div class=\"swiper-slide\">\n\t\t\t\t\t\t\t\t<img class=\"swiper-lazy\" data-src=\"https:\/\/www.barcelonacapitalnautica.org\/wp-content\/uploads\/2024\/04\/alexcao_OCEAN-LOTUS-LEAF.jpeg\" alt=\"\"\/>\n\t\t\t\t\t\t\t\t<div class=\"swiper-lazy-preloader swiper-lazy-preloader-white\"><\/div>\n\t\t\t\t\t\t\t\t\t\t\t\t\t\t\t\t\t<div class=\"spectra-image-gallery__control-lightbox--caption\" data-spectra-gallery-image-id='265979'>\n\t\t\t\t\t\t\t\t\t\tHoja de loto oce\u00e1nico<br>Quang Ngai, Vietnam<br>Alex Cao (Quang Ngai, Vietnam)\t\t\t\t\t\t\t\t\t<\/div>\n\t\t\t\t\t\t\t\t\t\t\t\t\t\t\t<\/div>\n\t\t\t\t\t\t\t\t\t\t\t\t\t\n\t\t\t\t\t\t\t<div class=\"swiper-slide\">\n\t\t\t\t\t\t\t\t<img class=\"swiper-lazy\" data-src=\"https:\/\/www.barcelonacapitalnautica.org\/wp-content\/uploads\/2024\/04\/esthercastillo_Dos-mundos.jpeg\" alt=\"\"\/>\n\t\t\t\t\t\t\t\t<div class=\"swiper-lazy-preloader swiper-lazy-preloader-white\"><\/div>\n\t\t\t\t\t\t\t\t\t\t\t\t\t\t\t\t\t<div class=\"spectra-image-gallery__control-lightbox--caption\" data-spectra-gallery-image-id='265988'>\n\t\t\t\t\t\t\t\t\t\tDos mundos, indivisible<br>Mallorca, Espa\u00f1a<br>Esther Castillo Calafell (Palma, Mallorca, Espa\u00f1a)\t\t\t\t\t\t\t\t\t<\/div>\n\t\t\t\t\t\t\t\t\t\t\t\t\t\t\t<\/div>\n\t\t\t\t\t\t\t\t\t\t\t\t\t\n\t\t\t\t\t\t\t<div class=\"swiper-slide\">\n\t\t\t\t\t\t\t\t<img class=\"swiper-lazy\" data-src=\"https:\/\/www.barcelonacapitalnautica.org\/wp-content\/uploads\/2024\/04\/geralemany.jpeg\" alt=\"\"\/>\n\t\t\t\t\t\t\t\t<div class=\"swiper-lazy-preloader swiper-lazy-preloader-white\"><\/div>\n\t\t\t\t\t\t\t\t\t\t\t\t\t\t\t\t\t<div class=\"spectra-image-gallery__control-lightbox--caption\" data-spectra-gallery-image-id='265991'>\n\t\t\t\t\t\t\t\t\t\tPaz<br>Aigua Xelida, Girona, Catalunya, Espa\u00f1a<br>Gerard Alemany Mora (Barcelona, Catalunya, Espa\u00f1a)\t\t\t\t\t\t\t\t\t<\/div>\n\t\t\t\t\t\t\t\t\t\t\t\t\t\t\t<\/div>\n\t\t\t\t\t\t\t\t\t\t\t\t\t\n\t\t\t\t\t\t\t<div class=\"swiper-slide\">\n\t\t\t\t\t\t\t\t<img class=\"swiper-lazy\" data-src=\"https:\/\/www.barcelonacapitalnautica.org\/wp-content\/uploads\/2024\/04\/Oriol-Esteve.jpeg\" alt=\"\"\/>\n\t\t\t\t\t\t\t\t<div class=\"swiper-lazy-preloader swiper-lazy-preloader-white\"><\/div>\n\t\t\t\t\t\t\t\t\t\t\t\t\t\t\t\t\t<div class=\"spectra-image-gallery__control-lightbox--caption\" data-spectra-gallery-image-id='266021'>\n\t\t\t\t\t\t\t\t\t\tNavegando con los cl\u00e1sicos<br>Mar Mediterr\u00e1neo Regata Illes Balears de Cl\u00e0ssics, Espa\u00f1a<br>Oriol Esteve Romeu (Barcelona, Catalunya, Espa\u00f1a)\t\t\t\t\t\t\t\t\t<\/div>\n\t\t\t\t\t\t\t\t\t\t\t\t\t\t\t<\/div>\n\t\t\t\t\t\t\t\t\t\t\t\t\t\n\t\t\t\t\t\t\t<div class=\"swiper-slide\">\n\t\t\t\t\t\t\t\t<img class=\"swiper-lazy\" data-src=\"https:\/\/www.barcelonacapitalnautica.org\/wp-content\/uploads\/2024\/04\/isakaron.jpeg\" alt=\"\"\/>\n\t\t\t\t\t\t\t\t<div class=\"swiper-lazy-preloader swiper-lazy-preloader-white\"><\/div>\n\t\t\t\t\t\t\t\t\t\t\t\t\t\t\t\t\t<div class=\"spectra-image-gallery__control-lightbox--caption\" data-spectra-gallery-image-id='265994'>\n\t\t\t\t\t\t\t\t\t\tAutoretrato co el poder de la naturaleza<br>Islandia<br>\u00cdsak Vidisson (Islandia)\t\t\t\t\t\t\t\t\t<\/div>\n\t\t\t\t\t\t\t\t\t\t\t\t\t\t\t<\/div>\n\t\t\t\t\t\t\t\t\t\t\t\t\t\n\t\t\t\t\t\t\t<div class=\"swiper-slide\">\n\t\t\t\t\t\t\t\t<img class=\"swiper-lazy\" data-src=\"https:\/\/www.barcelonacapitalnautica.org\/wp-content\/uploads\/2024\/04\/isoleha.jpeg\" alt=\"\"\/>\n\t\t\t\t\t\t\t\t<div class=\"swiper-lazy-preloader swiper-lazy-preloader-white\"><\/div>\n\t\t\t\t\t\t\t\t\t\t\t\t\t\t\t\t\t<div class=\"spectra-image-gallery__control-lightbox--caption\" data-spectra-gallery-image-id='265997'>\n\t\t\t\t\t\t\t\t\t\tPegado a ti<br>Mubarak, Karachi, Pakistan<br>Saleha, Karachi (Pakistan)\t\t\t\t\t\t\t\t\t<\/div>\n\t\t\t\t\t\t\t\t\t\t\t\t\t\t\t<\/div>\n\t\t\t\t\t\t\t\t\t\t\t\t\t\n\t\t\t\t\t\t\t<div class=\"swiper-slide\">\n\t\t\t\t\t\t\t\t<img class=\"swiper-lazy\" data-src=\"https:\/\/www.barcelonacapitalnautica.org\/wp-content\/uploads\/2024\/04\/judith_.jpeg\" alt=\"\"\/>\n\t\t\t\t\t\t\t\t<div class=\"swiper-lazy-preloader swiper-lazy-preloader-white\"><\/div>\n\t\t\t\t\t\t\t\t\t\t\t\t\t\t\t\t\t<div class=\"spectra-image-gallery__control-lightbox--caption\" data-spectra-gallery-image-id='266003'>\n\t\t\t\t\t\t\t\t\t\tNadando libre en Groenlandia<br>Disko Bay, Ilulissat, Groenlandia<br>Judith Anton Teixid\u00f3 (Barcelona, Catalunya, Espa\u00f1a)\t\t\t\t\t\t\t\t\t<\/div>\n\t\t\t\t\t\t\t\t\t\t\t\t\t\t\t<\/div>\n\t\t\t\t\t\t\t\t\t\t\t\t\t\n\t\t\t\t\t\t\t<div class=\"swiper-slide\">\n\t\t\t\t\t\t\t\t<img class=\"swiper-lazy\" data-src=\"https:\/\/www.barcelonacapitalnautica.org\/wp-content\/uploads\/2024\/04\/itsaso81_El-faro.jpeg\" alt=\"\"\/>\n\t\t\t\t\t\t\t\t<div class=\"swiper-lazy-preloader swiper-lazy-preloader-white\"><\/div>\n\t\t\t\t\t\t\t\t\t\t\t\t\t\t\t\t\t<div class=\"spectra-image-gallery__control-lightbox--caption\" data-spectra-gallery-image-id='266000'>\n\t\t\t\t\t\t\t\t\t\tEl faro y la ola<br>Cap Berton, Landes, Francia<br>Itsaso Sodupe Intxausti (Segura, Guip\u00fazcoa, Espa\u00f1a)\t\t\t\t\t\t\t\t\t<\/div>\n\t\t\t\t\t\t\t\t\t\t\t\t\t\t\t<\/div>\n\t\t\t\t\t\t\t\t\t\t\t\t\t\n\t\t\t\t\t\t\t<div class=\"swiper-slide\">\n\t\t\t\t\t\t\t\t<img class=\"swiper-lazy\" data-src=\"https:\/\/www.barcelonacapitalnautica.org\/wp-content\/uploads\/2024\/04\/kasia_fotosub.jpeg\" alt=\"\"\/>\n\t\t\t\t\t\t\t\t<div class=\"swiper-lazy-preloader swiper-lazy-preloader-white\"><\/div>\n\t\t\t\t\t\t\t\t\t\t\t\t\t\t\t\t\t<div class=\"spectra-image-gallery__control-lightbox--caption\" data-spectra-gallery-image-id='266006'>\n\t\t\t\t\t\t\t\t\t\tPaz y felicidad<br>El Balito, Tenerife, Espa\u00f1a<br>Katarzyna M\u00fcller (Lublin, Polonia)\t\t\t\t\t\t\t\t\t<\/div>\n\t\t\t\t\t\t\t\t\t\t\t\t\t\t\t<\/div>\n\t\t\t\t\t\t\t\t\t\t\t\t\t\n\t\t\t\t\t\t\t<div class=\"swiper-slide\">\n\t\t\t\t\t\t\t\t<img class=\"swiper-lazy\" data-src=\"https:\/\/www.barcelonacapitalnautica.org\/wp-content\/uploads\/2024\/04\/makontro.jpeg\" alt=\"\"\/>\n\t\t\t\t\t\t\t\t<div class=\"swiper-lazy-preloader swiper-lazy-preloader-white\"><\/div>\n\t\t\t\t\t\t\t\t\t\t\t\t\t\t\t\t\t<div class=\"spectra-image-gallery__control-lightbox--caption\" data-spectra-gallery-image-id='266009'>\n\t\t\t\t\t\t\t\t\t\tSalida del sol en la Costa Brava<br>Aigua Xelida, Girona, Catalunya, Espa\u00f1a<br>Marcos Quintana Sola (Esplugues de Llobregat, Barcelona, Catalunya, Espa\u00f1a)\t\t\t\t\t\t\t\t\t<\/div>\n\t\t\t\t\t\t\t\t\t\t\t\t\t\t\t<\/div>\n\t\t\t\t\t\t\t\t\t\t\t\t\t\n\t\t\t\t\t\t\t<div class=\"swiper-slide\">\n\t\t\t\t\t\t\t\t<img class=\"swiper-lazy\" data-src=\"https:\/\/www.barcelonacapitalnautica.org\/wp-content\/uploads\/2024\/04\/mohamedtazi.jpeg\" alt=\"\"\/>\n\t\t\t\t\t\t\t\t<div class=\"swiper-lazy-preloader swiper-lazy-preloader-white\"><\/div>\n\t\t\t\t\t\t\t\t\t\t\t\t\t\t\t\t\t<div class=\"spectra-image-gallery__control-lightbox--caption\" data-spectra-gallery-image-id='266015'>\n\t\t\t\t\t\t\t\t\t\tBot (pez luna)<br>Costa mediter\u00e1nea de Marruecos<br>Tazi Cherti Mohamed (Casablanca, Marruecos)\t\t\t\t\t\t\t\t\t<\/div>\n\t\t\t\t\t\t\t\t\t\t\t\t\t\t\t<\/div>\n\t\t\t\t\t\t\t\t\t\t\t\t\t\n\t\t\t\t\t\t\t<div class=\"swiper-slide\">\n\t\t\t\t\t\t\t\t<img class=\"swiper-lazy\" data-src=\"https:\/\/www.barcelonacapitalnautica.org\/wp-content\/uploads\/2024\/04\/martirafel.jpeg\" alt=\"\"\/>\n\t\t\t\t\t\t\t\t<div class=\"swiper-lazy-preloader swiper-lazy-preloader-white\"><\/div>\n\t\t\t\t\t\t\t\t\t\t\t\t\t\t\t\t\t<div class=\"spectra-image-gallery__control-lightbox--caption\" data-spectra-gallery-image-id='266012'>\n\t\t\t\t\t\t\t\t\t\tCruze atl\u00e1ntico<br>Norte del Oc\u00e9ano Atl\u00e1ntico<br>Mart\u00ed Rafel Herrero (Barcelona, Catalunya, Espa\u00f1a)\t\t\t\t\t\t\t\t\t<\/div>\n\t\t\t\t\t\t\t\t\t\t\t\t\t\t\t<\/div>\n\t\t\t\t\t\t\t\t\t\t\t\t\t\n\t\t\t\t\t\t\t<div class=\"swiper-slide\">\n\t\t\t\t\t\t\t\t<img class=\"swiper-lazy\" data-src=\"https:\/\/www.barcelonacapitalnautica.org\/wp-content\/uploads\/2024\/04\/patbros_Imatge-Pat.jpeg\" alt=\"\"\/>\n\t\t\t\t\t\t\t\t<div class=\"swiper-lazy-preloader swiper-lazy-preloader-white\"><\/div>\n\t\t\t\t\t\t\t\t\t\t\t\t\t\t\t\t\t<div class=\"spectra-image-gallery__control-lightbox--caption\" data-spectra-gallery-image-id='266024'>\n\t\t\t\t\t\t\t\t\t\taMAR<br>Platja de Grifeu, Llan\u00e7\u00e0, Catalunya, Espa\u00f1a<br>Pat Bros (Colera, Catalunya, Espa\u00f1a)\t\t\t\t\t\t\t\t\t<\/div>\n\t\t\t\t\t\t\t\t\t\t\t\t\t\t\t<\/div>\n\t\t\t\t\t\t\t\t\t\t\t\t\t\n\t\t\t\t\t\t\t<div class=\"swiper-slide\">\n\t\t\t\t\t\t\t\t<img class=\"swiper-lazy\" data-src=\"https:\/\/www.barcelonacapitalnautica.org\/wp-content\/uploads\/2024\/04\/novellecao.jpeg\" alt=\"\"\/>\n\t\t\t\t\t\t\t\t<div class=\"swiper-lazy-preloader swiper-lazy-preloader-white\"><\/div>\n\t\t\t\t\t\t\t\t\t\t\t\t\t\t\t\t\t<div class=\"spectra-image-gallery__control-lightbox--caption\" data-spectra-gallery-image-id='266018'>\n\t\t\t\t\t\t\t\t\t\tVentana al mar<br>Illa d&#8217;Ons, Pontevedra, Galicia, Espa\u00f1a<br>Jose Antonio Novelle Cao (Orense, Gal\u00edcia, Espanya)\t\t\t\t\t\t\t\t\t<\/div>\n\t\t\t\t\t\t\t\t\t\t\t\t\t\t\t<\/div>\n\t\t\t\t\t\t\t\t\t\t\t\t\t\n\t\t\t\t\t\t\t<div class=\"swiper-slide\">\n\t\t\t\t\t\t\t\t<img class=\"swiper-lazy\" data-src=\"https:\/\/www.barcelonacapitalnautica.org\/wp-content\/uploads\/2024\/04\/suki_media.jpeg\" alt=\"\"\/>\n\t\t\t\t\t\t\t\t<div class=\"swiper-lazy-preloader swiper-lazy-preloader-white\"><\/div>\n\t\t\t\t\t\t\t\t\t\t\t\t\t\t\t\t\t<div class=\"spectra-image-gallery__control-lightbox--caption\" data-spectra-gallery-image-id='266030'>\n\t\t\t\t\t\t\t\t\t\tEl despertar de los gigants<br>Nazar\u00e9, Portugal<br>Lisa Paarvio (Finlandia)\t\t\t\t\t\t\t\t\t<\/div>\n\t\t\t\t\t\t\t\t\t\t\t\t\t\t\t<\/div>\n\t\t\t\t\t\t\t\t\t\t\t\t\t\n\t\t\t\t\t\t\t<div class=\"swiper-slide\">\n\t\t\t\t\t\t\t\t<img class=\"swiper-lazy\" data-src=\"https:\/\/www.barcelonacapitalnautica.org\/wp-content\/uploads\/2024\/04\/VICTOR-DE-VALLES.jpeg\" alt=\"\"\/>\n\t\t\t\t\t\t\t\t<div class=\"swiper-lazy-preloader swiper-lazy-preloader-white\"><\/div>\n\t\t\t\t\t\t\t\t\t\t\t\t\t\t\t\t\t<div class=\"spectra-image-gallery__control-lightbox--caption\" data-spectra-gallery-image-id='266036'>\n\t\t\t\t\t\t\t\t\t\tPaddle surf por la ma\u00f1ana<br>Fornells, Menorca, Espa\u00f1a<br>Victor de Valles Ib\u00e1\u00f1ez (Barcelona, Catalunya, Espa\u00f1a)\t\t\t\t\t\t\t\t\t<\/div>\n\t\t\t\t\t\t\t\t\t\t\t\t\t\t\t<\/div>\n\t\t\t\t\t\t\t\t\t\t\t\t\t\n\t\t\t\t\t\t\t<div class=\"swiper-slide\">\n\t\t\t\t\t\t\t\t<img class=\"swiper-lazy\" data-src=\"https:\/\/www.barcelonacapitalnautica.org\/wp-content\/uploads\/2024\/04\/rubnerclaudia_Metamorphosis.jpeg\" alt=\"\"\/>\n\t\t\t\t\t\t\t\t<div class=\"swiper-lazy-preloader swiper-lazy-preloader-white\"><\/div>\n\t\t\t\t\t\t\t\t\t\t\t\t\t\t\t\t\t<div class=\"spectra-image-gallery__control-lightbox--caption\" data-spectra-gallery-image-id='266027'>\n\t\t\t\t\t\t\t\t\t\tMetamorfosis<br>Isla de Elba, Toscana, Italia <br>Claudia Rubner (Brunico, Alto Adige, Italia)\t\t\t\t\t\t\t\t\t<\/div>\n\t\t\t\t\t\t\t\t\t\t\t\t\t\t\t<\/div>\n\t\t\t\t\t\t\t\t\t\t\t\t\t\n\t\t\t\t\t\t\t<div class=\"swiper-slide\">\n\t\t\t\t\t\t\t\t<img class=\"swiper-lazy\" data-src=\"https:\/\/www.barcelonacapitalnautica.org\/wp-content\/uploads\/2024\/04\/victoriarovira_Pescant_a_tresmall_VRC.jpeg\" alt=\"\"\/>\n\t\t\t\t\t\t\t\t<div class=\"swiper-lazy-preloader swiper-lazy-preloader-white\"><\/div>\n\t\t\t\t\t\t\t\t\t\t\t\t\t\t\t\t\t<div class=\"spectra-image-gallery__control-lightbox--caption\" data-spectra-gallery-image-id='266039'>\n\t\t\t\t\t\t\t\t\t\tPescando a trasmallo<br>Montgat, Catalunya, Espa\u00f1a<br>Vict\u00f2ria Rovira Casanovas (Barcelona, Catalunya, Espa\u00f1a)\t\t\t\t\t\t\t\t\t<\/div>\n\t\t\t\t\t\t\t\t\t\t\t\t\t\t\t<\/div>\n\t\t\t\t\t\t\t\t\t\t\t<\/div>\n\t\t\t\t\t<div class=\"swiper-button-next\"><\/div>\n\t\t\t\t\t<div class=\"swiper-button-prev\"><\/div>\n\t\t\t\t<\/div>\t\t\t\n\t\t\t\t\t\t\t\t\t\t\t\t\t\t\t\t\t\t\t\t\t\t\t\t\t\t\t\t\t\t\t\t<button class='spectra-image-gallery__control-lightbox--close' aria-label=\"Close\">\n\t\t\t\t\t\t\t\t\t\t\t\t\t<svg xmlns=\"https:\/\/www.w3.org\/2000\/svg\" viewBox= \"0 0 320 512\"><path d=\"M310.6 361.4c12.5 12.5 12.5 32.75 0 45.25C304.4 412.9 296.2 416 288 416s-16.38-3.125-22.62-9.375L160 301.3L54.63 406.6C48.38 412.9 40.19 416 32 416S15.63 412.9 9.375 406.6c-12.5-12.5-12.5-32.75 0-45.25l105.4-105.4L9.375 150.6c-12.5-12.5-12.5-32.75 0-45.25s32.75-12.5 45.25 0L160 210.8l105.4-105.4c12.5-12.5 32.75-12.5 45.25 0s12.5 32.75 0 45.25l-105.4 105.4L310.6 361.4z\"><\/path><\/svg>\n\t\t\t\t\t\t\t\t\t\t\t\t<\/button>\n\t\t\t\t\t\t\t\t\t\t\t\t\t<\/div>\n\t\t\t\t\t\t\t\t\t<\/div>\n<\/div><\/div>\n\n\n\n<hr class=\"wp-block-separator has-text-color has-ast-global-color-1-color has-alpha-channel-opacity has-ast-global-color-1-background-color has-background is-style-wide\"\/>\n\n\n\n<p><\/p>\n\n\n\n<div class=\"wp-block-uagb-container uagb-block-1980028c alignfull uagb-is-root-container\"><div class=\"uagb-container-inner-blocks-wrap\">\n<div class=\"wp-block-uagb-container uagb-block-c994bb4e\">\n<p class=\"has-text-align-left has-ast-global-color-0-color has-text-color\" style=\"font-size:1.04em\"><strong>Exposici\u00f3n en colaboraci\u00f3n con:<\/strong><\/p>\n<\/div>\n\n\n\n<div class=\"wp-block-uagb-image alignleft uagb-block-64886bcb wp-block-uagb-image--layout-default wp-block-uagb-image--effect-static wp-block-uagb-image--align-left\"><figure class=\"wp-block-uagb-image__figure\"><img decoding=\"async\" srcset=\"https:\/\/www.barcelonacapitalnautica.org\/wp-content\/uploads\/2024\/04\/logo_agora_awards.png ,https:\/\/www.barcelonacapitalnautica.org\/wp-content\/uploads\/2024\/04\/logo_agora_awards.png 780w, https:\/\/www.barcelonacapitalnautica.org\/wp-content\/uploads\/2024\/04\/logo_agora_awards.png 360w\" sizes=\"auto, (max-width: 480px) 150px\" src=\"https:\/\/www.barcelonacapitalnautica.org\/wp-content\/uploads\/2024\/04\/logo_agora_awards.png\" alt=\"\" class=\"uag-image-266054\" width=\"297\" height=\"259\" title=\"logo_agora_awards\" loading=\"lazy\" role=\"img\"\/><\/figure><\/div>\n\n\n\n<div class=\"wp-block-uagb-image alignleft uagb-block-5c73739a wp-block-uagb-image--layout-default wp-block-uagb-image--effect-static wp-block-uagb-image--align-left\"><figure class=\"wp-block-uagb-image__figure\"><img decoding=\"async\" srcset=\"https:\/\/www.barcelonacapitalnautica.org\/wp-content\/uploads\/2023\/03\/diputacio-bcn.svg ,https:\/\/www.barcelonacapitalnautica.org\/wp-content\/uploads\/2023\/03\/diputacio-bcn.svg 780w, https:\/\/www.barcelonacapitalnautica.org\/wp-content\/uploads\/2023\/03\/diputacio-bcn.svg 360w\" sizes=\"auto, (max-width: 480px) 150px\" src=\"https:\/\/www.barcelonacapitalnautica.org\/wp-content\/uploads\/2023\/03\/diputacio-bcn.svg\" alt=\"\" class=\"uag-image-829\" width=\"200\" height=\"159\" title=\"diputacio-bcn\" loading=\"lazy\" role=\"img\"\/><\/figure><\/div>\n<\/div><\/div>\n\n\n\n<p><\/p>\n\n\n\n<p><\/p>\n\n\n\n<div id=\"noticies\" class=\"wp-block-uagb-container uagb-block-181756f4 alignfull uagb-is-root-container\"><div class=\"uagb-container-inner-blocks-wrap\">\n<div class=\"wp-block-uagb-advanced-heading uagb-block-f5ec92c8\"><h2 class=\"uagb-heading-text\">Noticias sobre el concurso y la exposici\u00f3n<\/h2><\/div>\n\n\n\n\t\t\t<div class=\"wp-block-uagb-post-carousel uagb-post-grid  uagb-post__image-position-top uagb-post__image-enabled uagb-block-0b4a0bd4     uagb-post__arrow-outside uagb-slick-carousel uagb-post__items uagb-post__columns-3 is-carousel uagb-post__columns-tablet-2 uagb-post__columns-mobile-1 uagb-post__carousel_equal-height\" data-total=\"1\" style=\"\">\n\n\t\t\t\t\t\t\t\t\t\t\t\t<article class=\"uagb-post__inner-wrap\">\t\t\t\t\t\t\t\t<div class='uagb-post__image'>\n\t\t\t\t\t\t\t\t\t<a href=\"https:\/\/www.barcelonacapitalnautica.org\/es\/la-exposicion-un-mar-abierto-a-todo-el-mundo-en-el-espai-merce-sala\/\" target=\"_self\" rel=\"bookmark noopener noreferrer\"><img loading=\"lazy\" decoding=\"async\" width=\"380\" height=\"147\" src=\"https:\/\/www.barcelonacapitalnautica.org\/wp-content\/uploads\/2024\/06\/Noti-Expo-fotos-Merce-Sala-380x147.png\" class=\"attachment-thumbnail size-thumbnail\" alt=\"\" srcset=\"https:\/\/www.barcelonacapitalnautica.org\/wp-content\/uploads\/2024\/06\/Noti-Expo-fotos-Merce-Sala-380x147.png 380w, https:\/\/www.barcelonacapitalnautica.org\/wp-content\/uploads\/2024\/06\/Noti-Expo-fotos-Merce-Sala-560x216.png 560w, https:\/\/www.barcelonacapitalnautica.org\/wp-content\/uploads\/2024\/06\/Noti-Expo-fotos-Merce-Sala-900x347.png 900w, https:\/\/www.barcelonacapitalnautica.org\/wp-content\/uploads\/2024\/06\/Noti-Expo-fotos-Merce-Sala-768x296.png 768w, https:\/\/www.barcelonacapitalnautica.org\/wp-content\/uploads\/2024\/06\/Noti-Expo-fotos-Merce-Sala.png 1140w\" sizes=\"auto, (max-width: 380px) 100vw, 380px\" \/>\t\t\t\t\t<\/a>\n\t\t\t\t\t\t\t\t\t<\/div>\n\t\t\t\t\t\t<h3 class=\"uagb-post__title uagb-post__text\">\n\t\t\t\t<a href=\"https:\/\/www.barcelonacapitalnautica.org\/es\/la-exposicion-un-mar-abierto-a-todo-el-mundo-en-el-espai-merce-sala\/\" target=\"_self\" rel=\"bookmark noopener noreferrer\">La exposici\u00f3n \u201cUn mar abierto a todo el mundo\u201d en el Espai Merc\u00e8 Sala<\/a>\n\t\t\t<\/h3>\n\t\t\t\t\t\t<div class='uagb-post__text uagb-post-grid-byline'>\n\t\t\t\t\t\t\t\t<time datetime=\"2024-06-20T13:32:52+02:00\" class=\"uagb-post__date\">\n\t\t\t\t\t\t\t\t\t20 de junio de 2024\t\t\t\t<\/time>\n\t\t\t\t\t\t\t<div class=\"uagb-post__text\">\n\t\t\t\t\t<span class='uagb-post__taxonomy'>\n\t\t\t\t\t\t\t\t\t\t\t\t<a href=\"https:\/\/www.barcelonacapitalnautica.org\/es\/tag\/castellano\/\">castellano<\/a>,&nbsp;<a href=\"https:\/\/www.barcelonacapitalnautica.org\/es\/tag\/cultura-2\/\">cultura<\/a>,&nbsp;<a href=\"https:\/\/www.barcelonacapitalnautica.org\/es\/tag\/expo-fotos-2\/\">Expo fotos<\/a>\t\t\t\t\t<\/span>\n\t\t\t\t<\/div>\n\t\t\t\t\t\t\t<\/div>\n\t\t\t\t\t\t\t<div class='uagb-post__text uagb-post__excerpt'>\n\t\t\t\t\t<p>La exposici\u00f3n internacional de fotograf\u00eda \u201cUn mar abierto a todo el mundo\u201d se puede visitar en el Espai Merc\u00e8 Sala de TMB hasta el 5 de septiembre. Al febrero de&#8230;\t\t\t\t<\/div>\n\t\t\t\n\t\t\t\t\t\t\t\t\t<\/article>\n\t\t\t\t\t\t\t\t\t\t\t\t\t\t\t\t<article class=\"uagb-post__inner-wrap\">\t\t\t\t\t\t\t\t<div class='uagb-post__image'>\n\t\t\t\t\t\t\t\t\t<a href=\"https:\/\/www.barcelonacapitalnautica.org\/es\/los-ganadores-y-la-exposicion-del-concurso-de-fotografia-un-mar-abierto-a-todo-el-mundo\/\" target=\"_self\" rel=\"bookmark noopener noreferrer\"><img loading=\"lazy\" decoding=\"async\" width=\"380\" height=\"147\" src=\"https:\/\/www.barcelonacapitalnautica.org\/wp-content\/uploads\/2024\/04\/Noti-Inauguracio_expo-380x147.png\" class=\"attachment-thumbnail size-thumbnail\" alt=\"\" srcset=\"https:\/\/www.barcelonacapitalnautica.org\/wp-content\/uploads\/2024\/04\/Noti-Inauguracio_expo-380x147.png 380w, https:\/\/www.barcelonacapitalnautica.org\/wp-content\/uploads\/2024\/04\/Noti-Inauguracio_expo-560x216.png 560w, https:\/\/www.barcelonacapitalnautica.org\/wp-content\/uploads\/2024\/04\/Noti-Inauguracio_expo-900x347.png 900w, https:\/\/www.barcelonacapitalnautica.org\/wp-content\/uploads\/2024\/04\/Noti-Inauguracio_expo-768x296.png 768w, https:\/\/www.barcelonacapitalnautica.org\/wp-content\/uploads\/2024\/04\/Noti-Inauguracio_expo.png 1140w\" sizes=\"auto, (max-width: 380px) 100vw, 380px\" \/>\t\t\t\t\t<\/a>\n\t\t\t\t\t\t\t\t\t<\/div>\n\t\t\t\t\t\t<h3 class=\"uagb-post__title uagb-post__text\">\n\t\t\t\t<a href=\"https:\/\/www.barcelonacapitalnautica.org\/es\/los-ganadores-y-la-exposicion-del-concurso-de-fotografia-un-mar-abierto-a-todo-el-mundo\/\" target=\"_self\" rel=\"bookmark noopener noreferrer\">Los ganadores y la exposici\u00f3n del concurso de fotograf\u00eda \u00abUn mar abierto a todo el mundo\u00bb<\/a>\n\t\t\t<\/h3>\n\t\t\t\t\t\t<div class='uagb-post__text uagb-post-grid-byline'>\n\t\t\t\t\t\t\t\t<time datetime=\"2024-04-05T12:30:48+02:00\" class=\"uagb-post__date\">\n\t\t\t\t\t\t\t\t\t5 de abril de 2024\t\t\t\t<\/time>\n\t\t\t\t\t\t\t<div class=\"uagb-post__text\">\n\t\t\t\t\t<span class='uagb-post__taxonomy'>\n\t\t\t\t\t\t\t\t\t\t\t\t<a href=\"https:\/\/www.barcelonacapitalnautica.org\/es\/tag\/castellano\/\">castellano<\/a>,&nbsp;<a href=\"https:\/\/www.barcelonacapitalnautica.org\/es\/tag\/cultura-2\/\">cultura<\/a>,&nbsp;<a href=\"https:\/\/www.barcelonacapitalnautica.org\/es\/tag\/expo-fotos-2\/\">Expo fotos<\/a>,&nbsp;<a href=\"https:\/\/www.barcelonacapitalnautica.org\/es\/tag\/unesco-2\/\">UNESCO<\/a>\t\t\t\t\t<\/span>\n\t\t\t\t<\/div>\n\t\t\t\t\t\t\t<\/div>\n\t\t\t\t\t\t\t<div class='uagb-post__text uagb-post__excerpt'>\n\t\t\t\t\t<p>Ayer por la tarde anunciamos las tres im\u00e1genes ganadoras del concurso internacional de fotograf\u00eda que lanzamos en febrero. Han participado a trav\u00e9s de la aplicaci\u00f3n catalana Agora Awards con cerca&#8230;\t\t\t\t<\/div>\n\t\t\t\n\t\t\t\t\t\t\t\t\t<\/article>\n\t\t\t\t\t\t\t\t\t\t\t\t\t\t\t\t<article class=\"uagb-post__inner-wrap\">\t\t\t\t\t\t\t\t<div class='uagb-post__image'>\n\t\t\t\t\t\t\t\t\t<a href=\"https:\/\/www.barcelonacapitalnautica.org\/es\/participamos-en-el-ocean-decade-week\/\" target=\"_self\" rel=\"bookmark noopener noreferrer\"><img loading=\"lazy\" decoding=\"async\" width=\"380\" height=\"147\" src=\"https:\/\/www.barcelonacapitalnautica.org\/wp-content\/uploads\/2024\/03\/Noti-OceanWeek-380x147.png\" class=\"attachment-thumbnail size-thumbnail\" alt=\"\" srcset=\"https:\/\/www.barcelonacapitalnautica.org\/wp-content\/uploads\/2024\/03\/Noti-OceanWeek-380x147.png 380w, https:\/\/www.barcelonacapitalnautica.org\/wp-content\/uploads\/2024\/03\/Noti-OceanWeek-560x216.png 560w, https:\/\/www.barcelonacapitalnautica.org\/wp-content\/uploads\/2024\/03\/Noti-OceanWeek-900x347.png 900w, https:\/\/www.barcelonacapitalnautica.org\/wp-content\/uploads\/2024\/03\/Noti-OceanWeek-768x296.png 768w, https:\/\/www.barcelonacapitalnautica.org\/wp-content\/uploads\/2024\/03\/Noti-OceanWeek.png 1140w\" sizes=\"auto, (max-width: 380px) 100vw, 380px\" \/>\t\t\t\t\t<\/a>\n\t\t\t\t\t\t\t\t\t<\/div>\n\t\t\t\t\t\t<h3 class=\"uagb-post__title uagb-post__text\">\n\t\t\t\t<a href=\"https:\/\/www.barcelonacapitalnautica.org\/es\/participamos-en-el-ocean-decade-week\/\" target=\"_self\" rel=\"bookmark noopener noreferrer\">\u00a1Nos sumamos a la Ocean Decade Week!<\/a>\n\t\t\t<\/h3>\n\t\t\t\t\t\t<div class='uagb-post__text uagb-post-grid-byline'>\n\t\t\t\t\t\t\t\t<time datetime=\"2024-03-15T11:34:28+01:00\" class=\"uagb-post__date\">\n\t\t\t\t\t\t\t\t\t15 de marzo de 2024\t\t\t\t<\/time>\n\t\t\t\t\t\t\t<div class=\"uagb-post__text\">\n\t\t\t\t\t<span class='uagb-post__taxonomy'>\n\t\t\t\t\t\t\t\t\t\t\t\t<a href=\"https:\/\/www.barcelonacapitalnautica.org\/es\/tag\/castellano\/\">castellano<\/a>,&nbsp;<a href=\"https:\/\/www.barcelonacapitalnautica.org\/es\/tag\/cultura-2\/\">cultura<\/a>,&nbsp;<a href=\"https:\/\/www.barcelonacapitalnautica.org\/es\/tag\/expo-fotos-2\/\">Expo fotos<\/a>,&nbsp;<a href=\"https:\/\/www.barcelonacapitalnautica.org\/es\/tag\/sostenibilitat-2\/\">sostenibilitat<\/a>,&nbsp;<a href=\"https:\/\/www.barcelonacapitalnautica.org\/es\/tag\/unesco-2\/\">UNESCO<\/a>\t\t\t\t\t<\/span>\n\t\t\t\t<\/div>\n\t\t\t\t\t\t\t<\/div>\n\t\t\t\t\t\t\t<div class='uagb-post__text uagb-post__excerpt'>\n\t\t\t\t\t<p>Del 10 al 12 de abril, Barcelona albergar\u00e1 la conferencia del Decenio del Oc\u00e9ano, un congreso cient\u00edfico con alto nivel institucional y con la participaci\u00f3n de todas las administraciones del&#8230;\t\t\t\t<\/div>\n\t\t\t\n\t\t\t\t\t\t\t\t\t<\/article>\n\t\t\t\t\t\t\t\t\t\t\t\t\t\t\t\t<article class=\"uagb-post__inner-wrap\">\t\t\t\t\t\t\t\t<div class='uagb-post__image'>\n\t\t\t\t\t\t\t\t\t<a href=\"https:\/\/www.barcelonacapitalnautica.org\/es\/concurso-internacional-de-fotografia-un-mar-abierto-a-todo-el-mundo\/\" target=\"_self\" rel=\"bookmark noopener noreferrer\"><img loading=\"lazy\" decoding=\"async\" width=\"380\" height=\"147\" src=\"https:\/\/www.barcelonacapitalnautica.org\/wp-content\/uploads\/2024\/01\/Noti-Concurs-foto-380x147.png\" class=\"attachment-thumbnail size-thumbnail\" alt=\"\" srcset=\"https:\/\/www.barcelonacapitalnautica.org\/wp-content\/uploads\/2024\/01\/Noti-Concurs-foto-380x147.png 380w, https:\/\/www.barcelonacapitalnautica.org\/wp-content\/uploads\/2024\/01\/Noti-Concurs-foto-560x216.png 560w, https:\/\/www.barcelonacapitalnautica.org\/wp-content\/uploads\/2024\/01\/Noti-Concurs-foto-900x347.png 900w, https:\/\/www.barcelonacapitalnautica.org\/wp-content\/uploads\/2024\/01\/Noti-Concurs-foto-768x296.png 768w, https:\/\/www.barcelonacapitalnautica.org\/wp-content\/uploads\/2024\/01\/Noti-Concurs-foto.png 1140w\" sizes=\"auto, (max-width: 380px) 100vw, 380px\" \/>\t\t\t\t\t<\/a>\n\t\t\t\t\t\t\t\t\t<\/div>\n\t\t\t\t\t\t<h3 class=\"uagb-post__title uagb-post__text\">\n\t\t\t\t<a href=\"https:\/\/www.barcelonacapitalnautica.org\/es\/concurso-internacional-de-fotografia-un-mar-abierto-a-todo-el-mundo\/\" target=\"_self\" rel=\"bookmark noopener noreferrer\">Concurso internacional de Fotograf\u00eda \u00abUn Mar Abierto a Todo el Mundo\u00bb<\/a>\n\t\t\t<\/h3>\n\t\t\t\t\t\t<div class='uagb-post__text uagb-post-grid-byline'>\n\t\t\t\t\t\t\t\t<time datetime=\"2024-01-31T16:53:47+01:00\" class=\"uagb-post__date\">\n\t\t\t\t\t\t\t\t\t31 de enero de 2024\t\t\t\t<\/time>\n\t\t\t\t\t\t\t<div class=\"uagb-post__text\">\n\t\t\t\t\t<span class='uagb-post__taxonomy'>\n\t\t\t\t\t\t\t\t\t\t\t\t<a href=\"https:\/\/www.barcelonacapitalnautica.org\/es\/tag\/castellano\/\">castellano<\/a>,&nbsp;<a href=\"https:\/\/www.barcelonacapitalnautica.org\/es\/tag\/cultura-2\/\">cultura<\/a>,&nbsp;<a href=\"https:\/\/www.barcelonacapitalnautica.org\/es\/tag\/expo-fotos-2\/\">Expo fotos<\/a>,&nbsp;<a href=\"https:\/\/www.barcelonacapitalnautica.org\/es\/tag\/proyectos-de-legado\/\">Proyectos de Legado<\/a>\t\t\t\t\t<\/span>\n\t\t\t\t<\/div>\n\t\t\t\t\t\t\t<\/div>\n\t\t\t\t\t\t\t<div class='uagb-post__text uagb-post__excerpt'>\n\t\t\t\t\t<p>La Fundaci\u00f3 Barcelona Capital N\u00e0utica se embarca en la b\u00fasqueda de la imagen ic\u00f3nica que represente la esencia de \u00abUn Mar Abierto a Todo el Mundo\u00bb a trav\u00e9s de un&#8230;\t\t\t\t<\/div>\n\t\t\t\n\t\t\t\t\t\t\t\t\t<\/article>\n\t\t\t\t\t\t\t\t\t\t\t<\/div>\n\t\t\t<\/div><\/div>\n","protected":false},"excerpt":{"rendered":"<p>exposici\u00f3n fotograf\u00eda internacional Fotograf\u00edas ganadoras Fotograf\u00edas ganadoras Fotografias finalistas Exposici\u00f3n [&hellip;]<\/p>\n","protected":false},"author":3,"featured_media":264009,"parent":259333,"menu_order":4,"comment_status":"closed","ping_status":"closed","template":"","meta":{"_uag_custom_page_level_css":"","site-sidebar-layout":"default","site-content-layout":"","ast-site-content-layout":"default","site-content-style":"default","site-sidebar-style":"default","ast-global-header-display":"","ast-banner-title-visibility":"","ast-main-header-display":"","ast-hfb-above-header-display":"","ast-hfb-below-header-display":"","ast-hfb-mobile-header-display":"","site-post-title":"disabled","ast-breadcrumbs-content":"","ast-featured-img":"disabled","footer-sml-layout":"","ast-disable-related-posts":"","theme-transparent-header-meta":"","adv-header-id-meta":"","stick-header-meta":"","header-above-stick-meta":"","header-main-stick-meta":"","header-below-stick-meta":"","astra-migrate-meta-layouts":"set","ast-page-background-enabled":"default","ast-page-background-meta":{"desktop":{"background-color":"","background-image":"","background-repeat":"repeat","background-position":"center center","background-size":"auto","background-attachment":"scroll","background-type":"","background-media":"","overlay-type":"","overlay-color":"","overlay-opacity":"","overlay-gradient":""},"tablet":{"background-color":"","background-image":"","background-repeat":"repeat","background-position":"center center","background-size":"auto","background-attachment":"scroll","background-type":"","background-media":"","overlay-type":"","overlay-color":"","overlay-opacity":"","overlay-gradient":""},"mobile":{"background-color":"","background-image":"","background-repeat":"repeat","background-position":"center center","background-size":"auto","background-attachment":"scroll","background-type":"","background-media":"","overlay-type":"","overlay-color":"","overlay-opacity":"","overlay-gradient":""}},"ast-content-background-meta":{"desktop":{"background-color":"var(--ast-global-color-5)","background-image":"","background-repeat":"repeat","background-position":"center center","background-size":"auto","background-attachment":"scroll","background-type":"","background-media":"","overlay-type":"","overlay-color":"","overlay-opacity":"","overlay-gradient":""},"tablet":{"background-color":"var(--ast-global-color-5)","background-image":"","background-repeat":"repeat","background-position":"center center","background-size":"auto","background-attachment":"scroll","background-type":"","background-media":"","overlay-type":"","overlay-color":"","overlay-opacity":"","overlay-gradient":""},"mobile":{"background-color":"var(--ast-global-color-5)","background-image":"","background-repeat":"repeat","background-position":"center center","background-size":"auto","background-attachment":"scroll","background-type":"","background-media":"","overlay-type":"","overlay-color":"","overlay-opacity":"","overlay-gradient":""}},"_price":"","_stock":"","_tribe_ticket_header":"","_tribe_default_ticket_provider":"","_tribe_ticket_capacity":"0","_ticket_start_date":"","_ticket_end_date":"","_tribe_ticket_show_description":"","_tribe_ticket_show_not_going":false,"_tribe_ticket_use_global_stock":"","_tribe_ticket_global_stock_level":"","_global_stock_mode":"","_global_stock_cap":"","_tribe_rsvp_for_event":"","_tribe_ticket_going_count":"","_tribe_ticket_not_going_count":"","_tribe_tickets_list":[],"_tribe_ticket_has_attendee_info_fields":false,"footnotes":""},"class_list":["post-266170","page","type-page","status-publish","has-post-thumbnail","hentry"],"yoast_head":"<!-- This site is optimized with the Yoast SEO plugin v27.5 - https:\/\/yoast.com\/product\/yoast-seo-wordpress\/ -->\n<title>Exposici\u00f3n de fotograf\u00edas - Barcelona Capital N\u00e0utica<\/title>\n<meta name=\"description\" content=\"La exposici\u00f3n Un mar abierto a todo el mundo muestra nuestra relaci\u00f3n con el mar a trav\u00e9s de las tres fotogaf\u00edas ganadoras y las finalistas del concurso\" \/>\n<meta name=\"robots\" content=\"index, follow, max-snippet:-1, max-image-preview:large, max-video-preview:-1\" \/>\n<link rel=\"canonical\" href=\"https:\/\/www.barcelonacapitalnautica.org\/es\/cultura\/exposicion-de-fotografias\/\" \/>\n<meta property=\"og:locale\" content=\"es_ES\" \/>\n<meta property=\"og:type\" content=\"article\" \/>\n<meta property=\"og:title\" content=\"Exposici\u00f3n de fotograf\u00edas - Barcelona Capital N\u00e0utica\" \/>\n<meta property=\"og:description\" content=\"La exposici\u00f3n Un mar abierto a todo el mundo muestra nuestra relaci\u00f3n con el mar a trav\u00e9s de las tres fotogaf\u00edas ganadoras y las finalistas del concurso\" \/>\n<meta property=\"og:url\" content=\"https:\/\/www.barcelonacapitalnautica.org\/es\/cultura\/exposicion-de-fotografias\/\" \/>\n<meta property=\"og:site_name\" content=\"Barcelona Capital N\u00e0utica\" \/>\n<meta property=\"article:publisher\" content=\"https:\/\/www.facebook.com\/barcelonacapitalnautica\" \/>\n<meta property=\"article:modified_time\" content=\"2025-09-30T10:36:40+00:00\" \/>\n<meta property=\"og:image\" content=\"https:\/\/www.barcelonacapitalnautica.org\/wp-content\/uploads\/2024\/01\/cameron.aerials78b8f899-c5ba-403e-abfa-fb449e3a0187-scaled.jpg\" \/>\n\t<meta property=\"og:image:width\" content=\"1705\" \/>\n\t<meta property=\"og:image:height\" content=\"2560\" \/>\n\t<meta property=\"og:image:type\" content=\"image\/jpeg\" \/>\n<meta name=\"twitter:card\" content=\"summary_large_image\" \/>\n<meta name=\"twitter:site\" content=\"@bcnautica\" \/>\n<meta name=\"twitter:label1\" content=\"Tiempo de lectura\" \/>\n\t<meta name=\"twitter:data1\" content=\"4 minutos\" \/>\n<script type=\"application\/ld+json\" class=\"yoast-schema-graph\">{\"@context\":\"https:\\\/\\\/schema.org\",\"@graph\":[{\"@type\":\"WebPage\",\"@id\":\"https:\\\/\\\/www.barcelonacapitalnautica.org\\\/es\\\/cultura\\\/exposicion-de-fotografias\\\/\",\"url\":\"https:\\\/\\\/www.barcelonacapitalnautica.org\\\/es\\\/cultura\\\/exposicion-de-fotografias\\\/\",\"name\":\"Exposici\u00f3n de fotograf\u00edas - Barcelona Capital N\u00e0utica\",\"isPartOf\":{\"@id\":\"https:\\\/\\\/www.barcelonacapitalnautica.org\\\/es\\\/#website\"},\"primaryImageOfPage\":{\"@id\":\"https:\\\/\\\/www.barcelonacapitalnautica.org\\\/es\\\/cultura\\\/exposicion-de-fotografias\\\/#primaryimage\"},\"image\":{\"@id\":\"https:\\\/\\\/www.barcelonacapitalnautica.org\\\/es\\\/cultura\\\/exposicion-de-fotografias\\\/#primaryimage\"},\"thumbnailUrl\":\"https:\\\/\\\/www.barcelonacapitalnautica.org\\\/wp-content\\\/uploads\\\/2024\\\/01\\\/cameron.aerials78b8f899-c5ba-403e-abfa-fb449e3a0187-scaled.jpg\",\"datePublished\":\"2024-04-09T10:30:47+00:00\",\"dateModified\":\"2025-09-30T10:36:40+00:00\",\"description\":\"La exposici\u00f3n Un mar abierto a todo el mundo muestra nuestra relaci\u00f3n con el mar a trav\u00e9s de las tres fotogaf\u00edas ganadoras y las finalistas del concurso\",\"breadcrumb\":{\"@id\":\"https:\\\/\\\/www.barcelonacapitalnautica.org\\\/es\\\/cultura\\\/exposicion-de-fotografias\\\/#breadcrumb\"},\"inLanguage\":\"es\",\"potentialAction\":[{\"@type\":\"ReadAction\",\"target\":[\"https:\\\/\\\/www.barcelonacapitalnautica.org\\\/es\\\/cultura\\\/exposicion-de-fotografias\\\/\"]}]},{\"@type\":\"ImageObject\",\"inLanguage\":\"es\",\"@id\":\"https:\\\/\\\/www.barcelonacapitalnautica.org\\\/es\\\/cultura\\\/exposicion-de-fotografias\\\/#primaryimage\",\"url\":\"https:\\\/\\\/www.barcelonacapitalnautica.org\\\/wp-content\\\/uploads\\\/2024\\\/01\\\/cameron.aerials78b8f899-c5ba-403e-abfa-fb449e3a0187-scaled.jpg\",\"contentUrl\":\"https:\\\/\\\/www.barcelonacapitalnautica.org\\\/wp-content\\\/uploads\\\/2024\\\/01\\\/cameron.aerials78b8f899-c5ba-403e-abfa-fb449e3a0187-scaled.jpg\",\"width\":1705,\"height\":2560},{\"@type\":\"BreadcrumbList\",\"@id\":\"https:\\\/\\\/www.barcelonacapitalnautica.org\\\/es\\\/cultura\\\/exposicion-de-fotografias\\\/#breadcrumb\",\"itemListElement\":[{\"@type\":\"ListItem\",\"position\":1,\"name\":\"Inici\",\"item\":\"https:\\\/\\\/www.barcelonacapitalnautica.org\\\/es\\\/\"},{\"@type\":\"ListItem\",\"position\":2,\"name\":\"Cultura\",\"item\":\"https:\\\/\\\/www.barcelonacapitalnautica.org\\\/es\\\/cultura\\\/\"},{\"@type\":\"ListItem\",\"position\":3,\"name\":\"Exposici\u00f3n de fotograf\u00edas\"}]},{\"@type\":\"WebSite\",\"@id\":\"https:\\\/\\\/www.barcelonacapitalnautica.org\\\/es\\\/#website\",\"url\":\"https:\\\/\\\/www.barcelonacapitalnautica.org\\\/es\\\/\",\"name\":\"Barcelona Capital N\u00e0utica\",\"description\":\"Barcelona Capital N\u00e0utica\",\"publisher\":{\"@id\":\"https:\\\/\\\/www.barcelonacapitalnautica.org\\\/es\\\/#organization\"},\"alternateName\":\"BCN\u00e0utica, FBCN\",\"potentialAction\":[{\"@type\":\"SearchAction\",\"target\":{\"@type\":\"EntryPoint\",\"urlTemplate\":\"https:\\\/\\\/www.barcelonacapitalnautica.org\\\/es\\\/?s={search_term_string}\"},\"query-input\":{\"@type\":\"PropertyValueSpecification\",\"valueRequired\":true,\"valueName\":\"search_term_string\"}}],\"inLanguage\":\"es\"},{\"@type\":\"Organization\",\"@id\":\"https:\\\/\\\/www.barcelonacapitalnautica.org\\\/es\\\/#organization\",\"name\":\"Barcelona Capital N\u00e0utica\",\"alternateName\":\"Fundaci\u00f3 Barcelona Capital N\u00e0utica\",\"url\":\"https:\\\/\\\/www.barcelonacapitalnautica.org\\\/es\\\/\",\"logo\":{\"@type\":\"ImageObject\",\"inLanguage\":\"es\",\"@id\":\"https:\\\/\\\/www.barcelonacapitalnautica.org\\\/es\\\/#\\\/schema\\\/logo\\\/image\\\/\",\"url\":\"https:\\\/\\\/www.barcelonacapitalnautica.org\\\/wp-content\\\/uploads\\\/2023\\\/03\\\/Logo-blau.svg\",\"contentUrl\":\"https:\\\/\\\/www.barcelonacapitalnautica.org\\\/wp-content\\\/uploads\\\/2023\\\/03\\\/Logo-blau.svg\",\"width\":200,\"height\":58,\"caption\":\"Barcelona Capital N\u00e0utica\"},\"image\":{\"@id\":\"https:\\\/\\\/www.barcelonacapitalnautica.org\\\/es\\\/#\\\/schema\\\/logo\\\/image\\\/\"},\"sameAs\":[\"https:\\\/\\\/www.facebook.com\\\/barcelonacapitalnautica\",\"https:\\\/\\\/x.com\\\/bcnautica\",\"https:\\\/\\\/www.instagram.com\\\/bcnautica\\\/\",\"https:\\\/\\\/www.linkedin.com\\\/company\\\/barcelona-capital-nautica\"]}]}<\/script>\n<!-- \/ Yoast SEO plugin. -->","yoast_head_json":{"title":"Exposici\u00f3n de fotograf\u00edas - Barcelona Capital N\u00e0utica","description":"La exposici\u00f3n Un mar abierto a todo el mundo muestra nuestra relaci\u00f3n con el mar a trav\u00e9s de las tres fotogaf\u00edas ganadoras y las finalistas del concurso","robots":{"index":"index","follow":"follow","max-snippet":"max-snippet:-1","max-image-preview":"max-image-preview:large","max-video-preview":"max-video-preview:-1"},"canonical":"https:\/\/www.barcelonacapitalnautica.org\/es\/cultura\/exposicion-de-fotografias\/","og_locale":"es_ES","og_type":"article","og_title":"Exposici\u00f3n de fotograf\u00edas - Barcelona Capital N\u00e0utica","og_description":"La exposici\u00f3n Un mar abierto a todo el mundo muestra nuestra relaci\u00f3n con el mar a trav\u00e9s de las tres fotogaf\u00edas ganadoras y las finalistas del concurso","og_url":"https:\/\/www.barcelonacapitalnautica.org\/es\/cultura\/exposicion-de-fotografias\/","og_site_name":"Barcelona Capital N\u00e0utica","article_publisher":"https:\/\/www.facebook.com\/barcelonacapitalnautica","article_modified_time":"2025-09-30T10:36:40+00:00","og_image":[{"width":1705,"height":2560,"url":"https:\/\/www.barcelonacapitalnautica.org\/wp-content\/uploads\/2024\/01\/cameron.aerials78b8f899-c5ba-403e-abfa-fb449e3a0187-scaled.jpg","type":"image\/jpeg"}],"twitter_card":"summary_large_image","twitter_site":"@bcnautica","twitter_misc":{"Tiempo de lectura":"4 minutos"},"schema":{"@context":"https:\/\/schema.org","@graph":[{"@type":"WebPage","@id":"https:\/\/www.barcelonacapitalnautica.org\/es\/cultura\/exposicion-de-fotografias\/","url":"https:\/\/www.barcelonacapitalnautica.org\/es\/cultura\/exposicion-de-fotografias\/","name":"Exposici\u00f3n de fotograf\u00edas - Barcelona Capital N\u00e0utica","isPartOf":{"@id":"https:\/\/www.barcelonacapitalnautica.org\/es\/#website"},"primaryImageOfPage":{"@id":"https:\/\/www.barcelonacapitalnautica.org\/es\/cultura\/exposicion-de-fotografias\/#primaryimage"},"image":{"@id":"https:\/\/www.barcelonacapitalnautica.org\/es\/cultura\/exposicion-de-fotografias\/#primaryimage"},"thumbnailUrl":"https:\/\/www.barcelonacapitalnautica.org\/wp-content\/uploads\/2024\/01\/cameron.aerials78b8f899-c5ba-403e-abfa-fb449e3a0187-scaled.jpg","datePublished":"2024-04-09T10:30:47+00:00","dateModified":"2025-09-30T10:36:40+00:00","description":"La exposici\u00f3n Un mar abierto a todo el mundo muestra nuestra relaci\u00f3n con el mar a trav\u00e9s de las tres fotogaf\u00edas ganadoras y las finalistas del concurso","breadcrumb":{"@id":"https:\/\/www.barcelonacapitalnautica.org\/es\/cultura\/exposicion-de-fotografias\/#breadcrumb"},"inLanguage":"es","potentialAction":[{"@type":"ReadAction","target":["https:\/\/www.barcelonacapitalnautica.org\/es\/cultura\/exposicion-de-fotografias\/"]}]},{"@type":"ImageObject","inLanguage":"es","@id":"https:\/\/www.barcelonacapitalnautica.org\/es\/cultura\/exposicion-de-fotografias\/#primaryimage","url":"https:\/\/www.barcelonacapitalnautica.org\/wp-content\/uploads\/2024\/01\/cameron.aerials78b8f899-c5ba-403e-abfa-fb449e3a0187-scaled.jpg","contentUrl":"https:\/\/www.barcelonacapitalnautica.org\/wp-content\/uploads\/2024\/01\/cameron.aerials78b8f899-c5ba-403e-abfa-fb449e3a0187-scaled.jpg","width":1705,"height":2560},{"@type":"BreadcrumbList","@id":"https:\/\/www.barcelonacapitalnautica.org\/es\/cultura\/exposicion-de-fotografias\/#breadcrumb","itemListElement":[{"@type":"ListItem","position":1,"name":"Inici","item":"https:\/\/www.barcelonacapitalnautica.org\/es\/"},{"@type":"ListItem","position":2,"name":"Cultura","item":"https:\/\/www.barcelonacapitalnautica.org\/es\/cultura\/"},{"@type":"ListItem","position":3,"name":"Exposici\u00f3n de fotograf\u00edas"}]},{"@type":"WebSite","@id":"https:\/\/www.barcelonacapitalnautica.org\/es\/#website","url":"https:\/\/www.barcelonacapitalnautica.org\/es\/","name":"Barcelona Capital N\u00e0utica","description":"Barcelona Capital N\u00e0utica","publisher":{"@id":"https:\/\/www.barcelonacapitalnautica.org\/es\/#organization"},"alternateName":"BCN\u00e0utica, FBCN","potentialAction":[{"@type":"SearchAction","target":{"@type":"EntryPoint","urlTemplate":"https:\/\/www.barcelonacapitalnautica.org\/es\/?s={search_term_string}"},"query-input":{"@type":"PropertyValueSpecification","valueRequired":true,"valueName":"search_term_string"}}],"inLanguage":"es"},{"@type":"Organization","@id":"https:\/\/www.barcelonacapitalnautica.org\/es\/#organization","name":"Barcelona Capital N\u00e0utica","alternateName":"Fundaci\u00f3 Barcelona Capital N\u00e0utica","url":"https:\/\/www.barcelonacapitalnautica.org\/es\/","logo":{"@type":"ImageObject","inLanguage":"es","@id":"https:\/\/www.barcelonacapitalnautica.org\/es\/#\/schema\/logo\/image\/","url":"https:\/\/www.barcelonacapitalnautica.org\/wp-content\/uploads\/2023\/03\/Logo-blau.svg","contentUrl":"https:\/\/www.barcelonacapitalnautica.org\/wp-content\/uploads\/2023\/03\/Logo-blau.svg","width":200,"height":58,"caption":"Barcelona Capital N\u00e0utica"},"image":{"@id":"https:\/\/www.barcelonacapitalnautica.org\/es\/#\/schema\/logo\/image\/"},"sameAs":["https:\/\/www.facebook.com\/barcelonacapitalnautica","https:\/\/x.com\/bcnautica","https:\/\/www.instagram.com\/bcnautica\/","https:\/\/www.linkedin.com\/company\/barcelona-capital-nautica"]}]}},"uagb_featured_image_src":{"full":["https:\/\/www.barcelonacapitalnautica.org\/wp-content\/uploads\/2024\/01\/cameron.aerials78b8f899-c5ba-403e-abfa-fb449e3a0187-scaled.jpg",1705,2560,false],"thumbnail":["https:\/\/www.barcelonacapitalnautica.org\/wp-content\/uploads\/2024\/01\/cameron.aerials78b8f899-c5ba-403e-abfa-fb449e3a0187-253x380.jpg",253,380,true],"medium":["https:\/\/www.barcelonacapitalnautica.org\/wp-content\/uploads\/2024\/01\/cameron.aerials78b8f899-c5ba-403e-abfa-fb449e3a0187-373x560.jpg",373,560,true],"medium_large":["https:\/\/www.barcelonacapitalnautica.org\/wp-content\/uploads\/2024\/01\/cameron.aerials78b8f899-c5ba-403e-abfa-fb449e3a0187-768x1153.jpg",768,1153,true],"large":["https:\/\/www.barcelonacapitalnautica.org\/wp-content\/uploads\/2024\/01\/cameron.aerials78b8f899-c5ba-403e-abfa-fb449e3a0187-600x900.jpg",600,900,true],"1536x1536":["https:\/\/www.barcelonacapitalnautica.org\/wp-content\/uploads\/2024\/01\/cameron.aerials78b8f899-c5ba-403e-abfa-fb449e3a0187-1023x1536.jpg",1023,1536,true],"2048x2048":["https:\/\/www.barcelonacapitalnautica.org\/wp-content\/uploads\/2024\/01\/cameron.aerials78b8f899-c5ba-403e-abfa-fb449e3a0187-1364x2048.jpg",1364,2048,true]},"uagb_author_info":{"display_name":"Cristina Martin","author_link":"https:\/\/www.barcelonacapitalnautica.org\/es\/author\/fbcn_cristina\/"},"uagb_comment_info":0,"uagb_excerpt":"exposici\u00f3n fotograf\u00eda internacional Fotograf\u00edas ganadoras Fotograf\u00edas ganadoras Fotografias finalistas Exposici\u00f3n [&hellip;]","ticketed":false,"_links":{"self":[{"href":"https:\/\/www.barcelonacapitalnautica.org\/es\/wp-json\/wp\/v2\/pages\/266170","targetHints":{"allow":["GET"]}}],"collection":[{"href":"https:\/\/www.barcelonacapitalnautica.org\/es\/wp-json\/wp\/v2\/pages"}],"about":[{"href":"https:\/\/www.barcelonacapitalnautica.org\/es\/wp-json\/wp\/v2\/types\/page"}],"author":[{"embeddable":true,"href":"https:\/\/www.barcelonacapitalnautica.org\/es\/wp-json\/wp\/v2\/users\/3"}],"replies":[{"embeddable":true,"href":"https:\/\/www.barcelonacapitalnautica.org\/es\/wp-json\/wp\/v2\/comments?post=266170"}],"version-history":[{"count":22,"href":"https:\/\/www.barcelonacapitalnautica.org\/es\/wp-json\/wp\/v2\/pages\/266170\/revisions"}],"predecessor-version":[{"id":273407,"href":"https:\/\/www.barcelonacapitalnautica.org\/es\/wp-json\/wp\/v2\/pages\/266170\/revisions\/273407"}],"up":[{"embeddable":true,"href":"https:\/\/www.barcelonacapitalnautica.org\/es\/wp-json\/wp\/v2\/pages\/259333"}],"wp:featuredmedia":[{"embeddable":true,"href":"https:\/\/www.barcelonacapitalnautica.org\/es\/wp-json\/wp\/v2\/media\/264009"}],"wp:attachment":[{"href":"https:\/\/www.barcelonacapitalnautica.org\/es\/wp-json\/wp\/v2\/media?parent=266170"}],"curies":[{"name":"wp","href":"https:\/\/api.w.org\/{rel}","templated":true}]}}