{"id":273243,"date":"2025-09-12T11:45:56","date_gmt":"2025-09-12T09:45:56","guid":{"rendered":"https:\/\/www.barcelonacapitalnautica.org\/economia-oceanica-sostenible\/"},"modified":"2026-03-21T09:21:35","modified_gmt":"2026-03-21T08:21:35","slug":"economia-oceanica-sostenible","status":"publish","type":"page","link":"https:\/\/www.barcelonacapitalnautica.org\/es\/economia-oceanica-sostenible\/","title":{"rendered":"Economia Oce\u00e1nica Sostenible"},"content":{"rendered":"\n<div class=\"wp-block-cover alignfull has-parallax wp-duotone-unset-1\" style=\"padding-top:40px;padding-right:40px;padding-bottom:40px;padding-left:40px;min-height:555px;aspect-ratio:unset;\" id=\"anima-de-mar\"><div class=\"wp-block-cover__image-background wp-image-272788 has-parallax\" style=\"background-position:50% 50%;background-image:url(https:\/\/www.barcelonacapitalnautica.org\/wp-content\/uploads\/2025\/07\/iStock-471430437-1-scaled.jpg)\"><\/div><span aria-hidden=\"true\" class=\"wp-block-cover__background has-background-dim-20 has-background-dim\" style=\"background-color:#000000\"><\/span><div class=\"wp-block-cover__inner-container is-layout-flow wp-block-cover-is-layout-flow\">\n<div class=\"wp-block-uagb-image uagb-block-905d8173 wp-block-uagb-image--layout-default wp-block-uagb-image--effect-static wp-block-uagb-image--align-none\"><figure class=\"wp-block-uagb-image__figure\"><img decoding=\"async\" srcset=\"https:\/\/www.barcelonacapitalnautica.org\/wp-content\/uploads\/2025\/07\/EOS_LOGO_H2_BLANC_ENG-900x190.png ,https:\/\/www.barcelonacapitalnautica.org\/wp-content\/uploads\/2025\/07\/EOS_LOGO_H2_BLANC_ENG.png 780w, https:\/\/www.barcelonacapitalnautica.org\/wp-content\/uploads\/2025\/07\/EOS_LOGO_H2_BLANC_ENG.png 360w\" sizes=\"auto, (max-width: 480px) 150px\" src=\"https:\/\/www.barcelonacapitalnautica.org\/wp-content\/uploads\/2025\/07\/EOS_LOGO_H2_BLANC_ENG-900x190.png\" alt=\"\" class=\"uag-image-272800\" width=\"900\" height=\"198\" title=\"EOS_LOGO_H2_BLANC_ENG\" loading=\"lazy\" role=\"img\"\/><\/figure><\/div>\n<\/div><\/div>\n\n\n\n<div id=\"fundacio\" class=\"wp-block-uagb-container uagb-block-222e0198 alignfull uagb-is-root-container\"><div class=\"uagb-container-inner-blocks-wrap\">\n<div class=\"wp-block-uagb-info-box uagb-block-53eff614 uagb-infobox__content-wrap  uagb-infobox-icon-above-title uagb-infobox-image-valign-top\"><div class=\"uagb-ifb-content\"><div class=\"uagb-ifb-title-wrap\"><\/div><p class=\"uagb-ifb-desc\">Barcelona se convierte en la <strong>capital mundial de la econom\u00eda oce\u00e1nica<\/strong> con el establecimiento del Centro Colaborativo del Decenio del Oc\u00e9ano sobre Econom\u00eda Oce\u00e1nica (DCC-OE Barcelona), en el marco del Decenio de las Naciones Unidas de las Ciencias Oce\u00e1nicas para el Desarrollo Sostenible (2021-2030) (el Decenio del Oc\u00e9ano), coordinado por la Comisi\u00f3n Oceanogr\u00e1fica Intergubernamental (COI) de la UNESCO.<\/p><\/div><\/div>\n<\/div><\/div>\n\n\n\n<div class=\"wp-block-uagb-container uagb-block-8e061217 alignfull uagb-is-root-container\"><div class=\"uagb-container-inner-blocks-wrap\">\n<hr class=\"wp-block-separator alignfull has-text-color has-ast-global-color-0-color has-alpha-channel-opacity has-ast-global-color-0-background-color has-background is-style-wide\"\/>\n<\/div><\/div>\n\n\n\n<div class=\"wp-block-uagb-container uagb-block-49d03da3 alignfull uagb-is-root-container\"><div class=\"uagb-container-inner-blocks-wrap\">\n<div class=\"wp-block-uagb-container uagb-block-3584f648\">\n<div class=\"wp-block-uagb-info-box uagb-block-a5742106 uagb-infobox__content-wrap  uagb-infobox-icon-above-title uagb-infobox-image-valign-top\"><div class=\"uagb-ifb-content\"><div class=\"uagb-ifb-title-wrap\"><h2 class=\"uagb-ifb-title\">El proyecto<\/h2><\/div><p class=\"uagb-ifb-desc\">Barcelona ha sido seleccionada por las Naciones Unidas para acoger el Centro Colaborativo del Decenio del Oc\u00e9ano sobre Econom\u00eda Oce\u00e1nica, con el objetivo de abordar el Reto 4 del Decenio del Oc\u00e9ano, concretamente: desarrollar una <strong>econom\u00eda oce\u00e1nica sostenible, resiliente y equitativa<\/strong>.<br><br>El DCC-OE Barcelona es el resultado de un esfuerzo conjunto liderado por el Ayuntamiento de Barcelona, en colaboraci\u00f3n con el Puerto de Barcelona, la Generalitat de Catalu\u00f1a, el CSIC \u2013 Instituto de Ciencias del Mar, BlueNetCat y con el apoyo del Ministerio de Ciencia, Innovaci\u00f3n y Universidades de Espa\u00f1a.<br><br>El DCC-OE Barcelona es un reconocimiento del potencial de la ciudad y de Catalu\u00f1a para convertirse en un hub estrat\u00e9gico de la econom\u00eda azul a escala global, capaz de generar un impacto real en el medio ambiente, la sociedad y la econom\u00eda.<br><br>El DCC estar\u00e1 operativo hasta al menos en 2030 y depender\u00e1 de la <strong>Fundaci\u00f3 Barcelona Capital N\u00e0utica<\/strong>, que ser\u00e1 su socio implementador.<\/p><div class=\"uagb-ifb-button-wrapper wp-block-button\"><a href=\"https:\/\/www.barcelonacapitalnautica.org\/es\/barcelona-capital-mundial-de-la-economia-oceanica-sostenible-amb-el-nuevo-centro-de-la-decada-del-oceano-de-la-unesco\/\" class=\"uagb-infobox-cta-link wp-block-button__link\" target=\"_self\" rel=\"noopener noreferrer\" onclick=\"return true;\"><span class=\"uagb-inline-editing\">m\u00e9s informaci\u00f3<\/span><\/a><\/div><\/div><\/div>\n<\/div>\n\n\n\n<figure class=\"wp-block-embed is-type-video is-provider-youtube wp-block-embed-youtube wp-embed-aspect-16-9 wp-has-aspect-ratio\"><div class=\"wp-block-embed__wrapper\">\n<iframe loading=\"lazy\" title=\"DCC Econom\u00eda Oce\u00e1nica Sostenible\" width=\"500\" height=\"281\" src=\"https:\/\/www.youtube.com\/embed\/vNMD8LowFds?feature=oembed\" frameborder=\"0\" allow=\"accelerometer; autoplay; clipboard-write; encrypted-media; gyroscope; picture-in-picture; web-share\" referrerpolicy=\"strict-origin-when-cross-origin\" allowfullscreen><\/iframe>\n<\/div><\/figure>\n<\/div><\/div>\n\n\n\n<div class=\"wp-block-uagb-container uag-hide-desktop uag-hide-mob uagb-block-917b29f9 alignfull uagb-is-root-container\"><div class=\"uagb-container-inner-blocks-wrap\">\n<hr class=\"wp-block-separator alignfull has-text-color has-ast-global-color-0-color has-alpha-channel-opacity has-ast-global-color-0-background-color has-background is-style-wide\"\/>\n<\/div><\/div>\n\n\n\n<div id=\"calendari\" class=\"wp-block-uagb-container uagb-block-337aad0a alignfull uagb-is-root-container\"><div class=\"uagb-container-inner-blocks-wrap\">\n<div class=\"wp-block-uagb-container uagb-block-163369d5\">\n<div class=\"wp-block-uagb-advanced-heading uagb-block-d33030a9\"><h2 class=\"uagb-heading-text\"><strong>economia\noce\u00e1nica\nsostenible <\/strong><\/h2><\/div>\n<\/div>\n\n\n\n<div class=\"wp-block-uagb-info-box uagb-block-5c3a5d8e uagb-infobox__content-wrap  uagb-infobox-icon-above-title uagb-infobox-image-valign-top\"><div class=\"uagb-ifb-content\"><div class=\"uagb-ifb-title-wrap\"><\/div><p class=\"uagb-ifb-desc\">Barcelona ser\u00e1 la primera ciudad en liderar uno de los 10 retos globales de la UNESCO dentro de la D\u00e9cada del Oc\u00e9ano.<\/p><\/div><\/div>\n<\/div><\/div>\n\n\n\n<div class=\"wp-block-uagb-container uagb-block-27cc01ca alignfull uagb-is-root-container\"><div class=\"uagb-container-inner-blocks-wrap\"><\/div><\/div>\n\n\n\n<div class=\"wp-block-uagb-container uagb-block-edbfd1ac alignfull uagb-is-root-container\"><div class=\"uagb-container-inner-blocks-wrap\">\n<div class=\"wp-block-uagb-image alignright uagb-block-99c69586 wp-block-uagb-image--layout-default wp-block-uagb-image--effect-static wp-block-uagb-image--align-right alignwide\"><figure class=\"wp-block-uagb-image__figure\"><img decoding=\"async\" srcset=\"https:\/\/www.barcelonacapitalnautica.org\/wp-content\/uploads\/2025\/08\/EOS_SIMBOL_COLOR-271x380.png ,https:\/\/www.barcelonacapitalnautica.org\/wp-content\/uploads\/2025\/08\/EOS_SIMBOL_COLOR.png 780w, https:\/\/www.barcelonacapitalnautica.org\/wp-content\/uploads\/2025\/08\/EOS_SIMBOL_COLOR.png 360w\" sizes=\"auto, (max-width: 480px) 150px\" src=\"https:\/\/www.barcelonacapitalnautica.org\/wp-content\/uploads\/2025\/08\/EOS_SIMBOL_COLOR-271x380.png\" alt=\"\" class=\"uag-image-273115\" width=\"271\" height=\"380\" title=\"EOS_SIMBOL_COLOR\" loading=\"lazy\" role=\"img\"\/><\/figure><\/div>\n\n\n\n<div class=\"wp-block-uagb-container uagb-block-deecc194\">\n<div class=\"wp-block-uagb-info-box uagb-block-65dec9cf uagb-infobox__content-wrap  uagb-infobox-icon-above-title uagb-infobox-image-valign-top\"><div class=\"uagb-ifb-content\"><div class=\"uagb-ifb-title-wrap\"><h2 class=\"uagb-ifb-title\"><strong>Qu\u00e9 hacemos<\/strong><\/h2><\/div><p class=\"uagb-ifb-desc\"><strong>&#8211;<\/strong><\/p><\/div><\/div>\n\n\n\n<div class=\"wp-block-uagb-icon-list uagb-block-1b68bf47\"><div class=\"uagb-icon-list__wrap\">\n<div class=\"wp-block-uagb-icon-list-child uagb-block-29dd2650\"><span class=\"uagb-icon-list__source-wrap\"><svg xmlns=\"https:\/\/www.w3.org\/2000\/svg\" viewBox=\"0 0 512 512\"><path d=\"M256 0C114.6 0 0 114.6 0 256c0 141.4 114.6 256 256 256s256-114.6 256-256C512 114.6 397.4 0 256 0zM406.6 278.6l-103.1 103.1c-12.5 12.5-32.75 12.5-45.25 0s-12.5-32.75 0-45.25L306.8 288H128C110.3 288 96 273.7 96 256s14.31-32 32-32h178.8l-49.38-49.38c-12.5-12.5-12.5-32.75 0-45.25s32.75-12.5 45.25 0l103.1 103.1C414.6 241.3 416 251.1 416 256C416 260.9 414.6 270.7 406.6 278.6z\"><\/path><\/svg><\/span><span class=\"uagb-icon-list__label\"><strong>Think Tank global <\/strong>sobre econom\u00eda azul y sostenibilidad oce\u00e1nica<\/span><\/div>\n\n\n\n<div class=\"wp-block-uagb-icon-list-child uagb-block-40015bcf\"><span class=\"uagb-icon-list__source-wrap\"><svg xmlns=\"https:\/\/www.w3.org\/2000\/svg\" viewBox=\"0 0 512 512\"><path d=\"M256 0C114.6 0 0 114.6 0 256c0 141.4 114.6 256 256 256s256-114.6 256-256C512 114.6 397.4 0 256 0zM406.6 278.6l-103.1 103.1c-12.5 12.5-32.75 12.5-45.25 0s-12.5-32.75 0-45.25L306.8 288H128C110.3 288 96 273.7 96 256s14.31-32 32-32h178.8l-49.38-49.38c-12.5-12.5-12.5-32.75 0-45.25s32.75-12.5 45.25 0l103.1 103.1C414.6 241.3 416 251.1 416 256C416 260.9 414.6 270.7 406.6 278.6z\"><\/path><\/svg><\/span><span class=\"uagb-icon-list__label\"><strong>Repositorio de proyectos escalables y replicables<\/strong> en todo el mundo<\/span><\/div>\n\n\n\n<div class=\"wp-block-uagb-icon-list-child uagb-block-bf650058\"><span class=\"uagb-icon-list__source-wrap\"><svg xmlns=\"https:\/\/www.w3.org\/2000\/svg\" viewBox=\"0 0 512 512\"><path d=\"M256 0C114.6 0 0 114.6 0 256c0 141.4 114.6 256 256 256s256-114.6 256-256C512 114.6 397.4 0 256 0zM406.6 278.6l-103.1 103.1c-12.5 12.5-32.75 12.5-45.25 0s-12.5-32.75 0-45.25L306.8 288H128C110.3 288 96 273.7 96 256s14.31-32 32-32h178.8l-49.38-49.38c-12.5-12.5-12.5-32.75 0-45.25s32.75-12.5 45.25 0l103.1 103.1C414.6 241.3 416 251.1 416 256C416 260.9 414.6 270.7 406.6 278.6z\"><\/path><\/svg><\/span><span class=\"uagb-icon-list__label\"><strong>Fondo de Inversi\u00f3n de Impacto<\/strong> para impulsar iniciativas innovadoras<\/span><\/div>\n\n\n\n<div class=\"wp-block-uagb-icon-list-child uagb-block-405c6358\"><span class=\"uagb-icon-list__source-wrap\"><svg xmlns=\"https:\/\/www.w3.org\/2000\/svg\" viewBox=\"0 0 512 512\"><path d=\"M256 0C114.6 0 0 114.6 0 256c0 141.4 114.6 256 256 256s256-114.6 256-256C512 114.6 397.4 0 256 0zM406.6 278.6l-103.1 103.1c-12.5 12.5-32.75 12.5-45.25 0s-12.5-32.75 0-45.25L306.8 288H128C110.3 288 96 273.7 96 256s14.31-32 32-32h178.8l-49.38-49.38c-12.5-12.5-12.5-32.75 0-45.25s32.75-12.5 45.25 0l103.1 103.1C414.6 241.3 416 251.1 416 256C416 260.9 414.6 270.7 406.6 278.6z\"><\/path><\/svg><\/span><span class=\"uagb-icon-list__label\"><strong>Plataforma de colaboraci\u00f3n internacional <\/strong>entre gobiernos, ciencia y sector privado<\/span><\/div>\n\n\n\n<div class=\"wp-block-uagb-icon-list-child uagb-block-22516f5d\"><span class=\"uagb-icon-list__source-wrap\"><svg xmlns=\"https:\/\/www.w3.org\/2000\/svg\" viewBox=\"0 0 512 512\"><path d=\"M256 0C114.6 0 0 114.6 0 256c0 141.4 114.6 256 256 256s256-114.6 256-256C512 114.6 397.4 0 256 0zM406.6 278.6l-103.1 103.1c-12.5 12.5-32.75 12.5-45.25 0s-12.5-32.75 0-45.25L306.8 288H128C110.3 288 96 273.7 96 256s14.31-32 32-32h178.8l-49.38-49.38c-12.5-12.5-12.5-32.75 0-45.25s32.75-12.5 45.25 0l103.1 103.1C414.6 241.3 416 251.1 416 256C416 260.9 414.6 270.7 406.6 278.6z\"><\/path><\/svg><\/span><span class=\"uagb-icon-list__label\"><strong>Acciones de sensibilizaci\u00f3n y educaci\u00f3n <\/strong>sobre la importancia de los oc\u00e9anos<\/span><\/div>\n<\/div><\/div>\n<\/div>\n<\/div><\/div>\n\n\n\n<div class=\"wp-block-uagb-container uagb-block-effae863 alignfull uagb-is-root-container\"><div class=\"uagb-container-inner-blocks-wrap\">\n<hr class=\"wp-block-separator alignfull has-text-color has-ast-global-color-0-color has-alpha-channel-opacity has-ast-global-color-0-background-color has-background is-style-wide\"\/>\n<\/div><\/div>\n\n\n\n<div class=\"wp-block-uagb-container uagb-block-980df222 alignfull uagb-is-root-container\"><div class=\"uagb-container-inner-blocks-wrap\">\n<div class=\"wp-block-uagb-container uagb-block-ece9ec01\">\n<div class=\"wp-block-uagb-info-box uagb-block-5e868e00 uagb-infobox__content-wrap  uagb-infobox-icon-above-title uagb-infobox-image-valign-top\"><div class=\"uagb-ifb-content\"><div class=\"uagb-ifb-title-wrap\"><h2 class=\"uagb-ifb-title\"><strong>\u00bfPor qu\u00e9 es importante?<\/strong><\/h2><\/div><p class=\"uagb-ifb-desc\">La econom\u00eda azul genera <strong>15.000 millones de euros de negocio y 104.000 empleos<\/strong> en Catalu\u00f1a.<br><br>Los oc\u00e9anos cubren m\u00e1s del 70% del planeta y son claves para <strong>mitigar el cambio clim\u00e1tico<\/strong>.<br><br>Es necesario un nuevo modelo econ\u00f3mico que garantice el <strong>crecimiento sostenible, la equidad social y la salud de los ecosistemas marinos<\/strong>.<\/p><\/div><\/div>\n<\/div>\n\n\n\n<div class=\"wp-block-uagb-image alignwide uagb-block-32a2d1bb wp-block-uagb-image--layout-default wp-block-uagb-image--effect-static wp-block-uagb-image--align-wide\"><figure class=\"wp-block-uagb-image__figure\"><img decoding=\"async\" srcset=\"https:\/\/www.barcelonacapitalnautica.org\/wp-content\/uploads\/2025\/06\/Lliga-Blava-Escolar-15-juny-9-900x600.jpg ,https:\/\/www.barcelonacapitalnautica.org\/wp-content\/uploads\/2025\/06\/Lliga-Blava-Escolar-15-juny-9.jpg 780w, https:\/\/www.barcelonacapitalnautica.org\/wp-content\/uploads\/2025\/06\/Lliga-Blava-Escolar-15-juny-9.jpg 360w\" sizes=\"auto, (max-width: 480px) 150px\" src=\"https:\/\/www.barcelonacapitalnautica.org\/wp-content\/uploads\/2025\/06\/Lliga-Blava-Escolar-15-juny-9-900x600.jpg\" alt=\"\" class=\"uag-image-272541\" width=\"900\" height=\"600\" title=\"Lliga Blava Escolar - 15 juny -9\" loading=\"lazy\" role=\"img\"\/><\/figure><\/div>\n<\/div><\/div>\n\n\n\n<div class=\"wp-block-uagb-container uagb-block-df629d8e alignfull uagb-is-root-container\"><div class=\"uagb-container-inner-blocks-wrap\">\n<hr class=\"wp-block-separator alignfull has-text-color has-ast-global-color-0-color has-alpha-channel-opacity has-ast-global-color-0-background-color has-background is-style-wide\"\/>\n<\/div><\/div>\n\n\n\n<div id=\"patronat\" class=\"wp-block-uagb-container uagb-block-5452caee alignfull uagb-is-root-container\"><div class=\"uagb-container-inner-blocks-wrap\">\n<div class=\"wp-block-uagb-advanced-heading uagb-block-eddcbcef\"><\/div>\n\n\n\n<div class=\"wp-block-uagb-container patronat-container uagb-block-74e553a0\">\n<div class=\"wp-block-uagb-image aligncenter uagb-block-f0c43ed6 wp-block-uagb-image--layout-default wp-block-uagb-image--effect-static wp-block-uagb-image--align-center patronat-img\"><figure class=\"wp-block-uagb-image__figure\"><img decoding=\"async\" srcset=\"https:\/\/www.barcelonacapitalnautica.org\/wp-content\/uploads\/2025\/07\/SPANISH_COLOUR_BLUE_BLACK-01-560x367.png ,https:\/\/www.barcelonacapitalnautica.org\/wp-content\/uploads\/2025\/07\/SPANISH_COLOUR_BLUE_BLACK-01.png 780w, https:\/\/www.barcelonacapitalnautica.org\/wp-content\/uploads\/2025\/07\/SPANISH_COLOUR_BLUE_BLACK-01.png 360w\" sizes=\"auto, (max-width: 480px) 150px\" src=\"https:\/\/www.barcelonacapitalnautica.org\/wp-content\/uploads\/2025\/07\/SPANISH_COLOUR_BLUE_BLACK-01-560x367.png\" alt=\"\" class=\"uag-image-272926\" width=\"210\" height=\"140\" title=\"SPANISH_COLOUR_BLUE_BLACK-01\" loading=\"lazy\" role=\"img\"\/><\/figure><\/div>\n\n\n\n<div class=\"wp-block-uagb-image aligncenter uagb-block-bb3e1aaf wp-block-uagb-image--layout-default wp-block-uagb-image--effect-static wp-block-uagb-image--align-center patronat-img\"><figure class=\"wp-block-uagb-image__figure\"><img decoding=\"async\" srcset=\"https:\/\/www.barcelonacapitalnautica.org\/wp-content\/uploads\/2023\/03\/ajuntament-bcn.svg \" sizes=\"auto, (max-width: 480px) 150px\" src=\"https:\/\/www.barcelonacapitalnautica.org\/wp-content\/uploads\/2023\/03\/ajuntament-bcn.svg\" alt=\"\" class=\"uag-image-827\" width=\"179\" height=\"62\" title=\"\" loading=\"lazy\" role=\"img\"\/><\/figure><\/div>\n\n\n\n<div class=\"wp-block-uagb-image aligncenter uagb-block-04d9bca9 wp-block-uagb-image--layout-default wp-block-uagb-image--effect-static wp-block-uagb-image--align-center patronat-img\"><figure class=\"wp-block-uagb-image__figure\"><img decoding=\"async\" srcset=\"https:\/\/www.barcelonacapitalnautica.org\/wp-content\/uploads\/2023\/03\/gencat.svg \" sizes=\"auto, (max-width: 480px) 150px\" src=\"https:\/\/www.barcelonacapitalnautica.org\/wp-content\/uploads\/2023\/03\/gencat.svg\" alt=\"\" class=\"uag-image-826\" width=\"189\" height=\"49\" title=\"\" loading=\"lazy\" role=\"img\"\/><\/figure><\/div>\n\n\n\n<div class=\"wp-block-uagb-image aligncenter uagb-block-027b1681 wp-block-uagb-image--layout-default wp-block-uagb-image--effect-static wp-block-uagb-image--align-center patronat-img\"><figure class=\"wp-block-uagb-image__figure\"><img decoding=\"async\" srcset=\"https:\/\/www.barcelonacapitalnautica.org\/wp-content\/uploads\/2023\/03\/port-bcn.svg \" sizes=\"auto, (max-width: 480px) 150px\" src=\"https:\/\/www.barcelonacapitalnautica.org\/wp-content\/uploads\/2023\/03\/port-bcn.svg\" alt=\"\" class=\"uag-image-830\" width=\"234\" height=\"51\" title=\"\" loading=\"lazy\" role=\"img\"\/><\/figure><\/div>\n\n\n\n<div class=\"wp-block-uagb-image aligncenter uagb-block-a1273d6e wp-block-uagb-image--layout-default wp-block-uagb-image--effect-static wp-block-uagb-image--align-center patronat-img\"><figure class=\"wp-block-uagb-image__figure\"><img decoding=\"async\" srcset=\"https:\/\/www.barcelonacapitalnautica.org\/wp-content\/uploads\/2025\/09\/Logotipo_del_Ministerio_de_Ciencia_Innovacion_y_Universidades.svg-900x235.png ,https:\/\/www.barcelonacapitalnautica.org\/wp-content\/uploads\/2025\/09\/Logotipo_del_Ministerio_de_Ciencia_Innovacion_y_Universidades.svg.png 780w, https:\/\/www.barcelonacapitalnautica.org\/wp-content\/uploads\/2025\/09\/Logotipo_del_Ministerio_de_Ciencia_Innovacion_y_Universidades.svg.png 360w\" sizes=\"auto, (max-width: 480px) 150px\" src=\"https:\/\/www.barcelonacapitalnautica.org\/wp-content\/uploads\/2025\/09\/Logotipo_del_Ministerio_de_Ciencia_Innovacion_y_Universidades.svg-900x235.png\" alt=\"\" class=\"uag-image-273196\" width=\"160\" height=\"53\" title=\"Logotipo_del_Ministerio_de_Ciencia,_Innovacio\u0301n_y_Universidades.svg\" loading=\"lazy\" role=\"img\"\/><\/figure><\/div>\n\n\n\n<div class=\"wp-block-uagb-image aligncenter uagb-block-2b425fa5 wp-block-uagb-image--layout-default wp-block-uagb-image--effect-static wp-block-uagb-image--align-center patronat-img\"><figure class=\"wp-block-uagb-image__figure\"><img decoding=\"async\" srcset=\"https:\/\/www.barcelonacapitalnautica.org\/wp-content\/uploads\/2025\/09\/Logotipo_del_CSIC.svg-900x221.png ,https:\/\/www.barcelonacapitalnautica.org\/wp-content\/uploads\/2025\/09\/Logotipo_del_CSIC.svg.png 780w, https:\/\/www.barcelonacapitalnautica.org\/wp-content\/uploads\/2025\/09\/Logotipo_del_CSIC.svg.png 360w\" sizes=\"auto, (max-width: 480px) 150px\" src=\"https:\/\/www.barcelonacapitalnautica.org\/wp-content\/uploads\/2025\/09\/Logotipo_del_CSIC.svg-900x221.png\" alt=\"\" class=\"uag-image-273199\" width=\"179\" height=\"51\" title=\"Logotipo_del_CSIC.svg\" loading=\"lazy\" role=\"img\"\/><\/figure><\/div>\n\n\n\n<div class=\"wp-block-uagb-image aligncenter uagb-block-69d01dd4 wp-block-uagb-image--layout-default wp-block-uagb-image--effect-static wp-block-uagb-image--align-center patronat-img\"><figure class=\"wp-block-uagb-image__figure\"><img decoding=\"async\" srcset=\"https:\/\/www.barcelonacapitalnautica.org\/wp-content\/uploads\/2025\/09\/Instituto-de-Ciencias-del-Mar-ICM-CSIC-logo-900x278.png ,https:\/\/www.barcelonacapitalnautica.org\/wp-content\/uploads\/2025\/09\/Instituto-de-Ciencias-del-Mar-ICM-CSIC-logo.png 780w, https:\/\/www.barcelonacapitalnautica.org\/wp-content\/uploads\/2025\/09\/Instituto-de-Ciencias-del-Mar-ICM-CSIC-logo.png 360w\" sizes=\"auto, (max-width: 480px) 150px\" src=\"https:\/\/www.barcelonacapitalnautica.org\/wp-content\/uploads\/2025\/09\/Instituto-de-Ciencias-del-Mar-ICM-CSIC-logo-900x278.png\" alt=\"\" class=\"uag-image-273202\" width=\"274\" height=\"52\" title=\"Instituto-de-Ciencias-del-Mar-ICM-CSIC-logo\" loading=\"lazy\" role=\"img\"\/><\/figure><\/div>\n\n\n\n<div class=\"wp-block-uagb-image aligncenter uagb-block-df6ce45a wp-block-uagb-image--layout-default wp-block-uagb-image--effect-static wp-block-uagb-image--align-center patronat-img\"><figure class=\"wp-block-uagb-image__figure\"><img decoding=\"async\" srcset=\"https:\/\/www.barcelonacapitalnautica.org\/wp-content\/uploads\/2023\/05\/Barcelona-Capital-Nautica-Icono-_-Logotipo-Blau-900x261.png ,https:\/\/www.barcelonacapitalnautica.org\/wp-content\/uploads\/2023\/05\/Barcelona-Capital-Nautica-Icono-_-Logotipo-Blau.png 780w, https:\/\/www.barcelonacapitalnautica.org\/wp-content\/uploads\/2023\/05\/Barcelona-Capital-Nautica-Icono-_-Logotipo-Blau.png 360w\" sizes=\"auto, (max-width: 480px) 150px\" src=\"https:\/\/www.barcelonacapitalnautica.org\/wp-content\/uploads\/2023\/05\/Barcelona-Capital-Nautica-Icono-_-Logotipo-Blau-900x261.png\" alt=\"\" class=\"uag-image-258068\" width=\"175\" height=\"53\" title=\"Barcelona Capital Na\u0300utica-Icono _ Logotipo Blau\" loading=\"lazy\" role=\"img\"\/><\/figure><\/div>\n<\/div>\n<\/div><\/div>\n","protected":false},"excerpt":{"rendered":"<p>economia oce\u00e1nica sostenible<\/p>\n","protected":false},"author":5,"featured_media":272790,"parent":0,"menu_order":3,"comment_status":"closed","ping_status":"closed","template":"","meta":{"_uag_custom_page_level_css":"","site-sidebar-layout":"default","site-content-layout":"","ast-site-content-layout":"default","site-content-style":"default","site-sidebar-style":"default","ast-global-header-display":"","ast-banner-title-visibility":"","ast-main-header-display":"","ast-hfb-above-header-display":"","ast-hfb-below-header-display":"","ast-hfb-mobile-header-display":"","site-post-title":"disabled","ast-breadcrumbs-content":"","ast-featured-img":"disabled","footer-sml-layout":"","ast-disable-related-posts":"","theme-transparent-header-meta":"","adv-header-id-meta":"","stick-header-meta":"","header-above-stick-meta":"","header-main-stick-meta":"","header-below-stick-meta":"","astra-migrate-meta-layouts":"set","ast-page-background-enabled":"default","ast-page-background-meta":{"desktop":{"background-color":"","background-image":"","background-repeat":"repeat","background-position":"center center","background-size":"auto","background-attachment":"scroll","background-type":"","background-media":"","overlay-type":"","overlay-color":"","overlay-gradient":""},"tablet":{"background-color":"","background-image":"","background-repeat":"repeat","background-position":"center center","background-size":"auto","background-attachment":"scroll","background-type":"","background-media":"","overlay-type":"","overlay-color":"","overlay-gradient":""},"mobile":{"background-color":"","background-image":"","background-repeat":"repeat","background-position":"center center","background-size":"auto","background-attachment":"scroll","background-type":"","background-media":"","overlay-type":"","overlay-color":"","overlay-gradient":""}},"ast-content-background-meta":{"desktop":{"background-color":"var(--ast-global-color-5)","background-image":"","background-repeat":"repeat","background-position":"center center","background-size":"auto","background-attachment":"scroll","background-type":"","background-media":"","overlay-type":"","overlay-color":"","overlay-gradient":""},"tablet":{"background-color":"var(--ast-global-color-5)","background-image":"","background-repeat":"repeat","background-position":"center center","background-size":"auto","background-attachment":"scroll","background-type":"","background-media":"","overlay-type":"","overlay-color":"","overlay-gradient":""},"mobile":{"background-color":"var(--ast-global-color-5)","background-image":"","background-repeat":"repeat","background-position":"center center","background-size":"auto","background-attachment":"scroll","background-type":"","background-media":"","overlay-type":"","overlay-color":"","overlay-gradient":""}},"_price":"","_stock":"","_tribe_ticket_header":"","_tribe_default_ticket_provider":"","_tribe_ticket_capacity":"0","_ticket_start_date":"","_ticket_end_date":"","_tribe_ticket_show_description":"","_tribe_ticket_show_not_going":false,"_tribe_ticket_use_global_stock":"","_tribe_ticket_global_stock_level":"","_global_stock_mode":"","_global_stock_cap":"","_tribe_rsvp_for_event":"","_tribe_ticket_going_count":"","_tribe_ticket_not_going_count":"","_tribe_tickets_list":[],"_tribe_ticket_has_attendee_info_fields":false,"footnotes":""},"class_list":["post-273243","page","type-page","status-publish","has-post-thumbnail","hentry"],"yoast_head":"<!-- This site is optimized with the Yoast SEO plugin v27.5 - https:\/\/yoast.com\/product\/yoast-seo-wordpress\/ -->\n<title>Economia Oce\u00e1nica Sostenible - Barcelona Capital N\u00e0utica<\/title>\n<meta name=\"description\" content=\"Barcelona acoge el primer Centro Colaborativo centrado en el Reto 4 de la Econom\u00eda Oce\u00e1nica Sostenible de las Naciones Unidas. Econom\u00eda azul\" \/>\n<meta name=\"robots\" content=\"index, follow, max-snippet:-1, max-image-preview:large, max-video-preview:-1\" \/>\n<link rel=\"canonical\" href=\"https:\/\/www.barcelonacapitalnautica.org\/es\/economia-oceanica-sostenible\/\" \/>\n<meta property=\"og:locale\" content=\"es_ES\" \/>\n<meta property=\"og:type\" content=\"article\" \/>\n<meta property=\"og:title\" content=\"Economia Oce\u00e1nica Sostenible - Barcelona Capital N\u00e0utica\" \/>\n<meta property=\"og:description\" content=\"Barcelona acoge el primer Centro Colaborativo centrado en el Reto 4 de la Econom\u00eda Oce\u00e1nica Sostenible de las Naciones Unidas. Econom\u00eda azul\" \/>\n<meta property=\"og:url\" content=\"https:\/\/www.barcelonacapitalnautica.org\/es\/economia-oceanica-sostenible\/\" \/>\n<meta property=\"og:site_name\" content=\"Barcelona Capital N\u00e0utica\" \/>\n<meta property=\"article:publisher\" content=\"https:\/\/www.facebook.com\/barcelonacapitalnautica\" \/>\n<meta property=\"article:modified_time\" content=\"2026-03-21T08:21:35+00:00\" \/>\n<meta property=\"og:image\" content=\"https:\/\/www.barcelonacapitalnautica.org\/wp-content\/uploads\/2025\/07\/iStock-471430437-1-scaled.jpg\" \/>\n\t<meta property=\"og:image:width\" content=\"2560\" \/>\n\t<meta property=\"og:image:height\" content=\"1707\" \/>\n\t<meta property=\"og:image:type\" content=\"image\/jpeg\" \/>\n<meta name=\"twitter:card\" content=\"summary_large_image\" \/>\n<meta name=\"twitter:site\" content=\"@bcnautica\" \/>\n<meta name=\"twitter:label1\" content=\"Tiempo de lectura\" \/>\n\t<meta name=\"twitter:data1\" content=\"5 minutos\" \/>\n<script type=\"application\/ld+json\" class=\"yoast-schema-graph\">{\"@context\":\"https:\\\/\\\/schema.org\",\"@graph\":[{\"@type\":\"WebPage\",\"@id\":\"https:\\\/\\\/www.barcelonacapitalnautica.org\\\/es\\\/economia-oceanica-sostenible\\\/\",\"url\":\"https:\\\/\\\/www.barcelonacapitalnautica.org\\\/es\\\/economia-oceanica-sostenible\\\/\",\"name\":\"Economia Oce\u00e1nica Sostenible - Barcelona Capital N\u00e0utica\",\"isPartOf\":{\"@id\":\"https:\\\/\\\/www.barcelonacapitalnautica.org\\\/es\\\/#website\"},\"primaryImageOfPage\":{\"@id\":\"https:\\\/\\\/www.barcelonacapitalnautica.org\\\/es\\\/economia-oceanica-sostenible\\\/#primaryimage\"},\"image\":{\"@id\":\"https:\\\/\\\/www.barcelonacapitalnautica.org\\\/es\\\/economia-oceanica-sostenible\\\/#primaryimage\"},\"thumbnailUrl\":\"https:\\\/\\\/www.barcelonacapitalnautica.org\\\/wp-content\\\/uploads\\\/2025\\\/07\\\/iStock-471430437-1-scaled.jpg\",\"datePublished\":\"2025-09-12T09:45:56+00:00\",\"dateModified\":\"2026-03-21T08:21:35+00:00\",\"description\":\"Barcelona acoge el primer Centro Colaborativo centrado en el Reto 4 de la Econom\u00eda Oce\u00e1nica Sostenible de las Naciones Unidas. Econom\u00eda azul\",\"breadcrumb\":{\"@id\":\"https:\\\/\\\/www.barcelonacapitalnautica.org\\\/es\\\/economia-oceanica-sostenible\\\/#breadcrumb\"},\"inLanguage\":\"es\",\"potentialAction\":[{\"@type\":\"ReadAction\",\"target\":[\"https:\\\/\\\/www.barcelonacapitalnautica.org\\\/es\\\/economia-oceanica-sostenible\\\/\"]}]},{\"@type\":\"ImageObject\",\"inLanguage\":\"es\",\"@id\":\"https:\\\/\\\/www.barcelonacapitalnautica.org\\\/es\\\/economia-oceanica-sostenible\\\/#primaryimage\",\"url\":\"https:\\\/\\\/www.barcelonacapitalnautica.org\\\/wp-content\\\/uploads\\\/2025\\\/07\\\/iStock-471430437-1-scaled.jpg\",\"contentUrl\":\"https:\\\/\\\/www.barcelonacapitalnautica.org\\\/wp-content\\\/uploads\\\/2025\\\/07\\\/iStock-471430437-1-scaled.jpg\",\"width\":2560,\"height\":1707,\"caption\":\"Underwater grass\"},{\"@type\":\"BreadcrumbList\",\"@id\":\"https:\\\/\\\/www.barcelonacapitalnautica.org\\\/es\\\/economia-oceanica-sostenible\\\/#breadcrumb\",\"itemListElement\":[{\"@type\":\"ListItem\",\"position\":1,\"name\":\"Inici\",\"item\":\"https:\\\/\\\/www.barcelonacapitalnautica.org\\\/es\\\/\"},{\"@type\":\"ListItem\",\"position\":2,\"name\":\"Economia Oce\u00e1nica Sostenible\"}]},{\"@type\":\"WebSite\",\"@id\":\"https:\\\/\\\/www.barcelonacapitalnautica.org\\\/es\\\/#website\",\"url\":\"https:\\\/\\\/www.barcelonacapitalnautica.org\\\/es\\\/\",\"name\":\"Barcelona Capital N\u00e0utica\",\"description\":\"Barcelona Capital N\u00e0utica\",\"publisher\":{\"@id\":\"https:\\\/\\\/www.barcelonacapitalnautica.org\\\/es\\\/#organization\"},\"alternateName\":\"BCN\u00e0utica, FBCN\",\"potentialAction\":[{\"@type\":\"SearchAction\",\"target\":{\"@type\":\"EntryPoint\",\"urlTemplate\":\"https:\\\/\\\/www.barcelonacapitalnautica.org\\\/es\\\/?s={search_term_string}\"},\"query-input\":{\"@type\":\"PropertyValueSpecification\",\"valueRequired\":true,\"valueName\":\"search_term_string\"}}],\"inLanguage\":\"es\"},{\"@type\":\"Organization\",\"@id\":\"https:\\\/\\\/www.barcelonacapitalnautica.org\\\/es\\\/#organization\",\"name\":\"Barcelona Capital N\u00e0utica\",\"alternateName\":\"Fundaci\u00f3 Barcelona Capital N\u00e0utica\",\"url\":\"https:\\\/\\\/www.barcelonacapitalnautica.org\\\/es\\\/\",\"logo\":{\"@type\":\"ImageObject\",\"inLanguage\":\"es\",\"@id\":\"https:\\\/\\\/www.barcelonacapitalnautica.org\\\/es\\\/#\\\/schema\\\/logo\\\/image\\\/\",\"url\":\"https:\\\/\\\/www.barcelonacapitalnautica.org\\\/wp-content\\\/uploads\\\/2023\\\/03\\\/Logo-blau.svg\",\"contentUrl\":\"https:\\\/\\\/www.barcelonacapitalnautica.org\\\/wp-content\\\/uploads\\\/2023\\\/03\\\/Logo-blau.svg\",\"width\":200,\"height\":58,\"caption\":\"Barcelona Capital N\u00e0utica\"},\"image\":{\"@id\":\"https:\\\/\\\/www.barcelonacapitalnautica.org\\\/es\\\/#\\\/schema\\\/logo\\\/image\\\/\"},\"sameAs\":[\"https:\\\/\\\/www.facebook.com\\\/barcelonacapitalnautica\",\"https:\\\/\\\/x.com\\\/bcnautica\",\"https:\\\/\\\/www.instagram.com\\\/bcnautica\\\/\",\"https:\\\/\\\/www.linkedin.com\\\/company\\\/barcelona-capital-nautica\"]}]}<\/script>\n<!-- \/ Yoast SEO plugin. -->","yoast_head_json":{"title":"Economia Oce\u00e1nica Sostenible - Barcelona Capital N\u00e0utica","description":"Barcelona acoge el primer Centro Colaborativo centrado en el Reto 4 de la Econom\u00eda Oce\u00e1nica Sostenible de las Naciones Unidas. Econom\u00eda azul","robots":{"index":"index","follow":"follow","max-snippet":"max-snippet:-1","max-image-preview":"max-image-preview:large","max-video-preview":"max-video-preview:-1"},"canonical":"https:\/\/www.barcelonacapitalnautica.org\/es\/economia-oceanica-sostenible\/","og_locale":"es_ES","og_type":"article","og_title":"Economia Oce\u00e1nica Sostenible - Barcelona Capital N\u00e0utica","og_description":"Barcelona acoge el primer Centro Colaborativo centrado en el Reto 4 de la Econom\u00eda Oce\u00e1nica Sostenible de las Naciones Unidas. Econom\u00eda azul","og_url":"https:\/\/www.barcelonacapitalnautica.org\/es\/economia-oceanica-sostenible\/","og_site_name":"Barcelona Capital N\u00e0utica","article_publisher":"https:\/\/www.facebook.com\/barcelonacapitalnautica","article_modified_time":"2026-03-21T08:21:35+00:00","og_image":[{"width":2560,"height":1707,"url":"https:\/\/www.barcelonacapitalnautica.org\/wp-content\/uploads\/2025\/07\/iStock-471430437-1-scaled.jpg","type":"image\/jpeg"}],"twitter_card":"summary_large_image","twitter_site":"@bcnautica","twitter_misc":{"Tiempo de lectura":"5 minutos"},"schema":{"@context":"https:\/\/schema.org","@graph":[{"@type":"WebPage","@id":"https:\/\/www.barcelonacapitalnautica.org\/es\/economia-oceanica-sostenible\/","url":"https:\/\/www.barcelonacapitalnautica.org\/es\/economia-oceanica-sostenible\/","name":"Economia Oce\u00e1nica Sostenible - Barcelona Capital N\u00e0utica","isPartOf":{"@id":"https:\/\/www.barcelonacapitalnautica.org\/es\/#website"},"primaryImageOfPage":{"@id":"https:\/\/www.barcelonacapitalnautica.org\/es\/economia-oceanica-sostenible\/#primaryimage"},"image":{"@id":"https:\/\/www.barcelonacapitalnautica.org\/es\/economia-oceanica-sostenible\/#primaryimage"},"thumbnailUrl":"https:\/\/www.barcelonacapitalnautica.org\/wp-content\/uploads\/2025\/07\/iStock-471430437-1-scaled.jpg","datePublished":"2025-09-12T09:45:56+00:00","dateModified":"2026-03-21T08:21:35+00:00","description":"Barcelona acoge el primer Centro Colaborativo centrado en el Reto 4 de la Econom\u00eda Oce\u00e1nica Sostenible de las Naciones Unidas. Econom\u00eda azul","breadcrumb":{"@id":"https:\/\/www.barcelonacapitalnautica.org\/es\/economia-oceanica-sostenible\/#breadcrumb"},"inLanguage":"es","potentialAction":[{"@type":"ReadAction","target":["https:\/\/www.barcelonacapitalnautica.org\/es\/economia-oceanica-sostenible\/"]}]},{"@type":"ImageObject","inLanguage":"es","@id":"https:\/\/www.barcelonacapitalnautica.org\/es\/economia-oceanica-sostenible\/#primaryimage","url":"https:\/\/www.barcelonacapitalnautica.org\/wp-content\/uploads\/2025\/07\/iStock-471430437-1-scaled.jpg","contentUrl":"https:\/\/www.barcelonacapitalnautica.org\/wp-content\/uploads\/2025\/07\/iStock-471430437-1-scaled.jpg","width":2560,"height":1707,"caption":"Underwater grass"},{"@type":"BreadcrumbList","@id":"https:\/\/www.barcelonacapitalnautica.org\/es\/economia-oceanica-sostenible\/#breadcrumb","itemListElement":[{"@type":"ListItem","position":1,"name":"Inici","item":"https:\/\/www.barcelonacapitalnautica.org\/es\/"},{"@type":"ListItem","position":2,"name":"Economia Oce\u00e1nica Sostenible"}]},{"@type":"WebSite","@id":"https:\/\/www.barcelonacapitalnautica.org\/es\/#website","url":"https:\/\/www.barcelonacapitalnautica.org\/es\/","name":"Barcelona Capital N\u00e0utica","description":"Barcelona Capital N\u00e0utica","publisher":{"@id":"https:\/\/www.barcelonacapitalnautica.org\/es\/#organization"},"alternateName":"BCN\u00e0utica, FBCN","potentialAction":[{"@type":"SearchAction","target":{"@type":"EntryPoint","urlTemplate":"https:\/\/www.barcelonacapitalnautica.org\/es\/?s={search_term_string}"},"query-input":{"@type":"PropertyValueSpecification","valueRequired":true,"valueName":"search_term_string"}}],"inLanguage":"es"},{"@type":"Organization","@id":"https:\/\/www.barcelonacapitalnautica.org\/es\/#organization","name":"Barcelona Capital N\u00e0utica","alternateName":"Fundaci\u00f3 Barcelona Capital N\u00e0utica","url":"https:\/\/www.barcelonacapitalnautica.org\/es\/","logo":{"@type":"ImageObject","inLanguage":"es","@id":"https:\/\/www.barcelonacapitalnautica.org\/es\/#\/schema\/logo\/image\/","url":"https:\/\/www.barcelonacapitalnautica.org\/wp-content\/uploads\/2023\/03\/Logo-blau.svg","contentUrl":"https:\/\/www.barcelonacapitalnautica.org\/wp-content\/uploads\/2023\/03\/Logo-blau.svg","width":200,"height":58,"caption":"Barcelona Capital N\u00e0utica"},"image":{"@id":"https:\/\/www.barcelonacapitalnautica.org\/es\/#\/schema\/logo\/image\/"},"sameAs":["https:\/\/www.facebook.com\/barcelonacapitalnautica","https:\/\/x.com\/bcnautica","https:\/\/www.instagram.com\/bcnautica\/","https:\/\/www.linkedin.com\/company\/barcelona-capital-nautica"]}]}},"uagb_featured_image_src":{"full":["https:\/\/www.barcelonacapitalnautica.org\/wp-content\/uploads\/2025\/07\/iStock-471430437-1-scaled.jpg",2560,1707,false],"thumbnail":["https:\/\/www.barcelonacapitalnautica.org\/wp-content\/uploads\/2025\/07\/iStock-471430437-1-380x253.jpg",380,253,true],"medium":["https:\/\/www.barcelonacapitalnautica.org\/wp-content\/uploads\/2025\/07\/iStock-471430437-1-560x373.jpg",560,373,true],"medium_large":["https:\/\/www.barcelonacapitalnautica.org\/wp-content\/uploads\/2025\/07\/iStock-471430437-1-768x512.jpg",768,512,true],"large":["https:\/\/www.barcelonacapitalnautica.org\/wp-content\/uploads\/2025\/07\/iStock-471430437-1-900x600.jpg",900,600,true],"1536x1536":["https:\/\/www.barcelonacapitalnautica.org\/wp-content\/uploads\/2025\/07\/iStock-471430437-1-1536x1024.jpg",1536,1024,true],"2048x2048":["https:\/\/www.barcelonacapitalnautica.org\/wp-content\/uploads\/2025\/07\/iStock-471430437-1-2048x1365.jpg",2048,1365,true]},"uagb_author_info":{"display_name":"Usuari FBCN","author_link":"https:\/\/www.barcelonacapitalnautica.org\/es\/author\/fbcn_info\/"},"uagb_comment_info":0,"uagb_excerpt":"economia oce\u00e1nica sostenible","ticketed":false,"_links":{"self":[{"href":"https:\/\/www.barcelonacapitalnautica.org\/es\/wp-json\/wp\/v2\/pages\/273243","targetHints":{"allow":["GET"]}}],"collection":[{"href":"https:\/\/www.barcelonacapitalnautica.org\/es\/wp-json\/wp\/v2\/pages"}],"about":[{"href":"https:\/\/www.barcelonacapitalnautica.org\/es\/wp-json\/wp\/v2\/types\/page"}],"author":[{"embeddable":true,"href":"https:\/\/www.barcelonacapitalnautica.org\/es\/wp-json\/wp\/v2\/users\/5"}],"replies":[{"embeddable":true,"href":"https:\/\/www.barcelonacapitalnautica.org\/es\/wp-json\/wp\/v2\/comments?post=273243"}],"version-history":[{"count":12,"href":"https:\/\/www.barcelonacapitalnautica.org\/es\/wp-json\/wp\/v2\/pages\/273243\/revisions"}],"predecessor-version":[{"id":274850,"href":"https:\/\/www.barcelonacapitalnautica.org\/es\/wp-json\/wp\/v2\/pages\/273243\/revisions\/274850"}],"wp:featuredmedia":[{"embeddable":true,"href":"https:\/\/www.barcelonacapitalnautica.org\/es\/wp-json\/wp\/v2\/media\/272790"}],"wp:attachment":[{"href":"https:\/\/www.barcelonacapitalnautica.org\/es\/wp-json\/wp\/v2\/media?parent=273243"}],"curies":[{"name":"wp","href":"https:\/\/api.w.org\/{rel}","templated":true}]}}